{"id":70141,"date":"2023-12-02T07:35:49","date_gmt":"2023-12-02T06:35:49","guid":{"rendered":""},"modified":"2025-07-08T17:51:44","modified_gmt":"2025-07-08T15:51:44","slug":"die-revision-der-effort-sharing-verordnung-der-eu","status":"publish","type":"publication","link":"https:\/\/www.wifo.ac.at\/en\/publication\/70141\/","title":{"rendered":"The Revision of the EU Effort Sharing Regulation"},"content":{"rendered":"","protected":false},"featured_media":0,"template":"","class_list":["post-70141","publication","type-publication","status-publish","hentry"],"acf":{"subtitle":"Possible Implications for Austria","text":"In the context of the revision of the Effort Sharing Regulation (ESR), the obligations of the EU member countries to reduce greenhouse gas emissions for the sectors that are not part of the EU Emissions Trading Scheme (EU ETS) \u2013 the non-ETS sectors \u2013 are defined. Due to the increase of the EU-wide reduction target for greenhouse gas emissions to 55 percent by 2030 compared to 1990, the reduction targets set so far for the member states for 2030 are not sufficient to reach the target. This also applies to the previous Austrian reduction target for the effort-sharing sectors of 36 percent by 2030 compared to CO2 emissions in 2005. The EU proposes a reduction in greenhouse gas emissions of 48 percent as the new target for Austria. The brief analysis presents which reduction paths for individual sectors would follow from an increase in the reduction target for the entire effort-sharing sector.","onlinedate":"2023-01-09 00:00:00","lang":"German","publication_series":"","publication_date":"20221201","publication_date_year":"","publication_date_full":false,"publication_num_pages":"19","keywords":"[]","jelcodes":"[]","related_publications":"[]","pdf":428643,"zip":null,"link":"","monthly_report":false,"monthly_report_main":false,"monthly_report_volume":"","monthly_report_pages":"","monthly_report_pages_sort":"0","issue":"","journal":"","publisher":"","invisible":false,"external":false,"embargo_date":"2023-01-09 00:00:00","types":[81966],"research_groups":[3655],"collaboration":"","persons":[3671,4953],"persons_data":"[{\"personId\":3671,\"personName\":\"Angela K\u00f6ppl\",\"organisationNames\":[]},{\"personId\":4953,\"personName\":\"Stefan Schleicher\",\"organisationNames\":[]}]","clients":[10690],"subclients":[],"partners":[],"topics":[40961],"host_publication_title":"","host_publication_subtitle":"","place_of_publication":"","host_publication_editors":"[]","type_description":"","output_media":"","chapter":"","article_number":"","citations":"{\"apa\":\"<div class=\\\"rendering rendering_researchoutput  rendering_researchoutput_apa rendering_bookanthology rendering_apa rendering_bookanthology_apa\\\"><span>K\u00f6ppl, A.<\\\/span><span>, &amp; Schleicher, S.<\\\/span> (2022). <span><em>Die Revision der Effort-Sharing-Verordnung der EU: M\u00f6gliche Implikationen f\u00fcr \u00d6sterreich<\\\/em><\\\/span>. WIFO.<\\\/div>\",\"vancouver\":\"<div class=\\\"rendering rendering_researchoutput  rendering_researchoutput_vancouver rendering_bookanthology rendering_vancouver rendering_bookanthology_vancouver\\\"><span>K\u00f6ppl A<\\\/span><span>, Schleicher S<\\\/span>. <span class=\\\"title\\\"><span>Die Revision der Effort-Sharing-Verordnung der EU: <span class=\\\"subtitle\\\">M\u00f6gliche Implikationen f\u00fcr \u00d6sterreich<\\\/span><\\\/span><\\\/span>. WIFO; 2022.<\\\/div>\",\"bibtex\":\"<div class=\\\"rendering rendering_researchoutput  rendering_researchoutput_bibtex rendering_bookanthology rendering_bibtex rendering_bookanthology_bibtex\\\"><div>@book{8b88e32f8dab4f1bb6fabca00f3dfb40,<\\\/div><div>  title    = \\\"Die Revision der Effort-Sharing-Verordnung der EU: M{\\\\\\\"o}gliche Implikationen f{\\\\\\\"u}r {\\\\\\\"O}sterreich\\\",<\\\/div><div>  abstract = \\\"Im Rahmen der Revision der Effort-Sharing-Verordnung (Effort Sharing Regulation \u2013 ESR) werden die Verpflichtungen der EU-Mitgliedsl{\\\\\\\"a}nder zur Reduktion der Treibhausgasemissionen f{\\\\\\\"u}r die nicht dem EU-Emissionshandelssystem (EU-ETS) angeh{\\\\\\\"o}renden Sektoren \u2013 den Nicht-Emissionshandelssektoren (Non-ETS) \u2013 festgelegt. Die f{\\\\\\\"u}r die Mitgliedsl{\\\\\\\"a}nder bisher festgelegten Reduktionsziele f{\\\\\\\"u}r 2030 reichen aufgrund der Anhebung des EU-weiten Reduktionsziels der Treibhausgasemissionen auf 55\\\\% bis zum Jahr 2030 gegen{\\\\\\\"u}ber 1990 f{\\\\\\\"u}r die Zielerreichung nicht aus. Das betrifft auch das bisherige {\\\\\\\"o}sterreichische Reduktionsziel f{\\\\\\\"u}r die Effort-Sharing-Sektoren von 36\\\\% bis 2030 gegen{\\\\\\\"u}ber den CO2-Emissionen 2005. Die EU schl{\\\\\\\"a}gt als neues Ziel f{\\\\\\\"u}r {\\\\\\\"O}sterreich eine Verringerung der Treibhausgasemissionen von 48\\\\% vor. Die Kurzanalyse stellt dar, welche Reduktionspfade f{\\\\\\\"u}r einzelne Sektoren aus einer Anhebung des Reduktionsziels f{\\\\\\\"u}r den gesamten Effort-Sharing-Sektor folgen w{\\\\\\\"u}rden.\\\",<\\\/div><div>  author   = \\\"Angela K{\\\\\\\"o}ppl and Stefan Schleicher\\\",<\\\/div><div>  note     = \\\"Die Revision der Effort-Sharing-Verordnung der EU. M{\\\\\\\"o}gliche Implikationen f{\\\\\\\"u}r {\\\\\\\"O}sterreich\\\",<\\\/div><div>  year     = \\\"2022\\\",<\\\/div><div>  month    = dec,<\\\/div><div>  language = \\\"Deutsch\\\",<\\\/div><p>}<\\\/p><\\\/div>\",\"ris\":\"<div class=\\\"rendering rendering_researchoutput  rendering_researchoutput_ris rendering_bookanthology rendering_ris rendering_bookanthology_ris\\\"><p>TY  - BOOK<\\\/p><p>T1  - Die Revision der Effort-Sharing-Verordnung der EU<\\\/p><p>T2  - M\u00f6gliche Implikationen f\u00fcr \u00d6sterreich<\\\/p><p>AU  - K\u00f6ppl, Angela<\\\/p><p>AU  - Schleicher, Stefan<\\\/p><p>N1  - Die Revision der Effort-Sharing-Verordnung der EU. M\u00f6gliche Implikationen f\u00fcr \u00d6sterreich<\\\/p><p>PY  - 2022\\\/12<\\\/p><p>Y1  - 2022\\\/12<\\\/p><p>N2  - Im Rahmen der Revision der Effort-Sharing-Verordnung (Effort Sharing Regulation \u2013 ESR) werden die Verpflichtungen der EU-Mitgliedsl\u00e4nder zur Reduktion der Treibhausgasemissionen f\u00fcr die nicht dem EU-Emissionshandelssystem (EU-ETS) angeh\u00f6renden Sektoren \u2013 den Nicht-Emissionshandelssektoren (Non-ETS) \u2013 festgelegt. Die f\u00fcr die Mitgliedsl\u00e4nder bisher festgelegten Reduktionsziele f\u00fcr 2030 reichen aufgrund der Anhebung des EU-weiten Reduktionsziels der Treibhausgasemissionen auf 55% bis zum Jahr 2030 gegen\u00fcber 1990 f\u00fcr die Zielerreichung nicht aus. Das betrifft auch das bisherige \u00f6sterreichische Reduktionsziel f\u00fcr die Effort-Sharing-Sektoren von 36% bis 2030 gegen\u00fcber den CO2-Emissionen 2005. Die EU schl\u00e4gt als neues Ziel f\u00fcr \u00d6sterreich eine Verringerung der Treibhausgasemissionen von 48% vor. Die Kurzanalyse stellt dar, welche Reduktionspfade f\u00fcr einzelne Sektoren aus einer Anhebung des Reduktionsziels f\u00fcr den gesamten Effort-Sharing-Sektor folgen w\u00fcrden.<\\\/p><p>AB  - Im Rahmen der Revision der Effort-Sharing-Verordnung (Effort Sharing Regulation \u2013 ESR) werden die Verpflichtungen der EU-Mitgliedsl\u00e4nder zur Reduktion der Treibhausgasemissionen f\u00fcr die nicht dem EU-Emissionshandelssystem (EU-ETS) angeh\u00f6renden Sektoren \u2013 den Nicht-Emissionshandelssektoren (Non-ETS) \u2013 festgelegt. Die f\u00fcr die Mitgliedsl\u00e4nder bisher festgelegten Reduktionsziele f\u00fcr 2030 reichen aufgrund der Anhebung des EU-weiten Reduktionsziels der Treibhausgasemissionen auf 55% bis zum Jahr 2030 gegen\u00fcber 1990 f\u00fcr die Zielerreichung nicht aus. Das betrifft auch das bisherige \u00f6sterreichische Reduktionsziel f\u00fcr die Effort-Sharing-Sektoren von 36% bis 2030 gegen\u00fcber den CO2-Emissionen 2005. Die EU schl\u00e4gt als neues Ziel f\u00fcr \u00d6sterreich eine Verringerung der Treibhausgasemissionen von 48% vor. Die Kurzanalyse stellt dar, welche Reduktionspfade f\u00fcr einzelne Sektoren aus einer Anhebung des Reduktionsziels f\u00fcr den gesamten Effort-Sharing-Sektor folgen w\u00fcrden.<\\\/p><p>M3  - Studie<\\\/p><p>BT  - Die Revision der Effort-Sharing-Verordnung der EU<\\\/p><p>ER  - <\\\/p><\\\/div>\"}","scientific_assistance":"[\"Wretschitsch Eva\"]","scientific_review":"[]","version":"","release_date":null,"expiration_date":null,"surveyor":"","research_assistance":"","edv":"","additional_info_de":"","additional_info_en":""},"yoast_head":"<!-- This site is optimized with the Yoast SEO Premium plugin v28.3 (Yoast SEO v28.3) - https:\/\/yoast.com\/product\/yoast-seo-premium-wordpress\/ -->\n<title>The Revision of the EU Effort Sharing Regulation - WIFO<\/title>\n<meta name=\"robots\" content=\"index, follow, max-snippet:-1, max-image-preview:large, max-video-preview:-1\" \/>\n<link rel=\"canonical\" href=\"https:\/\/www.wifo.ac.at\/en\/publication\/70141\/\" \/>\n<meta property=\"og:locale\" content=\"en_US\" \/>\n<meta property=\"og:type\" content=\"article\" \/>\n<meta property=\"og:title\" content=\"The Revision of the EU Effort Sharing Regulation\" \/>\n<meta property=\"og:url\" content=\"https:\/\/www.wifo.ac.at\/en\/publication\/70141\/\" \/>\n<meta property=\"og:site_name\" content=\"WIFO\" \/>\n<meta property=\"article:publisher\" content=\"https:\/\/www.facebook.com\/WIFOat\/\" \/>\n<meta property=\"article:modified_time\" content=\"2025-07-08T15:51:44+00:00\" \/>\n<meta property=\"og:image\" content=\"https:\/\/www.wifo.ac.at\/wp-content\/uploads\/2024\/05\/WIFO-Gebaeude-FotoAlexanderMueller-www.alexandermueller.at-IMG_6326-Bearbeitet-1.jpg\" \/>\n\t<meta property=\"og:image:width\" content=\"1920\" \/>\n\t<meta property=\"og:image:height\" content=\"1280\" \/>\n\t<meta property=\"og:image:type\" content=\"image\/jpeg\" \/>\n<meta name=\"twitter:card\" content=\"summary_large_image\" \/>\n<meta name=\"twitter:site\" content=\"@WIFOat\" \/>\n<script type=\"application\/ld+json\" class=\"yoast-schema-graph\">{\"@context\":\"https:\\\/\\\/schema.org\",\"@graph\":[{\"@type\":\"WebPage\",\"@id\":\"https:\\\/\\\/www.wifo.ac.at\\\/en\\\/publication\\\/70141\\\/\",\"url\":\"https:\\\/\\\/www.wifo.ac.at\\\/en\\\/publication\\\/70141\\\/\",\"name\":\"The Revision of the EU Effort Sharing Regulation - WIFO\",\"isPartOf\":{\"@id\":\"https:\\\/\\\/www.wifo.ac.at\\\/en\\\/#website\"},\"datePublished\":\"2023-12-02T06:35:49+00:00\",\"dateModified\":\"2025-07-08T15:51:44+00:00\",\"breadcrumb\":{\"@id\":\"https:\\\/\\\/www.wifo.ac.at\\\/en\\\/publication\\\/70141\\\/#breadcrumb\"},\"inLanguage\":\"en-US\",\"potentialAction\":[{\"@type\":\"ReadAction\",\"target\":[\"https:\\\/\\\/www.wifo.ac.at\\\/en\\\/publication\\\/70141\\\/\"]}]},{\"@type\":\"BreadcrumbList\",\"@id\":\"https:\\\/\\\/www.wifo.ac.at\\\/en\\\/publication\\\/70141\\\/#breadcrumb\",\"itemListElement\":[{\"@type\":\"ListItem\",\"position\":1,\"name\":\"Startseite\",\"item\":\"https:\\\/\\\/www.wifo.ac.at\\\/en\\\/\"},{\"@type\":\"ListItem\",\"position\":2,\"name\":\"The Revision of the EU Effort Sharing Regulation\"}]},{\"@type\":\"WebSite\",\"@id\":\"https:\\\/\\\/www.wifo.ac.at\\\/en\\\/#website\",\"url\":\"https:\\\/\\\/www.wifo.ac.at\\\/en\\\/\",\"name\":\"\u00d6sterreichisches Institut f\u00fcr Wirtschaftsforschung\",\"description\":\"\",\"publisher\":{\"@id\":\"https:\\\/\\\/www.wifo.ac.at\\\/en\\\/#organization\"},\"alternateName\":\"WIFO\",\"potentialAction\":[{\"@type\":\"SearchAction\",\"target\":{\"@type\":\"EntryPoint\",\"urlTemplate\":\"https:\\\/\\\/www.wifo.ac.at\\\/en\\\/?s={search_term_string}\"},\"query-input\":{\"@type\":\"PropertyValueSpecification\",\"valueRequired\":true,\"valueName\":\"search_term_string\"}}],\"inLanguage\":\"en-US\"},{\"@type\":\"Organization\",\"@id\":\"https:\\\/\\\/www.wifo.ac.at\\\/en\\\/#organization\",\"name\":\"\u00d6sterreichisches Institut f\u00fcr Wirtschaftsforschung\",\"alternateName\":\"WIFO\",\"url\":\"https:\\\/\\\/www.wifo.ac.at\\\/en\\\/\",\"logo\":{\"@type\":\"ImageObject\",\"inLanguage\":\"en-US\",\"@id\":\"https:\\\/\\\/www.wifo.ac.at\\\/en\\\/#\\\/schema\\\/logo\\\/image\\\/\",\"url\":\"https:\\\/\\\/www.wifo.ac.at\\\/wp-content\\\/uploads\\\/2024\\\/05\\\/WIFO_kurz_rechts-2-1920x412.jpg\",\"contentUrl\":\"https:\\\/\\\/www.wifo.ac.at\\\/wp-content\\\/uploads\\\/2024\\\/05\\\/WIFO_kurz_rechts-2-1920x412.jpg\",\"width\":2000,\"height\":429,\"caption\":\"\u00d6sterreichisches Institut f\u00fcr Wirtschaftsforschung\"},\"image\":{\"@id\":\"https:\\\/\\\/www.wifo.ac.at\\\/en\\\/#\\\/schema\\\/logo\\\/image\\\/\"},\"sameAs\":[\"https:\\\/\\\/www.facebook.com\\\/WIFOat\\\/\",\"https:\\\/\\\/x.com\\\/WIFOat\",\"https:\\\/\\\/linkedin.com\\\/company\\\/wifoat\\\/\",\"https:\\\/\\\/www.youtube.com\\\/@WIFO_at\"],\"description\":\"Das WIFO, 1927 von Friedrich August von Hayek und Ludwig von Mises zur Konjunkturanalyse gegr\u00fcndet, ist heute das f\u00fchrende Institut f\u00fcr angewandte empirische Wirtschaftsforschung in \u00d6sterreich mit starkem Engagement auf europ\u00e4ischer Ebene.\",\"email\":\"office@wifo.ac.at\",\"telephone\":\"+43 1 798 26 01 \u2013 0\",\"legalName\":\"\u00d6sterreichisches Institut f\u00fcr Wirtschaftsforschung\",\"foundingDate\":\"1927-01-02\",\"numberOfEmployees\":{\"@type\":\"QuantitativeValue\",\"minValue\":\"51\",\"maxValue\":\"200\"},\"publishingPrinciples\":\"https:\\\/\\\/www.wifo.ac.at\\\/institut\\\/mission-und-strategie\\\/\",\"ownershipFundingInfo\":\"https:\\\/\\\/www.wifo.ac.at\\\/institut\\\/organisation\\\/\",\"actionableFeedbackPolicy\":\"https:\\\/\\\/www.wifo.ac.at\\\/aktuelles\\\/presse\\\/\",\"correctionsPolicy\":\"https:\\\/\\\/www.wifo.ac.at\\\/institut\\\/kontakt\\\/\",\"ethicsPolicy\":\"https:\\\/\\\/www.wifo.ac.at\\\/institut\\\/evidenzbasierung-transparenz-und-unabhaengigkeit\\\/\",\"diversityPolicy\":\"https:\\\/\\\/www.wifo.ac.at\\\/institut\\\/gleichstellung\\\/\",\"diversityStaffingReport\":\"https:\\\/\\\/www.wifo.ac.at\\\/institut\\\/gleichstellung\\\/\"}]}<\/script>\n<!-- \/ Yoast SEO Premium plugin. -->","yoast_head_json":{"title":"The Revision of the EU Effort Sharing Regulation - WIFO","robots":{"index":"index","follow":"follow","max-snippet":"max-snippet:-1","max-image-preview":"max-image-preview:large","max-video-preview":"max-video-preview:-1"},"canonical":"https:\/\/www.wifo.ac.at\/en\/publication\/70141\/","og_locale":"en_US","og_type":"article","og_title":"The Revision of the EU Effort Sharing Regulation","og_url":"https:\/\/www.wifo.ac.at\/en\/publication\/70141\/","og_site_name":"WIFO","article_publisher":"https:\/\/www.facebook.com\/WIFOat\/","article_modified_time":"2025-07-08T15:51:44+00:00","og_image":[{"width":1920,"height":1280,"url":"https:\/\/www.wifo.ac.at\/wp-content\/uploads\/2024\/05\/WIFO-Gebaeude-FotoAlexanderMueller-www.alexandermueller.at-IMG_6326-Bearbeitet-1.jpg","type":"image\/jpeg"}],"twitter_card":"summary_large_image","twitter_site":"@WIFOat","schema":{"@context":"https:\/\/schema.org","@graph":[{"@type":"WebPage","@id":"https:\/\/www.wifo.ac.at\/en\/publication\/70141\/","url":"https:\/\/www.wifo.ac.at\/en\/publication\/70141\/","name":"The Revision of the EU Effort Sharing Regulation - WIFO","isPartOf":{"@id":"https:\/\/www.wifo.ac.at\/en\/#website"},"datePublished":"2023-12-02T06:35:49+00:00","dateModified":"2025-07-08T15:51:44+00:00","breadcrumb":{"@id":"https:\/\/www.wifo.ac.at\/en\/publication\/70141\/#breadcrumb"},"inLanguage":"en-US","potentialAction":[{"@type":"ReadAction","target":["https:\/\/www.wifo.ac.at\/en\/publication\/70141\/"]}]},{"@type":"BreadcrumbList","@id":"https:\/\/www.wifo.ac.at\/en\/publication\/70141\/#breadcrumb","itemListElement":[{"@type":"ListItem","position":1,"name":"Startseite","item":"https:\/\/www.wifo.ac.at\/en\/"},{"@type":"ListItem","position":2,"name":"The Revision of the EU Effort Sharing Regulation"}]},{"@type":"WebSite","@id":"https:\/\/www.wifo.ac.at\/en\/#website","url":"https:\/\/www.wifo.ac.at\/en\/","name":"\u00d6sterreichisches Institut f\u00fcr Wirtschaftsforschung","description":"","publisher":{"@id":"https:\/\/www.wifo.ac.at\/en\/#organization"},"alternateName":"WIFO","potentialAction":[{"@type":"SearchAction","target":{"@type":"EntryPoint","urlTemplate":"https:\/\/www.wifo.ac.at\/en\/?s={search_term_string}"},"query-input":{"@type":"PropertyValueSpecification","valueRequired":true,"valueName":"search_term_string"}}],"inLanguage":"en-US"},{"@type":"Organization","@id":"https:\/\/www.wifo.ac.at\/en\/#organization","name":"\u00d6sterreichisches Institut f\u00fcr Wirtschaftsforschung","alternateName":"WIFO","url":"https:\/\/www.wifo.ac.at\/en\/","logo":{"@type":"ImageObject","inLanguage":"en-US","@id":"https:\/\/www.wifo.ac.at\/en\/#\/schema\/logo\/image\/","url":"https:\/\/www.wifo.ac.at\/wp-content\/uploads\/2024\/05\/WIFO_kurz_rechts-2-1920x412.jpg","contentUrl":"https:\/\/www.wifo.ac.at\/wp-content\/uploads\/2024\/05\/WIFO_kurz_rechts-2-1920x412.jpg","width":2000,"height":429,"caption":"\u00d6sterreichisches Institut f\u00fcr Wirtschaftsforschung"},"image":{"@id":"https:\/\/www.wifo.ac.at\/en\/#\/schema\/logo\/image\/"},"sameAs":["https:\/\/www.facebook.com\/WIFOat\/","https:\/\/x.com\/WIFOat","https:\/\/linkedin.com\/company\/wifoat\/","https:\/\/www.youtube.com\/@WIFO_at"],"description":"Das WIFO, 1927 von Friedrich August von Hayek und Ludwig von Mises zur Konjunkturanalyse gegr\u00fcndet, ist heute das f\u00fchrende Institut f\u00fcr angewandte empirische Wirtschaftsforschung in \u00d6sterreich mit starkem Engagement auf europ\u00e4ischer Ebene.","email":"office@wifo.ac.at","telephone":"+43 1 798 26 01 \u2013 0","legalName":"\u00d6sterreichisches Institut f\u00fcr Wirtschaftsforschung","foundingDate":"1927-01-02","numberOfEmployees":{"@type":"QuantitativeValue","minValue":"51","maxValue":"200"},"publishingPrinciples":"https:\/\/www.wifo.ac.at\/institut\/mission-und-strategie\/","ownershipFundingInfo":"https:\/\/www.wifo.ac.at\/institut\/organisation\/","actionableFeedbackPolicy":"https:\/\/www.wifo.ac.at\/aktuelles\/presse\/","correctionsPolicy":"https:\/\/www.wifo.ac.at\/institut\/kontakt\/","ethicsPolicy":"https:\/\/www.wifo.ac.at\/institut\/evidenzbasierung-transparenz-und-unabhaengigkeit\/","diversityPolicy":"https:\/\/www.wifo.ac.at\/institut\/gleichstellung\/","diversityStaffingReport":"https:\/\/www.wifo.ac.at\/institut\/gleichstellung\/"}]}},"_links":{"self":[{"href":"https:\/\/www.wifo.ac.at\/en\/wp-json\/wp\/v2\/publication\/70141","targetHints":{"allow":["GET"]}}],"collection":[{"href":"https:\/\/www.wifo.ac.at\/en\/wp-json\/wp\/v2\/publication"}],"about":[{"href":"https:\/\/www.wifo.ac.at\/en\/wp-json\/wp\/v2\/types\/publication"}],"version-history":[{"count":1,"href":"https:\/\/www.wifo.ac.at\/en\/wp-json\/wp\/v2\/publication\/70141\/revisions"}],"predecessor-version":[{"id":428641,"href":"https:\/\/www.wifo.ac.at\/en\/wp-json\/wp\/v2\/publication\/70141\/revisions\/428641"}],"acf:post":[{"embeddable":true,"href":"https:\/\/www.wifo.ac.at\/en\/wp-json\/wp\/v2\/topic\/40961"},{"embeddable":true,"href":"https:\/\/www.wifo.ac.at\/en\/wp-json\/wp\/v2\/client\/10690"},{"embeddable":true,"href":"https:\/\/www.wifo.ac.at\/en\/wp-json\/wp\/v2\/person\/4953"},{"embeddable":true,"href":"https:\/\/www.wifo.ac.at\/en\/wp-json\/wp\/v2\/person\/3671"},{"embeddable":true,"href":"https:\/\/www.wifo.ac.at\/en\/wp-json\/wp\/v2\/research_group\/3655"},{"embeddable":true,"href":"https:\/\/www.wifo.ac.at\/en\/wp-json\/wp\/v2\/publication_type\/81966"}],"wp:attachment":[{"href":"https:\/\/www.wifo.ac.at\/en\/wp-json\/wp\/v2\/media?parent=70141"}],"curies":[{"name":"wp","href":"https:\/\/api.w.org\/{rel}","templated":true}]}}