{"id":66661,"date":"2023-12-01T22:51:51","date_gmt":"2023-12-01T21:51:51","guid":{"rendered":"https:\/\/www.wifo.ac.at\/publication\/schwaechephase-der-oesterreichischen-wirtschaft-dauerte-im-iv-quartal-2014-an\/"},"modified":"2024-11-07T07:17:51","modified_gmt":"2024-11-07T06:17:51","slug":"schwaechephase-der-oesterreichischen-wirtschaft-dauerte-im-iv-quartal-2014-an","status":"publish","type":"publication","link":"https:\/\/www.wifo.ac.at\/en\/publication\/66661\/","title":{"rendered":"Schw\u00e4chephase der \u00f6sterreichischen Wirtschaft dauerte im IV. Quartal 2014 an"},"content":{"rendered":"","protected":false},"featured_media":0,"template":"","class_list":["post-66661","publication","type-publication","status-publish","hentry"],"acf":{"subtitle":"","text":"","onlinedate":"2015-01-30 12:00:00","lang":"German","publication_series":"","publication_date":"20150101","publication_date_year":"","publication_date_full":false,"publication_num_pages":"","keywords":"[\"Schnellsch\u00e4tzung\",\"Wirtschaftswachstum\"]","jelcodes":"[]","related_publications":"[]","pdf":401339,"zip":null,"link":"","monthly_report":false,"monthly_report_main":false,"monthly_report_volume":"","monthly_report_pages":"","monthly_report_pages_sort":"0","issue":"","journal":"","publisher":"","invisible":false,"external":false,"embargo_date":"2015-01-30 12:00:00","types":[77900],"research_groups":[3500],"collaboration":"","persons":[3837,3537],"persons_data":"[{\"personId\":3837,\"personName\":\"Marcus Scheiblecker\",\"organisationNames\":[]},{\"personId\":3537,\"personName\":\"J\u00fcrgen Bierbaumer-Polly\",\"organisationNames\":[]}]","clients":[],"subclients":[],"partners":[],"topics":[],"host_publication_title":"","host_publication_subtitle":"","place_of_publication":"","host_publication_editors":"[]","type_description":"","output_media":"","chapter":"","article_number":"","citations":"{\"apa\":\"<div class=\\\"rendering rendering_researchoutput  rendering_researchoutput_apa rendering_othercontribution rendering_apa rendering_othercontribution_apa\\\"><span>Scheiblecker, M.<\\\/span><span>, &amp; Bierbaumer-Polly, J.<\\\/span> (2015, Jan). <span>Schw\u00e4chephase der \u00f6sterreichischen Wirtschaft dauerte im IV. Quartal 2014 an<\\\/span>. <a onclick=\\\"window.open(this.href, '_blank','noopener,noreferrer'); return false;\\\" href=\\\"https:\\\/\\\/www.wifo.ac.at\\\/wwa\\\/pubid\\\/50932\\\" class=\\\"link\\\"><span>https:\\\/\\\/www.wifo.ac.at\\\/wwa\\\/pubid\\\/50932<\\\/span><\\\/a><\\\/div>\",\"vancouver\":\"<div class=\\\"rendering rendering_researchoutput  rendering_researchoutput_vancouver rendering_othercontribution rendering_vancouver rendering_othercontribution_vancouver\\\"><span>Scheiblecker M<\\\/span><span>, Bierbaumer-Polly J<\\\/span>. <span class=\\\"title\\\"><span>Schw\u00e4chephase der \u00f6sterreichischen Wirtschaft dauerte im IV. Quartal 2014 an<\\\/span><\\\/span>. 2015.<\\\/div>\",\"bibtex\":\"<div class=\\\"rendering rendering_researchoutput  rendering_researchoutput_bibtex rendering_othercontribution rendering_bibtex rendering_othercontribution_bibtex\\\"><div>@misc{55e35665e3454394ad55a1c92af5ed4d,<\\\/div><div>  title    = \\\"Schw{\\\\\\\"a}chephase der {\\\\\\\"o}sterreichischen Wirtschaft dauerte im IV. Quartal 2014 an\\\",<\\\/div><div>  keywords = \\\"Schnellsch{\\\\\\\"a}tzung, Wirtschaftswachstum, Schnellsch{\\\\\\\"a}tzung, Wirtschaftswachstum\\\",<\\\/div><div>  author   = \\\"Marcus Scheiblecker and J{\\\\\\\"u}rgen Bierbaumer-Polly\\\",<\\\/div><div>  note     = \\\"WIFO-Schnellsch{\\\\\\\"a}tzung\\\",<\\\/div><div>  year     = \\\"2015\\\",<\\\/div><div>  month    = jan,<\\\/div><div>  language = \\\"Deutsch\\\",<\\\/div><div>  type     = \\\"Other\\\",<\\\/div><p>}<\\\/p><\\\/div>\",\"ris\":\"<div class=\\\"rendering rendering_researchoutput  rendering_researchoutput_ris rendering_othercontribution rendering_ris rendering_othercontribution_ris\\\"><p>TY  - GEN<\\\/p><p>T1  - Schw\u00e4chephase der \u00f6sterreichischen Wirtschaft dauerte im IV. Quartal 2014 an<\\\/p><p>AU  - Scheiblecker, Marcus<\\\/p><p>AU  - Bierbaumer-Polly, J\u00fcrgen<\\\/p><p>N1  - WIFO-Schnellsch\u00e4tzung<\\\/p><p>PY  - 2015\\\/1<\\\/p><p>Y1  - 2015\\\/1<\\\/p><p>KW  - Schnellsch\u00e4tzung<\\\/p><p>KW  - Wirtschaftswachstum<\\\/p><p>KW  - Schnellsch\u00e4tzung<\\\/p><p>KW  - Wirtschaftswachstum<\\\/p><p>M3  - Presseaussendung<\\\/p><p>ER  - <\\\/p><\\\/div>\"}","scientific_assistance":"[]","scientific_review":"[]","version":"","release_date":null,"expiration_date":null,"surveyor":"","research_assistance":"","edv":"","additional_info_de":"","additional_info_en":""},"yoast_head":"<!-- This site is optimized with the Yoast SEO Premium plugin v28.3 (Yoast SEO v28.3) - https:\/\/yoast.com\/product\/yoast-seo-premium-wordpress\/ -->\n<title>Schw\u00e4chephase der \u00f6sterreichischen Wirtschaft dauerte im IV. Quartal 2014 an - WIFO<\/title>\n<meta name=\"robots\" content=\"index, follow, max-snippet:-1, max-image-preview:large, max-video-preview:-1\" \/>\n<link rel=\"canonical\" href=\"https:\/\/www.wifo.ac.at\/en\/publication\/66661\/\" \/>\n<meta property=\"og:locale\" content=\"en_US\" \/>\n<meta property=\"og:type\" content=\"article\" \/>\n<meta property=\"og:title\" content=\"Schw\u00e4chephase der \u00f6sterreichischen Wirtschaft dauerte im IV. Quartal 2014 an\" \/>\n<meta property=\"og:url\" content=\"https:\/\/www.wifo.ac.at\/en\/publication\/66661\/\" \/>\n<meta property=\"og:site_name\" content=\"WIFO\" \/>\n<meta property=\"article:publisher\" content=\"https:\/\/www.facebook.com\/WIFOat\/\" \/>\n<meta property=\"article:modified_time\" content=\"2024-11-07T06:17:51+00:00\" \/>\n<meta property=\"og:image\" content=\"https:\/\/www.wifo.ac.at\/wp-content\/uploads\/2024\/05\/WIFO-Gebaeude-FotoAlexanderMueller-www.alexandermueller.at-IMG_6326-Bearbeitet-1.jpg\" \/>\n\t<meta property=\"og:image:width\" content=\"1920\" \/>\n\t<meta property=\"og:image:height\" content=\"1280\" \/>\n\t<meta property=\"og:image:type\" content=\"image\/jpeg\" \/>\n<meta name=\"twitter:card\" content=\"summary_large_image\" \/>\n<meta name=\"twitter:site\" content=\"@WIFOat\" \/>\n<script type=\"application\/ld+json\" class=\"yoast-schema-graph\">{\"@context\":\"https:\\\/\\\/schema.org\",\"@graph\":[{\"@type\":\"WebPage\",\"@id\":\"https:\\\/\\\/www.wifo.ac.at\\\/en\\\/publication\\\/66661\\\/\",\"url\":\"https:\\\/\\\/www.wifo.ac.at\\\/en\\\/publication\\\/66661\\\/\",\"name\":\"Schw\u00e4chephase der \u00f6sterreichischen Wirtschaft dauerte im IV. Quartal 2014 an - WIFO\",\"isPartOf\":{\"@id\":\"https:\\\/\\\/www.wifo.ac.at\\\/en\\\/#website\"},\"datePublished\":\"2023-12-01T21:51:51+00:00\",\"dateModified\":\"2024-11-07T06:17:51+00:00\",\"breadcrumb\":{\"@id\":\"https:\\\/\\\/www.wifo.ac.at\\\/en\\\/publication\\\/66661\\\/#breadcrumb\"},\"inLanguage\":\"en-US\",\"potentialAction\":[{\"@type\":\"ReadAction\",\"target\":[\"https:\\\/\\\/www.wifo.ac.at\\\/en\\\/publication\\\/66661\\\/\"]}]},{\"@type\":\"BreadcrumbList\",\"@id\":\"https:\\\/\\\/www.wifo.ac.at\\\/en\\\/publication\\\/66661\\\/#breadcrumb\",\"itemListElement\":[{\"@type\":\"ListItem\",\"position\":1,\"name\":\"Startseite\",\"item\":\"https:\\\/\\\/www.wifo.ac.at\\\/en\\\/\"},{\"@type\":\"ListItem\",\"position\":2,\"name\":\"Schw\u00e4chephase der \u00f6sterreichischen Wirtschaft dauerte im IV. Quartal 2014 an\"}]},{\"@type\":\"WebSite\",\"@id\":\"https:\\\/\\\/www.wifo.ac.at\\\/en\\\/#website\",\"url\":\"https:\\\/\\\/www.wifo.ac.at\\\/en\\\/\",\"name\":\"\u00d6sterreichisches Institut f\u00fcr Wirtschaftsforschung\",\"description\":\"\",\"publisher\":{\"@id\":\"https:\\\/\\\/www.wifo.ac.at\\\/en\\\/#organization\"},\"alternateName\":\"WIFO\",\"potentialAction\":[{\"@type\":\"SearchAction\",\"target\":{\"@type\":\"EntryPoint\",\"urlTemplate\":\"https:\\\/\\\/www.wifo.ac.at\\\/en\\\/?s={search_term_string}\"},\"query-input\":{\"@type\":\"PropertyValueSpecification\",\"valueRequired\":true,\"valueName\":\"search_term_string\"}}],\"inLanguage\":\"en-US\"},{\"@type\":\"Organization\",\"@id\":\"https:\\\/\\\/www.wifo.ac.at\\\/en\\\/#organization\",\"name\":\"\u00d6sterreichisches Institut f\u00fcr Wirtschaftsforschung\",\"alternateName\":\"WIFO\",\"url\":\"https:\\\/\\\/www.wifo.ac.at\\\/en\\\/\",\"logo\":{\"@type\":\"ImageObject\",\"inLanguage\":\"en-US\",\"@id\":\"https:\\\/\\\/www.wifo.ac.at\\\/en\\\/#\\\/schema\\\/logo\\\/image\\\/\",\"url\":\"https:\\\/\\\/www.wifo.ac.at\\\/wp-content\\\/uploads\\\/2024\\\/05\\\/WIFO_kurz_rechts-2-1920x412.jpg\",\"contentUrl\":\"https:\\\/\\\/www.wifo.ac.at\\\/wp-content\\\/uploads\\\/2024\\\/05\\\/WIFO_kurz_rechts-2-1920x412.jpg\",\"width\":2000,\"height\":429,\"caption\":\"\u00d6sterreichisches Institut f\u00fcr Wirtschaftsforschung\"},\"image\":{\"@id\":\"https:\\\/\\\/www.wifo.ac.at\\\/en\\\/#\\\/schema\\\/logo\\\/image\\\/\"},\"sameAs\":[\"https:\\\/\\\/www.facebook.com\\\/WIFOat\\\/\",\"https:\\\/\\\/x.com\\\/WIFOat\",\"https:\\\/\\\/linkedin.com\\\/company\\\/wifoat\\\/\",\"https:\\\/\\\/www.youtube.com\\\/@WIFO_at\"],\"description\":\"Das WIFO, 1927 von Friedrich August von Hayek und Ludwig von Mises zur Konjunkturanalyse gegr\u00fcndet, ist heute das f\u00fchrende Institut f\u00fcr angewandte empirische Wirtschaftsforschung in \u00d6sterreich mit starkem Engagement auf europ\u00e4ischer Ebene.\",\"email\":\"office@wifo.ac.at\",\"telephone\":\"+43 1 798 26 01 \u2013 0\",\"legalName\":\"\u00d6sterreichisches Institut f\u00fcr Wirtschaftsforschung\",\"foundingDate\":\"1927-01-02\",\"numberOfEmployees\":{\"@type\":\"QuantitativeValue\",\"minValue\":\"51\",\"maxValue\":\"200\"},\"publishingPrinciples\":\"https:\\\/\\\/www.wifo.ac.at\\\/institut\\\/mission-und-strategie\\\/\",\"ownershipFundingInfo\":\"https:\\\/\\\/www.wifo.ac.at\\\/institut\\\/organisation\\\/\",\"actionableFeedbackPolicy\":\"https:\\\/\\\/www.wifo.ac.at\\\/aktuelles\\\/presse\\\/\",\"correctionsPolicy\":\"https:\\\/\\\/www.wifo.ac.at\\\/institut\\\/kontakt\\\/\",\"ethicsPolicy\":\"https:\\\/\\\/www.wifo.ac.at\\\/institut\\\/evidenzbasierung-transparenz-und-unabhaengigkeit\\\/\",\"diversityPolicy\":\"https:\\\/\\\/www.wifo.ac.at\\\/institut\\\/gleichstellung\\\/\",\"diversityStaffingReport\":\"https:\\\/\\\/www.wifo.ac.at\\\/institut\\\/gleichstellung\\\/\"}]}<\/script>\n<!-- \/ Yoast SEO Premium plugin. -->","yoast_head_json":{"title":"Schw\u00e4chephase der \u00f6sterreichischen Wirtschaft dauerte im IV. Quartal 2014 an - WIFO","robots":{"index":"index","follow":"follow","max-snippet":"max-snippet:-1","max-image-preview":"max-image-preview:large","max-video-preview":"max-video-preview:-1"},"canonical":"https:\/\/www.wifo.ac.at\/en\/publication\/66661\/","og_locale":"en_US","og_type":"article","og_title":"Schw\u00e4chephase der \u00f6sterreichischen Wirtschaft dauerte im IV. Quartal 2014 an","og_url":"https:\/\/www.wifo.ac.at\/en\/publication\/66661\/","og_site_name":"WIFO","article_publisher":"https:\/\/www.facebook.com\/WIFOat\/","article_modified_time":"2024-11-07T06:17:51+00:00","og_image":[{"width":1920,"height":1280,"url":"https:\/\/www.wifo.ac.at\/wp-content\/uploads\/2024\/05\/WIFO-Gebaeude-FotoAlexanderMueller-www.alexandermueller.at-IMG_6326-Bearbeitet-1.jpg","type":"image\/jpeg"}],"twitter_card":"summary_large_image","twitter_site":"@WIFOat","schema":{"@context":"https:\/\/schema.org","@graph":[{"@type":"WebPage","@id":"https:\/\/www.wifo.ac.at\/en\/publication\/66661\/","url":"https:\/\/www.wifo.ac.at\/en\/publication\/66661\/","name":"Schw\u00e4chephase der \u00f6sterreichischen Wirtschaft dauerte im IV. Quartal 2014 an - WIFO","isPartOf":{"@id":"https:\/\/www.wifo.ac.at\/en\/#website"},"datePublished":"2023-12-01T21:51:51+00:00","dateModified":"2024-11-07T06:17:51+00:00","breadcrumb":{"@id":"https:\/\/www.wifo.ac.at\/en\/publication\/66661\/#breadcrumb"},"inLanguage":"en-US","potentialAction":[{"@type":"ReadAction","target":["https:\/\/www.wifo.ac.at\/en\/publication\/66661\/"]}]},{"@type":"BreadcrumbList","@id":"https:\/\/www.wifo.ac.at\/en\/publication\/66661\/#breadcrumb","itemListElement":[{"@type":"ListItem","position":1,"name":"Startseite","item":"https:\/\/www.wifo.ac.at\/en\/"},{"@type":"ListItem","position":2,"name":"Schw\u00e4chephase der \u00f6sterreichischen Wirtschaft dauerte im IV. Quartal 2014 an"}]},{"@type":"WebSite","@id":"https:\/\/www.wifo.ac.at\/en\/#website","url":"https:\/\/www.wifo.ac.at\/en\/","name":"\u00d6sterreichisches Institut f\u00fcr Wirtschaftsforschung","description":"","publisher":{"@id":"https:\/\/www.wifo.ac.at\/en\/#organization"},"alternateName":"WIFO","potentialAction":[{"@type":"SearchAction","target":{"@type":"EntryPoint","urlTemplate":"https:\/\/www.wifo.ac.at\/en\/?s={search_term_string}"},"query-input":{"@type":"PropertyValueSpecification","valueRequired":true,"valueName":"search_term_string"}}],"inLanguage":"en-US"},{"@type":"Organization","@id":"https:\/\/www.wifo.ac.at\/en\/#organization","name":"\u00d6sterreichisches Institut f\u00fcr Wirtschaftsforschung","alternateName":"WIFO","url":"https:\/\/www.wifo.ac.at\/en\/","logo":{"@type":"ImageObject","inLanguage":"en-US","@id":"https:\/\/www.wifo.ac.at\/en\/#\/schema\/logo\/image\/","url":"https:\/\/www.wifo.ac.at\/wp-content\/uploads\/2024\/05\/WIFO_kurz_rechts-2-1920x412.jpg","contentUrl":"https:\/\/www.wifo.ac.at\/wp-content\/uploads\/2024\/05\/WIFO_kurz_rechts-2-1920x412.jpg","width":2000,"height":429,"caption":"\u00d6sterreichisches Institut f\u00fcr Wirtschaftsforschung"},"image":{"@id":"https:\/\/www.wifo.ac.at\/en\/#\/schema\/logo\/image\/"},"sameAs":["https:\/\/www.facebook.com\/WIFOat\/","https:\/\/x.com\/WIFOat","https:\/\/linkedin.com\/company\/wifoat\/","https:\/\/www.youtube.com\/@WIFO_at"],"description":"Das WIFO, 1927 von Friedrich August von Hayek und Ludwig von Mises zur Konjunkturanalyse gegr\u00fcndet, ist heute das f\u00fchrende Institut f\u00fcr angewandte empirische Wirtschaftsforschung in \u00d6sterreich mit starkem Engagement auf europ\u00e4ischer Ebene.","email":"office@wifo.ac.at","telephone":"+43 1 798 26 01 \u2013 0","legalName":"\u00d6sterreichisches Institut f\u00fcr Wirtschaftsforschung","foundingDate":"1927-01-02","numberOfEmployees":{"@type":"QuantitativeValue","minValue":"51","maxValue":"200"},"publishingPrinciples":"https:\/\/www.wifo.ac.at\/institut\/mission-und-strategie\/","ownershipFundingInfo":"https:\/\/www.wifo.ac.at\/institut\/organisation\/","actionableFeedbackPolicy":"https:\/\/www.wifo.ac.at\/aktuelles\/presse\/","correctionsPolicy":"https:\/\/www.wifo.ac.at\/institut\/kontakt\/","ethicsPolicy":"https:\/\/www.wifo.ac.at\/institut\/evidenzbasierung-transparenz-und-unabhaengigkeit\/","diversityPolicy":"https:\/\/www.wifo.ac.at\/institut\/gleichstellung\/","diversityStaffingReport":"https:\/\/www.wifo.ac.at\/institut\/gleichstellung\/"}]}},"_links":{"self":[{"href":"https:\/\/www.wifo.ac.at\/en\/wp-json\/wp\/v2\/publication\/66661","targetHints":{"allow":["GET"]}}],"collection":[{"href":"https:\/\/www.wifo.ac.at\/en\/wp-json\/wp\/v2\/publication"}],"about":[{"href":"https:\/\/www.wifo.ac.at\/en\/wp-json\/wp\/v2\/types\/publication"}],"version-history":[{"count":1,"href":"https:\/\/www.wifo.ac.at\/en\/wp-json\/wp\/v2\/publication\/66661\/revisions"}],"predecessor-version":[{"id":401308,"href":"https:\/\/www.wifo.ac.at\/en\/wp-json\/wp\/v2\/publication\/66661\/revisions\/401308"}],"acf:post":[{"embeddable":true,"href":"https:\/\/www.wifo.ac.at\/en\/wp-json\/wp\/v2\/person\/3537"},{"embeddable":true,"href":"https:\/\/www.wifo.ac.at\/en\/wp-json\/wp\/v2\/person\/3837"},{"embeddable":true,"href":"https:\/\/www.wifo.ac.at\/en\/wp-json\/wp\/v2\/research_group\/3500"},{"embeddable":true,"href":"https:\/\/www.wifo.ac.at\/en\/wp-json\/wp\/v2\/publication_type\/77900"}],"wp:attachment":[{"href":"https:\/\/www.wifo.ac.at\/en\/wp-json\/wp\/v2\/media?parent=66661"}],"curies":[{"name":"wp","href":"https:\/\/api.w.org\/{rel}","templated":true}]}}