{"id":58165,"date":"2023-12-01T20:20:02","date_gmt":"2023-12-01T19:20:02","guid":{"rendered":"https:\/\/www.wifo.ac.at\/publication\/the-evolving-composition-of-intra-eu-trade-over-time\/"},"modified":"2024-04-20T07:55:54","modified_gmt":"2024-04-20T05:55:54","slug":"the-evolving-composition-of-intra-eu-trade-over-time","status":"publish","type":"publication","link":"https:\/\/www.wifo.ac.at\/en\/publication\/58165\/","title":{"rendered":"The Evolving Composition of Intra-EU Trade Over Time"},"content":{"rendered":"","protected":false},"featured_media":0,"template":"","class_list":["post-58165","publication","type-publication","status-publish","hentry"],"acf":{"subtitle":"","text":"The main purpose of the study is to document and analyse the changing composition of bilateral trade flows (with a focus on intra-EU trade flows) considering various indicators and dimensions of trade flows. Further, an important part of the study is devoted to the role and magnitude of intra-firm trade. As information on intra-firm trade is limited the study proposes and compares various measures. Moreover, based on its theoretical and empirical results, the study should inform policy-making in the European Commission.","onlinedate":"2018-05-03 16:47:20","lang":"English","publication_series":"","publication_date":"20160901","publication_date_year":"","publication_date_full":false,"publication_num_pages":"135","keywords":"[]","jelcodes":"[]","related_publications":"[]","pdf":null,"zip":null,"link":"https:\/\/ec.europa.eu\/docsroom\/documents\/20210\/attachments\/5\/translations\/en\/renditions\/native","monthly_report":false,"monthly_report_main":false,"monthly_report_volume":"","monthly_report_pages":"","monthly_report_pages_sort":"0","issue":"","journal":"","publisher":"","invisible":false,"external":false,"embargo_date":null,"types":[81966],"research_groups":[3491],"collaboration":"","persons":[16715,16743,16741],"persons_data":"[{\"personId\":16715,\"personName\":\"Wiener Institut f\u00fcr internationale Wirtschaftsvergleiche\",\"organisationNames\":[\"The Vienna Institute for International Economic Studies\"]},{\"personId\":16743,\"personName\":\"Centre d'Information et de Recherche sur l'Economie Mondiale\",\"organisationNames\":[\"CIREM\"]},{\"personId\":16741,\"personName\":\"Economic and Social Research Institute\",\"organisationNames\":[\"ESRI\"]}]","clients":[10646],"subclients":[],"partners":[8870,9093,9033,9102],"topics":[40955],"host_publication_title":"","host_publication_subtitle":"","place_of_publication":"","host_publication_editors":"[]","type_description":"","output_media":"","chapter":"","article_number":"","scientific_assistance":"[]","scientific_review":"[]","version":"","release_date":null,"expiration_date":null,"surveyor":"","research_assistance":"","edv":"","additional_info_de":"","additional_info_en":""},"yoast_head":"<!-- This site is optimized with the Yoast SEO Premium plugin v27.3 (Yoast SEO v27.3) - https:\/\/yoast.com\/product\/yoast-seo-premium-wordpress\/ -->\n<title>The Evolving Composition of Intra-EU Trade Over Time - WIFO<\/title>\n<meta name=\"robots\" content=\"index, follow, max-snippet:-1, max-image-preview:large, max-video-preview:-1\" \/>\n<link rel=\"canonical\" href=\"https:\/\/www.wifo.ac.at\/en\/publication\/58165\/\" \/>\n<meta property=\"og:locale\" content=\"en_US\" \/>\n<meta property=\"og:type\" content=\"article\" \/>\n<meta property=\"og:title\" content=\"The Evolving Composition of Intra-EU Trade Over Time\" \/>\n<meta property=\"og:url\" content=\"https:\/\/www.wifo.ac.at\/en\/publication\/58165\/\" \/>\n<meta property=\"og:site_name\" content=\"WIFO\" \/>\n<meta property=\"article:publisher\" content=\"https:\/\/www.facebook.com\/WIFOat\/\" \/>\n<meta property=\"article:modified_time\" content=\"2024-04-20T05:55:54+00:00\" \/>\n<meta property=\"og:image\" content=\"https:\/\/www.wifo.ac.at\/wp-content\/uploads\/2024\/05\/WIFO-Gebaeude-FotoAlexanderMueller-www.alexandermueller.at-IMG_6326-Bearbeitet-1.jpg\" \/>\n\t<meta property=\"og:image:width\" content=\"1920\" \/>\n\t<meta property=\"og:image:height\" content=\"1280\" \/>\n\t<meta property=\"og:image:type\" content=\"image\/jpeg\" \/>\n<meta name=\"twitter:card\" content=\"summary_large_image\" \/>\n<meta name=\"twitter:site\" content=\"@WIFOat\" \/>\n<script type=\"application\/ld+json\" class=\"yoast-schema-graph\">{\"@context\":\"https:\\\/\\\/schema.org\",\"@graph\":[{\"@type\":\"WebPage\",\"@id\":\"https:\\\/\\\/www.wifo.ac.at\\\/en\\\/publication\\\/58165\\\/\",\"url\":\"https:\\\/\\\/www.wifo.ac.at\\\/en\\\/publication\\\/58165\\\/\",\"name\":\"The Evolving Composition of Intra-EU Trade Over Time - WIFO\",\"isPartOf\":{\"@id\":\"https:\\\/\\\/www.wifo.ac.at\\\/en\\\/#website\"},\"datePublished\":\"2023-12-01T19:20:02+00:00\",\"dateModified\":\"2024-04-20T05:55:54+00:00\",\"breadcrumb\":{\"@id\":\"https:\\\/\\\/www.wifo.ac.at\\\/en\\\/publication\\\/58165\\\/#breadcrumb\"},\"inLanguage\":\"en-US\",\"potentialAction\":[{\"@type\":\"ReadAction\",\"target\":[\"https:\\\/\\\/www.wifo.ac.at\\\/en\\\/publication\\\/58165\\\/\"]}]},{\"@type\":\"BreadcrumbList\",\"@id\":\"https:\\\/\\\/www.wifo.ac.at\\\/en\\\/publication\\\/58165\\\/#breadcrumb\",\"itemListElement\":[{\"@type\":\"ListItem\",\"position\":1,\"name\":\"Startseite\",\"item\":\"https:\\\/\\\/www.wifo.ac.at\\\/en\\\/\"},{\"@type\":\"ListItem\",\"position\":2,\"name\":\"The Evolving Composition of Intra-EU Trade Over Time\"}]},{\"@type\":\"WebSite\",\"@id\":\"https:\\\/\\\/www.wifo.ac.at\\\/en\\\/#website\",\"url\":\"https:\\\/\\\/www.wifo.ac.at\\\/en\\\/\",\"name\":\"\u00d6sterreichisches Institut f\u00fcr Wirtschaftsforschung\",\"description\":\"\",\"publisher\":{\"@id\":\"https:\\\/\\\/www.wifo.ac.at\\\/en\\\/#organization\"},\"alternateName\":\"WIFO\",\"potentialAction\":[{\"@type\":\"SearchAction\",\"target\":{\"@type\":\"EntryPoint\",\"urlTemplate\":\"https:\\\/\\\/www.wifo.ac.at\\\/en\\\/?s={search_term_string}\"},\"query-input\":{\"@type\":\"PropertyValueSpecification\",\"valueRequired\":true,\"valueName\":\"search_term_string\"}}],\"inLanguage\":\"en-US\"},{\"@type\":\"Organization\",\"@id\":\"https:\\\/\\\/www.wifo.ac.at\\\/en\\\/#organization\",\"name\":\"\u00d6sterreichisches Institut f\u00fcr Wirtschaftsforschung\",\"alternateName\":\"WIFO\",\"url\":\"https:\\\/\\\/www.wifo.ac.at\\\/en\\\/\",\"logo\":{\"@type\":\"ImageObject\",\"inLanguage\":\"en-US\",\"@id\":\"https:\\\/\\\/www.wifo.ac.at\\\/en\\\/#\\\/schema\\\/logo\\\/image\\\/\",\"url\":\"https:\\\/\\\/www.wifo.ac.at\\\/wp-content\\\/uploads\\\/2024\\\/05\\\/WIFO_kurz_rechts-2-1920x412.jpg\",\"contentUrl\":\"https:\\\/\\\/www.wifo.ac.at\\\/wp-content\\\/uploads\\\/2024\\\/05\\\/WIFO_kurz_rechts-2-1920x412.jpg\",\"width\":2000,\"height\":429,\"caption\":\"\u00d6sterreichisches Institut f\u00fcr Wirtschaftsforschung\"},\"image\":{\"@id\":\"https:\\\/\\\/www.wifo.ac.at\\\/en\\\/#\\\/schema\\\/logo\\\/image\\\/\"},\"sameAs\":[\"https:\\\/\\\/www.facebook.com\\\/WIFOat\\\/\",\"https:\\\/\\\/x.com\\\/WIFOat\",\"https:\\\/\\\/linkedin.com\\\/company\\\/wifoat\\\/\",\"https:\\\/\\\/www.youtube.com\\\/@WIFO_at\"],\"description\":\"Das WIFO, 1927 von Friedrich August von Hayek und Ludwig von Mises zur Konjunkturanalyse gegr\u00fcndet, ist heute das f\u00fchrende Institut f\u00fcr angewandte empirische Wirtschaftsforschung in \u00d6sterreich mit starkem Engagement auf europ\u00e4ischer Ebene.\",\"email\":\"office@wifo.ac.at\",\"telephone\":\"+43 1 798 26 01 \u2013 0\",\"legalName\":\"\u00d6sterreichisches Institut f\u00fcr Wirtschaftsforschung\",\"foundingDate\":\"1927-01-02\",\"numberOfEmployees\":{\"@type\":\"QuantitativeValue\",\"minValue\":\"51\",\"maxValue\":\"200\"},\"publishingPrinciples\":\"https:\\\/\\\/www.wifo.ac.at\\\/institut\\\/mission-und-strategie\\\/\",\"ownershipFundingInfo\":\"https:\\\/\\\/www.wifo.ac.at\\\/institut\\\/organisation\\\/\",\"actionableFeedbackPolicy\":\"https:\\\/\\\/www.wifo.ac.at\\\/aktuelles\\\/presse\\\/\",\"correctionsPolicy\":\"https:\\\/\\\/www.wifo.ac.at\\\/institut\\\/kontakt\\\/\",\"ethicsPolicy\":\"https:\\\/\\\/www.wifo.ac.at\\\/institut\\\/evidenzbasierung-transparenz-und-unabhaengigkeit\\\/\",\"diversityPolicy\":\"https:\\\/\\\/www.wifo.ac.at\\\/institut\\\/gleichstellung\\\/\",\"diversityStaffingReport\":\"https:\\\/\\\/www.wifo.ac.at\\\/institut\\\/gleichstellung\\\/\"}]}<\/script>\n<!-- \/ Yoast SEO Premium plugin. -->","yoast_head_json":{"title":"The Evolving Composition of Intra-EU Trade Over Time - WIFO","robots":{"index":"index","follow":"follow","max-snippet":"max-snippet:-1","max-image-preview":"max-image-preview:large","max-video-preview":"max-video-preview:-1"},"canonical":"https:\/\/www.wifo.ac.at\/en\/publication\/58165\/","og_locale":"en_US","og_type":"article","og_title":"The Evolving Composition of Intra-EU Trade Over Time","og_url":"https:\/\/www.wifo.ac.at\/en\/publication\/58165\/","og_site_name":"WIFO","article_publisher":"https:\/\/www.facebook.com\/WIFOat\/","article_modified_time":"2024-04-20T05:55:54+00:00","og_image":[{"width":1920,"height":1280,"url":"https:\/\/www.wifo.ac.at\/wp-content\/uploads\/2024\/05\/WIFO-Gebaeude-FotoAlexanderMueller-www.alexandermueller.at-IMG_6326-Bearbeitet-1.jpg","type":"image\/jpeg"}],"twitter_card":"summary_large_image","twitter_site":"@WIFOat","schema":{"@context":"https:\/\/schema.org","@graph":[{"@type":"WebPage","@id":"https:\/\/www.wifo.ac.at\/en\/publication\/58165\/","url":"https:\/\/www.wifo.ac.at\/en\/publication\/58165\/","name":"The Evolving Composition of Intra-EU Trade Over Time - WIFO","isPartOf":{"@id":"https:\/\/www.wifo.ac.at\/en\/#website"},"datePublished":"2023-12-01T19:20:02+00:00","dateModified":"2024-04-20T05:55:54+00:00","breadcrumb":{"@id":"https:\/\/www.wifo.ac.at\/en\/publication\/58165\/#breadcrumb"},"inLanguage":"en-US","potentialAction":[{"@type":"ReadAction","target":["https:\/\/www.wifo.ac.at\/en\/publication\/58165\/"]}]},{"@type":"BreadcrumbList","@id":"https:\/\/www.wifo.ac.at\/en\/publication\/58165\/#breadcrumb","itemListElement":[{"@type":"ListItem","position":1,"name":"Startseite","item":"https:\/\/www.wifo.ac.at\/en\/"},{"@type":"ListItem","position":2,"name":"The Evolving Composition of Intra-EU Trade Over Time"}]},{"@type":"WebSite","@id":"https:\/\/www.wifo.ac.at\/en\/#website","url":"https:\/\/www.wifo.ac.at\/en\/","name":"\u00d6sterreichisches Institut f\u00fcr Wirtschaftsforschung","description":"","publisher":{"@id":"https:\/\/www.wifo.ac.at\/en\/#organization"},"alternateName":"WIFO","potentialAction":[{"@type":"SearchAction","target":{"@type":"EntryPoint","urlTemplate":"https:\/\/www.wifo.ac.at\/en\/?s={search_term_string}"},"query-input":{"@type":"PropertyValueSpecification","valueRequired":true,"valueName":"search_term_string"}}],"inLanguage":"en-US"},{"@type":"Organization","@id":"https:\/\/www.wifo.ac.at\/en\/#organization","name":"\u00d6sterreichisches Institut f\u00fcr Wirtschaftsforschung","alternateName":"WIFO","url":"https:\/\/www.wifo.ac.at\/en\/","logo":{"@type":"ImageObject","inLanguage":"en-US","@id":"https:\/\/www.wifo.ac.at\/en\/#\/schema\/logo\/image\/","url":"https:\/\/www.wifo.ac.at\/wp-content\/uploads\/2024\/05\/WIFO_kurz_rechts-2-1920x412.jpg","contentUrl":"https:\/\/www.wifo.ac.at\/wp-content\/uploads\/2024\/05\/WIFO_kurz_rechts-2-1920x412.jpg","width":2000,"height":429,"caption":"\u00d6sterreichisches Institut f\u00fcr Wirtschaftsforschung"},"image":{"@id":"https:\/\/www.wifo.ac.at\/en\/#\/schema\/logo\/image\/"},"sameAs":["https:\/\/www.facebook.com\/WIFOat\/","https:\/\/x.com\/WIFOat","https:\/\/linkedin.com\/company\/wifoat\/","https:\/\/www.youtube.com\/@WIFO_at"],"description":"Das WIFO, 1927 von Friedrich August von Hayek und Ludwig von Mises zur Konjunkturanalyse gegr\u00fcndet, ist heute das f\u00fchrende Institut f\u00fcr angewandte empirische Wirtschaftsforschung in \u00d6sterreich mit starkem Engagement auf europ\u00e4ischer Ebene.","email":"office@wifo.ac.at","telephone":"+43 1 798 26 01 \u2013 0","legalName":"\u00d6sterreichisches Institut f\u00fcr Wirtschaftsforschung","foundingDate":"1927-01-02","numberOfEmployees":{"@type":"QuantitativeValue","minValue":"51","maxValue":"200"},"publishingPrinciples":"https:\/\/www.wifo.ac.at\/institut\/mission-und-strategie\/","ownershipFundingInfo":"https:\/\/www.wifo.ac.at\/institut\/organisation\/","actionableFeedbackPolicy":"https:\/\/www.wifo.ac.at\/aktuelles\/presse\/","correctionsPolicy":"https:\/\/www.wifo.ac.at\/institut\/kontakt\/","ethicsPolicy":"https:\/\/www.wifo.ac.at\/institut\/evidenzbasierung-transparenz-und-unabhaengigkeit\/","diversityPolicy":"https:\/\/www.wifo.ac.at\/institut\/gleichstellung\/","diversityStaffingReport":"https:\/\/www.wifo.ac.at\/institut\/gleichstellung\/"}]}},"_links":{"self":[{"href":"https:\/\/www.wifo.ac.at\/en\/wp-json\/wp\/v2\/publication\/58165","targetHints":{"allow":["GET"]}}],"collection":[{"href":"https:\/\/www.wifo.ac.at\/en\/wp-json\/wp\/v2\/publication"}],"about":[{"href":"https:\/\/www.wifo.ac.at\/en\/wp-json\/wp\/v2\/types\/publication"}],"version-history":[{"count":0,"href":"https:\/\/www.wifo.ac.at\/en\/wp-json\/wp\/v2\/publication\/58165\/revisions"}],"acf:post":[{"embeddable":true,"href":"https:\/\/www.wifo.ac.at\/en\/wp-json\/wp\/v2\/topic\/40955"},{"embeddable":true,"href":"https:\/\/www.wifo.ac.at\/en\/wp-json\/wp\/v2\/partner\/9102"},{"embeddable":true,"href":"https:\/\/www.wifo.ac.at\/en\/wp-json\/wp\/v2\/partner\/9033"},{"embeddable":true,"href":"https:\/\/www.wifo.ac.at\/en\/wp-json\/wp\/v2\/partner\/9093"},{"embeddable":true,"href":"https:\/\/www.wifo.ac.at\/en\/wp-json\/wp\/v2\/partner\/8870"},{"embeddable":true,"href":"https:\/\/www.wifo.ac.at\/en\/wp-json\/wp\/v2\/client\/10646"},{"embeddable":true,"href":"https:\/\/www.wifo.ac.at\/en\/wp-json\/wp\/v2\/external_person\/16741"},{"embeddable":true,"href":"https:\/\/www.wifo.ac.at\/en\/wp-json\/wp\/v2\/external_person\/16743"},{"embeddable":true,"href":"https:\/\/www.wifo.ac.at\/en\/wp-json\/wp\/v2\/external_person\/16715"},{"embeddable":true,"href":"https:\/\/www.wifo.ac.at\/en\/wp-json\/wp\/v2\/research_group\/3491"},{"embeddable":true,"href":"https:\/\/www.wifo.ac.at\/en\/wp-json\/wp\/v2\/publication_type\/81966"}],"wp:attachment":[{"href":"https:\/\/www.wifo.ac.at\/en\/wp-json\/wp\/v2\/media?parent=58165"}],"curies":[{"name":"wp","href":"https:\/\/api.w.org\/{rel}","templated":true}]}}