{"id":58101,"date":"2023-12-01T20:18:53","date_gmt":"2023-12-01T19:18:53","guid":{"rendered":"https:\/\/www.wifo.ac.at\/publication\/gemeinschaftsdiagnose-deutschland-fruehjahr-2016-aufschwung-bleibt-moderat-wirtschaftspolitik-wenig-wachstumsorientiert\/"},"modified":"2024-11-07T06:30:21","modified_gmt":"2024-11-07T05:30:21","slug":"gemeinschaftsdiagnose-deutschland-fruehjahr-2016-aufschwung-bleibt-moderat-wirtschaftspolitik-wenig-wachstumsorientiert","status":"publish","type":"publication","link":"https:\/\/www.wifo.ac.at\/en\/publication\/58101\/","title":{"rendered":"Joint Diagnosis Germany Spring 2016: Upswing Rmains Moderate \u2013 Economic Policy Less Growth-oriented"},"content":{"rendered":"","protected":false},"featured_media":0,"template":"","class_list":["post-58101","publication","type-publication","status-publish","hentry"],"acf":{"subtitle":"","text":"The German economy is experiencing a moderate upswing. Gross domestic product is expected to rise by 1.6 percent in 2016 and 1.5 percent in 2017. The upturn is being driven by private consumption, which is benefiting from the ongoing increase in employment, the noticeable increases in wage and transfer incomes and the gains in purchasing power from energy prices. In addition, fiscal policy is expansive, partly because of the increasing expenditure on coping with refugee migration. While construction investments are also expanding noticeably, corporate investment activity remains subdued. Due to the only gradual recovery of the global economy and strong domestic demand, foreign trade is not expected to provide a positive economic stimulus. Public households should generate significant surpluses in the forecast period. If, as in previous years, this room for manoeuvre were to be used in a less growth-oriented manner, this would not be sustainable.","onlinedate":"2016-04-14 11:00:00","lang":"German","publication_series":"","publication_date":"20160401","publication_date_year":"","publication_date_full":false,"publication_num_pages":"80","keywords":"[]","jelcodes":"[]","related_publications":"[]","pdf":388446,"zip":null,"link":"","monthly_report":false,"monthly_report_main":false,"monthly_report_volume":"","monthly_report_pages":"","monthly_report_pages_sort":"0","issue":"","journal":"","publisher":"","invisible":false,"external":false,"embargo_date":"2016-04-14 11:00:00","types":[81966],"research_groups":[3500],"collaboration":"Projektgruppe Gemeinschaftsdiagnose","persons":[],"persons_data":"[]","clients":[10844],"subclients":[],"partners":[8870,9526],"topics":[],"host_publication_title":"","host_publication_subtitle":"","place_of_publication":"","host_publication_editors":"[]","type_description":"","output_media":"","chapter":"","article_number":"","citations":"{\"apa\":\"<div class=\\\"rendering rendering_researchoutput  rendering_researchoutput_apa rendering_bookanthology rendering_apa rendering_bookanthology_apa\\\">Projektgruppe Gemeinschaftsdiagnose (2016). <span><em>Gemeinschaftsdiagnose Deutschland Fr\u00fchjahr 2016: Aufschwung bleibt moderat \u2013 Wirtschaftspolitik wenig wachstumsorientiert<\\\/em><\\\/span>. <a onclick=\\\"window.open(this.href, '_blank','noopener,noreferrer'); return false;\\\" href=\\\"https:\\\/\\\/www.wifo.ac.at\\\/wwa\\\/pubid\\\/58778\\\" class=\\\"link\\\"><span>https:\\\/\\\/www.wifo.ac.at\\\/wwa\\\/pubid\\\/58778<\\\/span><\\\/a><\\\/div>\",\"vancouver\":\"<div class=\\\"rendering rendering_researchoutput  rendering_researchoutput_vancouver rendering_bookanthology rendering_vancouver rendering_bookanthology_vancouver\\\">Projektgruppe Gemeinschaftsdiagnose. <span class=\\\"title\\\"><span>Gemeinschaftsdiagnose Deutschland Fr\u00fchjahr 2016: Aufschwung bleibt moderat \u2013 Wirtschaftspolitik wenig wachstumsorientiert<\\\/span><\\\/span>. 2016. 80 p.<\\\/div>\",\"bibtex\":\"<div class=\\\"rendering rendering_researchoutput  rendering_researchoutput_bibtex rendering_bookanthology rendering_bibtex rendering_bookanthology_bibtex\\\"><div>@book{b542b1cf4e16472e8b2e473eb43e9687,<\\\/div><div>  title    = \\\"Gemeinschaftsdiagnose Deutschland Fr{\\\\\\\"u}hjahr 2016: Aufschwung bleibt moderat \u2013 Wirtschaftspolitik wenig wachstumsorientiert\\\",<\\\/div><div>  abstract = \\\"Die deutsche Wirtschaft befindet sich in einem m{\\\\\\\"a}{\\\\ss}igen Aufschwung. Das Bruttoinlandsprodukt d{\\\\\\\"u}rfte 2016 um 1,6\\\\% und 2017 um 1,5\\\\% steigen. Getragen wird der Aufschwung vom privaten Konsum, der vom anhaltenden Besch{\\\\\\\"a}ftigungsaufbau, den sp{\\\\\\\"u}rbaren Steigerungen der Lohn- und Transfereinkommen und den Kaufkraftgewinnen aus der Energieverbilligung profitiert. Zudem ist die Finanzpolitik, auch wegen der zunehmenden Aufwendungen zur Bew{\\\\\\\"a}ltigung der Fl{\\\\\\\"u}chtlingsmigration, expansiv ausgerichtet. W{\\\\\\\"a}hrend die Bauinvestitionen ebenfalls merklich ausgeweitet werden, bleibt die Investitionst{\\\\\\\"a}tigkeit der Unternehmen verhalten. Aufgrund der nur allm{\\\\\\\"a}hlichen Erholung der Weltwirtschaft und der starken Binnennachfrage ist vom Au{\\\\ss}enhandel kein positiver Konjunkturimpuls zu erwarten. Die {\\\\\\\"o}ffentlichen Haushalte d{\\\\\\\"u}rften im Prognosezeitraum deutliche {\\\\\\\"U}bersch{\\\\\\\"u}sse erzielen. W{\\\\\\\"u}rden diese Handlungsspielr{\\\\\\\"a}ume wie in den vergangenen Jahren wenig wachstumsorientiert genutzt, w{\\\\\\\"a}re das nicht nachhaltig.\\\",<\\\/div><div>  author   = \\\"\\\\{Projektgruppe Gemeinschaftsdiagnose\\\\}\\\",<\\\/div><div>  note     = \\\"Gemeinschaftsdiagnose Deutschland Fr{\\\\\\\"u}hjahr 2016\\\",<\\\/div><div>  year     = \\\"2016\\\",<\\\/div><div>  month    = apr,<\\\/div><div>  language = \\\"Deutsch\\\",<\\\/div><p>}<\\\/p><\\\/div>\",\"ris\":\"<div class=\\\"rendering rendering_researchoutput  rendering_researchoutput_ris rendering_bookanthology rendering_ris rendering_bookanthology_ris\\\"><p>TY  - BOOK<\\\/p><p>T1  - Gemeinschaftsdiagnose Deutschland Fr\u00fchjahr 2016: Aufschwung bleibt moderat \u2013 Wirtschaftspolitik wenig wachstumsorientiert<\\\/p><p>AU  - Projektgruppe Gemeinschaftsdiagnose<\\\/p><p>N1  - Gemeinschaftsdiagnose Deutschland Fr\u00fchjahr 2016<\\\/p><p>PY  - 2016\\\/4<\\\/p><p>Y1  - 2016\\\/4<\\\/p><p>N2  - Die deutsche Wirtschaft befindet sich in einem m\u00e4\u00dfigen Aufschwung. Das Bruttoinlandsprodukt d\u00fcrfte 2016 um 1,6% und 2017 um 1,5% steigen. Getragen wird der Aufschwung vom privaten Konsum, der vom anhaltenden Besch\u00e4ftigungsaufbau, den sp\u00fcrbaren Steigerungen der Lohn- und Transfereinkommen und den Kaufkraftgewinnen aus der Energieverbilligung profitiert. Zudem ist die Finanzpolitik, auch wegen der zunehmenden Aufwendungen zur Bew\u00e4ltigung der Fl\u00fcchtlingsmigration, expansiv ausgerichtet. W\u00e4hrend die Bauinvestitionen ebenfalls merklich ausgeweitet werden, bleibt die Investitionst\u00e4tigkeit der Unternehmen verhalten. Aufgrund der nur allm\u00e4hlichen Erholung der Weltwirtschaft und der starken Binnennachfrage ist vom Au\u00dfenhandel kein positiver Konjunkturimpuls zu erwarten. Die \u00f6ffentlichen Haushalte d\u00fcrften im Prognosezeitraum deutliche \u00dcbersch\u00fcsse erzielen. W\u00fcrden diese Handlungsspielr\u00e4ume wie in den vergangenen Jahren wenig wachstumsorientiert genutzt, w\u00e4re das nicht nachhaltig.<\\\/p><p>AB  - Die deutsche Wirtschaft befindet sich in einem m\u00e4\u00dfigen Aufschwung. Das Bruttoinlandsprodukt d\u00fcrfte 2016 um 1,6% und 2017 um 1,5% steigen. Getragen wird der Aufschwung vom privaten Konsum, der vom anhaltenden Besch\u00e4ftigungsaufbau, den sp\u00fcrbaren Steigerungen der Lohn- und Transfereinkommen und den Kaufkraftgewinnen aus der Energieverbilligung profitiert. Zudem ist die Finanzpolitik, auch wegen der zunehmenden Aufwendungen zur Bew\u00e4ltigung der Fl\u00fcchtlingsmigration, expansiv ausgerichtet. W\u00e4hrend die Bauinvestitionen ebenfalls merklich ausgeweitet werden, bleibt die Investitionst\u00e4tigkeit der Unternehmen verhalten. Aufgrund der nur allm\u00e4hlichen Erholung der Weltwirtschaft und der starken Binnennachfrage ist vom Au\u00dfenhandel kein positiver Konjunkturimpuls zu erwarten. Die \u00f6ffentlichen Haushalte d\u00fcrften im Prognosezeitraum deutliche \u00dcbersch\u00fcsse erzielen. W\u00fcrden diese Handlungsspielr\u00e4ume wie in den vergangenen Jahren wenig wachstumsorientiert genutzt, w\u00e4re das nicht nachhaltig.<\\\/p><p>M3  - Studie<\\\/p><p>BT  - Gemeinschaftsdiagnose Deutschland Fr\u00fchjahr 2016: Aufschwung bleibt moderat \u2013 Wirtschaftspolitik wenig wachstumsorientiert<\\\/p><p>ER  - <\\\/p><\\\/div>\"}","scientific_assistance":"[]","scientific_review":"[]","version":"","release_date":null,"expiration_date":null,"surveyor":"","research_assistance":"","edv":"","additional_info_de":"","additional_info_en":""},"yoast_head":"<!-- This site is optimized with the Yoast SEO Premium plugin v28.3 (Yoast SEO v28.3) - https:\/\/yoast.com\/product\/yoast-seo-premium-wordpress\/ -->\n<title>Joint Diagnosis Germany Spring 2016: Upswing Rmains Moderate \u2013 Economic Policy Less Growth-oriented - WIFO<\/title>\n<meta name=\"robots\" content=\"index, follow, max-snippet:-1, max-image-preview:large, max-video-preview:-1\" \/>\n<link rel=\"canonical\" href=\"https:\/\/www.wifo.ac.at\/en\/publication\/58101\/\" \/>\n<meta property=\"og:locale\" content=\"en_US\" \/>\n<meta property=\"og:type\" content=\"article\" \/>\n<meta property=\"og:title\" content=\"Joint Diagnosis Germany Spring 2016: Upswing Rmains Moderate \u2013 Economic Policy Less Growth-oriented\" \/>\n<meta property=\"og:url\" content=\"https:\/\/www.wifo.ac.at\/en\/publication\/58101\/\" \/>\n<meta property=\"og:site_name\" content=\"WIFO\" \/>\n<meta property=\"article:publisher\" content=\"https:\/\/www.facebook.com\/WIFOat\/\" \/>\n<meta property=\"article:modified_time\" content=\"2024-11-07T05:30:21+00:00\" \/>\n<meta property=\"og:image\" content=\"https:\/\/www.wifo.ac.at\/wp-content\/uploads\/2024\/05\/WIFO-Gebaeude-FotoAlexanderMueller-www.alexandermueller.at-IMG_6326-Bearbeitet-1.jpg\" \/>\n\t<meta property=\"og:image:width\" content=\"1920\" \/>\n\t<meta property=\"og:image:height\" content=\"1280\" \/>\n\t<meta property=\"og:image:type\" content=\"image\/jpeg\" \/>\n<meta name=\"twitter:card\" content=\"summary_large_image\" \/>\n<meta name=\"twitter:site\" content=\"@WIFOat\" \/>\n<script type=\"application\/ld+json\" class=\"yoast-schema-graph\">{\"@context\":\"https:\\\/\\\/schema.org\",\"@graph\":[{\"@type\":\"WebPage\",\"@id\":\"https:\\\/\\\/www.wifo.ac.at\\\/en\\\/publication\\\/58101\\\/\",\"url\":\"https:\\\/\\\/www.wifo.ac.at\\\/en\\\/publication\\\/58101\\\/\",\"name\":\"Joint Diagnosis Germany Spring 2016: Upswing Rmains Moderate \u2013 Economic Policy Less Growth-oriented - WIFO\",\"isPartOf\":{\"@id\":\"https:\\\/\\\/www.wifo.ac.at\\\/en\\\/#website\"},\"datePublished\":\"2023-12-01T19:18:53+00:00\",\"dateModified\":\"2024-11-07T05:30:21+00:00\",\"breadcrumb\":{\"@id\":\"https:\\\/\\\/www.wifo.ac.at\\\/en\\\/publication\\\/58101\\\/#breadcrumb\"},\"inLanguage\":\"en-US\",\"potentialAction\":[{\"@type\":\"ReadAction\",\"target\":[\"https:\\\/\\\/www.wifo.ac.at\\\/en\\\/publication\\\/58101\\\/\"]}]},{\"@type\":\"BreadcrumbList\",\"@id\":\"https:\\\/\\\/www.wifo.ac.at\\\/en\\\/publication\\\/58101\\\/#breadcrumb\",\"itemListElement\":[{\"@type\":\"ListItem\",\"position\":1,\"name\":\"Startseite\",\"item\":\"https:\\\/\\\/www.wifo.ac.at\\\/en\\\/\"},{\"@type\":\"ListItem\",\"position\":2,\"name\":\"Joint Diagnosis Germany Spring 2016: Upswing Rmains Moderate \u2013 Economic Policy Less Growth-oriented\"}]},{\"@type\":\"WebSite\",\"@id\":\"https:\\\/\\\/www.wifo.ac.at\\\/en\\\/#website\",\"url\":\"https:\\\/\\\/www.wifo.ac.at\\\/en\\\/\",\"name\":\"\u00d6sterreichisches Institut f\u00fcr Wirtschaftsforschung\",\"description\":\"\",\"publisher\":{\"@id\":\"https:\\\/\\\/www.wifo.ac.at\\\/en\\\/#organization\"},\"alternateName\":\"WIFO\",\"potentialAction\":[{\"@type\":\"SearchAction\",\"target\":{\"@type\":\"EntryPoint\",\"urlTemplate\":\"https:\\\/\\\/www.wifo.ac.at\\\/en\\\/?s={search_term_string}\"},\"query-input\":{\"@type\":\"PropertyValueSpecification\",\"valueRequired\":true,\"valueName\":\"search_term_string\"}}],\"inLanguage\":\"en-US\"},{\"@type\":\"Organization\",\"@id\":\"https:\\\/\\\/www.wifo.ac.at\\\/en\\\/#organization\",\"name\":\"\u00d6sterreichisches Institut f\u00fcr Wirtschaftsforschung\",\"alternateName\":\"WIFO\",\"url\":\"https:\\\/\\\/www.wifo.ac.at\\\/en\\\/\",\"logo\":{\"@type\":\"ImageObject\",\"inLanguage\":\"en-US\",\"@id\":\"https:\\\/\\\/www.wifo.ac.at\\\/en\\\/#\\\/schema\\\/logo\\\/image\\\/\",\"url\":\"https:\\\/\\\/www.wifo.ac.at\\\/wp-content\\\/uploads\\\/2024\\\/05\\\/WIFO_kurz_rechts-2-1920x412.jpg\",\"contentUrl\":\"https:\\\/\\\/www.wifo.ac.at\\\/wp-content\\\/uploads\\\/2024\\\/05\\\/WIFO_kurz_rechts-2-1920x412.jpg\",\"width\":2000,\"height\":429,\"caption\":\"\u00d6sterreichisches Institut f\u00fcr Wirtschaftsforschung\"},\"image\":{\"@id\":\"https:\\\/\\\/www.wifo.ac.at\\\/en\\\/#\\\/schema\\\/logo\\\/image\\\/\"},\"sameAs\":[\"https:\\\/\\\/www.facebook.com\\\/WIFOat\\\/\",\"https:\\\/\\\/x.com\\\/WIFOat\",\"https:\\\/\\\/linkedin.com\\\/company\\\/wifoat\\\/\",\"https:\\\/\\\/www.youtube.com\\\/@WIFO_at\"],\"description\":\"Das WIFO, 1927 von Friedrich August von Hayek und Ludwig von Mises zur Konjunkturanalyse gegr\u00fcndet, ist heute das f\u00fchrende Institut f\u00fcr angewandte empirische Wirtschaftsforschung in \u00d6sterreich mit starkem Engagement auf europ\u00e4ischer Ebene.\",\"email\":\"office@wifo.ac.at\",\"telephone\":\"+43 1 798 26 01 \u2013 0\",\"legalName\":\"\u00d6sterreichisches Institut f\u00fcr Wirtschaftsforschung\",\"foundingDate\":\"1927-01-02\",\"numberOfEmployees\":{\"@type\":\"QuantitativeValue\",\"minValue\":\"51\",\"maxValue\":\"200\"},\"publishingPrinciples\":\"https:\\\/\\\/www.wifo.ac.at\\\/institut\\\/mission-und-strategie\\\/\",\"ownershipFundingInfo\":\"https:\\\/\\\/www.wifo.ac.at\\\/institut\\\/organisation\\\/\",\"actionableFeedbackPolicy\":\"https:\\\/\\\/www.wifo.ac.at\\\/aktuelles\\\/presse\\\/\",\"correctionsPolicy\":\"https:\\\/\\\/www.wifo.ac.at\\\/institut\\\/kontakt\\\/\",\"ethicsPolicy\":\"https:\\\/\\\/www.wifo.ac.at\\\/institut\\\/evidenzbasierung-transparenz-und-unabhaengigkeit\\\/\",\"diversityPolicy\":\"https:\\\/\\\/www.wifo.ac.at\\\/institut\\\/gleichstellung\\\/\",\"diversityStaffingReport\":\"https:\\\/\\\/www.wifo.ac.at\\\/institut\\\/gleichstellung\\\/\"}]}<\/script>\n<!-- \/ Yoast SEO Premium plugin. -->","yoast_head_json":{"title":"Joint Diagnosis Germany Spring 2016: Upswing Rmains Moderate \u2013 Economic Policy Less Growth-oriented - WIFO","robots":{"index":"index","follow":"follow","max-snippet":"max-snippet:-1","max-image-preview":"max-image-preview:large","max-video-preview":"max-video-preview:-1"},"canonical":"https:\/\/www.wifo.ac.at\/en\/publication\/58101\/","og_locale":"en_US","og_type":"article","og_title":"Joint Diagnosis Germany Spring 2016: Upswing Rmains Moderate \u2013 Economic Policy Less Growth-oriented","og_url":"https:\/\/www.wifo.ac.at\/en\/publication\/58101\/","og_site_name":"WIFO","article_publisher":"https:\/\/www.facebook.com\/WIFOat\/","article_modified_time":"2024-11-07T05:30:21+00:00","og_image":[{"width":1920,"height":1280,"url":"https:\/\/www.wifo.ac.at\/wp-content\/uploads\/2024\/05\/WIFO-Gebaeude-FotoAlexanderMueller-www.alexandermueller.at-IMG_6326-Bearbeitet-1.jpg","type":"image\/jpeg"}],"twitter_card":"summary_large_image","twitter_site":"@WIFOat","schema":{"@context":"https:\/\/schema.org","@graph":[{"@type":"WebPage","@id":"https:\/\/www.wifo.ac.at\/en\/publication\/58101\/","url":"https:\/\/www.wifo.ac.at\/en\/publication\/58101\/","name":"Joint Diagnosis Germany Spring 2016: Upswing Rmains Moderate \u2013 Economic Policy Less Growth-oriented - WIFO","isPartOf":{"@id":"https:\/\/www.wifo.ac.at\/en\/#website"},"datePublished":"2023-12-01T19:18:53+00:00","dateModified":"2024-11-07T05:30:21+00:00","breadcrumb":{"@id":"https:\/\/www.wifo.ac.at\/en\/publication\/58101\/#breadcrumb"},"inLanguage":"en-US","potentialAction":[{"@type":"ReadAction","target":["https:\/\/www.wifo.ac.at\/en\/publication\/58101\/"]}]},{"@type":"BreadcrumbList","@id":"https:\/\/www.wifo.ac.at\/en\/publication\/58101\/#breadcrumb","itemListElement":[{"@type":"ListItem","position":1,"name":"Startseite","item":"https:\/\/www.wifo.ac.at\/en\/"},{"@type":"ListItem","position":2,"name":"Joint Diagnosis Germany Spring 2016: Upswing Rmains Moderate \u2013 Economic Policy Less Growth-oriented"}]},{"@type":"WebSite","@id":"https:\/\/www.wifo.ac.at\/en\/#website","url":"https:\/\/www.wifo.ac.at\/en\/","name":"\u00d6sterreichisches Institut f\u00fcr Wirtschaftsforschung","description":"","publisher":{"@id":"https:\/\/www.wifo.ac.at\/en\/#organization"},"alternateName":"WIFO","potentialAction":[{"@type":"SearchAction","target":{"@type":"EntryPoint","urlTemplate":"https:\/\/www.wifo.ac.at\/en\/?s={search_term_string}"},"query-input":{"@type":"PropertyValueSpecification","valueRequired":true,"valueName":"search_term_string"}}],"inLanguage":"en-US"},{"@type":"Organization","@id":"https:\/\/www.wifo.ac.at\/en\/#organization","name":"\u00d6sterreichisches Institut f\u00fcr Wirtschaftsforschung","alternateName":"WIFO","url":"https:\/\/www.wifo.ac.at\/en\/","logo":{"@type":"ImageObject","inLanguage":"en-US","@id":"https:\/\/www.wifo.ac.at\/en\/#\/schema\/logo\/image\/","url":"https:\/\/www.wifo.ac.at\/wp-content\/uploads\/2024\/05\/WIFO_kurz_rechts-2-1920x412.jpg","contentUrl":"https:\/\/www.wifo.ac.at\/wp-content\/uploads\/2024\/05\/WIFO_kurz_rechts-2-1920x412.jpg","width":2000,"height":429,"caption":"\u00d6sterreichisches Institut f\u00fcr Wirtschaftsforschung"},"image":{"@id":"https:\/\/www.wifo.ac.at\/en\/#\/schema\/logo\/image\/"},"sameAs":["https:\/\/www.facebook.com\/WIFOat\/","https:\/\/x.com\/WIFOat","https:\/\/linkedin.com\/company\/wifoat\/","https:\/\/www.youtube.com\/@WIFO_at"],"description":"Das WIFO, 1927 von Friedrich August von Hayek und Ludwig von Mises zur Konjunkturanalyse gegr\u00fcndet, ist heute das f\u00fchrende Institut f\u00fcr angewandte empirische Wirtschaftsforschung in \u00d6sterreich mit starkem Engagement auf europ\u00e4ischer Ebene.","email":"office@wifo.ac.at","telephone":"+43 1 798 26 01 \u2013 0","legalName":"\u00d6sterreichisches Institut f\u00fcr Wirtschaftsforschung","foundingDate":"1927-01-02","numberOfEmployees":{"@type":"QuantitativeValue","minValue":"51","maxValue":"200"},"publishingPrinciples":"https:\/\/www.wifo.ac.at\/institut\/mission-und-strategie\/","ownershipFundingInfo":"https:\/\/www.wifo.ac.at\/institut\/organisation\/","actionableFeedbackPolicy":"https:\/\/www.wifo.ac.at\/aktuelles\/presse\/","correctionsPolicy":"https:\/\/www.wifo.ac.at\/institut\/kontakt\/","ethicsPolicy":"https:\/\/www.wifo.ac.at\/institut\/evidenzbasierung-transparenz-und-unabhaengigkeit\/","diversityPolicy":"https:\/\/www.wifo.ac.at\/institut\/gleichstellung\/","diversityStaffingReport":"https:\/\/www.wifo.ac.at\/institut\/gleichstellung\/"}]}},"_links":{"self":[{"href":"https:\/\/www.wifo.ac.at\/en\/wp-json\/wp\/v2\/publication\/58101","targetHints":{"allow":["GET"]}}],"collection":[{"href":"https:\/\/www.wifo.ac.at\/en\/wp-json\/wp\/v2\/publication"}],"about":[{"href":"https:\/\/www.wifo.ac.at\/en\/wp-json\/wp\/v2\/types\/publication"}],"version-history":[{"count":3,"href":"https:\/\/www.wifo.ac.at\/en\/wp-json\/wp\/v2\/publication\/58101\/revisions"}],"predecessor-version":[{"id":388431,"href":"https:\/\/www.wifo.ac.at\/en\/wp-json\/wp\/v2\/publication\/58101\/revisions\/388431"}],"acf:post":[{"embeddable":true,"href":"https:\/\/www.wifo.ac.at\/en\/wp-json\/wp\/v2\/partner\/9526"},{"embeddable":true,"href":"https:\/\/www.wifo.ac.at\/en\/wp-json\/wp\/v2\/partner\/8870"},{"embeddable":true,"href":"https:\/\/www.wifo.ac.at\/en\/wp-json\/wp\/v2\/client\/10844"},{"embeddable":true,"href":"https:\/\/www.wifo.ac.at\/en\/wp-json\/wp\/v2\/research_group\/3500"},{"embeddable":true,"href":"https:\/\/www.wifo.ac.at\/en\/wp-json\/wp\/v2\/publication_type\/81966"}],"wp:attachment":[{"href":"https:\/\/www.wifo.ac.at\/en\/wp-json\/wp\/v2\/media?parent=58101"}],"curies":[{"name":"wp","href":"https:\/\/api.w.org\/{rel}","templated":true}]}}