{"id":56375,"date":"2023-12-01T19:00:20","date_gmt":"2023-12-01T18:00:20","guid":{"rendered":"https:\/\/www.wifo.ac.at\/publication\/oesterreichs-investitionsperformance-im-internationalen-und-sektoralen-vergleich\/"},"modified":"2024-04-20T07:08:49","modified_gmt":"2024-04-20T05:08:49","slug":"oesterreichs-investitionsperformance-im-internationalen-und-sektoralen-vergleich","status":"publish","type":"publication","link":"https:\/\/www.wifo.ac.at\/en\/publication\/56375\/","title":{"rendered":"Austria's Investments in International and Sectoral Comparison"},"content":{"rendered":"","protected":false},"featured_media":0,"template":"","class_list":["post-56375","publication","type-publication","status-publish","hentry"],"acf":{"subtitle":"First Analyses of the COVID-19 Crisis","text":"This study examines Austria's investment activity before COVID-19 and offers first insights into the investment behaviour during the crisis. The setting is provided by an analysis of investment ratios in international comparison and over time. Investment ratios in equipment, intellectual property and construction are linked to economy-wide productivity levels. The first effects of the COVID-19 crisis on corporate investments are illustrated by means of firm-level surveys. To estimate the investment developments until 2022, a forecast model for investment growth in the private sector at the sectoral level (\u00d6NACE 1-digit level) is developed. The results show substantial differences in the investment dynamics across sectors.","onlinedate":"2021-05-21 12:00:00","lang":"German","publication_series":"","publication_date":"20210501","publication_date_year":"","publication_date_full":false,"publication_num_pages":"67","keywords":"[]","jelcodes":"[]","related_publications":"[]","pdf":247571,"zip":null,"link":"","monthly_report":false,"monthly_report_main":false,"monthly_report_volume":"","monthly_report_pages":"","monthly_report_pages_sort":"0","issue":"","journal":"","publisher":"","invisible":false,"external":false,"embargo_date":"2021-05-21 12:00:00","types":[81966],"research_groups":[3491,3500],"collaboration":"","persons":[3587,3872,3543],"persons_data":"[{\"personId\":3587,\"personName\":\"Klaus S. Friesenbichler\",\"organisationNames\":[]},{\"personId\":3872,\"personName\":\"Sandra Bilek-Steindl\",\"organisationNames\":[]},{\"personId\":3543,\"personName\":\"Christian Glocker\",\"organisationNames\":[]}]","clients":[10826],"subclients":[],"partners":[],"topics":[],"host_publication_title":"","host_publication_subtitle":"","place_of_publication":"","host_publication_editors":"[]","type_description":"","output_media":"","chapter":"","article_number":"","citations":"{\"apa\":\"<div class=\\\"rendering rendering_researchoutput  rendering_researchoutput_apa rendering_bookanthology rendering_apa rendering_bookanthology_apa\\\"><span>Friesenbichler, K. S.<\\\/span><span>, Bilek-Steindl, S.<\\\/span><span>, &amp; Glocker, C.<\\\/span> (2021). <span><em>\u00d6sterreichs Investitionsperformance im internationalen und sektoralen Vergleich: Erste Analysen zur COVID-19-Krise<\\\/em><\\\/span>. WIFO.<\\\/div>\",\"vancouver\":\"<div class=\\\"rendering rendering_researchoutput  rendering_researchoutput_vancouver rendering_bookanthology rendering_vancouver rendering_bookanthology_vancouver\\\"><span>Friesenbichler KS<\\\/span><span>, Bilek-Steindl S<\\\/span><span>, Glocker C<\\\/span>. <span class=\\\"title\\\"><span>\u00d6sterreichs Investitionsperformance im internationalen und sektoralen Vergleich: <span class=\\\"subtitle\\\">Erste Analysen zur COVID-19-Krise<\\\/span><\\\/span><\\\/span>. WIFO; 2021.<\\\/div>\",\"bibtex\":\"<div class=\\\"rendering rendering_researchoutput  rendering_researchoutput_bibtex rendering_bookanthology rendering_bibtex rendering_bookanthology_bibtex\\\"><div>@book{344c760152834a2e8c81e7afee5469df,<\\\/div><div>  title    = \\\"{\\\\\\\"O}sterreichs Investitionsperformance im internationalen und sektoralen Vergleich: Erste Analysen zur COVID-19-Krise\\\",<\\\/div><div>  abstract = \\\"Diese Studie untersucht die {\\\\\\\"o}sterreichische Investitionst{\\\\\\\"a}tigkeit vor der COVID-19-Krise und bietet erste Befunde zum Investitionsverhalten w{\\\\\\\"a}hrend der Krise. Zuerst wird die Ausgangslage durch eine Analyse von Investitionsquoten im internationalen Vergleich und im Zeitablauf aufgearbeitet. Die Investitionsquoten in Ausr{\\\\\\\"u}stungen, geistiges Eigentum und Bau werden zudem mit den gesamtwirtschaftlichen Produktivit{\\\\\\\"a}tsniveaus verkn{\\\\\\\"u}pft. Danach werden die ersten Auswirkungen der COVID-19-Krise auf die Investitionen der Unternehmen anhand von Unternehmensbefragungen abgebildet und ein Prognosemodell f{\\\\\\\"u}r das Wachstum der Unternehmensinvestitionen nach Wirtschaftszweigen ({\\\\\\\"O}NACE-Einsteller-Abschnitten) f{\\\\\\\"u}r den Zeitraum 2020 bis 2022 entwickelt. Die Ergebnisse zeigen deutliche Unterschiede in der Investitionsdynamik {\\\\\\\"u}ber die Sektoren.\\\",<\\\/div><div>  keywords = \\\"Investitionen, {\\\\\\\"O}sterreich, EU, Anlageverm{\\\\\\\"o}gen, Bau, geistiges Eigentum, L{\\\\\\\"u}cke, sektorale Prognose, Investitionen, {\\\\\\\"O}sterreich, EU, Anlageverm{\\\\\\\"o}gen, Bau, geistiges Eigentum, L{\\\\\\\"u}cke, sektorale Prognose\\\",<\\\/div><div>  author   = \\\"Friesenbichler, \\\\{Klaus S.\\\\} and Sandra Bilek-Steindl and Christian Glocker\\\",<\\\/div><div>  note     = \\\"{\\\\\\\"O}sterreichs Investitionsperformance im internationalen und sektoralen Vergleich. Erste Analysen zur COVID-19-Krise\\\",<\\\/div><div>  year     = \\\"2021\\\",<\\\/div><div>  month    = may,<\\\/div><div>  language = \\\"Deutsch\\\",<\\\/div><p>}<\\\/p><\\\/div>\",\"ris\":\"<div class=\\\"rendering rendering_researchoutput  rendering_researchoutput_ris rendering_bookanthology rendering_ris rendering_bookanthology_ris\\\"><p>TY  - BOOK<\\\/p><p>T1  - \u00d6sterreichs Investitionsperformance im internationalen und sektoralen Vergleich<\\\/p><p>T2  - Erste Analysen zur COVID-19-Krise<\\\/p><p>AU  - Friesenbichler, Klaus S.<\\\/p><p>AU  - Bilek-Steindl, Sandra<\\\/p><p>AU  - Glocker, Christian<\\\/p><p>N1  - \u00d6sterreichs Investitionsperformance im internationalen und sektoralen Vergleich. Erste Analysen zur COVID-19-Krise<\\\/p><p>PY  - 2021\\\/5<\\\/p><p>Y1  - 2021\\\/5<\\\/p><p>N2  - Diese Studie untersucht die \u00f6sterreichische Investitionst\u00e4tigkeit vor der COVID-19-Krise und bietet erste Befunde zum Investitionsverhalten w\u00e4hrend der Krise. Zuerst wird die Ausgangslage durch eine Analyse von Investitionsquoten im internationalen Vergleich und im Zeitablauf aufgearbeitet. Die Investitionsquoten in Ausr\u00fcstungen, geistiges Eigentum und Bau werden zudem mit den gesamtwirtschaftlichen Produktivit\u00e4tsniveaus verkn\u00fcpft. Danach werden die ersten Auswirkungen der COVID-19-Krise auf die Investitionen der Unternehmen anhand von Unternehmensbefragungen abgebildet und ein Prognosemodell f\u00fcr das Wachstum der Unternehmensinvestitionen nach Wirtschaftszweigen (\u00d6NACE-Einsteller-Abschnitten) f\u00fcr den Zeitraum 2020 bis 2022 entwickelt. Die Ergebnisse zeigen deutliche Unterschiede in der Investitionsdynamik \u00fcber die Sektoren.<\\\/p><p>AB  - Diese Studie untersucht die \u00f6sterreichische Investitionst\u00e4tigkeit vor der COVID-19-Krise und bietet erste Befunde zum Investitionsverhalten w\u00e4hrend der Krise. Zuerst wird die Ausgangslage durch eine Analyse von Investitionsquoten im internationalen Vergleich und im Zeitablauf aufgearbeitet. Die Investitionsquoten in Ausr\u00fcstungen, geistiges Eigentum und Bau werden zudem mit den gesamtwirtschaftlichen Produktivit\u00e4tsniveaus verkn\u00fcpft. Danach werden die ersten Auswirkungen der COVID-19-Krise auf die Investitionen der Unternehmen anhand von Unternehmensbefragungen abgebildet und ein Prognosemodell f\u00fcr das Wachstum der Unternehmensinvestitionen nach Wirtschaftszweigen (\u00d6NACE-Einsteller-Abschnitten) f\u00fcr den Zeitraum 2020 bis 2022 entwickelt. Die Ergebnisse zeigen deutliche Unterschiede in der Investitionsdynamik \u00fcber die Sektoren.<\\\/p><p>KW  - Investitionen, \u00d6sterreich, EU, Anlageverm\u00f6gen, Bau, geistiges Eigentum, L\u00fccke, sektorale Prognose<\\\/p><p>KW  - Investitionen, \u00d6sterreich, EU, Anlageverm\u00f6gen, Bau, geistiges Eigentum, L\u00fccke, sektorale Prognose<\\\/p><p>M3  - Studie<\\\/p><p>BT  - \u00d6sterreichs Investitionsperformance im internationalen und sektoralen Vergleich<\\\/p><p>ER  - <\\\/p><\\\/div>\"}","scientific_assistance":"[\"Kaufmann Christine\",\"Riegler Maria\",\"Schmidt-Padickakudy Nicole\",\"Strauss-Kollin Anna\"]","scientific_review":"[\"Mayerhofer Peter\"]","version":"","release_date":null,"expiration_date":null,"surveyor":"","research_assistance":"","edv":"","additional_info_de":"","additional_info_en":""},"yoast_head":"<!-- This site is optimized with the Yoast SEO Premium plugin v28.3 (Yoast SEO v28.3) - https:\/\/yoast.com\/product\/yoast-seo-premium-wordpress\/ -->\n<title>Austria&#039;s Investments in International and Sectoral Comparison - WIFO<\/title>\n<meta name=\"robots\" content=\"index, follow, max-snippet:-1, max-image-preview:large, max-video-preview:-1\" \/>\n<link rel=\"canonical\" href=\"https:\/\/www.wifo.ac.at\/en\/publication\/56375\/\" \/>\n<meta property=\"og:locale\" content=\"en_US\" \/>\n<meta property=\"og:type\" content=\"article\" \/>\n<meta property=\"og:title\" content=\"Austria&#039;s Investments in International and Sectoral Comparison\" \/>\n<meta property=\"og:url\" content=\"https:\/\/www.wifo.ac.at\/en\/publication\/56375\/\" \/>\n<meta property=\"og:site_name\" content=\"WIFO\" \/>\n<meta property=\"article:publisher\" content=\"https:\/\/www.facebook.com\/WIFOat\/\" \/>\n<meta property=\"article:modified_time\" content=\"2024-04-20T05:08:49+00:00\" \/>\n<meta property=\"og:image\" content=\"https:\/\/www.wifo.ac.at\/wp-content\/uploads\/2024\/05\/WIFO-Gebaeude-FotoAlexanderMueller-www.alexandermueller.at-IMG_6326-Bearbeitet-1.jpg\" \/>\n\t<meta property=\"og:image:width\" content=\"1920\" \/>\n\t<meta property=\"og:image:height\" content=\"1280\" \/>\n\t<meta property=\"og:image:type\" content=\"image\/jpeg\" \/>\n<meta name=\"twitter:card\" content=\"summary_large_image\" \/>\n<meta name=\"twitter:site\" content=\"@WIFOat\" \/>\n<script type=\"application\/ld+json\" class=\"yoast-schema-graph\">{\"@context\":\"https:\\\/\\\/schema.org\",\"@graph\":[{\"@type\":\"WebPage\",\"@id\":\"https:\\\/\\\/www.wifo.ac.at\\\/en\\\/publication\\\/56375\\\/\",\"url\":\"https:\\\/\\\/www.wifo.ac.at\\\/en\\\/publication\\\/56375\\\/\",\"name\":\"Austria's Investments in International and Sectoral Comparison - WIFO\",\"isPartOf\":{\"@id\":\"https:\\\/\\\/www.wifo.ac.at\\\/en\\\/#website\"},\"datePublished\":\"2023-12-01T18:00:20+00:00\",\"dateModified\":\"2024-04-20T05:08:49+00:00\",\"breadcrumb\":{\"@id\":\"https:\\\/\\\/www.wifo.ac.at\\\/en\\\/publication\\\/56375\\\/#breadcrumb\"},\"inLanguage\":\"en-US\",\"potentialAction\":[{\"@type\":\"ReadAction\",\"target\":[\"https:\\\/\\\/www.wifo.ac.at\\\/en\\\/publication\\\/56375\\\/\"]}]},{\"@type\":\"BreadcrumbList\",\"@id\":\"https:\\\/\\\/www.wifo.ac.at\\\/en\\\/publication\\\/56375\\\/#breadcrumb\",\"itemListElement\":[{\"@type\":\"ListItem\",\"position\":1,\"name\":\"Startseite\",\"item\":\"https:\\\/\\\/www.wifo.ac.at\\\/en\\\/\"},{\"@type\":\"ListItem\",\"position\":2,\"name\":\"Austria's Investments in International and Sectoral Comparison\"}]},{\"@type\":\"WebSite\",\"@id\":\"https:\\\/\\\/www.wifo.ac.at\\\/en\\\/#website\",\"url\":\"https:\\\/\\\/www.wifo.ac.at\\\/en\\\/\",\"name\":\"\u00d6sterreichisches Institut f\u00fcr Wirtschaftsforschung\",\"description\":\"\",\"publisher\":{\"@id\":\"https:\\\/\\\/www.wifo.ac.at\\\/en\\\/#organization\"},\"alternateName\":\"WIFO\",\"potentialAction\":[{\"@type\":\"SearchAction\",\"target\":{\"@type\":\"EntryPoint\",\"urlTemplate\":\"https:\\\/\\\/www.wifo.ac.at\\\/en\\\/?s={search_term_string}\"},\"query-input\":{\"@type\":\"PropertyValueSpecification\",\"valueRequired\":true,\"valueName\":\"search_term_string\"}}],\"inLanguage\":\"en-US\"},{\"@type\":\"Organization\",\"@id\":\"https:\\\/\\\/www.wifo.ac.at\\\/en\\\/#organization\",\"name\":\"\u00d6sterreichisches Institut f\u00fcr Wirtschaftsforschung\",\"alternateName\":\"WIFO\",\"url\":\"https:\\\/\\\/www.wifo.ac.at\\\/en\\\/\",\"logo\":{\"@type\":\"ImageObject\",\"inLanguage\":\"en-US\",\"@id\":\"https:\\\/\\\/www.wifo.ac.at\\\/en\\\/#\\\/schema\\\/logo\\\/image\\\/\",\"url\":\"https:\\\/\\\/www.wifo.ac.at\\\/wp-content\\\/uploads\\\/2024\\\/05\\\/WIFO_kurz_rechts-2-1920x412.jpg\",\"contentUrl\":\"https:\\\/\\\/www.wifo.ac.at\\\/wp-content\\\/uploads\\\/2024\\\/05\\\/WIFO_kurz_rechts-2-1920x412.jpg\",\"width\":2000,\"height\":429,\"caption\":\"\u00d6sterreichisches Institut f\u00fcr Wirtschaftsforschung\"},\"image\":{\"@id\":\"https:\\\/\\\/www.wifo.ac.at\\\/en\\\/#\\\/schema\\\/logo\\\/image\\\/\"},\"sameAs\":[\"https:\\\/\\\/www.facebook.com\\\/WIFOat\\\/\",\"https:\\\/\\\/x.com\\\/WIFOat\",\"https:\\\/\\\/linkedin.com\\\/company\\\/wifoat\\\/\",\"https:\\\/\\\/www.youtube.com\\\/@WIFO_at\"],\"description\":\"Das WIFO, 1927 von Friedrich August von Hayek und Ludwig von Mises zur Konjunkturanalyse gegr\u00fcndet, ist heute das f\u00fchrende Institut f\u00fcr angewandte empirische Wirtschaftsforschung in \u00d6sterreich mit starkem Engagement auf europ\u00e4ischer Ebene.\",\"email\":\"office@wifo.ac.at\",\"telephone\":\"+43 1 798 26 01 \u2013 0\",\"legalName\":\"\u00d6sterreichisches Institut f\u00fcr Wirtschaftsforschung\",\"foundingDate\":\"1927-01-02\",\"numberOfEmployees\":{\"@type\":\"QuantitativeValue\",\"minValue\":\"51\",\"maxValue\":\"200\"},\"publishingPrinciples\":\"https:\\\/\\\/www.wifo.ac.at\\\/institut\\\/mission-und-strategie\\\/\",\"ownershipFundingInfo\":\"https:\\\/\\\/www.wifo.ac.at\\\/institut\\\/organisation\\\/\",\"actionableFeedbackPolicy\":\"https:\\\/\\\/www.wifo.ac.at\\\/aktuelles\\\/presse\\\/\",\"correctionsPolicy\":\"https:\\\/\\\/www.wifo.ac.at\\\/institut\\\/kontakt\\\/\",\"ethicsPolicy\":\"https:\\\/\\\/www.wifo.ac.at\\\/institut\\\/evidenzbasierung-transparenz-und-unabhaengigkeit\\\/\",\"diversityPolicy\":\"https:\\\/\\\/www.wifo.ac.at\\\/institut\\\/gleichstellung\\\/\",\"diversityStaffingReport\":\"https:\\\/\\\/www.wifo.ac.at\\\/institut\\\/gleichstellung\\\/\"}]}<\/script>\n<!-- \/ Yoast SEO Premium plugin. -->","yoast_head_json":{"title":"Austria's Investments in International and Sectoral Comparison - WIFO","robots":{"index":"index","follow":"follow","max-snippet":"max-snippet:-1","max-image-preview":"max-image-preview:large","max-video-preview":"max-video-preview:-1"},"canonical":"https:\/\/www.wifo.ac.at\/en\/publication\/56375\/","og_locale":"en_US","og_type":"article","og_title":"Austria's Investments in International and Sectoral Comparison","og_url":"https:\/\/www.wifo.ac.at\/en\/publication\/56375\/","og_site_name":"WIFO","article_publisher":"https:\/\/www.facebook.com\/WIFOat\/","article_modified_time":"2024-04-20T05:08:49+00:00","og_image":[{"width":1920,"height":1280,"url":"https:\/\/www.wifo.ac.at\/wp-content\/uploads\/2024\/05\/WIFO-Gebaeude-FotoAlexanderMueller-www.alexandermueller.at-IMG_6326-Bearbeitet-1.jpg","type":"image\/jpeg"}],"twitter_card":"summary_large_image","twitter_site":"@WIFOat","schema":{"@context":"https:\/\/schema.org","@graph":[{"@type":"WebPage","@id":"https:\/\/www.wifo.ac.at\/en\/publication\/56375\/","url":"https:\/\/www.wifo.ac.at\/en\/publication\/56375\/","name":"Austria's Investments in International and Sectoral Comparison - WIFO","isPartOf":{"@id":"https:\/\/www.wifo.ac.at\/en\/#website"},"datePublished":"2023-12-01T18:00:20+00:00","dateModified":"2024-04-20T05:08:49+00:00","breadcrumb":{"@id":"https:\/\/www.wifo.ac.at\/en\/publication\/56375\/#breadcrumb"},"inLanguage":"en-US","potentialAction":[{"@type":"ReadAction","target":["https:\/\/www.wifo.ac.at\/en\/publication\/56375\/"]}]},{"@type":"BreadcrumbList","@id":"https:\/\/www.wifo.ac.at\/en\/publication\/56375\/#breadcrumb","itemListElement":[{"@type":"ListItem","position":1,"name":"Startseite","item":"https:\/\/www.wifo.ac.at\/en\/"},{"@type":"ListItem","position":2,"name":"Austria's Investments in International and Sectoral Comparison"}]},{"@type":"WebSite","@id":"https:\/\/www.wifo.ac.at\/en\/#website","url":"https:\/\/www.wifo.ac.at\/en\/","name":"\u00d6sterreichisches Institut f\u00fcr Wirtschaftsforschung","description":"","publisher":{"@id":"https:\/\/www.wifo.ac.at\/en\/#organization"},"alternateName":"WIFO","potentialAction":[{"@type":"SearchAction","target":{"@type":"EntryPoint","urlTemplate":"https:\/\/www.wifo.ac.at\/en\/?s={search_term_string}"},"query-input":{"@type":"PropertyValueSpecification","valueRequired":true,"valueName":"search_term_string"}}],"inLanguage":"en-US"},{"@type":"Organization","@id":"https:\/\/www.wifo.ac.at\/en\/#organization","name":"\u00d6sterreichisches Institut f\u00fcr Wirtschaftsforschung","alternateName":"WIFO","url":"https:\/\/www.wifo.ac.at\/en\/","logo":{"@type":"ImageObject","inLanguage":"en-US","@id":"https:\/\/www.wifo.ac.at\/en\/#\/schema\/logo\/image\/","url":"https:\/\/www.wifo.ac.at\/wp-content\/uploads\/2024\/05\/WIFO_kurz_rechts-2-1920x412.jpg","contentUrl":"https:\/\/www.wifo.ac.at\/wp-content\/uploads\/2024\/05\/WIFO_kurz_rechts-2-1920x412.jpg","width":2000,"height":429,"caption":"\u00d6sterreichisches Institut f\u00fcr Wirtschaftsforschung"},"image":{"@id":"https:\/\/www.wifo.ac.at\/en\/#\/schema\/logo\/image\/"},"sameAs":["https:\/\/www.facebook.com\/WIFOat\/","https:\/\/x.com\/WIFOat","https:\/\/linkedin.com\/company\/wifoat\/","https:\/\/www.youtube.com\/@WIFO_at"],"description":"Das WIFO, 1927 von Friedrich August von Hayek und Ludwig von Mises zur Konjunkturanalyse gegr\u00fcndet, ist heute das f\u00fchrende Institut f\u00fcr angewandte empirische Wirtschaftsforschung in \u00d6sterreich mit starkem Engagement auf europ\u00e4ischer Ebene.","email":"office@wifo.ac.at","telephone":"+43 1 798 26 01 \u2013 0","legalName":"\u00d6sterreichisches Institut f\u00fcr Wirtschaftsforschung","foundingDate":"1927-01-02","numberOfEmployees":{"@type":"QuantitativeValue","minValue":"51","maxValue":"200"},"publishingPrinciples":"https:\/\/www.wifo.ac.at\/institut\/mission-und-strategie\/","ownershipFundingInfo":"https:\/\/www.wifo.ac.at\/institut\/organisation\/","actionableFeedbackPolicy":"https:\/\/www.wifo.ac.at\/aktuelles\/presse\/","correctionsPolicy":"https:\/\/www.wifo.ac.at\/institut\/kontakt\/","ethicsPolicy":"https:\/\/www.wifo.ac.at\/institut\/evidenzbasierung-transparenz-und-unabhaengigkeit\/","diversityPolicy":"https:\/\/www.wifo.ac.at\/institut\/gleichstellung\/","diversityStaffingReport":"https:\/\/www.wifo.ac.at\/institut\/gleichstellung\/"}]}},"_links":{"self":[{"href":"https:\/\/www.wifo.ac.at\/en\/wp-json\/wp\/v2\/publication\/56375","targetHints":{"allow":["GET"]}}],"collection":[{"href":"https:\/\/www.wifo.ac.at\/en\/wp-json\/wp\/v2\/publication"}],"about":[{"href":"https:\/\/www.wifo.ac.at\/en\/wp-json\/wp\/v2\/types\/publication"}],"version-history":[{"count":0,"href":"https:\/\/www.wifo.ac.at\/en\/wp-json\/wp\/v2\/publication\/56375\/revisions"}],"acf:post":[{"embeddable":true,"href":"https:\/\/www.wifo.ac.at\/en\/wp-json\/wp\/v2\/client\/10826"},{"embeddable":true,"href":"https:\/\/www.wifo.ac.at\/en\/wp-json\/wp\/v2\/person\/3543"},{"embeddable":true,"href":"https:\/\/www.wifo.ac.at\/en\/wp-json\/wp\/v2\/person\/3872"},{"embeddable":true,"href":"https:\/\/www.wifo.ac.at\/en\/wp-json\/wp\/v2\/person\/3587"},{"embeddable":true,"href":"https:\/\/www.wifo.ac.at\/en\/wp-json\/wp\/v2\/research_group\/3500"},{"embeddable":true,"href":"https:\/\/www.wifo.ac.at\/en\/wp-json\/wp\/v2\/research_group\/3491"},{"embeddable":true,"href":"https:\/\/www.wifo.ac.at\/en\/wp-json\/wp\/v2\/publication_type\/81966"}],"wp:attachment":[{"href":"https:\/\/www.wifo.ac.at\/en\/wp-json\/wp\/v2\/media?parent=56375"}],"curies":[{"name":"wp","href":"https:\/\/api.w.org\/{rel}","templated":true}]}}