{"id":53137,"date":"2023-12-01T18:04:13","date_gmt":"2023-12-01T17:04:13","guid":{"rendered":"https:\/\/www.wifo.ac.at\/publication\/die-handelseffekte-der-oesterreichischen-eu-mitgliedschaft-25-jahre-nach-der-volksabstimmung\/"},"modified":"2024-11-07T06:06:15","modified_gmt":"2024-11-07T05:06:15","slug":"die-handelseffekte-der-oesterreichischen-eu-mitgliedschaft-25-jahre-nach-der-volksabstimmung","status":"publish","type":"publication","link":"https:\/\/www.wifo.ac.at\/en\/publication\/53137\/","title":{"rendered":"Trade Effects of the Austria's EU Membership, 25 Years After the Referendum"},"content":{"rendered":"","protected":false},"featured_media":0,"template":"","class_list":["post-53137","publication","type-publication","status-publish","hentry"],"acf":{"subtitle":"","text":"On 12 April 1994, Austria held a referendum on its potential accession to the European Union. 66.6 percent of the participants voted in favour of an EU membership and, as a consequence, Austria joined the EU at 1 January 1995. 25 years after this referendum, this study quantifies the trade and welfare effects induced by Austrians EU membership. In a first step and by making use of a gravity model, the study calculates the trade effects of Austria's EU membership. Accordingly, in the long run Austria trades about 46 percent more goods with the other EU countries. This trade effect is then implemented into WIFO's Adagio input output model in order to assess the GDP, employment and price effects of Austria's EU membership. The findings suggest that Austria's real GDP grew by about 0.7 percent p.a. faster due to Austria's accession to the EU.","onlinedate":"2019-05-24 00:00:00","lang":"German","publication_series":"","publication_date":"20190401","publication_date_year":"","publication_date_full":false,"publication_num_pages":"34","keywords":"[]","jelcodes":"[]","related_publications":"[]","pdf":377495,"zip":null,"link":"","monthly_report":false,"monthly_report_main":false,"monthly_report_volume":"","monthly_report_pages":"","monthly_report_pages_sort":"0","issue":"","journal":"","publisher":"","invisible":false,"external":false,"embargo_date":"2019-05-24 00:00:00","types":[81966],"research_groups":[3491,3481],"collaboration":"","persons":[3600,3879],"persons_data":"[{\"personId\":3600,\"personName\":\"Harald Oberhofer\",\"organisationNames\":[]},{\"personId\":3879,\"personName\":\"Gerhard Streicher\",\"organisationNames\":[]}]","clients":[10822],"subclients":[],"partners":[],"topics":[40955],"host_publication_title":"","host_publication_subtitle":"","place_of_publication":"","host_publication_editors":"[]","type_description":"","output_media":"","chapter":"","article_number":"","citations":"{\"apa\":\"<div class=\\\"rendering rendering_researchoutput  rendering_researchoutput_apa rendering_bookanthology rendering_apa rendering_bookanthology_apa\\\"><span>Oberhofer, H.<\\\/span><span>, &amp; Streicher, G.<\\\/span> (2019). <span><em>Die Handelseffekte der \u00f6sterreichischen EU-Mitgliedschaft 25 Jahre nach der Volksabstimmung<\\\/em><\\\/span>. WIFO. <a onclick=\\\"window.open(this.href, '_blank','noopener,noreferrer'); return false;\\\" href=\\\"https:\\\/\\\/www.wifo.ac.at\\\/wwa\\\/pubid\\\/61796\\\" class=\\\"link\\\"><span>https:\\\/\\\/www.wifo.ac.at\\\/wwa\\\/pubid\\\/61796<\\\/span><\\\/a><\\\/div>\",\"vancouver\":\"<div class=\\\"rendering rendering_researchoutput  rendering_researchoutput_vancouver rendering_bookanthology rendering_vancouver rendering_bookanthology_vancouver\\\"><span>Oberhofer H<\\\/span><span>, Streicher G<\\\/span>. <span class=\\\"title\\\"><span>Die Handelseffekte der \u00f6sterreichischen EU-Mitgliedschaft 25 Jahre nach der Volksabstimmung<\\\/span><\\\/span>. WIFO; 2019.<\\\/div>\",\"bibtex\":\"<div class=\\\"rendering rendering_researchoutput  rendering_researchoutput_bibtex rendering_bookanthology rendering_bibtex rendering_bookanthology_bibtex\\\"><div>@book{ec26b3e8c0534d02a7b600d246135f5a,<\\\/div><div>  title    = \\\"Die Handelseffekte der {\\\\\\\"o}sterreichischen EU-Mitgliedschaft 25 Jahre nach der Volksabstimmung\\\",<\\\/div><div>  abstract = \\\"Am 12. Juni 1994 sprachen sich 66,6\\\\% der {\\\\\\\"o}sterreichischen Bev{\\\\\\\"o}lkerung im Rahmen einer Volksabstimmung f{\\\\\\\"u}r einen Beitritt des Landes zur Europ{\\\\\\\"a}ischen Union aus. Am 1. J{\\\\\\\"a}nner 1995 trat {\\\\\\\"O}sterreich der EU bei. 25 Jahre nach dieser Volksabstimmung versucht die vorliegende Studie die Handelseffekte und die damit einhergehenden Effekte der {\\\\\\\"o}sterreichischen EU-Mitgliedschaft auf BIP, Besch{\\\\\\\"a}ftigung und Preise empirisch zu quantifizieren. Auf Basis eines Gravitationsmodells werden in einem ersten Schritt die Handelseffekte der {\\\\\\\"o}sterreichischen EU-Mitgliedschaft berechnet. Demnach tauscht {\\\\\\\"O}sterreich langfristig mit den anderen EU-Mitgliedsl{\\\\\\\"a}ndern um etwa 46\\\\% mehr Waren aus als in einer hypothetischen Situation ohne den Beitritt. Dieser Handelsimpuls wird in einem zweiten Schritt in das Input-Output-Modell des WIFO {\\\"}Adagio{\\\"} {\\\\\\\"u}bertragen. Wie die Modellberechnungen zeigen, induzierte die {\\\\\\\"o}sterreichische EU-Mitgliedschaft durch die Steigerung des Au{\\\\ss}enhandels einen zus{\\\\\\\"a}tzlichen j{\\\\\\\"a}hrlichen Wachstumsbeitrag von 0,7\\\\% des realen BIP.\\\",<\\\/div><div>  author   = \\\"Harald Oberhofer and Gerhard Streicher\\\",<\\\/div><div>  note     = \\\"Die Handelseffekte der {\\\\\\\"o}sterreichischen EU-Mitgliedschaft\\\",<\\\/div><div>  year     = \\\"2019\\\",<\\\/div><div>  month    = apr,<\\\/div><div>  language = \\\"Deutsch\\\",<\\\/div><p>}<\\\/p><\\\/div>\",\"ris\":\"<div class=\\\"rendering rendering_researchoutput  rendering_researchoutput_ris rendering_bookanthology rendering_ris rendering_bookanthology_ris\\\"><p>TY  - BOOK<\\\/p><p>T1  - Die Handelseffekte der \u00f6sterreichischen EU-Mitgliedschaft 25 Jahre nach der Volksabstimmung<\\\/p><p>AU  - Oberhofer, Harald<\\\/p><p>AU  - Streicher, Gerhard<\\\/p><p>N1  - Die Handelseffekte der \u00f6sterreichischen EU-Mitgliedschaft<\\\/p><p>PY  - 2019\\\/4<\\\/p><p>Y1  - 2019\\\/4<\\\/p><p>N2  - Am 12. Juni 1994 sprachen sich 66,6% der \u00f6sterreichischen Bev\u00f6lkerung im Rahmen einer Volksabstimmung f\u00fcr einen Beitritt des Landes zur Europ\u00e4ischen Union aus. Am 1. J\u00e4nner 1995 trat \u00d6sterreich der EU bei. 25 Jahre nach dieser Volksabstimmung versucht die vorliegende Studie die Handelseffekte und die damit einhergehenden Effekte der \u00f6sterreichischen EU-Mitgliedschaft auf BIP, Besch\u00e4ftigung und Preise empirisch zu quantifizieren. Auf Basis eines Gravitationsmodells werden in einem ersten Schritt die Handelseffekte der \u00f6sterreichischen EU-Mitgliedschaft berechnet. Demnach tauscht \u00d6sterreich langfristig mit den anderen EU-Mitgliedsl\u00e4ndern um etwa 46% mehr Waren aus als in einer hypothetischen Situation ohne den Beitritt. Dieser Handelsimpuls wird in einem zweiten Schritt in das Input-Output-Modell des WIFO \\\"Adagio\\\" \u00fcbertragen. Wie die Modellberechnungen zeigen, induzierte die \u00f6sterreichische EU-Mitgliedschaft durch die Steigerung des Au\u00dfenhandels einen zus\u00e4tzlichen j\u00e4hrlichen Wachstumsbeitrag von 0,7% des realen BIP.<\\\/p><p>AB  - Am 12. Juni 1994 sprachen sich 66,6% der \u00f6sterreichischen Bev\u00f6lkerung im Rahmen einer Volksabstimmung f\u00fcr einen Beitritt des Landes zur Europ\u00e4ischen Union aus. Am 1. J\u00e4nner 1995 trat \u00d6sterreich der EU bei. 25 Jahre nach dieser Volksabstimmung versucht die vorliegende Studie die Handelseffekte und die damit einhergehenden Effekte der \u00f6sterreichischen EU-Mitgliedschaft auf BIP, Besch\u00e4ftigung und Preise empirisch zu quantifizieren. Auf Basis eines Gravitationsmodells werden in einem ersten Schritt die Handelseffekte der \u00f6sterreichischen EU-Mitgliedschaft berechnet. Demnach tauscht \u00d6sterreich langfristig mit den anderen EU-Mitgliedsl\u00e4ndern um etwa 46% mehr Waren aus als in einer hypothetischen Situation ohne den Beitritt. Dieser Handelsimpuls wird in einem zweiten Schritt in das Input-Output-Modell des WIFO \\\"Adagio\\\" \u00fcbertragen. Wie die Modellberechnungen zeigen, induzierte die \u00f6sterreichische EU-Mitgliedschaft durch die Steigerung des Au\u00dfenhandels einen zus\u00e4tzlichen j\u00e4hrlichen Wachstumsbeitrag von 0,7% des realen BIP.<\\\/p><p>M3  - Studie<\\\/p><p>BT  - Die Handelseffekte der \u00f6sterreichischen EU-Mitgliedschaft 25 Jahre nach der Volksabstimmung<\\\/p><p>ER  - <\\\/p><\\\/div>\"}","scientific_assistance":"[\"Langer Irene\"]","scientific_review":"[\"Christen Elisabeth\",\"Wolfmayr Yvonne\"]","version":"","release_date":null,"expiration_date":null,"surveyor":"","research_assistance":"","edv":"","additional_info_de":"","additional_info_en":""},"yoast_head":"<!-- This site is optimized with the Yoast SEO Premium plugin v28.3 (Yoast SEO v28.3) - https:\/\/yoast.com\/product\/yoast-seo-premium-wordpress\/ -->\n<title>Trade Effects of the Austria&#039;s EU Membership, 25 Years After the Referendum - WIFO<\/title>\n<meta name=\"robots\" content=\"index, follow, max-snippet:-1, max-image-preview:large, max-video-preview:-1\" \/>\n<link rel=\"canonical\" href=\"https:\/\/www.wifo.ac.at\/en\/publication\/53137\/\" \/>\n<meta property=\"og:locale\" content=\"en_US\" \/>\n<meta property=\"og:type\" content=\"article\" \/>\n<meta property=\"og:title\" content=\"Trade Effects of the Austria&#039;s EU Membership, 25 Years After the Referendum\" \/>\n<meta property=\"og:url\" content=\"https:\/\/www.wifo.ac.at\/en\/publication\/53137\/\" \/>\n<meta property=\"og:site_name\" content=\"WIFO\" \/>\n<meta property=\"article:publisher\" content=\"https:\/\/www.facebook.com\/WIFOat\/\" \/>\n<meta property=\"article:modified_time\" content=\"2024-11-07T05:06:15+00:00\" \/>\n<meta property=\"og:image\" content=\"https:\/\/www.wifo.ac.at\/wp-content\/uploads\/2024\/05\/WIFO-Gebaeude-FotoAlexanderMueller-www.alexandermueller.at-IMG_6326-Bearbeitet-1.jpg\" \/>\n\t<meta property=\"og:image:width\" content=\"1920\" \/>\n\t<meta property=\"og:image:height\" content=\"1280\" \/>\n\t<meta property=\"og:image:type\" content=\"image\/jpeg\" \/>\n<meta name=\"twitter:card\" content=\"summary_large_image\" \/>\n<meta name=\"twitter:site\" content=\"@WIFOat\" \/>\n<script type=\"application\/ld+json\" class=\"yoast-schema-graph\">{\"@context\":\"https:\\\/\\\/schema.org\",\"@graph\":[{\"@type\":\"WebPage\",\"@id\":\"https:\\\/\\\/www.wifo.ac.at\\\/en\\\/publication\\\/53137\\\/\",\"url\":\"https:\\\/\\\/www.wifo.ac.at\\\/en\\\/publication\\\/53137\\\/\",\"name\":\"Trade Effects of the Austria's EU Membership, 25 Years After the Referendum - WIFO\",\"isPartOf\":{\"@id\":\"https:\\\/\\\/www.wifo.ac.at\\\/en\\\/#website\"},\"datePublished\":\"2023-12-01T17:04:13+00:00\",\"dateModified\":\"2024-11-07T05:06:15+00:00\",\"breadcrumb\":{\"@id\":\"https:\\\/\\\/www.wifo.ac.at\\\/en\\\/publication\\\/53137\\\/#breadcrumb\"},\"inLanguage\":\"en-US\",\"potentialAction\":[{\"@type\":\"ReadAction\",\"target\":[\"https:\\\/\\\/www.wifo.ac.at\\\/en\\\/publication\\\/53137\\\/\"]}]},{\"@type\":\"BreadcrumbList\",\"@id\":\"https:\\\/\\\/www.wifo.ac.at\\\/en\\\/publication\\\/53137\\\/#breadcrumb\",\"itemListElement\":[{\"@type\":\"ListItem\",\"position\":1,\"name\":\"Startseite\",\"item\":\"https:\\\/\\\/www.wifo.ac.at\\\/en\\\/\"},{\"@type\":\"ListItem\",\"position\":2,\"name\":\"Trade Effects of the Austria's EU Membership, 25 Years After the Referendum\"}]},{\"@type\":\"WebSite\",\"@id\":\"https:\\\/\\\/www.wifo.ac.at\\\/en\\\/#website\",\"url\":\"https:\\\/\\\/www.wifo.ac.at\\\/en\\\/\",\"name\":\"\u00d6sterreichisches Institut f\u00fcr Wirtschaftsforschung\",\"description\":\"\",\"publisher\":{\"@id\":\"https:\\\/\\\/www.wifo.ac.at\\\/en\\\/#organization\"},\"alternateName\":\"WIFO\",\"potentialAction\":[{\"@type\":\"SearchAction\",\"target\":{\"@type\":\"EntryPoint\",\"urlTemplate\":\"https:\\\/\\\/www.wifo.ac.at\\\/en\\\/?s={search_term_string}\"},\"query-input\":{\"@type\":\"PropertyValueSpecification\",\"valueRequired\":true,\"valueName\":\"search_term_string\"}}],\"inLanguage\":\"en-US\"},{\"@type\":\"Organization\",\"@id\":\"https:\\\/\\\/www.wifo.ac.at\\\/en\\\/#organization\",\"name\":\"\u00d6sterreichisches Institut f\u00fcr Wirtschaftsforschung\",\"alternateName\":\"WIFO\",\"url\":\"https:\\\/\\\/www.wifo.ac.at\\\/en\\\/\",\"logo\":{\"@type\":\"ImageObject\",\"inLanguage\":\"en-US\",\"@id\":\"https:\\\/\\\/www.wifo.ac.at\\\/en\\\/#\\\/schema\\\/logo\\\/image\\\/\",\"url\":\"https:\\\/\\\/www.wifo.ac.at\\\/wp-content\\\/uploads\\\/2024\\\/05\\\/WIFO_kurz_rechts-2-1920x412.jpg\",\"contentUrl\":\"https:\\\/\\\/www.wifo.ac.at\\\/wp-content\\\/uploads\\\/2024\\\/05\\\/WIFO_kurz_rechts-2-1920x412.jpg\",\"width\":2000,\"height\":429,\"caption\":\"\u00d6sterreichisches Institut f\u00fcr Wirtschaftsforschung\"},\"image\":{\"@id\":\"https:\\\/\\\/www.wifo.ac.at\\\/en\\\/#\\\/schema\\\/logo\\\/image\\\/\"},\"sameAs\":[\"https:\\\/\\\/www.facebook.com\\\/WIFOat\\\/\",\"https:\\\/\\\/x.com\\\/WIFOat\",\"https:\\\/\\\/linkedin.com\\\/company\\\/wifoat\\\/\",\"https:\\\/\\\/www.youtube.com\\\/@WIFO_at\"],\"description\":\"Das WIFO, 1927 von Friedrich August von Hayek und Ludwig von Mises zur Konjunkturanalyse gegr\u00fcndet, ist heute das f\u00fchrende Institut f\u00fcr angewandte empirische Wirtschaftsforschung in \u00d6sterreich mit starkem Engagement auf europ\u00e4ischer Ebene.\",\"email\":\"office@wifo.ac.at\",\"telephone\":\"+43 1 798 26 01 \u2013 0\",\"legalName\":\"\u00d6sterreichisches Institut f\u00fcr Wirtschaftsforschung\",\"foundingDate\":\"1927-01-02\",\"numberOfEmployees\":{\"@type\":\"QuantitativeValue\",\"minValue\":\"51\",\"maxValue\":\"200\"},\"publishingPrinciples\":\"https:\\\/\\\/www.wifo.ac.at\\\/institut\\\/mission-und-strategie\\\/\",\"ownershipFundingInfo\":\"https:\\\/\\\/www.wifo.ac.at\\\/institut\\\/organisation\\\/\",\"actionableFeedbackPolicy\":\"https:\\\/\\\/www.wifo.ac.at\\\/aktuelles\\\/presse\\\/\",\"correctionsPolicy\":\"https:\\\/\\\/www.wifo.ac.at\\\/institut\\\/kontakt\\\/\",\"ethicsPolicy\":\"https:\\\/\\\/www.wifo.ac.at\\\/institut\\\/evidenzbasierung-transparenz-und-unabhaengigkeit\\\/\",\"diversityPolicy\":\"https:\\\/\\\/www.wifo.ac.at\\\/institut\\\/gleichstellung\\\/\",\"diversityStaffingReport\":\"https:\\\/\\\/www.wifo.ac.at\\\/institut\\\/gleichstellung\\\/\"}]}<\/script>\n<!-- \/ Yoast SEO Premium plugin. -->","yoast_head_json":{"title":"Trade Effects of the Austria's EU Membership, 25 Years After the Referendum - WIFO","robots":{"index":"index","follow":"follow","max-snippet":"max-snippet:-1","max-image-preview":"max-image-preview:large","max-video-preview":"max-video-preview:-1"},"canonical":"https:\/\/www.wifo.ac.at\/en\/publication\/53137\/","og_locale":"en_US","og_type":"article","og_title":"Trade Effects of the Austria's EU Membership, 25 Years After the Referendum","og_url":"https:\/\/www.wifo.ac.at\/en\/publication\/53137\/","og_site_name":"WIFO","article_publisher":"https:\/\/www.facebook.com\/WIFOat\/","article_modified_time":"2024-11-07T05:06:15+00:00","og_image":[{"width":1920,"height":1280,"url":"https:\/\/www.wifo.ac.at\/wp-content\/uploads\/2024\/05\/WIFO-Gebaeude-FotoAlexanderMueller-www.alexandermueller.at-IMG_6326-Bearbeitet-1.jpg","type":"image\/jpeg"}],"twitter_card":"summary_large_image","twitter_site":"@WIFOat","schema":{"@context":"https:\/\/schema.org","@graph":[{"@type":"WebPage","@id":"https:\/\/www.wifo.ac.at\/en\/publication\/53137\/","url":"https:\/\/www.wifo.ac.at\/en\/publication\/53137\/","name":"Trade Effects of the Austria's EU Membership, 25 Years After the Referendum - WIFO","isPartOf":{"@id":"https:\/\/www.wifo.ac.at\/en\/#website"},"datePublished":"2023-12-01T17:04:13+00:00","dateModified":"2024-11-07T05:06:15+00:00","breadcrumb":{"@id":"https:\/\/www.wifo.ac.at\/en\/publication\/53137\/#breadcrumb"},"inLanguage":"en-US","potentialAction":[{"@type":"ReadAction","target":["https:\/\/www.wifo.ac.at\/en\/publication\/53137\/"]}]},{"@type":"BreadcrumbList","@id":"https:\/\/www.wifo.ac.at\/en\/publication\/53137\/#breadcrumb","itemListElement":[{"@type":"ListItem","position":1,"name":"Startseite","item":"https:\/\/www.wifo.ac.at\/en\/"},{"@type":"ListItem","position":2,"name":"Trade Effects of the Austria's EU Membership, 25 Years After the Referendum"}]},{"@type":"WebSite","@id":"https:\/\/www.wifo.ac.at\/en\/#website","url":"https:\/\/www.wifo.ac.at\/en\/","name":"\u00d6sterreichisches Institut f\u00fcr Wirtschaftsforschung","description":"","publisher":{"@id":"https:\/\/www.wifo.ac.at\/en\/#organization"},"alternateName":"WIFO","potentialAction":[{"@type":"SearchAction","target":{"@type":"EntryPoint","urlTemplate":"https:\/\/www.wifo.ac.at\/en\/?s={search_term_string}"},"query-input":{"@type":"PropertyValueSpecification","valueRequired":true,"valueName":"search_term_string"}}],"inLanguage":"en-US"},{"@type":"Organization","@id":"https:\/\/www.wifo.ac.at\/en\/#organization","name":"\u00d6sterreichisches Institut f\u00fcr Wirtschaftsforschung","alternateName":"WIFO","url":"https:\/\/www.wifo.ac.at\/en\/","logo":{"@type":"ImageObject","inLanguage":"en-US","@id":"https:\/\/www.wifo.ac.at\/en\/#\/schema\/logo\/image\/","url":"https:\/\/www.wifo.ac.at\/wp-content\/uploads\/2024\/05\/WIFO_kurz_rechts-2-1920x412.jpg","contentUrl":"https:\/\/www.wifo.ac.at\/wp-content\/uploads\/2024\/05\/WIFO_kurz_rechts-2-1920x412.jpg","width":2000,"height":429,"caption":"\u00d6sterreichisches Institut f\u00fcr Wirtschaftsforschung"},"image":{"@id":"https:\/\/www.wifo.ac.at\/en\/#\/schema\/logo\/image\/"},"sameAs":["https:\/\/www.facebook.com\/WIFOat\/","https:\/\/x.com\/WIFOat","https:\/\/linkedin.com\/company\/wifoat\/","https:\/\/www.youtube.com\/@WIFO_at"],"description":"Das WIFO, 1927 von Friedrich August von Hayek und Ludwig von Mises zur Konjunkturanalyse gegr\u00fcndet, ist heute das f\u00fchrende Institut f\u00fcr angewandte empirische Wirtschaftsforschung in \u00d6sterreich mit starkem Engagement auf europ\u00e4ischer Ebene.","email":"office@wifo.ac.at","telephone":"+43 1 798 26 01 \u2013 0","legalName":"\u00d6sterreichisches Institut f\u00fcr Wirtschaftsforschung","foundingDate":"1927-01-02","numberOfEmployees":{"@type":"QuantitativeValue","minValue":"51","maxValue":"200"},"publishingPrinciples":"https:\/\/www.wifo.ac.at\/institut\/mission-und-strategie\/","ownershipFundingInfo":"https:\/\/www.wifo.ac.at\/institut\/organisation\/","actionableFeedbackPolicy":"https:\/\/www.wifo.ac.at\/aktuelles\/presse\/","correctionsPolicy":"https:\/\/www.wifo.ac.at\/institut\/kontakt\/","ethicsPolicy":"https:\/\/www.wifo.ac.at\/institut\/evidenzbasierung-transparenz-und-unabhaengigkeit\/","diversityPolicy":"https:\/\/www.wifo.ac.at\/institut\/gleichstellung\/","diversityStaffingReport":"https:\/\/www.wifo.ac.at\/institut\/gleichstellung\/"}]}},"_links":{"self":[{"href":"https:\/\/www.wifo.ac.at\/en\/wp-json\/wp\/v2\/publication\/53137","targetHints":{"allow":["GET"]}}],"collection":[{"href":"https:\/\/www.wifo.ac.at\/en\/wp-json\/wp\/v2\/publication"}],"about":[{"href":"https:\/\/www.wifo.ac.at\/en\/wp-json\/wp\/v2\/types\/publication"}],"version-history":[{"count":1,"href":"https:\/\/www.wifo.ac.at\/en\/wp-json\/wp\/v2\/publication\/53137\/revisions"}],"predecessor-version":[{"id":377484,"href":"https:\/\/www.wifo.ac.at\/en\/wp-json\/wp\/v2\/publication\/53137\/revisions\/377484"}],"acf:post":[{"embeddable":true,"href":"https:\/\/www.wifo.ac.at\/en\/wp-json\/wp\/v2\/topic\/40955"},{"embeddable":true,"href":"https:\/\/www.wifo.ac.at\/en\/wp-json\/wp\/v2\/client\/10822"},{"embeddable":true,"href":"https:\/\/www.wifo.ac.at\/en\/wp-json\/wp\/v2\/person\/3879"},{"embeddable":true,"href":"https:\/\/www.wifo.ac.at\/en\/wp-json\/wp\/v2\/person\/3600"},{"embeddable":true,"href":"https:\/\/www.wifo.ac.at\/en\/wp-json\/wp\/v2\/research_group\/3481"},{"embeddable":true,"href":"https:\/\/www.wifo.ac.at\/en\/wp-json\/wp\/v2\/research_group\/3491"},{"embeddable":true,"href":"https:\/\/www.wifo.ac.at\/en\/wp-json\/wp\/v2\/publication_type\/81966"}],"wp:attachment":[{"href":"https:\/\/www.wifo.ac.at\/en\/wp-json\/wp\/v2\/media?parent=53137"}],"curies":[{"name":"wp","href":"https:\/\/api.w.org\/{rel}","templated":true}]}}