{"id":48947,"date":"2023-11-20T15:43:59","date_gmt":"2023-11-20T14:43:59","guid":{"rendered":"https:\/\/www.wifo.ac.at\/publication\/der-finanzausgleich-als-hebel-zur-umsetzung-der-oesterreichischen-klimaziele\/"},"modified":"2025-07-08T17:53:00","modified_gmt":"2025-07-08T15:53:00","slug":"der-finanzausgleich-als-hebel-zur-umsetzung-der-oesterreichischen-klimaziele","status":"publish","type":"publication","link":"https:\/\/www.wifo.ac.at\/en\/publication\/48947\/","title":{"rendered":"Intergovernmental Fiscal Equalisation System as a Lever for Implementing Austria's Climate Targets"},"content":{"rendered":"","protected":false},"featured_media":0,"template":"","class_list":["post-48947","publication","type-publication","status-publish","hentry"],"acf":{"subtitle":"Fields of Action and Conceptual Foundations","text":"The Austrian federal provinces have extensive competences in areas that are essential for the green transformation, but there are also considerable differences between the Austrian Laender with regard to final energy consumption. The participation of all federal levels in a coherent policy framework is necessary to achieve the national task of climate protection. So far, the fiscal equalisation system has only been used to a limited extent as a lever for implementing Austria's climate targets. The study provides conceptual-theoretical foundations in order to create the basis for the development of concrete measures and instruments for reinforcing a stronger greening of the fiscal equalisation system. Finally, options for the greening of the Austrian fiscal equalisation system that can be implemented in the short and medium term are outlined.","onlinedate":"2023-06-14 00:00:00","lang":"German","publication_series":"","publication_date":"20230601","publication_date_year":"","publication_date_full":false,"publication_num_pages":"46","keywords":"[]","jelcodes":"[]","related_publications":"[]","pdf":428709,"zip":null,"link":"","monthly_report":false,"monthly_report_main":false,"monthly_report_volume":"","monthly_report_pages":"","monthly_report_pages_sort":"0","issue":"","journal":"","publisher":"","invisible":false,"external":false,"embargo_date":"2023-06-14 00:00:00","types":[81966],"research_groups":[3655,3500],"collaboration":"","persons":[3659,3671,3792,3830],"persons_data":"[{\"personId\":3659,\"personName\":\"Daniela Kletzan-Slamanig\",\"organisationNames\":[]},{\"personId\":3671,\"personName\":\"Angela K\u00f6ppl\",\"organisationNames\":[]},{\"personId\":3792,\"personName\":\"Hans Pitlik\",\"organisationNames\":[]},{\"personId\":3830,\"personName\":\"Margit Schratzenstaller\",\"organisationNames\":[]}]","clients":[10986],"subclients":[],"partners":[],"topics":[40961],"host_publication_title":"","host_publication_subtitle":"","place_of_publication":"","host_publication_editors":"[]","type_description":"","output_media":"","chapter":"","article_number":"","citations":"{\"apa\":\"<div class=\\\"rendering rendering_researchoutput  rendering_researchoutput_apa rendering_bookanthology rendering_apa rendering_bookanthology_apa\\\"><span>Kletzan-Slamanig, D.<\\\/span><span>, K\u00f6ppl, A.<\\\/span><span>, Pitlik, H.<\\\/span><span>, &amp; Schratzenstaller, M.<\\\/span> (2023). <span><em>Der Finanzausgleich als Hebel zur Umsetzung der \u00f6sterreichischen Klimaziele: Handlungsfelder und konzeptionelle Grundlagen<\\\/em><\\\/span>. WIFO.<\\\/div>\",\"vancouver\":\"<div class=\\\"rendering rendering_researchoutput  rendering_researchoutput_vancouver rendering_bookanthology rendering_vancouver rendering_bookanthology_vancouver\\\"><span>Kletzan-Slamanig D<\\\/span><span>, K\u00f6ppl A<\\\/span><span>, Pitlik H<\\\/span><span>, Schratzenstaller M<\\\/span>. <span class=\\\"title\\\"><span>Der Finanzausgleich als Hebel zur Umsetzung der \u00f6sterreichischen Klimaziele: <span class=\\\"subtitle\\\">Handlungsfelder und konzeptionelle Grundlagen<\\\/span><\\\/span><\\\/span>. WIFO; 2023.<\\\/div>\",\"bibtex\":\"<div class=\\\"rendering rendering_researchoutput  rendering_researchoutput_bibtex rendering_bookanthology rendering_bibtex rendering_bookanthology_bibtex\\\"><div>@book{e9f97de2f83c4c4cb2baf63ac22b42b2,<\\\/div><div>  title    = \\\"Der Finanzausgleich als Hebel zur Umsetzung der {\\\\\\\"o}sterreichischen Klimaziele: Handlungsfelder und konzeptionelle Grundlagen\\\",<\\\/div><div>  abstract = \\\"Die {\\\\\\\"o}sterreichischen Bundesl{\\\\\\\"a}nder haben umfangreiche Kompetenzen in f{\\\\\\\"u}r die gr{\\\\\\\"u}ne Transformation wesentlichen Bereichen, es gibt aber in Hinblick auf den energetischen Endverbrauch auch betr{\\\\\\\"a}chtliche bundesl{\\\\\\\"a}nderspezifische Unterschiede. F{\\\\\\\"u}r die Wahrnehmung der gesamtstaatlichen Aufgabe Klimaschutz ist die Beteiligung aller gebietsk{\\\\\\\"o}rperschaftlichen Ebenen in einem koh{\\\\\\\"a}renten Politikrahmen erforderlich. Der Finanzausgleich wird als Hebel zur Implementierung der {\\\\\\\"o}sterreichischen Klimaziele bislang nur wenig genutzt. Die Studie stellt {\\\\\\\"U}berlegungen konzeptionell-theoretischer Natur an, um die Basis f{\\\\\\\"u}r eine Entwicklung konkreter Ma{\\\\ss}nahmen und Instrumente f{\\\\\\\"u}r eine st{\\\\\\\"a}rkere {\\\\\\\"O}kologisierung des Finanzausgleichs zu schaffen. Abschlie{\\\\ss}end werden grob kurz- und mittelfristig umsetzbare Optionen f{\\\\\\\"u}r die {\\\\\\\"O}kologisierung des {\\\\\\\"o}sterreichischen Finanzausgleichs skizziert.\\\",<\\\/div><div>  author   = \\\"Daniela Kletzan-Slamanig and Angela K{\\\\\\\"o}ppl and Hans Pitlik and Margit Schratzenstaller\\\",<\\\/div><div>  note     = \\\"Der Finanzausgleich als Hebel zur Umsetzung der {\\\\\\\"o}sterreichischen Klimaziele. Handlungsfelder und konzeptionelle Grundlagen\\\",<\\\/div><div>  year     = \\\"2023\\\",<\\\/div><div>  month    = jun,<\\\/div><div>  language = \\\"Deutsch\\\",<\\\/div><p>}<\\\/p><\\\/div>\",\"ris\":\"<div class=\\\"rendering rendering_researchoutput  rendering_researchoutput_ris rendering_bookanthology rendering_ris rendering_bookanthology_ris\\\"><p>TY  - BOOK<\\\/p><p>T1  - Der Finanzausgleich als Hebel zur Umsetzung der \u00f6sterreichischen Klimaziele<\\\/p><p>T2  - Handlungsfelder und konzeptionelle Grundlagen<\\\/p><p>AU  - Kletzan-Slamanig, Daniela<\\\/p><p>AU  - K\u00f6ppl, Angela<\\\/p><p>AU  - Pitlik, Hans<\\\/p><p>AU  - Schratzenstaller, Margit<\\\/p><p>N1  - Der Finanzausgleich als Hebel zur Umsetzung der \u00f6sterreichischen Klimaziele. Handlungsfelder und konzeptionelle Grundlagen<\\\/p><p>PY  - 2023\\\/6<\\\/p><p>Y1  - 2023\\\/6<\\\/p><p>N2  - Die \u00f6sterreichischen Bundesl\u00e4nder haben umfangreiche Kompetenzen in f\u00fcr die gr\u00fcne Transformation wesentlichen Bereichen, es gibt aber in Hinblick auf den energetischen Endverbrauch auch betr\u00e4chtliche bundesl\u00e4nderspezifische Unterschiede. F\u00fcr die Wahrnehmung der gesamtstaatlichen Aufgabe Klimaschutz ist die Beteiligung aller gebietsk\u00f6rperschaftlichen Ebenen in einem koh\u00e4renten Politikrahmen erforderlich. Der Finanzausgleich wird als Hebel zur Implementierung der \u00f6sterreichischen Klimaziele bislang nur wenig genutzt. Die Studie stellt \u00dcberlegungen konzeptionell-theoretischer Natur an, um die Basis f\u00fcr eine Entwicklung konkreter Ma\u00dfnahmen und Instrumente f\u00fcr eine st\u00e4rkere \u00d6kologisierung des Finanzausgleichs zu schaffen. Abschlie\u00dfend werden grob kurz- und mittelfristig umsetzbare Optionen f\u00fcr die \u00d6kologisierung des \u00f6sterreichischen Finanzausgleichs skizziert.<\\\/p><p>AB  - Die \u00f6sterreichischen Bundesl\u00e4nder haben umfangreiche Kompetenzen in f\u00fcr die gr\u00fcne Transformation wesentlichen Bereichen, es gibt aber in Hinblick auf den energetischen Endverbrauch auch betr\u00e4chtliche bundesl\u00e4nderspezifische Unterschiede. F\u00fcr die Wahrnehmung der gesamtstaatlichen Aufgabe Klimaschutz ist die Beteiligung aller gebietsk\u00f6rperschaftlichen Ebenen in einem koh\u00e4renten Politikrahmen erforderlich. Der Finanzausgleich wird als Hebel zur Implementierung der \u00f6sterreichischen Klimaziele bislang nur wenig genutzt. Die Studie stellt \u00dcberlegungen konzeptionell-theoretischer Natur an, um die Basis f\u00fcr eine Entwicklung konkreter Ma\u00dfnahmen und Instrumente f\u00fcr eine st\u00e4rkere \u00d6kologisierung des Finanzausgleichs zu schaffen. Abschlie\u00dfend werden grob kurz- und mittelfristig umsetzbare Optionen f\u00fcr die \u00d6kologisierung des \u00f6sterreichischen Finanzausgleichs skizziert.<\\\/p><p>M3  - Studie<\\\/p><p>BT  - Der Finanzausgleich als Hebel zur Umsetzung der \u00f6sterreichischen Klimaziele<\\\/p><p>ER  - <\\\/p><\\\/div>\"}","scientific_assistance":"[\"K\u00f6berl-Schmid Katharina\",\"Sutrich Andrea\"]","scientific_review":"[\"Loretz Simon\"]","version":"","release_date":null,"expiration_date":null,"surveyor":"","research_assistance":"","edv":"","additional_info_de":"","additional_info_en":""},"yoast_head":"<!-- This site is optimized with the Yoast SEO Premium plugin v28.3 (Yoast SEO v28.3) - https:\/\/yoast.com\/product\/yoast-seo-premium-wordpress\/ -->\n<title>Intergovernmental Fiscal Equalisation System as a Lever for Implementing Austria&#039;s Climate Targets - WIFO<\/title>\n<meta name=\"robots\" content=\"index, follow, max-snippet:-1, max-image-preview:large, max-video-preview:-1\" \/>\n<link rel=\"canonical\" href=\"https:\/\/www.wifo.ac.at\/en\/publication\/48947\/\" \/>\n<meta property=\"og:locale\" content=\"en_US\" \/>\n<meta property=\"og:type\" content=\"article\" \/>\n<meta property=\"og:title\" content=\"Intergovernmental Fiscal Equalisation System as a Lever for Implementing Austria&#039;s Climate Targets\" \/>\n<meta property=\"og:url\" content=\"https:\/\/www.wifo.ac.at\/en\/publication\/48947\/\" \/>\n<meta property=\"og:site_name\" content=\"WIFO\" \/>\n<meta property=\"article:publisher\" content=\"https:\/\/www.facebook.com\/WIFOat\/\" \/>\n<meta property=\"article:modified_time\" content=\"2025-07-08T15:53:00+00:00\" \/>\n<meta property=\"og:image\" content=\"https:\/\/www.wifo.ac.at\/wp-content\/uploads\/2024\/05\/WIFO-Gebaeude-FotoAlexanderMueller-www.alexandermueller.at-IMG_6326-Bearbeitet-1.jpg\" \/>\n\t<meta property=\"og:image:width\" content=\"1920\" \/>\n\t<meta property=\"og:image:height\" content=\"1280\" \/>\n\t<meta property=\"og:image:type\" content=\"image\/jpeg\" \/>\n<meta name=\"twitter:card\" content=\"summary_large_image\" \/>\n<meta name=\"twitter:site\" content=\"@WIFOat\" \/>\n<script type=\"application\/ld+json\" class=\"yoast-schema-graph\">{\"@context\":\"https:\\\/\\\/schema.org\",\"@graph\":[{\"@type\":\"WebPage\",\"@id\":\"https:\\\/\\\/www.wifo.ac.at\\\/en\\\/publication\\\/48947\\\/\",\"url\":\"https:\\\/\\\/www.wifo.ac.at\\\/en\\\/publication\\\/48947\\\/\",\"name\":\"Intergovernmental Fiscal Equalisation System as a Lever for Implementing Austria's Climate Targets - WIFO\",\"isPartOf\":{\"@id\":\"https:\\\/\\\/www.wifo.ac.at\\\/en\\\/#website\"},\"datePublished\":\"2023-11-20T14:43:59+00:00\",\"dateModified\":\"2025-07-08T15:53:00+00:00\",\"breadcrumb\":{\"@id\":\"https:\\\/\\\/www.wifo.ac.at\\\/en\\\/publication\\\/48947\\\/#breadcrumb\"},\"inLanguage\":\"en-US\",\"potentialAction\":[{\"@type\":\"ReadAction\",\"target\":[\"https:\\\/\\\/www.wifo.ac.at\\\/en\\\/publication\\\/48947\\\/\"]}]},{\"@type\":\"BreadcrumbList\",\"@id\":\"https:\\\/\\\/www.wifo.ac.at\\\/en\\\/publication\\\/48947\\\/#breadcrumb\",\"itemListElement\":[{\"@type\":\"ListItem\",\"position\":1,\"name\":\"Startseite\",\"item\":\"https:\\\/\\\/www.wifo.ac.at\\\/en\\\/\"},{\"@type\":\"ListItem\",\"position\":2,\"name\":\"Intergovernmental Fiscal Equalisation System as a Lever for Implementing Austria's Climate Targets\"}]},{\"@type\":\"WebSite\",\"@id\":\"https:\\\/\\\/www.wifo.ac.at\\\/en\\\/#website\",\"url\":\"https:\\\/\\\/www.wifo.ac.at\\\/en\\\/\",\"name\":\"\u00d6sterreichisches Institut f\u00fcr Wirtschaftsforschung\",\"description\":\"\",\"publisher\":{\"@id\":\"https:\\\/\\\/www.wifo.ac.at\\\/en\\\/#organization\"},\"alternateName\":\"WIFO\",\"potentialAction\":[{\"@type\":\"SearchAction\",\"target\":{\"@type\":\"EntryPoint\",\"urlTemplate\":\"https:\\\/\\\/www.wifo.ac.at\\\/en\\\/?s={search_term_string}\"},\"query-input\":{\"@type\":\"PropertyValueSpecification\",\"valueRequired\":true,\"valueName\":\"search_term_string\"}}],\"inLanguage\":\"en-US\"},{\"@type\":\"Organization\",\"@id\":\"https:\\\/\\\/www.wifo.ac.at\\\/en\\\/#organization\",\"name\":\"\u00d6sterreichisches Institut f\u00fcr Wirtschaftsforschung\",\"alternateName\":\"WIFO\",\"url\":\"https:\\\/\\\/www.wifo.ac.at\\\/en\\\/\",\"logo\":{\"@type\":\"ImageObject\",\"inLanguage\":\"en-US\",\"@id\":\"https:\\\/\\\/www.wifo.ac.at\\\/en\\\/#\\\/schema\\\/logo\\\/image\\\/\",\"url\":\"https:\\\/\\\/www.wifo.ac.at\\\/wp-content\\\/uploads\\\/2024\\\/05\\\/WIFO_kurz_rechts-2-1920x412.jpg\",\"contentUrl\":\"https:\\\/\\\/www.wifo.ac.at\\\/wp-content\\\/uploads\\\/2024\\\/05\\\/WIFO_kurz_rechts-2-1920x412.jpg\",\"width\":2000,\"height\":429,\"caption\":\"\u00d6sterreichisches Institut f\u00fcr Wirtschaftsforschung\"},\"image\":{\"@id\":\"https:\\\/\\\/www.wifo.ac.at\\\/en\\\/#\\\/schema\\\/logo\\\/image\\\/\"},\"sameAs\":[\"https:\\\/\\\/www.facebook.com\\\/WIFOat\\\/\",\"https:\\\/\\\/x.com\\\/WIFOat\",\"https:\\\/\\\/linkedin.com\\\/company\\\/wifoat\\\/\",\"https:\\\/\\\/www.youtube.com\\\/@WIFO_at\"],\"description\":\"Das WIFO, 1927 von Friedrich August von Hayek und Ludwig von Mises zur Konjunkturanalyse gegr\u00fcndet, ist heute das f\u00fchrende Institut f\u00fcr angewandte empirische Wirtschaftsforschung in \u00d6sterreich mit starkem Engagement auf europ\u00e4ischer Ebene.\",\"email\":\"office@wifo.ac.at\",\"telephone\":\"+43 1 798 26 01 \u2013 0\",\"legalName\":\"\u00d6sterreichisches Institut f\u00fcr Wirtschaftsforschung\",\"foundingDate\":\"1927-01-02\",\"numberOfEmployees\":{\"@type\":\"QuantitativeValue\",\"minValue\":\"51\",\"maxValue\":\"200\"},\"publishingPrinciples\":\"https:\\\/\\\/www.wifo.ac.at\\\/institut\\\/mission-und-strategie\\\/\",\"ownershipFundingInfo\":\"https:\\\/\\\/www.wifo.ac.at\\\/institut\\\/organisation\\\/\",\"actionableFeedbackPolicy\":\"https:\\\/\\\/www.wifo.ac.at\\\/aktuelles\\\/presse\\\/\",\"correctionsPolicy\":\"https:\\\/\\\/www.wifo.ac.at\\\/institut\\\/kontakt\\\/\",\"ethicsPolicy\":\"https:\\\/\\\/www.wifo.ac.at\\\/institut\\\/evidenzbasierung-transparenz-und-unabhaengigkeit\\\/\",\"diversityPolicy\":\"https:\\\/\\\/www.wifo.ac.at\\\/institut\\\/gleichstellung\\\/\",\"diversityStaffingReport\":\"https:\\\/\\\/www.wifo.ac.at\\\/institut\\\/gleichstellung\\\/\"}]}<\/script>\n<!-- \/ Yoast SEO Premium plugin. -->","yoast_head_json":{"title":"Intergovernmental Fiscal Equalisation System as a Lever for Implementing Austria's Climate Targets - WIFO","robots":{"index":"index","follow":"follow","max-snippet":"max-snippet:-1","max-image-preview":"max-image-preview:large","max-video-preview":"max-video-preview:-1"},"canonical":"https:\/\/www.wifo.ac.at\/en\/publication\/48947\/","og_locale":"en_US","og_type":"article","og_title":"Intergovernmental Fiscal Equalisation System as a Lever for Implementing Austria's Climate Targets","og_url":"https:\/\/www.wifo.ac.at\/en\/publication\/48947\/","og_site_name":"WIFO","article_publisher":"https:\/\/www.facebook.com\/WIFOat\/","article_modified_time":"2025-07-08T15:53:00+00:00","og_image":[{"width":1920,"height":1280,"url":"https:\/\/www.wifo.ac.at\/wp-content\/uploads\/2024\/05\/WIFO-Gebaeude-FotoAlexanderMueller-www.alexandermueller.at-IMG_6326-Bearbeitet-1.jpg","type":"image\/jpeg"}],"twitter_card":"summary_large_image","twitter_site":"@WIFOat","schema":{"@context":"https:\/\/schema.org","@graph":[{"@type":"WebPage","@id":"https:\/\/www.wifo.ac.at\/en\/publication\/48947\/","url":"https:\/\/www.wifo.ac.at\/en\/publication\/48947\/","name":"Intergovernmental Fiscal Equalisation System as a Lever for Implementing Austria's Climate Targets - WIFO","isPartOf":{"@id":"https:\/\/www.wifo.ac.at\/en\/#website"},"datePublished":"2023-11-20T14:43:59+00:00","dateModified":"2025-07-08T15:53:00+00:00","breadcrumb":{"@id":"https:\/\/www.wifo.ac.at\/en\/publication\/48947\/#breadcrumb"},"inLanguage":"en-US","potentialAction":[{"@type":"ReadAction","target":["https:\/\/www.wifo.ac.at\/en\/publication\/48947\/"]}]},{"@type":"BreadcrumbList","@id":"https:\/\/www.wifo.ac.at\/en\/publication\/48947\/#breadcrumb","itemListElement":[{"@type":"ListItem","position":1,"name":"Startseite","item":"https:\/\/www.wifo.ac.at\/en\/"},{"@type":"ListItem","position":2,"name":"Intergovernmental Fiscal Equalisation System as a Lever for Implementing Austria's Climate Targets"}]},{"@type":"WebSite","@id":"https:\/\/www.wifo.ac.at\/en\/#website","url":"https:\/\/www.wifo.ac.at\/en\/","name":"\u00d6sterreichisches Institut f\u00fcr Wirtschaftsforschung","description":"","publisher":{"@id":"https:\/\/www.wifo.ac.at\/en\/#organization"},"alternateName":"WIFO","potentialAction":[{"@type":"SearchAction","target":{"@type":"EntryPoint","urlTemplate":"https:\/\/www.wifo.ac.at\/en\/?s={search_term_string}"},"query-input":{"@type":"PropertyValueSpecification","valueRequired":true,"valueName":"search_term_string"}}],"inLanguage":"en-US"},{"@type":"Organization","@id":"https:\/\/www.wifo.ac.at\/en\/#organization","name":"\u00d6sterreichisches Institut f\u00fcr Wirtschaftsforschung","alternateName":"WIFO","url":"https:\/\/www.wifo.ac.at\/en\/","logo":{"@type":"ImageObject","inLanguage":"en-US","@id":"https:\/\/www.wifo.ac.at\/en\/#\/schema\/logo\/image\/","url":"https:\/\/www.wifo.ac.at\/wp-content\/uploads\/2024\/05\/WIFO_kurz_rechts-2-1920x412.jpg","contentUrl":"https:\/\/www.wifo.ac.at\/wp-content\/uploads\/2024\/05\/WIFO_kurz_rechts-2-1920x412.jpg","width":2000,"height":429,"caption":"\u00d6sterreichisches Institut f\u00fcr Wirtschaftsforschung"},"image":{"@id":"https:\/\/www.wifo.ac.at\/en\/#\/schema\/logo\/image\/"},"sameAs":["https:\/\/www.facebook.com\/WIFOat\/","https:\/\/x.com\/WIFOat","https:\/\/linkedin.com\/company\/wifoat\/","https:\/\/www.youtube.com\/@WIFO_at"],"description":"Das WIFO, 1927 von Friedrich August von Hayek und Ludwig von Mises zur Konjunkturanalyse gegr\u00fcndet, ist heute das f\u00fchrende Institut f\u00fcr angewandte empirische Wirtschaftsforschung in \u00d6sterreich mit starkem Engagement auf europ\u00e4ischer Ebene.","email":"office@wifo.ac.at","telephone":"+43 1 798 26 01 \u2013 0","legalName":"\u00d6sterreichisches Institut f\u00fcr Wirtschaftsforschung","foundingDate":"1927-01-02","numberOfEmployees":{"@type":"QuantitativeValue","minValue":"51","maxValue":"200"},"publishingPrinciples":"https:\/\/www.wifo.ac.at\/institut\/mission-und-strategie\/","ownershipFundingInfo":"https:\/\/www.wifo.ac.at\/institut\/organisation\/","actionableFeedbackPolicy":"https:\/\/www.wifo.ac.at\/aktuelles\/presse\/","correctionsPolicy":"https:\/\/www.wifo.ac.at\/institut\/kontakt\/","ethicsPolicy":"https:\/\/www.wifo.ac.at\/institut\/evidenzbasierung-transparenz-und-unabhaengigkeit\/","diversityPolicy":"https:\/\/www.wifo.ac.at\/institut\/gleichstellung\/","diversityStaffingReport":"https:\/\/www.wifo.ac.at\/institut\/gleichstellung\/"}]}},"_links":{"self":[{"href":"https:\/\/www.wifo.ac.at\/en\/wp-json\/wp\/v2\/publication\/48947","targetHints":{"allow":["GET"]}}],"collection":[{"href":"https:\/\/www.wifo.ac.at\/en\/wp-json\/wp\/v2\/publication"}],"about":[{"href":"https:\/\/www.wifo.ac.at\/en\/wp-json\/wp\/v2\/types\/publication"}],"version-history":[{"count":1,"href":"https:\/\/www.wifo.ac.at\/en\/wp-json\/wp\/v2\/publication\/48947\/revisions"}],"predecessor-version":[{"id":428707,"href":"https:\/\/www.wifo.ac.at\/en\/wp-json\/wp\/v2\/publication\/48947\/revisions\/428707"}],"acf:post":[{"embeddable":true,"href":"https:\/\/www.wifo.ac.at\/en\/wp-json\/wp\/v2\/topic\/40961"},{"embeddable":true,"href":"https:\/\/www.wifo.ac.at\/en\/wp-json\/wp\/v2\/client\/10986"},{"embeddable":true,"href":"https:\/\/www.wifo.ac.at\/en\/wp-json\/wp\/v2\/person\/3830"},{"embeddable":true,"href":"https:\/\/www.wifo.ac.at\/en\/wp-json\/wp\/v2\/person\/3792"},{"embeddable":true,"href":"https:\/\/www.wifo.ac.at\/en\/wp-json\/wp\/v2\/person\/3671"},{"embeddable":true,"href":"https:\/\/www.wifo.ac.at\/en\/wp-json\/wp\/v2\/person\/3659"},{"embeddable":true,"href":"https:\/\/www.wifo.ac.at\/en\/wp-json\/wp\/v2\/research_group\/3500"},{"embeddable":true,"href":"https:\/\/www.wifo.ac.at\/en\/wp-json\/wp\/v2\/research_group\/3655"},{"embeddable":true,"href":"https:\/\/www.wifo.ac.at\/en\/wp-json\/wp\/v2\/publication_type\/81966"}],"wp:attachment":[{"href":"https:\/\/www.wifo.ac.at\/en\/wp-json\/wp\/v2\/media?parent=48947"}],"curies":[{"name":"wp","href":"https:\/\/api.w.org\/{rel}","templated":true}]}}