{"id":48526,"date":"2023-11-20T15:38:58","date_gmt":"2023-11-20T14:38:58","guid":{"rendered":"https:\/\/www.wifo.ac.at\/publication\/europaeische-wirtschafts-und-fiskalpolitik-2022-23\/"},"modified":"2025-07-08T17:52:44","modified_gmt":"2025-07-08T15:52:44","slug":"europaeische-wirtschafts-und-fiskalpolitik-2022-23","status":"publish","type":"publication","link":"https:\/\/www.wifo.ac.at\/en\/publication\/48526\/","title":{"rendered":"European Economic and Fiscal Policy in 2022-23"},"content":{"rendered":"","protected":false},"featured_media":0,"template":"","class_list":["post-48526","publication","type-publication","status-publish","hentry"],"acf":{"subtitle":"Major Challenges Due to Inflation and Energy Crisis","text":"In 2022, economic development and economic policy in the EU were primarily shaped by the Russian invasion of Ukraine in February 2022 and the associated inflation and energy crisis. The phase of strong economic recovery came to an end in the summer. The main topics of European economic and fiscal policy were the monetary policy response to accelerating inflation since late 2021, measures at national and EU level to deal with the inflation and energy crisis and to ensure energy security and independence, the expansion of CO2 pricing at EU level and the future of European fiscal rules.","onlinedate":"2023-04-04 12:00:00","lang":"German","publication_series":"","publication_date":"20230301","publication_date_year":"","publication_date_full":false,"publication_num_pages":"","keywords":"[]","jelcodes":"[]","related_publications":"[\"82d33f8f-5874-4449-86c5-ff2912b3c654\",\"b4aae3fa-81ad-4f76-a1c2-ac63819d2257\",\"9abb3e99-8813-4cb5-8c32-3e35f97938ce\",\"909ad5d0-6699-4c9b-9afd-990f4cd38c04\",\"b2fe451b-1801-4bda-bf13-c5ebeb5810ae\",\"bb6b4b0a-bb40-4a52-a8d0-61d7181a60ad\"]","pdf":428701,"zip":null,"link":"","monthly_report":true,"monthly_report_main":false,"monthly_report_volume":"96","monthly_report_pages":"153-165","monthly_report_pages_sort":"153","issue":"3","journal":"WIFO-Monatsberichte","publisher":"","invisible":false,"external":false,"embargo_date":"2023-04-04 12:00:00","types":[44312],"research_groups":[3500,3655],"collaboration":"","persons":[3567,3671,3830],"persons_data":"[{\"personId\":3567,\"personName\":\"Stefan Ederer\",\"organisationNames\":[]},{\"personId\":3671,\"personName\":\"Angela K\u00f6ppl\",\"organisationNames\":[]},{\"personId\":3830,\"personName\":\"Margit Schratzenstaller\",\"organisationNames\":[]}]","clients":[],"subclients":[],"partners":[],"topics":[42631],"host_publication_title":"","host_publication_subtitle":"","place_of_publication":"","host_publication_editors":"[]","type_description":"","output_media":"","chapter":"","article_number":"","citations":"{\"apa\":\"<div class=\\\"rendering rendering_researchoutput  rendering_researchoutput_apa rendering_contributiontoperiodical rendering_apa rendering_contributiontoperiodical_apa\\\"><span>Ederer, S.<\\\/span><span>, K\u00f6ppl, A.<\\\/span><span>, &amp; Schratzenstaller, M.<\\\/span> (2023). <span>Europ\u00e4ische Wirtschafts- und Fiskalpolitik 2022\\\/23: Gro\u00dfe Herausforderungen durch Inflation und Energiekrise<\\\/span>. <span><em>WIFO-Monatsberichte<\\\/em><\\\/span>, <em>96<\\\/em>(3), 153-165.<\\\/div>\",\"vancouver\":\"<div class=\\\"rendering rendering_researchoutput  rendering_researchoutput_vancouver rendering_contributiontoperiodical rendering_vancouver rendering_contributiontoperiodical_vancouver\\\"><span>Ederer S<\\\/span><span>, K\u00f6ppl A<\\\/span><span>, Schratzenstaller M<\\\/span>. <span class=\\\"title\\\"><span>Europ\u00e4ische Wirtschafts- und Fiskalpolitik 2022\\\/23: <span class=\\\"subtitle\\\">Gro\u00dfe Herausforderungen durch Inflation und Energiekrise<\\\/span><\\\/span><\\\/span>. <span>WIFO-Monatsberichte<\\\/span>. 2023 Mar;96(3):153-165.<\\\/div>\",\"bibtex\":\"<div class=\\\"rendering rendering_researchoutput  rendering_researchoutput_bibtex rendering_contributiontoperiodical rendering_bibtex rendering_contributiontoperiodical_bibtex\\\"><div>@misc{bd1936f0391a4602bbafb8c4a50fd51c,<\\\/div><div>  title    = \\\"Europ{\\\\\\\"a}ische Wirtschafts- und Fiskalpolitik 2022\\\/23: Gro{\\\\ss}e Herausforderungen durch Inflation und Energiekrise\\\",<\\\/div><div>  abstract = \\\"Im Jahr 2022 waren Wirtschaftsentwicklung und Wirtschaftspolitik in der EU prim{\\\\\\\"a}r durch den russischen {\\\\\\\"U}berfall auf die Ukraine im Februar 2022 und die damit verbundene Teuerungs- und Energiekrise gepr{\\\\\\\"a}gt. Die Phase der kr{\\\\\\\"a}ftigen Konjunkturerholung ging im Sommer zu Ende. Die Hauptthemen der europ{\\\\\\\"a}ischen Wirtschafts- und Fiskalpolitik waren die Reaktion der Geldpolitik auf die sich seit Ende 2021 beschleunigende Inflation, Ma{\\\\ss}nahmen auf nationaler und EU-Ebene zur Bew{\\\\\\\"a}ltigung von Inflation und Energiekrise sowie zur Sicherstellung von Energiesicherheit und unabh{\\\\\\\"a}ngigkeit, der Ausbau der CO2-Bepreisung auf EU-Ebene und die Zukunft der europ{\\\\\\\"a}ischen Fiskalregeln.\\\",<\\\/div><div>  keywords = \\\"Inflation, Krisenmanagement, Verschuldung, Energiepolitik, Fiskalpolitik, Geldpolitik\\\",<\\\/div><div>  author   = \\\"Stefan Ederer and Angela K{\\\\\\\"o}ppl and Margit Schratzenstaller\\\",<\\\/div><div>  note     = \\\"Europ{\\\\\\\"a}ische Wirtschaftspolitik\\\",<\\\/div><div>  year     = \\\"2023\\\",<\\\/div><div>  month    = mar,<\\\/div><div>  language = \\\"Deutsch\\\",<\\\/div><div>  volume   = \\\"96\\\",<\\\/div><div>  pages    = \\\"153--165\\\",<\\\/div><div>  journal  = \\\"WIFO-Monatsberichte\\\",<\\\/div><p>}<\\\/p><\\\/div>\",\"ris\":\"<div class=\\\"rendering rendering_researchoutput  rendering_researchoutput_ris rendering_contributiontoperiodical rendering_ris rendering_contributiontoperiodical_ris\\\"><p>TY  - GEN<\\\/p><p>T1  - Europ\u00e4ische Wirtschafts- und Fiskalpolitik 2022\\\/23<\\\/p><p>T2  - Gro\u00dfe Herausforderungen durch Inflation und Energiekrise<\\\/p><p>AU  - Ederer, Stefan<\\\/p><p>AU  - K\u00f6ppl, Angela<\\\/p><p>AU  - Schratzenstaller, Margit<\\\/p><p>N1  - Europ\u00e4ische Wirtschaftspolitik<\\\/p><p>PY  - 2023\\\/3<\\\/p><p>Y1  - 2023\\\/3<\\\/p><p>N2  - Im Jahr 2022 waren Wirtschaftsentwicklung und Wirtschaftspolitik in der EU prim\u00e4r durch den russischen \u00dcberfall auf die Ukraine im Februar 2022 und die damit verbundene Teuerungs- und Energiekrise gepr\u00e4gt. Die Phase der kr\u00e4ftigen Konjunkturerholung ging im Sommer zu Ende. Die Hauptthemen der europ\u00e4ischen Wirtschafts- und Fiskalpolitik waren die Reaktion der Geldpolitik auf die sich seit Ende 2021 beschleunigende Inflation, Ma\u00dfnahmen auf nationaler und EU-Ebene zur Bew\u00e4ltigung von Inflation und Energiekrise sowie zur Sicherstellung von Energiesicherheit und  unabh\u00e4ngigkeit, der Ausbau der CO2-Bepreisung auf EU-Ebene und die Zukunft der europ\u00e4ischen Fiskalregeln.<\\\/p><p>AB  - Im Jahr 2022 waren Wirtschaftsentwicklung und Wirtschaftspolitik in der EU prim\u00e4r durch den russischen \u00dcberfall auf die Ukraine im Februar 2022 und die damit verbundene Teuerungs- und Energiekrise gepr\u00e4gt. Die Phase der kr\u00e4ftigen Konjunkturerholung ging im Sommer zu Ende. Die Hauptthemen der europ\u00e4ischen Wirtschafts- und Fiskalpolitik waren die Reaktion der Geldpolitik auf die sich seit Ende 2021 beschleunigende Inflation, Ma\u00dfnahmen auf nationaler und EU-Ebene zur Bew\u00e4ltigung von Inflation und Energiekrise sowie zur Sicherstellung von Energiesicherheit und  unabh\u00e4ngigkeit, der Ausbau der CO2-Bepreisung auf EU-Ebene und die Zukunft der europ\u00e4ischen Fiskalregeln.<\\\/p><p>KW  - Inflation<\\\/p><p>KW  -  Krisenmanagement<\\\/p><p>KW  -  Verschuldung<\\\/p><p>KW  -  Energiepolitik<\\\/p><p>KW  -  Fiskalpolitik<\\\/p><p>KW  -  Geldpolitik<\\\/p><p>M3  - WIFO-Schriftenreihen<\\\/p><p>VL  - 96<\\\/p><p>SP  - 153<\\\/p><p>EP  - 165<\\\/p><p>JO  - WIFO-Monatsberichte<\\\/p><p>JF  - WIFO-Monatsberichte<\\\/p><p>ER  - <\\\/p><\\\/div>\"}","scientific_assistance":"[]","scientific_review":"[]","version":"","release_date":null,"expiration_date":null,"surveyor":"","research_assistance":"","edv":"","additional_info_de":"","additional_info_en":""},"yoast_head":"<!-- This site is optimized with the Yoast SEO Premium plugin v28.3 (Yoast SEO v28.3) - https:\/\/yoast.com\/product\/yoast-seo-premium-wordpress\/ -->\n<title>European Economic and Fiscal Policy in 2022-23 - WIFO<\/title>\n<meta name=\"robots\" content=\"index, follow, max-snippet:-1, max-image-preview:large, max-video-preview:-1\" \/>\n<link rel=\"canonical\" href=\"https:\/\/www.wifo.ac.at\/en\/publication\/48526\/\" \/>\n<meta property=\"og:locale\" content=\"en_US\" \/>\n<meta property=\"og:type\" content=\"article\" \/>\n<meta property=\"og:title\" content=\"European Economic and Fiscal Policy in 2022-23\" \/>\n<meta property=\"og:url\" content=\"https:\/\/www.wifo.ac.at\/en\/publication\/48526\/\" \/>\n<meta property=\"og:site_name\" content=\"WIFO\" \/>\n<meta property=\"article:publisher\" content=\"https:\/\/www.facebook.com\/WIFOat\/\" \/>\n<meta property=\"article:modified_time\" content=\"2025-07-08T15:52:44+00:00\" \/>\n<meta property=\"og:image\" content=\"https:\/\/www.wifo.ac.at\/wp-content\/uploads\/2024\/05\/WIFO-Gebaeude-FotoAlexanderMueller-www.alexandermueller.at-IMG_6326-Bearbeitet-1.jpg\" \/>\n\t<meta property=\"og:image:width\" content=\"1920\" \/>\n\t<meta property=\"og:image:height\" content=\"1280\" \/>\n\t<meta property=\"og:image:type\" content=\"image\/jpeg\" \/>\n<meta name=\"twitter:card\" content=\"summary_large_image\" \/>\n<meta name=\"twitter:site\" content=\"@WIFOat\" \/>\n<script type=\"application\/ld+json\" class=\"yoast-schema-graph\">{\"@context\":\"https:\\\/\\\/schema.org\",\"@graph\":[{\"@type\":\"WebPage\",\"@id\":\"https:\\\/\\\/www.wifo.ac.at\\\/en\\\/publication\\\/48526\\\/\",\"url\":\"https:\\\/\\\/www.wifo.ac.at\\\/en\\\/publication\\\/48526\\\/\",\"name\":\"European Economic and Fiscal Policy in 2022-23 - WIFO\",\"isPartOf\":{\"@id\":\"https:\\\/\\\/www.wifo.ac.at\\\/en\\\/#website\"},\"datePublished\":\"2023-11-20T14:38:58+00:00\",\"dateModified\":\"2025-07-08T15:52:44+00:00\",\"breadcrumb\":{\"@id\":\"https:\\\/\\\/www.wifo.ac.at\\\/en\\\/publication\\\/48526\\\/#breadcrumb\"},\"inLanguage\":\"en-US\",\"potentialAction\":[{\"@type\":\"ReadAction\",\"target\":[\"https:\\\/\\\/www.wifo.ac.at\\\/en\\\/publication\\\/48526\\\/\"]}]},{\"@type\":\"BreadcrumbList\",\"@id\":\"https:\\\/\\\/www.wifo.ac.at\\\/en\\\/publication\\\/48526\\\/#breadcrumb\",\"itemListElement\":[{\"@type\":\"ListItem\",\"position\":1,\"name\":\"Startseite\",\"item\":\"https:\\\/\\\/www.wifo.ac.at\\\/en\\\/\"},{\"@type\":\"ListItem\",\"position\":2,\"name\":\"European Economic and Fiscal Policy in 2022-23\"}]},{\"@type\":\"WebSite\",\"@id\":\"https:\\\/\\\/www.wifo.ac.at\\\/en\\\/#website\",\"url\":\"https:\\\/\\\/www.wifo.ac.at\\\/en\\\/\",\"name\":\"\u00d6sterreichisches Institut f\u00fcr Wirtschaftsforschung\",\"description\":\"\",\"publisher\":{\"@id\":\"https:\\\/\\\/www.wifo.ac.at\\\/en\\\/#organization\"},\"alternateName\":\"WIFO\",\"potentialAction\":[{\"@type\":\"SearchAction\",\"target\":{\"@type\":\"EntryPoint\",\"urlTemplate\":\"https:\\\/\\\/www.wifo.ac.at\\\/en\\\/?s={search_term_string}\"},\"query-input\":{\"@type\":\"PropertyValueSpecification\",\"valueRequired\":true,\"valueName\":\"search_term_string\"}}],\"inLanguage\":\"en-US\"},{\"@type\":\"Organization\",\"@id\":\"https:\\\/\\\/www.wifo.ac.at\\\/en\\\/#organization\",\"name\":\"\u00d6sterreichisches Institut f\u00fcr Wirtschaftsforschung\",\"alternateName\":\"WIFO\",\"url\":\"https:\\\/\\\/www.wifo.ac.at\\\/en\\\/\",\"logo\":{\"@type\":\"ImageObject\",\"inLanguage\":\"en-US\",\"@id\":\"https:\\\/\\\/www.wifo.ac.at\\\/en\\\/#\\\/schema\\\/logo\\\/image\\\/\",\"url\":\"https:\\\/\\\/www.wifo.ac.at\\\/wp-content\\\/uploads\\\/2024\\\/05\\\/WIFO_kurz_rechts-2-1920x412.jpg\",\"contentUrl\":\"https:\\\/\\\/www.wifo.ac.at\\\/wp-content\\\/uploads\\\/2024\\\/05\\\/WIFO_kurz_rechts-2-1920x412.jpg\",\"width\":2000,\"height\":429,\"caption\":\"\u00d6sterreichisches Institut f\u00fcr Wirtschaftsforschung\"},\"image\":{\"@id\":\"https:\\\/\\\/www.wifo.ac.at\\\/en\\\/#\\\/schema\\\/logo\\\/image\\\/\"},\"sameAs\":[\"https:\\\/\\\/www.facebook.com\\\/WIFOat\\\/\",\"https:\\\/\\\/x.com\\\/WIFOat\",\"https:\\\/\\\/linkedin.com\\\/company\\\/wifoat\\\/\",\"https:\\\/\\\/www.youtube.com\\\/@WIFO_at\"],\"description\":\"Das WIFO, 1927 von Friedrich August von Hayek und Ludwig von Mises zur Konjunkturanalyse gegr\u00fcndet, ist heute das f\u00fchrende Institut f\u00fcr angewandte empirische Wirtschaftsforschung in \u00d6sterreich mit starkem Engagement auf europ\u00e4ischer Ebene.\",\"email\":\"office@wifo.ac.at\",\"telephone\":\"+43 1 798 26 01 \u2013 0\",\"legalName\":\"\u00d6sterreichisches Institut f\u00fcr Wirtschaftsforschung\",\"foundingDate\":\"1927-01-02\",\"numberOfEmployees\":{\"@type\":\"QuantitativeValue\",\"minValue\":\"51\",\"maxValue\":\"200\"},\"publishingPrinciples\":\"https:\\\/\\\/www.wifo.ac.at\\\/institut\\\/mission-und-strategie\\\/\",\"ownershipFundingInfo\":\"https:\\\/\\\/www.wifo.ac.at\\\/institut\\\/organisation\\\/\",\"actionableFeedbackPolicy\":\"https:\\\/\\\/www.wifo.ac.at\\\/aktuelles\\\/presse\\\/\",\"correctionsPolicy\":\"https:\\\/\\\/www.wifo.ac.at\\\/institut\\\/kontakt\\\/\",\"ethicsPolicy\":\"https:\\\/\\\/www.wifo.ac.at\\\/institut\\\/evidenzbasierung-transparenz-und-unabhaengigkeit\\\/\",\"diversityPolicy\":\"https:\\\/\\\/www.wifo.ac.at\\\/institut\\\/gleichstellung\\\/\",\"diversityStaffingReport\":\"https:\\\/\\\/www.wifo.ac.at\\\/institut\\\/gleichstellung\\\/\"}]}<\/script>\n<!-- \/ Yoast SEO Premium plugin. -->","yoast_head_json":{"title":"European Economic and Fiscal Policy in 2022-23 - WIFO","robots":{"index":"index","follow":"follow","max-snippet":"max-snippet:-1","max-image-preview":"max-image-preview:large","max-video-preview":"max-video-preview:-1"},"canonical":"https:\/\/www.wifo.ac.at\/en\/publication\/48526\/","og_locale":"en_US","og_type":"article","og_title":"European Economic and Fiscal Policy in 2022-23","og_url":"https:\/\/www.wifo.ac.at\/en\/publication\/48526\/","og_site_name":"WIFO","article_publisher":"https:\/\/www.facebook.com\/WIFOat\/","article_modified_time":"2025-07-08T15:52:44+00:00","og_image":[{"width":1920,"height":1280,"url":"https:\/\/www.wifo.ac.at\/wp-content\/uploads\/2024\/05\/WIFO-Gebaeude-FotoAlexanderMueller-www.alexandermueller.at-IMG_6326-Bearbeitet-1.jpg","type":"image\/jpeg"}],"twitter_card":"summary_large_image","twitter_site":"@WIFOat","schema":{"@context":"https:\/\/schema.org","@graph":[{"@type":"WebPage","@id":"https:\/\/www.wifo.ac.at\/en\/publication\/48526\/","url":"https:\/\/www.wifo.ac.at\/en\/publication\/48526\/","name":"European Economic and Fiscal Policy in 2022-23 - WIFO","isPartOf":{"@id":"https:\/\/www.wifo.ac.at\/en\/#website"},"datePublished":"2023-11-20T14:38:58+00:00","dateModified":"2025-07-08T15:52:44+00:00","breadcrumb":{"@id":"https:\/\/www.wifo.ac.at\/en\/publication\/48526\/#breadcrumb"},"inLanguage":"en-US","potentialAction":[{"@type":"ReadAction","target":["https:\/\/www.wifo.ac.at\/en\/publication\/48526\/"]}]},{"@type":"BreadcrumbList","@id":"https:\/\/www.wifo.ac.at\/en\/publication\/48526\/#breadcrumb","itemListElement":[{"@type":"ListItem","position":1,"name":"Startseite","item":"https:\/\/www.wifo.ac.at\/en\/"},{"@type":"ListItem","position":2,"name":"European Economic and Fiscal Policy in 2022-23"}]},{"@type":"WebSite","@id":"https:\/\/www.wifo.ac.at\/en\/#website","url":"https:\/\/www.wifo.ac.at\/en\/","name":"\u00d6sterreichisches Institut f\u00fcr Wirtschaftsforschung","description":"","publisher":{"@id":"https:\/\/www.wifo.ac.at\/en\/#organization"},"alternateName":"WIFO","potentialAction":[{"@type":"SearchAction","target":{"@type":"EntryPoint","urlTemplate":"https:\/\/www.wifo.ac.at\/en\/?s={search_term_string}"},"query-input":{"@type":"PropertyValueSpecification","valueRequired":true,"valueName":"search_term_string"}}],"inLanguage":"en-US"},{"@type":"Organization","@id":"https:\/\/www.wifo.ac.at\/en\/#organization","name":"\u00d6sterreichisches Institut f\u00fcr Wirtschaftsforschung","alternateName":"WIFO","url":"https:\/\/www.wifo.ac.at\/en\/","logo":{"@type":"ImageObject","inLanguage":"en-US","@id":"https:\/\/www.wifo.ac.at\/en\/#\/schema\/logo\/image\/","url":"https:\/\/www.wifo.ac.at\/wp-content\/uploads\/2024\/05\/WIFO_kurz_rechts-2-1920x412.jpg","contentUrl":"https:\/\/www.wifo.ac.at\/wp-content\/uploads\/2024\/05\/WIFO_kurz_rechts-2-1920x412.jpg","width":2000,"height":429,"caption":"\u00d6sterreichisches Institut f\u00fcr Wirtschaftsforschung"},"image":{"@id":"https:\/\/www.wifo.ac.at\/en\/#\/schema\/logo\/image\/"},"sameAs":["https:\/\/www.facebook.com\/WIFOat\/","https:\/\/x.com\/WIFOat","https:\/\/linkedin.com\/company\/wifoat\/","https:\/\/www.youtube.com\/@WIFO_at"],"description":"Das WIFO, 1927 von Friedrich August von Hayek und Ludwig von Mises zur Konjunkturanalyse gegr\u00fcndet, ist heute das f\u00fchrende Institut f\u00fcr angewandte empirische Wirtschaftsforschung in \u00d6sterreich mit starkem Engagement auf europ\u00e4ischer Ebene.","email":"office@wifo.ac.at","telephone":"+43 1 798 26 01 \u2013 0","legalName":"\u00d6sterreichisches Institut f\u00fcr Wirtschaftsforschung","foundingDate":"1927-01-02","numberOfEmployees":{"@type":"QuantitativeValue","minValue":"51","maxValue":"200"},"publishingPrinciples":"https:\/\/www.wifo.ac.at\/institut\/mission-und-strategie\/","ownershipFundingInfo":"https:\/\/www.wifo.ac.at\/institut\/organisation\/","actionableFeedbackPolicy":"https:\/\/www.wifo.ac.at\/aktuelles\/presse\/","correctionsPolicy":"https:\/\/www.wifo.ac.at\/institut\/kontakt\/","ethicsPolicy":"https:\/\/www.wifo.ac.at\/institut\/evidenzbasierung-transparenz-und-unabhaengigkeit\/","diversityPolicy":"https:\/\/www.wifo.ac.at\/institut\/gleichstellung\/","diversityStaffingReport":"https:\/\/www.wifo.ac.at\/institut\/gleichstellung\/"}]}},"_links":{"self":[{"href":"https:\/\/www.wifo.ac.at\/en\/wp-json\/wp\/v2\/publication\/48526","targetHints":{"allow":["GET"]}}],"collection":[{"href":"https:\/\/www.wifo.ac.at\/en\/wp-json\/wp\/v2\/publication"}],"about":[{"href":"https:\/\/www.wifo.ac.at\/en\/wp-json\/wp\/v2\/types\/publication"}],"version-history":[{"count":1,"href":"https:\/\/www.wifo.ac.at\/en\/wp-json\/wp\/v2\/publication\/48526\/revisions"}],"predecessor-version":[{"id":428699,"href":"https:\/\/www.wifo.ac.at\/en\/wp-json\/wp\/v2\/publication\/48526\/revisions\/428699"}],"acf:post":[{"embeddable":true,"href":"https:\/\/www.wifo.ac.at\/en\/wp-json\/wp\/v2\/topic\/42631"},{"embeddable":true,"href":"https:\/\/www.wifo.ac.at\/en\/wp-json\/wp\/v2\/person\/3830"},{"embeddable":true,"href":"https:\/\/www.wifo.ac.at\/en\/wp-json\/wp\/v2\/person\/3671"},{"embeddable":true,"href":"https:\/\/www.wifo.ac.at\/en\/wp-json\/wp\/v2\/person\/3567"},{"embeddable":true,"href":"https:\/\/www.wifo.ac.at\/en\/wp-json\/wp\/v2\/research_group\/3655"},{"embeddable":true,"href":"https:\/\/www.wifo.ac.at\/en\/wp-json\/wp\/v2\/research_group\/3500"},{"embeddable":true,"href":"https:\/\/www.wifo.ac.at\/en\/wp-json\/wp\/v2\/publication_type\/44312"}],"wp:attachment":[{"href":"https:\/\/www.wifo.ac.at\/en\/wp-json\/wp\/v2\/media?parent=48526"}],"curies":[{"name":"wp","href":"https:\/\/api.w.org\/{rel}","templated":true}]}}