{"id":448429,"date":"2026-05-27T10:36:44","date_gmt":"2026-05-27T08:36:44","guid":{"rendered":"https:\/\/www.wifo.ac.at\/publication\/448429\/"},"modified":"2026-05-28T14:15:06","modified_gmt":"2026-05-28T12:15:06","slug":"economic-sentiment-remains-sceptical-despite-improvement","status":"publish","type":"publication","link":"https:\/\/www.wifo.ac.at\/en\/publication\/448429\/","title":{"rendered":"Economic Sentiment Remains Sceptical Despite Improvement"},"content":{"rendered":"","protected":false},"featured_media":0,"template":"","class_list":["post-448429","publication","type-publication","status-publish","hentry"],"acf":{"subtitle":"Results of the WIFO-Konjunkturtest (Business Cycle Survey) of May 2026","text":"The results of the WIFO-Konjunkturtest (business cycle survey) show a slight rise in business confidence in May. However, sentiment remains largely sceptical due to the war in Iran. The WIFO Economic Climate Index stood at \u20134.8 points (seasonally adjusted), 1.0 points above the April figure. Whilst assessments of the current situation are improving, price effects and uncertainties surrounding the war in Iran are weighing on economic expectations. Despite the rise in the index, companies in the manufacturing and retail sectors in particular remain sceptical. In the construction sector, there are signs of improvement in both current conditions and expectations. Corporate demand for credit has declined slightly compared with the previous quarter. Banks' willingness to lend has improved slightly, though the majority of companies still regard it as restrictive.","onlinedate":"2026-05-28 14:00:00","lang":"German","publication_series":"","publication_date":"20260528","publication_date_year":"","publication_date_full":true,"publication_num_pages":"","keywords":"[\"KT_Aktuell\"]","jelcodes":"[]","related_publications":"[]","pdf":448559,"zip":null,"link":"","monthly_report":true,"monthly_report_main":false,"monthly_report_volume":"","monthly_report_pages":"","monthly_report_pages_sort":"0","issue":"5","journal":"WIFO-Konjunkturtest","publisher":"","invisible":false,"external":false,"embargo_date":"2026-05-28 14:00:00","types":[44466],"research_groups":[3491,3500,3481],"collaboration":"","persons":[3607,3537,3731,3488],"persons_data":"[{\"personId\":3607,\"personName\":\"Werner H\u00f6lzl\",\"organisationNames\":[]},{\"personId\":3537,\"personName\":\"J\u00fcrgen Bierbaumer\",\"organisationNames\":[]},{\"personId\":3731,\"personName\":\"Michael Klien\",\"organisationNames\":[]},{\"personId\":3488,\"personName\":\"Agnes K\u00fcgler\",\"organisationNames\":[]}]","clients":[10704],"subclients":[],"partners":[],"topics":[],"host_publication_title":"","host_publication_subtitle":"","place_of_publication":"","host_publication_editors":"[]","type_description":"","output_media":"","chapter":"","article_number":"","citations":"{\"apa\":\"<div class=\\\"rendering rendering_researchoutput  rendering_researchoutput_apa rendering_contributiontoperiodical rendering_apa rendering_contributiontoperiodical_apa\\\"><span>H\u00f6lzl, W.<\\\/span><span>, Bierbaumer, J.<\\\/span><span>, Klien, M.<\\\/span><span>, &amp; K\u00fcgler, A.<\\\/span> (2026). <span>Konjunkturstimmung trotz Verbesserung weiterhin skeptisch: Ergebnisse des WIFO-Konjunkturtests vom Mai 2026<\\\/span>. <span><em>WIFO-Konjunkturtest<\\\/em><\\\/span>, (5).<\\\/div>\",\"vancouver\":\"<div class=\\\"rendering rendering_researchoutput  rendering_researchoutput_vancouver rendering_contributiontoperiodical rendering_vancouver rendering_contributiontoperiodical_vancouver\\\"><span>H\u00f6lzl W<\\\/span><span>, Bierbaumer J<\\\/span><span>, Klien M<\\\/span><span>, K\u00fcgler A<\\\/span>. <span class=\\\"title\\\"><span>Konjunkturstimmung trotz Verbesserung weiterhin skeptisch: <span class=\\\"subtitle\\\">Ergebnisse des WIFO-Konjunkturtests vom Mai 2026<\\\/span><\\\/span><\\\/span>. <span>WIFO-Konjunkturtest<\\\/span>. 2026 May 28;(5).<\\\/div>\",\"bibtex\":\"<div class=\\\"rendering rendering_researchoutput  rendering_researchoutput_bibtex rendering_contributiontoperiodical rendering_bibtex rendering_contributiontoperiodical_bibtex\\\"><div>@misc{9a5b54d22caa421582d57317ecc7697d,<\\\/div><div>  title    = \\\"Konjunkturstimmung trotz Verbesserung weiterhin skeptisch: Ergebnisse des WIFO-Konjunkturtests vom Mai 2026\\\",<\\\/div><div>  abstract = \\\"Die Ergebnisse des WIFO-Konjunkturtests zeigen im Mai einen leichten Anstieg der unternehmerischen Konjunktureinsch{\\\\\\\"a}tzungen. Aufgrund des Iran-Krieges bleibt die Stimmung aber mehrheitlich skeptisch. Der WIFO-Konjunkturklimaindex notierte mit \u20134,8 Punkten (saisonbereinigt) 1,0 Punkte {\\\\\\\"u}ber dem Wert vom April. W{\\\\\\\"a}hrend sich die Lageeinsch{\\\\\\\"a}tzungen verbessern, dr{\\\\\\\"u}cken die Preiseffekte und Unsicherheiten des Iran-Krieges auf die Konjunkturerwartungen. Trotz des Indexanstiegs bleiben insbesondere die Unternehmen in der Sachg{\\\\\\\"u}tererzeugung und im Einzelhandel skeptisch. In der Bauwirtschaft zeigt sich eine Verbesserung von Lage- und Erwartungsindikatoren. Die Kreditnachfrage der Unternehmen ist im Quartalsvergleich leicht zur{\\\\\\\"u}ckgegangen. Die Bereitschaft der Banken zur Kreditvergabe hat sich leicht verbessert, wird von den Unternehmen aber mehrheitlich als restriktiv beurteilt.\\\",<\\\/div><div>  keywords = \\\"KT\\\\_Aktuell, KT\\\\_Aktuell\\\",<\\\/div><div>  author   = \\\"Werner H{\\\\\\\"o}lzl and J{\\\\\\\"u}rgen Bierbaumer and Michael Klien and Agnes K{\\\\\\\"u}gler\\\",<\\\/div><div>  year     = \\\"2026\\\",<\\\/div><div>  month    = may,<\\\/div><div>  day      = \\\"28\\\",<\\\/div><div>  language = \\\"Deutsch\\\",<\\\/div><div>  journal  = \\\"WIFO-Konjunkturtest\\\",<\\\/div><p>}<\\\/p><\\\/div>\",\"ris\":\"<div class=\\\"rendering rendering_researchoutput  rendering_researchoutput_ris rendering_contributiontoperiodical rendering_ris rendering_contributiontoperiodical_ris\\\"><p>TY  - GEN<\\\/p><p>T1  - Konjunkturstimmung trotz Verbesserung weiterhin skeptisch<\\\/p><p>T2  - Ergebnisse des WIFO-Konjunkturtests vom Mai 2026<\\\/p><p>AU  - H\u00f6lzl, Werner<\\\/p><p>AU  - Bierbaumer, J\u00fcrgen<\\\/p><p>AU  - Klien, Michael<\\\/p><p>AU  - K\u00fcgler, Agnes<\\\/p><p>PY  - 2026\\\/5\\\/28<\\\/p><p>Y1  - 2026\\\/5\\\/28<\\\/p><p>N2  - Die Ergebnisse des WIFO-Konjunkturtests zeigen im Mai einen leichten Anstieg der unternehmerischen Konjunktureinsch\u00e4tzungen. Aufgrund des Iran-Krieges bleibt die Stimmung aber mehrheitlich skeptisch. Der WIFO-Konjunkturklimaindex notierte mit \u20134,8 Punkten (saisonbereinigt) 1,0 Punkte \u00fcber dem Wert vom April. W\u00e4hrend sich die Lageeinsch\u00e4tzungen verbessern, dr\u00fccken die Preiseffekte und Unsicherheiten des Iran-Krieges auf die Konjunkturerwartungen. Trotz des Indexanstiegs bleiben insbesondere die Unternehmen in der Sachg\u00fctererzeugung und im Einzelhandel skeptisch. In der Bauwirtschaft zeigt sich eine Verbesserung von Lage- und Erwartungsindikatoren. Die Kreditnachfrage der Unternehmen ist im Quartalsvergleich leicht zur\u00fcckgegangen. Die Bereitschaft der Banken zur Kreditvergabe hat sich leicht verbessert, wird von den Unternehmen aber mehrheitlich als restriktiv beurteilt.<\\\/p><p>AB  - Die Ergebnisse des WIFO-Konjunkturtests zeigen im Mai einen leichten Anstieg der unternehmerischen Konjunktureinsch\u00e4tzungen. Aufgrund des Iran-Krieges bleibt die Stimmung aber mehrheitlich skeptisch. Der WIFO-Konjunkturklimaindex notierte mit \u20134,8 Punkten (saisonbereinigt) 1,0 Punkte \u00fcber dem Wert vom April. W\u00e4hrend sich die Lageeinsch\u00e4tzungen verbessern, dr\u00fccken die Preiseffekte und Unsicherheiten des Iran-Krieges auf die Konjunkturerwartungen. Trotz des Indexanstiegs bleiben insbesondere die Unternehmen in der Sachg\u00fctererzeugung und im Einzelhandel skeptisch. In der Bauwirtschaft zeigt sich eine Verbesserung von Lage- und Erwartungsindikatoren. Die Kreditnachfrage der Unternehmen ist im Quartalsvergleich leicht zur\u00fcckgegangen. Die Bereitschaft der Banken zur Kreditvergabe hat sich leicht verbessert, wird von den Unternehmen aber mehrheitlich als restriktiv beurteilt.<\\\/p><p>KW  - KT_Aktuell<\\\/p><p>KW  - KT_Aktuell<\\\/p><p>M3  - WIFO-Schriftenreihen<\\\/p><p>JO  - WIFO-Konjunkturtest<\\\/p><p>JF  - WIFO-Konjunkturtest<\\\/p><p>ER  - <\\\/p><\\\/div>\"}","scientific_assistance":"[\"Agnezy Birgit\"]","scientific_review":"[\"Bilek-Steindl Sandra\"]","version":"","release_date":null,"expiration_date":null,"surveyor":"","research_assistance":"","edv":"","additional_info_de":"","additional_info_en":""},"yoast_head":"<!-- This site is optimized with the Yoast SEO Premium plugin v28.3 (Yoast SEO v28.3) - https:\/\/yoast.com\/product\/yoast-seo-premium-wordpress\/ -->\n<title>Economic Sentiment Remains Sceptical Despite Improvement - WIFO<\/title>\n<meta name=\"robots\" content=\"index, follow, max-snippet:-1, max-image-preview:large, max-video-preview:-1\" \/>\n<link rel=\"canonical\" href=\"https:\/\/www.wifo.ac.at\/en\/publication\/448429\/\" \/>\n<meta property=\"og:locale\" content=\"en_US\" \/>\n<meta property=\"og:type\" content=\"article\" \/>\n<meta property=\"og:title\" content=\"Economic Sentiment Remains Sceptical Despite Improvement\" \/>\n<meta property=\"og:url\" content=\"https:\/\/www.wifo.ac.at\/en\/publication\/448429\/\" \/>\n<meta property=\"og:site_name\" content=\"WIFO\" \/>\n<meta property=\"article:publisher\" content=\"https:\/\/www.facebook.com\/WIFOat\/\" \/>\n<meta property=\"article:modified_time\" content=\"2026-05-28T12:15:06+00:00\" \/>\n<meta property=\"og:image\" content=\"https:\/\/www.wifo.ac.at\/wp-content\/uploads\/2024\/05\/WIFO-Gebaeude-FotoAlexanderMueller-www.alexandermueller.at-IMG_6326-Bearbeitet-1.jpg\" \/>\n\t<meta property=\"og:image:width\" content=\"1920\" \/>\n\t<meta property=\"og:image:height\" content=\"1280\" \/>\n\t<meta property=\"og:image:type\" content=\"image\/jpeg\" \/>\n<meta name=\"twitter:card\" content=\"summary_large_image\" \/>\n<meta name=\"twitter:site\" content=\"@WIFOat\" \/>\n<script type=\"application\/ld+json\" class=\"yoast-schema-graph\">{\"@context\":\"https:\\\/\\\/schema.org\",\"@graph\":[{\"@type\":\"WebPage\",\"@id\":\"https:\\\/\\\/www.wifo.ac.at\\\/en\\\/publication\\\/448429\\\/\",\"url\":\"https:\\\/\\\/www.wifo.ac.at\\\/en\\\/publication\\\/448429\\\/\",\"name\":\"Economic Sentiment Remains Sceptical Despite Improvement - WIFO\",\"isPartOf\":{\"@id\":\"https:\\\/\\\/www.wifo.ac.at\\\/en\\\/#website\"},\"datePublished\":\"2026-05-27T08:36:44+00:00\",\"dateModified\":\"2026-05-28T12:15:06+00:00\",\"breadcrumb\":{\"@id\":\"https:\\\/\\\/www.wifo.ac.at\\\/en\\\/publication\\\/448429\\\/#breadcrumb\"},\"inLanguage\":\"en-US\",\"potentialAction\":[{\"@type\":\"ReadAction\",\"target\":[\"https:\\\/\\\/www.wifo.ac.at\\\/en\\\/publication\\\/448429\\\/\"]}]},{\"@type\":\"BreadcrumbList\",\"@id\":\"https:\\\/\\\/www.wifo.ac.at\\\/en\\\/publication\\\/448429\\\/#breadcrumb\",\"itemListElement\":[{\"@type\":\"ListItem\",\"position\":1,\"name\":\"Startseite\",\"item\":\"https:\\\/\\\/www.wifo.ac.at\\\/en\\\/\"},{\"@type\":\"ListItem\",\"position\":2,\"name\":\"Economic Sentiment Remains Sceptical Despite Improvement\"}]},{\"@type\":\"WebSite\",\"@id\":\"https:\\\/\\\/www.wifo.ac.at\\\/en\\\/#website\",\"url\":\"https:\\\/\\\/www.wifo.ac.at\\\/en\\\/\",\"name\":\"\u00d6sterreichisches Institut f\u00fcr Wirtschaftsforschung\",\"description\":\"\",\"publisher\":{\"@id\":\"https:\\\/\\\/www.wifo.ac.at\\\/en\\\/#organization\"},\"alternateName\":\"WIFO\",\"potentialAction\":[{\"@type\":\"SearchAction\",\"target\":{\"@type\":\"EntryPoint\",\"urlTemplate\":\"https:\\\/\\\/www.wifo.ac.at\\\/en\\\/?s={search_term_string}\"},\"query-input\":{\"@type\":\"PropertyValueSpecification\",\"valueRequired\":true,\"valueName\":\"search_term_string\"}}],\"inLanguage\":\"en-US\"},{\"@type\":\"Organization\",\"@id\":\"https:\\\/\\\/www.wifo.ac.at\\\/en\\\/#organization\",\"name\":\"\u00d6sterreichisches Institut f\u00fcr Wirtschaftsforschung\",\"alternateName\":\"WIFO\",\"url\":\"https:\\\/\\\/www.wifo.ac.at\\\/en\\\/\",\"logo\":{\"@type\":\"ImageObject\",\"inLanguage\":\"en-US\",\"@id\":\"https:\\\/\\\/www.wifo.ac.at\\\/en\\\/#\\\/schema\\\/logo\\\/image\\\/\",\"url\":\"https:\\\/\\\/www.wifo.ac.at\\\/wp-content\\\/uploads\\\/2024\\\/05\\\/WIFO_kurz_rechts-2-1920x412.jpg\",\"contentUrl\":\"https:\\\/\\\/www.wifo.ac.at\\\/wp-content\\\/uploads\\\/2024\\\/05\\\/WIFO_kurz_rechts-2-1920x412.jpg\",\"width\":2000,\"height\":429,\"caption\":\"\u00d6sterreichisches Institut f\u00fcr Wirtschaftsforschung\"},\"image\":{\"@id\":\"https:\\\/\\\/www.wifo.ac.at\\\/en\\\/#\\\/schema\\\/logo\\\/image\\\/\"},\"sameAs\":[\"https:\\\/\\\/www.facebook.com\\\/WIFOat\\\/\",\"https:\\\/\\\/x.com\\\/WIFOat\",\"https:\\\/\\\/linkedin.com\\\/company\\\/wifoat\\\/\",\"https:\\\/\\\/www.youtube.com\\\/@WIFO_at\"],\"description\":\"Das WIFO, 1927 von Friedrich August von Hayek und Ludwig von Mises zur Konjunkturanalyse gegr\u00fcndet, ist heute das f\u00fchrende Institut f\u00fcr angewandte empirische Wirtschaftsforschung in \u00d6sterreich mit starkem Engagement auf europ\u00e4ischer Ebene.\",\"email\":\"office@wifo.ac.at\",\"telephone\":\"+43 1 798 26 01 \u2013 0\",\"legalName\":\"\u00d6sterreichisches Institut f\u00fcr Wirtschaftsforschung\",\"foundingDate\":\"1927-01-02\",\"numberOfEmployees\":{\"@type\":\"QuantitativeValue\",\"minValue\":\"51\",\"maxValue\":\"200\"},\"publishingPrinciples\":\"https:\\\/\\\/www.wifo.ac.at\\\/institut\\\/mission-und-strategie\\\/\",\"ownershipFundingInfo\":\"https:\\\/\\\/www.wifo.ac.at\\\/institut\\\/organisation\\\/\",\"actionableFeedbackPolicy\":\"https:\\\/\\\/www.wifo.ac.at\\\/aktuelles\\\/presse\\\/\",\"correctionsPolicy\":\"https:\\\/\\\/www.wifo.ac.at\\\/institut\\\/kontakt\\\/\",\"ethicsPolicy\":\"https:\\\/\\\/www.wifo.ac.at\\\/institut\\\/evidenzbasierung-transparenz-und-unabhaengigkeit\\\/\",\"diversityPolicy\":\"https:\\\/\\\/www.wifo.ac.at\\\/institut\\\/gleichstellung\\\/\",\"diversityStaffingReport\":\"https:\\\/\\\/www.wifo.ac.at\\\/institut\\\/gleichstellung\\\/\"}]}<\/script>\n<!-- \/ Yoast SEO Premium plugin. -->","yoast_head_json":{"title":"Economic Sentiment Remains Sceptical Despite Improvement - WIFO","robots":{"index":"index","follow":"follow","max-snippet":"max-snippet:-1","max-image-preview":"max-image-preview:large","max-video-preview":"max-video-preview:-1"},"canonical":"https:\/\/www.wifo.ac.at\/en\/publication\/448429\/","og_locale":"en_US","og_type":"article","og_title":"Economic Sentiment Remains Sceptical Despite Improvement","og_url":"https:\/\/www.wifo.ac.at\/en\/publication\/448429\/","og_site_name":"WIFO","article_publisher":"https:\/\/www.facebook.com\/WIFOat\/","article_modified_time":"2026-05-28T12:15:06+00:00","og_image":[{"width":1920,"height":1280,"url":"https:\/\/www.wifo.ac.at\/wp-content\/uploads\/2024\/05\/WIFO-Gebaeude-FotoAlexanderMueller-www.alexandermueller.at-IMG_6326-Bearbeitet-1.jpg","type":"image\/jpeg"}],"twitter_card":"summary_large_image","twitter_site":"@WIFOat","schema":{"@context":"https:\/\/schema.org","@graph":[{"@type":"WebPage","@id":"https:\/\/www.wifo.ac.at\/en\/publication\/448429\/","url":"https:\/\/www.wifo.ac.at\/en\/publication\/448429\/","name":"Economic Sentiment Remains Sceptical Despite Improvement - WIFO","isPartOf":{"@id":"https:\/\/www.wifo.ac.at\/en\/#website"},"datePublished":"2026-05-27T08:36:44+00:00","dateModified":"2026-05-28T12:15:06+00:00","breadcrumb":{"@id":"https:\/\/www.wifo.ac.at\/en\/publication\/448429\/#breadcrumb"},"inLanguage":"en-US","potentialAction":[{"@type":"ReadAction","target":["https:\/\/www.wifo.ac.at\/en\/publication\/448429\/"]}]},{"@type":"BreadcrumbList","@id":"https:\/\/www.wifo.ac.at\/en\/publication\/448429\/#breadcrumb","itemListElement":[{"@type":"ListItem","position":1,"name":"Startseite","item":"https:\/\/www.wifo.ac.at\/en\/"},{"@type":"ListItem","position":2,"name":"Economic Sentiment Remains Sceptical Despite Improvement"}]},{"@type":"WebSite","@id":"https:\/\/www.wifo.ac.at\/en\/#website","url":"https:\/\/www.wifo.ac.at\/en\/","name":"\u00d6sterreichisches Institut f\u00fcr Wirtschaftsforschung","description":"","publisher":{"@id":"https:\/\/www.wifo.ac.at\/en\/#organization"},"alternateName":"WIFO","potentialAction":[{"@type":"SearchAction","target":{"@type":"EntryPoint","urlTemplate":"https:\/\/www.wifo.ac.at\/en\/?s={search_term_string}"},"query-input":{"@type":"PropertyValueSpecification","valueRequired":true,"valueName":"search_term_string"}}],"inLanguage":"en-US"},{"@type":"Organization","@id":"https:\/\/www.wifo.ac.at\/en\/#organization","name":"\u00d6sterreichisches Institut f\u00fcr Wirtschaftsforschung","alternateName":"WIFO","url":"https:\/\/www.wifo.ac.at\/en\/","logo":{"@type":"ImageObject","inLanguage":"en-US","@id":"https:\/\/www.wifo.ac.at\/en\/#\/schema\/logo\/image\/","url":"https:\/\/www.wifo.ac.at\/wp-content\/uploads\/2024\/05\/WIFO_kurz_rechts-2-1920x412.jpg","contentUrl":"https:\/\/www.wifo.ac.at\/wp-content\/uploads\/2024\/05\/WIFO_kurz_rechts-2-1920x412.jpg","width":2000,"height":429,"caption":"\u00d6sterreichisches Institut f\u00fcr Wirtschaftsforschung"},"image":{"@id":"https:\/\/www.wifo.ac.at\/en\/#\/schema\/logo\/image\/"},"sameAs":["https:\/\/www.facebook.com\/WIFOat\/","https:\/\/x.com\/WIFOat","https:\/\/linkedin.com\/company\/wifoat\/","https:\/\/www.youtube.com\/@WIFO_at"],"description":"Das WIFO, 1927 von Friedrich August von Hayek und Ludwig von Mises zur Konjunkturanalyse gegr\u00fcndet, ist heute das f\u00fchrende Institut f\u00fcr angewandte empirische Wirtschaftsforschung in \u00d6sterreich mit starkem Engagement auf europ\u00e4ischer Ebene.","email":"office@wifo.ac.at","telephone":"+43 1 798 26 01 \u2013 0","legalName":"\u00d6sterreichisches Institut f\u00fcr Wirtschaftsforschung","foundingDate":"1927-01-02","numberOfEmployees":{"@type":"QuantitativeValue","minValue":"51","maxValue":"200"},"publishingPrinciples":"https:\/\/www.wifo.ac.at\/institut\/mission-und-strategie\/","ownershipFundingInfo":"https:\/\/www.wifo.ac.at\/institut\/organisation\/","actionableFeedbackPolicy":"https:\/\/www.wifo.ac.at\/aktuelles\/presse\/","correctionsPolicy":"https:\/\/www.wifo.ac.at\/institut\/kontakt\/","ethicsPolicy":"https:\/\/www.wifo.ac.at\/institut\/evidenzbasierung-transparenz-und-unabhaengigkeit\/","diversityPolicy":"https:\/\/www.wifo.ac.at\/institut\/gleichstellung\/","diversityStaffingReport":"https:\/\/www.wifo.ac.at\/institut\/gleichstellung\/"}]}},"_links":{"self":[{"href":"https:\/\/www.wifo.ac.at\/en\/wp-json\/wp\/v2\/publication\/448429","targetHints":{"allow":["GET"]}}],"collection":[{"href":"https:\/\/www.wifo.ac.at\/en\/wp-json\/wp\/v2\/publication"}],"about":[{"href":"https:\/\/www.wifo.ac.at\/en\/wp-json\/wp\/v2\/types\/publication"}],"version-history":[{"count":1,"href":"https:\/\/www.wifo.ac.at\/en\/wp-json\/wp\/v2\/publication\/448429\/revisions"}],"predecessor-version":[{"id":448430,"href":"https:\/\/www.wifo.ac.at\/en\/wp-json\/wp\/v2\/publication\/448429\/revisions\/448430"}],"acf:post":[{"embeddable":true,"href":"https:\/\/www.wifo.ac.at\/en\/wp-json\/wp\/v2\/client\/10704"},{"embeddable":true,"href":"https:\/\/www.wifo.ac.at\/en\/wp-json\/wp\/v2\/person\/3488"},{"embeddable":true,"href":"https:\/\/www.wifo.ac.at\/en\/wp-json\/wp\/v2\/person\/3731"},{"embeddable":true,"href":"https:\/\/www.wifo.ac.at\/en\/wp-json\/wp\/v2\/person\/3537"},{"embeddable":true,"href":"https:\/\/www.wifo.ac.at\/en\/wp-json\/wp\/v2\/person\/3607"},{"embeddable":true,"href":"https:\/\/www.wifo.ac.at\/en\/wp-json\/wp\/v2\/research_group\/3481"},{"embeddable":true,"href":"https:\/\/www.wifo.ac.at\/en\/wp-json\/wp\/v2\/research_group\/3500"},{"embeddable":true,"href":"https:\/\/www.wifo.ac.at\/en\/wp-json\/wp\/v2\/research_group\/3491"},{"embeddable":true,"href":"https:\/\/www.wifo.ac.at\/en\/wp-json\/wp\/v2\/publication_type\/44466"}],"wp:attachment":[{"href":"https:\/\/www.wifo.ac.at\/en\/wp-json\/wp\/v2\/media?parent=448429"}],"curies":[{"name":"wp","href":"https:\/\/api.w.org\/{rel}","templated":true}]}}