{"id":447252,"date":"2026-05-12T16:18:34","date_gmt":"2026-05-12T14:18:34","guid":{"rendered":"https:\/\/www.wifo.ac.at\/publication\/447252\/"},"modified":"2026-05-12T16:18:35","modified_gmt":"2026-05-12T14:18:35","slug":"wifo-monatsberichte-issue-7-2009","status":"publish","type":"publication","link":"https:\/\/www.wifo.ac.at\/en\/publication\/447252\/","title":{"rendered":"WIFO-Monatsberichte, issue 7\/2009"},"content":{"rendered":"","protected":false},"featured_media":0,"template":"","class_list":["post-447252","publication","type-publication","status-publish","hentry"],"acf":{"subtitle":"","text":"Marcus Scheiblecker, Ma\u00dfnahmen zur Konjunkturstabilisierung zeigen erste Wirkung. Prognose f\u00fcr 2009 und 2010 \u2022 Angelina Keil, Wirtschaftschronik. II. Quartal 2009 \u2022 Martin Falk, Andrea Kunnert, Gerhard Schwarz, Sachg\u00fctererzeugung plant 2009 markante K\u00fcrzung der Investitionen. Ergebnisse des WIFO-Investitionstests vom Fr\u00fchjahr 2009 \u2022 Daniela Kletzan-Slamanig, Angela K\u00f6ppl, Kurt Kratena, Ina Meyer, Franz Sinabell, Klimawandel und Energiewirtschaft: Schl\u00fcsselindikatoren und Auswirkungen der Wirtschaftskrise \u2022 Kurt Kratena, Ina Meyer, Michael W\u00fcger, \u00d6konomische, technologische und soziodemographische Einflussfaktoren der Energienachfrage \u2022 Daniela Kletzan-Slamanig, Angela K\u00f6ppl, \u00d6sterreichische Umwelttechnikindustrie: Entwicklung \u2013 Schwerpunkte \u2013 Innovationen","onlinedate":"2013-12-31 00:00:00","lang":"German","publication_series":"","publication_date":"20090701","publication_date_year":"","publication_date_full":false,"publication_num_pages":"99","keywords":"[]","jelcodes":"[]","related_publications":"[]","pdf":447254,"zip":null,"link":"","monthly_report":true,"monthly_report_main":true,"monthly_report_volume":"82","monthly_report_pages":"","monthly_report_pages_sort":"0","issue":"7","journal":"WIFO-Monatsberichte","publisher":"","invisible":false,"external":false,"embargo_date":null,"types":[44312],"research_groups":[],"collaboration":"","persons":[],"persons_data":"[]","clients":[],"subclients":[],"partners":[],"topics":[],"host_publication_title":"","host_publication_subtitle":"","place_of_publication":"","host_publication_editors":"[]","type_description":"","output_media":"","chapter":"","article_number":"","citations":"{\"apa\":\"<div class=\\\"rendering rendering_researchoutput  rendering_researchoutput_apa rendering_contributiontoperiodical rendering_apa rendering_contributiontoperiodical_apa\\\"><span>WIFO<\\\/span> (2009). <span>WIFO-Monatsberichte, Heft 7\\\/2009<\\\/span>. <span><em>WIFO-Monatsberichte<\\\/em><\\\/span>, <em>82<\\\/em>(7).<\\\/div>\",\"vancouver\":\"<div class=\\\"rendering rendering_researchoutput  rendering_researchoutput_vancouver rendering_contributiontoperiodical rendering_vancouver rendering_contributiontoperiodical_vancouver\\\"><span>WIFO<\\\/span>. <span class=\\\"title\\\"><span>WIFO-Monatsberichte, Heft 7\\\/2009<\\\/span><\\\/span>. <span>WIFO-Monatsberichte<\\\/span>. 2009 Jul;82(7).<\\\/div>\",\"bibtex\":\"<div class=\\\"rendering rendering_researchoutput  rendering_researchoutput_bibtex rendering_contributiontoperiodical rendering_bibtex rendering_contributiontoperiodical_bibtex\\\"><div>@misc{5892e6c525224547923a805f77d6ffe7,<\\\/div><div>  title    = \\\"WIFO-Monatsberichte, Heft 7\\\/2009\\\",<\\\/div><div>  abstract = \\\"Marcus Scheiblecker, Ma{\\\\ss}nahmen zur Konjunkturstabilisierung zeigen erste Wirkung. Prognose f{\\\\\\\"u}r 2009 und 2010 \u2022 Angelina Keil, Wirtschaftschronik. II. Quartal 2009 \u2022 Martin Falk, Andrea Kunnert, Gerhard Schwarz, Sachg{\\\\\\\"u}tererzeugung plant 2009 markante K{\\\\\\\"u}rzung der Investitionen. Ergebnisse des WIFO-Investitionstests vom Fr{\\\\\\\"u}hjahr 2009 \u2022 Daniela Kletzan-Slamanig, Angela K{\\\\\\\"o}ppl, Kurt Kratena, Ina Meyer, Franz Sinabell, Klimawandel und Energiewirtschaft: Schl{\\\\\\\"u}sselindikatoren und Auswirkungen der Wirtschaftskrise \u2022 Kurt Kratena, Ina Meyer, Michael W{\\\\\\\"u}ger, {\\\\\\\"O}konomische, technologische und soziodemographische Einflussfaktoren der Energienachfrage \u2022 Daniela Kletzan-Slamanig, Angela K{\\\\\\\"o}ppl, {\\\\\\\"O}sterreichische Umwelttechnikindustrie: Entwicklung \u2013 Schwerpunkte \u2013 Innovationen\\\",<\\\/div><div>  author   = \\\"WIFO\\\",<\\\/div><div>  year     = \\\"2009\\\",<\\\/div><div>  month    = jul,<\\\/div><div>  language = \\\"Deutsch\\\",<\\\/div><div>  volume   = \\\"82\\\",<\\\/div><div>  journal  = \\\"WIFO-Monatsberichte\\\",<\\\/div><p>}<\\\/p><\\\/div>\",\"ris\":\"<div class=\\\"rendering rendering_researchoutput  rendering_researchoutput_ris rendering_contributiontoperiodical rendering_ris rendering_contributiontoperiodical_ris\\\"><p>TY  - GEN<\\\/p><p>T1  - WIFO-Monatsberichte, Heft 7\\\/2009<\\\/p><p>AU  - WIFO, null<\\\/p><p>PY  - 2009\\\/7<\\\/p><p>Y1  - 2009\\\/7<\\\/p><p>N2  - Marcus Scheiblecker, Ma\u00dfnahmen zur Konjunkturstabilisierung zeigen erste Wirkung. Prognose f\u00fcr 2009 und 2010 \u2022 Angelina Keil, Wirtschaftschronik. II. Quartal 2009 \u2022 Martin Falk, Andrea Kunnert, Gerhard Schwarz, Sachg\u00fctererzeugung plant 2009 markante K\u00fcrzung der Investitionen. Ergebnisse des WIFO-Investitionstests vom Fr\u00fchjahr 2009 \u2022 Daniela Kletzan-Slamanig, Angela K\u00f6ppl, Kurt Kratena, Ina Meyer, Franz Sinabell, Klimawandel und Energiewirtschaft: Schl\u00fcsselindikatoren und Auswirkungen der Wirtschaftskrise \u2022 Kurt Kratena, Ina Meyer, Michael W\u00fcger, \u00d6konomische, technologische und soziodemographische Einflussfaktoren der Energienachfrage \u2022 Daniela Kletzan-Slamanig, Angela K\u00f6ppl, \u00d6sterreichische Umwelttechnikindustrie: Entwicklung \u2013 Schwerpunkte \u2013 Innovationen<\\\/p><p>AB  - Marcus Scheiblecker, Ma\u00dfnahmen zur Konjunkturstabilisierung zeigen erste Wirkung. Prognose f\u00fcr 2009 und 2010 \u2022 Angelina Keil, Wirtschaftschronik. II. Quartal 2009 \u2022 Martin Falk, Andrea Kunnert, Gerhard Schwarz, Sachg\u00fctererzeugung plant 2009 markante K\u00fcrzung der Investitionen. Ergebnisse des WIFO-Investitionstests vom Fr\u00fchjahr 2009 \u2022 Daniela Kletzan-Slamanig, Angela K\u00f6ppl, Kurt Kratena, Ina Meyer, Franz Sinabell, Klimawandel und Energiewirtschaft: Schl\u00fcsselindikatoren und Auswirkungen der Wirtschaftskrise \u2022 Kurt Kratena, Ina Meyer, Michael W\u00fcger, \u00d6konomische, technologische und soziodemographische Einflussfaktoren der Energienachfrage \u2022 Daniela Kletzan-Slamanig, Angela K\u00f6ppl, \u00d6sterreichische Umwelttechnikindustrie: Entwicklung \u2013 Schwerpunkte \u2013 Innovationen<\\\/p><p>M3  - WIFO-Schriftenreihen<\\\/p><p>VL  - 82<\\\/p><p>JO  - WIFO-Monatsberichte<\\\/p><p>JF  - WIFO-Monatsberichte<\\\/p><p>ER  - <\\\/p><\\\/div>\"}","scientific_assistance":"[]","scientific_review":"[]","version":"","release_date":null,"expiration_date":null,"surveyor":"","research_assistance":"","edv":"","additional_info_de":"","additional_info_en":""},"yoast_head":"<!-- This site is optimized with the Yoast SEO Premium plugin v28.3 (Yoast SEO v28.3) - https:\/\/yoast.com\/product\/yoast-seo-premium-wordpress\/ -->\n<title>WIFO-Monatsberichte, issue 7\/2009 - WIFO<\/title>\n<meta name=\"robots\" content=\"index, follow, max-snippet:-1, max-image-preview:large, max-video-preview:-1\" \/>\n<link rel=\"canonical\" href=\"https:\/\/www.wifo.ac.at\/en\/publication\/447252\/\" \/>\n<meta property=\"og:locale\" content=\"en_US\" \/>\n<meta property=\"og:type\" content=\"article\" \/>\n<meta property=\"og:title\" content=\"WIFO-Monatsberichte, issue 7\/2009\" \/>\n<meta property=\"og:url\" content=\"https:\/\/www.wifo.ac.at\/en\/publication\/447252\/\" \/>\n<meta property=\"og:site_name\" content=\"WIFO\" \/>\n<meta property=\"article:publisher\" content=\"https:\/\/www.facebook.com\/WIFOat\/\" \/>\n<meta property=\"article:modified_time\" content=\"2026-05-12T14:18:35+00:00\" \/>\n<meta property=\"og:image\" content=\"https:\/\/www.wifo.ac.at\/wp-content\/uploads\/2024\/05\/WIFO-Gebaeude-FotoAlexanderMueller-www.alexandermueller.at-IMG_6326-Bearbeitet-1.jpg\" \/>\n\t<meta property=\"og:image:width\" content=\"1920\" \/>\n\t<meta property=\"og:image:height\" content=\"1280\" \/>\n\t<meta property=\"og:image:type\" content=\"image\/jpeg\" \/>\n<meta name=\"twitter:card\" content=\"summary_large_image\" \/>\n<meta name=\"twitter:site\" content=\"@WIFOat\" \/>\n<script type=\"application\/ld+json\" class=\"yoast-schema-graph\">{\"@context\":\"https:\\\/\\\/schema.org\",\"@graph\":[{\"@type\":\"WebPage\",\"@id\":\"https:\\\/\\\/www.wifo.ac.at\\\/en\\\/publication\\\/447252\\\/\",\"url\":\"https:\\\/\\\/www.wifo.ac.at\\\/en\\\/publication\\\/447252\\\/\",\"name\":\"WIFO-Monatsberichte, issue 7\\\/2009 - WIFO\",\"isPartOf\":{\"@id\":\"https:\\\/\\\/www.wifo.ac.at\\\/en\\\/#website\"},\"datePublished\":\"2026-05-12T14:18:34+00:00\",\"dateModified\":\"2026-05-12T14:18:35+00:00\",\"breadcrumb\":{\"@id\":\"https:\\\/\\\/www.wifo.ac.at\\\/en\\\/publication\\\/447252\\\/#breadcrumb\"},\"inLanguage\":\"en-US\",\"potentialAction\":[{\"@type\":\"ReadAction\",\"target\":[\"https:\\\/\\\/www.wifo.ac.at\\\/en\\\/publication\\\/447252\\\/\"]}]},{\"@type\":\"BreadcrumbList\",\"@id\":\"https:\\\/\\\/www.wifo.ac.at\\\/en\\\/publication\\\/447252\\\/#breadcrumb\",\"itemListElement\":[{\"@type\":\"ListItem\",\"position\":1,\"name\":\"Startseite\",\"item\":\"https:\\\/\\\/www.wifo.ac.at\\\/en\\\/\"},{\"@type\":\"ListItem\",\"position\":2,\"name\":\"WIFO-Monatsberichte, issue 7\\\/2009\"}]},{\"@type\":\"WebSite\",\"@id\":\"https:\\\/\\\/www.wifo.ac.at\\\/en\\\/#website\",\"url\":\"https:\\\/\\\/www.wifo.ac.at\\\/en\\\/\",\"name\":\"\u00d6sterreichisches Institut f\u00fcr Wirtschaftsforschung\",\"description\":\"\",\"publisher\":{\"@id\":\"https:\\\/\\\/www.wifo.ac.at\\\/en\\\/#organization\"},\"alternateName\":\"WIFO\",\"potentialAction\":[{\"@type\":\"SearchAction\",\"target\":{\"@type\":\"EntryPoint\",\"urlTemplate\":\"https:\\\/\\\/www.wifo.ac.at\\\/en\\\/?s={search_term_string}\"},\"query-input\":{\"@type\":\"PropertyValueSpecification\",\"valueRequired\":true,\"valueName\":\"search_term_string\"}}],\"inLanguage\":\"en-US\"},{\"@type\":\"Organization\",\"@id\":\"https:\\\/\\\/www.wifo.ac.at\\\/en\\\/#organization\",\"name\":\"\u00d6sterreichisches Institut f\u00fcr Wirtschaftsforschung\",\"alternateName\":\"WIFO\",\"url\":\"https:\\\/\\\/www.wifo.ac.at\\\/en\\\/\",\"logo\":{\"@type\":\"ImageObject\",\"inLanguage\":\"en-US\",\"@id\":\"https:\\\/\\\/www.wifo.ac.at\\\/en\\\/#\\\/schema\\\/logo\\\/image\\\/\",\"url\":\"https:\\\/\\\/www.wifo.ac.at\\\/wp-content\\\/uploads\\\/2024\\\/05\\\/WIFO_kurz_rechts-2-1920x412.jpg\",\"contentUrl\":\"https:\\\/\\\/www.wifo.ac.at\\\/wp-content\\\/uploads\\\/2024\\\/05\\\/WIFO_kurz_rechts-2-1920x412.jpg\",\"width\":2000,\"height\":429,\"caption\":\"\u00d6sterreichisches Institut f\u00fcr Wirtschaftsforschung\"},\"image\":{\"@id\":\"https:\\\/\\\/www.wifo.ac.at\\\/en\\\/#\\\/schema\\\/logo\\\/image\\\/\"},\"sameAs\":[\"https:\\\/\\\/www.facebook.com\\\/WIFOat\\\/\",\"https:\\\/\\\/x.com\\\/WIFOat\",\"https:\\\/\\\/linkedin.com\\\/company\\\/wifoat\\\/\",\"https:\\\/\\\/www.youtube.com\\\/@WIFO_at\"],\"description\":\"Das WIFO, 1927 von Friedrich August von Hayek und Ludwig von Mises zur Konjunkturanalyse gegr\u00fcndet, ist heute das f\u00fchrende Institut f\u00fcr angewandte empirische Wirtschaftsforschung in \u00d6sterreich mit starkem Engagement auf europ\u00e4ischer Ebene.\",\"email\":\"office@wifo.ac.at\",\"telephone\":\"+43 1 798 26 01 \u2013 0\",\"legalName\":\"\u00d6sterreichisches Institut f\u00fcr Wirtschaftsforschung\",\"foundingDate\":\"1927-01-02\",\"numberOfEmployees\":{\"@type\":\"QuantitativeValue\",\"minValue\":\"51\",\"maxValue\":\"200\"},\"publishingPrinciples\":\"https:\\\/\\\/www.wifo.ac.at\\\/institut\\\/mission-und-strategie\\\/\",\"ownershipFundingInfo\":\"https:\\\/\\\/www.wifo.ac.at\\\/institut\\\/organisation\\\/\",\"actionableFeedbackPolicy\":\"https:\\\/\\\/www.wifo.ac.at\\\/aktuelles\\\/presse\\\/\",\"correctionsPolicy\":\"https:\\\/\\\/www.wifo.ac.at\\\/institut\\\/kontakt\\\/\",\"ethicsPolicy\":\"https:\\\/\\\/www.wifo.ac.at\\\/institut\\\/evidenzbasierung-transparenz-und-unabhaengigkeit\\\/\",\"diversityPolicy\":\"https:\\\/\\\/www.wifo.ac.at\\\/institut\\\/gleichstellung\\\/\",\"diversityStaffingReport\":\"https:\\\/\\\/www.wifo.ac.at\\\/institut\\\/gleichstellung\\\/\"}]}<\/script>\n<!-- \/ Yoast SEO Premium plugin. -->","yoast_head_json":{"title":"WIFO-Monatsberichte, issue 7\/2009 - WIFO","robots":{"index":"index","follow":"follow","max-snippet":"max-snippet:-1","max-image-preview":"max-image-preview:large","max-video-preview":"max-video-preview:-1"},"canonical":"https:\/\/www.wifo.ac.at\/en\/publication\/447252\/","og_locale":"en_US","og_type":"article","og_title":"WIFO-Monatsberichte, issue 7\/2009","og_url":"https:\/\/www.wifo.ac.at\/en\/publication\/447252\/","og_site_name":"WIFO","article_publisher":"https:\/\/www.facebook.com\/WIFOat\/","article_modified_time":"2026-05-12T14:18:35+00:00","og_image":[{"width":1920,"height":1280,"url":"https:\/\/www.wifo.ac.at\/wp-content\/uploads\/2024\/05\/WIFO-Gebaeude-FotoAlexanderMueller-www.alexandermueller.at-IMG_6326-Bearbeitet-1.jpg","type":"image\/jpeg"}],"twitter_card":"summary_large_image","twitter_site":"@WIFOat","schema":{"@context":"https:\/\/schema.org","@graph":[{"@type":"WebPage","@id":"https:\/\/www.wifo.ac.at\/en\/publication\/447252\/","url":"https:\/\/www.wifo.ac.at\/en\/publication\/447252\/","name":"WIFO-Monatsberichte, issue 7\/2009 - WIFO","isPartOf":{"@id":"https:\/\/www.wifo.ac.at\/en\/#website"},"datePublished":"2026-05-12T14:18:34+00:00","dateModified":"2026-05-12T14:18:35+00:00","breadcrumb":{"@id":"https:\/\/www.wifo.ac.at\/en\/publication\/447252\/#breadcrumb"},"inLanguage":"en-US","potentialAction":[{"@type":"ReadAction","target":["https:\/\/www.wifo.ac.at\/en\/publication\/447252\/"]}]},{"@type":"BreadcrumbList","@id":"https:\/\/www.wifo.ac.at\/en\/publication\/447252\/#breadcrumb","itemListElement":[{"@type":"ListItem","position":1,"name":"Startseite","item":"https:\/\/www.wifo.ac.at\/en\/"},{"@type":"ListItem","position":2,"name":"WIFO-Monatsberichte, issue 7\/2009"}]},{"@type":"WebSite","@id":"https:\/\/www.wifo.ac.at\/en\/#website","url":"https:\/\/www.wifo.ac.at\/en\/","name":"\u00d6sterreichisches Institut f\u00fcr Wirtschaftsforschung","description":"","publisher":{"@id":"https:\/\/www.wifo.ac.at\/en\/#organization"},"alternateName":"WIFO","potentialAction":[{"@type":"SearchAction","target":{"@type":"EntryPoint","urlTemplate":"https:\/\/www.wifo.ac.at\/en\/?s={search_term_string}"},"query-input":{"@type":"PropertyValueSpecification","valueRequired":true,"valueName":"search_term_string"}}],"inLanguage":"en-US"},{"@type":"Organization","@id":"https:\/\/www.wifo.ac.at\/en\/#organization","name":"\u00d6sterreichisches Institut f\u00fcr Wirtschaftsforschung","alternateName":"WIFO","url":"https:\/\/www.wifo.ac.at\/en\/","logo":{"@type":"ImageObject","inLanguage":"en-US","@id":"https:\/\/www.wifo.ac.at\/en\/#\/schema\/logo\/image\/","url":"https:\/\/www.wifo.ac.at\/wp-content\/uploads\/2024\/05\/WIFO_kurz_rechts-2-1920x412.jpg","contentUrl":"https:\/\/www.wifo.ac.at\/wp-content\/uploads\/2024\/05\/WIFO_kurz_rechts-2-1920x412.jpg","width":2000,"height":429,"caption":"\u00d6sterreichisches Institut f\u00fcr Wirtschaftsforschung"},"image":{"@id":"https:\/\/www.wifo.ac.at\/en\/#\/schema\/logo\/image\/"},"sameAs":["https:\/\/www.facebook.com\/WIFOat\/","https:\/\/x.com\/WIFOat","https:\/\/linkedin.com\/company\/wifoat\/","https:\/\/www.youtube.com\/@WIFO_at"],"description":"Das WIFO, 1927 von Friedrich August von Hayek und Ludwig von Mises zur Konjunkturanalyse gegr\u00fcndet, ist heute das f\u00fchrende Institut f\u00fcr angewandte empirische Wirtschaftsforschung in \u00d6sterreich mit starkem Engagement auf europ\u00e4ischer Ebene.","email":"office@wifo.ac.at","telephone":"+43 1 798 26 01 \u2013 0","legalName":"\u00d6sterreichisches Institut f\u00fcr Wirtschaftsforschung","foundingDate":"1927-01-02","numberOfEmployees":{"@type":"QuantitativeValue","minValue":"51","maxValue":"200"},"publishingPrinciples":"https:\/\/www.wifo.ac.at\/institut\/mission-und-strategie\/","ownershipFundingInfo":"https:\/\/www.wifo.ac.at\/institut\/organisation\/","actionableFeedbackPolicy":"https:\/\/www.wifo.ac.at\/aktuelles\/presse\/","correctionsPolicy":"https:\/\/www.wifo.ac.at\/institut\/kontakt\/","ethicsPolicy":"https:\/\/www.wifo.ac.at\/institut\/evidenzbasierung-transparenz-und-unabhaengigkeit\/","diversityPolicy":"https:\/\/www.wifo.ac.at\/institut\/gleichstellung\/","diversityStaffingReport":"https:\/\/www.wifo.ac.at\/institut\/gleichstellung\/"}]}},"_links":{"self":[{"href":"https:\/\/www.wifo.ac.at\/en\/wp-json\/wp\/v2\/publication\/447252","targetHints":{"allow":["GET"]}}],"collection":[{"href":"https:\/\/www.wifo.ac.at\/en\/wp-json\/wp\/v2\/publication"}],"about":[{"href":"https:\/\/www.wifo.ac.at\/en\/wp-json\/wp\/v2\/types\/publication"}],"version-history":[{"count":1,"href":"https:\/\/www.wifo.ac.at\/en\/wp-json\/wp\/v2\/publication\/447252\/revisions"}],"predecessor-version":[{"id":447253,"href":"https:\/\/www.wifo.ac.at\/en\/wp-json\/wp\/v2\/publication\/447252\/revisions\/447253"}],"acf:post":[{"embeddable":true,"href":"https:\/\/www.wifo.ac.at\/en\/wp-json\/wp\/v2\/publication_type\/44312"}],"wp:attachment":[{"href":"https:\/\/www.wifo.ac.at\/en\/wp-json\/wp\/v2\/media?parent=447252"}],"curies":[{"name":"wp","href":"https:\/\/api.w.org\/{rel}","templated":true}]}}