{"id":430072,"date":"2025-08-26T11:36:53","date_gmt":"2025-08-26T09:36:53","guid":{"rendered":"https:\/\/www.wifo.ac.at\/publication\/430072\/"},"modified":"2025-08-26T11:36:54","modified_gmt":"2025-08-26T09:36:54","slug":"economy-still-struggling-to-recover-in-austria","status":"publish","type":"publication","link":"https:\/\/www.wifo.ac.at\/en\/publication\/430072\/","title":{"rendered":"Economy Still Struggling to Recover in Austria"},"content":{"rendered":"","protected":false},"featured_media":0,"template":"","class_list":["post-430072","publication","type-publication","status-publish","hentry"],"acf":{"subtitle":"","text":"The recent very high tariffs imposed by the USA are accompanied by a slowdown in economic growth and an acceleration in inflation. In China, on the other hand, there is deflationary pressure due to overproduction and the ongoing property crisis. The economy is largely stable in the euro area, but remains weak in Austria. Although business sentiment has improved slightly, pessimism still prevails. In addition, the sharp rise in electricity prices is again leading to higher inflation. The labour market is affected by the recession. Nevertheless, the increase in the retirement age for women is having a positive effect on employment.","onlinedate":"2025-08-26 09:36:55","lang":"German","publication_series":"","publication_date":"20250826","publication_date_year":"","publication_date_full":true,"publication_num_pages":"","keywords":"[]","jelcodes":"[\"E32\",\"E66\"]","related_publications":"[\"e3744134-9ff8-40d7-91d9-e8553c8d3670\",\"0e0b711b-f8e3-45c2-baff-0012b7bb3dff\",\"d30499f5-77d9-40cb-ab8b-8c2aac8572a2\",\"b3415756-b4d7-4215-92d8-6617c240ab80\",\"f1ed9607-55a6-4885-8dfe-8b75e1faeac6\"]","pdf":430075,"zip":null,"link":"","monthly_report":true,"monthly_report_main":false,"monthly_report_volume":"98","monthly_report_pages":"411-419","monthly_report_pages_sort":"411","issue":"8","journal":"WIFO-Monatsberichte","publisher":"","invisible":false,"external":false,"embargo_date":null,"types":[44312],"research_groups":[3500],"collaboration":"","persons":[3865],"persons_data":"[{\"personId\":3865,\"personName\":\"Stefan Schiman-Vukan\",\"organisationNames\":[]}]","clients":[],"subclients":[],"partners":[],"topics":[],"host_publication_title":"","host_publication_subtitle":"","place_of_publication":"","host_publication_editors":"[]","type_description":"","output_media":"","chapter":"","article_number":"","citations":"{\"apa\":\"<div class=\\\"rendering rendering_researchoutput  rendering_researchoutput_apa rendering_contributiontoperiodical rendering_apa rendering_contributiontoperiodical_apa\\\"><span>Schiman-Vukan, S.<\\\/span> (2025). <span>Konjunkturbelebung l\u00e4sst in \u00d6sterreich weiter auf sich warten<\\\/span>. <span><em>WIFO-Monatsberichte<\\\/em><\\\/span>, <em>98<\\\/em>(8), 411-419.<\\\/div>\",\"vancouver\":\"<div class=\\\"rendering rendering_researchoutput  rendering_researchoutput_vancouver rendering_contributiontoperiodical rendering_vancouver rendering_contributiontoperiodical_vancouver\\\"><span>Schiman-Vukan S<\\\/span>. <span class=\\\"title\\\"><span>Konjunkturbelebung l\u00e4sst in \u00d6sterreich weiter auf sich warten<\\\/span><\\\/span>. <span>WIFO-Monatsberichte<\\\/span>. 2025 Aug 26;98(8):411-419.<\\\/div>\",\"bibtex\":\"<div class=\\\"rendering rendering_researchoutput  rendering_researchoutput_bibtex rendering_contributiontoperiodical rendering_bibtex rendering_contributiontoperiodical_bibtex\\\"><div>@misc{ca54727861284117872923f2f809784a,<\\\/div><div>  title    = \\\"Konjunkturbelebung l{\\\\\\\"a}sst in {\\\\\\\"O}sterreich weiter auf sich warten\\\",<\\\/div><div>  abstract = \\\"Die neuerdings sehr hohen Z{\\\\\\\"o}lle der USA gehen dort mit einer Abschw{\\\\\\\"a}chung des Wirtschaftswachstums und einer Beschleunigung der Inflation einher. In China herrscht hingegen Deflationsdruck durch {\\\\\\\"U}berproduktion und die anhaltende Immobilienkrise. Im Euro-Raum ist die Konjunktur weitgehend stabil, in {\\\\\\\"O}sterreich allerdings nach wie vor schwach. Zwar hat sich die Unternehmensstimmung leicht gebessert, jedoch {\\\\\\\"u}berwiegt noch der Pessimismus. Zudem sorgt der kr{\\\\\\\"a}ftige Anstieg der Strompreise wieder f{\\\\\\\"u}r eine h{\\\\\\\"o}here Inflation. Der Arbeitsmarkt ist von der Rezession gepr{\\\\\\\"a}gt. Dennoch zeitigt die Anhebung des Frauenpensionsantrittsalters positive Besch{\\\\\\\"a}ftigungseffekte.\\\",<\\\/div><div>  keywords = \\\"Konjunkturbericht\\\",<\\\/div><div>  author   = \\\"Stefan Schiman-Vukan\\\",<\\\/div><div>  year     = \\\"2025\\\",<\\\/div><div>  month    = aug,<\\\/div><div>  day      = \\\"26\\\",<\\\/div><div>  language = \\\"Deutsch\\\",<\\\/div><div>  volume   = \\\"98\\\",<\\\/div><div>  pages    = \\\"411--419\\\",<\\\/div><div>  journal  = \\\"WIFO-Monatsberichte\\\",<\\\/div><p>}<\\\/p><\\\/div>\",\"ris\":\"<div class=\\\"rendering rendering_researchoutput  rendering_researchoutput_ris rendering_contributiontoperiodical rendering_ris rendering_contributiontoperiodical_ris\\\"><p>TY  - GEN<\\\/p><p>T1  - Konjunkturbelebung l\u00e4sst in \u00d6sterreich weiter auf sich warten<\\\/p><p>AU  - Schiman-Vukan, Stefan<\\\/p><p>PY  - 2025\\\/8\\\/26<\\\/p><p>Y1  - 2025\\\/8\\\/26<\\\/p><p>N2  - Die neuerdings sehr hohen Z\u00f6lle der USA gehen dort mit einer Abschw\u00e4chung des Wirtschaftswachstums und einer Beschleunigung der Inflation einher. In China herrscht hingegen Deflationsdruck durch \u00dcberproduktion und die anhaltende Immobilienkrise. Im Euro-Raum ist die Konjunktur weitgehend stabil, in \u00d6sterreich allerdings nach wie vor schwach. Zwar hat sich die Unternehmensstimmung leicht gebessert, jedoch \u00fcberwiegt noch der Pessimismus. Zudem sorgt der kr\u00e4ftige Anstieg der Strompreise wieder f\u00fcr eine h\u00f6here Inflation. Der Arbeitsmarkt ist von der Rezession gepr\u00e4gt. Dennoch zeitigt die Anhebung des Frauenpensionsantrittsalters positive Besch\u00e4ftigungseffekte.<\\\/p><p>AB  - Die neuerdings sehr hohen Z\u00f6lle der USA gehen dort mit einer Abschw\u00e4chung des Wirtschaftswachstums und einer Beschleunigung der Inflation einher. In China herrscht hingegen Deflationsdruck durch \u00dcberproduktion und die anhaltende Immobilienkrise. Im Euro-Raum ist die Konjunktur weitgehend stabil, in \u00d6sterreich allerdings nach wie vor schwach. Zwar hat sich die Unternehmensstimmung leicht gebessert, jedoch \u00fcberwiegt noch der Pessimismus. Zudem sorgt der kr\u00e4ftige Anstieg der Strompreise wieder f\u00fcr eine h\u00f6here Inflation. Der Arbeitsmarkt ist von der Rezession gepr\u00e4gt. Dennoch zeitigt die Anhebung des Frauenpensionsantrittsalters positive Besch\u00e4ftigungseffekte.<\\\/p><p>KW  - Konjunkturbericht<\\\/p><p>M3  - WIFO-Schriftenreihen<\\\/p><p>VL  - 98<\\\/p><p>SP  - 411<\\\/p><p>EP  - 419<\\\/p><p>JO  - WIFO-Monatsberichte<\\\/p><p>JF  - WIFO-Monatsberichte<\\\/p><p>ER  - <\\\/p><\\\/div>\"}","scientific_assistance":"[\"Czaloun Astrid\",\"Glauninger Ursula\",\"Kaufmann Christine\"]","scientific_review":"[]","version":"","release_date":null,"expiration_date":null,"surveyor":"","research_assistance":"","edv":"","additional_info_de":"","additional_info_en":""},"yoast_head":"<!-- This site is optimized with the Yoast SEO Premium plugin v28.3 (Yoast SEO v28.3) - https:\/\/yoast.com\/product\/yoast-seo-premium-wordpress\/ -->\n<title>Economy Still Struggling to Recover in Austria - WIFO<\/title>\n<meta name=\"robots\" content=\"index, follow, max-snippet:-1, max-image-preview:large, max-video-preview:-1\" \/>\n<link rel=\"canonical\" href=\"https:\/\/www.wifo.ac.at\/en\/publication\/430072\/\" \/>\n<meta property=\"og:locale\" content=\"en_US\" \/>\n<meta property=\"og:type\" content=\"article\" \/>\n<meta property=\"og:title\" content=\"Economy Still Struggling to Recover in Austria\" \/>\n<meta property=\"og:url\" content=\"https:\/\/www.wifo.ac.at\/en\/publication\/430072\/\" \/>\n<meta property=\"og:site_name\" content=\"WIFO\" \/>\n<meta property=\"article:publisher\" content=\"https:\/\/www.facebook.com\/WIFOat\/\" \/>\n<meta property=\"article:modified_time\" content=\"2025-08-26T09:36:54+00:00\" \/>\n<meta property=\"og:image\" content=\"https:\/\/www.wifo.ac.at\/wp-content\/uploads\/2024\/05\/WIFO-Gebaeude-FotoAlexanderMueller-www.alexandermueller.at-IMG_6326-Bearbeitet-1.jpg\" \/>\n\t<meta property=\"og:image:width\" content=\"1920\" \/>\n\t<meta property=\"og:image:height\" content=\"1280\" \/>\n\t<meta property=\"og:image:type\" content=\"image\/jpeg\" \/>\n<meta name=\"twitter:card\" content=\"summary_large_image\" \/>\n<meta name=\"twitter:site\" content=\"@WIFOat\" \/>\n<script type=\"application\/ld+json\" class=\"yoast-schema-graph\">{\"@context\":\"https:\\\/\\\/schema.org\",\"@graph\":[{\"@type\":\"WebPage\",\"@id\":\"https:\\\/\\\/www.wifo.ac.at\\\/en\\\/publication\\\/430072\\\/\",\"url\":\"https:\\\/\\\/www.wifo.ac.at\\\/en\\\/publication\\\/430072\\\/\",\"name\":\"Economy Still Struggling to Recover in Austria - WIFO\",\"isPartOf\":{\"@id\":\"https:\\\/\\\/www.wifo.ac.at\\\/en\\\/#website\"},\"datePublished\":\"2025-08-26T09:36:53+00:00\",\"dateModified\":\"2025-08-26T09:36:54+00:00\",\"breadcrumb\":{\"@id\":\"https:\\\/\\\/www.wifo.ac.at\\\/en\\\/publication\\\/430072\\\/#breadcrumb\"},\"inLanguage\":\"en-US\",\"potentialAction\":[{\"@type\":\"ReadAction\",\"target\":[\"https:\\\/\\\/www.wifo.ac.at\\\/en\\\/publication\\\/430072\\\/\"]}]},{\"@type\":\"BreadcrumbList\",\"@id\":\"https:\\\/\\\/www.wifo.ac.at\\\/en\\\/publication\\\/430072\\\/#breadcrumb\",\"itemListElement\":[{\"@type\":\"ListItem\",\"position\":1,\"name\":\"Startseite\",\"item\":\"https:\\\/\\\/www.wifo.ac.at\\\/en\\\/\"},{\"@type\":\"ListItem\",\"position\":2,\"name\":\"Economy Still Struggling to Recover in Austria\"}]},{\"@type\":\"WebSite\",\"@id\":\"https:\\\/\\\/www.wifo.ac.at\\\/en\\\/#website\",\"url\":\"https:\\\/\\\/www.wifo.ac.at\\\/en\\\/\",\"name\":\"\u00d6sterreichisches Institut f\u00fcr Wirtschaftsforschung\",\"description\":\"\",\"publisher\":{\"@id\":\"https:\\\/\\\/www.wifo.ac.at\\\/en\\\/#organization\"},\"alternateName\":\"WIFO\",\"potentialAction\":[{\"@type\":\"SearchAction\",\"target\":{\"@type\":\"EntryPoint\",\"urlTemplate\":\"https:\\\/\\\/www.wifo.ac.at\\\/en\\\/?s={search_term_string}\"},\"query-input\":{\"@type\":\"PropertyValueSpecification\",\"valueRequired\":true,\"valueName\":\"search_term_string\"}}],\"inLanguage\":\"en-US\"},{\"@type\":\"Organization\",\"@id\":\"https:\\\/\\\/www.wifo.ac.at\\\/en\\\/#organization\",\"name\":\"\u00d6sterreichisches Institut f\u00fcr Wirtschaftsforschung\",\"alternateName\":\"WIFO\",\"url\":\"https:\\\/\\\/www.wifo.ac.at\\\/en\\\/\",\"logo\":{\"@type\":\"ImageObject\",\"inLanguage\":\"en-US\",\"@id\":\"https:\\\/\\\/www.wifo.ac.at\\\/en\\\/#\\\/schema\\\/logo\\\/image\\\/\",\"url\":\"https:\\\/\\\/www.wifo.ac.at\\\/wp-content\\\/uploads\\\/2024\\\/05\\\/WIFO_kurz_rechts-2-1920x412.jpg\",\"contentUrl\":\"https:\\\/\\\/www.wifo.ac.at\\\/wp-content\\\/uploads\\\/2024\\\/05\\\/WIFO_kurz_rechts-2-1920x412.jpg\",\"width\":2000,\"height\":429,\"caption\":\"\u00d6sterreichisches Institut f\u00fcr Wirtschaftsforschung\"},\"image\":{\"@id\":\"https:\\\/\\\/www.wifo.ac.at\\\/en\\\/#\\\/schema\\\/logo\\\/image\\\/\"},\"sameAs\":[\"https:\\\/\\\/www.facebook.com\\\/WIFOat\\\/\",\"https:\\\/\\\/x.com\\\/WIFOat\",\"https:\\\/\\\/linkedin.com\\\/company\\\/wifoat\\\/\",\"https:\\\/\\\/www.youtube.com\\\/@WIFO_at\"],\"description\":\"Das WIFO, 1927 von Friedrich August von Hayek und Ludwig von Mises zur Konjunkturanalyse gegr\u00fcndet, ist heute das f\u00fchrende Institut f\u00fcr angewandte empirische Wirtschaftsforschung in \u00d6sterreich mit starkem Engagement auf europ\u00e4ischer Ebene.\",\"email\":\"office@wifo.ac.at\",\"telephone\":\"+43 1 798 26 01 \u2013 0\",\"legalName\":\"\u00d6sterreichisches Institut f\u00fcr Wirtschaftsforschung\",\"foundingDate\":\"1927-01-02\",\"numberOfEmployees\":{\"@type\":\"QuantitativeValue\",\"minValue\":\"51\",\"maxValue\":\"200\"},\"publishingPrinciples\":\"https:\\\/\\\/www.wifo.ac.at\\\/institut\\\/mission-und-strategie\\\/\",\"ownershipFundingInfo\":\"https:\\\/\\\/www.wifo.ac.at\\\/institut\\\/organisation\\\/\",\"actionableFeedbackPolicy\":\"https:\\\/\\\/www.wifo.ac.at\\\/aktuelles\\\/presse\\\/\",\"correctionsPolicy\":\"https:\\\/\\\/www.wifo.ac.at\\\/institut\\\/kontakt\\\/\",\"ethicsPolicy\":\"https:\\\/\\\/www.wifo.ac.at\\\/institut\\\/evidenzbasierung-transparenz-und-unabhaengigkeit\\\/\",\"diversityPolicy\":\"https:\\\/\\\/www.wifo.ac.at\\\/institut\\\/gleichstellung\\\/\",\"diversityStaffingReport\":\"https:\\\/\\\/www.wifo.ac.at\\\/institut\\\/gleichstellung\\\/\"}]}<\/script>\n<!-- \/ Yoast SEO Premium plugin. -->","yoast_head_json":{"title":"Economy Still Struggling to Recover in Austria - WIFO","robots":{"index":"index","follow":"follow","max-snippet":"max-snippet:-1","max-image-preview":"max-image-preview:large","max-video-preview":"max-video-preview:-1"},"canonical":"https:\/\/www.wifo.ac.at\/en\/publication\/430072\/","og_locale":"en_US","og_type":"article","og_title":"Economy Still Struggling to Recover in Austria","og_url":"https:\/\/www.wifo.ac.at\/en\/publication\/430072\/","og_site_name":"WIFO","article_publisher":"https:\/\/www.facebook.com\/WIFOat\/","article_modified_time":"2025-08-26T09:36:54+00:00","og_image":[{"width":1920,"height":1280,"url":"https:\/\/www.wifo.ac.at\/wp-content\/uploads\/2024\/05\/WIFO-Gebaeude-FotoAlexanderMueller-www.alexandermueller.at-IMG_6326-Bearbeitet-1.jpg","type":"image\/jpeg"}],"twitter_card":"summary_large_image","twitter_site":"@WIFOat","schema":{"@context":"https:\/\/schema.org","@graph":[{"@type":"WebPage","@id":"https:\/\/www.wifo.ac.at\/en\/publication\/430072\/","url":"https:\/\/www.wifo.ac.at\/en\/publication\/430072\/","name":"Economy Still Struggling to Recover in Austria - WIFO","isPartOf":{"@id":"https:\/\/www.wifo.ac.at\/en\/#website"},"datePublished":"2025-08-26T09:36:53+00:00","dateModified":"2025-08-26T09:36:54+00:00","breadcrumb":{"@id":"https:\/\/www.wifo.ac.at\/en\/publication\/430072\/#breadcrumb"},"inLanguage":"en-US","potentialAction":[{"@type":"ReadAction","target":["https:\/\/www.wifo.ac.at\/en\/publication\/430072\/"]}]},{"@type":"BreadcrumbList","@id":"https:\/\/www.wifo.ac.at\/en\/publication\/430072\/#breadcrumb","itemListElement":[{"@type":"ListItem","position":1,"name":"Startseite","item":"https:\/\/www.wifo.ac.at\/en\/"},{"@type":"ListItem","position":2,"name":"Economy Still Struggling to Recover in Austria"}]},{"@type":"WebSite","@id":"https:\/\/www.wifo.ac.at\/en\/#website","url":"https:\/\/www.wifo.ac.at\/en\/","name":"\u00d6sterreichisches Institut f\u00fcr Wirtschaftsforschung","description":"","publisher":{"@id":"https:\/\/www.wifo.ac.at\/en\/#organization"},"alternateName":"WIFO","potentialAction":[{"@type":"SearchAction","target":{"@type":"EntryPoint","urlTemplate":"https:\/\/www.wifo.ac.at\/en\/?s={search_term_string}"},"query-input":{"@type":"PropertyValueSpecification","valueRequired":true,"valueName":"search_term_string"}}],"inLanguage":"en-US"},{"@type":"Organization","@id":"https:\/\/www.wifo.ac.at\/en\/#organization","name":"\u00d6sterreichisches Institut f\u00fcr Wirtschaftsforschung","alternateName":"WIFO","url":"https:\/\/www.wifo.ac.at\/en\/","logo":{"@type":"ImageObject","inLanguage":"en-US","@id":"https:\/\/www.wifo.ac.at\/en\/#\/schema\/logo\/image\/","url":"https:\/\/www.wifo.ac.at\/wp-content\/uploads\/2024\/05\/WIFO_kurz_rechts-2-1920x412.jpg","contentUrl":"https:\/\/www.wifo.ac.at\/wp-content\/uploads\/2024\/05\/WIFO_kurz_rechts-2-1920x412.jpg","width":2000,"height":429,"caption":"\u00d6sterreichisches Institut f\u00fcr Wirtschaftsforschung"},"image":{"@id":"https:\/\/www.wifo.ac.at\/en\/#\/schema\/logo\/image\/"},"sameAs":["https:\/\/www.facebook.com\/WIFOat\/","https:\/\/x.com\/WIFOat","https:\/\/linkedin.com\/company\/wifoat\/","https:\/\/www.youtube.com\/@WIFO_at"],"description":"Das WIFO, 1927 von Friedrich August von Hayek und Ludwig von Mises zur Konjunkturanalyse gegr\u00fcndet, ist heute das f\u00fchrende Institut f\u00fcr angewandte empirische Wirtschaftsforschung in \u00d6sterreich mit starkem Engagement auf europ\u00e4ischer Ebene.","email":"office@wifo.ac.at","telephone":"+43 1 798 26 01 \u2013 0","legalName":"\u00d6sterreichisches Institut f\u00fcr Wirtschaftsforschung","foundingDate":"1927-01-02","numberOfEmployees":{"@type":"QuantitativeValue","minValue":"51","maxValue":"200"},"publishingPrinciples":"https:\/\/www.wifo.ac.at\/institut\/mission-und-strategie\/","ownershipFundingInfo":"https:\/\/www.wifo.ac.at\/institut\/organisation\/","actionableFeedbackPolicy":"https:\/\/www.wifo.ac.at\/aktuelles\/presse\/","correctionsPolicy":"https:\/\/www.wifo.ac.at\/institut\/kontakt\/","ethicsPolicy":"https:\/\/www.wifo.ac.at\/institut\/evidenzbasierung-transparenz-und-unabhaengigkeit\/","diversityPolicy":"https:\/\/www.wifo.ac.at\/institut\/gleichstellung\/","diversityStaffingReport":"https:\/\/www.wifo.ac.at\/institut\/gleichstellung\/"}]}},"_links":{"self":[{"href":"https:\/\/www.wifo.ac.at\/en\/wp-json\/wp\/v2\/publication\/430072","targetHints":{"allow":["GET"]}}],"collection":[{"href":"https:\/\/www.wifo.ac.at\/en\/wp-json\/wp\/v2\/publication"}],"about":[{"href":"https:\/\/www.wifo.ac.at\/en\/wp-json\/wp\/v2\/types\/publication"}],"version-history":[{"count":1,"href":"https:\/\/www.wifo.ac.at\/en\/wp-json\/wp\/v2\/publication\/430072\/revisions"}],"predecessor-version":[{"id":430073,"href":"https:\/\/www.wifo.ac.at\/en\/wp-json\/wp\/v2\/publication\/430072\/revisions\/430073"}],"acf:post":[{"embeddable":true,"href":"https:\/\/www.wifo.ac.at\/en\/wp-json\/wp\/v2\/person\/3865"},{"embeddable":true,"href":"https:\/\/www.wifo.ac.at\/en\/wp-json\/wp\/v2\/research_group\/3500"},{"embeddable":true,"href":"https:\/\/www.wifo.ac.at\/en\/wp-json\/wp\/v2\/publication_type\/44312"}],"wp:attachment":[{"href":"https:\/\/www.wifo.ac.at\/en\/wp-json\/wp\/v2\/media?parent=430072"}],"curies":[{"name":"wp","href":"https:\/\/api.w.org\/{rel}","templated":true}]}}