{"id":426591,"date":"2025-05-28T11:38:12","date_gmt":"2025-05-28T09:38:12","guid":{"rendered":"https:\/\/www.wifo.ac.at\/publication\/426591\/"},"modified":"2025-05-28T15:02:30","modified_gmt":"2025-05-28T13:02:30","slug":"persistent-economic-weakness-weighs-on-the-labour-market","status":"publish","type":"publication","link":"https:\/\/www.wifo.ac.at\/en\/publication\/426591\/","title":{"rendered":"Persistent Economic Weakness Weighs on the Labour Market"},"content":{"rendered":"","protected":false},"featured_media":0,"template":"","class_list":["post-426591","publication","type-publication","status-publish","hentry"],"acf":{"subtitle":"","text":"In 2024, Austria's economic output shrank for the second year in a row (\u20131.2 percent). Companies suffered from weak demand at home and abroad, high energy prices and comparatively high unit labour costs. Private consumption declined despite rising real incomes. Manufacturing remained in recession. The construction industry and some service sectors such as retail trade also weakened. The persistent economic weakness also had an increasing impact on the Austrian labour market. In the economy as a whole, employment rose only slightly while industry, construction and labour leasing faced significant employment losses. The unemployment rate increased noticeably again. The rise in unemployment continued in spring 2025. In addition to the weak economy, the inclusion of displaced persons from Ukraine in the unemployment statistics contributed to the increase in unemployment. The number of job vacancies continued to fall in 2024, but is still at a long-term high level. An improvement in the labour market situation is not expected until 2026 in the wake of a possible economic recovery.","onlinedate":"2025-05-28 09:38:15","lang":"German","publication_series":"","publication_date":"20250528","publication_date_year":"","publication_date_full":true,"publication_num_pages":"","keywords":"[]","jelcodes":"[\"E24\",\"J21\",\"J63\"]","related_publications":"[\"04d9f65f-0fac-4c0e-83a8-b20652328fb0\",\"29437eae-6220-4de7-9ba3-3ac41863cc11\",\"b6f1c66f-745a-4365-8387-dca3ed4ecf0f\",\"19a5b7bf-d9f4-4456-b181-9e2da9691377\"]","pdf":426629,"zip":null,"link":"","monthly_report":true,"monthly_report_main":false,"monthly_report_volume":"98","monthly_report_pages":"257-268","monthly_report_pages_sort":"257","issue":"5","journal":"WIFO-Monatsberichte","publisher":"","invisible":false,"external":false,"embargo_date":null,"types":[44312],"research_groups":[3510],"collaboration":"","persons":[3822,3581],"persons_data":"[{\"personId\":3822,\"personName\":\"Julia Bock-Schappelwein\",\"organisationNames\":[]},{\"personId\":3581,\"personName\":\"Rainer Eppel\",\"organisationNames\":[]}]","clients":[],"subclients":[],"partners":[],"topics":[],"host_publication_title":"","host_publication_subtitle":"","place_of_publication":"","host_publication_editors":"[]","type_description":"","output_media":"","chapter":"","article_number":"","citations":"{\"apa\":\"<div class=\\\"rendering rendering_researchoutput  rendering_researchoutput_apa rendering_contributiontoperiodical rendering_apa rendering_contributiontoperiodical_apa\\\"><span>Bock-Schappelwein, J.<\\\/span><span>, &amp; Eppel, R.<\\\/span> (2025). <span>Hartn\u00e4ckige Konjunkturschw\u00e4che belastet den Arbeitsmarkt<\\\/span>. <span><em>WIFO-Monatsberichte<\\\/em><\\\/span>, <em>98<\\\/em>(5), 257-268.<\\\/div>\",\"vancouver\":\"<div class=\\\"rendering rendering_researchoutput  rendering_researchoutput_vancouver rendering_contributiontoperiodical rendering_vancouver rendering_contributiontoperiodical_vancouver\\\"><span>Bock-Schappelwein J<\\\/span><span>, Eppel R<\\\/span>. <span class=\\\"title\\\"><span>Hartn\u00e4ckige Konjunkturschw\u00e4che belastet den Arbeitsmarkt<\\\/span><\\\/span>. <span>WIFO-Monatsberichte<\\\/span>. 2025 May 28;98(5):257-268.<\\\/div>\",\"bibtex\":\"<div class=\\\"rendering rendering_researchoutput  rendering_researchoutput_bibtex rendering_contributiontoperiodical rendering_bibtex rendering_contributiontoperiodical_bibtex\\\"><div>@misc{cfa630c8b0bf49d297023ed2e06f53eb,<\\\/div><div>  title    = \\\"Hartn{\\\\\\\"a}ckige Konjunkturschw{\\\\\\\"a}che belastet den Arbeitsmarkt\\\",<\\\/div><div>  abstract = \\\"Im Jahr 2024 schrumpfte die {\\\\\\\"o}sterreichische Wirtschaftsleistung das zweite Jahr in Folge (\u20131,2\\\\%). Die Unternehmen litten unter der schwachen Nachfrage aus dem In- und Ausland, hohen Energiepreisen und vergleichsweise hohen Lohnst{\\\\\\\"u}ckkosten. Der private Konsum war trotz steigender Realeinkommen r{\\\\\\\"u}ckl{\\\\\\\"a}ufig. Die Sachg{\\\\\\\"u}tererzeugung steckte weiterhin in einer Rezession. Auch die Bauwirtschaft und einige Dienstleistungsbereiche wie z. B. der Handel schw{\\\\\\\"a}chelten. Die hartn{\\\\\\\"a}ckige Konjunkturflaute erfasste zunehmend auch den {\\\\\\\"o}sterreichischen Arbeitsmarkt. In der Gesamtwirtschaft stieg die Besch{\\\\\\\"a}ftigung nur noch geringf{\\\\\\\"u}gig, w{\\\\\\\"a}hrend die Industrie, das Bauwesen und die Arbeitskr{\\\\\\\"a}fte{\\\\\\\"u}berlassung deutlich an Personal einb{\\\\\\\"u}{\\\\ss}ten. Die Arbeitslosenquote nahm wieder sp{\\\\\\\"u}rbar zu. Im Fr{\\\\\\\"u}hjahr 2025 hielt der Arbeitslosigkeitsanstieg an. Neben der Konjunkturschw{\\\\\\\"a}che tr{\\\\\\\"a}gt die Aufnahme von Vertriebenen aus der Ukraine in die Arbeitslosenstatistik zur Zunahme der Arbeitslosigkeit bei. Die Zahl der offenen Stellen schrumpfte 2024 weiter, ist im langfristigen Vergleich aber immer noch hoch. Eine Verbesserung der Arbeitsmarktlage ist erst 2026 im Gefolge einer m{\\\\\\\"o}glichen Konjunkturaufhellung zu erwarten.\\\",<\\\/div><div>  keywords = \\\"Arbeitsmarkt, Arbeitslosigkeit, Besch{\\\\\\\"a}ftigung\\\",<\\\/div><div>  author   = \\\"Julia Bock-Schappelwein and Rainer Eppel\\\",<\\\/div><div>  year     = \\\"2025\\\",<\\\/div><div>  month    = may,<\\\/div><div>  day      = \\\"28\\\",<\\\/div><div>  language = \\\"Deutsch\\\",<\\\/div><div>  volume   = \\\"98\\\",<\\\/div><div>  pages    = \\\"257--268\\\",<\\\/div><div>  journal  = \\\"WIFO-Monatsberichte\\\",<\\\/div><p>}<\\\/p><\\\/div>\",\"ris\":\"<div class=\\\"rendering rendering_researchoutput  rendering_researchoutput_ris rendering_contributiontoperiodical rendering_ris rendering_contributiontoperiodical_ris\\\"><p>TY  - GEN<\\\/p><p>T1  - Hartn\u00e4ckige Konjunkturschw\u00e4che belastet den Arbeitsmarkt<\\\/p><p>AU  - Bock-Schappelwein, Julia<\\\/p><p>AU  - Eppel, Rainer<\\\/p><p>PY  - 2025\\\/5\\\/28<\\\/p><p>Y1  - 2025\\\/5\\\/28<\\\/p><p>N2  - Im Jahr 2024 schrumpfte die \u00f6sterreichische Wirtschaftsleistung das zweite Jahr in Folge (\u20131,2%). Die Unternehmen litten unter der schwachen Nachfrage aus dem In- und Ausland, hohen Energiepreisen und vergleichsweise hohen Lohnst\u00fcckkosten. Der private Konsum war trotz steigender Realeinkommen r\u00fcckl\u00e4ufig. Die Sachg\u00fctererzeugung steckte weiterhin in einer Rezession. Auch die Bauwirtschaft und einige Dienstleistungsbereiche wie z. B. der Handel schw\u00e4chelten. Die hartn\u00e4ckige Konjunkturflaute erfasste zunehmend auch den \u00f6sterreichischen Arbeitsmarkt. In der Gesamtwirtschaft stieg die Besch\u00e4ftigung nur noch geringf\u00fcgig, w\u00e4hrend die Industrie, das Bauwesen und die Arbeitskr\u00e4fte\u00fcberlassung deutlich an Personal einb\u00fc\u00dften. Die Arbeitslosenquote nahm wieder sp\u00fcrbar zu. Im Fr\u00fchjahr 2025 hielt der Arbeitslosigkeitsanstieg an. Neben der Konjunkturschw\u00e4che tr\u00e4gt die Aufnahme von Vertriebenen aus der Ukraine in die Arbeitslosenstatistik zur Zunahme der Arbeitslosigkeit bei. Die Zahl der offenen Stellen schrumpfte 2024 weiter, ist im langfristigen Vergleich aber immer noch hoch. Eine Verbesserung der Arbeitsmarktlage ist erst 2026 im Gefolge einer m\u00f6glichen Konjunkturaufhellung zu erwarten.<\\\/p><p>AB  - Im Jahr 2024 schrumpfte die \u00f6sterreichische Wirtschaftsleistung das zweite Jahr in Folge (\u20131,2%). Die Unternehmen litten unter der schwachen Nachfrage aus dem In- und Ausland, hohen Energiepreisen und vergleichsweise hohen Lohnst\u00fcckkosten. Der private Konsum war trotz steigender Realeinkommen r\u00fcckl\u00e4ufig. Die Sachg\u00fctererzeugung steckte weiterhin in einer Rezession. Auch die Bauwirtschaft und einige Dienstleistungsbereiche wie z. B. der Handel schw\u00e4chelten. Die hartn\u00e4ckige Konjunkturflaute erfasste zunehmend auch den \u00f6sterreichischen Arbeitsmarkt. In der Gesamtwirtschaft stieg die Besch\u00e4ftigung nur noch geringf\u00fcgig, w\u00e4hrend die Industrie, das Bauwesen und die Arbeitskr\u00e4fte\u00fcberlassung deutlich an Personal einb\u00fc\u00dften. Die Arbeitslosenquote nahm wieder sp\u00fcrbar zu. Im Fr\u00fchjahr 2025 hielt der Arbeitslosigkeitsanstieg an. Neben der Konjunkturschw\u00e4che tr\u00e4gt die Aufnahme von Vertriebenen aus der Ukraine in die Arbeitslosenstatistik zur Zunahme der Arbeitslosigkeit bei. Die Zahl der offenen Stellen schrumpfte 2024 weiter, ist im langfristigen Vergleich aber immer noch hoch. Eine Verbesserung der Arbeitsmarktlage ist erst 2026 im Gefolge einer m\u00f6glichen Konjunkturaufhellung zu erwarten.<\\\/p><p>KW  - Arbeitsmarkt<\\\/p><p>KW  - Arbeitslosigkeit<\\\/p><p>KW  - Besch\u00e4ftigung<\\\/p><p>M3  - WIFO-Schriftenreihen<\\\/p><p>VL  - 98<\\\/p><p>SP  - 257<\\\/p><p>EP  - 268<\\\/p><p>JO  - WIFO-Monatsberichte<\\\/p><p>JF  - WIFO-Monatsberichte<\\\/p><p>ER  - <\\\/p><\\\/div>\"}","scientific_assistance":"[\"Fuchs Stefan\",\"Lorenz Christoph\"]","scientific_review":"[\"Huemer Ulrike\"]","version":"","release_date":null,"expiration_date":null,"surveyor":"","research_assistance":"","edv":"","additional_info_de":"","additional_info_en":""},"yoast_head":"<!-- This site is optimized with the Yoast SEO Premium plugin v28.3 (Yoast SEO v28.3) - https:\/\/yoast.com\/product\/yoast-seo-premium-wordpress\/ -->\n<title>Persistent Economic Weakness Weighs on the Labour Market - WIFO<\/title>\n<meta name=\"robots\" content=\"index, follow, max-snippet:-1, max-image-preview:large, max-video-preview:-1\" \/>\n<link rel=\"canonical\" href=\"https:\/\/www.wifo.ac.at\/en\/publication\/426591\/\" \/>\n<meta property=\"og:locale\" content=\"en_US\" \/>\n<meta property=\"og:type\" content=\"article\" \/>\n<meta property=\"og:title\" content=\"Persistent Economic Weakness Weighs on the Labour Market\" \/>\n<meta property=\"og:url\" content=\"https:\/\/www.wifo.ac.at\/en\/publication\/426591\/\" \/>\n<meta property=\"og:site_name\" content=\"WIFO\" \/>\n<meta property=\"article:publisher\" content=\"https:\/\/www.facebook.com\/WIFOat\/\" \/>\n<meta property=\"article:modified_time\" content=\"2025-05-28T13:02:30+00:00\" \/>\n<meta property=\"og:image\" content=\"https:\/\/www.wifo.ac.at\/wp-content\/uploads\/2024\/05\/WIFO-Gebaeude-FotoAlexanderMueller-www.alexandermueller.at-IMG_6326-Bearbeitet-1.jpg\" \/>\n\t<meta property=\"og:image:width\" content=\"1920\" \/>\n\t<meta property=\"og:image:height\" content=\"1280\" \/>\n\t<meta property=\"og:image:type\" content=\"image\/jpeg\" \/>\n<meta name=\"twitter:card\" content=\"summary_large_image\" \/>\n<meta name=\"twitter:site\" content=\"@WIFOat\" \/>\n<script type=\"application\/ld+json\" class=\"yoast-schema-graph\">{\"@context\":\"https:\\\/\\\/schema.org\",\"@graph\":[{\"@type\":\"WebPage\",\"@id\":\"https:\\\/\\\/www.wifo.ac.at\\\/en\\\/publication\\\/426591\\\/\",\"url\":\"https:\\\/\\\/www.wifo.ac.at\\\/en\\\/publication\\\/426591\\\/\",\"name\":\"Persistent Economic Weakness Weighs on the Labour Market - WIFO\",\"isPartOf\":{\"@id\":\"https:\\\/\\\/www.wifo.ac.at\\\/en\\\/#website\"},\"datePublished\":\"2025-05-28T09:38:12+00:00\",\"dateModified\":\"2025-05-28T13:02:30+00:00\",\"breadcrumb\":{\"@id\":\"https:\\\/\\\/www.wifo.ac.at\\\/en\\\/publication\\\/426591\\\/#breadcrumb\"},\"inLanguage\":\"en-US\",\"potentialAction\":[{\"@type\":\"ReadAction\",\"target\":[\"https:\\\/\\\/www.wifo.ac.at\\\/en\\\/publication\\\/426591\\\/\"]}]},{\"@type\":\"BreadcrumbList\",\"@id\":\"https:\\\/\\\/www.wifo.ac.at\\\/en\\\/publication\\\/426591\\\/#breadcrumb\",\"itemListElement\":[{\"@type\":\"ListItem\",\"position\":1,\"name\":\"Startseite\",\"item\":\"https:\\\/\\\/www.wifo.ac.at\\\/en\\\/\"},{\"@type\":\"ListItem\",\"position\":2,\"name\":\"Persistent Economic Weakness Weighs on the Labour Market\"}]},{\"@type\":\"WebSite\",\"@id\":\"https:\\\/\\\/www.wifo.ac.at\\\/en\\\/#website\",\"url\":\"https:\\\/\\\/www.wifo.ac.at\\\/en\\\/\",\"name\":\"\u00d6sterreichisches Institut f\u00fcr Wirtschaftsforschung\",\"description\":\"\",\"publisher\":{\"@id\":\"https:\\\/\\\/www.wifo.ac.at\\\/en\\\/#organization\"},\"alternateName\":\"WIFO\",\"potentialAction\":[{\"@type\":\"SearchAction\",\"target\":{\"@type\":\"EntryPoint\",\"urlTemplate\":\"https:\\\/\\\/www.wifo.ac.at\\\/en\\\/?s={search_term_string}\"},\"query-input\":{\"@type\":\"PropertyValueSpecification\",\"valueRequired\":true,\"valueName\":\"search_term_string\"}}],\"inLanguage\":\"en-US\"},{\"@type\":\"Organization\",\"@id\":\"https:\\\/\\\/www.wifo.ac.at\\\/en\\\/#organization\",\"name\":\"\u00d6sterreichisches Institut f\u00fcr Wirtschaftsforschung\",\"alternateName\":\"WIFO\",\"url\":\"https:\\\/\\\/www.wifo.ac.at\\\/en\\\/\",\"logo\":{\"@type\":\"ImageObject\",\"inLanguage\":\"en-US\",\"@id\":\"https:\\\/\\\/www.wifo.ac.at\\\/en\\\/#\\\/schema\\\/logo\\\/image\\\/\",\"url\":\"https:\\\/\\\/www.wifo.ac.at\\\/wp-content\\\/uploads\\\/2024\\\/05\\\/WIFO_kurz_rechts-2-1920x412.jpg\",\"contentUrl\":\"https:\\\/\\\/www.wifo.ac.at\\\/wp-content\\\/uploads\\\/2024\\\/05\\\/WIFO_kurz_rechts-2-1920x412.jpg\",\"width\":2000,\"height\":429,\"caption\":\"\u00d6sterreichisches Institut f\u00fcr Wirtschaftsforschung\"},\"image\":{\"@id\":\"https:\\\/\\\/www.wifo.ac.at\\\/en\\\/#\\\/schema\\\/logo\\\/image\\\/\"},\"sameAs\":[\"https:\\\/\\\/www.facebook.com\\\/WIFOat\\\/\",\"https:\\\/\\\/x.com\\\/WIFOat\",\"https:\\\/\\\/linkedin.com\\\/company\\\/wifoat\\\/\",\"https:\\\/\\\/www.youtube.com\\\/@WIFO_at\"],\"description\":\"Das WIFO, 1927 von Friedrich August von Hayek und Ludwig von Mises zur Konjunkturanalyse gegr\u00fcndet, ist heute das f\u00fchrende Institut f\u00fcr angewandte empirische Wirtschaftsforschung in \u00d6sterreich mit starkem Engagement auf europ\u00e4ischer Ebene.\",\"email\":\"office@wifo.ac.at\",\"telephone\":\"+43 1 798 26 01 \u2013 0\",\"legalName\":\"\u00d6sterreichisches Institut f\u00fcr Wirtschaftsforschung\",\"foundingDate\":\"1927-01-02\",\"numberOfEmployees\":{\"@type\":\"QuantitativeValue\",\"minValue\":\"51\",\"maxValue\":\"200\"},\"publishingPrinciples\":\"https:\\\/\\\/www.wifo.ac.at\\\/institut\\\/mission-und-strategie\\\/\",\"ownershipFundingInfo\":\"https:\\\/\\\/www.wifo.ac.at\\\/institut\\\/organisation\\\/\",\"actionableFeedbackPolicy\":\"https:\\\/\\\/www.wifo.ac.at\\\/aktuelles\\\/presse\\\/\",\"correctionsPolicy\":\"https:\\\/\\\/www.wifo.ac.at\\\/institut\\\/kontakt\\\/\",\"ethicsPolicy\":\"https:\\\/\\\/www.wifo.ac.at\\\/institut\\\/evidenzbasierung-transparenz-und-unabhaengigkeit\\\/\",\"diversityPolicy\":\"https:\\\/\\\/www.wifo.ac.at\\\/institut\\\/gleichstellung\\\/\",\"diversityStaffingReport\":\"https:\\\/\\\/www.wifo.ac.at\\\/institut\\\/gleichstellung\\\/\"}]}<\/script>\n<!-- \/ Yoast SEO Premium plugin. -->","yoast_head_json":{"title":"Persistent Economic Weakness Weighs on the Labour Market - WIFO","robots":{"index":"index","follow":"follow","max-snippet":"max-snippet:-1","max-image-preview":"max-image-preview:large","max-video-preview":"max-video-preview:-1"},"canonical":"https:\/\/www.wifo.ac.at\/en\/publication\/426591\/","og_locale":"en_US","og_type":"article","og_title":"Persistent Economic Weakness Weighs on the Labour Market","og_url":"https:\/\/www.wifo.ac.at\/en\/publication\/426591\/","og_site_name":"WIFO","article_publisher":"https:\/\/www.facebook.com\/WIFOat\/","article_modified_time":"2025-05-28T13:02:30+00:00","og_image":[{"width":1920,"height":1280,"url":"https:\/\/www.wifo.ac.at\/wp-content\/uploads\/2024\/05\/WIFO-Gebaeude-FotoAlexanderMueller-www.alexandermueller.at-IMG_6326-Bearbeitet-1.jpg","type":"image\/jpeg"}],"twitter_card":"summary_large_image","twitter_site":"@WIFOat","schema":{"@context":"https:\/\/schema.org","@graph":[{"@type":"WebPage","@id":"https:\/\/www.wifo.ac.at\/en\/publication\/426591\/","url":"https:\/\/www.wifo.ac.at\/en\/publication\/426591\/","name":"Persistent Economic Weakness Weighs on the Labour Market - WIFO","isPartOf":{"@id":"https:\/\/www.wifo.ac.at\/en\/#website"},"datePublished":"2025-05-28T09:38:12+00:00","dateModified":"2025-05-28T13:02:30+00:00","breadcrumb":{"@id":"https:\/\/www.wifo.ac.at\/en\/publication\/426591\/#breadcrumb"},"inLanguage":"en-US","potentialAction":[{"@type":"ReadAction","target":["https:\/\/www.wifo.ac.at\/en\/publication\/426591\/"]}]},{"@type":"BreadcrumbList","@id":"https:\/\/www.wifo.ac.at\/en\/publication\/426591\/#breadcrumb","itemListElement":[{"@type":"ListItem","position":1,"name":"Startseite","item":"https:\/\/www.wifo.ac.at\/en\/"},{"@type":"ListItem","position":2,"name":"Persistent Economic Weakness Weighs on the Labour Market"}]},{"@type":"WebSite","@id":"https:\/\/www.wifo.ac.at\/en\/#website","url":"https:\/\/www.wifo.ac.at\/en\/","name":"\u00d6sterreichisches Institut f\u00fcr Wirtschaftsforschung","description":"","publisher":{"@id":"https:\/\/www.wifo.ac.at\/en\/#organization"},"alternateName":"WIFO","potentialAction":[{"@type":"SearchAction","target":{"@type":"EntryPoint","urlTemplate":"https:\/\/www.wifo.ac.at\/en\/?s={search_term_string}"},"query-input":{"@type":"PropertyValueSpecification","valueRequired":true,"valueName":"search_term_string"}}],"inLanguage":"en-US"},{"@type":"Organization","@id":"https:\/\/www.wifo.ac.at\/en\/#organization","name":"\u00d6sterreichisches Institut f\u00fcr Wirtschaftsforschung","alternateName":"WIFO","url":"https:\/\/www.wifo.ac.at\/en\/","logo":{"@type":"ImageObject","inLanguage":"en-US","@id":"https:\/\/www.wifo.ac.at\/en\/#\/schema\/logo\/image\/","url":"https:\/\/www.wifo.ac.at\/wp-content\/uploads\/2024\/05\/WIFO_kurz_rechts-2-1920x412.jpg","contentUrl":"https:\/\/www.wifo.ac.at\/wp-content\/uploads\/2024\/05\/WIFO_kurz_rechts-2-1920x412.jpg","width":2000,"height":429,"caption":"\u00d6sterreichisches Institut f\u00fcr Wirtschaftsforschung"},"image":{"@id":"https:\/\/www.wifo.ac.at\/en\/#\/schema\/logo\/image\/"},"sameAs":["https:\/\/www.facebook.com\/WIFOat\/","https:\/\/x.com\/WIFOat","https:\/\/linkedin.com\/company\/wifoat\/","https:\/\/www.youtube.com\/@WIFO_at"],"description":"Das WIFO, 1927 von Friedrich August von Hayek und Ludwig von Mises zur Konjunkturanalyse gegr\u00fcndet, ist heute das f\u00fchrende Institut f\u00fcr angewandte empirische Wirtschaftsforschung in \u00d6sterreich mit starkem Engagement auf europ\u00e4ischer Ebene.","email":"office@wifo.ac.at","telephone":"+43 1 798 26 01 \u2013 0","legalName":"\u00d6sterreichisches Institut f\u00fcr Wirtschaftsforschung","foundingDate":"1927-01-02","numberOfEmployees":{"@type":"QuantitativeValue","minValue":"51","maxValue":"200"},"publishingPrinciples":"https:\/\/www.wifo.ac.at\/institut\/mission-und-strategie\/","ownershipFundingInfo":"https:\/\/www.wifo.ac.at\/institut\/organisation\/","actionableFeedbackPolicy":"https:\/\/www.wifo.ac.at\/aktuelles\/presse\/","correctionsPolicy":"https:\/\/www.wifo.ac.at\/institut\/kontakt\/","ethicsPolicy":"https:\/\/www.wifo.ac.at\/institut\/evidenzbasierung-transparenz-und-unabhaengigkeit\/","diversityPolicy":"https:\/\/www.wifo.ac.at\/institut\/gleichstellung\/","diversityStaffingReport":"https:\/\/www.wifo.ac.at\/institut\/gleichstellung\/"}]}},"_links":{"self":[{"href":"https:\/\/www.wifo.ac.at\/en\/wp-json\/wp\/v2\/publication\/426591","targetHints":{"allow":["GET"]}}],"collection":[{"href":"https:\/\/www.wifo.ac.at\/en\/wp-json\/wp\/v2\/publication"}],"about":[{"href":"https:\/\/www.wifo.ac.at\/en\/wp-json\/wp\/v2\/types\/publication"}],"version-history":[{"count":1,"href":"https:\/\/www.wifo.ac.at\/en\/wp-json\/wp\/v2\/publication\/426591\/revisions"}],"predecessor-version":[{"id":426592,"href":"https:\/\/www.wifo.ac.at\/en\/wp-json\/wp\/v2\/publication\/426591\/revisions\/426592"}],"acf:post":[{"embeddable":true,"href":"https:\/\/www.wifo.ac.at\/en\/wp-json\/wp\/v2\/person\/3581"},{"embeddable":true,"href":"https:\/\/www.wifo.ac.at\/en\/wp-json\/wp\/v2\/person\/3822"},{"embeddable":true,"href":"https:\/\/www.wifo.ac.at\/en\/wp-json\/wp\/v2\/research_group\/3510"},{"embeddable":true,"href":"https:\/\/www.wifo.ac.at\/en\/wp-json\/wp\/v2\/publication_type\/44312"}],"wp:attachment":[{"href":"https:\/\/www.wifo.ac.at\/en\/wp-json\/wp\/v2\/media?parent=426591"}],"curies":[{"name":"wp","href":"https:\/\/api.w.org\/{rel}","templated":true}]}}