{"id":422544,"date":"2025-03-05T14:37:39","date_gmt":"2025-03-05T13:37:39","guid":{"rendered":"https:\/\/www.wifo.ac.at\/publication\/422544\/"},"modified":"2025-03-05T14:37:40","modified_gmt":"2025-03-05T13:37:40","slug":"employed-persons-with-a-migration-background-in-vienna","status":"publish","type":"publication","link":"https:\/\/www.wifo.ac.at\/en\/publication\/422544\/","title":{"rendered":"Employed Persons with a Migration Background in Vienna"},"content":{"rendered":"","protected":false},"featured_media":0,"template":"","class_list":["post-422544","publication","type-publication","status-publish","hentry"],"acf":{"subtitle":"Contribution to the Economy and Experiences on the Labour Market","text":"In 2021, employees with a migration background made up 43.4 percent of the employed and 40.5 percent of the self-employed in Vienna. They accounted for 42.5 percent of all working hours in Vienna and generated 33.5 percent of the total wages and an estimated 35 percent of value added. They consistently report higher levels of work-related physical and psychological strain and lower job satisfaction than employees without a migration background and are more often affected by discrimination. Gender differences among employees with a migration background are greater in many indicators than among employees without a migration background. To avoid discrimination, an intersectional perspective on migration is needed that addresses the entire \"bundle\" of categories relevant to discrimination.","onlinedate":"2025-03-05 13:37:41","lang":"German","publication_series":"","publication_date":"20250305","publication_date_year":"","publication_date_full":true,"publication_num_pages":"","keywords":"[]","jelcodes":"[\"J15\",\"R23\",\"R12\"]","related_publications":"[\"6c761b73-28dc-42df-b40d-ca34b8ccc1d1\",\"62fd0de2-a0e3-48a9-9787-1219393e89bc\",\"2ed1c618-a759-4b68-a79f-6ebfd5ab00bf\",\"45d820e1-4c20-4bf3-a065-d23fc2f6e67a\"]","pdf":422547,"zip":null,"link":"","monthly_report":true,"monthly_report_main":false,"monthly_report_volume":"98","monthly_report_pages":"93-104","monthly_report_pages_sort":"93","issue":"2","journal":"WIFO-Monatsberichte","publisher":"","invisible":false,"external":false,"embargo_date":null,"types":[44312],"research_groups":[3481],"collaboration":"","persons":[218849,3621,218855,218857],"persons_data":"[{\"personId\":218849,\"personName\":\"Astrid Ebner-Zarl\",\"organisationNames\":[\"FORESIGHT\"]},{\"personId\":3621,\"personName\":\"Peter Huber\",\"organisationNames\":[]},{\"personId\":218855,\"personName\":\"Harald Glaser\",\"organisationNames\":[\"FORESIGHT\"]},{\"personId\":218857,\"personName\":\"Daniel Sch\u00f6nherr\",\"organisationNames\":[\"FORESIGHT\"]}]","clients":[],"subclients":[],"partners":[],"topics":[],"host_publication_title":"","host_publication_subtitle":"","place_of_publication":"","host_publication_editors":"[]","type_description":"","output_media":"","chapter":"","article_number":"","citations":"{\"apa\":\"<div class=\\\"rendering rendering_researchoutput  rendering_researchoutput_apa rendering_contributiontoperiodical rendering_apa rendering_contributiontoperiodical_apa\\\">Ebner-Zarl, A.<span>, Huber, P.<\\\/span>, Glaser, H., &amp; Sch\u00f6nherr, D. (2025). <span>Erwerbst\u00e4tige mit Migrationshintergrund in Wien: Beitrag zur Wirtschaft und Erfahrungen auf dem Arbeitsmarkt<\\\/span>. <span><em>WIFO-Monatsberichte<\\\/em><\\\/span>, <em>98<\\\/em>(2), 93-104.<\\\/div>\",\"vancouver\":\"<div class=\\\"rendering rendering_researchoutput  rendering_researchoutput_vancouver rendering_contributiontoperiodical rendering_vancouver rendering_contributiontoperiodical_vancouver\\\">Ebner-Zarl A<span>, Huber P<\\\/span>, Glaser H, Sch\u00f6nherr D. <span class=\\\"title\\\"><span>Erwerbst\u00e4tige mit Migrationshintergrund in Wien: <span class=\\\"subtitle\\\">Beitrag zur Wirtschaft und Erfahrungen auf dem Arbeitsmarkt<\\\/span><\\\/span><\\\/span>. <span>WIFO-Monatsberichte<\\\/span>. 2025 Mar 5;98(2):93-104.<\\\/div>\",\"bibtex\":\"<div class=\\\"rendering rendering_researchoutput  rendering_researchoutput_bibtex rendering_contributiontoperiodical rendering_bibtex rendering_contributiontoperiodical_bibtex\\\"><div>@misc{5bbd223ffc1e45539051f36f10b7266c,<\\\/div><div>  title    = \\\"Erwerbst{\\\\\\\"a}tige mit Migrationshintergrund in Wien: Beitrag zur Wirtschaft und Erfahrungen auf dem Arbeitsmarkt\\\",<\\\/div><div>  abstract = \\\"Personen mit Migrationshintergrund stellten im Jahr 2021 43,4\\\\% der unselbst{\\\\\\\"a}ndig Besch{\\\\\\\"a}ftigten und 40,5\\\\% der Selbst{\\\\\\\"a}ndigen Wiens. Sie erbrachten 42,5\\\\% aller in Wien geleisteten Arbeitsstunden und erwirtschafteten 33,5\\\\% der Lohnsumme sowie gesch{\\\\\\\"a}tzt 35\\\\% der Wertsch{\\\\\\\"o}pfung. Besch{\\\\\\\"a}ftigte mit Migrationshintergrund geben in nahezu allen untersuchten Dimensionen eine h{\\\\\\\"o}here Arbeitsbelastung und eine geringere Arbeitszufriedenheit an als Besch{\\\\\\\"a}ftigte ohne Migrationshintergrund und sind {\\\\\\\"o}fter von Diskriminierung betroffen. Geschlechterunterschiede sind in vielen Indikatoren unter Besch{\\\\\\\"a}ftigten mit Migrationshintergrund gr{\\\\\\\"o}{\\\\ss}er als unter Besch{\\\\\\\"a}ftigten ohne Migrationshintergrund. Zur Vermeidung von Diskriminierung bedarf es einer intersektionellen Perspektive auf Migration, die am gesamten {\\\"}B{\\\\\\\"u}ndel{\\\"} von diskriminierungsrelevanten Kategorien ansetzt.\\\",<\\\/div><div>  keywords = \\\"Migration, Diskriminierung, regionaler Arbeitsmarkt\\\",<\\\/div><div>  author   = \\\"Astrid Ebner-Zarl and Peter Huber and Harald Glaser and Daniel Sch{\\\\\\\"o}nherr\\\",<\\\/div><div>  year     = \\\"2025\\\",<\\\/div><div>  month    = mar,<\\\/div><div>  day      = \\\"5\\\",<\\\/div><div>  language = \\\"Deutsch\\\",<\\\/div><div>  volume   = \\\"98\\\",<\\\/div><div>  pages    = \\\"93--104\\\",<\\\/div><div>  journal  = \\\"WIFO-Monatsberichte\\\",<\\\/div><p>}<\\\/p><\\\/div>\",\"ris\":\"<div class=\\\"rendering rendering_researchoutput  rendering_researchoutput_ris rendering_contributiontoperiodical rendering_ris rendering_contributiontoperiodical_ris\\\"><p>TY  - GEN<\\\/p><p>T1  - Erwerbst\u00e4tige mit Migrationshintergrund in Wien<\\\/p><p>T2  - Beitrag zur Wirtschaft und Erfahrungen auf dem Arbeitsmarkt<\\\/p><p>AU  - Ebner-Zarl, Astrid<\\\/p><p>AU  - Huber, Peter<\\\/p><p>AU  - Glaser, Harald<\\\/p><p>AU  - Sch\u00f6nherr, Daniel<\\\/p><p>PY  - 2025\\\/3\\\/5<\\\/p><p>Y1  - 2025\\\/3\\\/5<\\\/p><p>N2  - Personen mit Migrationshintergrund stellten im Jahr 2021 43,4% der unselbst\u00e4ndig Besch\u00e4ftigten und 40,5% der Selbst\u00e4ndigen Wiens. Sie erbrachten 42,5% aller in Wien geleisteten Arbeitsstunden und erwirtschafteten 33,5% der Lohnsumme sowie gesch\u00e4tzt 35% der Wertsch\u00f6pfung. Besch\u00e4ftigte mit Migrationshintergrund geben in nahezu allen untersuchten Dimensionen eine h\u00f6here Arbeitsbelastung und eine geringere Arbeitszufriedenheit an als Besch\u00e4ftigte ohne Migrationshintergrund und sind \u00f6fter von Diskriminierung betroffen. Geschlechterunterschiede sind in vielen Indikatoren unter Besch\u00e4ftigten mit Migrationshintergrund gr\u00f6\u00dfer als unter Besch\u00e4ftigten ohne Migrationshintergrund. Zur Vermeidung von Diskriminierung bedarf es einer intersektionellen Perspektive auf Migration, die am gesamten \\\"B\u00fcndel\\\" von diskriminierungsrelevanten Kategorien ansetzt.<\\\/p><p>AB  - Personen mit Migrationshintergrund stellten im Jahr 2021 43,4% der unselbst\u00e4ndig Besch\u00e4ftigten und 40,5% der Selbst\u00e4ndigen Wiens. Sie erbrachten 42,5% aller in Wien geleisteten Arbeitsstunden und erwirtschafteten 33,5% der Lohnsumme sowie gesch\u00e4tzt 35% der Wertsch\u00f6pfung. Besch\u00e4ftigte mit Migrationshintergrund geben in nahezu allen untersuchten Dimensionen eine h\u00f6here Arbeitsbelastung und eine geringere Arbeitszufriedenheit an als Besch\u00e4ftigte ohne Migrationshintergrund und sind \u00f6fter von Diskriminierung betroffen. Geschlechterunterschiede sind in vielen Indikatoren unter Besch\u00e4ftigten mit Migrationshintergrund gr\u00f6\u00dfer als unter Besch\u00e4ftigten ohne Migrationshintergrund. Zur Vermeidung von Diskriminierung bedarf es einer intersektionellen Perspektive auf Migration, die am gesamten \\\"B\u00fcndel\\\" von diskriminierungsrelevanten Kategorien ansetzt.<\\\/p><p>KW  - Migration<\\\/p><p>KW  - Diskriminierung<\\\/p><p>KW  - regionaler Arbeitsmarkt<\\\/p><p>M3  - WIFO-Schriftenreihen<\\\/p><p>VL  - 98<\\\/p><p>SP  - 93<\\\/p><p>EP  - 104<\\\/p><p>JO  - WIFO-Monatsberichte<\\\/p><p>JF  - WIFO-Monatsberichte<\\\/p><p>ER  - <\\\/p><\\\/div>\"}","scientific_assistance":"[\"\u00d6kmen Sena\"]","scientific_review":"[\"Bock-Schappelwein Julia\"]","version":"","release_date":null,"expiration_date":null,"surveyor":"","research_assistance":"","edv":"","additional_info_de":"","additional_info_en":""},"yoast_head":"<!-- This site is optimized with the Yoast SEO Premium plugin v28.3 (Yoast SEO v28.3) - https:\/\/yoast.com\/product\/yoast-seo-premium-wordpress\/ -->\n<title>Employed Persons with a Migration Background in Vienna - WIFO<\/title>\n<meta name=\"robots\" content=\"index, follow, max-snippet:-1, max-image-preview:large, max-video-preview:-1\" \/>\n<link rel=\"canonical\" href=\"https:\/\/www.wifo.ac.at\/en\/publication\/422544\/\" \/>\n<meta property=\"og:locale\" content=\"en_US\" \/>\n<meta property=\"og:type\" content=\"article\" \/>\n<meta property=\"og:title\" content=\"Employed Persons with a Migration Background in Vienna\" \/>\n<meta property=\"og:url\" content=\"https:\/\/www.wifo.ac.at\/en\/publication\/422544\/\" \/>\n<meta property=\"og:site_name\" content=\"WIFO\" \/>\n<meta property=\"article:publisher\" content=\"https:\/\/www.facebook.com\/WIFOat\/\" \/>\n<meta property=\"article:modified_time\" content=\"2025-03-05T13:37:40+00:00\" \/>\n<meta property=\"og:image\" content=\"https:\/\/www.wifo.ac.at\/wp-content\/uploads\/2024\/05\/WIFO-Gebaeude-FotoAlexanderMueller-www.alexandermueller.at-IMG_6326-Bearbeitet-1.jpg\" \/>\n\t<meta property=\"og:image:width\" content=\"1920\" \/>\n\t<meta property=\"og:image:height\" content=\"1280\" \/>\n\t<meta property=\"og:image:type\" content=\"image\/jpeg\" \/>\n<meta name=\"twitter:card\" content=\"summary_large_image\" \/>\n<meta name=\"twitter:site\" content=\"@WIFOat\" \/>\n<script type=\"application\/ld+json\" class=\"yoast-schema-graph\">{\"@context\":\"https:\\\/\\\/schema.org\",\"@graph\":[{\"@type\":\"WebPage\",\"@id\":\"https:\\\/\\\/www.wifo.ac.at\\\/en\\\/publication\\\/422544\\\/\",\"url\":\"https:\\\/\\\/www.wifo.ac.at\\\/en\\\/publication\\\/422544\\\/\",\"name\":\"Employed Persons with a Migration Background in Vienna - WIFO\",\"isPartOf\":{\"@id\":\"https:\\\/\\\/www.wifo.ac.at\\\/en\\\/#website\"},\"datePublished\":\"2025-03-05T13:37:39+00:00\",\"dateModified\":\"2025-03-05T13:37:40+00:00\",\"breadcrumb\":{\"@id\":\"https:\\\/\\\/www.wifo.ac.at\\\/en\\\/publication\\\/422544\\\/#breadcrumb\"},\"inLanguage\":\"en-US\",\"potentialAction\":[{\"@type\":\"ReadAction\",\"target\":[\"https:\\\/\\\/www.wifo.ac.at\\\/en\\\/publication\\\/422544\\\/\"]}]},{\"@type\":\"BreadcrumbList\",\"@id\":\"https:\\\/\\\/www.wifo.ac.at\\\/en\\\/publication\\\/422544\\\/#breadcrumb\",\"itemListElement\":[{\"@type\":\"ListItem\",\"position\":1,\"name\":\"Startseite\",\"item\":\"https:\\\/\\\/www.wifo.ac.at\\\/en\\\/\"},{\"@type\":\"ListItem\",\"position\":2,\"name\":\"Employed Persons with a Migration Background in Vienna\"}]},{\"@type\":\"WebSite\",\"@id\":\"https:\\\/\\\/www.wifo.ac.at\\\/en\\\/#website\",\"url\":\"https:\\\/\\\/www.wifo.ac.at\\\/en\\\/\",\"name\":\"\u00d6sterreichisches Institut f\u00fcr Wirtschaftsforschung\",\"description\":\"\",\"publisher\":{\"@id\":\"https:\\\/\\\/www.wifo.ac.at\\\/en\\\/#organization\"},\"alternateName\":\"WIFO\",\"potentialAction\":[{\"@type\":\"SearchAction\",\"target\":{\"@type\":\"EntryPoint\",\"urlTemplate\":\"https:\\\/\\\/www.wifo.ac.at\\\/en\\\/?s={search_term_string}\"},\"query-input\":{\"@type\":\"PropertyValueSpecification\",\"valueRequired\":true,\"valueName\":\"search_term_string\"}}],\"inLanguage\":\"en-US\"},{\"@type\":\"Organization\",\"@id\":\"https:\\\/\\\/www.wifo.ac.at\\\/en\\\/#organization\",\"name\":\"\u00d6sterreichisches Institut f\u00fcr Wirtschaftsforschung\",\"alternateName\":\"WIFO\",\"url\":\"https:\\\/\\\/www.wifo.ac.at\\\/en\\\/\",\"logo\":{\"@type\":\"ImageObject\",\"inLanguage\":\"en-US\",\"@id\":\"https:\\\/\\\/www.wifo.ac.at\\\/en\\\/#\\\/schema\\\/logo\\\/image\\\/\",\"url\":\"https:\\\/\\\/www.wifo.ac.at\\\/wp-content\\\/uploads\\\/2024\\\/05\\\/WIFO_kurz_rechts-2-1920x412.jpg\",\"contentUrl\":\"https:\\\/\\\/www.wifo.ac.at\\\/wp-content\\\/uploads\\\/2024\\\/05\\\/WIFO_kurz_rechts-2-1920x412.jpg\",\"width\":2000,\"height\":429,\"caption\":\"\u00d6sterreichisches Institut f\u00fcr Wirtschaftsforschung\"},\"image\":{\"@id\":\"https:\\\/\\\/www.wifo.ac.at\\\/en\\\/#\\\/schema\\\/logo\\\/image\\\/\"},\"sameAs\":[\"https:\\\/\\\/www.facebook.com\\\/WIFOat\\\/\",\"https:\\\/\\\/x.com\\\/WIFOat\",\"https:\\\/\\\/linkedin.com\\\/company\\\/wifoat\\\/\",\"https:\\\/\\\/www.youtube.com\\\/@WIFO_at\"],\"description\":\"Das WIFO, 1927 von Friedrich August von Hayek und Ludwig von Mises zur Konjunkturanalyse gegr\u00fcndet, ist heute das f\u00fchrende Institut f\u00fcr angewandte empirische Wirtschaftsforschung in \u00d6sterreich mit starkem Engagement auf europ\u00e4ischer Ebene.\",\"email\":\"office@wifo.ac.at\",\"telephone\":\"+43 1 798 26 01 \u2013 0\",\"legalName\":\"\u00d6sterreichisches Institut f\u00fcr Wirtschaftsforschung\",\"foundingDate\":\"1927-01-02\",\"numberOfEmployees\":{\"@type\":\"QuantitativeValue\",\"minValue\":\"51\",\"maxValue\":\"200\"},\"publishingPrinciples\":\"https:\\\/\\\/www.wifo.ac.at\\\/institut\\\/mission-und-strategie\\\/\",\"ownershipFundingInfo\":\"https:\\\/\\\/www.wifo.ac.at\\\/institut\\\/organisation\\\/\",\"actionableFeedbackPolicy\":\"https:\\\/\\\/www.wifo.ac.at\\\/aktuelles\\\/presse\\\/\",\"correctionsPolicy\":\"https:\\\/\\\/www.wifo.ac.at\\\/institut\\\/kontakt\\\/\",\"ethicsPolicy\":\"https:\\\/\\\/www.wifo.ac.at\\\/institut\\\/evidenzbasierung-transparenz-und-unabhaengigkeit\\\/\",\"diversityPolicy\":\"https:\\\/\\\/www.wifo.ac.at\\\/institut\\\/gleichstellung\\\/\",\"diversityStaffingReport\":\"https:\\\/\\\/www.wifo.ac.at\\\/institut\\\/gleichstellung\\\/\"}]}<\/script>\n<!-- \/ Yoast SEO Premium plugin. -->","yoast_head_json":{"title":"Employed Persons with a Migration Background in Vienna - WIFO","robots":{"index":"index","follow":"follow","max-snippet":"max-snippet:-1","max-image-preview":"max-image-preview:large","max-video-preview":"max-video-preview:-1"},"canonical":"https:\/\/www.wifo.ac.at\/en\/publication\/422544\/","og_locale":"en_US","og_type":"article","og_title":"Employed Persons with a Migration Background in Vienna","og_url":"https:\/\/www.wifo.ac.at\/en\/publication\/422544\/","og_site_name":"WIFO","article_publisher":"https:\/\/www.facebook.com\/WIFOat\/","article_modified_time":"2025-03-05T13:37:40+00:00","og_image":[{"width":1920,"height":1280,"url":"https:\/\/www.wifo.ac.at\/wp-content\/uploads\/2024\/05\/WIFO-Gebaeude-FotoAlexanderMueller-www.alexandermueller.at-IMG_6326-Bearbeitet-1.jpg","type":"image\/jpeg"}],"twitter_card":"summary_large_image","twitter_site":"@WIFOat","schema":{"@context":"https:\/\/schema.org","@graph":[{"@type":"WebPage","@id":"https:\/\/www.wifo.ac.at\/en\/publication\/422544\/","url":"https:\/\/www.wifo.ac.at\/en\/publication\/422544\/","name":"Employed Persons with a Migration Background in Vienna - WIFO","isPartOf":{"@id":"https:\/\/www.wifo.ac.at\/en\/#website"},"datePublished":"2025-03-05T13:37:39+00:00","dateModified":"2025-03-05T13:37:40+00:00","breadcrumb":{"@id":"https:\/\/www.wifo.ac.at\/en\/publication\/422544\/#breadcrumb"},"inLanguage":"en-US","potentialAction":[{"@type":"ReadAction","target":["https:\/\/www.wifo.ac.at\/en\/publication\/422544\/"]}]},{"@type":"BreadcrumbList","@id":"https:\/\/www.wifo.ac.at\/en\/publication\/422544\/#breadcrumb","itemListElement":[{"@type":"ListItem","position":1,"name":"Startseite","item":"https:\/\/www.wifo.ac.at\/en\/"},{"@type":"ListItem","position":2,"name":"Employed Persons with a Migration Background in Vienna"}]},{"@type":"WebSite","@id":"https:\/\/www.wifo.ac.at\/en\/#website","url":"https:\/\/www.wifo.ac.at\/en\/","name":"\u00d6sterreichisches Institut f\u00fcr Wirtschaftsforschung","description":"","publisher":{"@id":"https:\/\/www.wifo.ac.at\/en\/#organization"},"alternateName":"WIFO","potentialAction":[{"@type":"SearchAction","target":{"@type":"EntryPoint","urlTemplate":"https:\/\/www.wifo.ac.at\/en\/?s={search_term_string}"},"query-input":{"@type":"PropertyValueSpecification","valueRequired":true,"valueName":"search_term_string"}}],"inLanguage":"en-US"},{"@type":"Organization","@id":"https:\/\/www.wifo.ac.at\/en\/#organization","name":"\u00d6sterreichisches Institut f\u00fcr Wirtschaftsforschung","alternateName":"WIFO","url":"https:\/\/www.wifo.ac.at\/en\/","logo":{"@type":"ImageObject","inLanguage":"en-US","@id":"https:\/\/www.wifo.ac.at\/en\/#\/schema\/logo\/image\/","url":"https:\/\/www.wifo.ac.at\/wp-content\/uploads\/2024\/05\/WIFO_kurz_rechts-2-1920x412.jpg","contentUrl":"https:\/\/www.wifo.ac.at\/wp-content\/uploads\/2024\/05\/WIFO_kurz_rechts-2-1920x412.jpg","width":2000,"height":429,"caption":"\u00d6sterreichisches Institut f\u00fcr Wirtschaftsforschung"},"image":{"@id":"https:\/\/www.wifo.ac.at\/en\/#\/schema\/logo\/image\/"},"sameAs":["https:\/\/www.facebook.com\/WIFOat\/","https:\/\/x.com\/WIFOat","https:\/\/linkedin.com\/company\/wifoat\/","https:\/\/www.youtube.com\/@WIFO_at"],"description":"Das WIFO, 1927 von Friedrich August von Hayek und Ludwig von Mises zur Konjunkturanalyse gegr\u00fcndet, ist heute das f\u00fchrende Institut f\u00fcr angewandte empirische Wirtschaftsforschung in \u00d6sterreich mit starkem Engagement auf europ\u00e4ischer Ebene.","email":"office@wifo.ac.at","telephone":"+43 1 798 26 01 \u2013 0","legalName":"\u00d6sterreichisches Institut f\u00fcr Wirtschaftsforschung","foundingDate":"1927-01-02","numberOfEmployees":{"@type":"QuantitativeValue","minValue":"51","maxValue":"200"},"publishingPrinciples":"https:\/\/www.wifo.ac.at\/institut\/mission-und-strategie\/","ownershipFundingInfo":"https:\/\/www.wifo.ac.at\/institut\/organisation\/","actionableFeedbackPolicy":"https:\/\/www.wifo.ac.at\/aktuelles\/presse\/","correctionsPolicy":"https:\/\/www.wifo.ac.at\/institut\/kontakt\/","ethicsPolicy":"https:\/\/www.wifo.ac.at\/institut\/evidenzbasierung-transparenz-und-unabhaengigkeit\/","diversityPolicy":"https:\/\/www.wifo.ac.at\/institut\/gleichstellung\/","diversityStaffingReport":"https:\/\/www.wifo.ac.at\/institut\/gleichstellung\/"}]}},"_links":{"self":[{"href":"https:\/\/www.wifo.ac.at\/en\/wp-json\/wp\/v2\/publication\/422544","targetHints":{"allow":["GET"]}}],"collection":[{"href":"https:\/\/www.wifo.ac.at\/en\/wp-json\/wp\/v2\/publication"}],"about":[{"href":"https:\/\/www.wifo.ac.at\/en\/wp-json\/wp\/v2\/types\/publication"}],"version-history":[{"count":1,"href":"https:\/\/www.wifo.ac.at\/en\/wp-json\/wp\/v2\/publication\/422544\/revisions"}],"predecessor-version":[{"id":422545,"href":"https:\/\/www.wifo.ac.at\/en\/wp-json\/wp\/v2\/publication\/422544\/revisions\/422545"}],"acf:post":[{"embeddable":true,"href":"https:\/\/www.wifo.ac.at\/en\/wp-json\/wp\/v2\/external_person\/218857"},{"embeddable":true,"href":"https:\/\/www.wifo.ac.at\/en\/wp-json\/wp\/v2\/external_person\/218855"},{"embeddable":true,"href":"https:\/\/www.wifo.ac.at\/en\/wp-json\/wp\/v2\/person\/3621"},{"embeddable":true,"href":"https:\/\/www.wifo.ac.at\/en\/wp-json\/wp\/v2\/external_person\/218849"},{"embeddable":true,"href":"https:\/\/www.wifo.ac.at\/en\/wp-json\/wp\/v2\/research_group\/3481"},{"embeddable":true,"href":"https:\/\/www.wifo.ac.at\/en\/wp-json\/wp\/v2\/publication_type\/44312"}],"wp:attachment":[{"href":"https:\/\/www.wifo.ac.at\/en\/wp-json\/wp\/v2\/media?parent=422544"}],"curies":[{"name":"wp","href":"https:\/\/api.w.org\/{rel}","templated":true}]}}