{"id":422210,"date":"2025-02-26T10:37:26","date_gmt":"2025-02-26T09:37:26","guid":{"rendered":"https:\/\/www.wifo.ac.at\/publication\/422210\/"},"modified":"2026-03-12T10:38:02","modified_gmt":"2026-03-12T09:38:02","slug":"stocktaking-of-the-automotive-sector-in-austria","status":"publish","type":"publication","link":"https:\/\/www.wifo.ac.at\/en\/publication\/422210\/","title":{"rendered":"Stocktaking of the Automotive Sector in Austria"},"content":{"rendered":"","protected":false},"featured_media":0,"template":"","class_list":["post-422210","publication","type-publication","status-publish","hentry"],"acf":{"subtitle":"Brief Study on Value Added and Employment","text":"The automotive sector is facing far-reaching changes as a result of the transformation to electromobility. Studies on the predicted employment effects of the structural upheaval paint a predominantly negative picture, although the effects vary from sector to sector. The sector currently employs about 1 percent of the total number of employees in Austria (just under 40,000 direct employees). In total, more than 100,000 employees in Austria are linked to the automotive sector through indirect and induced impact channels. Employment in the automotive sector is male-dominated, with an above-average share of blue collar workers, apprentices and employees of prime working age. Employment is relatively stable, and turnover is lower than in manufacturing as a whole. The stability of the employment relationship is underlined by the above-average proportion of transitions from work to retirement.","onlinedate":"2025-02-26 09:37:30","lang":"German","publication_series":"","publication_date":"20250228","publication_date_year":"","publication_date_full":true,"publication_num_pages":"34","keywords":"[]","jelcodes":"[]","related_publications":"[]","pdf":443266,"zip":null,"link":"","monthly_report":false,"monthly_report_main":false,"monthly_report_volume":"","monthly_report_pages":"","monthly_report_pages_sort":"0","issue":"","journal":"","publisher":"","invisible":false,"external":false,"embargo_date":null,"types":[81966],"research_groups":[3510,3481],"collaboration":"","persons":[3627,4913,3684,3879],"persons_data":"[{\"personId\":3627,\"personName\":\"Ulrike Huemer\",\"organisationNames\":[]},{\"personId\":4913,\"personName\":\"Marion Kogler\",\"organisationNames\":[]},{\"personId\":3684,\"personName\":\"Helmut Mahringer\",\"organisationNames\":[]},{\"personId\":3879,\"personName\":\"Gerhard Streicher\",\"organisationNames\":[]}]","clients":[10700],"subclients":[],"partners":[],"topics":[],"host_publication_title":"","host_publication_subtitle":"","place_of_publication":"","host_publication_editors":"[]","type_description":"","output_media":"","chapter":"","article_number":"","citations":"{\"apa\":\"<div class=\\\"rendering rendering_researchoutput  rendering_researchoutput_apa rendering_bookanthology rendering_apa rendering_bookanthology_apa\\\"><span>Huemer, U.<\\\/span><span>, Kogler, M.<\\\/span><span>, Mahringer, H.<\\\/span><span>, &amp; Streicher, G.<\\\/span> (2025). <span><em>Bestandsaufnahme zum automotiven Bereich in \u00d6sterreich: Kurzstudie zur Wertsch\u00f6pfung und Besch\u00e4ftigung<\\\/em><\\\/span>. WIFO.<\\\/div>\",\"vancouver\":\"<div class=\\\"rendering rendering_researchoutput  rendering_researchoutput_vancouver rendering_bookanthology rendering_vancouver rendering_bookanthology_vancouver\\\"><span>Huemer U<\\\/span><span>, Kogler M<\\\/span><span>, Mahringer H<\\\/span><span>, Streicher G<\\\/span>. <span class=\\\"title\\\"><span>Bestandsaufnahme zum automotiven Bereich in \u00d6sterreich: <span class=\\\"subtitle\\\">Kurzstudie zur Wertsch\u00f6pfung und Besch\u00e4ftigung<\\\/span><\\\/span><\\\/span>. WIFO; 2025.<\\\/div>\",\"bibtex\":\"<div class=\\\"rendering rendering_researchoutput  rendering_researchoutput_bibtex rendering_bookanthology rendering_bibtex rendering_bookanthology_bibtex\\\"><div>@book{128af5f33c6145c681971fef81bb91b3,<\\\/div><div>  title    = \\\"Bestandsaufnahme zum automotiven Bereich in {\\\\\\\"O}sterreich: Kurzstudie zur Wertsch{\\\\\\\"o}pfung und Besch{\\\\\\\"a}ftigung\\\",<\\\/div><div>  abstract = \\\"Der Automotivbereich steht vor tiefgreifenden Ver{\\\\\\\"a}nderungen infolge der Transformation hin zur Elektromobilit{\\\\\\\"a}t. Die Studienlage zur prognostizierten Besch{\\\\\\\"a}ftigungswirkung des strukturellen Umbruchs zeichnet ein {\\\\\\\"u}berwiegend negatives Bild, wobei die Effekte nach Branchen differieren. Aktuell ist die Branche in {\\\\\\\"O}sterreich Arbeitgeber:in f{\\\\\\\"u}r rund 1\\\\% der unselbst{\\\\\\\"a}ndig Besch{\\\\\\\"a}ftigten (knapp 40.000 direkt Besch{\\\\\\\"a}ftigte). {\\\\\\\"U}ber indirekte und induzierte Wirkungskan{\\\\\\\"a}le sind insgesamt {\\\\\\\"u}ber 100.000 Besch{\\\\\\\"a}ftigte in {\\\\\\\"O}sterreich mit dem Automotivbereich verbunden. Die Besch{\\\\\\\"a}ftigung im Automotivsektor ist m{\\\\\\\"a}nnerdominiert, mit {\\\\\\\"u}berdurchschnittlich vielen Arbeitern, Lehrlingen sowie Besch{\\\\\\\"a}ftigten im Haupterwerbsalter. Die Besch{\\\\\\\"a}ftigungsverh{\\\\\\\"a}ltnisse sind vergleichsweise stabil, die Fluktuation geringer als in der Sachg{\\\\\\\"u}tererzeugung insgesamt. Unterstrichen wird die Stabilit{\\\\\\\"a}t der Besch{\\\\\\\"a}ftigungsbeziehung durch den {\\\\\\\"u}berdurchschnittlich hohen Anteil an {\\\\\\\"U}berg{\\\\\\\"a}ngen in die Pension. Dies deutet darauf hin, dass ein vergleichsweise hoher Anteil der (niedrigen) Fluktuation {\\\\\\\"u}ber nat{\\\\\\\"u}rliche Besch{\\\\\\\"a}ftigungsabg{\\\\\\\"a}nge realisiert wird.\\\",<\\\/div><div>  author   = \\\"Ulrike Huemer and Marion Kogler and Helmut Mahringer and Gerhard Streicher\\\",<\\\/div><div>  year     = \\\"2025\\\",<\\\/div><div>  month    = feb,<\\\/div><div>  day      = \\\"28\\\",<\\\/div><div>  language = \\\"Deutsch\\\",<\\\/div><p>}<\\\/p><\\\/div>\",\"ris\":\"<div class=\\\"rendering rendering_researchoutput  rendering_researchoutput_ris rendering_bookanthology rendering_ris rendering_bookanthology_ris\\\"><p>TY  - BOOK<\\\/p><p>T1  - Bestandsaufnahme zum automotiven Bereich in \u00d6sterreich<\\\/p><p>T2  - Kurzstudie zur Wertsch\u00f6pfung und Besch\u00e4ftigung<\\\/p><p>AU  - Huemer, Ulrike<\\\/p><p>AU  - Kogler, Marion<\\\/p><p>AU  - Mahringer, Helmut<\\\/p><p>AU  - Streicher, Gerhard<\\\/p><p>PY  - 2025\\\/2\\\/28<\\\/p><p>Y1  - 2025\\\/2\\\/28<\\\/p><p>N2  - Der Automotivbereich steht vor tiefgreifenden Ver\u00e4nderungen infolge der Transformation hin zur Elektromobilit\u00e4t. Die Studienlage zur prognostizierten Besch\u00e4ftigungswirkung des strukturellen Umbruchs zeichnet ein \u00fcberwiegend negatives Bild, wobei die Effekte nach Branchen differieren. Aktuell ist die Branche in \u00d6sterreich Arbeitgeber:in f\u00fcr rund 1% der unselbst\u00e4ndig Besch\u00e4ftigten (knapp 40.000 direkt Besch\u00e4ftigte). \u00dcber indirekte und induzierte Wirkungskan\u00e4le sind insgesamt \u00fcber 100.000 Besch\u00e4ftigte in \u00d6sterreich mit dem Automotivbereich verbunden. Die Besch\u00e4ftigung im Automotivsektor ist m\u00e4nnerdominiert, mit \u00fcberdurchschnittlich vielen Arbeitern, Lehrlingen sowie Besch\u00e4ftigten im Haupterwerbsalter. Die Besch\u00e4ftigungsverh\u00e4ltnisse sind vergleichsweise stabil, die Fluktuation geringer als in der Sachg\u00fctererzeugung insgesamt. Unterstrichen wird die Stabilit\u00e4t der Besch\u00e4ftigungsbeziehung durch den \u00fcberdurchschnittlich hohen Anteil an \u00dcberg\u00e4ngen in die Pension. Dies deutet darauf hin, dass ein vergleichsweise hoher Anteil der (niedrigen) Fluktuation \u00fcber nat\u00fcrliche Besch\u00e4ftigungsabg\u00e4nge realisiert wird.<\\\/p><p>AB  - Der Automotivbereich steht vor tiefgreifenden Ver\u00e4nderungen infolge der Transformation hin zur Elektromobilit\u00e4t. Die Studienlage zur prognostizierten Besch\u00e4ftigungswirkung des strukturellen Umbruchs zeichnet ein \u00fcberwiegend negatives Bild, wobei die Effekte nach Branchen differieren. Aktuell ist die Branche in \u00d6sterreich Arbeitgeber:in f\u00fcr rund 1% der unselbst\u00e4ndig Besch\u00e4ftigten (knapp 40.000 direkt Besch\u00e4ftigte). \u00dcber indirekte und induzierte Wirkungskan\u00e4le sind insgesamt \u00fcber 100.000 Besch\u00e4ftigte in \u00d6sterreich mit dem Automotivbereich verbunden. Die Besch\u00e4ftigung im Automotivsektor ist m\u00e4nnerdominiert, mit \u00fcberdurchschnittlich vielen Arbeitern, Lehrlingen sowie Besch\u00e4ftigten im Haupterwerbsalter. Die Besch\u00e4ftigungsverh\u00e4ltnisse sind vergleichsweise stabil, die Fluktuation geringer als in der Sachg\u00fctererzeugung insgesamt. Unterstrichen wird die Stabilit\u00e4t der Besch\u00e4ftigungsbeziehung durch den \u00fcberdurchschnittlich hohen Anteil an \u00dcberg\u00e4ngen in die Pension. Dies deutet darauf hin, dass ein vergleichsweise hoher Anteil der (niedrigen) Fluktuation \u00fcber nat\u00fcrliche Besch\u00e4ftigungsabg\u00e4nge realisiert wird.<\\\/p><p>M3  - Studie<\\\/p><p>BT  - Bestandsaufnahme zum automotiven Bereich in \u00d6sterreich<\\\/p><p>ER  - <\\\/p><\\\/div>\"}","scientific_assistance":"[\"Weing\u00e4rtner Stefan\"]","scientific_review":"[\"Friesenbichler Klaus\"]","version":"","release_date":null,"expiration_date":null,"surveyor":"","research_assistance":"","edv":"","additional_info_de":"","additional_info_en":""},"yoast_head":"<!-- This site is optimized with the Yoast SEO Premium plugin v28.3 (Yoast SEO v28.3) - https:\/\/yoast.com\/product\/yoast-seo-premium-wordpress\/ -->\n<title>Stocktaking of the Automotive Sector in Austria - WIFO<\/title>\n<meta name=\"robots\" content=\"index, follow, max-snippet:-1, max-image-preview:large, max-video-preview:-1\" \/>\n<link rel=\"canonical\" href=\"https:\/\/www.wifo.ac.at\/en\/publication\/422210\/\" \/>\n<meta property=\"og:locale\" content=\"en_US\" \/>\n<meta property=\"og:type\" content=\"article\" \/>\n<meta property=\"og:title\" content=\"Stocktaking of the Automotive Sector in Austria\" \/>\n<meta property=\"og:url\" content=\"https:\/\/www.wifo.ac.at\/en\/publication\/422210\/\" \/>\n<meta property=\"og:site_name\" content=\"WIFO\" \/>\n<meta property=\"article:publisher\" content=\"https:\/\/www.facebook.com\/WIFOat\/\" \/>\n<meta property=\"article:modified_time\" content=\"2026-03-12T09:38:02+00:00\" \/>\n<meta property=\"og:image\" content=\"https:\/\/www.wifo.ac.at\/wp-content\/uploads\/2024\/05\/WIFO-Gebaeude-FotoAlexanderMueller-www.alexandermueller.at-IMG_6326-Bearbeitet-1.jpg\" \/>\n\t<meta property=\"og:image:width\" content=\"1920\" \/>\n\t<meta property=\"og:image:height\" content=\"1280\" \/>\n\t<meta property=\"og:image:type\" content=\"image\/jpeg\" \/>\n<meta name=\"twitter:card\" content=\"summary_large_image\" \/>\n<meta name=\"twitter:site\" content=\"@WIFOat\" \/>\n<script type=\"application\/ld+json\" class=\"yoast-schema-graph\">{\"@context\":\"https:\\\/\\\/schema.org\",\"@graph\":[{\"@type\":\"WebPage\",\"@id\":\"https:\\\/\\\/www.wifo.ac.at\\\/en\\\/publication\\\/422210\\\/\",\"url\":\"https:\\\/\\\/www.wifo.ac.at\\\/en\\\/publication\\\/422210\\\/\",\"name\":\"Stocktaking of the Automotive Sector in Austria - WIFO\",\"isPartOf\":{\"@id\":\"https:\\\/\\\/www.wifo.ac.at\\\/en\\\/#website\"},\"datePublished\":\"2025-02-26T09:37:26+00:00\",\"dateModified\":\"2026-03-12T09:38:02+00:00\",\"breadcrumb\":{\"@id\":\"https:\\\/\\\/www.wifo.ac.at\\\/en\\\/publication\\\/422210\\\/#breadcrumb\"},\"inLanguage\":\"en-US\",\"potentialAction\":[{\"@type\":\"ReadAction\",\"target\":[\"https:\\\/\\\/www.wifo.ac.at\\\/en\\\/publication\\\/422210\\\/\"]}]},{\"@type\":\"BreadcrumbList\",\"@id\":\"https:\\\/\\\/www.wifo.ac.at\\\/en\\\/publication\\\/422210\\\/#breadcrumb\",\"itemListElement\":[{\"@type\":\"ListItem\",\"position\":1,\"name\":\"Startseite\",\"item\":\"https:\\\/\\\/www.wifo.ac.at\\\/en\\\/\"},{\"@type\":\"ListItem\",\"position\":2,\"name\":\"Stocktaking of the Automotive Sector in Austria\"}]},{\"@type\":\"WebSite\",\"@id\":\"https:\\\/\\\/www.wifo.ac.at\\\/en\\\/#website\",\"url\":\"https:\\\/\\\/www.wifo.ac.at\\\/en\\\/\",\"name\":\"\u00d6sterreichisches Institut f\u00fcr Wirtschaftsforschung\",\"description\":\"\",\"publisher\":{\"@id\":\"https:\\\/\\\/www.wifo.ac.at\\\/en\\\/#organization\"},\"alternateName\":\"WIFO\",\"potentialAction\":[{\"@type\":\"SearchAction\",\"target\":{\"@type\":\"EntryPoint\",\"urlTemplate\":\"https:\\\/\\\/www.wifo.ac.at\\\/en\\\/?s={search_term_string}\"},\"query-input\":{\"@type\":\"PropertyValueSpecification\",\"valueRequired\":true,\"valueName\":\"search_term_string\"}}],\"inLanguage\":\"en-US\"},{\"@type\":\"Organization\",\"@id\":\"https:\\\/\\\/www.wifo.ac.at\\\/en\\\/#organization\",\"name\":\"\u00d6sterreichisches Institut f\u00fcr Wirtschaftsforschung\",\"alternateName\":\"WIFO\",\"url\":\"https:\\\/\\\/www.wifo.ac.at\\\/en\\\/\",\"logo\":{\"@type\":\"ImageObject\",\"inLanguage\":\"en-US\",\"@id\":\"https:\\\/\\\/www.wifo.ac.at\\\/en\\\/#\\\/schema\\\/logo\\\/image\\\/\",\"url\":\"https:\\\/\\\/www.wifo.ac.at\\\/wp-content\\\/uploads\\\/2024\\\/05\\\/WIFO_kurz_rechts-2-1920x412.jpg\",\"contentUrl\":\"https:\\\/\\\/www.wifo.ac.at\\\/wp-content\\\/uploads\\\/2024\\\/05\\\/WIFO_kurz_rechts-2-1920x412.jpg\",\"width\":2000,\"height\":429,\"caption\":\"\u00d6sterreichisches Institut f\u00fcr Wirtschaftsforschung\"},\"image\":{\"@id\":\"https:\\\/\\\/www.wifo.ac.at\\\/en\\\/#\\\/schema\\\/logo\\\/image\\\/\"},\"sameAs\":[\"https:\\\/\\\/www.facebook.com\\\/WIFOat\\\/\",\"https:\\\/\\\/x.com\\\/WIFOat\",\"https:\\\/\\\/linkedin.com\\\/company\\\/wifoat\\\/\",\"https:\\\/\\\/www.youtube.com\\\/@WIFO_at\"],\"description\":\"Das WIFO, 1927 von Friedrich August von Hayek und Ludwig von Mises zur Konjunkturanalyse gegr\u00fcndet, ist heute das f\u00fchrende Institut f\u00fcr angewandte empirische Wirtschaftsforschung in \u00d6sterreich mit starkem Engagement auf europ\u00e4ischer Ebene.\",\"email\":\"office@wifo.ac.at\",\"telephone\":\"+43 1 798 26 01 \u2013 0\",\"legalName\":\"\u00d6sterreichisches Institut f\u00fcr Wirtschaftsforschung\",\"foundingDate\":\"1927-01-02\",\"numberOfEmployees\":{\"@type\":\"QuantitativeValue\",\"minValue\":\"51\",\"maxValue\":\"200\"},\"publishingPrinciples\":\"https:\\\/\\\/www.wifo.ac.at\\\/institut\\\/mission-und-strategie\\\/\",\"ownershipFundingInfo\":\"https:\\\/\\\/www.wifo.ac.at\\\/institut\\\/organisation\\\/\",\"actionableFeedbackPolicy\":\"https:\\\/\\\/www.wifo.ac.at\\\/aktuelles\\\/presse\\\/\",\"correctionsPolicy\":\"https:\\\/\\\/www.wifo.ac.at\\\/institut\\\/kontakt\\\/\",\"ethicsPolicy\":\"https:\\\/\\\/www.wifo.ac.at\\\/institut\\\/evidenzbasierung-transparenz-und-unabhaengigkeit\\\/\",\"diversityPolicy\":\"https:\\\/\\\/www.wifo.ac.at\\\/institut\\\/gleichstellung\\\/\",\"diversityStaffingReport\":\"https:\\\/\\\/www.wifo.ac.at\\\/institut\\\/gleichstellung\\\/\"}]}<\/script>\n<!-- \/ Yoast SEO Premium plugin. -->","yoast_head_json":{"title":"Stocktaking of the Automotive Sector in Austria - WIFO","robots":{"index":"index","follow":"follow","max-snippet":"max-snippet:-1","max-image-preview":"max-image-preview:large","max-video-preview":"max-video-preview:-1"},"canonical":"https:\/\/www.wifo.ac.at\/en\/publication\/422210\/","og_locale":"en_US","og_type":"article","og_title":"Stocktaking of the Automotive Sector in Austria","og_url":"https:\/\/www.wifo.ac.at\/en\/publication\/422210\/","og_site_name":"WIFO","article_publisher":"https:\/\/www.facebook.com\/WIFOat\/","article_modified_time":"2026-03-12T09:38:02+00:00","og_image":[{"width":1920,"height":1280,"url":"https:\/\/www.wifo.ac.at\/wp-content\/uploads\/2024\/05\/WIFO-Gebaeude-FotoAlexanderMueller-www.alexandermueller.at-IMG_6326-Bearbeitet-1.jpg","type":"image\/jpeg"}],"twitter_card":"summary_large_image","twitter_site":"@WIFOat","schema":{"@context":"https:\/\/schema.org","@graph":[{"@type":"WebPage","@id":"https:\/\/www.wifo.ac.at\/en\/publication\/422210\/","url":"https:\/\/www.wifo.ac.at\/en\/publication\/422210\/","name":"Stocktaking of the Automotive Sector in Austria - WIFO","isPartOf":{"@id":"https:\/\/www.wifo.ac.at\/en\/#website"},"datePublished":"2025-02-26T09:37:26+00:00","dateModified":"2026-03-12T09:38:02+00:00","breadcrumb":{"@id":"https:\/\/www.wifo.ac.at\/en\/publication\/422210\/#breadcrumb"},"inLanguage":"en-US","potentialAction":[{"@type":"ReadAction","target":["https:\/\/www.wifo.ac.at\/en\/publication\/422210\/"]}]},{"@type":"BreadcrumbList","@id":"https:\/\/www.wifo.ac.at\/en\/publication\/422210\/#breadcrumb","itemListElement":[{"@type":"ListItem","position":1,"name":"Startseite","item":"https:\/\/www.wifo.ac.at\/en\/"},{"@type":"ListItem","position":2,"name":"Stocktaking of the Automotive Sector in Austria"}]},{"@type":"WebSite","@id":"https:\/\/www.wifo.ac.at\/en\/#website","url":"https:\/\/www.wifo.ac.at\/en\/","name":"\u00d6sterreichisches Institut f\u00fcr Wirtschaftsforschung","description":"","publisher":{"@id":"https:\/\/www.wifo.ac.at\/en\/#organization"},"alternateName":"WIFO","potentialAction":[{"@type":"SearchAction","target":{"@type":"EntryPoint","urlTemplate":"https:\/\/www.wifo.ac.at\/en\/?s={search_term_string}"},"query-input":{"@type":"PropertyValueSpecification","valueRequired":true,"valueName":"search_term_string"}}],"inLanguage":"en-US"},{"@type":"Organization","@id":"https:\/\/www.wifo.ac.at\/en\/#organization","name":"\u00d6sterreichisches Institut f\u00fcr Wirtschaftsforschung","alternateName":"WIFO","url":"https:\/\/www.wifo.ac.at\/en\/","logo":{"@type":"ImageObject","inLanguage":"en-US","@id":"https:\/\/www.wifo.ac.at\/en\/#\/schema\/logo\/image\/","url":"https:\/\/www.wifo.ac.at\/wp-content\/uploads\/2024\/05\/WIFO_kurz_rechts-2-1920x412.jpg","contentUrl":"https:\/\/www.wifo.ac.at\/wp-content\/uploads\/2024\/05\/WIFO_kurz_rechts-2-1920x412.jpg","width":2000,"height":429,"caption":"\u00d6sterreichisches Institut f\u00fcr Wirtschaftsforschung"},"image":{"@id":"https:\/\/www.wifo.ac.at\/en\/#\/schema\/logo\/image\/"},"sameAs":["https:\/\/www.facebook.com\/WIFOat\/","https:\/\/x.com\/WIFOat","https:\/\/linkedin.com\/company\/wifoat\/","https:\/\/www.youtube.com\/@WIFO_at"],"description":"Das WIFO, 1927 von Friedrich August von Hayek und Ludwig von Mises zur Konjunkturanalyse gegr\u00fcndet, ist heute das f\u00fchrende Institut f\u00fcr angewandte empirische Wirtschaftsforschung in \u00d6sterreich mit starkem Engagement auf europ\u00e4ischer Ebene.","email":"office@wifo.ac.at","telephone":"+43 1 798 26 01 \u2013 0","legalName":"\u00d6sterreichisches Institut f\u00fcr Wirtschaftsforschung","foundingDate":"1927-01-02","numberOfEmployees":{"@type":"QuantitativeValue","minValue":"51","maxValue":"200"},"publishingPrinciples":"https:\/\/www.wifo.ac.at\/institut\/mission-und-strategie\/","ownershipFundingInfo":"https:\/\/www.wifo.ac.at\/institut\/organisation\/","actionableFeedbackPolicy":"https:\/\/www.wifo.ac.at\/aktuelles\/presse\/","correctionsPolicy":"https:\/\/www.wifo.ac.at\/institut\/kontakt\/","ethicsPolicy":"https:\/\/www.wifo.ac.at\/institut\/evidenzbasierung-transparenz-und-unabhaengigkeit\/","diversityPolicy":"https:\/\/www.wifo.ac.at\/institut\/gleichstellung\/","diversityStaffingReport":"https:\/\/www.wifo.ac.at\/institut\/gleichstellung\/"}]}},"_links":{"self":[{"href":"https:\/\/www.wifo.ac.at\/en\/wp-json\/wp\/v2\/publication\/422210","targetHints":{"allow":["GET"]}}],"collection":[{"href":"https:\/\/www.wifo.ac.at\/en\/wp-json\/wp\/v2\/publication"}],"about":[{"href":"https:\/\/www.wifo.ac.at\/en\/wp-json\/wp\/v2\/types\/publication"}],"version-history":[{"count":1,"href":"https:\/\/www.wifo.ac.at\/en\/wp-json\/wp\/v2\/publication\/422210\/revisions"}],"predecessor-version":[{"id":422211,"href":"https:\/\/www.wifo.ac.at\/en\/wp-json\/wp\/v2\/publication\/422210\/revisions\/422211"}],"acf:post":[{"embeddable":true,"href":"https:\/\/www.wifo.ac.at\/en\/wp-json\/wp\/v2\/client\/10700"},{"embeddable":true,"href":"https:\/\/www.wifo.ac.at\/en\/wp-json\/wp\/v2\/person\/3879"},{"embeddable":true,"href":"https:\/\/www.wifo.ac.at\/en\/wp-json\/wp\/v2\/person\/3684"},{"embeddable":true,"href":"https:\/\/www.wifo.ac.at\/en\/wp-json\/wp\/v2\/person\/4913"},{"embeddable":true,"href":"https:\/\/www.wifo.ac.at\/en\/wp-json\/wp\/v2\/person\/3627"},{"embeddable":true,"href":"https:\/\/www.wifo.ac.at\/en\/wp-json\/wp\/v2\/research_group\/3481"},{"embeddable":true,"href":"https:\/\/www.wifo.ac.at\/en\/wp-json\/wp\/v2\/research_group\/3510"},{"embeddable":true,"href":"https:\/\/www.wifo.ac.at\/en\/wp-json\/wp\/v2\/publication_type\/81966"}],"wp:attachment":[{"href":"https:\/\/www.wifo.ac.at\/en\/wp-json\/wp\/v2\/media?parent=422210"}],"curies":[{"name":"wp","href":"https:\/\/api.w.org\/{rel}","templated":true}]}}