{"id":273104,"date":"2024-10-07T17:20:06","date_gmt":"2024-10-07T15:20:06","guid":{"rendered":"https:\/\/www.wifo.ac.at\/publication\/273104\/"},"modified":"2024-10-08T12:59:30","modified_gmt":"2024-10-08T10:59:30","slug":"a-rapid-assessment-of-the-economic-impact-of-the-central-european-flood-2024-on-austria","status":"publish","type":"publication","link":"https:\/\/www.wifo.ac.at\/en\/publication\/273104\/","title":{"rendered":"A Rapid Assessment of the Economic Impact of the Central European Flood 2024 on Austria"},"content":{"rendered":"","protected":false},"featured_media":0,"template":"","class_list":["post-273104","publication","type-publication","status-publish","hentry"],"acf":{"subtitle":"","text":"Between 14 and 21 September, Storm Boris brought heavy rain and flooding to Central Europe. Such extreme weather events will become more frequent and, above all, more intense as a result of climate change. It is therefore important to develop methods to rapidly assess the economic impact in order to tailor measures to mitigate losses. This Research Brief estimates the economic losses to be around 1.3 billion \u20ac. This includes private households, damaged inventories and capital stocks, and interruptions of firms' operations. Infrastructure is not included, however. Austria appeared to be relatively well prepared. Despite the magnitude of the flood, more severe economic damage was prevented. Nevertheless, the current compensation model can be improved.","onlinedate":"2024-10-08 07:00:00","lang":"English","publication_series":"","publication_date":"20241008","publication_date_year":"","publication_date_full":true,"publication_num_pages":"13","keywords":"[\"Flood\",\"Impact Analysis\",\"Indirect effects\",\"Input-Output\",\"Insurance\",\"Austria\",\"Disaster\"]","jelcodes":"[\"H84\",\"Q54\"]","related_publications":"[]","pdf":273137,"zip":null,"link":"","monthly_report":true,"monthly_report_main":false,"monthly_report_volume":"","monthly_report_pages":"","monthly_report_pages_sort":"0","issue":"14","journal":"WIFO Research Briefs","publisher":"\u00d6sterreichisches Institut f\u00fcr Wirtschaftsforschung","invisible":false,"external":false,"embargo_date":"2024-10-08 07:00:00","types":[44390],"research_groups":[3491,3655],"collaboration":"","persons":[3587,273118,18213,5090,3853],"persons_data":"[{\"personId\":3587,\"personName\":\"Klaus Friesenbichler\",\"organisationNames\":[]},{\"personId\":273118,\"personName\":\"Leonardo Ialongo\",\"organisationNames\":[\"ASCII\",\"CSH Vienna\"]},{\"personId\":18213,\"personName\":\"Peter Klimek\",\"organisationNames\":[\"ASCII\",\"CSH Vienna\"]},{\"personId\":5090,\"personName\":\"Anna Renhart\",\"organisationNames\":[]},{\"personId\":3853,\"personName\":\"Franz Sinabell\",\"organisationNames\":[]}]","clients":[10980,10848],"subclients":[],"partners":[8870,256243],"topics":[125684],"host_publication_title":"","host_publication_subtitle":"","place_of_publication":"","host_publication_editors":"[]","type_description":"","output_media":"","chapter":"","article_number":"","citations":"{\"apa\":\"<div class=\\\"rendering rendering_researchoutput  rendering_researchoutput_apa rendering_contributiontoperiodical rendering_apa rendering_contributiontoperiodical_apa\\\"><span>Friesenbichler, K.<\\\/span>, Ialongo, L., Klimek, P.<span>, Renhart, A.<\\\/span><span>, &amp; Sinabell, F.<\\\/span> (2024). <span>A Rapid Assessment of the Economic Impact of the Central European Flood 2024 on Austria<\\\/span>. <span><em>WIFO Research Briefs<\\\/em><\\\/span>, (14).<\\\/div>\",\"vancouver\":\"<div class=\\\"rendering rendering_researchoutput  rendering_researchoutput_vancouver rendering_contributiontoperiodical rendering_vancouver rendering_contributiontoperiodical_vancouver\\\"><span>Friesenbichler K<\\\/span>, Ialongo L, Klimek P<span>, Renhart A<\\\/span><span>, Sinabell F<\\\/span>. <span class=\\\"title\\\"><span>A Rapid Assessment of the Economic Impact of the Central European Flood 2024 on Austria<\\\/span><\\\/span>. <span>WIFO Research Briefs<\\\/span>. 2024 Oct 8;(14).<\\\/div>\",\"bibtex\":\"<div class=\\\"rendering rendering_researchoutput  rendering_researchoutput_bibtex rendering_contributiontoperiodical rendering_bibtex rendering_contributiontoperiodical_bibtex\\\"><div>@misc{7922efe4deda4831b6aebb28b5e45d56,<\\\/div><div>  title     = \\\"A Rapid Assessment of the Economic Impact of the Central European Flood 2024 on Austria\\\",<\\\/div><div>  abstract  = \\\"Between 14 and 21 September, Storm Boris brought heavy rain and flooding to Central Europe. Such extreme weather events will become more frequent and, above all, more intense as a result of climate change. It is therefore important to develop methods to rapidly assess the economic impact in order to tailor measures to mitigate losses. This Research Brief estimates the economic losses to be around 1.3 billion \u20ac. This includes private households, damaged inventories and capital stocks, and interruptions of firms' operations. Infrastructure is not included, however. Austria appeared to be relatively well prepared. Despite the magnitude of the flood, more severe economic damage was prevented. Nevertheless, the current compensation model can be improved.\\\",<\\\/div><div>  keywords  = \\\"Flood, Impact Analysis, Indirect effects, Input-Output, Insurance, Austria, Disaster\\\",<\\\/div><div>  author    = \\\"Klaus Friesenbichler and Leonardo Ialongo and Peter Klimek and Anna Renhart and Franz Sinabell\\\",<\\\/div><div>  year      = \\\"2024\\\",<\\\/div><div>  month     = oct,<\\\/div><div>  day       = \\\"8\\\",<\\\/div><div>  language  = \\\"English\\\",<\\\/div><div>  journal   = \\\"WIFO Research Briefs\\\",<\\\/div><div>  publisher = \\\"{\\\\\\\"O}sterreichisches Institut f{\\\\\\\"u}r Wirtschaftsforschung\\\",<\\\/div><p>}<\\\/p><\\\/div>\",\"ris\":\"<div class=\\\"rendering rendering_researchoutput  rendering_researchoutput_ris rendering_contributiontoperiodical rendering_ris rendering_contributiontoperiodical_ris\\\"><p>TY  - GEN<\\\/p><p>T1  - A Rapid Assessment of the Economic Impact of the Central European Flood 2024 on Austria<\\\/p><p>AU  - Friesenbichler, Klaus<\\\/p><p>AU  - Ialongo, Leonardo<\\\/p><p>AU  - Klimek, Peter<\\\/p><p>AU  - Renhart, Anna<\\\/p><p>AU  - Sinabell, Franz<\\\/p><p>PY  - 2024\\\/10\\\/8<\\\/p><p>Y1  - 2024\\\/10\\\/8<\\\/p><p>N2  - Between 14 and 21 September, Storm Boris brought heavy rain and flooding to Central Europe. Such extreme weather events will become more frequent and, above all, more intense as a result of climate change. It is therefore important to develop methods to rapidly assess the economic impact in order to tailor measures to mitigate losses. This Research Brief estimates the economic losses to be around 1.3 billion \u20ac. This includes private households, damaged inventories and capital stocks, and interruptions of firms' operations. Infrastructure is not included, however. Austria appeared to be relatively well prepared. Despite the magnitude of the flood, more severe economic damage was prevented. Nevertheless, the current compensation model can be improved.<\\\/p><p>AB  - Between 14 and 21 September, Storm Boris brought heavy rain and flooding to Central Europe. Such extreme weather events will become more frequent and, above all, more intense as a result of climate change. It is therefore important to develop methods to rapidly assess the economic impact in order to tailor measures to mitigate losses. This Research Brief estimates the economic losses to be around 1.3 billion \u20ac. This includes private households, damaged inventories and capital stocks, and interruptions of firms' operations. Infrastructure is not included, however. Austria appeared to be relatively well prepared. Despite the magnitude of the flood, more severe economic damage was prevented. Nevertheless, the current compensation model can be improved.<\\\/p><p>KW  - Flood<\\\/p><p>KW  - Impact Analysis<\\\/p><p>KW  - Indirect effects<\\\/p><p>KW  - Input-Output<\\\/p><p>KW  - Insurance<\\\/p><p>KW  - Austria<\\\/p><p>KW  - Disaster<\\\/p><p>M3  - WIFO series<\\\/p><p>JO  - WIFO Research Briefs<\\\/p><p>JF  - WIFO Research Briefs<\\\/p><p>PB  - \u00d6sterreichisches Institut f\u00fcr Wirtschaftsforschung<\\\/p><p>ER  - <\\\/p><\\\/div>\"}","scientific_assistance":"[\"Schmoigl Lukas\",\"Unterlass Fabian\",\"Weinberger Dietmar\",\"External\"]","scientific_review":"[\"Mayrhuber Christine\"]","version":"","release_date":null,"expiration_date":null,"surveyor":"","research_assistance":"","edv":"","additional_info_de":"","additional_info_en":""},"yoast_head":"<!-- This site is optimized with the Yoast SEO Premium plugin v28.3 (Yoast SEO v28.3) - https:\/\/yoast.com\/product\/yoast-seo-premium-wordpress\/ -->\n<title>A Rapid Assessment of the Economic Impact of the Central European Flood 2024 on Austria - WIFO<\/title>\n<meta name=\"robots\" content=\"index, follow, max-snippet:-1, max-image-preview:large, max-video-preview:-1\" \/>\n<link rel=\"canonical\" href=\"https:\/\/www.wifo.ac.at\/en\/publication\/273104\/\" \/>\n<meta property=\"og:locale\" content=\"en_US\" \/>\n<meta property=\"og:type\" content=\"article\" \/>\n<meta property=\"og:title\" content=\"A Rapid Assessment of the Economic Impact of the Central European Flood 2024 on Austria\" \/>\n<meta property=\"og:url\" content=\"https:\/\/www.wifo.ac.at\/en\/publication\/273104\/\" \/>\n<meta property=\"og:site_name\" content=\"WIFO\" \/>\n<meta property=\"article:publisher\" content=\"https:\/\/www.facebook.com\/WIFOat\/\" \/>\n<meta property=\"article:modified_time\" content=\"2024-10-08T10:59:30+00:00\" \/>\n<meta property=\"og:image\" content=\"https:\/\/www.wifo.ac.at\/wp-content\/uploads\/2024\/05\/WIFO-Gebaeude-FotoAlexanderMueller-www.alexandermueller.at-IMG_6326-Bearbeitet-1.jpg\" \/>\n\t<meta property=\"og:image:width\" content=\"1920\" \/>\n\t<meta property=\"og:image:height\" content=\"1280\" \/>\n\t<meta property=\"og:image:type\" content=\"image\/jpeg\" \/>\n<meta name=\"twitter:card\" content=\"summary_large_image\" \/>\n<meta name=\"twitter:site\" content=\"@WIFOat\" \/>\n<script type=\"application\/ld+json\" class=\"yoast-schema-graph\">{\"@context\":\"https:\\\/\\\/schema.org\",\"@graph\":[{\"@type\":\"WebPage\",\"@id\":\"https:\\\/\\\/www.wifo.ac.at\\\/en\\\/publication\\\/273104\\\/\",\"url\":\"https:\\\/\\\/www.wifo.ac.at\\\/en\\\/publication\\\/273104\\\/\",\"name\":\"A Rapid Assessment of the Economic Impact of the Central European Flood 2024 on Austria - WIFO\",\"isPartOf\":{\"@id\":\"https:\\\/\\\/www.wifo.ac.at\\\/en\\\/#website\"},\"datePublished\":\"2024-10-07T15:20:06+00:00\",\"dateModified\":\"2024-10-08T10:59:30+00:00\",\"breadcrumb\":{\"@id\":\"https:\\\/\\\/www.wifo.ac.at\\\/en\\\/publication\\\/273104\\\/#breadcrumb\"},\"inLanguage\":\"en-US\",\"potentialAction\":[{\"@type\":\"ReadAction\",\"target\":[\"https:\\\/\\\/www.wifo.ac.at\\\/en\\\/publication\\\/273104\\\/\"]}]},{\"@type\":\"BreadcrumbList\",\"@id\":\"https:\\\/\\\/www.wifo.ac.at\\\/en\\\/publication\\\/273104\\\/#breadcrumb\",\"itemListElement\":[{\"@type\":\"ListItem\",\"position\":1,\"name\":\"Startseite\",\"item\":\"https:\\\/\\\/www.wifo.ac.at\\\/en\\\/\"},{\"@type\":\"ListItem\",\"position\":2,\"name\":\"A Rapid Assessment of the Economic Impact of the Central European Flood 2024 on Austria\"}]},{\"@type\":\"WebSite\",\"@id\":\"https:\\\/\\\/www.wifo.ac.at\\\/en\\\/#website\",\"url\":\"https:\\\/\\\/www.wifo.ac.at\\\/en\\\/\",\"name\":\"\u00d6sterreichisches Institut f\u00fcr Wirtschaftsforschung\",\"description\":\"\",\"publisher\":{\"@id\":\"https:\\\/\\\/www.wifo.ac.at\\\/en\\\/#organization\"},\"alternateName\":\"WIFO\",\"potentialAction\":[{\"@type\":\"SearchAction\",\"target\":{\"@type\":\"EntryPoint\",\"urlTemplate\":\"https:\\\/\\\/www.wifo.ac.at\\\/en\\\/?s={search_term_string}\"},\"query-input\":{\"@type\":\"PropertyValueSpecification\",\"valueRequired\":true,\"valueName\":\"search_term_string\"}}],\"inLanguage\":\"en-US\"},{\"@type\":\"Organization\",\"@id\":\"https:\\\/\\\/www.wifo.ac.at\\\/en\\\/#organization\",\"name\":\"\u00d6sterreichisches Institut f\u00fcr Wirtschaftsforschung\",\"alternateName\":\"WIFO\",\"url\":\"https:\\\/\\\/www.wifo.ac.at\\\/en\\\/\",\"logo\":{\"@type\":\"ImageObject\",\"inLanguage\":\"en-US\",\"@id\":\"https:\\\/\\\/www.wifo.ac.at\\\/en\\\/#\\\/schema\\\/logo\\\/image\\\/\",\"url\":\"https:\\\/\\\/www.wifo.ac.at\\\/wp-content\\\/uploads\\\/2024\\\/05\\\/WIFO_kurz_rechts-2-1920x412.jpg\",\"contentUrl\":\"https:\\\/\\\/www.wifo.ac.at\\\/wp-content\\\/uploads\\\/2024\\\/05\\\/WIFO_kurz_rechts-2-1920x412.jpg\",\"width\":2000,\"height\":429,\"caption\":\"\u00d6sterreichisches Institut f\u00fcr Wirtschaftsforschung\"},\"image\":{\"@id\":\"https:\\\/\\\/www.wifo.ac.at\\\/en\\\/#\\\/schema\\\/logo\\\/image\\\/\"},\"sameAs\":[\"https:\\\/\\\/www.facebook.com\\\/WIFOat\\\/\",\"https:\\\/\\\/x.com\\\/WIFOat\",\"https:\\\/\\\/linkedin.com\\\/company\\\/wifoat\\\/\",\"https:\\\/\\\/www.youtube.com\\\/@WIFO_at\"],\"description\":\"Das WIFO, 1927 von Friedrich August von Hayek und Ludwig von Mises zur Konjunkturanalyse gegr\u00fcndet, ist heute das f\u00fchrende Institut f\u00fcr angewandte empirische Wirtschaftsforschung in \u00d6sterreich mit starkem Engagement auf europ\u00e4ischer Ebene.\",\"email\":\"office@wifo.ac.at\",\"telephone\":\"+43 1 798 26 01 \u2013 0\",\"legalName\":\"\u00d6sterreichisches Institut f\u00fcr Wirtschaftsforschung\",\"foundingDate\":\"1927-01-02\",\"numberOfEmployees\":{\"@type\":\"QuantitativeValue\",\"minValue\":\"51\",\"maxValue\":\"200\"},\"publishingPrinciples\":\"https:\\\/\\\/www.wifo.ac.at\\\/institut\\\/mission-und-strategie\\\/\",\"ownershipFundingInfo\":\"https:\\\/\\\/www.wifo.ac.at\\\/institut\\\/organisation\\\/\",\"actionableFeedbackPolicy\":\"https:\\\/\\\/www.wifo.ac.at\\\/aktuelles\\\/presse\\\/\",\"correctionsPolicy\":\"https:\\\/\\\/www.wifo.ac.at\\\/institut\\\/kontakt\\\/\",\"ethicsPolicy\":\"https:\\\/\\\/www.wifo.ac.at\\\/institut\\\/evidenzbasierung-transparenz-und-unabhaengigkeit\\\/\",\"diversityPolicy\":\"https:\\\/\\\/www.wifo.ac.at\\\/institut\\\/gleichstellung\\\/\",\"diversityStaffingReport\":\"https:\\\/\\\/www.wifo.ac.at\\\/institut\\\/gleichstellung\\\/\"}]}<\/script>\n<!-- \/ Yoast SEO Premium plugin. -->","yoast_head_json":{"title":"A Rapid Assessment of the Economic Impact of the Central European Flood 2024 on Austria - WIFO","robots":{"index":"index","follow":"follow","max-snippet":"max-snippet:-1","max-image-preview":"max-image-preview:large","max-video-preview":"max-video-preview:-1"},"canonical":"https:\/\/www.wifo.ac.at\/en\/publication\/273104\/","og_locale":"en_US","og_type":"article","og_title":"A Rapid Assessment of the Economic Impact of the Central European Flood 2024 on Austria","og_url":"https:\/\/www.wifo.ac.at\/en\/publication\/273104\/","og_site_name":"WIFO","article_publisher":"https:\/\/www.facebook.com\/WIFOat\/","article_modified_time":"2024-10-08T10:59:30+00:00","og_image":[{"width":1920,"height":1280,"url":"https:\/\/www.wifo.ac.at\/wp-content\/uploads\/2024\/05\/WIFO-Gebaeude-FotoAlexanderMueller-www.alexandermueller.at-IMG_6326-Bearbeitet-1.jpg","type":"image\/jpeg"}],"twitter_card":"summary_large_image","twitter_site":"@WIFOat","schema":{"@context":"https:\/\/schema.org","@graph":[{"@type":"WebPage","@id":"https:\/\/www.wifo.ac.at\/en\/publication\/273104\/","url":"https:\/\/www.wifo.ac.at\/en\/publication\/273104\/","name":"A Rapid Assessment of the Economic Impact of the Central European Flood 2024 on Austria - WIFO","isPartOf":{"@id":"https:\/\/www.wifo.ac.at\/en\/#website"},"datePublished":"2024-10-07T15:20:06+00:00","dateModified":"2024-10-08T10:59:30+00:00","breadcrumb":{"@id":"https:\/\/www.wifo.ac.at\/en\/publication\/273104\/#breadcrumb"},"inLanguage":"en-US","potentialAction":[{"@type":"ReadAction","target":["https:\/\/www.wifo.ac.at\/en\/publication\/273104\/"]}]},{"@type":"BreadcrumbList","@id":"https:\/\/www.wifo.ac.at\/en\/publication\/273104\/#breadcrumb","itemListElement":[{"@type":"ListItem","position":1,"name":"Startseite","item":"https:\/\/www.wifo.ac.at\/en\/"},{"@type":"ListItem","position":2,"name":"A Rapid Assessment of the Economic Impact of the Central European Flood 2024 on Austria"}]},{"@type":"WebSite","@id":"https:\/\/www.wifo.ac.at\/en\/#website","url":"https:\/\/www.wifo.ac.at\/en\/","name":"\u00d6sterreichisches Institut f\u00fcr Wirtschaftsforschung","description":"","publisher":{"@id":"https:\/\/www.wifo.ac.at\/en\/#organization"},"alternateName":"WIFO","potentialAction":[{"@type":"SearchAction","target":{"@type":"EntryPoint","urlTemplate":"https:\/\/www.wifo.ac.at\/en\/?s={search_term_string}"},"query-input":{"@type":"PropertyValueSpecification","valueRequired":true,"valueName":"search_term_string"}}],"inLanguage":"en-US"},{"@type":"Organization","@id":"https:\/\/www.wifo.ac.at\/en\/#organization","name":"\u00d6sterreichisches Institut f\u00fcr Wirtschaftsforschung","alternateName":"WIFO","url":"https:\/\/www.wifo.ac.at\/en\/","logo":{"@type":"ImageObject","inLanguage":"en-US","@id":"https:\/\/www.wifo.ac.at\/en\/#\/schema\/logo\/image\/","url":"https:\/\/www.wifo.ac.at\/wp-content\/uploads\/2024\/05\/WIFO_kurz_rechts-2-1920x412.jpg","contentUrl":"https:\/\/www.wifo.ac.at\/wp-content\/uploads\/2024\/05\/WIFO_kurz_rechts-2-1920x412.jpg","width":2000,"height":429,"caption":"\u00d6sterreichisches Institut f\u00fcr Wirtschaftsforschung"},"image":{"@id":"https:\/\/www.wifo.ac.at\/en\/#\/schema\/logo\/image\/"},"sameAs":["https:\/\/www.facebook.com\/WIFOat\/","https:\/\/x.com\/WIFOat","https:\/\/linkedin.com\/company\/wifoat\/","https:\/\/www.youtube.com\/@WIFO_at"],"description":"Das WIFO, 1927 von Friedrich August von Hayek und Ludwig von Mises zur Konjunkturanalyse gegr\u00fcndet, ist heute das f\u00fchrende Institut f\u00fcr angewandte empirische Wirtschaftsforschung in \u00d6sterreich mit starkem Engagement auf europ\u00e4ischer Ebene.","email":"office@wifo.ac.at","telephone":"+43 1 798 26 01 \u2013 0","legalName":"\u00d6sterreichisches Institut f\u00fcr Wirtschaftsforschung","foundingDate":"1927-01-02","numberOfEmployees":{"@type":"QuantitativeValue","minValue":"51","maxValue":"200"},"publishingPrinciples":"https:\/\/www.wifo.ac.at\/institut\/mission-und-strategie\/","ownershipFundingInfo":"https:\/\/www.wifo.ac.at\/institut\/organisation\/","actionableFeedbackPolicy":"https:\/\/www.wifo.ac.at\/aktuelles\/presse\/","correctionsPolicy":"https:\/\/www.wifo.ac.at\/institut\/kontakt\/","ethicsPolicy":"https:\/\/www.wifo.ac.at\/institut\/evidenzbasierung-transparenz-und-unabhaengigkeit\/","diversityPolicy":"https:\/\/www.wifo.ac.at\/institut\/gleichstellung\/","diversityStaffingReport":"https:\/\/www.wifo.ac.at\/institut\/gleichstellung\/"}]}},"_links":{"self":[{"href":"https:\/\/www.wifo.ac.at\/en\/wp-json\/wp\/v2\/publication\/273104","targetHints":{"allow":["GET"]}}],"collection":[{"href":"https:\/\/www.wifo.ac.at\/en\/wp-json\/wp\/v2\/publication"}],"about":[{"href":"https:\/\/www.wifo.ac.at\/en\/wp-json\/wp\/v2\/types\/publication"}],"version-history":[{"count":1,"href":"https:\/\/www.wifo.ac.at\/en\/wp-json\/wp\/v2\/publication\/273104\/revisions"}],"predecessor-version":[{"id":273105,"href":"https:\/\/www.wifo.ac.at\/en\/wp-json\/wp\/v2\/publication\/273104\/revisions\/273105"}],"acf:post":[{"embeddable":true,"href":"https:\/\/www.wifo.ac.at\/en\/wp-json\/wp\/v2\/topic\/125684"},{"embeddable":true,"href":"https:\/\/www.wifo.ac.at\/en\/wp-json\/wp\/v2\/partner\/256243"},{"embeddable":true,"href":"https:\/\/www.wifo.ac.at\/en\/wp-json\/wp\/v2\/partner\/8870"},{"embeddable":true,"href":"https:\/\/www.wifo.ac.at\/en\/wp-json\/wp\/v2\/client\/10848"},{"embeddable":true,"href":"https:\/\/www.wifo.ac.at\/en\/wp-json\/wp\/v2\/client\/10980"},{"embeddable":true,"href":"https:\/\/www.wifo.ac.at\/en\/wp-json\/wp\/v2\/person\/3853"},{"embeddable":true,"href":"https:\/\/www.wifo.ac.at\/en\/wp-json\/wp\/v2\/person\/5090"},{"embeddable":true,"href":"https:\/\/www.wifo.ac.at\/en\/wp-json\/wp\/v2\/external_person\/18213"},{"embeddable":true,"href":"https:\/\/www.wifo.ac.at\/en\/wp-json\/wp\/v2\/external_person\/273118"},{"embeddable":true,"href":"https:\/\/www.wifo.ac.at\/en\/wp-json\/wp\/v2\/person\/3587"},{"embeddable":true,"href":"https:\/\/www.wifo.ac.at\/en\/wp-json\/wp\/v2\/research_group\/3655"},{"embeddable":true,"href":"https:\/\/www.wifo.ac.at\/en\/wp-json\/wp\/v2\/research_group\/3491"},{"embeddable":true,"href":"https:\/\/www.wifo.ac.at\/en\/wp-json\/wp\/v2\/publication_type\/44390"}],"wp:attachment":[{"href":"https:\/\/www.wifo.ac.at\/en\/wp-json\/wp\/v2\/media?parent=273104"}],"curies":[{"name":"wp","href":"https:\/\/api.w.org\/{rel}","templated":true}]}}