{"id":263188,"date":"2024-01-22T15:17:07","date_gmt":"2024-01-22T14:17:07","guid":{"rendered":"https:\/\/www.wifo.ac.at\/publication\/263188\/"},"modified":"2024-11-07T07:38:06","modified_gmt":"2024-11-07T06:38:06","slug":"prognose-fuer-2003-und-2004-schwaeche-der-gesamtwirtschaftlichen-nachfrage-allmaehlich-ueberwunden-3","status":"publish","type":"publication","link":"https:\/\/www.wifo.ac.at\/en\/publication\/263188\/","title":{"rendered":"Prognose f\u00fcr 2003 und 2004: Schw\u00e4che der gesamtwirtschaftlichen Nachfrage allm\u00e4hlich \u00fcberwunden"},"content":{"rendered":"","protected":false},"featured_media":0,"template":"","class_list":["post-263188","publication","type-publication","status-publish","hentry"],"acf":{"subtitle":"","text":"Die heimische Wirtschaft wird im Jahr 2003 um nur 0,7% wachsen. Einzelhandel und Bauinvestitionen entwickeln sich relativ g\u00fcnstig. Hingegen haben sich Export und Sachg\u00fcterproduktion bislang nicht verbessert. In Europa zeigen Unternehmens- und Verbraucherbefragungen eine leichte Aufhellung der Erwartungen. Sollte sich die etwas optimistischere Stimmung in einer Erholung der Produktion best\u00e4tigen, dann k\u00f6nnte \u00d6sterreichs BIP im kommenden Jahr real um 1,4% zunehmen.","onlinedate":"2003-09-26 12:00:00","lang":"German","publication_series":"","publication_date":"20030901","publication_date_year":"","publication_date_full":false,"publication_num_pages":"","keywords":"[\"Konjunktur; Prognose; \u00d6sterreich\"]","jelcodes":"[]","related_publications":"[]","pdf":412085,"zip":null,"link":"","monthly_report":true,"monthly_report_main":false,"monthly_report_volume":"","monthly_report_pages":"","monthly_report_pages_sort":"0","issue":"","journal":"WIFO-Konjunkturprognose","publisher":"","invisible":false,"external":false,"embargo_date":"2003-09-26 12:00:00","types":[44368],"research_groups":[3500],"collaboration":"","persons":[4043],"persons_data":"[{\"personId\":4043,\"personName\":\"Markus Marterbauer\",\"organisationNames\":[]}]","clients":[],"subclients":[],"partners":[],"topics":[],"host_publication_title":"","host_publication_subtitle":"","place_of_publication":"","host_publication_editors":"[]","type_description":"","output_media":"","chapter":"","article_number":"","citations":"{\"apa\":\"<div class=\\\"rendering rendering_researchoutput  rendering_researchoutput_apa rendering_contributiontoperiodical rendering_apa rendering_contributiontoperiodical_apa\\\"><span>Marterbauer, M.<\\\/span> (2003). <span>Prognose f\u00fcr 2003 und 2004: Schw\u00e4che der gesamtwirtschaftlichen Nachfrage allm\u00e4hlich \u00fcberwunden<\\\/span>. <span><em>WIFO-Konjunkturprognose<\\\/em><\\\/span>. <a onclick=\\\"window.open(this.href, '_blank','noopener,noreferrer'); return false;\\\" href=\\\"https:\\\/\\\/www.wifo.ac.at\\\/wwa\\\/pubid\\\/24570\\\" class=\\\"link\\\"><span>https:\\\/\\\/www.wifo.ac.at\\\/wwa\\\/pubid\\\/24570<\\\/span><\\\/a><\\\/div>\",\"vancouver\":\"<div class=\\\"rendering rendering_researchoutput  rendering_researchoutput_vancouver rendering_contributiontoperiodical rendering_vancouver rendering_contributiontoperiodical_vancouver\\\"><span>Marterbauer M<\\\/span>. <span class=\\\"title\\\"><span>Prognose f\u00fcr 2003 und 2004: Schw\u00e4che der gesamtwirtschaftlichen Nachfrage allm\u00e4hlich \u00fcberwunden<\\\/span><\\\/span>. <span>WIFO-Konjunkturprognose<\\\/span>. 2003 Sept.<\\\/div>\",\"bibtex\":\"<div class=\\\"rendering rendering_researchoutput  rendering_researchoutput_bibtex rendering_contributiontoperiodical rendering_bibtex rendering_contributiontoperiodical_bibtex\\\"><div>@misc{d4f7ed623ae949db863cd32963bfcbd2,<\\\/div><div>  title    = \\\"Prognose f{\\\\\\\"u}r 2003 und 2004: Schw{\\\\\\\"a}che der gesamtwirtschaftlichen Nachfrage allm{\\\\\\\"a}hlich {\\\\\\\"u}berwunden\\\",<\\\/div><div>  abstract = \\\"Die heimische Wirtschaft wird im Jahr 2003 um nur 0,7\\\\% wachsen. Einzelhandel und Bauinvestitionen entwickeln sich relativ g{\\\\\\\"u}nstig. Hingegen haben sich Export und Sachg{\\\\\\\"u}terproduktion bislang nicht verbessert. In Europa zeigen Unternehmens- und Verbraucherbefragungen eine leichte Aufhellung der Erwartungen. Sollte sich die etwas optimistischere Stimmung in einer Erholung der Produktion best{\\\\\\\"a}tigen, dann k{\\\\\\\"o}nnte {\\\\\\\"O}sterreichs BIP im kommenden Jahr real um 1,4\\\\% zunehmen.\\\",<\\\/div><div>  keywords = \\\"Konjunktur; Prognose; {\\\\\\\"O}sterreich, Konjunktur; Prognose; {\\\\\\\"O}sterreich\\\",<\\\/div><div>  author   = \\\"Markus Marterbauer\\\",<\\\/div><div>  year     = \\\"2003\\\",<\\\/div><div>  month    = sep,<\\\/div><div>  language = \\\"Deutsch\\\",<\\\/div><div>  journal  = \\\"WIFO-Konjunkturprognose\\\",<\\\/div><p>}<\\\/p><\\\/div>\",\"ris\":\"<div class=\\\"rendering rendering_researchoutput  rendering_researchoutput_ris rendering_contributiontoperiodical rendering_ris rendering_contributiontoperiodical_ris\\\"><p>TY  - GEN<\\\/p><p>T1  - Prognose f\u00fcr 2003 und 2004: Schw\u00e4che der gesamtwirtschaftlichen Nachfrage allm\u00e4hlich \u00fcberwunden<\\\/p><p>AU  - Marterbauer, Markus<\\\/p><p>PY  - 2003\\\/9<\\\/p><p>Y1  - 2003\\\/9<\\\/p><p>N2  - Die heimische Wirtschaft wird im Jahr 2003 um nur 0,7% wachsen. Einzelhandel und Bauinvestitionen entwickeln sich relativ g\u00fcnstig. Hingegen haben sich Export und Sachg\u00fcterproduktion bislang nicht verbessert. In Europa zeigen Unternehmens- und Verbraucherbefragungen eine leichte Aufhellung der Erwartungen. Sollte sich die etwas optimistischere Stimmung in einer Erholung der Produktion best\u00e4tigen, dann k\u00f6nnte \u00d6sterreichs BIP im kommenden Jahr real um 1,4% zunehmen.<\\\/p><p>AB  - Die heimische Wirtschaft wird im Jahr 2003 um nur 0,7% wachsen. Einzelhandel und Bauinvestitionen entwickeln sich relativ g\u00fcnstig. Hingegen haben sich Export und Sachg\u00fcterproduktion bislang nicht verbessert. In Europa zeigen Unternehmens- und Verbraucherbefragungen eine leichte Aufhellung der Erwartungen. Sollte sich die etwas optimistischere Stimmung in einer Erholung der Produktion best\u00e4tigen, dann k\u00f6nnte \u00d6sterreichs BIP im kommenden Jahr real um 1,4% zunehmen.<\\\/p><p>KW  - Konjunktur; Prognose; \u00d6sterreich<\\\/p><p>KW  - Konjunktur; Prognose; \u00d6sterreich<\\\/p><p>M3  - WIFO-Schriftenreihen<\\\/p><p>JO  - WIFO-Konjunkturprognose<\\\/p><p>JF  - WIFO-Konjunkturprognose<\\\/p><p>ER  - <\\\/p><\\\/div>\"}","scientific_assistance":"[]","scientific_review":"[]","version":"","release_date":null,"expiration_date":null,"surveyor":"","research_assistance":"","edv":"","additional_info_de":"","additional_info_en":""},"yoast_head":"<!-- This site is optimized with the Yoast SEO Premium plugin v28.3 (Yoast SEO v28.3) - https:\/\/yoast.com\/product\/yoast-seo-premium-wordpress\/ -->\n<title>Prognose f\u00fcr 2003 und 2004: Schw\u00e4che der gesamtwirtschaftlichen Nachfrage allm\u00e4hlich \u00fcberwunden - WIFO<\/title>\n<meta name=\"robots\" content=\"index, follow, max-snippet:-1, max-image-preview:large, max-video-preview:-1\" \/>\n<link rel=\"canonical\" href=\"https:\/\/www.wifo.ac.at\/en\/publication\/263188\/\" \/>\n<meta property=\"og:locale\" content=\"en_US\" \/>\n<meta property=\"og:type\" content=\"article\" \/>\n<meta property=\"og:title\" content=\"Prognose f\u00fcr 2003 und 2004: Schw\u00e4che der gesamtwirtschaftlichen Nachfrage allm\u00e4hlich \u00fcberwunden\" \/>\n<meta property=\"og:url\" content=\"https:\/\/www.wifo.ac.at\/en\/publication\/263188\/\" \/>\n<meta property=\"og:site_name\" content=\"WIFO\" \/>\n<meta property=\"article:publisher\" content=\"https:\/\/www.facebook.com\/WIFOat\/\" \/>\n<meta property=\"article:modified_time\" content=\"2024-11-07T06:38:06+00:00\" \/>\n<meta property=\"og:image\" content=\"https:\/\/www.wifo.ac.at\/wp-content\/uploads\/2024\/05\/WIFO-Gebaeude-FotoAlexanderMueller-www.alexandermueller.at-IMG_6326-Bearbeitet-1.jpg\" \/>\n\t<meta property=\"og:image:width\" content=\"1920\" \/>\n\t<meta property=\"og:image:height\" content=\"1280\" \/>\n\t<meta property=\"og:image:type\" content=\"image\/jpeg\" \/>\n<meta name=\"twitter:card\" content=\"summary_large_image\" \/>\n<meta name=\"twitter:site\" content=\"@WIFOat\" \/>\n<script type=\"application\/ld+json\" class=\"yoast-schema-graph\">{\"@context\":\"https:\\\/\\\/schema.org\",\"@graph\":[{\"@type\":\"WebPage\",\"@id\":\"https:\\\/\\\/www.wifo.ac.at\\\/en\\\/publication\\\/263188\\\/\",\"url\":\"https:\\\/\\\/www.wifo.ac.at\\\/en\\\/publication\\\/263188\\\/\",\"name\":\"Prognose f\u00fcr 2003 und 2004: Schw\u00e4che der gesamtwirtschaftlichen Nachfrage allm\u00e4hlich \u00fcberwunden - WIFO\",\"isPartOf\":{\"@id\":\"https:\\\/\\\/www.wifo.ac.at\\\/en\\\/#website\"},\"datePublished\":\"2024-01-22T14:17:07+00:00\",\"dateModified\":\"2024-11-07T06:38:06+00:00\",\"breadcrumb\":{\"@id\":\"https:\\\/\\\/www.wifo.ac.at\\\/en\\\/publication\\\/263188\\\/#breadcrumb\"},\"inLanguage\":\"en-US\",\"potentialAction\":[{\"@type\":\"ReadAction\",\"target\":[\"https:\\\/\\\/www.wifo.ac.at\\\/en\\\/publication\\\/263188\\\/\"]}]},{\"@type\":\"BreadcrumbList\",\"@id\":\"https:\\\/\\\/www.wifo.ac.at\\\/en\\\/publication\\\/263188\\\/#breadcrumb\",\"itemListElement\":[{\"@type\":\"ListItem\",\"position\":1,\"name\":\"Startseite\",\"item\":\"https:\\\/\\\/www.wifo.ac.at\\\/en\\\/\"},{\"@type\":\"ListItem\",\"position\":2,\"name\":\"Prognose f\u00fcr 2003 und 2004: Schw\u00e4che der gesamtwirtschaftlichen Nachfrage allm\u00e4hlich \u00fcberwunden\"}]},{\"@type\":\"WebSite\",\"@id\":\"https:\\\/\\\/www.wifo.ac.at\\\/en\\\/#website\",\"url\":\"https:\\\/\\\/www.wifo.ac.at\\\/en\\\/\",\"name\":\"\u00d6sterreichisches Institut f\u00fcr Wirtschaftsforschung\",\"description\":\"\",\"publisher\":{\"@id\":\"https:\\\/\\\/www.wifo.ac.at\\\/en\\\/#organization\"},\"alternateName\":\"WIFO\",\"potentialAction\":[{\"@type\":\"SearchAction\",\"target\":{\"@type\":\"EntryPoint\",\"urlTemplate\":\"https:\\\/\\\/www.wifo.ac.at\\\/en\\\/?s={search_term_string}\"},\"query-input\":{\"@type\":\"PropertyValueSpecification\",\"valueRequired\":true,\"valueName\":\"search_term_string\"}}],\"inLanguage\":\"en-US\"},{\"@type\":\"Organization\",\"@id\":\"https:\\\/\\\/www.wifo.ac.at\\\/en\\\/#organization\",\"name\":\"\u00d6sterreichisches Institut f\u00fcr Wirtschaftsforschung\",\"alternateName\":\"WIFO\",\"url\":\"https:\\\/\\\/www.wifo.ac.at\\\/en\\\/\",\"logo\":{\"@type\":\"ImageObject\",\"inLanguage\":\"en-US\",\"@id\":\"https:\\\/\\\/www.wifo.ac.at\\\/en\\\/#\\\/schema\\\/logo\\\/image\\\/\",\"url\":\"https:\\\/\\\/www.wifo.ac.at\\\/wp-content\\\/uploads\\\/2024\\\/05\\\/WIFO_kurz_rechts-2-1920x412.jpg\",\"contentUrl\":\"https:\\\/\\\/www.wifo.ac.at\\\/wp-content\\\/uploads\\\/2024\\\/05\\\/WIFO_kurz_rechts-2-1920x412.jpg\",\"width\":2000,\"height\":429,\"caption\":\"\u00d6sterreichisches Institut f\u00fcr Wirtschaftsforschung\"},\"image\":{\"@id\":\"https:\\\/\\\/www.wifo.ac.at\\\/en\\\/#\\\/schema\\\/logo\\\/image\\\/\"},\"sameAs\":[\"https:\\\/\\\/www.facebook.com\\\/WIFOat\\\/\",\"https:\\\/\\\/x.com\\\/WIFOat\",\"https:\\\/\\\/linkedin.com\\\/company\\\/wifoat\\\/\",\"https:\\\/\\\/www.youtube.com\\\/@WIFO_at\"],\"description\":\"Das WIFO, 1927 von Friedrich August von Hayek und Ludwig von Mises zur Konjunkturanalyse gegr\u00fcndet, ist heute das f\u00fchrende Institut f\u00fcr angewandte empirische Wirtschaftsforschung in \u00d6sterreich mit starkem Engagement auf europ\u00e4ischer Ebene.\",\"email\":\"office@wifo.ac.at\",\"telephone\":\"+43 1 798 26 01 \u2013 0\",\"legalName\":\"\u00d6sterreichisches Institut f\u00fcr Wirtschaftsforschung\",\"foundingDate\":\"1927-01-02\",\"numberOfEmployees\":{\"@type\":\"QuantitativeValue\",\"minValue\":\"51\",\"maxValue\":\"200\"},\"publishingPrinciples\":\"https:\\\/\\\/www.wifo.ac.at\\\/institut\\\/mission-und-strategie\\\/\",\"ownershipFundingInfo\":\"https:\\\/\\\/www.wifo.ac.at\\\/institut\\\/organisation\\\/\",\"actionableFeedbackPolicy\":\"https:\\\/\\\/www.wifo.ac.at\\\/aktuelles\\\/presse\\\/\",\"correctionsPolicy\":\"https:\\\/\\\/www.wifo.ac.at\\\/institut\\\/kontakt\\\/\",\"ethicsPolicy\":\"https:\\\/\\\/www.wifo.ac.at\\\/institut\\\/evidenzbasierung-transparenz-und-unabhaengigkeit\\\/\",\"diversityPolicy\":\"https:\\\/\\\/www.wifo.ac.at\\\/institut\\\/gleichstellung\\\/\",\"diversityStaffingReport\":\"https:\\\/\\\/www.wifo.ac.at\\\/institut\\\/gleichstellung\\\/\"}]}<\/script>\n<!-- \/ Yoast SEO Premium plugin. -->","yoast_head_json":{"title":"Prognose f\u00fcr 2003 und 2004: Schw\u00e4che der gesamtwirtschaftlichen Nachfrage allm\u00e4hlich \u00fcberwunden - WIFO","robots":{"index":"index","follow":"follow","max-snippet":"max-snippet:-1","max-image-preview":"max-image-preview:large","max-video-preview":"max-video-preview:-1"},"canonical":"https:\/\/www.wifo.ac.at\/en\/publication\/263188\/","og_locale":"en_US","og_type":"article","og_title":"Prognose f\u00fcr 2003 und 2004: Schw\u00e4che der gesamtwirtschaftlichen Nachfrage allm\u00e4hlich \u00fcberwunden","og_url":"https:\/\/www.wifo.ac.at\/en\/publication\/263188\/","og_site_name":"WIFO","article_publisher":"https:\/\/www.facebook.com\/WIFOat\/","article_modified_time":"2024-11-07T06:38:06+00:00","og_image":[{"width":1920,"height":1280,"url":"https:\/\/www.wifo.ac.at\/wp-content\/uploads\/2024\/05\/WIFO-Gebaeude-FotoAlexanderMueller-www.alexandermueller.at-IMG_6326-Bearbeitet-1.jpg","type":"image\/jpeg"}],"twitter_card":"summary_large_image","twitter_site":"@WIFOat","schema":{"@context":"https:\/\/schema.org","@graph":[{"@type":"WebPage","@id":"https:\/\/www.wifo.ac.at\/en\/publication\/263188\/","url":"https:\/\/www.wifo.ac.at\/en\/publication\/263188\/","name":"Prognose f\u00fcr 2003 und 2004: Schw\u00e4che der gesamtwirtschaftlichen Nachfrage allm\u00e4hlich \u00fcberwunden - WIFO","isPartOf":{"@id":"https:\/\/www.wifo.ac.at\/en\/#website"},"datePublished":"2024-01-22T14:17:07+00:00","dateModified":"2024-11-07T06:38:06+00:00","breadcrumb":{"@id":"https:\/\/www.wifo.ac.at\/en\/publication\/263188\/#breadcrumb"},"inLanguage":"en-US","potentialAction":[{"@type":"ReadAction","target":["https:\/\/www.wifo.ac.at\/en\/publication\/263188\/"]}]},{"@type":"BreadcrumbList","@id":"https:\/\/www.wifo.ac.at\/en\/publication\/263188\/#breadcrumb","itemListElement":[{"@type":"ListItem","position":1,"name":"Startseite","item":"https:\/\/www.wifo.ac.at\/en\/"},{"@type":"ListItem","position":2,"name":"Prognose f\u00fcr 2003 und 2004: Schw\u00e4che der gesamtwirtschaftlichen Nachfrage allm\u00e4hlich \u00fcberwunden"}]},{"@type":"WebSite","@id":"https:\/\/www.wifo.ac.at\/en\/#website","url":"https:\/\/www.wifo.ac.at\/en\/","name":"\u00d6sterreichisches Institut f\u00fcr Wirtschaftsforschung","description":"","publisher":{"@id":"https:\/\/www.wifo.ac.at\/en\/#organization"},"alternateName":"WIFO","potentialAction":[{"@type":"SearchAction","target":{"@type":"EntryPoint","urlTemplate":"https:\/\/www.wifo.ac.at\/en\/?s={search_term_string}"},"query-input":{"@type":"PropertyValueSpecification","valueRequired":true,"valueName":"search_term_string"}}],"inLanguage":"en-US"},{"@type":"Organization","@id":"https:\/\/www.wifo.ac.at\/en\/#organization","name":"\u00d6sterreichisches Institut f\u00fcr Wirtschaftsforschung","alternateName":"WIFO","url":"https:\/\/www.wifo.ac.at\/en\/","logo":{"@type":"ImageObject","inLanguage":"en-US","@id":"https:\/\/www.wifo.ac.at\/en\/#\/schema\/logo\/image\/","url":"https:\/\/www.wifo.ac.at\/wp-content\/uploads\/2024\/05\/WIFO_kurz_rechts-2-1920x412.jpg","contentUrl":"https:\/\/www.wifo.ac.at\/wp-content\/uploads\/2024\/05\/WIFO_kurz_rechts-2-1920x412.jpg","width":2000,"height":429,"caption":"\u00d6sterreichisches Institut f\u00fcr Wirtschaftsforschung"},"image":{"@id":"https:\/\/www.wifo.ac.at\/en\/#\/schema\/logo\/image\/"},"sameAs":["https:\/\/www.facebook.com\/WIFOat\/","https:\/\/x.com\/WIFOat","https:\/\/linkedin.com\/company\/wifoat\/","https:\/\/www.youtube.com\/@WIFO_at"],"description":"Das WIFO, 1927 von Friedrich August von Hayek und Ludwig von Mises zur Konjunkturanalyse gegr\u00fcndet, ist heute das f\u00fchrende Institut f\u00fcr angewandte empirische Wirtschaftsforschung in \u00d6sterreich mit starkem Engagement auf europ\u00e4ischer Ebene.","email":"office@wifo.ac.at","telephone":"+43 1 798 26 01 \u2013 0","legalName":"\u00d6sterreichisches Institut f\u00fcr Wirtschaftsforschung","foundingDate":"1927-01-02","numberOfEmployees":{"@type":"QuantitativeValue","minValue":"51","maxValue":"200"},"publishingPrinciples":"https:\/\/www.wifo.ac.at\/institut\/mission-und-strategie\/","ownershipFundingInfo":"https:\/\/www.wifo.ac.at\/institut\/organisation\/","actionableFeedbackPolicy":"https:\/\/www.wifo.ac.at\/aktuelles\/presse\/","correctionsPolicy":"https:\/\/www.wifo.ac.at\/institut\/kontakt\/","ethicsPolicy":"https:\/\/www.wifo.ac.at\/institut\/evidenzbasierung-transparenz-und-unabhaengigkeit\/","diversityPolicy":"https:\/\/www.wifo.ac.at\/institut\/gleichstellung\/","diversityStaffingReport":"https:\/\/www.wifo.ac.at\/institut\/gleichstellung\/"}]}},"_links":{"self":[{"href":"https:\/\/www.wifo.ac.at\/en\/wp-json\/wp\/v2\/publication\/263188","targetHints":{"allow":["GET"]}}],"collection":[{"href":"https:\/\/www.wifo.ac.at\/en\/wp-json\/wp\/v2\/publication"}],"about":[{"href":"https:\/\/www.wifo.ac.at\/en\/wp-json\/wp\/v2\/types\/publication"}],"version-history":[{"count":2,"href":"https:\/\/www.wifo.ac.at\/en\/wp-json\/wp\/v2\/publication\/263188\/revisions"}],"predecessor-version":[{"id":412074,"href":"https:\/\/www.wifo.ac.at\/en\/wp-json\/wp\/v2\/publication\/263188\/revisions\/412074"}],"acf:post":[{"embeddable":true,"href":"https:\/\/www.wifo.ac.at\/en\/wp-json\/wp\/v2\/person\/4043"},{"embeddable":true,"href":"https:\/\/www.wifo.ac.at\/en\/wp-json\/wp\/v2\/research_group\/3500"},{"embeddable":true,"href":"https:\/\/www.wifo.ac.at\/en\/wp-json\/wp\/v2\/publication_type\/44368"}],"wp:attachment":[{"href":"https:\/\/www.wifo.ac.at\/en\/wp-json\/wp\/v2\/media?parent=263188"}],"curies":[{"name":"wp","href":"https:\/\/api.w.org\/{rel}","templated":true}]}}