{"id":176166,"date":"2024-03-21T18:37:05","date_gmt":"2024-03-21T17:37:05","guid":{"rendered":"https:\/\/www.wifo.ac.at\/publication\/176166\/"},"modified":"2024-04-26T10:17:37","modified_gmt":"2024-04-26T08:17:37","slug":"evaluation-of-the-subsidy-programme-sauber-heizen-fuer-alle","status":"publish","type":"publication","link":"https:\/\/www.wifo.ac.at\/en\/publication\/176166\/","title":{"rendered":"Evaluation of the Subsidy Programme \"Sauber heizen f\u00fcr Alle\""},"content":{"rendered":"","protected":false},"featured_media":0,"template":"","class_list":["post-176166","publication","type-publication","status-publish","hentry"],"acf":{"subtitle":"","text":"In summary, the results from the interviews with the funding agencies and energy advisors as well as the online survey of funding recipients show a very consistent picture. The funding campaign has been very well received and is seen as an important instrument for replacing heating systems for low-income households. It therefore represents an important building block for a socially just transformation to a climate-friendly society.","onlinedate":"2024-01-19 00:00:00","lang":"German","publication_series":"","publication_date":"20231231","publication_date_year":"","publication_date_full":true,"publication_num_pages":"72","keywords":"[]","jelcodes":"[]","related_publications":"[]","pdf":null,"zip":null,"link":"https:\/\/www.bmk.gv.at\/themen\/klima_umwelt\/klimaschutz\/ufi\/publikationen\/evaluierung-sauber-heizen.html","monthly_report":false,"monthly_report_main":false,"monthly_report_volume":"","monthly_report_pages":"","monthly_report_pages_sort":"0","issue":"","journal":"","publisher":"","invisible":false,"external":false,"embargo_date":"2024-01-19 00:00:00","types":[81966],"research_groups":[3655],"collaboration":"","persons":[3659,3652,3665],"persons_data":"[{\"personId\":3659,\"personName\":\"Daniela Kletzan-Slamanig\",\"organisationNames\":[]},{\"personId\":3652,\"personName\":\"Claudia Kettner-Marx\",\"organisationNames\":[]},{\"personId\":3665,\"personName\":\"Katharina K\u00f6berl-Schmid\",\"organisationNames\":[]}]","clients":[10870],"subclients":[],"partners":[],"topics":[],"host_publication_title":"","host_publication_subtitle":"","place_of_publication":"","host_publication_editors":"[]","type_description":"","output_media":"","chapter":"","article_number":"","citations":"{\"apa\":\"<div class=\\\"rendering rendering_researchoutput  rendering_researchoutput_apa rendering_bookanthology rendering_apa rendering_bookanthology_apa\\\"><span>Kletzan-Slamanig, D.<\\\/span><span>, Kettner-Marx, C.<\\\/span><span>, &amp; K\u00f6berl-Schmid, K.<\\\/span> (2023). <span><em>Evaluierung des F\u00f6rderprogramms \\\"Sauber heizen f\u00fcr Alle\\\"<\\\/em><\\\/span>. WIFO. <a onclick=\\\"window.open(this.href, '_blank','noopener,noreferrer'); return false;\\\" href=\\\"https:\\\/\\\/www.bmk.gv.at\\\/themen\\\/klima_umwelt\\\/klimaschutz\\\/ufi\\\/publikationen\\\/evaluierung-sauber-heizen.html\\\" class=\\\"link\\\"><span>https:\\\/\\\/www.bmk.gv.at\\\/themen\\\/klima_umwelt\\\/klimaschutz\\\/ufi\\\/publikationen\\\/evaluierung-sauber-heizen.html<\\\/span><\\\/a><\\\/div>\",\"vancouver\":\"<div class=\\\"rendering rendering_researchoutput  rendering_researchoutput_vancouver rendering_bookanthology rendering_vancouver rendering_bookanthology_vancouver\\\"><span>Kletzan-Slamanig D<\\\/span><span>, Kettner-Marx C<\\\/span><span>, K\u00f6berl-Schmid K<\\\/span>. <span class=\\\"title\\\"><span>Evaluierung des F\u00f6rderprogramms \\\"Sauber heizen f\u00fcr Alle\\\"<\\\/span><\\\/span>. WIFO; 2023.<\\\/div>\",\"bibtex\":\"<div class=\\\"rendering rendering_researchoutput  rendering_researchoutput_bibtex rendering_bookanthology rendering_bibtex rendering_bookanthology_bibtex\\\"><div>@book{b69466797d104b0ca847af9edbc1f529,<\\\/div><div>  title    = \\\"Evaluierung des F{\\\\\\\"o}rderprogramms {\\\"}Sauber heizen f{\\\\\\\"u}r Alle{\\\"}\\\",<\\\/div><div>  abstract = \\\"Zusammenfassend zeigen die Ergebnisse aus den Interviews mit den F{\\\\\\\"o}rderungsstellen und Energieberater:innen sowie der Online-Befragung der F{\\\\\\\"o}rdernehmer:innen ein sehr konsistentes Bild. Die F{\\\\\\\"o}rderaktion wird sehr gut angenommen und als wichtiges Instrument f{\\\\\\\"u}r den Heizungstausch f{\\\\\\\"u}r einkommensschwache Haushalte angesehen. Sie stellt somit einen wichtigen Baustein f{\\\\\\\"u}r eine sozial gerechte Transformation zu einer klimafreundlichen Gesellschaft dar.\\\",<\\\/div><div>  author   = \\\"Daniela Kletzan-Slamanig and Claudia Kettner-Marx and Katharina K{\\\\\\\"o}berl-Schmid\\\",<\\\/div><div>  note     = \\\"Evaluierung des F{\\\\\\\"o}rderprogramms {\\\"}Sauber heizen f{\\\\\\\"u}r Alle{\\\"}\\\",<\\\/div><div>  year     = \\\"2023\\\",<\\\/div><div>  month    = dec,<\\\/div><div>  day      = \\\"31\\\",<\\\/div><div>  language = \\\"Deutsch\\\",<\\\/div><p>}<\\\/p><\\\/div>\",\"ris\":\"<div class=\\\"rendering rendering_researchoutput  rendering_researchoutput_ris rendering_bookanthology rendering_ris rendering_bookanthology_ris\\\"><p>TY  - BOOK<\\\/p><p>T1  - Evaluierung des F\u00f6rderprogramms \\\"Sauber heizen f\u00fcr Alle\\\"<\\\/p><p>AU  - Kletzan-Slamanig, Daniela<\\\/p><p>AU  - Kettner-Marx, Claudia<\\\/p><p>AU  - K\u00f6berl-Schmid, Katharina<\\\/p><p>N1  - Evaluierung des F\u00f6rderprogramms \\\"Sauber heizen f\u00fcr Alle\\\"<\\\/p><p>PY  - 2023\\\/12\\\/31<\\\/p><p>Y1  - 2023\\\/12\\\/31<\\\/p><p>N2  - Zusammenfassend zeigen die Ergebnisse aus den Interviews mit den F\u00f6rderungsstellen und Energieberater:innen sowie der Online-Befragung der F\u00f6rdernehmer:innen ein sehr konsistentes Bild. Die F\u00f6rderaktion wird sehr gut angenommen und als wichtiges Instrument f\u00fcr den Heizungstausch f\u00fcr einkommensschwache Haushalte angesehen. Sie stellt somit einen wichtigen Baustein f\u00fcr eine sozial gerechte Transformation zu einer klimafreundlichen Gesellschaft dar.<\\\/p><p>AB  - Zusammenfassend zeigen die Ergebnisse aus den Interviews mit den F\u00f6rderungsstellen und Energieberater:innen sowie der Online-Befragung der F\u00f6rdernehmer:innen ein sehr konsistentes Bild. Die F\u00f6rderaktion wird sehr gut angenommen und als wichtiges Instrument f\u00fcr den Heizungstausch f\u00fcr einkommensschwache Haushalte angesehen. Sie stellt somit einen wichtigen Baustein f\u00fcr eine sozial gerechte Transformation zu einer klimafreundlichen Gesellschaft dar.<\\\/p><p>M3  - Studie<\\\/p><p>BT  - Evaluierung des F\u00f6rderprogramms \\\"Sauber heizen f\u00fcr Alle\\\"<\\\/p><p>ER  - <\\\/p><\\\/div>\"}","scientific_assistance":"[]","scientific_review":"[]","version":"","release_date":null,"expiration_date":null,"surveyor":"","research_assistance":"","edv":"","additional_info_de":"","additional_info_en":""},"yoast_head":"<!-- This site is optimized with the Yoast SEO Premium plugin v28.3 (Yoast SEO v28.3) - https:\/\/yoast.com\/product\/yoast-seo-premium-wordpress\/ -->\n<title>Evaluation of the Subsidy Programme &quot;Sauber heizen f\u00fcr Alle&quot; - WIFO<\/title>\n<meta name=\"robots\" content=\"index, follow, max-snippet:-1, max-image-preview:large, max-video-preview:-1\" \/>\n<link rel=\"canonical\" href=\"https:\/\/www.wifo.ac.at\/en\/publication\/176166\/\" \/>\n<meta property=\"og:locale\" content=\"en_US\" \/>\n<meta property=\"og:type\" content=\"article\" \/>\n<meta property=\"og:title\" content=\"Evaluation of the Subsidy Programme &quot;Sauber heizen f\u00fcr Alle&quot;\" \/>\n<meta property=\"og:url\" content=\"https:\/\/www.wifo.ac.at\/en\/publication\/176166\/\" \/>\n<meta property=\"og:site_name\" content=\"WIFO\" \/>\n<meta property=\"article:publisher\" content=\"https:\/\/www.facebook.com\/WIFOat\/\" \/>\n<meta property=\"article:modified_time\" content=\"2024-04-26T08:17:37+00:00\" \/>\n<meta property=\"og:image\" content=\"https:\/\/www.wifo.ac.at\/wp-content\/uploads\/2024\/05\/WIFO-Gebaeude-FotoAlexanderMueller-www.alexandermueller.at-IMG_6326-Bearbeitet-1.jpg\" \/>\n\t<meta property=\"og:image:width\" content=\"1920\" \/>\n\t<meta property=\"og:image:height\" content=\"1280\" \/>\n\t<meta property=\"og:image:type\" content=\"image\/jpeg\" \/>\n<meta name=\"twitter:card\" content=\"summary_large_image\" \/>\n<meta name=\"twitter:site\" content=\"@WIFOat\" \/>\n<script type=\"application\/ld+json\" class=\"yoast-schema-graph\">{\"@context\":\"https:\\\/\\\/schema.org\",\"@graph\":[{\"@type\":\"WebPage\",\"@id\":\"https:\\\/\\\/www.wifo.ac.at\\\/en\\\/publication\\\/176166\\\/\",\"url\":\"https:\\\/\\\/www.wifo.ac.at\\\/en\\\/publication\\\/176166\\\/\",\"name\":\"Evaluation of the Subsidy Programme \\\"Sauber heizen f\u00fcr Alle\\\" - WIFO\",\"isPartOf\":{\"@id\":\"https:\\\/\\\/www.wifo.ac.at\\\/en\\\/#website\"},\"datePublished\":\"2024-03-21T17:37:05+00:00\",\"dateModified\":\"2024-04-26T08:17:37+00:00\",\"breadcrumb\":{\"@id\":\"https:\\\/\\\/www.wifo.ac.at\\\/en\\\/publication\\\/176166\\\/#breadcrumb\"},\"inLanguage\":\"en-US\",\"potentialAction\":[{\"@type\":\"ReadAction\",\"target\":[\"https:\\\/\\\/www.wifo.ac.at\\\/en\\\/publication\\\/176166\\\/\"]}]},{\"@type\":\"BreadcrumbList\",\"@id\":\"https:\\\/\\\/www.wifo.ac.at\\\/en\\\/publication\\\/176166\\\/#breadcrumb\",\"itemListElement\":[{\"@type\":\"ListItem\",\"position\":1,\"name\":\"Startseite\",\"item\":\"https:\\\/\\\/www.wifo.ac.at\\\/en\\\/\"},{\"@type\":\"ListItem\",\"position\":2,\"name\":\"Evaluation of the Subsidy Programme \\\"Sauber heizen f\u00fcr Alle\\\"\"}]},{\"@type\":\"WebSite\",\"@id\":\"https:\\\/\\\/www.wifo.ac.at\\\/en\\\/#website\",\"url\":\"https:\\\/\\\/www.wifo.ac.at\\\/en\\\/\",\"name\":\"\u00d6sterreichisches Institut f\u00fcr Wirtschaftsforschung\",\"description\":\"\",\"publisher\":{\"@id\":\"https:\\\/\\\/www.wifo.ac.at\\\/en\\\/#organization\"},\"alternateName\":\"WIFO\",\"potentialAction\":[{\"@type\":\"SearchAction\",\"target\":{\"@type\":\"EntryPoint\",\"urlTemplate\":\"https:\\\/\\\/www.wifo.ac.at\\\/en\\\/?s={search_term_string}\"},\"query-input\":{\"@type\":\"PropertyValueSpecification\",\"valueRequired\":true,\"valueName\":\"search_term_string\"}}],\"inLanguage\":\"en-US\"},{\"@type\":\"Organization\",\"@id\":\"https:\\\/\\\/www.wifo.ac.at\\\/en\\\/#organization\",\"name\":\"\u00d6sterreichisches Institut f\u00fcr Wirtschaftsforschung\",\"alternateName\":\"WIFO\",\"url\":\"https:\\\/\\\/www.wifo.ac.at\\\/en\\\/\",\"logo\":{\"@type\":\"ImageObject\",\"inLanguage\":\"en-US\",\"@id\":\"https:\\\/\\\/www.wifo.ac.at\\\/en\\\/#\\\/schema\\\/logo\\\/image\\\/\",\"url\":\"https:\\\/\\\/www.wifo.ac.at\\\/wp-content\\\/uploads\\\/2024\\\/05\\\/WIFO_kurz_rechts-2-1920x412.jpg\",\"contentUrl\":\"https:\\\/\\\/www.wifo.ac.at\\\/wp-content\\\/uploads\\\/2024\\\/05\\\/WIFO_kurz_rechts-2-1920x412.jpg\",\"width\":2000,\"height\":429,\"caption\":\"\u00d6sterreichisches Institut f\u00fcr Wirtschaftsforschung\"},\"image\":{\"@id\":\"https:\\\/\\\/www.wifo.ac.at\\\/en\\\/#\\\/schema\\\/logo\\\/image\\\/\"},\"sameAs\":[\"https:\\\/\\\/www.facebook.com\\\/WIFOat\\\/\",\"https:\\\/\\\/x.com\\\/WIFOat\",\"https:\\\/\\\/linkedin.com\\\/company\\\/wifoat\\\/\",\"https:\\\/\\\/www.youtube.com\\\/@WIFO_at\"],\"description\":\"Das WIFO, 1927 von Friedrich August von Hayek und Ludwig von Mises zur Konjunkturanalyse gegr\u00fcndet, ist heute das f\u00fchrende Institut f\u00fcr angewandte empirische Wirtschaftsforschung in \u00d6sterreich mit starkem Engagement auf europ\u00e4ischer Ebene.\",\"email\":\"office@wifo.ac.at\",\"telephone\":\"+43 1 798 26 01 \u2013 0\",\"legalName\":\"\u00d6sterreichisches Institut f\u00fcr Wirtschaftsforschung\",\"foundingDate\":\"1927-01-02\",\"numberOfEmployees\":{\"@type\":\"QuantitativeValue\",\"minValue\":\"51\",\"maxValue\":\"200\"},\"publishingPrinciples\":\"https:\\\/\\\/www.wifo.ac.at\\\/institut\\\/mission-und-strategie\\\/\",\"ownershipFundingInfo\":\"https:\\\/\\\/www.wifo.ac.at\\\/institut\\\/organisation\\\/\",\"actionableFeedbackPolicy\":\"https:\\\/\\\/www.wifo.ac.at\\\/aktuelles\\\/presse\\\/\",\"correctionsPolicy\":\"https:\\\/\\\/www.wifo.ac.at\\\/institut\\\/kontakt\\\/\",\"ethicsPolicy\":\"https:\\\/\\\/www.wifo.ac.at\\\/institut\\\/evidenzbasierung-transparenz-und-unabhaengigkeit\\\/\",\"diversityPolicy\":\"https:\\\/\\\/www.wifo.ac.at\\\/institut\\\/gleichstellung\\\/\",\"diversityStaffingReport\":\"https:\\\/\\\/www.wifo.ac.at\\\/institut\\\/gleichstellung\\\/\"}]}<\/script>\n<!-- \/ Yoast SEO Premium plugin. -->","yoast_head_json":{"title":"Evaluation of the Subsidy Programme \"Sauber heizen f\u00fcr Alle\" - WIFO","robots":{"index":"index","follow":"follow","max-snippet":"max-snippet:-1","max-image-preview":"max-image-preview:large","max-video-preview":"max-video-preview:-1"},"canonical":"https:\/\/www.wifo.ac.at\/en\/publication\/176166\/","og_locale":"en_US","og_type":"article","og_title":"Evaluation of the Subsidy Programme \"Sauber heizen f\u00fcr Alle\"","og_url":"https:\/\/www.wifo.ac.at\/en\/publication\/176166\/","og_site_name":"WIFO","article_publisher":"https:\/\/www.facebook.com\/WIFOat\/","article_modified_time":"2024-04-26T08:17:37+00:00","og_image":[{"width":1920,"height":1280,"url":"https:\/\/www.wifo.ac.at\/wp-content\/uploads\/2024\/05\/WIFO-Gebaeude-FotoAlexanderMueller-www.alexandermueller.at-IMG_6326-Bearbeitet-1.jpg","type":"image\/jpeg"}],"twitter_card":"summary_large_image","twitter_site":"@WIFOat","schema":{"@context":"https:\/\/schema.org","@graph":[{"@type":"WebPage","@id":"https:\/\/www.wifo.ac.at\/en\/publication\/176166\/","url":"https:\/\/www.wifo.ac.at\/en\/publication\/176166\/","name":"Evaluation of the Subsidy Programme \"Sauber heizen f\u00fcr Alle\" - WIFO","isPartOf":{"@id":"https:\/\/www.wifo.ac.at\/en\/#website"},"datePublished":"2024-03-21T17:37:05+00:00","dateModified":"2024-04-26T08:17:37+00:00","breadcrumb":{"@id":"https:\/\/www.wifo.ac.at\/en\/publication\/176166\/#breadcrumb"},"inLanguage":"en-US","potentialAction":[{"@type":"ReadAction","target":["https:\/\/www.wifo.ac.at\/en\/publication\/176166\/"]}]},{"@type":"BreadcrumbList","@id":"https:\/\/www.wifo.ac.at\/en\/publication\/176166\/#breadcrumb","itemListElement":[{"@type":"ListItem","position":1,"name":"Startseite","item":"https:\/\/www.wifo.ac.at\/en\/"},{"@type":"ListItem","position":2,"name":"Evaluation of the Subsidy Programme \"Sauber heizen f\u00fcr Alle\""}]},{"@type":"WebSite","@id":"https:\/\/www.wifo.ac.at\/en\/#website","url":"https:\/\/www.wifo.ac.at\/en\/","name":"\u00d6sterreichisches Institut f\u00fcr Wirtschaftsforschung","description":"","publisher":{"@id":"https:\/\/www.wifo.ac.at\/en\/#organization"},"alternateName":"WIFO","potentialAction":[{"@type":"SearchAction","target":{"@type":"EntryPoint","urlTemplate":"https:\/\/www.wifo.ac.at\/en\/?s={search_term_string}"},"query-input":{"@type":"PropertyValueSpecification","valueRequired":true,"valueName":"search_term_string"}}],"inLanguage":"en-US"},{"@type":"Organization","@id":"https:\/\/www.wifo.ac.at\/en\/#organization","name":"\u00d6sterreichisches Institut f\u00fcr Wirtschaftsforschung","alternateName":"WIFO","url":"https:\/\/www.wifo.ac.at\/en\/","logo":{"@type":"ImageObject","inLanguage":"en-US","@id":"https:\/\/www.wifo.ac.at\/en\/#\/schema\/logo\/image\/","url":"https:\/\/www.wifo.ac.at\/wp-content\/uploads\/2024\/05\/WIFO_kurz_rechts-2-1920x412.jpg","contentUrl":"https:\/\/www.wifo.ac.at\/wp-content\/uploads\/2024\/05\/WIFO_kurz_rechts-2-1920x412.jpg","width":2000,"height":429,"caption":"\u00d6sterreichisches Institut f\u00fcr Wirtschaftsforschung"},"image":{"@id":"https:\/\/www.wifo.ac.at\/en\/#\/schema\/logo\/image\/"},"sameAs":["https:\/\/www.facebook.com\/WIFOat\/","https:\/\/x.com\/WIFOat","https:\/\/linkedin.com\/company\/wifoat\/","https:\/\/www.youtube.com\/@WIFO_at"],"description":"Das WIFO, 1927 von Friedrich August von Hayek und Ludwig von Mises zur Konjunkturanalyse gegr\u00fcndet, ist heute das f\u00fchrende Institut f\u00fcr angewandte empirische Wirtschaftsforschung in \u00d6sterreich mit starkem Engagement auf europ\u00e4ischer Ebene.","email":"office@wifo.ac.at","telephone":"+43 1 798 26 01 \u2013 0","legalName":"\u00d6sterreichisches Institut f\u00fcr Wirtschaftsforschung","foundingDate":"1927-01-02","numberOfEmployees":{"@type":"QuantitativeValue","minValue":"51","maxValue":"200"},"publishingPrinciples":"https:\/\/www.wifo.ac.at\/institut\/mission-und-strategie\/","ownershipFundingInfo":"https:\/\/www.wifo.ac.at\/institut\/organisation\/","actionableFeedbackPolicy":"https:\/\/www.wifo.ac.at\/aktuelles\/presse\/","correctionsPolicy":"https:\/\/www.wifo.ac.at\/institut\/kontakt\/","ethicsPolicy":"https:\/\/www.wifo.ac.at\/institut\/evidenzbasierung-transparenz-und-unabhaengigkeit\/","diversityPolicy":"https:\/\/www.wifo.ac.at\/institut\/gleichstellung\/","diversityStaffingReport":"https:\/\/www.wifo.ac.at\/institut\/gleichstellung\/"}]}},"_links":{"self":[{"href":"https:\/\/www.wifo.ac.at\/en\/wp-json\/wp\/v2\/publication\/176166","targetHints":{"allow":["GET"]}}],"collection":[{"href":"https:\/\/www.wifo.ac.at\/en\/wp-json\/wp\/v2\/publication"}],"about":[{"href":"https:\/\/www.wifo.ac.at\/en\/wp-json\/wp\/v2\/types\/publication"}],"version-history":[{"count":0,"href":"https:\/\/www.wifo.ac.at\/en\/wp-json\/wp\/v2\/publication\/176166\/revisions"}],"acf:post":[{"embeddable":true,"href":"https:\/\/www.wifo.ac.at\/en\/wp-json\/wp\/v2\/client\/10870"},{"embeddable":true,"href":"https:\/\/www.wifo.ac.at\/en\/wp-json\/wp\/v2\/person\/3665"},{"embeddable":true,"href":"https:\/\/www.wifo.ac.at\/en\/wp-json\/wp\/v2\/person\/3652"},{"embeddable":true,"href":"https:\/\/www.wifo.ac.at\/en\/wp-json\/wp\/v2\/person\/3659"},{"embeddable":true,"href":"https:\/\/www.wifo.ac.at\/en\/wp-json\/wp\/v2\/research_group\/3655"},{"embeddable":true,"href":"https:\/\/www.wifo.ac.at\/en\/wp-json\/wp\/v2\/publication_type\/81966"}],"wp:attachment":[{"href":"https:\/\/www.wifo.ac.at\/en\/wp-json\/wp\/v2\/media?parent=176166"}],"curies":[{"name":"wp","href":"https:\/\/api.w.org\/{rel}","templated":true}]}}