{"id":154029,"date":"2024-03-21T07:39:34","date_gmt":"2024-03-21T06:39:34","guid":{"rendered":"https:\/\/www.wifo.ac.at\/publication\/154029\/"},"modified":"2024-11-07T03:46:51","modified_gmt":"2024-11-07T02:46:51","slug":"expenditure-priorities-in-the-eu-budget-for-2007-2013-the-perspective-of-fiscal-federalism","status":"publish","type":"publication","link":"https:\/\/www.wifo.ac.at\/en\/publication\/154029\/","title":{"rendered":"Expenditure Priorities in the EU Budget for 2007-2013: The Perspective of Fiscal Federalism"},"content":{"rendered":"","protected":false},"featured_media":0,"template":"","class_list":["post-154029","publication","type-publication","status-publish","hentry"],"acf":{"subtitle":"","text":"Following difficult negotiations, the European institutions eventually, in May 2006, arrived at a consensus on a new Financial Framework for the European Union's budget over the years 2007 to 2013. In an additional declaration, the European Commission was invited to undertake a full review covering all aspects of EU spending until 2008-09. A mid-term review, however, should deal with the fundamental issue of which political tasks are best assigned to the EU and which tasks should be left to the responsibility of the member states. This problem is addressed by the economic theory of fiscal federalism.","onlinedate":"2006-12-20 01:00:00","lang":"German","publication_series":"","publication_date":"20061201","publication_date_year":"","publication_date_full":false,"publication_num_pages":"","keywords":"[\"EU Finanzrahmen 2006-2013 Fiskalf\u00f6deralismus\"]","jelcodes":"[]","related_publications":"[]","pdf":325707,"zip":null,"link":"","monthly_report":true,"monthly_report_main":false,"monthly_report_volume":"79","monthly_report_pages":"911-924","monthly_report_pages_sort":"911","issue":"12","journal":"WIFO-Monatsberichte","publisher":"","invisible":false,"external":false,"embargo_date":null,"types":[44312],"research_groups":[3500],"collaboration":"","persons":[3792],"persons_data":"[{\"personId\":3792,\"personName\":\"Hans Pitlik\",\"organisationNames\":[]}]","clients":[],"subclients":[],"partners":[],"topics":[],"host_publication_title":"","host_publication_subtitle":"","place_of_publication":"","host_publication_editors":"[]","type_description":"","output_media":"","chapter":"","article_number":"","citations":"{\"apa\":\"<div class=\\\"rendering rendering_researchoutput  rendering_researchoutput_apa rendering_contributiontoperiodical rendering_apa rendering_contributiontoperiodical_apa\\\"><span>Pitlik, H.<\\\/span> (2006). <span>Ausgabenpriorit\u00e4ten im EU-Budget 2007-2013: Die Perspektive des Fiskalf\u00f6deralismus<\\\/span>. <span><em>WIFO-Monatsberichte<\\\/em><\\\/span>, <em>79<\\\/em>(12), 911-924. <a onclick=\\\"window.open(this.href, '_blank','noopener,noreferrer'); return false;\\\" href=\\\"https:\\\/\\\/www.wifo.ac.at\\\/wwa\\\/pubid\\\/27904\\\" class=\\\"link\\\"><span>https:\\\/\\\/www.wifo.ac.at\\\/wwa\\\/pubid\\\/27904<\\\/span><\\\/a><\\\/div>\",\"vancouver\":\"<div class=\\\"rendering rendering_researchoutput  rendering_researchoutput_vancouver rendering_contributiontoperiodical rendering_vancouver rendering_contributiontoperiodical_vancouver\\\"><span>Pitlik H<\\\/span>. <span class=\\\"title\\\"><span>Ausgabenpriorit\u00e4ten im EU-Budget 2007-2013: Die Perspektive des Fiskalf\u00f6deralismus<\\\/span><\\\/span>. <span>WIFO-Monatsberichte<\\\/span>. 2006 Dec;79(12):911-924.<\\\/div>\",\"bibtex\":\"<div class=\\\"rendering rendering_researchoutput  rendering_researchoutput_bibtex rendering_contributiontoperiodical rendering_bibtex rendering_contributiontoperiodical_bibtex\\\"><div>@misc{6761387ef5a84889bcd7e414b0e7c346,<\\\/div><div>  title    = \\\"Ausgabenpriorit{\\\\\\\"a}ten im EU-Budget 2007-2013: Die Perspektive des Fiskalf{\\\\\\\"o}deralismus\\\",<\\\/div><div>  abstract = \\\"Der neue Finanzrahmen der Europ{\\\\\\\"a}ischen Union f{\\\\\\\"u}r die Jahre 2007 bis 2013 weist Gesamtverpflichtungen von 864 Mrd. \u20ac aus. Das Budgetvolumen betr{\\\\\\\"a}gt damit nur knapp {\\\\\\\"u}ber 1\\\\% des Bruttonationaleinkommens der Mitgliedsl{\\\\\\\"a}nder. Die Ausgabenstruktur ist allerdings nur bedingt mit Vorstellungen der {\\\\\\\"o}konomischen F{\\\\\\\"o}deralismustheorie zu einer optimalen wirtschaftspolitischen Aufgabenverteilung zwischen Union und Mitgliedsl{\\\\\\\"a}ndern vereinbar: Fast die H{\\\\\\\"a}lfte des EU-Budgets wird f{\\\\\\\"u}r Ausgaben angesetzt, f{\\\\\\\"u}r die eine EU-Zust{\\\\\\\"a}ndigkeit im Lichte des Fiskalf{\\\\\\\"o}deralismus nur schwer begr{\\\\\\\"u}ndet werden kann. Aus normativer Sicht w{\\\\\\\"a}re eine Umwidmung der Finanzmittel auf Politikbereiche anzustreben, f{\\\\\\\"u}r die eine europ{\\\\\\\"a}ische Kompetenz (z. B. Grundlagenforschung) besser zu rechtfertigen ist.\\\",<\\\/div><div>  keywords = \\\"EU Finanzrahmen 2006-2013 Fiskalf{\\\\\\\"o}deralismus, EU Finanzrahmen 2006-2013 Fiskalf{\\\\\\\"o}deralismus\\\",<\\\/div><div>  author   = \\\"Hans Pitlik\\\",<\\\/div><div>  note     = \\\"EU-Budget: Fiskalf{\\\\\\\"o}deralismus\\\",<\\\/div><div>  year     = \\\"2006\\\",<\\\/div><div>  month    = dec,<\\\/div><div>  language = \\\"Deutsch\\\",<\\\/div><div>  volume   = \\\"79\\\",<\\\/div><div>  pages    = \\\"911--924\\\",<\\\/div><div>  journal  = \\\"WIFO-Monatsberichte\\\",<\\\/div><p>}<\\\/p><\\\/div>\",\"ris\":\"<div class=\\\"rendering rendering_researchoutput  rendering_researchoutput_ris rendering_contributiontoperiodical rendering_ris rendering_contributiontoperiodical_ris\\\"><p>TY  - GEN<\\\/p><p>T1  - Ausgabenpriorit\u00e4ten im EU-Budget 2007-2013: Die Perspektive des Fiskalf\u00f6deralismus<\\\/p><p>AU  - Pitlik, Hans<\\\/p><p>N1  - EU-Budget: Fiskalf\u00f6deralismus<\\\/p><p>PY  - 2006\\\/12<\\\/p><p>Y1  - 2006\\\/12<\\\/p><p>N2  - Der neue Finanzrahmen der Europ\u00e4ischen Union f\u00fcr die Jahre 2007 bis 2013 weist Gesamtverpflichtungen von 864 Mrd. \u20ac aus. Das Budgetvolumen betr\u00e4gt damit nur knapp \u00fcber 1% des Bruttonationaleinkommens der Mitgliedsl\u00e4nder. Die Ausgabenstruktur ist allerdings nur bedingt mit Vorstellungen der \u00f6konomischen F\u00f6deralismustheorie zu einer optimalen wirtschaftspolitischen Aufgabenverteilung zwischen Union und Mitgliedsl\u00e4ndern vereinbar: Fast die H\u00e4lfte des EU-Budgets wird f\u00fcr Ausgaben angesetzt, f\u00fcr die eine EU-Zust\u00e4ndigkeit im Lichte des Fiskalf\u00f6deralismus nur schwer begr\u00fcndet werden kann. Aus normativer Sicht w\u00e4re eine Umwidmung der Finanzmittel auf Politikbereiche anzustreben, f\u00fcr die eine europ\u00e4ische Kompetenz (z. B. Grundlagenforschung) besser zu rechtfertigen ist.<\\\/p><p>AB  - Der neue Finanzrahmen der Europ\u00e4ischen Union f\u00fcr die Jahre 2007 bis 2013 weist Gesamtverpflichtungen von 864 Mrd. \u20ac aus. Das Budgetvolumen betr\u00e4gt damit nur knapp \u00fcber 1% des Bruttonationaleinkommens der Mitgliedsl\u00e4nder. Die Ausgabenstruktur ist allerdings nur bedingt mit Vorstellungen der \u00f6konomischen F\u00f6deralismustheorie zu einer optimalen wirtschaftspolitischen Aufgabenverteilung zwischen Union und Mitgliedsl\u00e4ndern vereinbar: Fast die H\u00e4lfte des EU-Budgets wird f\u00fcr Ausgaben angesetzt, f\u00fcr die eine EU-Zust\u00e4ndigkeit im Lichte des Fiskalf\u00f6deralismus nur schwer begr\u00fcndet werden kann. Aus normativer Sicht w\u00e4re eine Umwidmung der Finanzmittel auf Politikbereiche anzustreben, f\u00fcr die eine europ\u00e4ische Kompetenz (z. B. Grundlagenforschung) besser zu rechtfertigen ist.<\\\/p><p>KW  - EU Finanzrahmen 2006-2013 Fiskalf\u00f6deralismus<\\\/p><p>KW  - EU Finanzrahmen 2006-2013 Fiskalf\u00f6deralismus<\\\/p><p>M3  - WIFO-Schriftenreihen<\\\/p><p>VL  - 79<\\\/p><p>SP  - 911<\\\/p><p>EP  - 924<\\\/p><p>JO  - WIFO-Monatsberichte<\\\/p><p>JF  - WIFO-Monatsberichte<\\\/p><p>ER  - <\\\/p><\\\/div>\"}","scientific_assistance":"[]","scientific_review":"[]","version":"","release_date":null,"expiration_date":null,"surveyor":"","research_assistance":"","edv":"","additional_info_de":"","additional_info_en":""},"yoast_head":"<!-- This site is optimized with the Yoast SEO Premium plugin v28.3 (Yoast SEO v28.3) - https:\/\/yoast.com\/product\/yoast-seo-premium-wordpress\/ -->\n<title>Expenditure Priorities in the EU Budget for 2007-2013: The Perspective of Fiscal Federalism - WIFO<\/title>\n<meta name=\"robots\" content=\"index, follow, max-snippet:-1, max-image-preview:large, max-video-preview:-1\" \/>\n<link rel=\"canonical\" href=\"https:\/\/www.wifo.ac.at\/en\/publication\/154029\/\" \/>\n<meta property=\"og:locale\" content=\"en_US\" \/>\n<meta property=\"og:type\" content=\"article\" \/>\n<meta property=\"og:title\" content=\"Expenditure Priorities in the EU Budget for 2007-2013: The Perspective of Fiscal Federalism\" \/>\n<meta property=\"og:url\" content=\"https:\/\/www.wifo.ac.at\/en\/publication\/154029\/\" \/>\n<meta property=\"og:site_name\" content=\"WIFO\" \/>\n<meta property=\"article:publisher\" content=\"https:\/\/www.facebook.com\/WIFOat\/\" \/>\n<meta property=\"article:modified_time\" content=\"2024-11-07T02:46:51+00:00\" \/>\n<meta property=\"og:image\" content=\"https:\/\/www.wifo.ac.at\/wp-content\/uploads\/2024\/05\/WIFO-Gebaeude-FotoAlexanderMueller-www.alexandermueller.at-IMG_6326-Bearbeitet-1.jpg\" \/>\n\t<meta property=\"og:image:width\" content=\"1920\" \/>\n\t<meta property=\"og:image:height\" content=\"1280\" \/>\n\t<meta property=\"og:image:type\" content=\"image\/jpeg\" \/>\n<meta name=\"twitter:card\" content=\"summary_large_image\" \/>\n<meta name=\"twitter:site\" content=\"@WIFOat\" \/>\n<script type=\"application\/ld+json\" class=\"yoast-schema-graph\">{\"@context\":\"https:\\\/\\\/schema.org\",\"@graph\":[{\"@type\":\"WebPage\",\"@id\":\"https:\\\/\\\/www.wifo.ac.at\\\/en\\\/publication\\\/154029\\\/\",\"url\":\"https:\\\/\\\/www.wifo.ac.at\\\/en\\\/publication\\\/154029\\\/\",\"name\":\"Expenditure Priorities in the EU Budget for 2007-2013: The Perspective of Fiscal Federalism - WIFO\",\"isPartOf\":{\"@id\":\"https:\\\/\\\/www.wifo.ac.at\\\/en\\\/#website\"},\"datePublished\":\"2024-03-21T06:39:34+00:00\",\"dateModified\":\"2024-11-07T02:46:51+00:00\",\"breadcrumb\":{\"@id\":\"https:\\\/\\\/www.wifo.ac.at\\\/en\\\/publication\\\/154029\\\/#breadcrumb\"},\"inLanguage\":\"en-US\",\"potentialAction\":[{\"@type\":\"ReadAction\",\"target\":[\"https:\\\/\\\/www.wifo.ac.at\\\/en\\\/publication\\\/154029\\\/\"]}]},{\"@type\":\"BreadcrumbList\",\"@id\":\"https:\\\/\\\/www.wifo.ac.at\\\/en\\\/publication\\\/154029\\\/#breadcrumb\",\"itemListElement\":[{\"@type\":\"ListItem\",\"position\":1,\"name\":\"Startseite\",\"item\":\"https:\\\/\\\/www.wifo.ac.at\\\/en\\\/\"},{\"@type\":\"ListItem\",\"position\":2,\"name\":\"Expenditure Priorities in the EU Budget for 2007-2013: The Perspective of Fiscal Federalism\"}]},{\"@type\":\"WebSite\",\"@id\":\"https:\\\/\\\/www.wifo.ac.at\\\/en\\\/#website\",\"url\":\"https:\\\/\\\/www.wifo.ac.at\\\/en\\\/\",\"name\":\"\u00d6sterreichisches Institut f\u00fcr Wirtschaftsforschung\",\"description\":\"\",\"publisher\":{\"@id\":\"https:\\\/\\\/www.wifo.ac.at\\\/en\\\/#organization\"},\"alternateName\":\"WIFO\",\"potentialAction\":[{\"@type\":\"SearchAction\",\"target\":{\"@type\":\"EntryPoint\",\"urlTemplate\":\"https:\\\/\\\/www.wifo.ac.at\\\/en\\\/?s={search_term_string}\"},\"query-input\":{\"@type\":\"PropertyValueSpecification\",\"valueRequired\":true,\"valueName\":\"search_term_string\"}}],\"inLanguage\":\"en-US\"},{\"@type\":\"Organization\",\"@id\":\"https:\\\/\\\/www.wifo.ac.at\\\/en\\\/#organization\",\"name\":\"\u00d6sterreichisches Institut f\u00fcr Wirtschaftsforschung\",\"alternateName\":\"WIFO\",\"url\":\"https:\\\/\\\/www.wifo.ac.at\\\/en\\\/\",\"logo\":{\"@type\":\"ImageObject\",\"inLanguage\":\"en-US\",\"@id\":\"https:\\\/\\\/www.wifo.ac.at\\\/en\\\/#\\\/schema\\\/logo\\\/image\\\/\",\"url\":\"https:\\\/\\\/www.wifo.ac.at\\\/wp-content\\\/uploads\\\/2024\\\/05\\\/WIFO_kurz_rechts-2-1920x412.jpg\",\"contentUrl\":\"https:\\\/\\\/www.wifo.ac.at\\\/wp-content\\\/uploads\\\/2024\\\/05\\\/WIFO_kurz_rechts-2-1920x412.jpg\",\"width\":2000,\"height\":429,\"caption\":\"\u00d6sterreichisches Institut f\u00fcr Wirtschaftsforschung\"},\"image\":{\"@id\":\"https:\\\/\\\/www.wifo.ac.at\\\/en\\\/#\\\/schema\\\/logo\\\/image\\\/\"},\"sameAs\":[\"https:\\\/\\\/www.facebook.com\\\/WIFOat\\\/\",\"https:\\\/\\\/x.com\\\/WIFOat\",\"https:\\\/\\\/linkedin.com\\\/company\\\/wifoat\\\/\",\"https:\\\/\\\/www.youtube.com\\\/@WIFO_at\"],\"description\":\"Das WIFO, 1927 von Friedrich August von Hayek und Ludwig von Mises zur Konjunkturanalyse gegr\u00fcndet, ist heute das f\u00fchrende Institut f\u00fcr angewandte empirische Wirtschaftsforschung in \u00d6sterreich mit starkem Engagement auf europ\u00e4ischer Ebene.\",\"email\":\"office@wifo.ac.at\",\"telephone\":\"+43 1 798 26 01 \u2013 0\",\"legalName\":\"\u00d6sterreichisches Institut f\u00fcr Wirtschaftsforschung\",\"foundingDate\":\"1927-01-02\",\"numberOfEmployees\":{\"@type\":\"QuantitativeValue\",\"minValue\":\"51\",\"maxValue\":\"200\"},\"publishingPrinciples\":\"https:\\\/\\\/www.wifo.ac.at\\\/institut\\\/mission-und-strategie\\\/\",\"ownershipFundingInfo\":\"https:\\\/\\\/www.wifo.ac.at\\\/institut\\\/organisation\\\/\",\"actionableFeedbackPolicy\":\"https:\\\/\\\/www.wifo.ac.at\\\/aktuelles\\\/presse\\\/\",\"correctionsPolicy\":\"https:\\\/\\\/www.wifo.ac.at\\\/institut\\\/kontakt\\\/\",\"ethicsPolicy\":\"https:\\\/\\\/www.wifo.ac.at\\\/institut\\\/evidenzbasierung-transparenz-und-unabhaengigkeit\\\/\",\"diversityPolicy\":\"https:\\\/\\\/www.wifo.ac.at\\\/institut\\\/gleichstellung\\\/\",\"diversityStaffingReport\":\"https:\\\/\\\/www.wifo.ac.at\\\/institut\\\/gleichstellung\\\/\"}]}<\/script>\n<!-- \/ Yoast SEO Premium plugin. -->","yoast_head_json":{"title":"Expenditure Priorities in the EU Budget for 2007-2013: The Perspective of Fiscal Federalism - WIFO","robots":{"index":"index","follow":"follow","max-snippet":"max-snippet:-1","max-image-preview":"max-image-preview:large","max-video-preview":"max-video-preview:-1"},"canonical":"https:\/\/www.wifo.ac.at\/en\/publication\/154029\/","og_locale":"en_US","og_type":"article","og_title":"Expenditure Priorities in the EU Budget for 2007-2013: The Perspective of Fiscal Federalism","og_url":"https:\/\/www.wifo.ac.at\/en\/publication\/154029\/","og_site_name":"WIFO","article_publisher":"https:\/\/www.facebook.com\/WIFOat\/","article_modified_time":"2024-11-07T02:46:51+00:00","og_image":[{"width":1920,"height":1280,"url":"https:\/\/www.wifo.ac.at\/wp-content\/uploads\/2024\/05\/WIFO-Gebaeude-FotoAlexanderMueller-www.alexandermueller.at-IMG_6326-Bearbeitet-1.jpg","type":"image\/jpeg"}],"twitter_card":"summary_large_image","twitter_site":"@WIFOat","schema":{"@context":"https:\/\/schema.org","@graph":[{"@type":"WebPage","@id":"https:\/\/www.wifo.ac.at\/en\/publication\/154029\/","url":"https:\/\/www.wifo.ac.at\/en\/publication\/154029\/","name":"Expenditure Priorities in the EU Budget for 2007-2013: The Perspective of Fiscal Federalism - WIFO","isPartOf":{"@id":"https:\/\/www.wifo.ac.at\/en\/#website"},"datePublished":"2024-03-21T06:39:34+00:00","dateModified":"2024-11-07T02:46:51+00:00","breadcrumb":{"@id":"https:\/\/www.wifo.ac.at\/en\/publication\/154029\/#breadcrumb"},"inLanguage":"en-US","potentialAction":[{"@type":"ReadAction","target":["https:\/\/www.wifo.ac.at\/en\/publication\/154029\/"]}]},{"@type":"BreadcrumbList","@id":"https:\/\/www.wifo.ac.at\/en\/publication\/154029\/#breadcrumb","itemListElement":[{"@type":"ListItem","position":1,"name":"Startseite","item":"https:\/\/www.wifo.ac.at\/en\/"},{"@type":"ListItem","position":2,"name":"Expenditure Priorities in the EU Budget for 2007-2013: The Perspective of Fiscal Federalism"}]},{"@type":"WebSite","@id":"https:\/\/www.wifo.ac.at\/en\/#website","url":"https:\/\/www.wifo.ac.at\/en\/","name":"\u00d6sterreichisches Institut f\u00fcr Wirtschaftsforschung","description":"","publisher":{"@id":"https:\/\/www.wifo.ac.at\/en\/#organization"},"alternateName":"WIFO","potentialAction":[{"@type":"SearchAction","target":{"@type":"EntryPoint","urlTemplate":"https:\/\/www.wifo.ac.at\/en\/?s={search_term_string}"},"query-input":{"@type":"PropertyValueSpecification","valueRequired":true,"valueName":"search_term_string"}}],"inLanguage":"en-US"},{"@type":"Organization","@id":"https:\/\/www.wifo.ac.at\/en\/#organization","name":"\u00d6sterreichisches Institut f\u00fcr Wirtschaftsforschung","alternateName":"WIFO","url":"https:\/\/www.wifo.ac.at\/en\/","logo":{"@type":"ImageObject","inLanguage":"en-US","@id":"https:\/\/www.wifo.ac.at\/en\/#\/schema\/logo\/image\/","url":"https:\/\/www.wifo.ac.at\/wp-content\/uploads\/2024\/05\/WIFO_kurz_rechts-2-1920x412.jpg","contentUrl":"https:\/\/www.wifo.ac.at\/wp-content\/uploads\/2024\/05\/WIFO_kurz_rechts-2-1920x412.jpg","width":2000,"height":429,"caption":"\u00d6sterreichisches Institut f\u00fcr Wirtschaftsforschung"},"image":{"@id":"https:\/\/www.wifo.ac.at\/en\/#\/schema\/logo\/image\/"},"sameAs":["https:\/\/www.facebook.com\/WIFOat\/","https:\/\/x.com\/WIFOat","https:\/\/linkedin.com\/company\/wifoat\/","https:\/\/www.youtube.com\/@WIFO_at"],"description":"Das WIFO, 1927 von Friedrich August von Hayek und Ludwig von Mises zur Konjunkturanalyse gegr\u00fcndet, ist heute das f\u00fchrende Institut f\u00fcr angewandte empirische Wirtschaftsforschung in \u00d6sterreich mit starkem Engagement auf europ\u00e4ischer Ebene.","email":"office@wifo.ac.at","telephone":"+43 1 798 26 01 \u2013 0","legalName":"\u00d6sterreichisches Institut f\u00fcr Wirtschaftsforschung","foundingDate":"1927-01-02","numberOfEmployees":{"@type":"QuantitativeValue","minValue":"51","maxValue":"200"},"publishingPrinciples":"https:\/\/www.wifo.ac.at\/institut\/mission-und-strategie\/","ownershipFundingInfo":"https:\/\/www.wifo.ac.at\/institut\/organisation\/","actionableFeedbackPolicy":"https:\/\/www.wifo.ac.at\/aktuelles\/presse\/","correctionsPolicy":"https:\/\/www.wifo.ac.at\/institut\/kontakt\/","ethicsPolicy":"https:\/\/www.wifo.ac.at\/institut\/evidenzbasierung-transparenz-und-unabhaengigkeit\/","diversityPolicy":"https:\/\/www.wifo.ac.at\/institut\/gleichstellung\/","diversityStaffingReport":"https:\/\/www.wifo.ac.at\/institut\/gleichstellung\/"}]}},"_links":{"self":[{"href":"https:\/\/www.wifo.ac.at\/en\/wp-json\/wp\/v2\/publication\/154029","targetHints":{"allow":["GET"]}}],"collection":[{"href":"https:\/\/www.wifo.ac.at\/en\/wp-json\/wp\/v2\/publication"}],"about":[{"href":"https:\/\/www.wifo.ac.at\/en\/wp-json\/wp\/v2\/types\/publication"}],"version-history":[{"count":1,"href":"https:\/\/www.wifo.ac.at\/en\/wp-json\/wp\/v2\/publication\/154029\/revisions"}],"predecessor-version":[{"id":325698,"href":"https:\/\/www.wifo.ac.at\/en\/wp-json\/wp\/v2\/publication\/154029\/revisions\/325698"}],"acf:post":[{"embeddable":true,"href":"https:\/\/www.wifo.ac.at\/en\/wp-json\/wp\/v2\/person\/3792"},{"embeddable":true,"href":"https:\/\/www.wifo.ac.at\/en\/wp-json\/wp\/v2\/research_group\/3500"},{"embeddable":true,"href":"https:\/\/www.wifo.ac.at\/en\/wp-json\/wp\/v2\/publication_type\/44312"}],"wp:attachment":[{"href":"https:\/\/www.wifo.ac.at\/en\/wp-json\/wp\/v2\/media?parent=154029"}],"curies":[{"name":"wp","href":"https:\/\/api.w.org\/{rel}","templated":true}]}}