{"id":153999,"date":"2024-03-21T07:39:16","date_gmt":"2024-03-21T06:39:16","guid":{"rendered":"https:\/\/www.wifo.ac.at\/publication\/153999\/"},"modified":"2025-07-08T17:36:01","modified_gmt":"2025-07-08T15:36:01","slug":"substudy-21-environmental-policy-as-part-of-a-growth-strategy","status":"publish","type":"publication","link":"https:\/\/www.wifo.ac.at\/en\/publication\/153999\/","title":{"rendered":"Substudy 21: Environmental Policy as Part of a Growth Strategy"},"content":{"rendered":"","protected":false},"featured_media":0,"template":"","class_list":["post-153999","publication","type-publication","status-publish","hentry"],"acf":{"subtitle":"","text":"Environmental policy as part of a growth strategy concentrates on issues that support structural change towards an environmentally sound development. The analysis identifies approaches for integrating environmental policy into other policy areas, such as technology and research policy, energy and transport policy. Accordingly, environmental policy increasingly appears as a pivot of any growth and employment strategy. The positive effects of environmental policy strategies are derived, on the one hand, indirectly from the avoidance of negative external effects (reducing ecological repair costs and other macroeconomic costs such as health care costs) and, on the other hand, from direct positive growth and employment effects in the field of environmental technology. A key role is played by energy strategies (especially energy efficiency, renewable energy) that, for one, contribute to reducing negative ecological effects (anthropogenous climate change, emissions of other air pollutants) and, on the other hand, through improving supply security and reducing the dependence on imported fossil fuels, contribute to raising competitiveness.","onlinedate":"2006-11-17 12:00:00","lang":"German","publication_series":"","publication_date":"20061101","publication_date_year":"","publication_date_full":false,"publication_num_pages":"74","keywords":"[]","jelcodes":"[]","related_publications":"[]","pdf":428103,"zip":null,"link":"","monthly_report":false,"monthly_report_main":false,"monthly_report_volume":"","monthly_report_pages":"","monthly_report_pages_sort":"0","issue":"","journal":"","publisher":"","invisible":false,"external":false,"embargo_date":"2006-11-17 12:00:00","types":[81966],"research_groups":[3655],"collaboration":"","persons":[3671,3659,3675,3711],"persons_data":"[{\"personId\":3671,\"personName\":\"Angela K\u00f6ppl\",\"organisationNames\":[]},{\"personId\":3659,\"personName\":\"Daniela Kletzan\",\"organisationNames\":[]},{\"personId\":3675,\"personName\":\"Kurt Kratena\",\"organisationNames\":[]},{\"personId\":3711,\"personName\":\"Ina Meyer\",\"organisationNames\":[]}]","clients":[63711,10652,63712,63713,63714,10738,28448,63715,63716,63717,10826],"subclients":[],"partners":[],"topics":[],"host_publication_title":"","host_publication_subtitle":"","place_of_publication":"","host_publication_editors":"[]","type_description":"","output_media":"","chapter":"","article_number":"","citations":"{\"apa\":\"<div class=\\\"rendering rendering_researchoutput  rendering_researchoutput_apa rendering_bookanthology rendering_apa rendering_bookanthology_apa\\\"><span>K\u00f6ppl, A.<\\\/span><span>, Kletzan, D.<\\\/span><span>, Kratena, K.<\\\/span><span>, &amp; Meyer, I.<\\\/span> (2006). <span><em>Teilstudie 21: Umweltpolitik als Teil einer Wachstumsstrategie<\\\/em><\\\/span>. WIFO. <a onclick=\\\"window.open(this.href, '_blank','noopener,noreferrer'); return false;\\\" href=\\\"https:\\\/\\\/www.wifo.ac.at\\\/wwa\\\/pubid\\\/27460\\\" class=\\\"link\\\"><span>https:\\\/\\\/www.wifo.ac.at\\\/wwa\\\/pubid\\\/27460<\\\/span><\\\/a><\\\/div>\",\"vancouver\":\"<div class=\\\"rendering rendering_researchoutput  rendering_researchoutput_vancouver rendering_bookanthology rendering_vancouver rendering_bookanthology_vancouver\\\"><span>K\u00f6ppl A<\\\/span><span>, Kletzan D<\\\/span><span>, Kratena K<\\\/span><span>, Meyer I<\\\/span>. <span class=\\\"title\\\"><span>Teilstudie 21: Umweltpolitik als Teil einer Wachstumsstrategie<\\\/span><\\\/span>. WIFO; 2006.<\\\/div>\",\"bibtex\":\"<div class=\\\"rendering rendering_researchoutput  rendering_researchoutput_bibtex rendering_bookanthology rendering_bibtex rendering_bookanthology_bibtex\\\"><div>@book{5761d8de3d574822b7410d926b78b0b1,<\\\/div><div>  title    = \\\"Teilstudie 21: Umweltpolitik als Teil einer Wachstumsstrategie\\\",<\\\/div><div>  abstract = \\\"Umweltpolitik als Teil einer Wachstumsstrategie konzentriert sich auf jene Fragestellungen, die Strukturver{\\\\\\\"a}nderungen in Richtung einer umweltgerechten Entwicklung unterst{\\\\\\\"u}tzen. Die Analyse identifiziert Ansatzpunkte f{\\\\\\\"u}r eine Integration von Umweltpolitik in andere Politikbereiche, etwa in die Technologie- und Forschungspolitik, die Energie- sowie die Verkehrspolitik. Umweltpolitik erscheint damit zunehmend als ein zentraler Ansatzpunkt einer Wachstums- und Besch{\\\\\\\"a}ftigungsstrategie. Die positiven Effekte umweltpolitischer Strategien ergeben sich einerseits indirekt aus dem Vermeiden negativer externer Effekte (Verminderung von {\\\\\\\"o}kologischen Reparaturkosten und anderen volkswirtschaftlichen Kosten wie etwa Gesundheitskosten) und andererseits durch direkte positive Wachstums- und Besch{\\\\\\\"a}ftigungseffekte im Bereich der Umwelttechnologiebranche. Eine wesentliche Rolle kommt dabei energiebezogenen Strategien zu (vor allem Energieeffizienz, erneuerbare Energie), die einerseits zur Verringerung negativer {\\\\\\\"o}kologischer Auswirkungen beitragen (anthropogener Klimawandel, Emissionen anderer Luftschadstoffe) und andererseits {\\\\\\\"u}ber die St{\\\\\\\"a}rkung der Versorgungssicherheit und die Reduzierung der Abh{\\\\\\\"a}ngigkeit von importierten fossilen Energietr{\\\\\\\"a}gern einen Beitrag zur Verbesserung der Wettbewerbsf{\\\\\\\"a}higkeit der Wirtschaft leisten.\\\",<\\\/div><div>  keywords = \\\"Teilstudie 21: Umweltpolitik als Teil einer Wachstumsstrategie Wei{\\\\ss}buch: Mehr Besch{\\\\\\\"a}ftigung durch Wachstum auf Basis von Innovation und Qualifikation\\\",<\\\/div><div>  author   = \\\"Angela K{\\\\\\\"o}ppl and Daniela Kletzan and Kurt Kratena and Ina Meyer\\\",<\\\/div><div>  note     = \\\"Wei{\\\\ss}buch, Teilstudie 21\\\",<\\\/div><div>  year     = \\\"2006\\\",<\\\/div><div>  month    = nov,<\\\/div><div>  language = \\\"Deutsch\\\",<\\\/div><p>}<\\\/p><\\\/div>\",\"ris\":\"<div class=\\\"rendering rendering_researchoutput  rendering_researchoutput_ris rendering_bookanthology rendering_ris rendering_bookanthology_ris\\\"><p>TY  - BOOK<\\\/p><p>T1  - Teilstudie 21: Umweltpolitik als Teil einer Wachstumsstrategie<\\\/p><p>AU  - K\u00f6ppl, Angela<\\\/p><p>AU  - Kletzan, Daniela<\\\/p><p>AU  - Kratena, Kurt<\\\/p><p>AU  - Meyer, Ina<\\\/p><p>N1  - Wei\u00dfbuch, Teilstudie 21<\\\/p><p>PY  - 2006\\\/11<\\\/p><p>Y1  - 2006\\\/11<\\\/p><p>N2  - Umweltpolitik als Teil einer Wachstumsstrategie konzentriert sich auf jene Fragestellungen, die Strukturver\u00e4nderungen in Richtung einer umweltgerechten Entwicklung unterst\u00fctzen. Die Analyse identifiziert Ansatzpunkte f\u00fcr eine Integration von Umweltpolitik in andere Politikbereiche, etwa in die Technologie- und Forschungspolitik, die Energie- sowie die Verkehrspolitik. Umweltpolitik erscheint damit zunehmend als ein zentraler Ansatzpunkt einer Wachstums- und Besch\u00e4ftigungsstrategie. Die positiven Effekte umweltpolitischer Strategien ergeben sich einerseits indirekt aus dem Vermeiden negativer externer Effekte (Verminderung von \u00f6kologischen Reparaturkosten und anderen volkswirtschaftlichen Kosten wie etwa Gesundheitskosten) und andererseits durch direkte positive Wachstums- und Besch\u00e4ftigungseffekte im Bereich der Umwelttechnologiebranche. Eine wesentliche Rolle kommt dabei energiebezogenen Strategien zu (vor allem Energieeffizienz, erneuerbare Energie), die einerseits zur Verringerung negativer \u00f6kologischer Auswirkungen beitragen (anthropogener Klimawandel, Emissionen anderer Luftschadstoffe) und andererseits \u00fcber die St\u00e4rkung der Versorgungssicherheit und die Reduzierung der Abh\u00e4ngigkeit von importierten fossilen Energietr\u00e4gern einen Beitrag zur Verbesserung der Wettbewerbsf\u00e4higkeit der Wirtschaft leisten.<\\\/p><p>AB  - Umweltpolitik als Teil einer Wachstumsstrategie konzentriert sich auf jene Fragestellungen, die Strukturver\u00e4nderungen in Richtung einer umweltgerechten Entwicklung unterst\u00fctzen. Die Analyse identifiziert Ansatzpunkte f\u00fcr eine Integration von Umweltpolitik in andere Politikbereiche, etwa in die Technologie- und Forschungspolitik, die Energie- sowie die Verkehrspolitik. Umweltpolitik erscheint damit zunehmend als ein zentraler Ansatzpunkt einer Wachstums- und Besch\u00e4ftigungsstrategie. Die positiven Effekte umweltpolitischer Strategien ergeben sich einerseits indirekt aus dem Vermeiden negativer externer Effekte (Verminderung von \u00f6kologischen Reparaturkosten und anderen volkswirtschaftlichen Kosten wie etwa Gesundheitskosten) und andererseits durch direkte positive Wachstums- und Besch\u00e4ftigungseffekte im Bereich der Umwelttechnologiebranche. Eine wesentliche Rolle kommt dabei energiebezogenen Strategien zu (vor allem Energieeffizienz, erneuerbare Energie), die einerseits zur Verringerung negativer \u00f6kologischer Auswirkungen beitragen (anthropogener Klimawandel, Emissionen anderer Luftschadstoffe) und andererseits \u00fcber die St\u00e4rkung der Versorgungssicherheit und die Reduzierung der Abh\u00e4ngigkeit von importierten fossilen Energietr\u00e4gern einen Beitrag zur Verbesserung der Wettbewerbsf\u00e4higkeit der Wirtschaft leisten.<\\\/p><p>KW  - Teilstudie 21: Umweltpolitik als Teil einer Wachstumsstrategie Wei\u00dfbuch: Mehr Besch\u00e4ftigung durch Wachstum auf Basis von Innovation und Qualifikation<\\\/p><p>M3  - Studie<\\\/p><p>BT  - Teilstudie 21: Umweltpolitik als Teil einer Wachstumsstrategie<\\\/p><p>ER  - <\\\/p><\\\/div>\"}","scientific_assistance":"[]","scientific_review":"[]","version":"","release_date":null,"expiration_date":null,"surveyor":"","research_assistance":"","edv":"","additional_info_de":"","additional_info_en":""},"yoast_head":"<!-- This site is optimized with the Yoast SEO Premium plugin v28.3 (Yoast SEO v28.3) - https:\/\/yoast.com\/product\/yoast-seo-premium-wordpress\/ -->\n<title>Substudy 21: Environmental Policy as Part of a Growth Strategy - WIFO<\/title>\n<meta name=\"robots\" content=\"index, follow, max-snippet:-1, max-image-preview:large, max-video-preview:-1\" \/>\n<link rel=\"canonical\" href=\"https:\/\/www.wifo.ac.at\/en\/publication\/153999\/\" \/>\n<meta property=\"og:locale\" content=\"en_US\" \/>\n<meta property=\"og:type\" content=\"article\" \/>\n<meta property=\"og:title\" content=\"Substudy 21: Environmental Policy as Part of a Growth Strategy\" \/>\n<meta property=\"og:url\" content=\"https:\/\/www.wifo.ac.at\/en\/publication\/153999\/\" \/>\n<meta property=\"og:site_name\" content=\"WIFO\" \/>\n<meta property=\"article:publisher\" content=\"https:\/\/www.facebook.com\/WIFOat\/\" \/>\n<meta property=\"article:modified_time\" content=\"2025-07-08T15:36:01+00:00\" \/>\n<meta property=\"og:image\" content=\"https:\/\/www.wifo.ac.at\/wp-content\/uploads\/2024\/05\/WIFO-Gebaeude-FotoAlexanderMueller-www.alexandermueller.at-IMG_6326-Bearbeitet-1.jpg\" \/>\n\t<meta property=\"og:image:width\" content=\"1920\" \/>\n\t<meta property=\"og:image:height\" content=\"1280\" \/>\n\t<meta property=\"og:image:type\" content=\"image\/jpeg\" \/>\n<meta name=\"twitter:card\" content=\"summary_large_image\" \/>\n<meta name=\"twitter:site\" content=\"@WIFOat\" \/>\n<script type=\"application\/ld+json\" class=\"yoast-schema-graph\">{\"@context\":\"https:\\\/\\\/schema.org\",\"@graph\":[{\"@type\":\"WebPage\",\"@id\":\"https:\\\/\\\/www.wifo.ac.at\\\/en\\\/publication\\\/153999\\\/\",\"url\":\"https:\\\/\\\/www.wifo.ac.at\\\/en\\\/publication\\\/153999\\\/\",\"name\":\"Substudy 21: Environmental Policy as Part of a Growth Strategy - WIFO\",\"isPartOf\":{\"@id\":\"https:\\\/\\\/www.wifo.ac.at\\\/en\\\/#website\"},\"datePublished\":\"2024-03-21T06:39:16+00:00\",\"dateModified\":\"2025-07-08T15:36:01+00:00\",\"breadcrumb\":{\"@id\":\"https:\\\/\\\/www.wifo.ac.at\\\/en\\\/publication\\\/153999\\\/#breadcrumb\"},\"inLanguage\":\"en-US\",\"potentialAction\":[{\"@type\":\"ReadAction\",\"target\":[\"https:\\\/\\\/www.wifo.ac.at\\\/en\\\/publication\\\/153999\\\/\"]}]},{\"@type\":\"BreadcrumbList\",\"@id\":\"https:\\\/\\\/www.wifo.ac.at\\\/en\\\/publication\\\/153999\\\/#breadcrumb\",\"itemListElement\":[{\"@type\":\"ListItem\",\"position\":1,\"name\":\"Startseite\",\"item\":\"https:\\\/\\\/www.wifo.ac.at\\\/en\\\/\"},{\"@type\":\"ListItem\",\"position\":2,\"name\":\"Substudy 21: Environmental Policy as Part of a Growth Strategy\"}]},{\"@type\":\"WebSite\",\"@id\":\"https:\\\/\\\/www.wifo.ac.at\\\/en\\\/#website\",\"url\":\"https:\\\/\\\/www.wifo.ac.at\\\/en\\\/\",\"name\":\"\u00d6sterreichisches Institut f\u00fcr Wirtschaftsforschung\",\"description\":\"\",\"publisher\":{\"@id\":\"https:\\\/\\\/www.wifo.ac.at\\\/en\\\/#organization\"},\"alternateName\":\"WIFO\",\"potentialAction\":[{\"@type\":\"SearchAction\",\"target\":{\"@type\":\"EntryPoint\",\"urlTemplate\":\"https:\\\/\\\/www.wifo.ac.at\\\/en\\\/?s={search_term_string}\"},\"query-input\":{\"@type\":\"PropertyValueSpecification\",\"valueRequired\":true,\"valueName\":\"search_term_string\"}}],\"inLanguage\":\"en-US\"},{\"@type\":\"Organization\",\"@id\":\"https:\\\/\\\/www.wifo.ac.at\\\/en\\\/#organization\",\"name\":\"\u00d6sterreichisches Institut f\u00fcr Wirtschaftsforschung\",\"alternateName\":\"WIFO\",\"url\":\"https:\\\/\\\/www.wifo.ac.at\\\/en\\\/\",\"logo\":{\"@type\":\"ImageObject\",\"inLanguage\":\"en-US\",\"@id\":\"https:\\\/\\\/www.wifo.ac.at\\\/en\\\/#\\\/schema\\\/logo\\\/image\\\/\",\"url\":\"https:\\\/\\\/www.wifo.ac.at\\\/wp-content\\\/uploads\\\/2024\\\/05\\\/WIFO_kurz_rechts-2-1920x412.jpg\",\"contentUrl\":\"https:\\\/\\\/www.wifo.ac.at\\\/wp-content\\\/uploads\\\/2024\\\/05\\\/WIFO_kurz_rechts-2-1920x412.jpg\",\"width\":2000,\"height\":429,\"caption\":\"\u00d6sterreichisches Institut f\u00fcr Wirtschaftsforschung\"},\"image\":{\"@id\":\"https:\\\/\\\/www.wifo.ac.at\\\/en\\\/#\\\/schema\\\/logo\\\/image\\\/\"},\"sameAs\":[\"https:\\\/\\\/www.facebook.com\\\/WIFOat\\\/\",\"https:\\\/\\\/x.com\\\/WIFOat\",\"https:\\\/\\\/linkedin.com\\\/company\\\/wifoat\\\/\",\"https:\\\/\\\/www.youtube.com\\\/@WIFO_at\"],\"description\":\"Das WIFO, 1927 von Friedrich August von Hayek und Ludwig von Mises zur Konjunkturanalyse gegr\u00fcndet, ist heute das f\u00fchrende Institut f\u00fcr angewandte empirische Wirtschaftsforschung in \u00d6sterreich mit starkem Engagement auf europ\u00e4ischer Ebene.\",\"email\":\"office@wifo.ac.at\",\"telephone\":\"+43 1 798 26 01 \u2013 0\",\"legalName\":\"\u00d6sterreichisches Institut f\u00fcr Wirtschaftsforschung\",\"foundingDate\":\"1927-01-02\",\"numberOfEmployees\":{\"@type\":\"QuantitativeValue\",\"minValue\":\"51\",\"maxValue\":\"200\"},\"publishingPrinciples\":\"https:\\\/\\\/www.wifo.ac.at\\\/institut\\\/mission-und-strategie\\\/\",\"ownershipFundingInfo\":\"https:\\\/\\\/www.wifo.ac.at\\\/institut\\\/organisation\\\/\",\"actionableFeedbackPolicy\":\"https:\\\/\\\/www.wifo.ac.at\\\/aktuelles\\\/presse\\\/\",\"correctionsPolicy\":\"https:\\\/\\\/www.wifo.ac.at\\\/institut\\\/kontakt\\\/\",\"ethicsPolicy\":\"https:\\\/\\\/www.wifo.ac.at\\\/institut\\\/evidenzbasierung-transparenz-und-unabhaengigkeit\\\/\",\"diversityPolicy\":\"https:\\\/\\\/www.wifo.ac.at\\\/institut\\\/gleichstellung\\\/\",\"diversityStaffingReport\":\"https:\\\/\\\/www.wifo.ac.at\\\/institut\\\/gleichstellung\\\/\"}]}<\/script>\n<!-- \/ Yoast SEO Premium plugin. -->","yoast_head_json":{"title":"Substudy 21: Environmental Policy as Part of a Growth Strategy - WIFO","robots":{"index":"index","follow":"follow","max-snippet":"max-snippet:-1","max-image-preview":"max-image-preview:large","max-video-preview":"max-video-preview:-1"},"canonical":"https:\/\/www.wifo.ac.at\/en\/publication\/153999\/","og_locale":"en_US","og_type":"article","og_title":"Substudy 21: Environmental Policy as Part of a Growth Strategy","og_url":"https:\/\/www.wifo.ac.at\/en\/publication\/153999\/","og_site_name":"WIFO","article_publisher":"https:\/\/www.facebook.com\/WIFOat\/","article_modified_time":"2025-07-08T15:36:01+00:00","og_image":[{"width":1920,"height":1280,"url":"https:\/\/www.wifo.ac.at\/wp-content\/uploads\/2024\/05\/WIFO-Gebaeude-FotoAlexanderMueller-www.alexandermueller.at-IMG_6326-Bearbeitet-1.jpg","type":"image\/jpeg"}],"twitter_card":"summary_large_image","twitter_site":"@WIFOat","schema":{"@context":"https:\/\/schema.org","@graph":[{"@type":"WebPage","@id":"https:\/\/www.wifo.ac.at\/en\/publication\/153999\/","url":"https:\/\/www.wifo.ac.at\/en\/publication\/153999\/","name":"Substudy 21: Environmental Policy as Part of a Growth Strategy - WIFO","isPartOf":{"@id":"https:\/\/www.wifo.ac.at\/en\/#website"},"datePublished":"2024-03-21T06:39:16+00:00","dateModified":"2025-07-08T15:36:01+00:00","breadcrumb":{"@id":"https:\/\/www.wifo.ac.at\/en\/publication\/153999\/#breadcrumb"},"inLanguage":"en-US","potentialAction":[{"@type":"ReadAction","target":["https:\/\/www.wifo.ac.at\/en\/publication\/153999\/"]}]},{"@type":"BreadcrumbList","@id":"https:\/\/www.wifo.ac.at\/en\/publication\/153999\/#breadcrumb","itemListElement":[{"@type":"ListItem","position":1,"name":"Startseite","item":"https:\/\/www.wifo.ac.at\/en\/"},{"@type":"ListItem","position":2,"name":"Substudy 21: Environmental Policy as Part of a Growth Strategy"}]},{"@type":"WebSite","@id":"https:\/\/www.wifo.ac.at\/en\/#website","url":"https:\/\/www.wifo.ac.at\/en\/","name":"\u00d6sterreichisches Institut f\u00fcr Wirtschaftsforschung","description":"","publisher":{"@id":"https:\/\/www.wifo.ac.at\/en\/#organization"},"alternateName":"WIFO","potentialAction":[{"@type":"SearchAction","target":{"@type":"EntryPoint","urlTemplate":"https:\/\/www.wifo.ac.at\/en\/?s={search_term_string}"},"query-input":{"@type":"PropertyValueSpecification","valueRequired":true,"valueName":"search_term_string"}}],"inLanguage":"en-US"},{"@type":"Organization","@id":"https:\/\/www.wifo.ac.at\/en\/#organization","name":"\u00d6sterreichisches Institut f\u00fcr Wirtschaftsforschung","alternateName":"WIFO","url":"https:\/\/www.wifo.ac.at\/en\/","logo":{"@type":"ImageObject","inLanguage":"en-US","@id":"https:\/\/www.wifo.ac.at\/en\/#\/schema\/logo\/image\/","url":"https:\/\/www.wifo.ac.at\/wp-content\/uploads\/2024\/05\/WIFO_kurz_rechts-2-1920x412.jpg","contentUrl":"https:\/\/www.wifo.ac.at\/wp-content\/uploads\/2024\/05\/WIFO_kurz_rechts-2-1920x412.jpg","width":2000,"height":429,"caption":"\u00d6sterreichisches Institut f\u00fcr Wirtschaftsforschung"},"image":{"@id":"https:\/\/www.wifo.ac.at\/en\/#\/schema\/logo\/image\/"},"sameAs":["https:\/\/www.facebook.com\/WIFOat\/","https:\/\/x.com\/WIFOat","https:\/\/linkedin.com\/company\/wifoat\/","https:\/\/www.youtube.com\/@WIFO_at"],"description":"Das WIFO, 1927 von Friedrich August von Hayek und Ludwig von Mises zur Konjunkturanalyse gegr\u00fcndet, ist heute das f\u00fchrende Institut f\u00fcr angewandte empirische Wirtschaftsforschung in \u00d6sterreich mit starkem Engagement auf europ\u00e4ischer Ebene.","email":"office@wifo.ac.at","telephone":"+43 1 798 26 01 \u2013 0","legalName":"\u00d6sterreichisches Institut f\u00fcr Wirtschaftsforschung","foundingDate":"1927-01-02","numberOfEmployees":{"@type":"QuantitativeValue","minValue":"51","maxValue":"200"},"publishingPrinciples":"https:\/\/www.wifo.ac.at\/institut\/mission-und-strategie\/","ownershipFundingInfo":"https:\/\/www.wifo.ac.at\/institut\/organisation\/","actionableFeedbackPolicy":"https:\/\/www.wifo.ac.at\/aktuelles\/presse\/","correctionsPolicy":"https:\/\/www.wifo.ac.at\/institut\/kontakt\/","ethicsPolicy":"https:\/\/www.wifo.ac.at\/institut\/evidenzbasierung-transparenz-und-unabhaengigkeit\/","diversityPolicy":"https:\/\/www.wifo.ac.at\/institut\/gleichstellung\/","diversityStaffingReport":"https:\/\/www.wifo.ac.at\/institut\/gleichstellung\/"}]}},"_links":{"self":[{"href":"https:\/\/www.wifo.ac.at\/en\/wp-json\/wp\/v2\/publication\/153999","targetHints":{"allow":["GET"]}}],"collection":[{"href":"https:\/\/www.wifo.ac.at\/en\/wp-json\/wp\/v2\/publication"}],"about":[{"href":"https:\/\/www.wifo.ac.at\/en\/wp-json\/wp\/v2\/types\/publication"}],"version-history":[{"count":2,"href":"https:\/\/www.wifo.ac.at\/en\/wp-json\/wp\/v2\/publication\/153999\/revisions"}],"predecessor-version":[{"id":325592,"href":"https:\/\/www.wifo.ac.at\/en\/wp-json\/wp\/v2\/publication\/153999\/revisions\/325592"}],"acf:post":[{"embeddable":true,"href":"https:\/\/www.wifo.ac.at\/en\/wp-json\/wp\/v2\/client\/10826"},{"embeddable":true,"href":"https:\/\/www.wifo.ac.at\/en\/wp-json\/wp\/v2\/client\/63717"},{"embeddable":true,"href":"https:\/\/www.wifo.ac.at\/en\/wp-json\/wp\/v2\/client\/63716"},{"embeddable":true,"href":"https:\/\/www.wifo.ac.at\/en\/wp-json\/wp\/v2\/client\/63715"},{"embeddable":true,"href":"https:\/\/www.wifo.ac.at\/en\/wp-json\/wp\/v2\/client\/28448"},{"embeddable":true,"href":"https:\/\/www.wifo.ac.at\/en\/wp-json\/wp\/v2\/client\/10738"},{"embeddable":true,"href":"https:\/\/www.wifo.ac.at\/en\/wp-json\/wp\/v2\/client\/63714"},{"embeddable":true,"href":"https:\/\/www.wifo.ac.at\/en\/wp-json\/wp\/v2\/client\/63713"},{"embeddable":true,"href":"https:\/\/www.wifo.ac.at\/en\/wp-json\/wp\/v2\/client\/63712"},{"embeddable":true,"href":"https:\/\/www.wifo.ac.at\/en\/wp-json\/wp\/v2\/client\/10652"},{"embeddable":true,"href":"https:\/\/www.wifo.ac.at\/en\/wp-json\/wp\/v2\/client\/63711"},{"embeddable":true,"href":"https:\/\/www.wifo.ac.at\/en\/wp-json\/wp\/v2\/person\/3711"},{"embeddable":true,"href":"https:\/\/www.wifo.ac.at\/en\/wp-json\/wp\/v2\/person\/3675"},{"embeddable":true,"href":"https:\/\/www.wifo.ac.at\/en\/wp-json\/wp\/v2\/person\/3659"},{"embeddable":true,"href":"https:\/\/www.wifo.ac.at\/en\/wp-json\/wp\/v2\/person\/3671"},{"embeddable":true,"href":"https:\/\/www.wifo.ac.at\/en\/wp-json\/wp\/v2\/research_group\/3655"},{"embeddable":true,"href":"https:\/\/www.wifo.ac.at\/en\/wp-json\/wp\/v2\/publication_type\/81966"}],"wp:attachment":[{"href":"https:\/\/www.wifo.ac.at\/en\/wp-json\/wp\/v2\/media?parent=153999"}],"curies":[{"name":"wp","href":"https:\/\/api.w.org\/{rel}","templated":true}]}}