{"id":153815,"date":"2024-03-21T07:37:17","date_gmt":"2024-03-21T06:37:17","guid":{"rendered":"https:\/\/www.wifo.ac.at\/publication\/153815\/"},"modified":"2024-11-07T03:44:57","modified_gmt":"2024-11-07T02:44:57","slug":"exports-and-investment-adding-momentum-to-cyclical-activity-economic-outlook-for-2006-and-2007-2","status":"publish","type":"publication","link":"https:\/\/www.wifo.ac.at\/en\/publication\/153815\/","title":{"rendered":"Exports and Investment Adding Momentum to Cyclical Activity. Economic Outlook for 2006 and 2007"},"content":{"rendered":"","protected":false},"featured_media":0,"template":"","class_list":["post-153815","publication","type-publication","status-publish","hentry"],"acf":{"subtitle":"","text":"Driven by exports and investment, demand and output in Austria are growing by 2.6 percent in volume in 2006, the highest rate since 2000. By contrast, the momentum of private consumption remains subdued, despite the boost to net incomes from the tax reform. The jump in oil prices is hardly giving rise to second-round effects via wage increases, thereby holding back inflation, but also real income gains. In 2007, the one-off effects from Germany will turn negative, slowing GDP growth in Austria to 2.1 percent.","onlinedate":"2006-07-17 02:00:00","lang":"German","publication_series":"","publication_date":"20060701","publication_date_year":"","publication_date_full":false,"publication_num_pages":"","keywords":"[]","jelcodes":"[]","related_publications":"[]","pdf":325014,"zip":null,"link":"","monthly_report":true,"monthly_report_main":false,"monthly_report_volume":"79","monthly_report_pages":"491-502","monthly_report_pages_sort":"491","issue":"7","journal":"WIFO-Monatsberichte","publisher":"","invisible":false,"external":false,"embargo_date":null,"types":[44312],"research_groups":[3500],"collaboration":"","persons":[3837,3893],"persons_data":"[{\"personId\":3837,\"personName\":\"Marcus Scheiblecker\",\"organisationNames\":[]},{\"personId\":3893,\"personName\":\"Ewald Walterskirchen\",\"organisationNames\":[]}]","clients":[],"subclients":[],"partners":[],"topics":[],"host_publication_title":"","host_publication_subtitle":"","place_of_publication":"","host_publication_editors":"[]","type_description":"","output_media":"","chapter":"","article_number":"","citations":"{\"apa\":\"<div class=\\\"rendering rendering_researchoutput  rendering_researchoutput_apa rendering_contributiontoperiodical rendering_apa rendering_contributiontoperiodical_apa\\\"><span>Scheiblecker, M.<\\\/span><span>, &amp; Walterskirchen, E.<\\\/span> (2006). <span>Exporte und Investitionen beleben die Konjunktur. Prognose f\u00fcr 2006 und 2007<\\\/span>. <span><em>WIFO-Monatsberichte<\\\/em><\\\/span>, <em>79<\\\/em>(7), 491-502. <a onclick=\\\"window.open(this.href, '_blank','noopener,noreferrer'); return false;\\\" href=\\\"https:\\\/\\\/www.wifo.ac.at\\\/wwa\\\/pubid\\\/26775\\\" class=\\\"link\\\"><span>https:\\\/\\\/www.wifo.ac.at\\\/wwa\\\/pubid\\\/26775<\\\/span><\\\/a><\\\/div>\",\"vancouver\":\"<div class=\\\"rendering rendering_researchoutput  rendering_researchoutput_vancouver rendering_contributiontoperiodical rendering_vancouver rendering_contributiontoperiodical_vancouver\\\"><span>Scheiblecker M<\\\/span><span>, Walterskirchen E<\\\/span>. <span class=\\\"title\\\"><span>Exporte und Investitionen beleben die Konjunktur. Prognose f\u00fcr 2006 und 2007<\\\/span><\\\/span>. <span>WIFO-Monatsberichte<\\\/span>. 2006 Jul;79(7):491-502.<\\\/div>\",\"bibtex\":\"<div class=\\\"rendering rendering_researchoutput  rendering_researchoutput_bibtex rendering_contributiontoperiodical rendering_bibtex rendering_contributiontoperiodical_bibtex\\\"><div>@misc{ac52327bbfa64cb5b1c8dec8ca4fb7f9,<\\\/div><div>  title    = \\\"Exporte und Investitionen beleben die Konjunktur. Prognose f{\\\\\\\"u}r 2006 und 2007\\\",<\\\/div><div>  abstract = \\\"{\\\\\\\"O}sterreichs Wirtschaft w{\\\\\\\"a}chst 2006 um 2,6\\\\% und 2007 um 2,1\\\\%. Nicht nur die Exporte, sondern auch die Ausr{\\\\\\\"u}stungsinvestitionen beleben heuer die Konjunktur. Vorziehk{\\\\\\\"a}ufe in Deutschland wirken sich 2006 auch auf die {\\\\\\\"o}sterreichische Wirtschaft positiv aus. Im Jahr 2007 wird jedoch die Mehrwertsteuererh{\\\\\\\"o}hung in Deutschland d{\\\\\\\"a}mpfend wirken. Die Inflationsrate bleibt 2006 und 2007 trotz der Erd{\\\\\\\"o}lverteuerung relativ niedrig. Die Besch{\\\\\\\"a}ftigung nimmt deutlich zu, auch die Zahl der Vollzeit-Arbeitspl{\\\\\\\"a}tze. Die Arbeitslosigkeit sinkt 2006 dank zus{\\\\\\\"a}tzlicher arbeitsmarktpolitischer Ma{\\\\ss}nahmen, 2007 steigt sie wegen der zu erwartenden Verringerung der Schulungen.\\\",<\\\/div><div>  keywords = \\\"Konjunkturprognose {\\\\\\\"O}sterreich\\\",<\\\/div><div>  author   = \\\"Marcus Scheiblecker and Ewald Walterskirchen\\\",<\\\/div><div>  note     = \\\"Konjunkturprognose\\\",<\\\/div><div>  year     = \\\"2006\\\",<\\\/div><div>  month    = jul,<\\\/div><div>  language = \\\"Deutsch\\\",<\\\/div><div>  volume   = \\\"79\\\",<\\\/div><div>  pages    = \\\"491--502\\\",<\\\/div><div>  journal  = \\\"WIFO-Monatsberichte\\\",<\\\/div><p>}<\\\/p><\\\/div>\",\"ris\":\"<div class=\\\"rendering rendering_researchoutput  rendering_researchoutput_ris rendering_contributiontoperiodical rendering_ris rendering_contributiontoperiodical_ris\\\"><p>TY  - GEN<\\\/p><p>T1  - Exporte und Investitionen beleben die Konjunktur. Prognose f\u00fcr 2006 und 2007<\\\/p><p>AU  - Scheiblecker, Marcus<\\\/p><p>AU  - Walterskirchen, Ewald<\\\/p><p>N1  - Konjunkturprognose<\\\/p><p>PY  - 2006\\\/7<\\\/p><p>Y1  - 2006\\\/7<\\\/p><p>N2  - \u00d6sterreichs Wirtschaft w\u00e4chst 2006 um 2,6% und 2007 um 2,1%. Nicht nur die Exporte, sondern auch die Ausr\u00fcstungsinvestitionen beleben heuer die Konjunktur. Vorziehk\u00e4ufe in Deutschland wirken sich 2006 auch auf die \u00f6sterreichische Wirtschaft positiv aus. Im Jahr 2007 wird jedoch die Mehrwertsteuererh\u00f6hung in Deutschland d\u00e4mpfend wirken. Die Inflationsrate bleibt 2006 und 2007 trotz der Erd\u00f6lverteuerung relativ niedrig. Die Besch\u00e4ftigung nimmt deutlich zu, auch die Zahl der Vollzeit-Arbeitspl\u00e4tze. Die Arbeitslosigkeit sinkt 2006 dank zus\u00e4tzlicher arbeitsmarktpolitischer Ma\u00dfnahmen, 2007 steigt sie wegen der zu erwartenden Verringerung der Schulungen.<\\\/p><p>AB  - \u00d6sterreichs Wirtschaft w\u00e4chst 2006 um 2,6% und 2007 um 2,1%. Nicht nur die Exporte, sondern auch die Ausr\u00fcstungsinvestitionen beleben heuer die Konjunktur. Vorziehk\u00e4ufe in Deutschland wirken sich 2006 auch auf die \u00f6sterreichische Wirtschaft positiv aus. Im Jahr 2007 wird jedoch die Mehrwertsteuererh\u00f6hung in Deutschland d\u00e4mpfend wirken. Die Inflationsrate bleibt 2006 und 2007 trotz der Erd\u00f6lverteuerung relativ niedrig. Die Besch\u00e4ftigung nimmt deutlich zu, auch die Zahl der Vollzeit-Arbeitspl\u00e4tze. Die Arbeitslosigkeit sinkt 2006 dank zus\u00e4tzlicher arbeitsmarktpolitischer Ma\u00dfnahmen, 2007 steigt sie wegen der zu erwartenden Verringerung der Schulungen.<\\\/p><p>KW  - Konjunkturprognose \u00d6sterreich<\\\/p><p>M3  - WIFO-Schriftenreihen<\\\/p><p>VL  - 79<\\\/p><p>SP  - 491<\\\/p><p>EP  - 502<\\\/p><p>JO  - WIFO-Monatsberichte<\\\/p><p>JF  - WIFO-Monatsberichte<\\\/p><p>ER  - <\\\/p><\\\/div>\"}","scientific_assistance":"[]","scientific_review":"[]","version":"","release_date":null,"expiration_date":null,"surveyor":"","research_assistance":"","edv":"","additional_info_de":"","additional_info_en":""},"yoast_head":"<!-- This site is optimized with the Yoast SEO Premium plugin v28.3 (Yoast SEO v28.3) - https:\/\/yoast.com\/product\/yoast-seo-premium-wordpress\/ -->\n<title>Exports and Investment Adding Momentum to Cyclical Activity. Economic Outlook for 2006 and 2007 - WIFO<\/title>\n<meta name=\"robots\" content=\"index, follow, max-snippet:-1, max-image-preview:large, max-video-preview:-1\" \/>\n<link rel=\"canonical\" href=\"https:\/\/www.wifo.ac.at\/en\/publication\/153815\/\" \/>\n<meta property=\"og:locale\" content=\"en_US\" \/>\n<meta property=\"og:type\" content=\"article\" \/>\n<meta property=\"og:title\" content=\"Exports and Investment Adding Momentum to Cyclical Activity. Economic Outlook for 2006 and 2007\" \/>\n<meta property=\"og:url\" content=\"https:\/\/www.wifo.ac.at\/en\/publication\/153815\/\" \/>\n<meta property=\"og:site_name\" content=\"WIFO\" \/>\n<meta property=\"article:publisher\" content=\"https:\/\/www.facebook.com\/WIFOat\/\" \/>\n<meta property=\"article:modified_time\" content=\"2024-11-07T02:44:57+00:00\" \/>\n<meta property=\"og:image\" content=\"https:\/\/www.wifo.ac.at\/wp-content\/uploads\/2024\/05\/WIFO-Gebaeude-FotoAlexanderMueller-www.alexandermueller.at-IMG_6326-Bearbeitet-1.jpg\" \/>\n\t<meta property=\"og:image:width\" content=\"1920\" \/>\n\t<meta property=\"og:image:height\" content=\"1280\" \/>\n\t<meta property=\"og:image:type\" content=\"image\/jpeg\" \/>\n<meta name=\"twitter:card\" content=\"summary_large_image\" \/>\n<meta name=\"twitter:site\" content=\"@WIFOat\" \/>\n<script type=\"application\/ld+json\" class=\"yoast-schema-graph\">{\"@context\":\"https:\\\/\\\/schema.org\",\"@graph\":[{\"@type\":\"WebPage\",\"@id\":\"https:\\\/\\\/www.wifo.ac.at\\\/en\\\/publication\\\/153815\\\/\",\"url\":\"https:\\\/\\\/www.wifo.ac.at\\\/en\\\/publication\\\/153815\\\/\",\"name\":\"Exports and Investment Adding Momentum to Cyclical Activity. Economic Outlook for 2006 and 2007 - WIFO\",\"isPartOf\":{\"@id\":\"https:\\\/\\\/www.wifo.ac.at\\\/en\\\/#website\"},\"datePublished\":\"2024-03-21T06:37:17+00:00\",\"dateModified\":\"2024-11-07T02:44:57+00:00\",\"breadcrumb\":{\"@id\":\"https:\\\/\\\/www.wifo.ac.at\\\/en\\\/publication\\\/153815\\\/#breadcrumb\"},\"inLanguage\":\"en-US\",\"potentialAction\":[{\"@type\":\"ReadAction\",\"target\":[\"https:\\\/\\\/www.wifo.ac.at\\\/en\\\/publication\\\/153815\\\/\"]}]},{\"@type\":\"BreadcrumbList\",\"@id\":\"https:\\\/\\\/www.wifo.ac.at\\\/en\\\/publication\\\/153815\\\/#breadcrumb\",\"itemListElement\":[{\"@type\":\"ListItem\",\"position\":1,\"name\":\"Startseite\",\"item\":\"https:\\\/\\\/www.wifo.ac.at\\\/en\\\/\"},{\"@type\":\"ListItem\",\"position\":2,\"name\":\"Exports and Investment Adding Momentum to Cyclical Activity. Economic Outlook for 2006 and 2007\"}]},{\"@type\":\"WebSite\",\"@id\":\"https:\\\/\\\/www.wifo.ac.at\\\/en\\\/#website\",\"url\":\"https:\\\/\\\/www.wifo.ac.at\\\/en\\\/\",\"name\":\"\u00d6sterreichisches Institut f\u00fcr Wirtschaftsforschung\",\"description\":\"\",\"publisher\":{\"@id\":\"https:\\\/\\\/www.wifo.ac.at\\\/en\\\/#organization\"},\"alternateName\":\"WIFO\",\"potentialAction\":[{\"@type\":\"SearchAction\",\"target\":{\"@type\":\"EntryPoint\",\"urlTemplate\":\"https:\\\/\\\/www.wifo.ac.at\\\/en\\\/?s={search_term_string}\"},\"query-input\":{\"@type\":\"PropertyValueSpecification\",\"valueRequired\":true,\"valueName\":\"search_term_string\"}}],\"inLanguage\":\"en-US\"},{\"@type\":\"Organization\",\"@id\":\"https:\\\/\\\/www.wifo.ac.at\\\/en\\\/#organization\",\"name\":\"\u00d6sterreichisches Institut f\u00fcr Wirtschaftsforschung\",\"alternateName\":\"WIFO\",\"url\":\"https:\\\/\\\/www.wifo.ac.at\\\/en\\\/\",\"logo\":{\"@type\":\"ImageObject\",\"inLanguage\":\"en-US\",\"@id\":\"https:\\\/\\\/www.wifo.ac.at\\\/en\\\/#\\\/schema\\\/logo\\\/image\\\/\",\"url\":\"https:\\\/\\\/www.wifo.ac.at\\\/wp-content\\\/uploads\\\/2024\\\/05\\\/WIFO_kurz_rechts-2-1920x412.jpg\",\"contentUrl\":\"https:\\\/\\\/www.wifo.ac.at\\\/wp-content\\\/uploads\\\/2024\\\/05\\\/WIFO_kurz_rechts-2-1920x412.jpg\",\"width\":2000,\"height\":429,\"caption\":\"\u00d6sterreichisches Institut f\u00fcr Wirtschaftsforschung\"},\"image\":{\"@id\":\"https:\\\/\\\/www.wifo.ac.at\\\/en\\\/#\\\/schema\\\/logo\\\/image\\\/\"},\"sameAs\":[\"https:\\\/\\\/www.facebook.com\\\/WIFOat\\\/\",\"https:\\\/\\\/x.com\\\/WIFOat\",\"https:\\\/\\\/linkedin.com\\\/company\\\/wifoat\\\/\",\"https:\\\/\\\/www.youtube.com\\\/@WIFO_at\"],\"description\":\"Das WIFO, 1927 von Friedrich August von Hayek und Ludwig von Mises zur Konjunkturanalyse gegr\u00fcndet, ist heute das f\u00fchrende Institut f\u00fcr angewandte empirische Wirtschaftsforschung in \u00d6sterreich mit starkem Engagement auf europ\u00e4ischer Ebene.\",\"email\":\"office@wifo.ac.at\",\"telephone\":\"+43 1 798 26 01 \u2013 0\",\"legalName\":\"\u00d6sterreichisches Institut f\u00fcr Wirtschaftsforschung\",\"foundingDate\":\"1927-01-02\",\"numberOfEmployees\":{\"@type\":\"QuantitativeValue\",\"minValue\":\"51\",\"maxValue\":\"200\"},\"publishingPrinciples\":\"https:\\\/\\\/www.wifo.ac.at\\\/institut\\\/mission-und-strategie\\\/\",\"ownershipFundingInfo\":\"https:\\\/\\\/www.wifo.ac.at\\\/institut\\\/organisation\\\/\",\"actionableFeedbackPolicy\":\"https:\\\/\\\/www.wifo.ac.at\\\/aktuelles\\\/presse\\\/\",\"correctionsPolicy\":\"https:\\\/\\\/www.wifo.ac.at\\\/institut\\\/kontakt\\\/\",\"ethicsPolicy\":\"https:\\\/\\\/www.wifo.ac.at\\\/institut\\\/evidenzbasierung-transparenz-und-unabhaengigkeit\\\/\",\"diversityPolicy\":\"https:\\\/\\\/www.wifo.ac.at\\\/institut\\\/gleichstellung\\\/\",\"diversityStaffingReport\":\"https:\\\/\\\/www.wifo.ac.at\\\/institut\\\/gleichstellung\\\/\"}]}<\/script>\n<!-- \/ Yoast SEO Premium plugin. -->","yoast_head_json":{"title":"Exports and Investment Adding Momentum to Cyclical Activity. Economic Outlook for 2006 and 2007 - WIFO","robots":{"index":"index","follow":"follow","max-snippet":"max-snippet:-1","max-image-preview":"max-image-preview:large","max-video-preview":"max-video-preview:-1"},"canonical":"https:\/\/www.wifo.ac.at\/en\/publication\/153815\/","og_locale":"en_US","og_type":"article","og_title":"Exports and Investment Adding Momentum to Cyclical Activity. Economic Outlook for 2006 and 2007","og_url":"https:\/\/www.wifo.ac.at\/en\/publication\/153815\/","og_site_name":"WIFO","article_publisher":"https:\/\/www.facebook.com\/WIFOat\/","article_modified_time":"2024-11-07T02:44:57+00:00","og_image":[{"width":1920,"height":1280,"url":"https:\/\/www.wifo.ac.at\/wp-content\/uploads\/2024\/05\/WIFO-Gebaeude-FotoAlexanderMueller-www.alexandermueller.at-IMG_6326-Bearbeitet-1.jpg","type":"image\/jpeg"}],"twitter_card":"summary_large_image","twitter_site":"@WIFOat","schema":{"@context":"https:\/\/schema.org","@graph":[{"@type":"WebPage","@id":"https:\/\/www.wifo.ac.at\/en\/publication\/153815\/","url":"https:\/\/www.wifo.ac.at\/en\/publication\/153815\/","name":"Exports and Investment Adding Momentum to Cyclical Activity. Economic Outlook for 2006 and 2007 - WIFO","isPartOf":{"@id":"https:\/\/www.wifo.ac.at\/en\/#website"},"datePublished":"2024-03-21T06:37:17+00:00","dateModified":"2024-11-07T02:44:57+00:00","breadcrumb":{"@id":"https:\/\/www.wifo.ac.at\/en\/publication\/153815\/#breadcrumb"},"inLanguage":"en-US","potentialAction":[{"@type":"ReadAction","target":["https:\/\/www.wifo.ac.at\/en\/publication\/153815\/"]}]},{"@type":"BreadcrumbList","@id":"https:\/\/www.wifo.ac.at\/en\/publication\/153815\/#breadcrumb","itemListElement":[{"@type":"ListItem","position":1,"name":"Startseite","item":"https:\/\/www.wifo.ac.at\/en\/"},{"@type":"ListItem","position":2,"name":"Exports and Investment Adding Momentum to Cyclical Activity. Economic Outlook for 2006 and 2007"}]},{"@type":"WebSite","@id":"https:\/\/www.wifo.ac.at\/en\/#website","url":"https:\/\/www.wifo.ac.at\/en\/","name":"\u00d6sterreichisches Institut f\u00fcr Wirtschaftsforschung","description":"","publisher":{"@id":"https:\/\/www.wifo.ac.at\/en\/#organization"},"alternateName":"WIFO","potentialAction":[{"@type":"SearchAction","target":{"@type":"EntryPoint","urlTemplate":"https:\/\/www.wifo.ac.at\/en\/?s={search_term_string}"},"query-input":{"@type":"PropertyValueSpecification","valueRequired":true,"valueName":"search_term_string"}}],"inLanguage":"en-US"},{"@type":"Organization","@id":"https:\/\/www.wifo.ac.at\/en\/#organization","name":"\u00d6sterreichisches Institut f\u00fcr Wirtschaftsforschung","alternateName":"WIFO","url":"https:\/\/www.wifo.ac.at\/en\/","logo":{"@type":"ImageObject","inLanguage":"en-US","@id":"https:\/\/www.wifo.ac.at\/en\/#\/schema\/logo\/image\/","url":"https:\/\/www.wifo.ac.at\/wp-content\/uploads\/2024\/05\/WIFO_kurz_rechts-2-1920x412.jpg","contentUrl":"https:\/\/www.wifo.ac.at\/wp-content\/uploads\/2024\/05\/WIFO_kurz_rechts-2-1920x412.jpg","width":2000,"height":429,"caption":"\u00d6sterreichisches Institut f\u00fcr Wirtschaftsforschung"},"image":{"@id":"https:\/\/www.wifo.ac.at\/en\/#\/schema\/logo\/image\/"},"sameAs":["https:\/\/www.facebook.com\/WIFOat\/","https:\/\/x.com\/WIFOat","https:\/\/linkedin.com\/company\/wifoat\/","https:\/\/www.youtube.com\/@WIFO_at"],"description":"Das WIFO, 1927 von Friedrich August von Hayek und Ludwig von Mises zur Konjunkturanalyse gegr\u00fcndet, ist heute das f\u00fchrende Institut f\u00fcr angewandte empirische Wirtschaftsforschung in \u00d6sterreich mit starkem Engagement auf europ\u00e4ischer Ebene.","email":"office@wifo.ac.at","telephone":"+43 1 798 26 01 \u2013 0","legalName":"\u00d6sterreichisches Institut f\u00fcr Wirtschaftsforschung","foundingDate":"1927-01-02","numberOfEmployees":{"@type":"QuantitativeValue","minValue":"51","maxValue":"200"},"publishingPrinciples":"https:\/\/www.wifo.ac.at\/institut\/mission-und-strategie\/","ownershipFundingInfo":"https:\/\/www.wifo.ac.at\/institut\/organisation\/","actionableFeedbackPolicy":"https:\/\/www.wifo.ac.at\/aktuelles\/presse\/","correctionsPolicy":"https:\/\/www.wifo.ac.at\/institut\/kontakt\/","ethicsPolicy":"https:\/\/www.wifo.ac.at\/institut\/evidenzbasierung-transparenz-und-unabhaengigkeit\/","diversityPolicy":"https:\/\/www.wifo.ac.at\/institut\/gleichstellung\/","diversityStaffingReport":"https:\/\/www.wifo.ac.at\/institut\/gleichstellung\/"}]}},"_links":{"self":[{"href":"https:\/\/www.wifo.ac.at\/en\/wp-json\/wp\/v2\/publication\/153815","targetHints":{"allow":["GET"]}}],"collection":[{"href":"https:\/\/www.wifo.ac.at\/en\/wp-json\/wp\/v2\/publication"}],"about":[{"href":"https:\/\/www.wifo.ac.at\/en\/wp-json\/wp\/v2\/types\/publication"}],"version-history":[{"count":1,"href":"https:\/\/www.wifo.ac.at\/en\/wp-json\/wp\/v2\/publication\/153815\/revisions"}],"predecessor-version":[{"id":324999,"href":"https:\/\/www.wifo.ac.at\/en\/wp-json\/wp\/v2\/publication\/153815\/revisions\/324999"}],"acf:post":[{"embeddable":true,"href":"https:\/\/www.wifo.ac.at\/en\/wp-json\/wp\/v2\/person\/3893"},{"embeddable":true,"href":"https:\/\/www.wifo.ac.at\/en\/wp-json\/wp\/v2\/person\/3837"},{"embeddable":true,"href":"https:\/\/www.wifo.ac.at\/en\/wp-json\/wp\/v2\/research_group\/3500"},{"embeddable":true,"href":"https:\/\/www.wifo.ac.at\/en\/wp-json\/wp\/v2\/publication_type\/44312"}],"wp:attachment":[{"href":"https:\/\/www.wifo.ac.at\/en\/wp-json\/wp\/v2\/media?parent=153815"}],"curies":[{"name":"wp","href":"https:\/\/api.w.org\/{rel}","templated":true}]}}