{"id":153625,"date":"2024-03-21T07:35:19","date_gmt":"2024-03-21T06:35:19","guid":{"rendered":"https:\/\/www.wifo.ac.at\/publication\/153625\/"},"modified":"2024-11-07T03:43:17","modified_gmt":"2024-11-07T02:43:17","slug":"capacity-utilisation-and-turnover-in-the-austrian-manufacturing-sector","status":"publish","type":"publication","link":"https:\/\/www.wifo.ac.at\/en\/publication\/153625\/","title":{"rendered":"Capacity Utilisation and Turnover in the Austrian Manufacturing Sector"},"content":{"rendered":"","protected":false},"featured_media":0,"template":"","class_list":["post-153625","publication","type-publication","status-publish","hentry"],"acf":{"subtitle":"","text":"In Austrian manufacturing, large companies can utilise their capacities better than small companies. In order to check if this conclusion from the WIFO Business Survey has its counterpart in real economic developments, we examined data from business cycle statistics and found a tendency for large companies to increase their turnover more strongly than small companies. Further analysis based on the WIFO Investment Survey revealed a weak statistical connection between the size of a company, capacity utilisation and turnover, but further important factors are at work there.","onlinedate":"2006-06-19 02:00:00","lang":"German","publication_series":"","publication_date":"20060601","publication_date_year":"","publication_date_full":false,"publication_num_pages":"","keywords":"[\"Investitionstest\",\"Kapazit\u00e4tsauslastung\",\"Konjunkturtest\",\"Unternehmensbefragung\",\"Unternehmensentwicklung\"]","jelcodes":"[]","related_publications":"[]","pdf":324378,"zip":null,"link":"","monthly_report":true,"monthly_report_main":false,"monthly_report_volume":"79","monthly_report_pages":"459-466","monthly_report_pages_sort":"459","issue":"6","journal":"WIFO-Monatsberichte","publisher":"","invisible":false,"external":false,"embargo_date":null,"types":[44312],"research_groups":[3491],"collaboration":"","persons":[13369,3843],"persons_data":"[{\"personId\":13369,\"personName\":\"Ralph Brunner\",\"organisationNames\":[]},{\"personId\":3843,\"personName\":\"Gerhard Schwarz\",\"organisationNames\":[]}]","clients":[],"subclients":[],"partners":[],"topics":[],"host_publication_title":"","host_publication_subtitle":"","place_of_publication":"","host_publication_editors":"[]","type_description":"","output_media":"","chapter":"","article_number":"","citations":"{\"apa\":\"<div class=\\\"rendering rendering_researchoutput  rendering_researchoutput_apa rendering_contributiontoperiodical rendering_apa rendering_contributiontoperiodical_apa\\\">Brunner, R.<span>, &amp; Schwarz, G.<\\\/span> (2006). <span>Kapazit\u00e4tsauslastung und Ums\u00e4tze in der \u00f6sterreichischen Sachg\u00fctererzeugung<\\\/span>. <span><em>WIFO-Monatsberichte<\\\/em><\\\/span>, <em>79<\\\/em>(6), 459-466. <a onclick=\\\"window.open(this.href, '_blank','noopener,noreferrer'); return false;\\\" href=\\\"https:\\\/\\\/www.wifo.ac.at\\\/wwa\\\/pubid\\\/26618\\\" class=\\\"link\\\"><span>https:\\\/\\\/www.wifo.ac.at\\\/wwa\\\/pubid\\\/26618<\\\/span><\\\/a><\\\/div>\",\"vancouver\":\"<div class=\\\"rendering rendering_researchoutput  rendering_researchoutput_vancouver rendering_contributiontoperiodical rendering_vancouver rendering_contributiontoperiodical_vancouver\\\">Brunner R<span>, Schwarz G<\\\/span>. <span class=\\\"title\\\"><span>Kapazit\u00e4tsauslastung und Ums\u00e4tze in der \u00f6sterreichischen Sachg\u00fctererzeugung<\\\/span><\\\/span>. <span>WIFO-Monatsberichte<\\\/span>. 2006 Jun;79(6):459-466.<\\\/div>\",\"bibtex\":\"<div class=\\\"rendering rendering_researchoutput  rendering_researchoutput_bibtex rendering_contributiontoperiodical rendering_bibtex rendering_contributiontoperiodical_bibtex\\\"><div>@misc{1b29cd4f761048e4b961e1dbc08ffd0f,<\\\/div><div>  title    = \\\"Kapazit{\\\\\\\"a}tsauslastung und Ums{\\\\\\\"a}tze in der {\\\\\\\"o}sterreichischen Sachg{\\\\\\\"u}tererzeugung\\\",<\\\/div><div>  abstract = \\\"In der {\\\\\\\"o}sterreichischen Sachg{\\\\\\\"u}tererzeugung k{\\\\\\\"o}nnen gro{\\\\ss}e Unternehmen ihre Kapazit{\\\\\\\"a}ten im Durchschnitt besser auslasten als kleine. Ob dieses Ergebnis der regelm{\\\\\\\"a}{\\\\ss}igen Befragungen im WIFO-Konjunkturtest sich in der tats{\\\\\\\"a}chlichen Entwicklung des Sektors spiegelt, wurde anhand von Daten aus der Konjunkturstatistik {\\\\\\\"u}berpr{\\\\\\\"u}ft. Demnach steigern gro{\\\\ss}e Unternehmen ihre Ums{\\\\\\\"a}tze tendenziell st{\\\\\\\"a}rker als kleine. Die weiterf{\\\\\\\"u}hrende Analyse anhand des WIFO-Investitionstests ergibt einen schwachen statistischen Zusammenhang zwischen Unternehmensgr{\\\\\\\"o}{\\\\ss}e, Kapazit{\\\\\\\"a}tsauslastung und Umsatzentwicklung. Daneben wirken aber weitere wichtige Faktoren.\\\",<\\\/div><div>  keywords = \\\"Investitionstest, Kapazit{\\\\\\\"a}tsauslastung, Konjunkturtest, Unternehmensbefragung, Unternehmensentwicklung, Investitionstest, Kapazit{\\\\\\\"a}tsauslastung, Konjunkturtest, Unternehmensbefragung, Unternehmensentwicklung\\\",<\\\/div><div>  author   = \\\"Ralph Brunner and Gerhard Schwarz\\\",<\\\/div><div>  note     = \\\"Kapazit{\\\\\\\"a}tsauslastung\\\",<\\\/div><div>  year     = \\\"2006\\\",<\\\/div><div>  month    = jun,<\\\/div><div>  language = \\\"Deutsch\\\",<\\\/div><div>  volume   = \\\"79\\\",<\\\/div><div>  pages    = \\\"459--466\\\",<\\\/div><div>  journal  = \\\"WIFO-Monatsberichte\\\",<\\\/div><p>}<\\\/p><\\\/div>\",\"ris\":\"<div class=\\\"rendering rendering_researchoutput  rendering_researchoutput_ris rendering_contributiontoperiodical rendering_ris rendering_contributiontoperiodical_ris\\\"><p>TY  - GEN<\\\/p><p>T1  - Kapazit\u00e4tsauslastung und Ums\u00e4tze in der \u00f6sterreichischen Sachg\u00fctererzeugung<\\\/p><p>AU  - Brunner, Ralph<\\\/p><p>AU  - Schwarz, Gerhard<\\\/p><p>N1  - Kapazit\u00e4tsauslastung<\\\/p><p>PY  - 2006\\\/6<\\\/p><p>Y1  - 2006\\\/6<\\\/p><p>N2  - In der \u00f6sterreichischen Sachg\u00fctererzeugung k\u00f6nnen gro\u00dfe Unternehmen ihre Kapazit\u00e4ten im Durchschnitt besser auslasten als kleine. Ob dieses Ergebnis der regelm\u00e4\u00dfigen Befragungen im WIFO-Konjunkturtest sich in der tats\u00e4chlichen Entwicklung des Sektors spiegelt, wurde anhand von Daten aus der Konjunkturstatistik \u00fcberpr\u00fcft. Demnach steigern gro\u00dfe Unternehmen ihre Ums\u00e4tze tendenziell st\u00e4rker als kleine. Die weiterf\u00fchrende Analyse anhand des WIFO-Investitionstests ergibt einen schwachen statistischen Zusammenhang zwischen Unternehmensgr\u00f6\u00dfe, Kapazit\u00e4tsauslastung und Umsatzentwicklung. Daneben wirken aber weitere wichtige Faktoren.<\\\/p><p>AB  - In der \u00f6sterreichischen Sachg\u00fctererzeugung k\u00f6nnen gro\u00dfe Unternehmen ihre Kapazit\u00e4ten im Durchschnitt besser auslasten als kleine. Ob dieses Ergebnis der regelm\u00e4\u00dfigen Befragungen im WIFO-Konjunkturtest sich in der tats\u00e4chlichen Entwicklung des Sektors spiegelt, wurde anhand von Daten aus der Konjunkturstatistik \u00fcberpr\u00fcft. Demnach steigern gro\u00dfe Unternehmen ihre Ums\u00e4tze tendenziell st\u00e4rker als kleine. Die weiterf\u00fchrende Analyse anhand des WIFO-Investitionstests ergibt einen schwachen statistischen Zusammenhang zwischen Unternehmensgr\u00f6\u00dfe, Kapazit\u00e4tsauslastung und Umsatzentwicklung. Daneben wirken aber weitere wichtige Faktoren.<\\\/p><p>KW  - Investitionstest<\\\/p><p>KW  - Kapazit\u00e4tsauslastung<\\\/p><p>KW  - Konjunkturtest<\\\/p><p>KW  - Unternehmensbefragung<\\\/p><p>KW  - Unternehmensentwicklung<\\\/p><p>KW  - Investitionstest<\\\/p><p>KW  - Kapazit\u00e4tsauslastung<\\\/p><p>KW  - Konjunkturtest<\\\/p><p>KW  - Unternehmensbefragung<\\\/p><p>KW  - Unternehmensentwicklung<\\\/p><p>M3  - WIFO-Schriftenreihen<\\\/p><p>VL  - 79<\\\/p><p>SP  - 459<\\\/p><p>EP  - 466<\\\/p><p>JO  - WIFO-Monatsberichte<\\\/p><p>JF  - WIFO-Monatsberichte<\\\/p><p>ER  - <\\\/p><\\\/div>\"}","scientific_assistance":"[]","scientific_review":"[]","version":"","release_date":null,"expiration_date":null,"surveyor":"","research_assistance":"","edv":"","additional_info_de":"","additional_info_en":""},"yoast_head":"<!-- This site is optimized with the Yoast SEO Premium plugin v28.3 (Yoast SEO v28.3) - https:\/\/yoast.com\/product\/yoast-seo-premium-wordpress\/ -->\n<title>Capacity Utilisation and Turnover in the Austrian Manufacturing Sector - WIFO<\/title>\n<meta name=\"robots\" content=\"index, follow, max-snippet:-1, max-image-preview:large, max-video-preview:-1\" \/>\n<link rel=\"canonical\" href=\"https:\/\/www.wifo.ac.at\/en\/publication\/153625\/\" \/>\n<meta property=\"og:locale\" content=\"en_US\" \/>\n<meta property=\"og:type\" content=\"article\" \/>\n<meta property=\"og:title\" content=\"Capacity Utilisation and Turnover in the Austrian Manufacturing Sector\" \/>\n<meta property=\"og:url\" content=\"https:\/\/www.wifo.ac.at\/en\/publication\/153625\/\" \/>\n<meta property=\"og:site_name\" content=\"WIFO\" \/>\n<meta property=\"article:publisher\" content=\"https:\/\/www.facebook.com\/WIFOat\/\" \/>\n<meta property=\"article:modified_time\" content=\"2024-11-07T02:43:17+00:00\" \/>\n<meta property=\"og:image\" content=\"https:\/\/www.wifo.ac.at\/wp-content\/uploads\/2024\/05\/WIFO-Gebaeude-FotoAlexanderMueller-www.alexandermueller.at-IMG_6326-Bearbeitet-1.jpg\" \/>\n\t<meta property=\"og:image:width\" content=\"1920\" \/>\n\t<meta property=\"og:image:height\" content=\"1280\" \/>\n\t<meta property=\"og:image:type\" content=\"image\/jpeg\" \/>\n<meta name=\"twitter:card\" content=\"summary_large_image\" \/>\n<meta name=\"twitter:site\" content=\"@WIFOat\" \/>\n<script type=\"application\/ld+json\" class=\"yoast-schema-graph\">{\"@context\":\"https:\\\/\\\/schema.org\",\"@graph\":[{\"@type\":\"WebPage\",\"@id\":\"https:\\\/\\\/www.wifo.ac.at\\\/en\\\/publication\\\/153625\\\/\",\"url\":\"https:\\\/\\\/www.wifo.ac.at\\\/en\\\/publication\\\/153625\\\/\",\"name\":\"Capacity Utilisation and Turnover in the Austrian Manufacturing Sector - WIFO\",\"isPartOf\":{\"@id\":\"https:\\\/\\\/www.wifo.ac.at\\\/en\\\/#website\"},\"datePublished\":\"2024-03-21T06:35:19+00:00\",\"dateModified\":\"2024-11-07T02:43:17+00:00\",\"breadcrumb\":{\"@id\":\"https:\\\/\\\/www.wifo.ac.at\\\/en\\\/publication\\\/153625\\\/#breadcrumb\"},\"inLanguage\":\"en-US\",\"potentialAction\":[{\"@type\":\"ReadAction\",\"target\":[\"https:\\\/\\\/www.wifo.ac.at\\\/en\\\/publication\\\/153625\\\/\"]}]},{\"@type\":\"BreadcrumbList\",\"@id\":\"https:\\\/\\\/www.wifo.ac.at\\\/en\\\/publication\\\/153625\\\/#breadcrumb\",\"itemListElement\":[{\"@type\":\"ListItem\",\"position\":1,\"name\":\"Startseite\",\"item\":\"https:\\\/\\\/www.wifo.ac.at\\\/en\\\/\"},{\"@type\":\"ListItem\",\"position\":2,\"name\":\"Capacity Utilisation and Turnover in the Austrian Manufacturing Sector\"}]},{\"@type\":\"WebSite\",\"@id\":\"https:\\\/\\\/www.wifo.ac.at\\\/en\\\/#website\",\"url\":\"https:\\\/\\\/www.wifo.ac.at\\\/en\\\/\",\"name\":\"\u00d6sterreichisches Institut f\u00fcr Wirtschaftsforschung\",\"description\":\"\",\"publisher\":{\"@id\":\"https:\\\/\\\/www.wifo.ac.at\\\/en\\\/#organization\"},\"alternateName\":\"WIFO\",\"potentialAction\":[{\"@type\":\"SearchAction\",\"target\":{\"@type\":\"EntryPoint\",\"urlTemplate\":\"https:\\\/\\\/www.wifo.ac.at\\\/en\\\/?s={search_term_string}\"},\"query-input\":{\"@type\":\"PropertyValueSpecification\",\"valueRequired\":true,\"valueName\":\"search_term_string\"}}],\"inLanguage\":\"en-US\"},{\"@type\":\"Organization\",\"@id\":\"https:\\\/\\\/www.wifo.ac.at\\\/en\\\/#organization\",\"name\":\"\u00d6sterreichisches Institut f\u00fcr Wirtschaftsforschung\",\"alternateName\":\"WIFO\",\"url\":\"https:\\\/\\\/www.wifo.ac.at\\\/en\\\/\",\"logo\":{\"@type\":\"ImageObject\",\"inLanguage\":\"en-US\",\"@id\":\"https:\\\/\\\/www.wifo.ac.at\\\/en\\\/#\\\/schema\\\/logo\\\/image\\\/\",\"url\":\"https:\\\/\\\/www.wifo.ac.at\\\/wp-content\\\/uploads\\\/2024\\\/05\\\/WIFO_kurz_rechts-2-1920x412.jpg\",\"contentUrl\":\"https:\\\/\\\/www.wifo.ac.at\\\/wp-content\\\/uploads\\\/2024\\\/05\\\/WIFO_kurz_rechts-2-1920x412.jpg\",\"width\":2000,\"height\":429,\"caption\":\"\u00d6sterreichisches Institut f\u00fcr Wirtschaftsforschung\"},\"image\":{\"@id\":\"https:\\\/\\\/www.wifo.ac.at\\\/en\\\/#\\\/schema\\\/logo\\\/image\\\/\"},\"sameAs\":[\"https:\\\/\\\/www.facebook.com\\\/WIFOat\\\/\",\"https:\\\/\\\/x.com\\\/WIFOat\",\"https:\\\/\\\/linkedin.com\\\/company\\\/wifoat\\\/\",\"https:\\\/\\\/www.youtube.com\\\/@WIFO_at\"],\"description\":\"Das WIFO, 1927 von Friedrich August von Hayek und Ludwig von Mises zur Konjunkturanalyse gegr\u00fcndet, ist heute das f\u00fchrende Institut f\u00fcr angewandte empirische Wirtschaftsforschung in \u00d6sterreich mit starkem Engagement auf europ\u00e4ischer Ebene.\",\"email\":\"office@wifo.ac.at\",\"telephone\":\"+43 1 798 26 01 \u2013 0\",\"legalName\":\"\u00d6sterreichisches Institut f\u00fcr Wirtschaftsforschung\",\"foundingDate\":\"1927-01-02\",\"numberOfEmployees\":{\"@type\":\"QuantitativeValue\",\"minValue\":\"51\",\"maxValue\":\"200\"},\"publishingPrinciples\":\"https:\\\/\\\/www.wifo.ac.at\\\/institut\\\/mission-und-strategie\\\/\",\"ownershipFundingInfo\":\"https:\\\/\\\/www.wifo.ac.at\\\/institut\\\/organisation\\\/\",\"actionableFeedbackPolicy\":\"https:\\\/\\\/www.wifo.ac.at\\\/aktuelles\\\/presse\\\/\",\"correctionsPolicy\":\"https:\\\/\\\/www.wifo.ac.at\\\/institut\\\/kontakt\\\/\",\"ethicsPolicy\":\"https:\\\/\\\/www.wifo.ac.at\\\/institut\\\/evidenzbasierung-transparenz-und-unabhaengigkeit\\\/\",\"diversityPolicy\":\"https:\\\/\\\/www.wifo.ac.at\\\/institut\\\/gleichstellung\\\/\",\"diversityStaffingReport\":\"https:\\\/\\\/www.wifo.ac.at\\\/institut\\\/gleichstellung\\\/\"}]}<\/script>\n<!-- \/ Yoast SEO Premium plugin. -->","yoast_head_json":{"title":"Capacity Utilisation and Turnover in the Austrian Manufacturing Sector - WIFO","robots":{"index":"index","follow":"follow","max-snippet":"max-snippet:-1","max-image-preview":"max-image-preview:large","max-video-preview":"max-video-preview:-1"},"canonical":"https:\/\/www.wifo.ac.at\/en\/publication\/153625\/","og_locale":"en_US","og_type":"article","og_title":"Capacity Utilisation and Turnover in the Austrian Manufacturing Sector","og_url":"https:\/\/www.wifo.ac.at\/en\/publication\/153625\/","og_site_name":"WIFO","article_publisher":"https:\/\/www.facebook.com\/WIFOat\/","article_modified_time":"2024-11-07T02:43:17+00:00","og_image":[{"width":1920,"height":1280,"url":"https:\/\/www.wifo.ac.at\/wp-content\/uploads\/2024\/05\/WIFO-Gebaeude-FotoAlexanderMueller-www.alexandermueller.at-IMG_6326-Bearbeitet-1.jpg","type":"image\/jpeg"}],"twitter_card":"summary_large_image","twitter_site":"@WIFOat","schema":{"@context":"https:\/\/schema.org","@graph":[{"@type":"WebPage","@id":"https:\/\/www.wifo.ac.at\/en\/publication\/153625\/","url":"https:\/\/www.wifo.ac.at\/en\/publication\/153625\/","name":"Capacity Utilisation and Turnover in the Austrian Manufacturing Sector - WIFO","isPartOf":{"@id":"https:\/\/www.wifo.ac.at\/en\/#website"},"datePublished":"2024-03-21T06:35:19+00:00","dateModified":"2024-11-07T02:43:17+00:00","breadcrumb":{"@id":"https:\/\/www.wifo.ac.at\/en\/publication\/153625\/#breadcrumb"},"inLanguage":"en-US","potentialAction":[{"@type":"ReadAction","target":["https:\/\/www.wifo.ac.at\/en\/publication\/153625\/"]}]},{"@type":"BreadcrumbList","@id":"https:\/\/www.wifo.ac.at\/en\/publication\/153625\/#breadcrumb","itemListElement":[{"@type":"ListItem","position":1,"name":"Startseite","item":"https:\/\/www.wifo.ac.at\/en\/"},{"@type":"ListItem","position":2,"name":"Capacity Utilisation and Turnover in the Austrian Manufacturing Sector"}]},{"@type":"WebSite","@id":"https:\/\/www.wifo.ac.at\/en\/#website","url":"https:\/\/www.wifo.ac.at\/en\/","name":"\u00d6sterreichisches Institut f\u00fcr Wirtschaftsforschung","description":"","publisher":{"@id":"https:\/\/www.wifo.ac.at\/en\/#organization"},"alternateName":"WIFO","potentialAction":[{"@type":"SearchAction","target":{"@type":"EntryPoint","urlTemplate":"https:\/\/www.wifo.ac.at\/en\/?s={search_term_string}"},"query-input":{"@type":"PropertyValueSpecification","valueRequired":true,"valueName":"search_term_string"}}],"inLanguage":"en-US"},{"@type":"Organization","@id":"https:\/\/www.wifo.ac.at\/en\/#organization","name":"\u00d6sterreichisches Institut f\u00fcr Wirtschaftsforschung","alternateName":"WIFO","url":"https:\/\/www.wifo.ac.at\/en\/","logo":{"@type":"ImageObject","inLanguage":"en-US","@id":"https:\/\/www.wifo.ac.at\/en\/#\/schema\/logo\/image\/","url":"https:\/\/www.wifo.ac.at\/wp-content\/uploads\/2024\/05\/WIFO_kurz_rechts-2-1920x412.jpg","contentUrl":"https:\/\/www.wifo.ac.at\/wp-content\/uploads\/2024\/05\/WIFO_kurz_rechts-2-1920x412.jpg","width":2000,"height":429,"caption":"\u00d6sterreichisches Institut f\u00fcr Wirtschaftsforschung"},"image":{"@id":"https:\/\/www.wifo.ac.at\/en\/#\/schema\/logo\/image\/"},"sameAs":["https:\/\/www.facebook.com\/WIFOat\/","https:\/\/x.com\/WIFOat","https:\/\/linkedin.com\/company\/wifoat\/","https:\/\/www.youtube.com\/@WIFO_at"],"description":"Das WIFO, 1927 von Friedrich August von Hayek und Ludwig von Mises zur Konjunkturanalyse gegr\u00fcndet, ist heute das f\u00fchrende Institut f\u00fcr angewandte empirische Wirtschaftsforschung in \u00d6sterreich mit starkem Engagement auf europ\u00e4ischer Ebene.","email":"office@wifo.ac.at","telephone":"+43 1 798 26 01 \u2013 0","legalName":"\u00d6sterreichisches Institut f\u00fcr Wirtschaftsforschung","foundingDate":"1927-01-02","numberOfEmployees":{"@type":"QuantitativeValue","minValue":"51","maxValue":"200"},"publishingPrinciples":"https:\/\/www.wifo.ac.at\/institut\/mission-und-strategie\/","ownershipFundingInfo":"https:\/\/www.wifo.ac.at\/institut\/organisation\/","actionableFeedbackPolicy":"https:\/\/www.wifo.ac.at\/aktuelles\/presse\/","correctionsPolicy":"https:\/\/www.wifo.ac.at\/institut\/kontakt\/","ethicsPolicy":"https:\/\/www.wifo.ac.at\/institut\/evidenzbasierung-transparenz-und-unabhaengigkeit\/","diversityPolicy":"https:\/\/www.wifo.ac.at\/institut\/gleichstellung\/","diversityStaffingReport":"https:\/\/www.wifo.ac.at\/institut\/gleichstellung\/"}]}},"_links":{"self":[{"href":"https:\/\/www.wifo.ac.at\/en\/wp-json\/wp\/v2\/publication\/153625","targetHints":{"allow":["GET"]}}],"collection":[{"href":"https:\/\/www.wifo.ac.at\/en\/wp-json\/wp\/v2\/publication"}],"about":[{"href":"https:\/\/www.wifo.ac.at\/en\/wp-json\/wp\/v2\/types\/publication"}],"version-history":[{"count":1,"href":"https:\/\/www.wifo.ac.at\/en\/wp-json\/wp\/v2\/publication\/153625\/revisions"}],"predecessor-version":[{"id":324368,"href":"https:\/\/www.wifo.ac.at\/en\/wp-json\/wp\/v2\/publication\/153625\/revisions\/324368"}],"acf:post":[{"embeddable":true,"href":"https:\/\/www.wifo.ac.at\/en\/wp-json\/wp\/v2\/person\/3843"},{"embeddable":true,"href":"https:\/\/www.wifo.ac.at\/en\/wp-json\/wp\/v2\/external_person\/13369"},{"embeddable":true,"href":"https:\/\/www.wifo.ac.at\/en\/wp-json\/wp\/v2\/research_group\/3491"},{"embeddable":true,"href":"https:\/\/www.wifo.ac.at\/en\/wp-json\/wp\/v2\/publication_type\/44312"}],"wp:attachment":[{"href":"https:\/\/www.wifo.ac.at\/en\/wp-json\/wp\/v2\/media?parent=153625"}],"curies":[{"name":"wp","href":"https:\/\/api.w.org\/{rel}","templated":true}]}}