{"id":124186,"date":"2024-01-23T08:57:26","date_gmt":"2024-01-23T07:57:26","guid":{"rendered":"https:\/\/www.wifo.ac.at\/publication\/124186\/"},"modified":"2024-11-07T05:32:25","modified_gmt":"2024-11-07T04:32:25","slug":"konjunkturklima-nahezu-unveraendert-ergebnisse-des-wifo-konjunkturtests-vom-juli-2016","status":"publish","type":"publication","link":"https:\/\/www.wifo.ac.at\/en\/publication\/124186\/","title":{"rendered":"Konjunkturklima nahezu unver\u00e4ndert. Ergebnisse des WIFO-Konjunkturtests vom Juli 2016"},"content":{"rendered":"","protected":false},"featured_media":0,"template":"","class_list":["post-124186","publication","type-publication","status-publish","hentry"],"acf":{"subtitle":"","text":"Die Konjunkturbeurteilung durch die \u00f6sterreichischen Unternehmen blieb, wie der aktuelle WIFO-Konjunkturtest zeigt, vom Ausgang der Volksabstimmung in Gro\u00dfbritannien \u00fcber einen EU-Austritt weitgehend unbeeindruckt. Der Index der aktuellen Lagebeurteilungen f\u00fcr die Gesamtwirtschaft lag (saisonbereinigt) im Juli mit +3,2 Punkten um 0,4 Punkte \u00fcber dem Ergebnis des Vormonats. Die Konjunkturaussichten wiesen im Juli weiterhin einen leichten Aufw\u00e4rtstrend auf. Der Index der unternehmerischen Erwartungen stieg um 0,7 Punkte auf +4,2 Punkte.","onlinedate":"2016-07-28 12:00:00","lang":"German","publication_series":"","publication_date":"20160701","publication_date_year":"","publication_date_full":false,"publication_num_pages":"12","keywords":"[]","jelcodes":"[]","related_publications":"[]","pdf":364005,"zip":null,"link":"","monthly_report":true,"monthly_report_main":false,"monthly_report_volume":"","monthly_report_pages":"","monthly_report_pages_sort":"0","issue":"","journal":"WIFO-Konjunkturtest","publisher":"","invisible":false,"external":false,"embargo_date":"2016-07-28 12:00:00","types":[44466],"research_groups":[3491,3481],"collaboration":"","persons":[3607,3731,3843],"persons_data":"[{\"personId\":3607,\"personName\":\"Werner H\u00f6lzl\",\"organisationNames\":[]},{\"personId\":3731,\"personName\":\"Michael Klien\",\"organisationNames\":[]},{\"personId\":3843,\"personName\":\"Gerhard Schwarz\",\"organisationNames\":[]}]","clients":[10646],"subclients":[],"partners":[],"topics":[],"host_publication_title":"","host_publication_subtitle":"","place_of_publication":"","host_publication_editors":"[]","type_description":"","output_media":"","chapter":"","article_number":"","citations":"{\"apa\":\"<div class=\\\"rendering rendering_researchoutput  rendering_researchoutput_apa rendering_contributiontoperiodical rendering_apa rendering_contributiontoperiodical_apa\\\"><span>H\u00f6lzl, W.<\\\/span><span>, Klien, M.<\\\/span><span>, &amp; Schwarz, G.<\\\/span> (2016). <span>Konjunkturklima nahezu unver\u00e4ndert. Ergebnisse des WIFO-Konjunkturtests vom Juli 2016<\\\/span>. <span><em>WIFO-Konjunkturtest<\\\/em><\\\/span>. <a onclick=\\\"window.open(this.href, '_blank','noopener,noreferrer'); return false;\\\" href=\\\"https:\\\/\\\/www.wifo.ac.at\\\/wwa\\\/pubid\\\/58921\\\" class=\\\"link\\\"><span>https:\\\/\\\/www.wifo.ac.at\\\/wwa\\\/pubid\\\/58921<\\\/span><\\\/a><\\\/div>\",\"vancouver\":\"<div class=\\\"rendering rendering_researchoutput  rendering_researchoutput_vancouver rendering_contributiontoperiodical rendering_vancouver rendering_contributiontoperiodical_vancouver\\\"><span>H\u00f6lzl W<\\\/span><span>, Klien M<\\\/span><span>, Schwarz G<\\\/span>. <span class=\\\"title\\\"><span>Konjunkturklima nahezu unver\u00e4ndert. Ergebnisse des WIFO-Konjunkturtests vom Juli 2016<\\\/span><\\\/span>. <span>WIFO-Konjunkturtest<\\\/span>. 2016 Jul.<\\\/div>\",\"bibtex\":\"<div class=\\\"rendering rendering_researchoutput  rendering_researchoutput_bibtex rendering_contributiontoperiodical rendering_bibtex rendering_contributiontoperiodical_bibtex\\\"><div>@misc{cdd079502d9b45b1b27477f0559fd024,<\\\/div><div>  title    = \\\"Konjunkturklima nahezu unver{\\\\\\\"a}ndert. Ergebnisse des WIFO-Konjunkturtests vom Juli 2016\\\",<\\\/div><div>  abstract = \\\"Die Konjunkturbeurteilung durch die {\\\\\\\"o}sterreichischen Unternehmen blieb, wie der aktuelle WIFO-Konjunkturtest zeigt, vom Ausgang der Volksabstimmung in Gro{\\\\ss}britannien {\\\\\\\"u}ber einen EU-Austritt weitgehend unbeeindruckt. Der Index der aktuellen Lagebeurteilungen f{\\\\\\\"u}r die Gesamtwirtschaft lag (saisonbereinigt) im Juli mit +3,2 Punkten um 0,4 Punkte {\\\\\\\"u}ber dem Ergebnis des Vormonats. Die Konjunkturaussichten wiesen im Juli weiterhin einen leichten Aufw{\\\\\\\"a}rtstrend auf. Der Index der unternehmerischen Erwartungen stieg um 0,7 Punkte auf +4,2 Punkte.\\\",<\\\/div><div>  author   = \\\"Werner H{\\\\\\\"o}lzl and Michael Klien and Gerhard Schwarz\\\",<\\\/div><div>  note     = \\\"WIFO-Konjunkturtest vom Juli 2016\\\",<\\\/div><div>  year     = \\\"2016\\\",<\\\/div><div>  month    = jul,<\\\/div><div>  language = \\\"Deutsch\\\",<\\\/div><div>  journal  = \\\"WIFO-Konjunkturtest\\\",<\\\/div><p>}<\\\/p><\\\/div>\",\"ris\":\"<div class=\\\"rendering rendering_researchoutput  rendering_researchoutput_ris rendering_contributiontoperiodical rendering_ris rendering_contributiontoperiodical_ris\\\"><p>TY  - GEN<\\\/p><p>T1  - Konjunkturklima nahezu unver\u00e4ndert. Ergebnisse des WIFO-Konjunkturtests vom Juli 2016<\\\/p><p>AU  - H\u00f6lzl, Werner<\\\/p><p>AU  - Klien, Michael<\\\/p><p>AU  - Schwarz, Gerhard<\\\/p><p>N1  - WIFO-Konjunkturtest vom Juli 2016<\\\/p><p>PY  - 2016\\\/7<\\\/p><p>Y1  - 2016\\\/7<\\\/p><p>N2  - Die Konjunkturbeurteilung durch die \u00f6sterreichischen Unternehmen blieb, wie der aktuelle WIFO-Konjunkturtest zeigt, vom Ausgang der Volksabstimmung in Gro\u00dfbritannien \u00fcber einen EU-Austritt weitgehend unbeeindruckt. Der Index der aktuellen Lagebeurteilungen f\u00fcr die Gesamtwirtschaft lag (saisonbereinigt) im Juli mit +3,2 Punkten um 0,4 Punkte \u00fcber dem Ergebnis des Vormonats. Die Konjunkturaussichten wiesen im Juli weiterhin einen leichten Aufw\u00e4rtstrend auf. Der Index der unternehmerischen Erwartungen stieg um 0,7 Punkte auf +4,2 Punkte.<\\\/p><p>AB  - Die Konjunkturbeurteilung durch die \u00f6sterreichischen Unternehmen blieb, wie der aktuelle WIFO-Konjunkturtest zeigt, vom Ausgang der Volksabstimmung in Gro\u00dfbritannien \u00fcber einen EU-Austritt weitgehend unbeeindruckt. Der Index der aktuellen Lagebeurteilungen f\u00fcr die Gesamtwirtschaft lag (saisonbereinigt) im Juli mit +3,2 Punkten um 0,4 Punkte \u00fcber dem Ergebnis des Vormonats. Die Konjunkturaussichten wiesen im Juli weiterhin einen leichten Aufw\u00e4rtstrend auf. Der Index der unternehmerischen Erwartungen stieg um 0,7 Punkte auf +4,2 Punkte.<\\\/p><p>M3  - WIFO-Schriftenreihen<\\\/p><p>JO  - WIFO-Konjunkturtest<\\\/p><p>JF  - WIFO-Konjunkturtest<\\\/p><p>ER  - <\\\/p><\\\/div>\"}","scientific_assistance":"[]","scientific_review":"[]","version":"","release_date":null,"expiration_date":null,"surveyor":"","research_assistance":"","edv":"","additional_info_de":"","additional_info_en":""},"yoast_head":"<!-- This site is optimized with the Yoast SEO Premium plugin v28.3 (Yoast SEO v28.3) - https:\/\/yoast.com\/product\/yoast-seo-premium-wordpress\/ -->\n<title>Konjunkturklima nahezu unver\u00e4ndert. Ergebnisse des WIFO-Konjunkturtests vom Juli 2016 - WIFO<\/title>\n<meta name=\"robots\" content=\"index, follow, max-snippet:-1, max-image-preview:large, max-video-preview:-1\" \/>\n<link rel=\"canonical\" href=\"https:\/\/www.wifo.ac.at\/en\/publication\/124186\/\" \/>\n<meta property=\"og:locale\" content=\"en_US\" \/>\n<meta property=\"og:type\" content=\"article\" \/>\n<meta property=\"og:title\" content=\"Konjunkturklima nahezu unver\u00e4ndert. Ergebnisse des WIFO-Konjunkturtests vom Juli 2016\" \/>\n<meta property=\"og:url\" content=\"https:\/\/www.wifo.ac.at\/en\/publication\/124186\/\" \/>\n<meta property=\"og:site_name\" content=\"WIFO\" \/>\n<meta property=\"article:publisher\" content=\"https:\/\/www.facebook.com\/WIFOat\/\" \/>\n<meta property=\"article:modified_time\" content=\"2024-11-07T04:32:25+00:00\" \/>\n<meta property=\"og:image\" content=\"https:\/\/www.wifo.ac.at\/wp-content\/uploads\/2024\/05\/WIFO-Gebaeude-FotoAlexanderMueller-www.alexandermueller.at-IMG_6326-Bearbeitet-1.jpg\" \/>\n\t<meta property=\"og:image:width\" content=\"1920\" \/>\n\t<meta property=\"og:image:height\" content=\"1280\" \/>\n\t<meta property=\"og:image:type\" content=\"image\/jpeg\" \/>\n<meta name=\"twitter:card\" content=\"summary_large_image\" \/>\n<meta name=\"twitter:site\" content=\"@WIFOat\" \/>\n<script type=\"application\/ld+json\" class=\"yoast-schema-graph\">{\"@context\":\"https:\\\/\\\/schema.org\",\"@graph\":[{\"@type\":\"WebPage\",\"@id\":\"https:\\\/\\\/www.wifo.ac.at\\\/en\\\/publication\\\/124186\\\/\",\"url\":\"https:\\\/\\\/www.wifo.ac.at\\\/en\\\/publication\\\/124186\\\/\",\"name\":\"Konjunkturklima nahezu unver\u00e4ndert. Ergebnisse des WIFO-Konjunkturtests vom Juli 2016 - WIFO\",\"isPartOf\":{\"@id\":\"https:\\\/\\\/www.wifo.ac.at\\\/en\\\/#website\"},\"datePublished\":\"2024-01-23T07:57:26+00:00\",\"dateModified\":\"2024-11-07T04:32:25+00:00\",\"breadcrumb\":{\"@id\":\"https:\\\/\\\/www.wifo.ac.at\\\/en\\\/publication\\\/124186\\\/#breadcrumb\"},\"inLanguage\":\"en-US\",\"potentialAction\":[{\"@type\":\"ReadAction\",\"target\":[\"https:\\\/\\\/www.wifo.ac.at\\\/en\\\/publication\\\/124186\\\/\"]}]},{\"@type\":\"BreadcrumbList\",\"@id\":\"https:\\\/\\\/www.wifo.ac.at\\\/en\\\/publication\\\/124186\\\/#breadcrumb\",\"itemListElement\":[{\"@type\":\"ListItem\",\"position\":1,\"name\":\"Startseite\",\"item\":\"https:\\\/\\\/www.wifo.ac.at\\\/en\\\/\"},{\"@type\":\"ListItem\",\"position\":2,\"name\":\"Konjunkturklima nahezu unver\u00e4ndert. Ergebnisse des WIFO-Konjunkturtests vom Juli 2016\"}]},{\"@type\":\"WebSite\",\"@id\":\"https:\\\/\\\/www.wifo.ac.at\\\/en\\\/#website\",\"url\":\"https:\\\/\\\/www.wifo.ac.at\\\/en\\\/\",\"name\":\"\u00d6sterreichisches Institut f\u00fcr Wirtschaftsforschung\",\"description\":\"\",\"publisher\":{\"@id\":\"https:\\\/\\\/www.wifo.ac.at\\\/en\\\/#organization\"},\"alternateName\":\"WIFO\",\"potentialAction\":[{\"@type\":\"SearchAction\",\"target\":{\"@type\":\"EntryPoint\",\"urlTemplate\":\"https:\\\/\\\/www.wifo.ac.at\\\/en\\\/?s={search_term_string}\"},\"query-input\":{\"@type\":\"PropertyValueSpecification\",\"valueRequired\":true,\"valueName\":\"search_term_string\"}}],\"inLanguage\":\"en-US\"},{\"@type\":\"Organization\",\"@id\":\"https:\\\/\\\/www.wifo.ac.at\\\/en\\\/#organization\",\"name\":\"\u00d6sterreichisches Institut f\u00fcr Wirtschaftsforschung\",\"alternateName\":\"WIFO\",\"url\":\"https:\\\/\\\/www.wifo.ac.at\\\/en\\\/\",\"logo\":{\"@type\":\"ImageObject\",\"inLanguage\":\"en-US\",\"@id\":\"https:\\\/\\\/www.wifo.ac.at\\\/en\\\/#\\\/schema\\\/logo\\\/image\\\/\",\"url\":\"https:\\\/\\\/www.wifo.ac.at\\\/wp-content\\\/uploads\\\/2024\\\/05\\\/WIFO_kurz_rechts-2-1920x412.jpg\",\"contentUrl\":\"https:\\\/\\\/www.wifo.ac.at\\\/wp-content\\\/uploads\\\/2024\\\/05\\\/WIFO_kurz_rechts-2-1920x412.jpg\",\"width\":2000,\"height\":429,\"caption\":\"\u00d6sterreichisches Institut f\u00fcr Wirtschaftsforschung\"},\"image\":{\"@id\":\"https:\\\/\\\/www.wifo.ac.at\\\/en\\\/#\\\/schema\\\/logo\\\/image\\\/\"},\"sameAs\":[\"https:\\\/\\\/www.facebook.com\\\/WIFOat\\\/\",\"https:\\\/\\\/x.com\\\/WIFOat\",\"https:\\\/\\\/linkedin.com\\\/company\\\/wifoat\\\/\",\"https:\\\/\\\/www.youtube.com\\\/@WIFO_at\"],\"description\":\"Das WIFO, 1927 von Friedrich August von Hayek und Ludwig von Mises zur Konjunkturanalyse gegr\u00fcndet, ist heute das f\u00fchrende Institut f\u00fcr angewandte empirische Wirtschaftsforschung in \u00d6sterreich mit starkem Engagement auf europ\u00e4ischer Ebene.\",\"email\":\"office@wifo.ac.at\",\"telephone\":\"+43 1 798 26 01 \u2013 0\",\"legalName\":\"\u00d6sterreichisches Institut f\u00fcr Wirtschaftsforschung\",\"foundingDate\":\"1927-01-02\",\"numberOfEmployees\":{\"@type\":\"QuantitativeValue\",\"minValue\":\"51\",\"maxValue\":\"200\"},\"publishingPrinciples\":\"https:\\\/\\\/www.wifo.ac.at\\\/institut\\\/mission-und-strategie\\\/\",\"ownershipFundingInfo\":\"https:\\\/\\\/www.wifo.ac.at\\\/institut\\\/organisation\\\/\",\"actionableFeedbackPolicy\":\"https:\\\/\\\/www.wifo.ac.at\\\/aktuelles\\\/presse\\\/\",\"correctionsPolicy\":\"https:\\\/\\\/www.wifo.ac.at\\\/institut\\\/kontakt\\\/\",\"ethicsPolicy\":\"https:\\\/\\\/www.wifo.ac.at\\\/institut\\\/evidenzbasierung-transparenz-und-unabhaengigkeit\\\/\",\"diversityPolicy\":\"https:\\\/\\\/www.wifo.ac.at\\\/institut\\\/gleichstellung\\\/\",\"diversityStaffingReport\":\"https:\\\/\\\/www.wifo.ac.at\\\/institut\\\/gleichstellung\\\/\"}]}<\/script>\n<!-- \/ Yoast SEO Premium plugin. -->","yoast_head_json":{"title":"Konjunkturklima nahezu unver\u00e4ndert. Ergebnisse des WIFO-Konjunkturtests vom Juli 2016 - WIFO","robots":{"index":"index","follow":"follow","max-snippet":"max-snippet:-1","max-image-preview":"max-image-preview:large","max-video-preview":"max-video-preview:-1"},"canonical":"https:\/\/www.wifo.ac.at\/en\/publication\/124186\/","og_locale":"en_US","og_type":"article","og_title":"Konjunkturklima nahezu unver\u00e4ndert. Ergebnisse des WIFO-Konjunkturtests vom Juli 2016","og_url":"https:\/\/www.wifo.ac.at\/en\/publication\/124186\/","og_site_name":"WIFO","article_publisher":"https:\/\/www.facebook.com\/WIFOat\/","article_modified_time":"2024-11-07T04:32:25+00:00","og_image":[{"width":1920,"height":1280,"url":"https:\/\/www.wifo.ac.at\/wp-content\/uploads\/2024\/05\/WIFO-Gebaeude-FotoAlexanderMueller-www.alexandermueller.at-IMG_6326-Bearbeitet-1.jpg","type":"image\/jpeg"}],"twitter_card":"summary_large_image","twitter_site":"@WIFOat","schema":{"@context":"https:\/\/schema.org","@graph":[{"@type":"WebPage","@id":"https:\/\/www.wifo.ac.at\/en\/publication\/124186\/","url":"https:\/\/www.wifo.ac.at\/en\/publication\/124186\/","name":"Konjunkturklima nahezu unver\u00e4ndert. Ergebnisse des WIFO-Konjunkturtests vom Juli 2016 - WIFO","isPartOf":{"@id":"https:\/\/www.wifo.ac.at\/en\/#website"},"datePublished":"2024-01-23T07:57:26+00:00","dateModified":"2024-11-07T04:32:25+00:00","breadcrumb":{"@id":"https:\/\/www.wifo.ac.at\/en\/publication\/124186\/#breadcrumb"},"inLanguage":"en-US","potentialAction":[{"@type":"ReadAction","target":["https:\/\/www.wifo.ac.at\/en\/publication\/124186\/"]}]},{"@type":"BreadcrumbList","@id":"https:\/\/www.wifo.ac.at\/en\/publication\/124186\/#breadcrumb","itemListElement":[{"@type":"ListItem","position":1,"name":"Startseite","item":"https:\/\/www.wifo.ac.at\/en\/"},{"@type":"ListItem","position":2,"name":"Konjunkturklima nahezu unver\u00e4ndert. Ergebnisse des WIFO-Konjunkturtests vom Juli 2016"}]},{"@type":"WebSite","@id":"https:\/\/www.wifo.ac.at\/en\/#website","url":"https:\/\/www.wifo.ac.at\/en\/","name":"\u00d6sterreichisches Institut f\u00fcr Wirtschaftsforschung","description":"","publisher":{"@id":"https:\/\/www.wifo.ac.at\/en\/#organization"},"alternateName":"WIFO","potentialAction":[{"@type":"SearchAction","target":{"@type":"EntryPoint","urlTemplate":"https:\/\/www.wifo.ac.at\/en\/?s={search_term_string}"},"query-input":{"@type":"PropertyValueSpecification","valueRequired":true,"valueName":"search_term_string"}}],"inLanguage":"en-US"},{"@type":"Organization","@id":"https:\/\/www.wifo.ac.at\/en\/#organization","name":"\u00d6sterreichisches Institut f\u00fcr Wirtschaftsforschung","alternateName":"WIFO","url":"https:\/\/www.wifo.ac.at\/en\/","logo":{"@type":"ImageObject","inLanguage":"en-US","@id":"https:\/\/www.wifo.ac.at\/en\/#\/schema\/logo\/image\/","url":"https:\/\/www.wifo.ac.at\/wp-content\/uploads\/2024\/05\/WIFO_kurz_rechts-2-1920x412.jpg","contentUrl":"https:\/\/www.wifo.ac.at\/wp-content\/uploads\/2024\/05\/WIFO_kurz_rechts-2-1920x412.jpg","width":2000,"height":429,"caption":"\u00d6sterreichisches Institut f\u00fcr Wirtschaftsforschung"},"image":{"@id":"https:\/\/www.wifo.ac.at\/en\/#\/schema\/logo\/image\/"},"sameAs":["https:\/\/www.facebook.com\/WIFOat\/","https:\/\/x.com\/WIFOat","https:\/\/linkedin.com\/company\/wifoat\/","https:\/\/www.youtube.com\/@WIFO_at"],"description":"Das WIFO, 1927 von Friedrich August von Hayek und Ludwig von Mises zur Konjunkturanalyse gegr\u00fcndet, ist heute das f\u00fchrende Institut f\u00fcr angewandte empirische Wirtschaftsforschung in \u00d6sterreich mit starkem Engagement auf europ\u00e4ischer Ebene.","email":"office@wifo.ac.at","telephone":"+43 1 798 26 01 \u2013 0","legalName":"\u00d6sterreichisches Institut f\u00fcr Wirtschaftsforschung","foundingDate":"1927-01-02","numberOfEmployees":{"@type":"QuantitativeValue","minValue":"51","maxValue":"200"},"publishingPrinciples":"https:\/\/www.wifo.ac.at\/institut\/mission-und-strategie\/","ownershipFundingInfo":"https:\/\/www.wifo.ac.at\/institut\/organisation\/","actionableFeedbackPolicy":"https:\/\/www.wifo.ac.at\/aktuelles\/presse\/","correctionsPolicy":"https:\/\/www.wifo.ac.at\/institut\/kontakt\/","ethicsPolicy":"https:\/\/www.wifo.ac.at\/institut\/evidenzbasierung-transparenz-und-unabhaengigkeit\/","diversityPolicy":"https:\/\/www.wifo.ac.at\/institut\/gleichstellung\/","diversityStaffingReport":"https:\/\/www.wifo.ac.at\/institut\/gleichstellung\/"}]}},"_links":{"self":[{"href":"https:\/\/www.wifo.ac.at\/en\/wp-json\/wp\/v2\/publication\/124186","targetHints":{"allow":["GET"]}}],"collection":[{"href":"https:\/\/www.wifo.ac.at\/en\/wp-json\/wp\/v2\/publication"}],"about":[{"href":"https:\/\/www.wifo.ac.at\/en\/wp-json\/wp\/v2\/types\/publication"}],"version-history":[{"count":1,"href":"https:\/\/www.wifo.ac.at\/en\/wp-json\/wp\/v2\/publication\/124186\/revisions"}],"predecessor-version":[{"id":363993,"href":"https:\/\/www.wifo.ac.at\/en\/wp-json\/wp\/v2\/publication\/124186\/revisions\/363993"}],"acf:post":[{"embeddable":true,"href":"https:\/\/www.wifo.ac.at\/en\/wp-json\/wp\/v2\/client\/10646"},{"embeddable":true,"href":"https:\/\/www.wifo.ac.at\/en\/wp-json\/wp\/v2\/person\/3843"},{"embeddable":true,"href":"https:\/\/www.wifo.ac.at\/en\/wp-json\/wp\/v2\/person\/3731"},{"embeddable":true,"href":"https:\/\/www.wifo.ac.at\/en\/wp-json\/wp\/v2\/person\/3607"},{"embeddable":true,"href":"https:\/\/www.wifo.ac.at\/en\/wp-json\/wp\/v2\/research_group\/3481"},{"embeddable":true,"href":"https:\/\/www.wifo.ac.at\/en\/wp-json\/wp\/v2\/research_group\/3491"},{"embeddable":true,"href":"https:\/\/www.wifo.ac.at\/en\/wp-json\/wp\/v2\/publication_type\/44466"}],"wp:attachment":[{"href":"https:\/\/www.wifo.ac.at\/en\/wp-json\/wp\/v2\/media?parent=124186"}],"curies":[{"name":"wp","href":"https:\/\/api.w.org\/{rel}","templated":true}]}}