{"id":124144,"date":"2024-01-23T08:56:29","date_gmt":"2024-01-23T07:56:29","guid":{"rendered":"https:\/\/www.wifo.ac.at\/publication\/124144\/"},"modified":"2024-11-07T05:32:00","modified_gmt":"2024-11-07T04:32:00","slug":"wifo-monatsberichte-heft-7-2015","status":"publish","type":"publication","link":"https:\/\/www.wifo.ac.at\/en\/publication\/124144\/","title":{"rendered":"WIFO-Monatsberichte, issue 7\/2015"},"content":{"rendered":"","protected":false},"featured_media":0,"template":"","class_list":["post-124144","publication","type-publication","status-publish","hentry"],"acf":{"subtitle":"","text":"Stefan Schiman, Stimulating Effects of Tax Cuts Dampened by Counter-Financing Measures. Economic Outlook for 2015 and 2016 \u2022 Angelina Keil, Calendar of Economic Events. Second Quarter 2015 \u2022 Mario Holzner, Western CESEE in the Ascendant \u2022 Martin Falk, Michael Klien, Gerhard Schwarz, Large Manufacturing Firms Plan to Increase their Investments in 2015. Results of the WIFO Spring 2015 Investment Survey \u2022 Daniela Kletzan-Slamanig, Claudia Kettner, Angela K\u00f6ppl, Ina Meyer, Franz Sinabell, Key Indicators of Climate Change and the Energy Sector in 2015. Special Topic: Using Energy Efficiency to Boost Decarbonisation","onlinedate":"2016-08-04 02:00:00","lang":"German","publication_series":"","publication_date":"20150701","publication_date_year":"","publication_date_full":false,"publication_num_pages":"72","keywords":"[]","jelcodes":"[]","related_publications":"[]","pdf":363895,"zip":null,"link":"","monthly_report":true,"monthly_report_main":true,"monthly_report_volume":"88","monthly_report_pages":"","monthly_report_pages_sort":"0","issue":"7","journal":"WIFO-Monatsberichte","publisher":"","invisible":false,"external":false,"embargo_date":null,"types":[44312],"research_groups":[],"collaboration":"","persons":[],"persons_data":"[]","clients":[],"subclients":[],"partners":[],"topics":[],"host_publication_title":"","host_publication_subtitle":"","place_of_publication":"","host_publication_editors":"[]","type_description":"","output_media":"","chapter":"","article_number":"","citations":"{\"apa\":\"<div class=\\\"rendering rendering_researchoutput  rendering_researchoutput_apa rendering_contributiontoperiodical rendering_apa rendering_contributiontoperiodical_apa\\\"><span>WIFO<\\\/span> (2015). <span>WIFO-Monatsberichte, Heft 7\\\/2015<\\\/span>. <span><em>WIFO-Monatsberichte<\\\/em><\\\/span>, <em>88<\\\/em>(7). <a onclick=\\\"window.open(this.href, '_blank','noopener,noreferrer'); return false;\\\" href=\\\"https:\\\/\\\/www.wifo.ac.at\\\/wwa\\\/pubid\\\/58946\\\" class=\\\"link\\\"><span>https:\\\/\\\/www.wifo.ac.at\\\/wwa\\\/pubid\\\/58946<\\\/span><\\\/a><\\\/div>\",\"vancouver\":\"<div class=\\\"rendering rendering_researchoutput  rendering_researchoutput_vancouver rendering_contributiontoperiodical rendering_vancouver rendering_contributiontoperiodical_vancouver\\\"><span>WIFO<\\\/span>. <span class=\\\"title\\\"><span>WIFO-Monatsberichte, Heft 7\\\/2015<\\\/span><\\\/span>. <span>WIFO-Monatsberichte<\\\/span>. 2015 Jul;88(7).<\\\/div>\",\"bibtex\":\"<div class=\\\"rendering rendering_researchoutput  rendering_researchoutput_bibtex rendering_contributiontoperiodical rendering_bibtex rendering_contributiontoperiodical_bibtex\\\"><div>@misc{c0dbb9b141bb467bac463f2e4d80fe2f,<\\\/div><div>  title    = \\\"WIFO-Monatsberichte, Heft 7\\\/2015\\\",<\\\/div><div>  abstract = \\\"Stefan Schiman, Steuerentlastung st{\\\\\\\"a}rkt, Gegenfinanzierung d{\\\\\\\"a}mpft die Konjunktur. Prognose f{\\\\\\\"u}r 2015 und 2016 \u2022 Angelina Keil, Wirtschaftschronik. II. Quartal 2015 \u2022 Mario Holzner, Aufw{\\\\\\\"a}rtstendenz im Westen der MOSOEL \u2022 Martin Falk, Michael Klien, Gerhard Schwarz, Gro{\\\\ss}e Sachg{\\\\\\\"u}tererzeuger planen 2015 kr{\\\\\\\"a}ftige Ausweitung der Investitionen. Ergebnisse des WIFO-Investitionstests vom Fr{\\\\\\\"u}hjahr 2015 \u2022 Daniela Kletzan-Slamanig, Claudia Kettner, Angela K{\\\\\\\"o}ppl, Ina Meyer, Franz Sinabell, Schl{\\\\\\\"u}sselindikatoren zu Klimawandel und Energiewirtschaft 2015. Sonderthema: Energieeffizienz als Hebel der Dekarbonisierung\\\",<\\\/div><div>  author   = \\\"WIFO\\\",<\\\/div><div>  note     = \\\"Ganzes Heft\\\",<\\\/div><div>  year     = \\\"2015\\\",<\\\/div><div>  month    = jul,<\\\/div><div>  language = \\\"Deutsch\\\",<\\\/div><div>  volume   = \\\"88\\\",<\\\/div><div>  journal  = \\\"WIFO-Monatsberichte\\\",<\\\/div><p>}<\\\/p><\\\/div>\",\"ris\":\"<div class=\\\"rendering rendering_researchoutput  rendering_researchoutput_ris rendering_contributiontoperiodical rendering_ris rendering_contributiontoperiodical_ris\\\"><p>TY  - GEN<\\\/p><p>T1  - WIFO-Monatsberichte, Heft 7\\\/2015<\\\/p><p>AU  - WIFO, null<\\\/p><p>N1  - Ganzes Heft<\\\/p><p>PY  - 2015\\\/7<\\\/p><p>Y1  - 2015\\\/7<\\\/p><p>N2  - Stefan Schiman, Steuerentlastung st\u00e4rkt, Gegenfinanzierung d\u00e4mpft die Konjunktur. Prognose f\u00fcr 2015 und 2016 \u2022 Angelina Keil, Wirtschaftschronik. II. Quartal 2015 \u2022 Mario Holzner, Aufw\u00e4rtstendenz im Westen der MOSOEL \u2022 Martin Falk, Michael Klien, Gerhard Schwarz, Gro\u00dfe Sachg\u00fctererzeuger planen 2015 kr\u00e4ftige Ausweitung der Investitionen. Ergebnisse des WIFO-Investitionstests vom Fr\u00fchjahr 2015 \u2022 Daniela Kletzan-Slamanig, Claudia Kettner, Angela K\u00f6ppl, Ina Meyer, Franz Sinabell, Schl\u00fcsselindikatoren zu Klimawandel und Energiewirtschaft 2015. Sonderthema: Energieeffizienz als Hebel der Dekarbonisierung<\\\/p><p>AB  - Stefan Schiman, Steuerentlastung st\u00e4rkt, Gegenfinanzierung d\u00e4mpft die Konjunktur. Prognose f\u00fcr 2015 und 2016 \u2022 Angelina Keil, Wirtschaftschronik. II. Quartal 2015 \u2022 Mario Holzner, Aufw\u00e4rtstendenz im Westen der MOSOEL \u2022 Martin Falk, Michael Klien, Gerhard Schwarz, Gro\u00dfe Sachg\u00fctererzeuger planen 2015 kr\u00e4ftige Ausweitung der Investitionen. Ergebnisse des WIFO-Investitionstests vom Fr\u00fchjahr 2015 \u2022 Daniela Kletzan-Slamanig, Claudia Kettner, Angela K\u00f6ppl, Ina Meyer, Franz Sinabell, Schl\u00fcsselindikatoren zu Klimawandel und Energiewirtschaft 2015. Sonderthema: Energieeffizienz als Hebel der Dekarbonisierung<\\\/p><p>M3  - WIFO-Schriftenreihen<\\\/p><p>VL  - 88<\\\/p><p>JO  - WIFO-Monatsberichte<\\\/p><p>JF  - WIFO-Monatsberichte<\\\/p><p>ER  - <\\\/p><\\\/div>\"}","scientific_assistance":"[]","scientific_review":"[]","version":"","release_date":null,"expiration_date":null,"surveyor":"","research_assistance":"","edv":"","additional_info_de":"","additional_info_en":""},"yoast_head":"<!-- This site is optimized with the Yoast SEO Premium plugin v28.3 (Yoast SEO v28.3) - https:\/\/yoast.com\/product\/yoast-seo-premium-wordpress\/ -->\n<title>WIFO-Monatsberichte, issue 7\/2015 - WIFO<\/title>\n<meta name=\"robots\" content=\"index, follow, max-snippet:-1, max-image-preview:large, max-video-preview:-1\" \/>\n<link rel=\"canonical\" href=\"https:\/\/www.wifo.ac.at\/en\/publication\/124144\/\" \/>\n<meta property=\"og:locale\" content=\"en_US\" \/>\n<meta property=\"og:type\" content=\"article\" \/>\n<meta property=\"og:title\" content=\"WIFO-Monatsberichte, issue 7\/2015\" \/>\n<meta property=\"og:url\" content=\"https:\/\/www.wifo.ac.at\/en\/publication\/124144\/\" \/>\n<meta property=\"og:site_name\" content=\"WIFO\" \/>\n<meta property=\"article:publisher\" content=\"https:\/\/www.facebook.com\/WIFOat\/\" \/>\n<meta property=\"article:modified_time\" content=\"2024-11-07T04:32:00+00:00\" \/>\n<meta property=\"og:image\" content=\"https:\/\/www.wifo.ac.at\/wp-content\/uploads\/2024\/05\/WIFO-Gebaeude-FotoAlexanderMueller-www.alexandermueller.at-IMG_6326-Bearbeitet-1.jpg\" \/>\n\t<meta property=\"og:image:width\" content=\"1920\" \/>\n\t<meta property=\"og:image:height\" content=\"1280\" \/>\n\t<meta property=\"og:image:type\" content=\"image\/jpeg\" \/>\n<meta name=\"twitter:card\" content=\"summary_large_image\" \/>\n<meta name=\"twitter:site\" content=\"@WIFOat\" \/>\n<script type=\"application\/ld+json\" class=\"yoast-schema-graph\">{\"@context\":\"https:\\\/\\\/schema.org\",\"@graph\":[{\"@type\":\"WebPage\",\"@id\":\"https:\\\/\\\/www.wifo.ac.at\\\/en\\\/publication\\\/124144\\\/\",\"url\":\"https:\\\/\\\/www.wifo.ac.at\\\/en\\\/publication\\\/124144\\\/\",\"name\":\"WIFO-Monatsberichte, issue 7\\\/2015 - WIFO\",\"isPartOf\":{\"@id\":\"https:\\\/\\\/www.wifo.ac.at\\\/en\\\/#website\"},\"datePublished\":\"2024-01-23T07:56:29+00:00\",\"dateModified\":\"2024-11-07T04:32:00+00:00\",\"breadcrumb\":{\"@id\":\"https:\\\/\\\/www.wifo.ac.at\\\/en\\\/publication\\\/124144\\\/#breadcrumb\"},\"inLanguage\":\"en-US\",\"potentialAction\":[{\"@type\":\"ReadAction\",\"target\":[\"https:\\\/\\\/www.wifo.ac.at\\\/en\\\/publication\\\/124144\\\/\"]}]},{\"@type\":\"BreadcrumbList\",\"@id\":\"https:\\\/\\\/www.wifo.ac.at\\\/en\\\/publication\\\/124144\\\/#breadcrumb\",\"itemListElement\":[{\"@type\":\"ListItem\",\"position\":1,\"name\":\"Startseite\",\"item\":\"https:\\\/\\\/www.wifo.ac.at\\\/en\\\/\"},{\"@type\":\"ListItem\",\"position\":2,\"name\":\"WIFO-Monatsberichte, issue 7\\\/2015\"}]},{\"@type\":\"WebSite\",\"@id\":\"https:\\\/\\\/www.wifo.ac.at\\\/en\\\/#website\",\"url\":\"https:\\\/\\\/www.wifo.ac.at\\\/en\\\/\",\"name\":\"\u00d6sterreichisches Institut f\u00fcr Wirtschaftsforschung\",\"description\":\"\",\"publisher\":{\"@id\":\"https:\\\/\\\/www.wifo.ac.at\\\/en\\\/#organization\"},\"alternateName\":\"WIFO\",\"potentialAction\":[{\"@type\":\"SearchAction\",\"target\":{\"@type\":\"EntryPoint\",\"urlTemplate\":\"https:\\\/\\\/www.wifo.ac.at\\\/en\\\/?s={search_term_string}\"},\"query-input\":{\"@type\":\"PropertyValueSpecification\",\"valueRequired\":true,\"valueName\":\"search_term_string\"}}],\"inLanguage\":\"en-US\"},{\"@type\":\"Organization\",\"@id\":\"https:\\\/\\\/www.wifo.ac.at\\\/en\\\/#organization\",\"name\":\"\u00d6sterreichisches Institut f\u00fcr Wirtschaftsforschung\",\"alternateName\":\"WIFO\",\"url\":\"https:\\\/\\\/www.wifo.ac.at\\\/en\\\/\",\"logo\":{\"@type\":\"ImageObject\",\"inLanguage\":\"en-US\",\"@id\":\"https:\\\/\\\/www.wifo.ac.at\\\/en\\\/#\\\/schema\\\/logo\\\/image\\\/\",\"url\":\"https:\\\/\\\/www.wifo.ac.at\\\/wp-content\\\/uploads\\\/2024\\\/05\\\/WIFO_kurz_rechts-2-1920x412.jpg\",\"contentUrl\":\"https:\\\/\\\/www.wifo.ac.at\\\/wp-content\\\/uploads\\\/2024\\\/05\\\/WIFO_kurz_rechts-2-1920x412.jpg\",\"width\":2000,\"height\":429,\"caption\":\"\u00d6sterreichisches Institut f\u00fcr Wirtschaftsforschung\"},\"image\":{\"@id\":\"https:\\\/\\\/www.wifo.ac.at\\\/en\\\/#\\\/schema\\\/logo\\\/image\\\/\"},\"sameAs\":[\"https:\\\/\\\/www.facebook.com\\\/WIFOat\\\/\",\"https:\\\/\\\/x.com\\\/WIFOat\",\"https:\\\/\\\/linkedin.com\\\/company\\\/wifoat\\\/\",\"https:\\\/\\\/www.youtube.com\\\/@WIFO_at\"],\"description\":\"Das WIFO, 1927 von Friedrich August von Hayek und Ludwig von Mises zur Konjunkturanalyse gegr\u00fcndet, ist heute das f\u00fchrende Institut f\u00fcr angewandte empirische Wirtschaftsforschung in \u00d6sterreich mit starkem Engagement auf europ\u00e4ischer Ebene.\",\"email\":\"office@wifo.ac.at\",\"telephone\":\"+43 1 798 26 01 \u2013 0\",\"legalName\":\"\u00d6sterreichisches Institut f\u00fcr Wirtschaftsforschung\",\"foundingDate\":\"1927-01-02\",\"numberOfEmployees\":{\"@type\":\"QuantitativeValue\",\"minValue\":\"51\",\"maxValue\":\"200\"},\"publishingPrinciples\":\"https:\\\/\\\/www.wifo.ac.at\\\/institut\\\/mission-und-strategie\\\/\",\"ownershipFundingInfo\":\"https:\\\/\\\/www.wifo.ac.at\\\/institut\\\/organisation\\\/\",\"actionableFeedbackPolicy\":\"https:\\\/\\\/www.wifo.ac.at\\\/aktuelles\\\/presse\\\/\",\"correctionsPolicy\":\"https:\\\/\\\/www.wifo.ac.at\\\/institut\\\/kontakt\\\/\",\"ethicsPolicy\":\"https:\\\/\\\/www.wifo.ac.at\\\/institut\\\/evidenzbasierung-transparenz-und-unabhaengigkeit\\\/\",\"diversityPolicy\":\"https:\\\/\\\/www.wifo.ac.at\\\/institut\\\/gleichstellung\\\/\",\"diversityStaffingReport\":\"https:\\\/\\\/www.wifo.ac.at\\\/institut\\\/gleichstellung\\\/\"}]}<\/script>\n<!-- \/ Yoast SEO Premium plugin. -->","yoast_head_json":{"title":"WIFO-Monatsberichte, issue 7\/2015 - WIFO","robots":{"index":"index","follow":"follow","max-snippet":"max-snippet:-1","max-image-preview":"max-image-preview:large","max-video-preview":"max-video-preview:-1"},"canonical":"https:\/\/www.wifo.ac.at\/en\/publication\/124144\/","og_locale":"en_US","og_type":"article","og_title":"WIFO-Monatsberichte, issue 7\/2015","og_url":"https:\/\/www.wifo.ac.at\/en\/publication\/124144\/","og_site_name":"WIFO","article_publisher":"https:\/\/www.facebook.com\/WIFOat\/","article_modified_time":"2024-11-07T04:32:00+00:00","og_image":[{"width":1920,"height":1280,"url":"https:\/\/www.wifo.ac.at\/wp-content\/uploads\/2024\/05\/WIFO-Gebaeude-FotoAlexanderMueller-www.alexandermueller.at-IMG_6326-Bearbeitet-1.jpg","type":"image\/jpeg"}],"twitter_card":"summary_large_image","twitter_site":"@WIFOat","schema":{"@context":"https:\/\/schema.org","@graph":[{"@type":"WebPage","@id":"https:\/\/www.wifo.ac.at\/en\/publication\/124144\/","url":"https:\/\/www.wifo.ac.at\/en\/publication\/124144\/","name":"WIFO-Monatsberichte, issue 7\/2015 - WIFO","isPartOf":{"@id":"https:\/\/www.wifo.ac.at\/en\/#website"},"datePublished":"2024-01-23T07:56:29+00:00","dateModified":"2024-11-07T04:32:00+00:00","breadcrumb":{"@id":"https:\/\/www.wifo.ac.at\/en\/publication\/124144\/#breadcrumb"},"inLanguage":"en-US","potentialAction":[{"@type":"ReadAction","target":["https:\/\/www.wifo.ac.at\/en\/publication\/124144\/"]}]},{"@type":"BreadcrumbList","@id":"https:\/\/www.wifo.ac.at\/en\/publication\/124144\/#breadcrumb","itemListElement":[{"@type":"ListItem","position":1,"name":"Startseite","item":"https:\/\/www.wifo.ac.at\/en\/"},{"@type":"ListItem","position":2,"name":"WIFO-Monatsberichte, issue 7\/2015"}]},{"@type":"WebSite","@id":"https:\/\/www.wifo.ac.at\/en\/#website","url":"https:\/\/www.wifo.ac.at\/en\/","name":"\u00d6sterreichisches Institut f\u00fcr Wirtschaftsforschung","description":"","publisher":{"@id":"https:\/\/www.wifo.ac.at\/en\/#organization"},"alternateName":"WIFO","potentialAction":[{"@type":"SearchAction","target":{"@type":"EntryPoint","urlTemplate":"https:\/\/www.wifo.ac.at\/en\/?s={search_term_string}"},"query-input":{"@type":"PropertyValueSpecification","valueRequired":true,"valueName":"search_term_string"}}],"inLanguage":"en-US"},{"@type":"Organization","@id":"https:\/\/www.wifo.ac.at\/en\/#organization","name":"\u00d6sterreichisches Institut f\u00fcr Wirtschaftsforschung","alternateName":"WIFO","url":"https:\/\/www.wifo.ac.at\/en\/","logo":{"@type":"ImageObject","inLanguage":"en-US","@id":"https:\/\/www.wifo.ac.at\/en\/#\/schema\/logo\/image\/","url":"https:\/\/www.wifo.ac.at\/wp-content\/uploads\/2024\/05\/WIFO_kurz_rechts-2-1920x412.jpg","contentUrl":"https:\/\/www.wifo.ac.at\/wp-content\/uploads\/2024\/05\/WIFO_kurz_rechts-2-1920x412.jpg","width":2000,"height":429,"caption":"\u00d6sterreichisches Institut f\u00fcr Wirtschaftsforschung"},"image":{"@id":"https:\/\/www.wifo.ac.at\/en\/#\/schema\/logo\/image\/"},"sameAs":["https:\/\/www.facebook.com\/WIFOat\/","https:\/\/x.com\/WIFOat","https:\/\/linkedin.com\/company\/wifoat\/","https:\/\/www.youtube.com\/@WIFO_at"],"description":"Das WIFO, 1927 von Friedrich August von Hayek und Ludwig von Mises zur Konjunkturanalyse gegr\u00fcndet, ist heute das f\u00fchrende Institut f\u00fcr angewandte empirische Wirtschaftsforschung in \u00d6sterreich mit starkem Engagement auf europ\u00e4ischer Ebene.","email":"office@wifo.ac.at","telephone":"+43 1 798 26 01 \u2013 0","legalName":"\u00d6sterreichisches Institut f\u00fcr Wirtschaftsforschung","foundingDate":"1927-01-02","numberOfEmployees":{"@type":"QuantitativeValue","minValue":"51","maxValue":"200"},"publishingPrinciples":"https:\/\/www.wifo.ac.at\/institut\/mission-und-strategie\/","ownershipFundingInfo":"https:\/\/www.wifo.ac.at\/institut\/organisation\/","actionableFeedbackPolicy":"https:\/\/www.wifo.ac.at\/aktuelles\/presse\/","correctionsPolicy":"https:\/\/www.wifo.ac.at\/institut\/kontakt\/","ethicsPolicy":"https:\/\/www.wifo.ac.at\/institut\/evidenzbasierung-transparenz-und-unabhaengigkeit\/","diversityPolicy":"https:\/\/www.wifo.ac.at\/institut\/gleichstellung\/","diversityStaffingReport":"https:\/\/www.wifo.ac.at\/institut\/gleichstellung\/"}]}},"_links":{"self":[{"href":"https:\/\/www.wifo.ac.at\/en\/wp-json\/wp\/v2\/publication\/124144","targetHints":{"allow":["GET"]}}],"collection":[{"href":"https:\/\/www.wifo.ac.at\/en\/wp-json\/wp\/v2\/publication"}],"about":[{"href":"https:\/\/www.wifo.ac.at\/en\/wp-json\/wp\/v2\/types\/publication"}],"version-history":[{"count":1,"href":"https:\/\/www.wifo.ac.at\/en\/wp-json\/wp\/v2\/publication\/124144\/revisions"}],"predecessor-version":[{"id":363860,"href":"https:\/\/www.wifo.ac.at\/en\/wp-json\/wp\/v2\/publication\/124144\/revisions\/363860"}],"acf:post":[{"embeddable":true,"href":"https:\/\/www.wifo.ac.at\/en\/wp-json\/wp\/v2\/publication_type\/44312"}],"wp:attachment":[{"href":"https:\/\/www.wifo.ac.at\/en\/wp-json\/wp\/v2\/media?parent=124144"}],"curies":[{"name":"wp","href":"https:\/\/api.w.org\/{rel}","templated":true}]}}