{"id":124124,"date":"2024-01-23T08:55:54","date_gmt":"2024-01-23T07:55:54","guid":{"rendered":"https:\/\/www.wifo.ac.at\/publication\/124124\/"},"modified":"2024-11-07T05:31:47","modified_gmt":"2024-11-07T04:31:47","slug":"wifo-monatsberichte-heft-5-2015","status":"publish","type":"publication","link":"https:\/\/www.wifo.ac.at\/en\/publication\/124124\/","title":{"rendered":"WIFO-Monatsberichte, issue 5\/2015"},"content":{"rendered":"","protected":false},"featured_media":0,"template":"","class_list":["post-124124","publication","type-publication","status-publish","hentry"],"acf":{"subtitle":"","text":"Stefan Schiman, World Trade Weak Again at Start of 2015 \u2022 Josef Baumgartner, Margit Schratzenstaller, Editorial \u2022 Margit Schratzenstaller, Tax Reform of 2015-16 \u2013 Measures and Overall Assessment \u2022 Silvia Rocha-Akis, Distributional Effects of the Tax Reform of 2015-16 \u2022 Josef Baumgartner, Serguei Kaniovski, Tax Reform of 2015-16 \u2013 Macroeconomic Effects up to 2019 \u2022 Gerhard Streicher, Using the FIDELIO Model to Estimate the Effects of the Tax Reform 2015-16 on Net Output \u2022 Viktor Steiner, Florian Wakolbinger, Tax Reform 2015-16 and Bracket Creep 2010-2019. A Microsimulation Analysis for Austria \u2022 Simon Loretz, Share of the Cold Progression in the Overall Progression of the Austrian Personal Income Tax \u2022 Anton Rainer, Bracket Creep and its Effect on Tax Receipts Since 2000 \u2022 Michael Christl, D\u00e9nes Kucsera, Will the Tax Reform of 2015-16 Offset the Cumulative Effect of Bracket Creep? \u2022 Paul Eckerstorfer, Friedrich Sindermann, Measuring the Effects of Bracket Creep Since the 2009 Tax Reform. A Comment \u2022 Peter Brandner, Notes on Bracket Creep and How to Compute It","onlinedate":"2016-08-04 02:00:00","lang":"German","publication_series":"","publication_date":"20150501","publication_date_year":"","publication_date_full":false,"publication_num_pages":"132","keywords":"[]","jelcodes":"[]","related_publications":"[]","pdf":363815,"zip":null,"link":"","monthly_report":true,"monthly_report_main":true,"monthly_report_volume":"88","monthly_report_pages":"","monthly_report_pages_sort":"0","issue":"5","journal":"WIFO-Monatsberichte","publisher":"","invisible":false,"external":false,"embargo_date":null,"types":[44312],"research_groups":[],"collaboration":"","persons":[],"persons_data":"[]","clients":[],"subclients":[],"partners":[],"topics":[],"host_publication_title":"","host_publication_subtitle":"","place_of_publication":"","host_publication_editors":"[]","type_description":"","output_media":"","chapter":"","article_number":"","citations":"{\"apa\":\"<div class=\\\"rendering rendering_researchoutput  rendering_researchoutput_apa rendering_contributiontoperiodical rendering_apa rendering_contributiontoperiodical_apa\\\"><span>WIFO<\\\/span> (2015). <span>WIFO-Monatsberichte, Heft 5\\\/2015<\\\/span>. <span><em>WIFO-Monatsberichte<\\\/em><\\\/span>, <em>88<\\\/em>(5). <a onclick=\\\"window.open(this.href, '_blank','noopener,noreferrer'); return false;\\\" href=\\\"https:\\\/\\\/www.wifo.ac.at\\\/wwa\\\/pubid\\\/58944\\\" class=\\\"link\\\"><span>https:\\\/\\\/www.wifo.ac.at\\\/wwa\\\/pubid\\\/58944<\\\/span><\\\/a><\\\/div>\",\"vancouver\":\"<div class=\\\"rendering rendering_researchoutput  rendering_researchoutput_vancouver rendering_contributiontoperiodical rendering_vancouver rendering_contributiontoperiodical_vancouver\\\"><span>WIFO<\\\/span>. <span class=\\\"title\\\"><span>WIFO-Monatsberichte, Heft 5\\\/2015<\\\/span><\\\/span>. <span>WIFO-Monatsberichte<\\\/span>. 2015 May;88(5).<\\\/div>\",\"bibtex\":\"<div class=\\\"rendering rendering_researchoutput  rendering_researchoutput_bibtex rendering_contributiontoperiodical rendering_bibtex rendering_contributiontoperiodical_bibtex\\\"><div>@misc{c47c79c50e774c98bf0a41a393dc1724,<\\\/div><div>  title    = \\\"WIFO-Monatsberichte, Heft 5\\\/2015\\\",<\\\/div><div>  abstract = \\\"Stefan Schiman, Welthandel zu Jahresbeginn 2015 wieder schwach \u2022 Josef Baumgartner, Margit Schratzenstaller, Editorial \u2022 Margit Schratzenstaller, Steuerreform 2015\\\/16 \u2013 Ma{\\\\ss}nahmen und Gesamteinsch{\\\\\\\"a}tzung \u2022 Silvia Rocha-Akis, Verteilungseffekte der Einkommensteuerreform 2015\\\/16 \u2022 Josef Baumgartner, Serguei Kaniovski, Steuerreform 2015\\\/16 \u2013 Gesamtwirtschaftliche Wirkungen bis 2019 \u2022 Gerhard Streicher, Sch{\\\\\\\"a}tzung der Auswirkungen der Steuerreform 2015\\\/16 auf die Wertsch{\\\\\\\"o}pfung mit dem Modell FIDELIO \u2022 Viktor Steiner, Florian Wakolbinger, Steuerreform 2015\\\/16 und kalte Progression 2010\\\/2019. Eine Mikrosimulationsanalyse f{\\\\\\\"u}r {\\\\\\\"O}sterreich \u2022 Simon Loretz, Anteil der kalten Progression an der gesamten Lohnsteuerprogression in {\\\\\\\"O}sterreich \u2022 Anton Rainer, Zur Aufkommenswirkung der kalten Progression seit 2000 \u2022 Michael Christl, D{\\\\'e}nes Kucsera, Gleicht die Steuerreform 2015\\\/16 die kumulierte Wirkung der kalten Progression aus? \u2022 Paul Eckerstorfer, Friedrich Sindermann, Zur Messung der Wirkungen der kalten Progression seit der Steuerreform 2009. Ein Kommentar \u2022 Peter Brandner, Anmerkungen zur kalten Progression und ihrer Berechnung\\\",<\\\/div><div>  author   = \\\"WIFO\\\",<\\\/div><div>  note     = \\\"Ganzes Heft\\\",<\\\/div><div>  year     = \\\"2015\\\",<\\\/div><div>  month    = may,<\\\/div><div>  language = \\\"Deutsch\\\",<\\\/div><div>  volume   = \\\"88\\\",<\\\/div><div>  journal  = \\\"WIFO-Monatsberichte\\\",<\\\/div><p>}<\\\/p><\\\/div>\",\"ris\":\"<div class=\\\"rendering rendering_researchoutput  rendering_researchoutput_ris rendering_contributiontoperiodical rendering_ris rendering_contributiontoperiodical_ris\\\"><p>TY  - GEN<\\\/p><p>T1  - WIFO-Monatsberichte, Heft 5\\\/2015<\\\/p><p>AU  - WIFO, null<\\\/p><p>N1  - Ganzes Heft<\\\/p><p>PY  - 2015\\\/5<\\\/p><p>Y1  - 2015\\\/5<\\\/p><p>N2  - Stefan Schiman, Welthandel zu Jahresbeginn 2015 wieder schwach \u2022 Josef Baumgartner, Margit Schratzenstaller, Editorial \u2022 Margit Schratzenstaller, Steuerreform 2015\\\/16 \u2013 Ma\u00dfnahmen und Gesamteinsch\u00e4tzung \u2022 Silvia Rocha-Akis, Verteilungseffekte der Einkommensteuerreform 2015\\\/16 \u2022 Josef Baumgartner, Serguei Kaniovski, Steuerreform 2015\\\/16 \u2013 Gesamtwirtschaftliche Wirkungen bis 2019 \u2022 Gerhard Streicher, Sch\u00e4tzung der Auswirkungen der Steuerreform 2015\\\/16 auf die Wertsch\u00f6pfung mit dem Modell FIDELIO \u2022 Viktor Steiner, Florian Wakolbinger, Steuerreform 2015\\\/16 und kalte Progression 2010\\\/2019. Eine Mikrosimulationsanalyse f\u00fcr \u00d6sterreich \u2022 Simon Loretz, Anteil der kalten Progression an der gesamten Lohnsteuerprogression in \u00d6sterreich \u2022 Anton Rainer, Zur Aufkommenswirkung der kalten Progression seit 2000 \u2022 Michael Christl, D\u00e9nes Kucsera, Gleicht die Steuerreform 2015\\\/16 die kumulierte Wirkung der kalten Progression aus? \u2022 Paul Eckerstorfer, Friedrich Sindermann, Zur Messung der Wirkungen der kalten Progression seit der Steuerreform 2009. Ein Kommentar \u2022 Peter Brandner, Anmerkungen zur kalten Progression und ihrer Berechnung<\\\/p><p>AB  - Stefan Schiman, Welthandel zu Jahresbeginn 2015 wieder schwach \u2022 Josef Baumgartner, Margit Schratzenstaller, Editorial \u2022 Margit Schratzenstaller, Steuerreform 2015\\\/16 \u2013 Ma\u00dfnahmen und Gesamteinsch\u00e4tzung \u2022 Silvia Rocha-Akis, Verteilungseffekte der Einkommensteuerreform 2015\\\/16 \u2022 Josef Baumgartner, Serguei Kaniovski, Steuerreform 2015\\\/16 \u2013 Gesamtwirtschaftliche Wirkungen bis 2019 \u2022 Gerhard Streicher, Sch\u00e4tzung der Auswirkungen der Steuerreform 2015\\\/16 auf die Wertsch\u00f6pfung mit dem Modell FIDELIO \u2022 Viktor Steiner, Florian Wakolbinger, Steuerreform 2015\\\/16 und kalte Progression 2010\\\/2019. Eine Mikrosimulationsanalyse f\u00fcr \u00d6sterreich \u2022 Simon Loretz, Anteil der kalten Progression an der gesamten Lohnsteuerprogression in \u00d6sterreich \u2022 Anton Rainer, Zur Aufkommenswirkung der kalten Progression seit 2000 \u2022 Michael Christl, D\u00e9nes Kucsera, Gleicht die Steuerreform 2015\\\/16 die kumulierte Wirkung der kalten Progression aus? \u2022 Paul Eckerstorfer, Friedrich Sindermann, Zur Messung der Wirkungen der kalten Progression seit der Steuerreform 2009. Ein Kommentar \u2022 Peter Brandner, Anmerkungen zur kalten Progression und ihrer Berechnung<\\\/p><p>M3  - WIFO-Schriftenreihen<\\\/p><p>VL  - 88<\\\/p><p>JO  - WIFO-Monatsberichte<\\\/p><p>JF  - WIFO-Monatsberichte<\\\/p><p>ER  - <\\\/p><\\\/div>\"}","scientific_assistance":"[]","scientific_review":"[]","version":"","release_date":null,"expiration_date":null,"surveyor":"","research_assistance":"","edv":"","additional_info_de":"","additional_info_en":""},"yoast_head":"<!-- This site is optimized with the Yoast SEO Premium plugin v28.3 (Yoast SEO v28.3) - https:\/\/yoast.com\/product\/yoast-seo-premium-wordpress\/ -->\n<title>WIFO-Monatsberichte, issue 5\/2015 - WIFO<\/title>\n<meta name=\"robots\" content=\"index, follow, max-snippet:-1, max-image-preview:large, max-video-preview:-1\" \/>\n<link rel=\"canonical\" href=\"https:\/\/www.wifo.ac.at\/en\/publication\/124124\/\" \/>\n<meta property=\"og:locale\" content=\"en_US\" \/>\n<meta property=\"og:type\" content=\"article\" \/>\n<meta property=\"og:title\" content=\"WIFO-Monatsberichte, issue 5\/2015\" \/>\n<meta property=\"og:url\" content=\"https:\/\/www.wifo.ac.at\/en\/publication\/124124\/\" \/>\n<meta property=\"og:site_name\" content=\"WIFO\" \/>\n<meta property=\"article:publisher\" content=\"https:\/\/www.facebook.com\/WIFOat\/\" \/>\n<meta property=\"article:modified_time\" content=\"2024-11-07T04:31:47+00:00\" \/>\n<meta property=\"og:image\" content=\"https:\/\/www.wifo.ac.at\/wp-content\/uploads\/2024\/05\/WIFO-Gebaeude-FotoAlexanderMueller-www.alexandermueller.at-IMG_6326-Bearbeitet-1.jpg\" \/>\n\t<meta property=\"og:image:width\" content=\"1920\" \/>\n\t<meta property=\"og:image:height\" content=\"1280\" \/>\n\t<meta property=\"og:image:type\" content=\"image\/jpeg\" \/>\n<meta name=\"twitter:card\" content=\"summary_large_image\" \/>\n<meta name=\"twitter:site\" content=\"@WIFOat\" \/>\n<script type=\"application\/ld+json\" class=\"yoast-schema-graph\">{\"@context\":\"https:\\\/\\\/schema.org\",\"@graph\":[{\"@type\":\"WebPage\",\"@id\":\"https:\\\/\\\/www.wifo.ac.at\\\/en\\\/publication\\\/124124\\\/\",\"url\":\"https:\\\/\\\/www.wifo.ac.at\\\/en\\\/publication\\\/124124\\\/\",\"name\":\"WIFO-Monatsberichte, issue 5\\\/2015 - WIFO\",\"isPartOf\":{\"@id\":\"https:\\\/\\\/www.wifo.ac.at\\\/en\\\/#website\"},\"datePublished\":\"2024-01-23T07:55:54+00:00\",\"dateModified\":\"2024-11-07T04:31:47+00:00\",\"breadcrumb\":{\"@id\":\"https:\\\/\\\/www.wifo.ac.at\\\/en\\\/publication\\\/124124\\\/#breadcrumb\"},\"inLanguage\":\"en-US\",\"potentialAction\":[{\"@type\":\"ReadAction\",\"target\":[\"https:\\\/\\\/www.wifo.ac.at\\\/en\\\/publication\\\/124124\\\/\"]}]},{\"@type\":\"BreadcrumbList\",\"@id\":\"https:\\\/\\\/www.wifo.ac.at\\\/en\\\/publication\\\/124124\\\/#breadcrumb\",\"itemListElement\":[{\"@type\":\"ListItem\",\"position\":1,\"name\":\"Startseite\",\"item\":\"https:\\\/\\\/www.wifo.ac.at\\\/en\\\/\"},{\"@type\":\"ListItem\",\"position\":2,\"name\":\"WIFO-Monatsberichte, issue 5\\\/2015\"}]},{\"@type\":\"WebSite\",\"@id\":\"https:\\\/\\\/www.wifo.ac.at\\\/en\\\/#website\",\"url\":\"https:\\\/\\\/www.wifo.ac.at\\\/en\\\/\",\"name\":\"\u00d6sterreichisches Institut f\u00fcr Wirtschaftsforschung\",\"description\":\"\",\"publisher\":{\"@id\":\"https:\\\/\\\/www.wifo.ac.at\\\/en\\\/#organization\"},\"alternateName\":\"WIFO\",\"potentialAction\":[{\"@type\":\"SearchAction\",\"target\":{\"@type\":\"EntryPoint\",\"urlTemplate\":\"https:\\\/\\\/www.wifo.ac.at\\\/en\\\/?s={search_term_string}\"},\"query-input\":{\"@type\":\"PropertyValueSpecification\",\"valueRequired\":true,\"valueName\":\"search_term_string\"}}],\"inLanguage\":\"en-US\"},{\"@type\":\"Organization\",\"@id\":\"https:\\\/\\\/www.wifo.ac.at\\\/en\\\/#organization\",\"name\":\"\u00d6sterreichisches Institut f\u00fcr Wirtschaftsforschung\",\"alternateName\":\"WIFO\",\"url\":\"https:\\\/\\\/www.wifo.ac.at\\\/en\\\/\",\"logo\":{\"@type\":\"ImageObject\",\"inLanguage\":\"en-US\",\"@id\":\"https:\\\/\\\/www.wifo.ac.at\\\/en\\\/#\\\/schema\\\/logo\\\/image\\\/\",\"url\":\"https:\\\/\\\/www.wifo.ac.at\\\/wp-content\\\/uploads\\\/2024\\\/05\\\/WIFO_kurz_rechts-2-1920x412.jpg\",\"contentUrl\":\"https:\\\/\\\/www.wifo.ac.at\\\/wp-content\\\/uploads\\\/2024\\\/05\\\/WIFO_kurz_rechts-2-1920x412.jpg\",\"width\":2000,\"height\":429,\"caption\":\"\u00d6sterreichisches Institut f\u00fcr Wirtschaftsforschung\"},\"image\":{\"@id\":\"https:\\\/\\\/www.wifo.ac.at\\\/en\\\/#\\\/schema\\\/logo\\\/image\\\/\"},\"sameAs\":[\"https:\\\/\\\/www.facebook.com\\\/WIFOat\\\/\",\"https:\\\/\\\/x.com\\\/WIFOat\",\"https:\\\/\\\/linkedin.com\\\/company\\\/wifoat\\\/\",\"https:\\\/\\\/www.youtube.com\\\/@WIFO_at\"],\"description\":\"Das WIFO, 1927 von Friedrich August von Hayek und Ludwig von Mises zur Konjunkturanalyse gegr\u00fcndet, ist heute das f\u00fchrende Institut f\u00fcr angewandte empirische Wirtschaftsforschung in \u00d6sterreich mit starkem Engagement auf europ\u00e4ischer Ebene.\",\"email\":\"office@wifo.ac.at\",\"telephone\":\"+43 1 798 26 01 \u2013 0\",\"legalName\":\"\u00d6sterreichisches Institut f\u00fcr Wirtschaftsforschung\",\"foundingDate\":\"1927-01-02\",\"numberOfEmployees\":{\"@type\":\"QuantitativeValue\",\"minValue\":\"51\",\"maxValue\":\"200\"},\"publishingPrinciples\":\"https:\\\/\\\/www.wifo.ac.at\\\/institut\\\/mission-und-strategie\\\/\",\"ownershipFundingInfo\":\"https:\\\/\\\/www.wifo.ac.at\\\/institut\\\/organisation\\\/\",\"actionableFeedbackPolicy\":\"https:\\\/\\\/www.wifo.ac.at\\\/aktuelles\\\/presse\\\/\",\"correctionsPolicy\":\"https:\\\/\\\/www.wifo.ac.at\\\/institut\\\/kontakt\\\/\",\"ethicsPolicy\":\"https:\\\/\\\/www.wifo.ac.at\\\/institut\\\/evidenzbasierung-transparenz-und-unabhaengigkeit\\\/\",\"diversityPolicy\":\"https:\\\/\\\/www.wifo.ac.at\\\/institut\\\/gleichstellung\\\/\",\"diversityStaffingReport\":\"https:\\\/\\\/www.wifo.ac.at\\\/institut\\\/gleichstellung\\\/\"}]}<\/script>\n<!-- \/ Yoast SEO Premium plugin. -->","yoast_head_json":{"title":"WIFO-Monatsberichte, issue 5\/2015 - WIFO","robots":{"index":"index","follow":"follow","max-snippet":"max-snippet:-1","max-image-preview":"max-image-preview:large","max-video-preview":"max-video-preview:-1"},"canonical":"https:\/\/www.wifo.ac.at\/en\/publication\/124124\/","og_locale":"en_US","og_type":"article","og_title":"WIFO-Monatsberichte, issue 5\/2015","og_url":"https:\/\/www.wifo.ac.at\/en\/publication\/124124\/","og_site_name":"WIFO","article_publisher":"https:\/\/www.facebook.com\/WIFOat\/","article_modified_time":"2024-11-07T04:31:47+00:00","og_image":[{"width":1920,"height":1280,"url":"https:\/\/www.wifo.ac.at\/wp-content\/uploads\/2024\/05\/WIFO-Gebaeude-FotoAlexanderMueller-www.alexandermueller.at-IMG_6326-Bearbeitet-1.jpg","type":"image\/jpeg"}],"twitter_card":"summary_large_image","twitter_site":"@WIFOat","schema":{"@context":"https:\/\/schema.org","@graph":[{"@type":"WebPage","@id":"https:\/\/www.wifo.ac.at\/en\/publication\/124124\/","url":"https:\/\/www.wifo.ac.at\/en\/publication\/124124\/","name":"WIFO-Monatsberichte, issue 5\/2015 - WIFO","isPartOf":{"@id":"https:\/\/www.wifo.ac.at\/en\/#website"},"datePublished":"2024-01-23T07:55:54+00:00","dateModified":"2024-11-07T04:31:47+00:00","breadcrumb":{"@id":"https:\/\/www.wifo.ac.at\/en\/publication\/124124\/#breadcrumb"},"inLanguage":"en-US","potentialAction":[{"@type":"ReadAction","target":["https:\/\/www.wifo.ac.at\/en\/publication\/124124\/"]}]},{"@type":"BreadcrumbList","@id":"https:\/\/www.wifo.ac.at\/en\/publication\/124124\/#breadcrumb","itemListElement":[{"@type":"ListItem","position":1,"name":"Startseite","item":"https:\/\/www.wifo.ac.at\/en\/"},{"@type":"ListItem","position":2,"name":"WIFO-Monatsberichte, issue 5\/2015"}]},{"@type":"WebSite","@id":"https:\/\/www.wifo.ac.at\/en\/#website","url":"https:\/\/www.wifo.ac.at\/en\/","name":"\u00d6sterreichisches Institut f\u00fcr Wirtschaftsforschung","description":"","publisher":{"@id":"https:\/\/www.wifo.ac.at\/en\/#organization"},"alternateName":"WIFO","potentialAction":[{"@type":"SearchAction","target":{"@type":"EntryPoint","urlTemplate":"https:\/\/www.wifo.ac.at\/en\/?s={search_term_string}"},"query-input":{"@type":"PropertyValueSpecification","valueRequired":true,"valueName":"search_term_string"}}],"inLanguage":"en-US"},{"@type":"Organization","@id":"https:\/\/www.wifo.ac.at\/en\/#organization","name":"\u00d6sterreichisches Institut f\u00fcr Wirtschaftsforschung","alternateName":"WIFO","url":"https:\/\/www.wifo.ac.at\/en\/","logo":{"@type":"ImageObject","inLanguage":"en-US","@id":"https:\/\/www.wifo.ac.at\/en\/#\/schema\/logo\/image\/","url":"https:\/\/www.wifo.ac.at\/wp-content\/uploads\/2024\/05\/WIFO_kurz_rechts-2-1920x412.jpg","contentUrl":"https:\/\/www.wifo.ac.at\/wp-content\/uploads\/2024\/05\/WIFO_kurz_rechts-2-1920x412.jpg","width":2000,"height":429,"caption":"\u00d6sterreichisches Institut f\u00fcr Wirtschaftsforschung"},"image":{"@id":"https:\/\/www.wifo.ac.at\/en\/#\/schema\/logo\/image\/"},"sameAs":["https:\/\/www.facebook.com\/WIFOat\/","https:\/\/x.com\/WIFOat","https:\/\/linkedin.com\/company\/wifoat\/","https:\/\/www.youtube.com\/@WIFO_at"],"description":"Das WIFO, 1927 von Friedrich August von Hayek und Ludwig von Mises zur Konjunkturanalyse gegr\u00fcndet, ist heute das f\u00fchrende Institut f\u00fcr angewandte empirische Wirtschaftsforschung in \u00d6sterreich mit starkem Engagement auf europ\u00e4ischer Ebene.","email":"office@wifo.ac.at","telephone":"+43 1 798 26 01 \u2013 0","legalName":"\u00d6sterreichisches Institut f\u00fcr Wirtschaftsforschung","foundingDate":"1927-01-02","numberOfEmployees":{"@type":"QuantitativeValue","minValue":"51","maxValue":"200"},"publishingPrinciples":"https:\/\/www.wifo.ac.at\/institut\/mission-und-strategie\/","ownershipFundingInfo":"https:\/\/www.wifo.ac.at\/institut\/organisation\/","actionableFeedbackPolicy":"https:\/\/www.wifo.ac.at\/aktuelles\/presse\/","correctionsPolicy":"https:\/\/www.wifo.ac.at\/institut\/kontakt\/","ethicsPolicy":"https:\/\/www.wifo.ac.at\/institut\/evidenzbasierung-transparenz-und-unabhaengigkeit\/","diversityPolicy":"https:\/\/www.wifo.ac.at\/institut\/gleichstellung\/","diversityStaffingReport":"https:\/\/www.wifo.ac.at\/institut\/gleichstellung\/"}]}},"_links":{"self":[{"href":"https:\/\/www.wifo.ac.at\/en\/wp-json\/wp\/v2\/publication\/124124","targetHints":{"allow":["GET"]}}],"collection":[{"href":"https:\/\/www.wifo.ac.at\/en\/wp-json\/wp\/v2\/publication"}],"about":[{"href":"https:\/\/www.wifo.ac.at\/en\/wp-json\/wp\/v2\/types\/publication"}],"version-history":[{"count":1,"href":"https:\/\/www.wifo.ac.at\/en\/wp-json\/wp\/v2\/publication\/124124\/revisions"}],"predecessor-version":[{"id":363803,"href":"https:\/\/www.wifo.ac.at\/en\/wp-json\/wp\/v2\/publication\/124124\/revisions\/363803"}],"acf:post":[{"embeddable":true,"href":"https:\/\/www.wifo.ac.at\/en\/wp-json\/wp\/v2\/publication_type\/44312"}],"wp:attachment":[{"href":"https:\/\/www.wifo.ac.at\/en\/wp-json\/wp\/v2\/media?parent=124124"}],"curies":[{"name":"wp","href":"https:\/\/api.w.org\/{rel}","templated":true}]}}