{"id":117304,"date":"2024-01-22T20:26:07","date_gmt":"2024-01-22T19:26:07","guid":{"rendered":"https:\/\/www.wifo.ac.at\/publication\/117304\/"},"modified":"2024-11-07T04:46:03","modified_gmt":"2024-11-07T03:46:03","slug":"reform-des-fiskalischen-ausgleichs-in-oesterreich-staerkere-bezugnahme-auf-die-aufgaben-von-laendern-und-gemeinden","status":"publish","type":"publication","link":"https:\/\/www.wifo.ac.at\/en\/publication\/117304\/","title":{"rendered":"Reform of Fiscal Equalisation in Austria: Stronger Reference to Regional and Municipal Tasks"},"content":{"rendered":"","protected":false},"featured_media":0,"template":"","class_list":["post-117304","publication","type-publication","status-publish","hentry"],"acf":{"subtitle":"","text":"The current system of fiscal equalisation mainly allocates revenues from federal taxes to the community based on the population size indicator. This method does not sufficiently take into account the special charges that fall upon the L\u00e4nder and municipalities as a result of their tasks. Additional indicators reflecting demographic, socio-economic, geographical and topographical conditions would be of use. In examining the tasks carried out at the level of the L\u00e4nder and municipalities, one finds that these are significantly influenced by existing structures. In particular, demographic and socio-economic influences have a significant impact on the resources required. In international comparison, many countries base their fiscal equalisation on criteria that go beyond the size of the population.","onlinedate":"2012-12-19 01:00:00","lang":"German","publication_series":"","publication_date":"20121201","publication_date_year":"","publication_date_full":false,"publication_num_pages":"","keywords":"[\"Aufgaben Ausgaben Gemeinden\"]","jelcodes":"[]","related_publications":"[]","pdf":346473,"zip":null,"link":"","monthly_report":true,"monthly_report_main":false,"monthly_report_volume":"85","monthly_report_pages":"931-941","monthly_report_pages_sort":"931","issue":"12","journal":"WIFO-Monatsberichte","publisher":"","invisible":false,"external":false,"embargo_date":null,"types":[44312],"research_groups":[3500],"collaboration":"","persons":[13737,12537],"persons_data":"[{\"personId\":13737,\"personName\":\"Ludwig Strohner\",\"organisationNames\":[]},{\"personId\":12537,\"personName\":\"Ulrich Schuh\",\"organisationNames\":[\"EcoAustria\"]}]","clients":[],"subclients":[],"partners":[],"topics":[],"host_publication_title":"","host_publication_subtitle":"","place_of_publication":"","host_publication_editors":"[]","type_description":"","output_media":"","chapter":"","article_number":"","citations":"{\"apa\":\"<div class=\\\"rendering rendering_researchoutput  rendering_researchoutput_apa rendering_contributiontoperiodical rendering_apa rendering_contributiontoperiodical_apa\\\">Strohner, L., &amp; Schuh, U. (2012). <span>Reform des fiskalischen Ausgleichs in \u00d6sterreich: St\u00e4rkere Bezugnahme auf die Aufgaben von L\u00e4ndern und Gemeinden<\\\/span>. <span><em>WIFO-Monatsberichte<\\\/em><\\\/span>, <em>85<\\\/em>(12), 931-941.<\\\/div>\",\"vancouver\":\"<div class=\\\"rendering rendering_researchoutput  rendering_researchoutput_vancouver rendering_contributiontoperiodical rendering_vancouver rendering_contributiontoperiodical_vancouver\\\">Strohner L, Schuh U. <span class=\\\"title\\\"><span>Reform des fiskalischen Ausgleichs in \u00d6sterreich: St\u00e4rkere Bezugnahme auf die Aufgaben von L\u00e4ndern und Gemeinden<\\\/span><\\\/span>. <span>WIFO-Monatsberichte<\\\/span>. 2012 Dec;85(12):931-941.<\\\/div>\",\"bibtex\":\"<div class=\\\"rendering rendering_researchoutput  rendering_researchoutput_bibtex rendering_contributiontoperiodical rendering_bibtex rendering_contributiontoperiodical_bibtex\\\"><div>@misc{ad1ea2cb5f33494794a60750e5261424,<\\\/div><div>  title    = \\\"Reform des fiskalischen Ausgleichs in {\\\\\\\"O}sterreich: St{\\\\\\\"a}rkere Bezugnahme auf die Aufgaben von L{\\\\\\\"a}ndern und Gemeinden\\\",<\\\/div><div>  abstract = \\\"Der hohe Stellenwert des Steuerverbundes zur Finanzierung der Aufgaben von L{\\\\\\\"a}ndern und Gemeinden ist ein wesentliches Charakteristikum des {\\\\\\\"o}sterreichischen Finanzausgleiches. Im Grundsatz basiert die Verteilung der Mittel derzeit auf L{\\\\\\\"a}nderebene auf der Bev{\\\\\\\"o}lkerungszahl und auf Gemeindeebene auf dem abgestuften Bev{\\\\\\\"o}lkerungsschl{\\\\\\\"u}ssel. Die gegenw{\\\\\\\"a}rtige Systematik der Mittelverteilung wird vermehrt kritisch hinterfragt. Problematisch erscheint, dass die Bev{\\\\\\\"o}lkerungszahl nicht ausreichend mit der Belastung durch zugeordnete Aufgaben korreliert. Zus{\\\\\\\"a}tzliche Indikatoren sind deshalb f{\\\\\\\"u}r die horizontale Mittelzuteilung bei der derzeitigen Aufgabenverteilung sinnvoll.\\\",<\\\/div><div>  keywords = \\\"Aufgaben Ausgaben Gemeinden, Aufgaben Ausgaben Gemeinden\\\",<\\\/div><div>  author   = \\\"Ludwig Strohner and Ulrich Schuh\\\",<\\\/div><div>  note     = \\\"Finanzausgleich: Aufgabenorientierung\\\",<\\\/div><div>  year     = \\\"2012\\\",<\\\/div><div>  month    = dec,<\\\/div><div>  language = \\\"Deutsch\\\",<\\\/div><div>  volume   = \\\"85\\\",<\\\/div><div>  pages    = \\\"931--941\\\",<\\\/div><div>  journal  = \\\"WIFO-Monatsberichte\\\",<\\\/div><p>}<\\\/p><\\\/div>\",\"ris\":\"<div class=\\\"rendering rendering_researchoutput  rendering_researchoutput_ris rendering_contributiontoperiodical rendering_ris rendering_contributiontoperiodical_ris\\\"><p>TY  - GEN<\\\/p><p>T1  - Reform des fiskalischen Ausgleichs in \u00d6sterreich: St\u00e4rkere Bezugnahme auf die Aufgaben von L\u00e4ndern und Gemeinden<\\\/p><p>AU  - Strohner, Ludwig<\\\/p><p>AU  - Schuh, Ulrich<\\\/p><p>N1  - Finanzausgleich: Aufgabenorientierung<\\\/p><p>PY  - 2012\\\/12<\\\/p><p>Y1  - 2012\\\/12<\\\/p><p>N2  - Der hohe Stellenwert des Steuerverbundes zur Finanzierung der Aufgaben von L\u00e4ndern und Gemeinden ist ein wesentliches Charakteristikum des \u00f6sterreichischen Finanzausgleiches. Im Grundsatz basiert die Verteilung der Mittel derzeit auf L\u00e4nderebene auf der Bev\u00f6lkerungszahl und auf Gemeindeebene auf dem abgestuften Bev\u00f6lkerungsschl\u00fcssel. Die gegenw\u00e4rtige Systematik der Mittelverteilung wird vermehrt kritisch hinterfragt. Problematisch erscheint, dass die Bev\u00f6lkerungszahl nicht ausreichend mit der Belastung durch zugeordnete Aufgaben korreliert. Zus\u00e4tzliche Indikatoren sind deshalb f\u00fcr die horizontale Mittelzuteilung bei der derzeitigen Aufgabenverteilung sinnvoll.<\\\/p><p>AB  - Der hohe Stellenwert des Steuerverbundes zur Finanzierung der Aufgaben von L\u00e4ndern und Gemeinden ist ein wesentliches Charakteristikum des \u00f6sterreichischen Finanzausgleiches. Im Grundsatz basiert die Verteilung der Mittel derzeit auf L\u00e4nderebene auf der Bev\u00f6lkerungszahl und auf Gemeindeebene auf dem abgestuften Bev\u00f6lkerungsschl\u00fcssel. Die gegenw\u00e4rtige Systematik der Mittelverteilung wird vermehrt kritisch hinterfragt. Problematisch erscheint, dass die Bev\u00f6lkerungszahl nicht ausreichend mit der Belastung durch zugeordnete Aufgaben korreliert. Zus\u00e4tzliche Indikatoren sind deshalb f\u00fcr die horizontale Mittelzuteilung bei der derzeitigen Aufgabenverteilung sinnvoll.<\\\/p><p>KW  - Aufgaben Ausgaben Gemeinden<\\\/p><p>KW  - Aufgaben Ausgaben Gemeinden<\\\/p><p>M3  - WIFO-Schriftenreihen<\\\/p><p>VL  - 85<\\\/p><p>SP  - 931<\\\/p><p>EP  - 941<\\\/p><p>JO  - WIFO-Monatsberichte<\\\/p><p>JF  - WIFO-Monatsberichte<\\\/p><p>ER  - <\\\/p><\\\/div>\"}","scientific_assistance":"[]","scientific_review":"[]","version":"","release_date":null,"expiration_date":null,"surveyor":"","research_assistance":"","edv":"","additional_info_de":"","additional_info_en":""},"yoast_head":"<!-- This site is optimized with the Yoast SEO Premium plugin v28.3 (Yoast SEO v28.3) - https:\/\/yoast.com\/product\/yoast-seo-premium-wordpress\/ -->\n<title>Reform of Fiscal Equalisation in Austria: Stronger Reference to Regional and Municipal Tasks - WIFO<\/title>\n<meta name=\"robots\" content=\"index, follow, max-snippet:-1, max-image-preview:large, max-video-preview:-1\" \/>\n<link rel=\"canonical\" href=\"https:\/\/www.wifo.ac.at\/en\/publication\/117304\/\" \/>\n<meta property=\"og:locale\" content=\"en_US\" \/>\n<meta property=\"og:type\" content=\"article\" \/>\n<meta property=\"og:title\" content=\"Reform of Fiscal Equalisation in Austria: Stronger Reference to Regional and Municipal Tasks\" \/>\n<meta property=\"og:url\" content=\"https:\/\/www.wifo.ac.at\/en\/publication\/117304\/\" \/>\n<meta property=\"og:site_name\" content=\"WIFO\" \/>\n<meta property=\"article:publisher\" content=\"https:\/\/www.facebook.com\/WIFOat\/\" \/>\n<meta property=\"article:modified_time\" content=\"2024-11-07T03:46:03+00:00\" \/>\n<meta property=\"og:image\" content=\"https:\/\/www.wifo.ac.at\/wp-content\/uploads\/2024\/05\/WIFO-Gebaeude-FotoAlexanderMueller-www.alexandermueller.at-IMG_6326-Bearbeitet-1.jpg\" \/>\n\t<meta property=\"og:image:width\" content=\"1920\" \/>\n\t<meta property=\"og:image:height\" content=\"1280\" \/>\n\t<meta property=\"og:image:type\" content=\"image\/jpeg\" \/>\n<meta name=\"twitter:card\" content=\"summary_large_image\" \/>\n<meta name=\"twitter:site\" content=\"@WIFOat\" \/>\n<script type=\"application\/ld+json\" class=\"yoast-schema-graph\">{\"@context\":\"https:\\\/\\\/schema.org\",\"@graph\":[{\"@type\":\"WebPage\",\"@id\":\"https:\\\/\\\/www.wifo.ac.at\\\/en\\\/publication\\\/117304\\\/\",\"url\":\"https:\\\/\\\/www.wifo.ac.at\\\/en\\\/publication\\\/117304\\\/\",\"name\":\"Reform of Fiscal Equalisation in Austria: Stronger Reference to Regional and Municipal Tasks - WIFO\",\"isPartOf\":{\"@id\":\"https:\\\/\\\/www.wifo.ac.at\\\/en\\\/#website\"},\"datePublished\":\"2024-01-22T19:26:07+00:00\",\"dateModified\":\"2024-11-07T03:46:03+00:00\",\"breadcrumb\":{\"@id\":\"https:\\\/\\\/www.wifo.ac.at\\\/en\\\/publication\\\/117304\\\/#breadcrumb\"},\"inLanguage\":\"en-US\",\"potentialAction\":[{\"@type\":\"ReadAction\",\"target\":[\"https:\\\/\\\/www.wifo.ac.at\\\/en\\\/publication\\\/117304\\\/\"]}]},{\"@type\":\"BreadcrumbList\",\"@id\":\"https:\\\/\\\/www.wifo.ac.at\\\/en\\\/publication\\\/117304\\\/#breadcrumb\",\"itemListElement\":[{\"@type\":\"ListItem\",\"position\":1,\"name\":\"Startseite\",\"item\":\"https:\\\/\\\/www.wifo.ac.at\\\/en\\\/\"},{\"@type\":\"ListItem\",\"position\":2,\"name\":\"Reform of Fiscal Equalisation in Austria: Stronger Reference to Regional and Municipal Tasks\"}]},{\"@type\":\"WebSite\",\"@id\":\"https:\\\/\\\/www.wifo.ac.at\\\/en\\\/#website\",\"url\":\"https:\\\/\\\/www.wifo.ac.at\\\/en\\\/\",\"name\":\"\u00d6sterreichisches Institut f\u00fcr Wirtschaftsforschung\",\"description\":\"\",\"publisher\":{\"@id\":\"https:\\\/\\\/www.wifo.ac.at\\\/en\\\/#organization\"},\"alternateName\":\"WIFO\",\"potentialAction\":[{\"@type\":\"SearchAction\",\"target\":{\"@type\":\"EntryPoint\",\"urlTemplate\":\"https:\\\/\\\/www.wifo.ac.at\\\/en\\\/?s={search_term_string}\"},\"query-input\":{\"@type\":\"PropertyValueSpecification\",\"valueRequired\":true,\"valueName\":\"search_term_string\"}}],\"inLanguage\":\"en-US\"},{\"@type\":\"Organization\",\"@id\":\"https:\\\/\\\/www.wifo.ac.at\\\/en\\\/#organization\",\"name\":\"\u00d6sterreichisches Institut f\u00fcr Wirtschaftsforschung\",\"alternateName\":\"WIFO\",\"url\":\"https:\\\/\\\/www.wifo.ac.at\\\/en\\\/\",\"logo\":{\"@type\":\"ImageObject\",\"inLanguage\":\"en-US\",\"@id\":\"https:\\\/\\\/www.wifo.ac.at\\\/en\\\/#\\\/schema\\\/logo\\\/image\\\/\",\"url\":\"https:\\\/\\\/www.wifo.ac.at\\\/wp-content\\\/uploads\\\/2024\\\/05\\\/WIFO_kurz_rechts-2-1920x412.jpg\",\"contentUrl\":\"https:\\\/\\\/www.wifo.ac.at\\\/wp-content\\\/uploads\\\/2024\\\/05\\\/WIFO_kurz_rechts-2-1920x412.jpg\",\"width\":2000,\"height\":429,\"caption\":\"\u00d6sterreichisches Institut f\u00fcr Wirtschaftsforschung\"},\"image\":{\"@id\":\"https:\\\/\\\/www.wifo.ac.at\\\/en\\\/#\\\/schema\\\/logo\\\/image\\\/\"},\"sameAs\":[\"https:\\\/\\\/www.facebook.com\\\/WIFOat\\\/\",\"https:\\\/\\\/x.com\\\/WIFOat\",\"https:\\\/\\\/linkedin.com\\\/company\\\/wifoat\\\/\",\"https:\\\/\\\/www.youtube.com\\\/@WIFO_at\"],\"description\":\"Das WIFO, 1927 von Friedrich August von Hayek und Ludwig von Mises zur Konjunkturanalyse gegr\u00fcndet, ist heute das f\u00fchrende Institut f\u00fcr angewandte empirische Wirtschaftsforschung in \u00d6sterreich mit starkem Engagement auf europ\u00e4ischer Ebene.\",\"email\":\"office@wifo.ac.at\",\"telephone\":\"+43 1 798 26 01 \u2013 0\",\"legalName\":\"\u00d6sterreichisches Institut f\u00fcr Wirtschaftsforschung\",\"foundingDate\":\"1927-01-02\",\"numberOfEmployees\":{\"@type\":\"QuantitativeValue\",\"minValue\":\"51\",\"maxValue\":\"200\"},\"publishingPrinciples\":\"https:\\\/\\\/www.wifo.ac.at\\\/institut\\\/mission-und-strategie\\\/\",\"ownershipFundingInfo\":\"https:\\\/\\\/www.wifo.ac.at\\\/institut\\\/organisation\\\/\",\"actionableFeedbackPolicy\":\"https:\\\/\\\/www.wifo.ac.at\\\/aktuelles\\\/presse\\\/\",\"correctionsPolicy\":\"https:\\\/\\\/www.wifo.ac.at\\\/institut\\\/kontakt\\\/\",\"ethicsPolicy\":\"https:\\\/\\\/www.wifo.ac.at\\\/institut\\\/evidenzbasierung-transparenz-und-unabhaengigkeit\\\/\",\"diversityPolicy\":\"https:\\\/\\\/www.wifo.ac.at\\\/institut\\\/gleichstellung\\\/\",\"diversityStaffingReport\":\"https:\\\/\\\/www.wifo.ac.at\\\/institut\\\/gleichstellung\\\/\"}]}<\/script>\n<!-- \/ Yoast SEO Premium plugin. -->","yoast_head_json":{"title":"Reform of Fiscal Equalisation in Austria: Stronger Reference to Regional and Municipal Tasks - WIFO","robots":{"index":"index","follow":"follow","max-snippet":"max-snippet:-1","max-image-preview":"max-image-preview:large","max-video-preview":"max-video-preview:-1"},"canonical":"https:\/\/www.wifo.ac.at\/en\/publication\/117304\/","og_locale":"en_US","og_type":"article","og_title":"Reform of Fiscal Equalisation in Austria: Stronger Reference to Regional and Municipal Tasks","og_url":"https:\/\/www.wifo.ac.at\/en\/publication\/117304\/","og_site_name":"WIFO","article_publisher":"https:\/\/www.facebook.com\/WIFOat\/","article_modified_time":"2024-11-07T03:46:03+00:00","og_image":[{"width":1920,"height":1280,"url":"https:\/\/www.wifo.ac.at\/wp-content\/uploads\/2024\/05\/WIFO-Gebaeude-FotoAlexanderMueller-www.alexandermueller.at-IMG_6326-Bearbeitet-1.jpg","type":"image\/jpeg"}],"twitter_card":"summary_large_image","twitter_site":"@WIFOat","schema":{"@context":"https:\/\/schema.org","@graph":[{"@type":"WebPage","@id":"https:\/\/www.wifo.ac.at\/en\/publication\/117304\/","url":"https:\/\/www.wifo.ac.at\/en\/publication\/117304\/","name":"Reform of Fiscal Equalisation in Austria: Stronger Reference to Regional and Municipal Tasks - WIFO","isPartOf":{"@id":"https:\/\/www.wifo.ac.at\/en\/#website"},"datePublished":"2024-01-22T19:26:07+00:00","dateModified":"2024-11-07T03:46:03+00:00","breadcrumb":{"@id":"https:\/\/www.wifo.ac.at\/en\/publication\/117304\/#breadcrumb"},"inLanguage":"en-US","potentialAction":[{"@type":"ReadAction","target":["https:\/\/www.wifo.ac.at\/en\/publication\/117304\/"]}]},{"@type":"BreadcrumbList","@id":"https:\/\/www.wifo.ac.at\/en\/publication\/117304\/#breadcrumb","itemListElement":[{"@type":"ListItem","position":1,"name":"Startseite","item":"https:\/\/www.wifo.ac.at\/en\/"},{"@type":"ListItem","position":2,"name":"Reform of Fiscal Equalisation in Austria: Stronger Reference to Regional and Municipal Tasks"}]},{"@type":"WebSite","@id":"https:\/\/www.wifo.ac.at\/en\/#website","url":"https:\/\/www.wifo.ac.at\/en\/","name":"\u00d6sterreichisches Institut f\u00fcr Wirtschaftsforschung","description":"","publisher":{"@id":"https:\/\/www.wifo.ac.at\/en\/#organization"},"alternateName":"WIFO","potentialAction":[{"@type":"SearchAction","target":{"@type":"EntryPoint","urlTemplate":"https:\/\/www.wifo.ac.at\/en\/?s={search_term_string}"},"query-input":{"@type":"PropertyValueSpecification","valueRequired":true,"valueName":"search_term_string"}}],"inLanguage":"en-US"},{"@type":"Organization","@id":"https:\/\/www.wifo.ac.at\/en\/#organization","name":"\u00d6sterreichisches Institut f\u00fcr Wirtschaftsforschung","alternateName":"WIFO","url":"https:\/\/www.wifo.ac.at\/en\/","logo":{"@type":"ImageObject","inLanguage":"en-US","@id":"https:\/\/www.wifo.ac.at\/en\/#\/schema\/logo\/image\/","url":"https:\/\/www.wifo.ac.at\/wp-content\/uploads\/2024\/05\/WIFO_kurz_rechts-2-1920x412.jpg","contentUrl":"https:\/\/www.wifo.ac.at\/wp-content\/uploads\/2024\/05\/WIFO_kurz_rechts-2-1920x412.jpg","width":2000,"height":429,"caption":"\u00d6sterreichisches Institut f\u00fcr Wirtschaftsforschung"},"image":{"@id":"https:\/\/www.wifo.ac.at\/en\/#\/schema\/logo\/image\/"},"sameAs":["https:\/\/www.facebook.com\/WIFOat\/","https:\/\/x.com\/WIFOat","https:\/\/linkedin.com\/company\/wifoat\/","https:\/\/www.youtube.com\/@WIFO_at"],"description":"Das WIFO, 1927 von Friedrich August von Hayek und Ludwig von Mises zur Konjunkturanalyse gegr\u00fcndet, ist heute das f\u00fchrende Institut f\u00fcr angewandte empirische Wirtschaftsforschung in \u00d6sterreich mit starkem Engagement auf europ\u00e4ischer Ebene.","email":"office@wifo.ac.at","telephone":"+43 1 798 26 01 \u2013 0","legalName":"\u00d6sterreichisches Institut f\u00fcr Wirtschaftsforschung","foundingDate":"1927-01-02","numberOfEmployees":{"@type":"QuantitativeValue","minValue":"51","maxValue":"200"},"publishingPrinciples":"https:\/\/www.wifo.ac.at\/institut\/mission-und-strategie\/","ownershipFundingInfo":"https:\/\/www.wifo.ac.at\/institut\/organisation\/","actionableFeedbackPolicy":"https:\/\/www.wifo.ac.at\/aktuelles\/presse\/","correctionsPolicy":"https:\/\/www.wifo.ac.at\/institut\/kontakt\/","ethicsPolicy":"https:\/\/www.wifo.ac.at\/institut\/evidenzbasierung-transparenz-und-unabhaengigkeit\/","diversityPolicy":"https:\/\/www.wifo.ac.at\/institut\/gleichstellung\/","diversityStaffingReport":"https:\/\/www.wifo.ac.at\/institut\/gleichstellung\/"}]}},"_links":{"self":[{"href":"https:\/\/www.wifo.ac.at\/en\/wp-json\/wp\/v2\/publication\/117304","targetHints":{"allow":["GET"]}}],"collection":[{"href":"https:\/\/www.wifo.ac.at\/en\/wp-json\/wp\/v2\/publication"}],"about":[{"href":"https:\/\/www.wifo.ac.at\/en\/wp-json\/wp\/v2\/types\/publication"}],"version-history":[{"count":1,"href":"https:\/\/www.wifo.ac.at\/en\/wp-json\/wp\/v2\/publication\/117304\/revisions"}],"predecessor-version":[{"id":346460,"href":"https:\/\/www.wifo.ac.at\/en\/wp-json\/wp\/v2\/publication\/117304\/revisions\/346460"}],"acf:post":[{"embeddable":true,"href":"https:\/\/www.wifo.ac.at\/en\/wp-json\/wp\/v2\/external_person\/12537"},{"embeddable":true,"href":"https:\/\/www.wifo.ac.at\/en\/wp-json\/wp\/v2\/external_person\/13737"},{"embeddable":true,"href":"https:\/\/www.wifo.ac.at\/en\/wp-json\/wp\/v2\/research_group\/3500"},{"embeddable":true,"href":"https:\/\/www.wifo.ac.at\/en\/wp-json\/wp\/v2\/publication_type\/44312"}],"wp:attachment":[{"href":"https:\/\/www.wifo.ac.at\/en\/wp-json\/wp\/v2\/media?parent=117304"}],"curies":[{"name":"wp","href":"https:\/\/api.w.org\/{rel}","templated":true}]}}