{"id":116734,"date":"2024-01-22T20:10:19","date_gmt":"2024-01-22T19:10:19","guid":{"rendered":"https:\/\/www.wifo.ac.at\/publication\/116734\/"},"modified":"2025-07-08T17:39:26","modified_gmt":"2025-07-08T15:39:26","slug":"carbon-authority-as-price-stabilising-institution-in-the-eu-ets","status":"publish","type":"publication","link":"https:\/\/www.wifo.ac.at\/en\/publication\/116734\/","title":{"rendered":"Carbon Authority as Price Stabilising Institution in the EU ETS"},"content":{"rendered":"","protected":false},"featured_media":0,"template":"","class_list":["post-116734","publication","type-publication","status-publish","hentry"],"acf":{"subtitle":"","text":"Several years of experience with the EU ETS and various adaptations of the regulatory framework are accompanied by discussions whether an institutional setting to stabilise carbon markets is needed. This paper discusses imperfections in market forces \u2013 contrary to theoretical assumptions \u2013 especially with respect to the implications of the use of marginal abatement cost curves as well as the role of stable price signals for investment decisions. We argue that the gap between ex ante information when emission caps are set and ex post outcomes might be one of the reasons for price variability in the EU ETS. This divergence between ex ante and ex post information illustrates that the theoretical assumptions on emission trading are not matched by a real world setting. We conclude that this weakens the potential role of carbon prices for investment decisions. In order to improve the functioning of the EU ETS we re-iterate the arguments for a carbon authority put forward in the literature and extend them by the argument that the concept of abatement curves is only of limited value in the context of CO2 emission reductions where marginal abatement costs often are ambiguous and time variant.","onlinedate":"2012-06-14 02:00:00","lang":"English","publication_series":"","publication_date":"20120601","publication_date_year":"","publication_date_full":false,"publication_num_pages":"21","keywords":"[]","jelcodes":"[]","related_publications":"[]","pdf":428223,"zip":null,"link":"","monthly_report":false,"monthly_report_main":false,"monthly_report_volume":"","monthly_report_pages":"","monthly_report_pages_sort":"0","issue":"","journal":"","publisher":"","invisible":false,"external":false,"embargo_date":null,"types":[81966],"research_groups":[3655],"collaboration":"","persons":[3652,3671,4953],"persons_data":"[{\"personId\":3652,\"personName\":\"Claudia Kettner\",\"organisationNames\":[]},{\"personId\":3671,\"personName\":\"Angela K\u00f6ppl\",\"organisationNames\":[]},{\"personId\":4953,\"personName\":\"Stefan Schleicher\",\"organisationNames\":[]}]","clients":[10642],"subclients":[],"partners":[8870,64603],"topics":[50034],"host_publication_title":"","host_publication_subtitle":"","place_of_publication":"","host_publication_editors":"[]","type_description":"","output_media":"","chapter":"","article_number":"","scientific_assistance":"[]","scientific_review":"[]","version":"","release_date":null,"expiration_date":null,"surveyor":"","research_assistance":"","edv":"","additional_info_de":"","additional_info_en":""},"yoast_head":"<!-- This site is optimized with the Yoast SEO Premium plugin v27.3 (Yoast SEO v27.3) - https:\/\/yoast.com\/product\/yoast-seo-premium-wordpress\/ -->\n<title>Carbon Authority as Price Stabilising Institution in the EU ETS - WIFO<\/title>\n<meta name=\"robots\" content=\"index, follow, max-snippet:-1, max-image-preview:large, max-video-preview:-1\" \/>\n<link rel=\"canonical\" href=\"https:\/\/www.wifo.ac.at\/en\/publication\/116734\/\" \/>\n<meta property=\"og:locale\" content=\"en_US\" \/>\n<meta property=\"og:type\" content=\"article\" \/>\n<meta property=\"og:title\" content=\"Carbon Authority as Price Stabilising Institution in the EU ETS\" \/>\n<meta property=\"og:url\" content=\"https:\/\/www.wifo.ac.at\/en\/publication\/116734\/\" \/>\n<meta property=\"og:site_name\" content=\"WIFO\" \/>\n<meta property=\"article:publisher\" content=\"https:\/\/www.facebook.com\/WIFOat\/\" \/>\n<meta property=\"article:modified_time\" content=\"2025-07-08T15:39:26+00:00\" \/>\n<meta property=\"og:image\" content=\"https:\/\/www.wifo.ac.at\/wp-content\/uploads\/2024\/05\/WIFO-Gebaeude-FotoAlexanderMueller-www.alexandermueller.at-IMG_6326-Bearbeitet-1.jpg\" \/>\n\t<meta property=\"og:image:width\" content=\"1920\" \/>\n\t<meta property=\"og:image:height\" content=\"1280\" \/>\n\t<meta property=\"og:image:type\" content=\"image\/jpeg\" \/>\n<meta name=\"twitter:card\" content=\"summary_large_image\" \/>\n<meta name=\"twitter:site\" content=\"@WIFOat\" \/>\n<script type=\"application\/ld+json\" class=\"yoast-schema-graph\">{\"@context\":\"https:\\\/\\\/schema.org\",\"@graph\":[{\"@type\":\"WebPage\",\"@id\":\"https:\\\/\\\/www.wifo.ac.at\\\/en\\\/publication\\\/116734\\\/\",\"url\":\"https:\\\/\\\/www.wifo.ac.at\\\/en\\\/publication\\\/116734\\\/\",\"name\":\"Carbon Authority as Price Stabilising Institution in the EU ETS - WIFO\",\"isPartOf\":{\"@id\":\"https:\\\/\\\/www.wifo.ac.at\\\/en\\\/#website\"},\"datePublished\":\"2024-01-22T19:10:19+00:00\",\"dateModified\":\"2025-07-08T15:39:26+00:00\",\"breadcrumb\":{\"@id\":\"https:\\\/\\\/www.wifo.ac.at\\\/en\\\/publication\\\/116734\\\/#breadcrumb\"},\"inLanguage\":\"en-US\",\"potentialAction\":[{\"@type\":\"ReadAction\",\"target\":[\"https:\\\/\\\/www.wifo.ac.at\\\/en\\\/publication\\\/116734\\\/\"]}]},{\"@type\":\"BreadcrumbList\",\"@id\":\"https:\\\/\\\/www.wifo.ac.at\\\/en\\\/publication\\\/116734\\\/#breadcrumb\",\"itemListElement\":[{\"@type\":\"ListItem\",\"position\":1,\"name\":\"Startseite\",\"item\":\"https:\\\/\\\/www.wifo.ac.at\\\/en\\\/\"},{\"@type\":\"ListItem\",\"position\":2,\"name\":\"Carbon Authority as Price Stabilising Institution in the EU ETS\"}]},{\"@type\":\"WebSite\",\"@id\":\"https:\\\/\\\/www.wifo.ac.at\\\/en\\\/#website\",\"url\":\"https:\\\/\\\/www.wifo.ac.at\\\/en\\\/\",\"name\":\"\u00d6sterreichisches Institut f\u00fcr Wirtschaftsforschung\",\"description\":\"\",\"publisher\":{\"@id\":\"https:\\\/\\\/www.wifo.ac.at\\\/en\\\/#organization\"},\"alternateName\":\"WIFO\",\"potentialAction\":[{\"@type\":\"SearchAction\",\"target\":{\"@type\":\"EntryPoint\",\"urlTemplate\":\"https:\\\/\\\/www.wifo.ac.at\\\/en\\\/?s={search_term_string}\"},\"query-input\":{\"@type\":\"PropertyValueSpecification\",\"valueRequired\":true,\"valueName\":\"search_term_string\"}}],\"inLanguage\":\"en-US\"},{\"@type\":\"Organization\",\"@id\":\"https:\\\/\\\/www.wifo.ac.at\\\/en\\\/#organization\",\"name\":\"\u00d6sterreichisches Institut f\u00fcr Wirtschaftsforschung\",\"alternateName\":\"WIFO\",\"url\":\"https:\\\/\\\/www.wifo.ac.at\\\/en\\\/\",\"logo\":{\"@type\":\"ImageObject\",\"inLanguage\":\"en-US\",\"@id\":\"https:\\\/\\\/www.wifo.ac.at\\\/en\\\/#\\\/schema\\\/logo\\\/image\\\/\",\"url\":\"https:\\\/\\\/www.wifo.ac.at\\\/wp-content\\\/uploads\\\/2024\\\/05\\\/WIFO_kurz_rechts-2-1920x412.jpg\",\"contentUrl\":\"https:\\\/\\\/www.wifo.ac.at\\\/wp-content\\\/uploads\\\/2024\\\/05\\\/WIFO_kurz_rechts-2-1920x412.jpg\",\"width\":2000,\"height\":429,\"caption\":\"\u00d6sterreichisches Institut f\u00fcr Wirtschaftsforschung\"},\"image\":{\"@id\":\"https:\\\/\\\/www.wifo.ac.at\\\/en\\\/#\\\/schema\\\/logo\\\/image\\\/\"},\"sameAs\":[\"https:\\\/\\\/www.facebook.com\\\/WIFOat\\\/\",\"https:\\\/\\\/x.com\\\/WIFOat\",\"https:\\\/\\\/linkedin.com\\\/company\\\/wifoat\\\/\",\"https:\\\/\\\/www.youtube.com\\\/@WIFO_at\"],\"description\":\"Das WIFO, 1927 von Friedrich August von Hayek und Ludwig von Mises zur Konjunkturanalyse gegr\u00fcndet, ist heute das f\u00fchrende Institut f\u00fcr angewandte empirische Wirtschaftsforschung in \u00d6sterreich mit starkem Engagement auf europ\u00e4ischer Ebene.\",\"email\":\"office@wifo.ac.at\",\"telephone\":\"+43 1 798 26 01 \u2013 0\",\"legalName\":\"\u00d6sterreichisches Institut f\u00fcr Wirtschaftsforschung\",\"foundingDate\":\"1927-01-02\",\"numberOfEmployees\":{\"@type\":\"QuantitativeValue\",\"minValue\":\"51\",\"maxValue\":\"200\"},\"publishingPrinciples\":\"https:\\\/\\\/www.wifo.ac.at\\\/institut\\\/mission-und-strategie\\\/\",\"ownershipFundingInfo\":\"https:\\\/\\\/www.wifo.ac.at\\\/institut\\\/organisation\\\/\",\"actionableFeedbackPolicy\":\"https:\\\/\\\/www.wifo.ac.at\\\/aktuelles\\\/presse\\\/\",\"correctionsPolicy\":\"https:\\\/\\\/www.wifo.ac.at\\\/institut\\\/kontakt\\\/\",\"ethicsPolicy\":\"https:\\\/\\\/www.wifo.ac.at\\\/institut\\\/evidenzbasierung-transparenz-und-unabhaengigkeit\\\/\",\"diversityPolicy\":\"https:\\\/\\\/www.wifo.ac.at\\\/institut\\\/gleichstellung\\\/\",\"diversityStaffingReport\":\"https:\\\/\\\/www.wifo.ac.at\\\/institut\\\/gleichstellung\\\/\"}]}<\/script>\n<!-- \/ Yoast SEO Premium plugin. -->","yoast_head_json":{"title":"Carbon Authority as Price Stabilising Institution in the EU ETS - WIFO","robots":{"index":"index","follow":"follow","max-snippet":"max-snippet:-1","max-image-preview":"max-image-preview:large","max-video-preview":"max-video-preview:-1"},"canonical":"https:\/\/www.wifo.ac.at\/en\/publication\/116734\/","og_locale":"en_US","og_type":"article","og_title":"Carbon Authority as Price Stabilising Institution in the EU ETS","og_url":"https:\/\/www.wifo.ac.at\/en\/publication\/116734\/","og_site_name":"WIFO","article_publisher":"https:\/\/www.facebook.com\/WIFOat\/","article_modified_time":"2025-07-08T15:39:26+00:00","og_image":[{"width":1920,"height":1280,"url":"https:\/\/www.wifo.ac.at\/wp-content\/uploads\/2024\/05\/WIFO-Gebaeude-FotoAlexanderMueller-www.alexandermueller.at-IMG_6326-Bearbeitet-1.jpg","type":"image\/jpeg"}],"twitter_card":"summary_large_image","twitter_site":"@WIFOat","schema":{"@context":"https:\/\/schema.org","@graph":[{"@type":"WebPage","@id":"https:\/\/www.wifo.ac.at\/en\/publication\/116734\/","url":"https:\/\/www.wifo.ac.at\/en\/publication\/116734\/","name":"Carbon Authority as Price Stabilising Institution in the EU ETS - WIFO","isPartOf":{"@id":"https:\/\/www.wifo.ac.at\/en\/#website"},"datePublished":"2024-01-22T19:10:19+00:00","dateModified":"2025-07-08T15:39:26+00:00","breadcrumb":{"@id":"https:\/\/www.wifo.ac.at\/en\/publication\/116734\/#breadcrumb"},"inLanguage":"en-US","potentialAction":[{"@type":"ReadAction","target":["https:\/\/www.wifo.ac.at\/en\/publication\/116734\/"]}]},{"@type":"BreadcrumbList","@id":"https:\/\/www.wifo.ac.at\/en\/publication\/116734\/#breadcrumb","itemListElement":[{"@type":"ListItem","position":1,"name":"Startseite","item":"https:\/\/www.wifo.ac.at\/en\/"},{"@type":"ListItem","position":2,"name":"Carbon Authority as Price Stabilising Institution in the EU ETS"}]},{"@type":"WebSite","@id":"https:\/\/www.wifo.ac.at\/en\/#website","url":"https:\/\/www.wifo.ac.at\/en\/","name":"\u00d6sterreichisches Institut f\u00fcr Wirtschaftsforschung","description":"","publisher":{"@id":"https:\/\/www.wifo.ac.at\/en\/#organization"},"alternateName":"WIFO","potentialAction":[{"@type":"SearchAction","target":{"@type":"EntryPoint","urlTemplate":"https:\/\/www.wifo.ac.at\/en\/?s={search_term_string}"},"query-input":{"@type":"PropertyValueSpecification","valueRequired":true,"valueName":"search_term_string"}}],"inLanguage":"en-US"},{"@type":"Organization","@id":"https:\/\/www.wifo.ac.at\/en\/#organization","name":"\u00d6sterreichisches Institut f\u00fcr Wirtschaftsforschung","alternateName":"WIFO","url":"https:\/\/www.wifo.ac.at\/en\/","logo":{"@type":"ImageObject","inLanguage":"en-US","@id":"https:\/\/www.wifo.ac.at\/en\/#\/schema\/logo\/image\/","url":"https:\/\/www.wifo.ac.at\/wp-content\/uploads\/2024\/05\/WIFO_kurz_rechts-2-1920x412.jpg","contentUrl":"https:\/\/www.wifo.ac.at\/wp-content\/uploads\/2024\/05\/WIFO_kurz_rechts-2-1920x412.jpg","width":2000,"height":429,"caption":"\u00d6sterreichisches Institut f\u00fcr Wirtschaftsforschung"},"image":{"@id":"https:\/\/www.wifo.ac.at\/en\/#\/schema\/logo\/image\/"},"sameAs":["https:\/\/www.facebook.com\/WIFOat\/","https:\/\/x.com\/WIFOat","https:\/\/linkedin.com\/company\/wifoat\/","https:\/\/www.youtube.com\/@WIFO_at"],"description":"Das WIFO, 1927 von Friedrich August von Hayek und Ludwig von Mises zur Konjunkturanalyse gegr\u00fcndet, ist heute das f\u00fchrende Institut f\u00fcr angewandte empirische Wirtschaftsforschung in \u00d6sterreich mit starkem Engagement auf europ\u00e4ischer Ebene.","email":"office@wifo.ac.at","telephone":"+43 1 798 26 01 \u2013 0","legalName":"\u00d6sterreichisches Institut f\u00fcr Wirtschaftsforschung","foundingDate":"1927-01-02","numberOfEmployees":{"@type":"QuantitativeValue","minValue":"51","maxValue":"200"},"publishingPrinciples":"https:\/\/www.wifo.ac.at\/institut\/mission-und-strategie\/","ownershipFundingInfo":"https:\/\/www.wifo.ac.at\/institut\/organisation\/","actionableFeedbackPolicy":"https:\/\/www.wifo.ac.at\/aktuelles\/presse\/","correctionsPolicy":"https:\/\/www.wifo.ac.at\/institut\/kontakt\/","ethicsPolicy":"https:\/\/www.wifo.ac.at\/institut\/evidenzbasierung-transparenz-und-unabhaengigkeit\/","diversityPolicy":"https:\/\/www.wifo.ac.at\/institut\/gleichstellung\/","diversityStaffingReport":"https:\/\/www.wifo.ac.at\/institut\/gleichstellung\/"}]}},"_links":{"self":[{"href":"https:\/\/www.wifo.ac.at\/en\/wp-json\/wp\/v2\/publication\/116734","targetHints":{"allow":["GET"]}}],"collection":[{"href":"https:\/\/www.wifo.ac.at\/en\/wp-json\/wp\/v2\/publication"}],"about":[{"href":"https:\/\/www.wifo.ac.at\/en\/wp-json\/wp\/v2\/types\/publication"}],"version-history":[{"count":1,"href":"https:\/\/www.wifo.ac.at\/en\/wp-json\/wp\/v2\/publication\/116734\/revisions"}],"predecessor-version":[{"id":344918,"href":"https:\/\/www.wifo.ac.at\/en\/wp-json\/wp\/v2\/publication\/116734\/revisions\/344918"}],"acf:post":[{"embeddable":true,"href":"https:\/\/www.wifo.ac.at\/en\/wp-json\/wp\/v2\/topic\/50034"},{"embeddable":true,"href":"https:\/\/www.wifo.ac.at\/en\/wp-json\/wp\/v2\/partner\/64603"},{"embeddable":true,"href":"https:\/\/www.wifo.ac.at\/en\/wp-json\/wp\/v2\/partner\/8870"},{"embeddable":true,"href":"https:\/\/www.wifo.ac.at\/en\/wp-json\/wp\/v2\/client\/10642"},{"embeddable":true,"href":"https:\/\/www.wifo.ac.at\/en\/wp-json\/wp\/v2\/person\/4953"},{"embeddable":true,"href":"https:\/\/www.wifo.ac.at\/en\/wp-json\/wp\/v2\/person\/3671"},{"embeddable":true,"href":"https:\/\/www.wifo.ac.at\/en\/wp-json\/wp\/v2\/person\/3652"},{"embeddable":true,"href":"https:\/\/www.wifo.ac.at\/en\/wp-json\/wp\/v2\/research_group\/3655"},{"embeddable":true,"href":"https:\/\/www.wifo.ac.at\/en\/wp-json\/wp\/v2\/publication_type\/81966"}],"wp:attachment":[{"href":"https:\/\/www.wifo.ac.at\/en\/wp-json\/wp\/v2\/media?parent=116734"}],"curies":[{"name":"wp","href":"https:\/\/api.w.org\/{rel}","templated":true}]}}