{"id":111126,"date":"2024-01-22T17:06:56","date_gmt":"2024-01-22T16:06:56","guid":{"rendered":"https:\/\/www.wifo.ac.at\/publication\/111126\/"},"modified":"2024-11-14T13:21:49","modified_gmt":"2024-11-14T12:21:49","slug":"anhaltend-hohes-wirtschaftswachstum-aber-leichte-eintruebung-der-stimmung-2","status":"publish","type":"publication","link":"https:\/\/www.wifo.ac.at\/en\/publication\/111126\/","title":{"rendered":"Robust Economic Growth Continues Amid Slight Darkening of Sentiment"},"content":{"rendered":"","protected":false},"featured_media":0,"template":"","class_list":["post-111126","publication","type-publication","status-publish","hentry"],"acf":{"subtitle":"","text":"The Austrian economy expanded by 0.8 percent quarter-on-quarter and 3.4 percent year-on-year in the third quarter of 2007, according to WIFO's latest flash estimate. While exports continued to be the main driver of the upswing, investment in machinery and electrical equipment also posted substantial gains. Private consumption, by contrast, does not show any signs of a pick-up. The deterioration in sentiment indicators points to moderation in economic growth in the fourth quarter.","onlinedate":"2007-11-13 01:00:00","lang":"German","publication_series":"","publication_date":"20071101","publication_date_year":"","publication_date_full":false,"publication_num_pages":"","keywords":"[\"Konjunkturbericht\",\" \u00d6sterreich\"]","jelcodes":"[]","related_publications":"[]","pdf":415276,"zip":null,"link":"","monthly_report":true,"monthly_report_main":false,"monthly_report_volume":"80","monthly_report_pages":"831-840","monthly_report_pages_sort":"831","issue":"11","journal":"WIFO-Monatsberichte","publisher":"","invisible":false,"external":false,"embargo_date":null,"types":[44312],"research_groups":[3500],"collaboration":"","persons":[3893],"persons_data":"[{\"personId\":3893,\"personName\":\"Ewald Walterskirchen\",\"organisationNames\":[]}]","clients":[],"subclients":[],"partners":[],"topics":[],"host_publication_title":"","host_publication_subtitle":"","place_of_publication":"","host_publication_editors":"[]","type_description":"","output_media":"","chapter":"","article_number":"","citations":"{\"apa\":\"<div class=\\\"rendering rendering_researchoutput  rendering_researchoutput_apa rendering_contributiontoperiodical rendering_apa rendering_contributiontoperiodical_apa\\\"><span>Walterskirchen, E.<\\\/span> (2007). <span>Anhaltend hohes Wirtschaftswachstum, aber leichte Eintr\u00fcbung der Stimmung<\\\/span>. <span><em>WIFO-Monatsberichte<\\\/em><\\\/span>, <em>80<\\\/em>(11), 831-840. <a onclick=\\\"window.open(this.href, '_blank','noopener,noreferrer'); return false;\\\" href=\\\"https:\\\/\\\/www.wifo.ac.at\\\/wwa\\\/pubid\\\/30419\\\" class=\\\"link\\\"><span>https:\\\/\\\/www.wifo.ac.at\\\/wwa\\\/pubid\\\/30419<\\\/span><\\\/a><\\\/div>\",\"vancouver\":\"<div class=\\\"rendering rendering_researchoutput  rendering_researchoutput_vancouver rendering_contributiontoperiodical rendering_vancouver rendering_contributiontoperiodical_vancouver\\\"><span>Walterskirchen E<\\\/span>. <span class=\\\"title\\\"><span>Anhaltend hohes Wirtschaftswachstum, aber leichte Eintr\u00fcbung der Stimmung<\\\/span><\\\/span>. <span>WIFO-Monatsberichte<\\\/span>. 2007 Nov;80(11):831-840.<\\\/div>\",\"bibtex\":\"<div class=\\\"rendering rendering_researchoutput  rendering_researchoutput_bibtex rendering_contributiontoperiodical rendering_bibtex rendering_contributiontoperiodical_bibtex\\\"><div>@misc{4c97d6d7895a4a4ca5bad1c3bc23ce1d,<\\\/div><div>  title    = \\\"Anhaltend hohes Wirtschaftswachstum, aber leichte Eintr{\\\\\\\"u}bung der Stimmung\\\",<\\\/div><div>  abstract = \\\"Die {\\\\\\\"o}sterreichische Wirtschaft wuchs im III. Quartal gegen{\\\\\\\"u}ber dem Vorquartal um 0,8\\\\% und gegen{\\\\\\\"u}ber dem Vorjahr um 3,4\\\\%. Getragen wurde der Aufschwung weiterhin vom Export, aber auch die Investitionen in Maschinen und Elektroger{\\\\\\\"a}te nahmen deutlich zu. Eine Belebung des privaten Konsums blieb jedoch aus. F{\\\\\\\"u}r das IV. Quartal l{\\\\\\\"a}sst die Eintr{\\\\\\\"u}bung der Stimmungsindikatoren eine D{\\\\\\\"a}mpfung des Wachstums erwarten.\\\",<\\\/div><div>  keywords = \\\"Konjunkturbericht, {\\\\\\\"O}sterreich, Konjunkturbericht, {\\\\\\\"O}sterreich\\\",<\\\/div><div>  author   = \\\"Ewald Walterskirchen\\\",<\\\/div><div>  note     = \\\"Konjunkturbericht\\\",<\\\/div><div>  year     = \\\"2007\\\",<\\\/div><div>  month    = nov,<\\\/div><div>  language = \\\"Deutsch\\\",<\\\/div><div>  volume   = \\\"80\\\",<\\\/div><div>  pages    = \\\"831--840\\\",<\\\/div><div>  journal  = \\\"WIFO-Monatsberichte\\\",<\\\/div><p>}<\\\/p><\\\/div>\",\"ris\":\"<div class=\\\"rendering rendering_researchoutput  rendering_researchoutput_ris rendering_contributiontoperiodical rendering_ris rendering_contributiontoperiodical_ris\\\"><p>TY  - GEN<\\\/p><p>T1  - Anhaltend hohes Wirtschaftswachstum, aber leichte Eintr\u00fcbung der Stimmung<\\\/p><p>AU  - Walterskirchen, Ewald<\\\/p><p>N1  - Konjunkturbericht<\\\/p><p>PY  - 2007\\\/11<\\\/p><p>Y1  - 2007\\\/11<\\\/p><p>N2  - Die \u00f6sterreichische Wirtschaft wuchs im III. Quartal gegen\u00fcber dem Vorquartal um 0,8% und gegen\u00fcber dem Vorjahr um 3,4%. Getragen wurde der Aufschwung weiterhin vom Export, aber auch die Investitionen in Maschinen und Elektroger\u00e4te nahmen deutlich zu. Eine Belebung des privaten Konsums blieb jedoch aus. F\u00fcr das IV. Quartal l\u00e4sst die Eintr\u00fcbung der Stimmungsindikatoren eine D\u00e4mpfung des Wachstums erwarten.<\\\/p><p>AB  - Die \u00f6sterreichische Wirtschaft wuchs im III. Quartal gegen\u00fcber dem Vorquartal um 0,8% und gegen\u00fcber dem Vorjahr um 3,4%. Getragen wurde der Aufschwung weiterhin vom Export, aber auch die Investitionen in Maschinen und Elektroger\u00e4te nahmen deutlich zu. Eine Belebung des privaten Konsums blieb jedoch aus. F\u00fcr das IV. Quartal l\u00e4sst die Eintr\u00fcbung der Stimmungsindikatoren eine D\u00e4mpfung des Wachstums erwarten.<\\\/p><p>KW  - Konjunkturbericht<\\\/p><p>KW  -  \u00d6sterreich<\\\/p><p>KW  - Konjunkturbericht<\\\/p><p>KW  -  \u00d6sterreich<\\\/p><p>M3  - WIFO-Schriftenreihen<\\\/p><p>VL  - 80<\\\/p><p>SP  - 831<\\\/p><p>EP  - 840<\\\/p><p>JO  - WIFO-Monatsberichte<\\\/p><p>JF  - WIFO-Monatsberichte<\\\/p><p>ER  - <\\\/p><\\\/div>\"}","scientific_assistance":"[]","scientific_review":"[]","version":"","release_date":null,"expiration_date":null,"surveyor":"","research_assistance":"","edv":"","additional_info_de":"","additional_info_en":""},"yoast_head":"<!-- This site is optimized with the Yoast SEO Premium plugin v28.3 (Yoast SEO v28.3) - https:\/\/yoast.com\/product\/yoast-seo-premium-wordpress\/ -->\n<title>Robust Economic Growth Continues Amid Slight Darkening of Sentiment - WIFO<\/title>\n<meta name=\"robots\" content=\"index, follow, max-snippet:-1, max-image-preview:large, max-video-preview:-1\" \/>\n<link rel=\"canonical\" href=\"https:\/\/www.wifo.ac.at\/en\/publication\/111126\/\" \/>\n<meta property=\"og:locale\" content=\"en_US\" \/>\n<meta property=\"og:type\" content=\"article\" \/>\n<meta property=\"og:title\" content=\"Robust Economic Growth Continues Amid Slight Darkening of Sentiment\" \/>\n<meta property=\"og:url\" content=\"https:\/\/www.wifo.ac.at\/en\/publication\/111126\/\" \/>\n<meta property=\"og:site_name\" content=\"WIFO\" \/>\n<meta property=\"article:publisher\" content=\"https:\/\/www.facebook.com\/WIFOat\/\" \/>\n<meta property=\"article:modified_time\" content=\"2024-11-14T12:21:49+00:00\" \/>\n<meta property=\"og:image\" content=\"https:\/\/www.wifo.ac.at\/wp-content\/uploads\/2024\/05\/WIFO-Gebaeude-FotoAlexanderMueller-www.alexandermueller.at-IMG_6326-Bearbeitet-1.jpg\" \/>\n\t<meta property=\"og:image:width\" content=\"1920\" \/>\n\t<meta property=\"og:image:height\" content=\"1280\" \/>\n\t<meta property=\"og:image:type\" content=\"image\/jpeg\" \/>\n<meta name=\"twitter:card\" content=\"summary_large_image\" \/>\n<meta name=\"twitter:site\" content=\"@WIFOat\" \/>\n<script type=\"application\/ld+json\" class=\"yoast-schema-graph\">{\"@context\":\"https:\\\/\\\/schema.org\",\"@graph\":[{\"@type\":\"WebPage\",\"@id\":\"https:\\\/\\\/www.wifo.ac.at\\\/en\\\/publication\\\/111126\\\/\",\"url\":\"https:\\\/\\\/www.wifo.ac.at\\\/en\\\/publication\\\/111126\\\/\",\"name\":\"Robust Economic Growth Continues Amid Slight Darkening of Sentiment - WIFO\",\"isPartOf\":{\"@id\":\"https:\\\/\\\/www.wifo.ac.at\\\/en\\\/#website\"},\"datePublished\":\"2024-01-22T16:06:56+00:00\",\"dateModified\":\"2024-11-14T12:21:49+00:00\",\"breadcrumb\":{\"@id\":\"https:\\\/\\\/www.wifo.ac.at\\\/en\\\/publication\\\/111126\\\/#breadcrumb\"},\"inLanguage\":\"en-US\",\"potentialAction\":[{\"@type\":\"ReadAction\",\"target\":[\"https:\\\/\\\/www.wifo.ac.at\\\/en\\\/publication\\\/111126\\\/\"]}]},{\"@type\":\"BreadcrumbList\",\"@id\":\"https:\\\/\\\/www.wifo.ac.at\\\/en\\\/publication\\\/111126\\\/#breadcrumb\",\"itemListElement\":[{\"@type\":\"ListItem\",\"position\":1,\"name\":\"Startseite\",\"item\":\"https:\\\/\\\/www.wifo.ac.at\\\/en\\\/\"},{\"@type\":\"ListItem\",\"position\":2,\"name\":\"Robust Economic Growth Continues Amid Slight Darkening of Sentiment\"}]},{\"@type\":\"WebSite\",\"@id\":\"https:\\\/\\\/www.wifo.ac.at\\\/en\\\/#website\",\"url\":\"https:\\\/\\\/www.wifo.ac.at\\\/en\\\/\",\"name\":\"\u00d6sterreichisches Institut f\u00fcr Wirtschaftsforschung\",\"description\":\"\",\"publisher\":{\"@id\":\"https:\\\/\\\/www.wifo.ac.at\\\/en\\\/#organization\"},\"alternateName\":\"WIFO\",\"potentialAction\":[{\"@type\":\"SearchAction\",\"target\":{\"@type\":\"EntryPoint\",\"urlTemplate\":\"https:\\\/\\\/www.wifo.ac.at\\\/en\\\/?s={search_term_string}\"},\"query-input\":{\"@type\":\"PropertyValueSpecification\",\"valueRequired\":true,\"valueName\":\"search_term_string\"}}],\"inLanguage\":\"en-US\"},{\"@type\":\"Organization\",\"@id\":\"https:\\\/\\\/www.wifo.ac.at\\\/en\\\/#organization\",\"name\":\"\u00d6sterreichisches Institut f\u00fcr Wirtschaftsforschung\",\"alternateName\":\"WIFO\",\"url\":\"https:\\\/\\\/www.wifo.ac.at\\\/en\\\/\",\"logo\":{\"@type\":\"ImageObject\",\"inLanguage\":\"en-US\",\"@id\":\"https:\\\/\\\/www.wifo.ac.at\\\/en\\\/#\\\/schema\\\/logo\\\/image\\\/\",\"url\":\"https:\\\/\\\/www.wifo.ac.at\\\/wp-content\\\/uploads\\\/2024\\\/05\\\/WIFO_kurz_rechts-2-1920x412.jpg\",\"contentUrl\":\"https:\\\/\\\/www.wifo.ac.at\\\/wp-content\\\/uploads\\\/2024\\\/05\\\/WIFO_kurz_rechts-2-1920x412.jpg\",\"width\":2000,\"height\":429,\"caption\":\"\u00d6sterreichisches Institut f\u00fcr Wirtschaftsforschung\"},\"image\":{\"@id\":\"https:\\\/\\\/www.wifo.ac.at\\\/en\\\/#\\\/schema\\\/logo\\\/image\\\/\"},\"sameAs\":[\"https:\\\/\\\/www.facebook.com\\\/WIFOat\\\/\",\"https:\\\/\\\/x.com\\\/WIFOat\",\"https:\\\/\\\/linkedin.com\\\/company\\\/wifoat\\\/\",\"https:\\\/\\\/www.youtube.com\\\/@WIFO_at\"],\"description\":\"Das WIFO, 1927 von Friedrich August von Hayek und Ludwig von Mises zur Konjunkturanalyse gegr\u00fcndet, ist heute das f\u00fchrende Institut f\u00fcr angewandte empirische Wirtschaftsforschung in \u00d6sterreich mit starkem Engagement auf europ\u00e4ischer Ebene.\",\"email\":\"office@wifo.ac.at\",\"telephone\":\"+43 1 798 26 01 \u2013 0\",\"legalName\":\"\u00d6sterreichisches Institut f\u00fcr Wirtschaftsforschung\",\"foundingDate\":\"1927-01-02\",\"numberOfEmployees\":{\"@type\":\"QuantitativeValue\",\"minValue\":\"51\",\"maxValue\":\"200\"},\"publishingPrinciples\":\"https:\\\/\\\/www.wifo.ac.at\\\/institut\\\/mission-und-strategie\\\/\",\"ownershipFundingInfo\":\"https:\\\/\\\/www.wifo.ac.at\\\/institut\\\/organisation\\\/\",\"actionableFeedbackPolicy\":\"https:\\\/\\\/www.wifo.ac.at\\\/aktuelles\\\/presse\\\/\",\"correctionsPolicy\":\"https:\\\/\\\/www.wifo.ac.at\\\/institut\\\/kontakt\\\/\",\"ethicsPolicy\":\"https:\\\/\\\/www.wifo.ac.at\\\/institut\\\/evidenzbasierung-transparenz-und-unabhaengigkeit\\\/\",\"diversityPolicy\":\"https:\\\/\\\/www.wifo.ac.at\\\/institut\\\/gleichstellung\\\/\",\"diversityStaffingReport\":\"https:\\\/\\\/www.wifo.ac.at\\\/institut\\\/gleichstellung\\\/\"}]}<\/script>\n<!-- \/ Yoast SEO Premium plugin. -->","yoast_head_json":{"title":"Robust Economic Growth Continues Amid Slight Darkening of Sentiment - WIFO","robots":{"index":"index","follow":"follow","max-snippet":"max-snippet:-1","max-image-preview":"max-image-preview:large","max-video-preview":"max-video-preview:-1"},"canonical":"https:\/\/www.wifo.ac.at\/en\/publication\/111126\/","og_locale":"en_US","og_type":"article","og_title":"Robust Economic Growth Continues Amid Slight Darkening of Sentiment","og_url":"https:\/\/www.wifo.ac.at\/en\/publication\/111126\/","og_site_name":"WIFO","article_publisher":"https:\/\/www.facebook.com\/WIFOat\/","article_modified_time":"2024-11-14T12:21:49+00:00","og_image":[{"width":1920,"height":1280,"url":"https:\/\/www.wifo.ac.at\/wp-content\/uploads\/2024\/05\/WIFO-Gebaeude-FotoAlexanderMueller-www.alexandermueller.at-IMG_6326-Bearbeitet-1.jpg","type":"image\/jpeg"}],"twitter_card":"summary_large_image","twitter_site":"@WIFOat","schema":{"@context":"https:\/\/schema.org","@graph":[{"@type":"WebPage","@id":"https:\/\/www.wifo.ac.at\/en\/publication\/111126\/","url":"https:\/\/www.wifo.ac.at\/en\/publication\/111126\/","name":"Robust Economic Growth Continues Amid Slight Darkening of Sentiment - WIFO","isPartOf":{"@id":"https:\/\/www.wifo.ac.at\/en\/#website"},"datePublished":"2024-01-22T16:06:56+00:00","dateModified":"2024-11-14T12:21:49+00:00","breadcrumb":{"@id":"https:\/\/www.wifo.ac.at\/en\/publication\/111126\/#breadcrumb"},"inLanguage":"en-US","potentialAction":[{"@type":"ReadAction","target":["https:\/\/www.wifo.ac.at\/en\/publication\/111126\/"]}]},{"@type":"BreadcrumbList","@id":"https:\/\/www.wifo.ac.at\/en\/publication\/111126\/#breadcrumb","itemListElement":[{"@type":"ListItem","position":1,"name":"Startseite","item":"https:\/\/www.wifo.ac.at\/en\/"},{"@type":"ListItem","position":2,"name":"Robust Economic Growth Continues Amid Slight Darkening of Sentiment"}]},{"@type":"WebSite","@id":"https:\/\/www.wifo.ac.at\/en\/#website","url":"https:\/\/www.wifo.ac.at\/en\/","name":"\u00d6sterreichisches Institut f\u00fcr Wirtschaftsforschung","description":"","publisher":{"@id":"https:\/\/www.wifo.ac.at\/en\/#organization"},"alternateName":"WIFO","potentialAction":[{"@type":"SearchAction","target":{"@type":"EntryPoint","urlTemplate":"https:\/\/www.wifo.ac.at\/en\/?s={search_term_string}"},"query-input":{"@type":"PropertyValueSpecification","valueRequired":true,"valueName":"search_term_string"}}],"inLanguage":"en-US"},{"@type":"Organization","@id":"https:\/\/www.wifo.ac.at\/en\/#organization","name":"\u00d6sterreichisches Institut f\u00fcr Wirtschaftsforschung","alternateName":"WIFO","url":"https:\/\/www.wifo.ac.at\/en\/","logo":{"@type":"ImageObject","inLanguage":"en-US","@id":"https:\/\/www.wifo.ac.at\/en\/#\/schema\/logo\/image\/","url":"https:\/\/www.wifo.ac.at\/wp-content\/uploads\/2024\/05\/WIFO_kurz_rechts-2-1920x412.jpg","contentUrl":"https:\/\/www.wifo.ac.at\/wp-content\/uploads\/2024\/05\/WIFO_kurz_rechts-2-1920x412.jpg","width":2000,"height":429,"caption":"\u00d6sterreichisches Institut f\u00fcr Wirtschaftsforschung"},"image":{"@id":"https:\/\/www.wifo.ac.at\/en\/#\/schema\/logo\/image\/"},"sameAs":["https:\/\/www.facebook.com\/WIFOat\/","https:\/\/x.com\/WIFOat","https:\/\/linkedin.com\/company\/wifoat\/","https:\/\/www.youtube.com\/@WIFO_at"],"description":"Das WIFO, 1927 von Friedrich August von Hayek und Ludwig von Mises zur Konjunkturanalyse gegr\u00fcndet, ist heute das f\u00fchrende Institut f\u00fcr angewandte empirische Wirtschaftsforschung in \u00d6sterreich mit starkem Engagement auf europ\u00e4ischer Ebene.","email":"office@wifo.ac.at","telephone":"+43 1 798 26 01 \u2013 0","legalName":"\u00d6sterreichisches Institut f\u00fcr Wirtschaftsforschung","foundingDate":"1927-01-02","numberOfEmployees":{"@type":"QuantitativeValue","minValue":"51","maxValue":"200"},"publishingPrinciples":"https:\/\/www.wifo.ac.at\/institut\/mission-und-strategie\/","ownershipFundingInfo":"https:\/\/www.wifo.ac.at\/institut\/organisation\/","actionableFeedbackPolicy":"https:\/\/www.wifo.ac.at\/aktuelles\/presse\/","correctionsPolicy":"https:\/\/www.wifo.ac.at\/institut\/kontakt\/","ethicsPolicy":"https:\/\/www.wifo.ac.at\/institut\/evidenzbasierung-transparenz-und-unabhaengigkeit\/","diversityPolicy":"https:\/\/www.wifo.ac.at\/institut\/gleichstellung\/","diversityStaffingReport":"https:\/\/www.wifo.ac.at\/institut\/gleichstellung\/"}]}},"_links":{"self":[{"href":"https:\/\/www.wifo.ac.at\/en\/wp-json\/wp\/v2\/publication\/111126","targetHints":{"allow":["GET"]}}],"collection":[{"href":"https:\/\/www.wifo.ac.at\/en\/wp-json\/wp\/v2\/publication"}],"about":[{"href":"https:\/\/www.wifo.ac.at\/en\/wp-json\/wp\/v2\/types\/publication"}],"version-history":[{"count":1,"href":"https:\/\/www.wifo.ac.at\/en\/wp-json\/wp\/v2\/publication\/111126\/revisions"}],"predecessor-version":[{"id":328585,"href":"https:\/\/www.wifo.ac.at\/en\/wp-json\/wp\/v2\/publication\/111126\/revisions\/328585"}],"acf:post":[{"embeddable":true,"href":"https:\/\/www.wifo.ac.at\/en\/wp-json\/wp\/v2\/person\/3893"},{"embeddable":true,"href":"https:\/\/www.wifo.ac.at\/en\/wp-json\/wp\/v2\/research_group\/3500"},{"embeddable":true,"href":"https:\/\/www.wifo.ac.at\/en\/wp-json\/wp\/v2\/publication_type\/44312"}],"wp:attachment":[{"href":"https:\/\/www.wifo.ac.at\/en\/wp-json\/wp\/v2\/media?parent=111126"}],"curies":[{"name":"wp","href":"https:\/\/api.w.org\/{rel}","templated":true}]}}