{"id":110516,"date":"2024-01-22T16:51:11","date_gmt":"2024-01-22T15:51:11","guid":{"rendered":"https:\/\/www.wifo.ac.at\/publication\/110516\/"},"modified":"2024-11-14T13:22:49","modified_gmt":"2024-11-14T12:22:49","slug":"zur-nachhaltigkeit-des-horizontalen-finanzausgleichs-in-oesterreich-im-licht-der-siedlungsentwicklung","status":"publish","type":"publication","link":"https:\/\/www.wifo.ac.at\/en\/publication\/110516\/","title":{"rendered":"The Sustainability of Horizontal Revenue Sharing in Austria from the Viewpoint of Community Development"},"content":{"rendered":"","protected":false},"featured_media":0,"template":"","class_list":["post-110516","publication","type-publication","status-publish","hentry"],"acf":{"subtitle":"","text":"How \"sustainable\" are Austria's local authorities? Does the system of revenue sharing foster or hinder their economic performance, is it suited to create a social balance and promote an ecological approach in local activities, or is it without any impact on sustainability-related objectives?","onlinedate":"2007-02-15 01:00:00","lang":"German","publication_series":"","publication_date":"20070201","publication_date_year":"","publication_date_full":false,"publication_num_pages":"","keywords":"[\"Finanzausgleich Nachhaltigkeit Siedlungsstruktur Gemeinden\"]","jelcodes":"[]","related_publications":"[]","pdf":415346,"zip":null,"link":"","monthly_report":true,"monthly_report_main":false,"monthly_report_volume":"80","monthly_report_pages":"155-169","monthly_report_pages_sort":"155","issue":"2","journal":"WIFO-Monatsberichte","publisher":"","invisible":false,"external":false,"embargo_date":null,"types":[44312],"research_groups":[3500],"collaboration":"","persons":[13265,13285,13267],"persons_data":"[{\"personId\":13265,\"personName\":\"Lena Fr\u00f6schl\",\"organisationNames\":[]},{\"personId\":13285,\"personName\":\"Gerlinde Gutheil-Knopp-Kirchwald\",\"organisationNames\":[]},{\"personId\":13267,\"personName\":\"Wilfried Sch\u00f6nb\u00e4ck\",\"organisationNames\":[]}]","clients":[],"subclients":[],"partners":[],"topics":[],"host_publication_title":"","host_publication_subtitle":"","place_of_publication":"","host_publication_editors":"[]","type_description":"","output_media":"","chapter":"","article_number":"","citations":"{\"apa\":\"<div class=\\\"rendering rendering_researchoutput  rendering_researchoutput_apa rendering_contributiontoperiodical rendering_apa rendering_contributiontoperiodical_apa\\\">Fr\u00f6schl, L., Gutheil-Knopp-Kirchwald, G., &amp; Sch\u00f6nb\u00e4ck, W. (2007). <span>Zur Nachhaltigkeit des horizontalen Finanzausgleichs in \u00d6sterreich im Licht der Siedlungsentwicklung<\\\/span>. <span><em>WIFO-Monatsberichte<\\\/em><\\\/span>, <em>80<\\\/em>(2), 155-169. <a onclick=\\\"window.open(this.href, '_blank','noopener,noreferrer'); return false;\\\" href=\\\"https:\\\/\\\/www.wifo.ac.at\\\/wwa\\\/pubid\\\/28264\\\" class=\\\"link\\\"><span>https:\\\/\\\/www.wifo.ac.at\\\/wwa\\\/pubid\\\/28264<\\\/span><\\\/a><\\\/div>\",\"vancouver\":\"<div class=\\\"rendering rendering_researchoutput  rendering_researchoutput_vancouver rendering_contributiontoperiodical rendering_vancouver rendering_contributiontoperiodical_vancouver\\\">Fr\u00f6schl L, Gutheil-Knopp-Kirchwald G, Sch\u00f6nb\u00e4ck W. <span class=\\\"title\\\"><span>Zur Nachhaltigkeit des horizontalen Finanzausgleichs in \u00d6sterreich im Licht der Siedlungsentwicklung<\\\/span><\\\/span>. <span>WIFO-Monatsberichte<\\\/span>. 2007 Feb;80(2):155-169.<\\\/div>\",\"bibtex\":\"<div class=\\\"rendering rendering_researchoutput  rendering_researchoutput_bibtex rendering_contributiontoperiodical rendering_bibtex rendering_contributiontoperiodical_bibtex\\\"><div>@misc{9fac2b7badeb47f7badb36d35c53638e,<\\\/div><div>  title    = \\\"Zur Nachhaltigkeit des horizontalen Finanzausgleichs in {\\\\\\\"O}sterreich im Licht der Siedlungsentwicklung\\\",<\\\/div><div>  abstract = \\\"{\\\\\\\"O}sterreich hat sich auf supranationaler ebenso wie auf nationaler Ebene dazu verpflichtet, das Prinzip der Nachhaltigkeit in alle Politikbereiche, daher auch die Fiskalpolitik, zu integrieren. Als wesentliches fiskalpolitisches Instrument hat der Finanzausgleich gro{\\\\ss}e Bedeutung f{\\\\\\\"u}r den finanziellen Handlungsspielraum von Gebietsk{\\\\\\\"o}rperschaften. Die Analyse der Nachhaltigkeit des horizontalen Gemeindefinanzausgleichs in {\\\\\\\"o}konomischer, sozialer und {\\\\\\\"o}kologischer Dimension konzentriert sich auf die Effekte der r{\\\\\\\"a}umlichen Siedlungsentwicklung. Aus der Gegen{\\\\\\\"u}berstellung von Indikatoren der Nachhaltigkeit und der Finanzmittelausstattung der Gemeinden nach Gemeindeklassen werden einige Schwachstellen des Finanzausgleichs abgeleitet: Demnach hat der Disparit{\\\\\\\"a}tenausgleich zulasten von st{\\\\\\\"a}dtischen Zentren {\\\\\\\"u}berproportionales Gewicht, w{\\\\\\\"a}hrend {\\\\\\\"o}kologischen Kriterien und der ausgepr{\\\\\\\"a}gten funktionalen Komplementarit{\\\\\\\"a}t von Kernst{\\\\\\\"a}dten und ihren Umlandgemeinden kaum Rechnung getragen wird.\\\",<\\\/div><div>  keywords = \\\"Finanzausgleich Nachhaltigkeit Siedlungsstruktur Gemeinden, Finanzausgleich Nachhaltigkeit Siedlungsstruktur Gemeinden\\\",<\\\/div><div>  author   = \\\"Lena Fr{\\\\\\\"o}schl and Gerlinde Gutheil-Knopp-Kirchwald and Wilfried Sch{\\\\\\\"o}nb{\\\\\\\"a}ck\\\",<\\\/div><div>  note     = \\\"Nachhaltigkeit des Finanzausgleichs: Siedlungsentwicklung\\\",<\\\/div><div>  year     = \\\"2007\\\",<\\\/div><div>  month    = feb,<\\\/div><div>  language = \\\"Deutsch\\\",<\\\/div><div>  volume   = \\\"80\\\",<\\\/div><div>  pages    = \\\"155--169\\\",<\\\/div><div>  journal  = \\\"WIFO-Monatsberichte\\\",<\\\/div><p>}<\\\/p><\\\/div>\",\"ris\":\"<div class=\\\"rendering rendering_researchoutput  rendering_researchoutput_ris rendering_contributiontoperiodical rendering_ris rendering_contributiontoperiodical_ris\\\"><p>TY  - GEN<\\\/p><p>T1  - Zur Nachhaltigkeit des horizontalen Finanzausgleichs in \u00d6sterreich im Licht der Siedlungsentwicklung<\\\/p><p>AU  - Fr\u00f6schl, Lena<\\\/p><p>AU  - Gutheil-Knopp-Kirchwald, Gerlinde<\\\/p><p>AU  - Sch\u00f6nb\u00e4ck, Wilfried<\\\/p><p>N1  - Nachhaltigkeit des Finanzausgleichs: Siedlungsentwicklung<\\\/p><p>PY  - 2007\\\/2<\\\/p><p>Y1  - 2007\\\/2<\\\/p><p>N2  - \u00d6sterreich hat sich auf supranationaler ebenso wie auf nationaler Ebene dazu verpflichtet, das Prinzip der Nachhaltigkeit in alle Politikbereiche, daher auch die Fiskalpolitik, zu integrieren. Als wesentliches fiskalpolitisches Instrument hat der Finanzausgleich gro\u00dfe Bedeutung f\u00fcr den finanziellen Handlungsspielraum von Gebietsk\u00f6rperschaften. Die Analyse der Nachhaltigkeit des horizontalen Gemeindefinanzausgleichs in \u00f6konomischer, sozialer und \u00f6kologischer Dimension konzentriert sich auf die Effekte der r\u00e4umlichen Siedlungsentwicklung. Aus der Gegen\u00fcberstellung von Indikatoren der Nachhaltigkeit und der Finanzmittelausstattung der Gemeinden nach Gemeindeklassen werden einige Schwachstellen des Finanzausgleichs abgeleitet: Demnach hat der Disparit\u00e4tenausgleich zulasten von st\u00e4dtischen Zentren \u00fcberproportionales Gewicht, w\u00e4hrend \u00f6kologischen Kriterien und der ausgepr\u00e4gten funktionalen Komplementarit\u00e4t von Kernst\u00e4dten und ihren Umlandgemeinden kaum Rechnung getragen wird.<\\\/p><p>AB  - \u00d6sterreich hat sich auf supranationaler ebenso wie auf nationaler Ebene dazu verpflichtet, das Prinzip der Nachhaltigkeit in alle Politikbereiche, daher auch die Fiskalpolitik, zu integrieren. Als wesentliches fiskalpolitisches Instrument hat der Finanzausgleich gro\u00dfe Bedeutung f\u00fcr den finanziellen Handlungsspielraum von Gebietsk\u00f6rperschaften. Die Analyse der Nachhaltigkeit des horizontalen Gemeindefinanzausgleichs in \u00f6konomischer, sozialer und \u00f6kologischer Dimension konzentriert sich auf die Effekte der r\u00e4umlichen Siedlungsentwicklung. Aus der Gegen\u00fcberstellung von Indikatoren der Nachhaltigkeit und der Finanzmittelausstattung der Gemeinden nach Gemeindeklassen werden einige Schwachstellen des Finanzausgleichs abgeleitet: Demnach hat der Disparit\u00e4tenausgleich zulasten von st\u00e4dtischen Zentren \u00fcberproportionales Gewicht, w\u00e4hrend \u00f6kologischen Kriterien und der ausgepr\u00e4gten funktionalen Komplementarit\u00e4t von Kernst\u00e4dten und ihren Umlandgemeinden kaum Rechnung getragen wird.<\\\/p><p>KW  - Finanzausgleich Nachhaltigkeit Siedlungsstruktur Gemeinden<\\\/p><p>KW  - Finanzausgleich Nachhaltigkeit Siedlungsstruktur Gemeinden<\\\/p><p>M3  - WIFO-Schriftenreihen<\\\/p><p>VL  - 80<\\\/p><p>SP  - 155<\\\/p><p>EP  - 169<\\\/p><p>JO  - WIFO-Monatsberichte<\\\/p><p>JF  - WIFO-Monatsberichte<\\\/p><p>ER  - <\\\/p><\\\/div>\"}","scientific_assistance":"[]","scientific_review":"[]","version":"","release_date":null,"expiration_date":null,"surveyor":"","research_assistance":"","edv":"","additional_info_de":"","additional_info_en":""},"yoast_head":"<!-- This site is optimized with the Yoast SEO Premium plugin v28.3 (Yoast SEO v28.3) - https:\/\/yoast.com\/product\/yoast-seo-premium-wordpress\/ -->\n<title>The Sustainability of Horizontal Revenue Sharing in Austria from the Viewpoint of Community Development - WIFO<\/title>\n<meta name=\"robots\" content=\"index, follow, max-snippet:-1, max-image-preview:large, max-video-preview:-1\" \/>\n<link rel=\"canonical\" href=\"https:\/\/www.wifo.ac.at\/en\/publication\/110516\/\" \/>\n<meta property=\"og:locale\" content=\"en_US\" \/>\n<meta property=\"og:type\" content=\"article\" \/>\n<meta property=\"og:title\" content=\"The Sustainability of Horizontal Revenue Sharing in Austria from the Viewpoint of Community Development\" \/>\n<meta property=\"og:url\" content=\"https:\/\/www.wifo.ac.at\/en\/publication\/110516\/\" \/>\n<meta property=\"og:site_name\" content=\"WIFO\" \/>\n<meta property=\"article:publisher\" content=\"https:\/\/www.facebook.com\/WIFOat\/\" \/>\n<meta property=\"article:modified_time\" content=\"2024-11-14T12:22:49+00:00\" \/>\n<meta property=\"og:image\" content=\"https:\/\/www.wifo.ac.at\/wp-content\/uploads\/2024\/05\/WIFO-Gebaeude-FotoAlexanderMueller-www.alexandermueller.at-IMG_6326-Bearbeitet-1.jpg\" \/>\n\t<meta property=\"og:image:width\" content=\"1920\" \/>\n\t<meta property=\"og:image:height\" content=\"1280\" \/>\n\t<meta property=\"og:image:type\" content=\"image\/jpeg\" \/>\n<meta name=\"twitter:card\" content=\"summary_large_image\" \/>\n<meta name=\"twitter:site\" content=\"@WIFOat\" \/>\n<script type=\"application\/ld+json\" class=\"yoast-schema-graph\">{\"@context\":\"https:\\\/\\\/schema.org\",\"@graph\":[{\"@type\":\"WebPage\",\"@id\":\"https:\\\/\\\/www.wifo.ac.at\\\/en\\\/publication\\\/110516\\\/\",\"url\":\"https:\\\/\\\/www.wifo.ac.at\\\/en\\\/publication\\\/110516\\\/\",\"name\":\"The Sustainability of Horizontal Revenue Sharing in Austria from the Viewpoint of Community Development - WIFO\",\"isPartOf\":{\"@id\":\"https:\\\/\\\/www.wifo.ac.at\\\/en\\\/#website\"},\"datePublished\":\"2024-01-22T15:51:11+00:00\",\"dateModified\":\"2024-11-14T12:22:49+00:00\",\"breadcrumb\":{\"@id\":\"https:\\\/\\\/www.wifo.ac.at\\\/en\\\/publication\\\/110516\\\/#breadcrumb\"},\"inLanguage\":\"en-US\",\"potentialAction\":[{\"@type\":\"ReadAction\",\"target\":[\"https:\\\/\\\/www.wifo.ac.at\\\/en\\\/publication\\\/110516\\\/\"]}]},{\"@type\":\"BreadcrumbList\",\"@id\":\"https:\\\/\\\/www.wifo.ac.at\\\/en\\\/publication\\\/110516\\\/#breadcrumb\",\"itemListElement\":[{\"@type\":\"ListItem\",\"position\":1,\"name\":\"Startseite\",\"item\":\"https:\\\/\\\/www.wifo.ac.at\\\/en\\\/\"},{\"@type\":\"ListItem\",\"position\":2,\"name\":\"The Sustainability of Horizontal Revenue Sharing in Austria from the Viewpoint of Community Development\"}]},{\"@type\":\"WebSite\",\"@id\":\"https:\\\/\\\/www.wifo.ac.at\\\/en\\\/#website\",\"url\":\"https:\\\/\\\/www.wifo.ac.at\\\/en\\\/\",\"name\":\"\u00d6sterreichisches Institut f\u00fcr Wirtschaftsforschung\",\"description\":\"\",\"publisher\":{\"@id\":\"https:\\\/\\\/www.wifo.ac.at\\\/en\\\/#organization\"},\"alternateName\":\"WIFO\",\"potentialAction\":[{\"@type\":\"SearchAction\",\"target\":{\"@type\":\"EntryPoint\",\"urlTemplate\":\"https:\\\/\\\/www.wifo.ac.at\\\/en\\\/?s={search_term_string}\"},\"query-input\":{\"@type\":\"PropertyValueSpecification\",\"valueRequired\":true,\"valueName\":\"search_term_string\"}}],\"inLanguage\":\"en-US\"},{\"@type\":\"Organization\",\"@id\":\"https:\\\/\\\/www.wifo.ac.at\\\/en\\\/#organization\",\"name\":\"\u00d6sterreichisches Institut f\u00fcr Wirtschaftsforschung\",\"alternateName\":\"WIFO\",\"url\":\"https:\\\/\\\/www.wifo.ac.at\\\/en\\\/\",\"logo\":{\"@type\":\"ImageObject\",\"inLanguage\":\"en-US\",\"@id\":\"https:\\\/\\\/www.wifo.ac.at\\\/en\\\/#\\\/schema\\\/logo\\\/image\\\/\",\"url\":\"https:\\\/\\\/www.wifo.ac.at\\\/wp-content\\\/uploads\\\/2024\\\/05\\\/WIFO_kurz_rechts-2-1920x412.jpg\",\"contentUrl\":\"https:\\\/\\\/www.wifo.ac.at\\\/wp-content\\\/uploads\\\/2024\\\/05\\\/WIFO_kurz_rechts-2-1920x412.jpg\",\"width\":2000,\"height\":429,\"caption\":\"\u00d6sterreichisches Institut f\u00fcr Wirtschaftsforschung\"},\"image\":{\"@id\":\"https:\\\/\\\/www.wifo.ac.at\\\/en\\\/#\\\/schema\\\/logo\\\/image\\\/\"},\"sameAs\":[\"https:\\\/\\\/www.facebook.com\\\/WIFOat\\\/\",\"https:\\\/\\\/x.com\\\/WIFOat\",\"https:\\\/\\\/linkedin.com\\\/company\\\/wifoat\\\/\",\"https:\\\/\\\/www.youtube.com\\\/@WIFO_at\"],\"description\":\"Das WIFO, 1927 von Friedrich August von Hayek und Ludwig von Mises zur Konjunkturanalyse gegr\u00fcndet, ist heute das f\u00fchrende Institut f\u00fcr angewandte empirische Wirtschaftsforschung in \u00d6sterreich mit starkem Engagement auf europ\u00e4ischer Ebene.\",\"email\":\"office@wifo.ac.at\",\"telephone\":\"+43 1 798 26 01 \u2013 0\",\"legalName\":\"\u00d6sterreichisches Institut f\u00fcr Wirtschaftsforschung\",\"foundingDate\":\"1927-01-02\",\"numberOfEmployees\":{\"@type\":\"QuantitativeValue\",\"minValue\":\"51\",\"maxValue\":\"200\"},\"publishingPrinciples\":\"https:\\\/\\\/www.wifo.ac.at\\\/institut\\\/mission-und-strategie\\\/\",\"ownershipFundingInfo\":\"https:\\\/\\\/www.wifo.ac.at\\\/institut\\\/organisation\\\/\",\"actionableFeedbackPolicy\":\"https:\\\/\\\/www.wifo.ac.at\\\/aktuelles\\\/presse\\\/\",\"correctionsPolicy\":\"https:\\\/\\\/www.wifo.ac.at\\\/institut\\\/kontakt\\\/\",\"ethicsPolicy\":\"https:\\\/\\\/www.wifo.ac.at\\\/institut\\\/evidenzbasierung-transparenz-und-unabhaengigkeit\\\/\",\"diversityPolicy\":\"https:\\\/\\\/www.wifo.ac.at\\\/institut\\\/gleichstellung\\\/\",\"diversityStaffingReport\":\"https:\\\/\\\/www.wifo.ac.at\\\/institut\\\/gleichstellung\\\/\"}]}<\/script>\n<!-- \/ Yoast SEO Premium plugin. -->","yoast_head_json":{"title":"The Sustainability of Horizontal Revenue Sharing in Austria from the Viewpoint of Community Development - WIFO","robots":{"index":"index","follow":"follow","max-snippet":"max-snippet:-1","max-image-preview":"max-image-preview:large","max-video-preview":"max-video-preview:-1"},"canonical":"https:\/\/www.wifo.ac.at\/en\/publication\/110516\/","og_locale":"en_US","og_type":"article","og_title":"The Sustainability of Horizontal Revenue Sharing in Austria from the Viewpoint of Community Development","og_url":"https:\/\/www.wifo.ac.at\/en\/publication\/110516\/","og_site_name":"WIFO","article_publisher":"https:\/\/www.facebook.com\/WIFOat\/","article_modified_time":"2024-11-14T12:22:49+00:00","og_image":[{"width":1920,"height":1280,"url":"https:\/\/www.wifo.ac.at\/wp-content\/uploads\/2024\/05\/WIFO-Gebaeude-FotoAlexanderMueller-www.alexandermueller.at-IMG_6326-Bearbeitet-1.jpg","type":"image\/jpeg"}],"twitter_card":"summary_large_image","twitter_site":"@WIFOat","schema":{"@context":"https:\/\/schema.org","@graph":[{"@type":"WebPage","@id":"https:\/\/www.wifo.ac.at\/en\/publication\/110516\/","url":"https:\/\/www.wifo.ac.at\/en\/publication\/110516\/","name":"The Sustainability of Horizontal Revenue Sharing in Austria from the Viewpoint of Community Development - WIFO","isPartOf":{"@id":"https:\/\/www.wifo.ac.at\/en\/#website"},"datePublished":"2024-01-22T15:51:11+00:00","dateModified":"2024-11-14T12:22:49+00:00","breadcrumb":{"@id":"https:\/\/www.wifo.ac.at\/en\/publication\/110516\/#breadcrumb"},"inLanguage":"en-US","potentialAction":[{"@type":"ReadAction","target":["https:\/\/www.wifo.ac.at\/en\/publication\/110516\/"]}]},{"@type":"BreadcrumbList","@id":"https:\/\/www.wifo.ac.at\/en\/publication\/110516\/#breadcrumb","itemListElement":[{"@type":"ListItem","position":1,"name":"Startseite","item":"https:\/\/www.wifo.ac.at\/en\/"},{"@type":"ListItem","position":2,"name":"The Sustainability of Horizontal Revenue Sharing in Austria from the Viewpoint of Community Development"}]},{"@type":"WebSite","@id":"https:\/\/www.wifo.ac.at\/en\/#website","url":"https:\/\/www.wifo.ac.at\/en\/","name":"\u00d6sterreichisches Institut f\u00fcr Wirtschaftsforschung","description":"","publisher":{"@id":"https:\/\/www.wifo.ac.at\/en\/#organization"},"alternateName":"WIFO","potentialAction":[{"@type":"SearchAction","target":{"@type":"EntryPoint","urlTemplate":"https:\/\/www.wifo.ac.at\/en\/?s={search_term_string}"},"query-input":{"@type":"PropertyValueSpecification","valueRequired":true,"valueName":"search_term_string"}}],"inLanguage":"en-US"},{"@type":"Organization","@id":"https:\/\/www.wifo.ac.at\/en\/#organization","name":"\u00d6sterreichisches Institut f\u00fcr Wirtschaftsforschung","alternateName":"WIFO","url":"https:\/\/www.wifo.ac.at\/en\/","logo":{"@type":"ImageObject","inLanguage":"en-US","@id":"https:\/\/www.wifo.ac.at\/en\/#\/schema\/logo\/image\/","url":"https:\/\/www.wifo.ac.at\/wp-content\/uploads\/2024\/05\/WIFO_kurz_rechts-2-1920x412.jpg","contentUrl":"https:\/\/www.wifo.ac.at\/wp-content\/uploads\/2024\/05\/WIFO_kurz_rechts-2-1920x412.jpg","width":2000,"height":429,"caption":"\u00d6sterreichisches Institut f\u00fcr Wirtschaftsforschung"},"image":{"@id":"https:\/\/www.wifo.ac.at\/en\/#\/schema\/logo\/image\/"},"sameAs":["https:\/\/www.facebook.com\/WIFOat\/","https:\/\/x.com\/WIFOat","https:\/\/linkedin.com\/company\/wifoat\/","https:\/\/www.youtube.com\/@WIFO_at"],"description":"Das WIFO, 1927 von Friedrich August von Hayek und Ludwig von Mises zur Konjunkturanalyse gegr\u00fcndet, ist heute das f\u00fchrende Institut f\u00fcr angewandte empirische Wirtschaftsforschung in \u00d6sterreich mit starkem Engagement auf europ\u00e4ischer Ebene.","email":"office@wifo.ac.at","telephone":"+43 1 798 26 01 \u2013 0","legalName":"\u00d6sterreichisches Institut f\u00fcr Wirtschaftsforschung","foundingDate":"1927-01-02","numberOfEmployees":{"@type":"QuantitativeValue","minValue":"51","maxValue":"200"},"publishingPrinciples":"https:\/\/www.wifo.ac.at\/institut\/mission-und-strategie\/","ownershipFundingInfo":"https:\/\/www.wifo.ac.at\/institut\/organisation\/","actionableFeedbackPolicy":"https:\/\/www.wifo.ac.at\/aktuelles\/presse\/","correctionsPolicy":"https:\/\/www.wifo.ac.at\/institut\/kontakt\/","ethicsPolicy":"https:\/\/www.wifo.ac.at\/institut\/evidenzbasierung-transparenz-und-unabhaengigkeit\/","diversityPolicy":"https:\/\/www.wifo.ac.at\/institut\/gleichstellung\/","diversityStaffingReport":"https:\/\/www.wifo.ac.at\/institut\/gleichstellung\/"}]}},"_links":{"self":[{"href":"https:\/\/www.wifo.ac.at\/en\/wp-json\/wp\/v2\/publication\/110516","targetHints":{"allow":["GET"]}}],"collection":[{"href":"https:\/\/www.wifo.ac.at\/en\/wp-json\/wp\/v2\/publication"}],"about":[{"href":"https:\/\/www.wifo.ac.at\/en\/wp-json\/wp\/v2\/types\/publication"}],"version-history":[{"count":1,"href":"https:\/\/www.wifo.ac.at\/en\/wp-json\/wp\/v2\/publication\/110516\/revisions"}],"predecessor-version":[{"id":326899,"href":"https:\/\/www.wifo.ac.at\/en\/wp-json\/wp\/v2\/publication\/110516\/revisions\/326899"}],"acf:post":[{"embeddable":true,"href":"https:\/\/www.wifo.ac.at\/en\/wp-json\/wp\/v2\/external_person\/13267"},{"embeddable":true,"href":"https:\/\/www.wifo.ac.at\/en\/wp-json\/wp\/v2\/external_person\/13285"},{"embeddable":true,"href":"https:\/\/www.wifo.ac.at\/en\/wp-json\/wp\/v2\/external_person\/13265"},{"embeddable":true,"href":"https:\/\/www.wifo.ac.at\/en\/wp-json\/wp\/v2\/research_group\/3500"},{"embeddable":true,"href":"https:\/\/www.wifo.ac.at\/en\/wp-json\/wp\/v2\/publication_type\/44312"}],"wp:attachment":[{"href":"https:\/\/www.wifo.ac.at\/en\/wp-json\/wp\/v2\/media?parent=110516"}],"curies":[{"name":"wp","href":"https:\/\/api.w.org\/{rel}","templated":true}]}}