{"id":110303,"date":"2024-01-22T16:30:05","date_gmt":"2024-01-22T15:30:05","guid":{"rendered":"https:\/\/www.wifo.ac.at\/publication\/110303\/"},"modified":"2024-11-07T03:42:00","modified_gmt":"2024-11-07T02:42:00","slug":"zunahme-der-einzelhandelsumsaetze-stuetzt-die-konjunktur-2","status":"publish","type":"publication","link":"https:\/\/www.wifo.ac.at\/en\/publication\/110303\/","title":{"rendered":"Economy Supported by Higher Retail Sales"},"content":{"rendered":"","protected":false},"featured_media":0,"template":"","class_list":["post-110303","publication","type-publication","status-publish","hentry"],"acf":{"subtitle":"","text":"Recent months have seen a further improvement in business and consumer sentiment. Low headline inflation contributes to a strengthening of purchasing power, and companies intend to expand their investment activity. Employment, notably in part-time jobs, is growing strongly owing to the economic rebound, whereas the rate of unemployment growth is decelerating.","onlinedate":"2006-03-21 01:00:00","lang":"German","publication_series":"","publication_date":"20060301","publication_date_year":"","publication_date_full":false,"publication_num_pages":"","keywords":"[\"Konjunkturbericht\",\" \u00d6sterreich\"]","jelcodes":"[]","related_publications":"[]","pdf":323842,"zip":null,"link":"","monthly_report":true,"monthly_report_main":false,"monthly_report_volume":"79","monthly_report_pages":"139-147","monthly_report_pages_sort":"139","issue":"3","journal":"WIFO-Monatsberichte","publisher":"","invisible":false,"external":false,"embargo_date":null,"types":[44312],"research_groups":[3500],"collaboration":"","persons":[3893],"persons_data":"[{\"personId\":3893,\"personName\":\"Ewald Walterskirchen\",\"organisationNames\":[]}]","clients":[],"subclients":[],"partners":[],"topics":[],"host_publication_title":"","host_publication_subtitle":"","place_of_publication":"","host_publication_editors":"[]","type_description":"","output_media":"","chapter":"","article_number":"","citations":"{\"apa\":\"<div class=\\\"rendering rendering_researchoutput  rendering_researchoutput_apa rendering_contributiontoperiodical rendering_apa rendering_contributiontoperiodical_apa\\\"><span>Walterskirchen, E.<\\\/span> (2006). <span>Zunahme der Einzelhandelsums\u00e4tze st\u00fctzt die Konjunktur<\\\/span>. <span><em>WIFO-Monatsberichte<\\\/em><\\\/span>, <em>79<\\\/em>(3), 139-147. <a onclick=\\\"window.open(this.href, '_blank','noopener,noreferrer'); return false;\\\" href=\\\"https:\\\/\\\/www.wifo.ac.at\\\/wwa\\\/pubid\\\/26335\\\" class=\\\"link\\\"><span>https:\\\/\\\/www.wifo.ac.at\\\/wwa\\\/pubid\\\/26335<\\\/span><\\\/a><\\\/div>\",\"vancouver\":\"<div class=\\\"rendering rendering_researchoutput  rendering_researchoutput_vancouver rendering_contributiontoperiodical rendering_vancouver rendering_contributiontoperiodical_vancouver\\\"><span>Walterskirchen E<\\\/span>. <span class=\\\"title\\\"><span>Zunahme der Einzelhandelsums\u00e4tze st\u00fctzt die Konjunktur<\\\/span><\\\/span>. <span>WIFO-Monatsberichte<\\\/span>. 2006 Mar;79(3):139-147.<\\\/div>\",\"bibtex\":\"<div class=\\\"rendering rendering_researchoutput  rendering_researchoutput_bibtex rendering_contributiontoperiodical rendering_bibtex rendering_contributiontoperiodical_bibtex\\\"><div>@misc{d8c8d247c65d43dd91ddb0622a703cf3,<\\\/div><div>  title    = \\\"Zunahme der Einzelhandelsums{\\\\\\\"a}tze st{\\\\\\\"u}tzt die Konjunktur\\\",<\\\/div><div>  abstract = \\\"In den letzten Monaten hat sich die Stimmung der Wirtschaft und der Verbraucher weiter verbessert. Die Unternehmen planen, wesentlich mehr zu investieren als im letzten Jahr. Zur Jahreswende stiegen auch die realen Einzelhandelsums{\\\\\\\"a}tze. Der geringe Preisauftrieb trug Anfang 2006 zur St{\\\\\\\"a}rkung der Kaufkraft bei. Dank der Konjunkturerholung erh{\\\\\\\"o}hte sich die Besch{\\\\\\\"a}ftigung vor allem im Teilzeitbereich stark; die Zunahme der Arbeitslosigkeit wurde durch die Belebung der Wirtschaft und zus{\\\\\\\"a}tzliche arbeitsmarktpolitische Ma{\\\\ss}nahmen gebremst.\\\",<\\\/div><div>  keywords = \\\"Konjunkturbericht, {\\\\\\\"O}sterreich, Konjunkturbericht, {\\\\\\\"O}sterreich\\\",<\\\/div><div>  author   = \\\"Ewald Walterskirchen\\\",<\\\/div><div>  note     = \\\"Konjunkturbericht\\\",<\\\/div><div>  year     = \\\"2006\\\",<\\\/div><div>  month    = mar,<\\\/div><div>  language = \\\"Deutsch\\\",<\\\/div><div>  volume   = \\\"79\\\",<\\\/div><div>  pages    = \\\"139--147\\\",<\\\/div><div>  journal  = \\\"WIFO-Monatsberichte\\\",<\\\/div><p>}<\\\/p><\\\/div>\",\"ris\":\"<div class=\\\"rendering rendering_researchoutput  rendering_researchoutput_ris rendering_contributiontoperiodical rendering_ris rendering_contributiontoperiodical_ris\\\"><p>TY  - GEN<\\\/p><p>T1  - Zunahme der Einzelhandelsums\u00e4tze st\u00fctzt die Konjunktur<\\\/p><p>AU  - Walterskirchen, Ewald<\\\/p><p>N1  - Konjunkturbericht<\\\/p><p>PY  - 2006\\\/3<\\\/p><p>Y1  - 2006\\\/3<\\\/p><p>N2  - In den letzten Monaten hat sich die Stimmung der Wirtschaft und der Verbraucher weiter verbessert. Die Unternehmen planen, wesentlich mehr zu investieren als im letzten Jahr. Zur Jahreswende stiegen auch die realen Einzelhandelsums\u00e4tze. Der geringe Preisauftrieb trug Anfang 2006 zur St\u00e4rkung der Kaufkraft bei. Dank der Konjunkturerholung erh\u00f6hte sich die Besch\u00e4ftigung vor allem im Teilzeitbereich stark; die Zunahme der Arbeitslosigkeit wurde durch die Belebung der Wirtschaft und zus\u00e4tzliche arbeitsmarktpolitische Ma\u00dfnahmen gebremst.<\\\/p><p>AB  - In den letzten Monaten hat sich die Stimmung der Wirtschaft und der Verbraucher weiter verbessert. Die Unternehmen planen, wesentlich mehr zu investieren als im letzten Jahr. Zur Jahreswende stiegen auch die realen Einzelhandelsums\u00e4tze. Der geringe Preisauftrieb trug Anfang 2006 zur St\u00e4rkung der Kaufkraft bei. Dank der Konjunkturerholung erh\u00f6hte sich die Besch\u00e4ftigung vor allem im Teilzeitbereich stark; die Zunahme der Arbeitslosigkeit wurde durch die Belebung der Wirtschaft und zus\u00e4tzliche arbeitsmarktpolitische Ma\u00dfnahmen gebremst.<\\\/p><p>KW  - Konjunkturbericht<\\\/p><p>KW  -  \u00d6sterreich<\\\/p><p>KW  - Konjunkturbericht<\\\/p><p>KW  -  \u00d6sterreich<\\\/p><p>M3  - WIFO-Schriftenreihen<\\\/p><p>VL  - 79<\\\/p><p>SP  - 139<\\\/p><p>EP  - 147<\\\/p><p>JO  - WIFO-Monatsberichte<\\\/p><p>JF  - WIFO-Monatsberichte<\\\/p><p>ER  - <\\\/p><\\\/div>\"}","scientific_assistance":"[]","scientific_review":"[]","version":"","release_date":null,"expiration_date":null,"surveyor":"","research_assistance":"","edv":"","additional_info_de":"","additional_info_en":""},"yoast_head":"<!-- This site is optimized with the Yoast SEO Premium plugin v28.3 (Yoast SEO v28.3) - https:\/\/yoast.com\/product\/yoast-seo-premium-wordpress\/ -->\n<title>Economy Supported by Higher Retail Sales - WIFO<\/title>\n<meta name=\"robots\" content=\"index, follow, max-snippet:-1, max-image-preview:large, max-video-preview:-1\" \/>\n<link rel=\"canonical\" href=\"https:\/\/www.wifo.ac.at\/en\/publication\/110303\/\" \/>\n<meta property=\"og:locale\" content=\"en_US\" \/>\n<meta property=\"og:type\" content=\"article\" \/>\n<meta property=\"og:title\" content=\"Economy Supported by Higher Retail Sales\" \/>\n<meta property=\"og:url\" content=\"https:\/\/www.wifo.ac.at\/en\/publication\/110303\/\" \/>\n<meta property=\"og:site_name\" content=\"WIFO\" \/>\n<meta property=\"article:publisher\" content=\"https:\/\/www.facebook.com\/WIFOat\/\" \/>\n<meta property=\"article:modified_time\" content=\"2024-11-07T02:42:00+00:00\" \/>\n<meta property=\"og:image\" content=\"https:\/\/www.wifo.ac.at\/wp-content\/uploads\/2024\/05\/WIFO-Gebaeude-FotoAlexanderMueller-www.alexandermueller.at-IMG_6326-Bearbeitet-1.jpg\" \/>\n\t<meta property=\"og:image:width\" content=\"1920\" \/>\n\t<meta property=\"og:image:height\" content=\"1280\" \/>\n\t<meta property=\"og:image:type\" content=\"image\/jpeg\" \/>\n<meta name=\"twitter:card\" content=\"summary_large_image\" \/>\n<meta name=\"twitter:site\" content=\"@WIFOat\" \/>\n<script type=\"application\/ld+json\" class=\"yoast-schema-graph\">{\"@context\":\"https:\\\/\\\/schema.org\",\"@graph\":[{\"@type\":\"WebPage\",\"@id\":\"https:\\\/\\\/www.wifo.ac.at\\\/en\\\/publication\\\/110303\\\/\",\"url\":\"https:\\\/\\\/www.wifo.ac.at\\\/en\\\/publication\\\/110303\\\/\",\"name\":\"Economy Supported by Higher Retail Sales - WIFO\",\"isPartOf\":{\"@id\":\"https:\\\/\\\/www.wifo.ac.at\\\/en\\\/#website\"},\"datePublished\":\"2024-01-22T15:30:05+00:00\",\"dateModified\":\"2024-11-07T02:42:00+00:00\",\"breadcrumb\":{\"@id\":\"https:\\\/\\\/www.wifo.ac.at\\\/en\\\/publication\\\/110303\\\/#breadcrumb\"},\"inLanguage\":\"en-US\",\"potentialAction\":[{\"@type\":\"ReadAction\",\"target\":[\"https:\\\/\\\/www.wifo.ac.at\\\/en\\\/publication\\\/110303\\\/\"]}]},{\"@type\":\"BreadcrumbList\",\"@id\":\"https:\\\/\\\/www.wifo.ac.at\\\/en\\\/publication\\\/110303\\\/#breadcrumb\",\"itemListElement\":[{\"@type\":\"ListItem\",\"position\":1,\"name\":\"Startseite\",\"item\":\"https:\\\/\\\/www.wifo.ac.at\\\/en\\\/\"},{\"@type\":\"ListItem\",\"position\":2,\"name\":\"Economy Supported by Higher Retail Sales\"}]},{\"@type\":\"WebSite\",\"@id\":\"https:\\\/\\\/www.wifo.ac.at\\\/en\\\/#website\",\"url\":\"https:\\\/\\\/www.wifo.ac.at\\\/en\\\/\",\"name\":\"\u00d6sterreichisches Institut f\u00fcr Wirtschaftsforschung\",\"description\":\"\",\"publisher\":{\"@id\":\"https:\\\/\\\/www.wifo.ac.at\\\/en\\\/#organization\"},\"alternateName\":\"WIFO\",\"potentialAction\":[{\"@type\":\"SearchAction\",\"target\":{\"@type\":\"EntryPoint\",\"urlTemplate\":\"https:\\\/\\\/www.wifo.ac.at\\\/en\\\/?s={search_term_string}\"},\"query-input\":{\"@type\":\"PropertyValueSpecification\",\"valueRequired\":true,\"valueName\":\"search_term_string\"}}],\"inLanguage\":\"en-US\"},{\"@type\":\"Organization\",\"@id\":\"https:\\\/\\\/www.wifo.ac.at\\\/en\\\/#organization\",\"name\":\"\u00d6sterreichisches Institut f\u00fcr Wirtschaftsforschung\",\"alternateName\":\"WIFO\",\"url\":\"https:\\\/\\\/www.wifo.ac.at\\\/en\\\/\",\"logo\":{\"@type\":\"ImageObject\",\"inLanguage\":\"en-US\",\"@id\":\"https:\\\/\\\/www.wifo.ac.at\\\/en\\\/#\\\/schema\\\/logo\\\/image\\\/\",\"url\":\"https:\\\/\\\/www.wifo.ac.at\\\/wp-content\\\/uploads\\\/2024\\\/05\\\/WIFO_kurz_rechts-2-1920x412.jpg\",\"contentUrl\":\"https:\\\/\\\/www.wifo.ac.at\\\/wp-content\\\/uploads\\\/2024\\\/05\\\/WIFO_kurz_rechts-2-1920x412.jpg\",\"width\":2000,\"height\":429,\"caption\":\"\u00d6sterreichisches Institut f\u00fcr Wirtschaftsforschung\"},\"image\":{\"@id\":\"https:\\\/\\\/www.wifo.ac.at\\\/en\\\/#\\\/schema\\\/logo\\\/image\\\/\"},\"sameAs\":[\"https:\\\/\\\/www.facebook.com\\\/WIFOat\\\/\",\"https:\\\/\\\/x.com\\\/WIFOat\",\"https:\\\/\\\/linkedin.com\\\/company\\\/wifoat\\\/\",\"https:\\\/\\\/www.youtube.com\\\/@WIFO_at\"],\"description\":\"Das WIFO, 1927 von Friedrich August von Hayek und Ludwig von Mises zur Konjunkturanalyse gegr\u00fcndet, ist heute das f\u00fchrende Institut f\u00fcr angewandte empirische Wirtschaftsforschung in \u00d6sterreich mit starkem Engagement auf europ\u00e4ischer Ebene.\",\"email\":\"office@wifo.ac.at\",\"telephone\":\"+43 1 798 26 01 \u2013 0\",\"legalName\":\"\u00d6sterreichisches Institut f\u00fcr Wirtschaftsforschung\",\"foundingDate\":\"1927-01-02\",\"numberOfEmployees\":{\"@type\":\"QuantitativeValue\",\"minValue\":\"51\",\"maxValue\":\"200\"},\"publishingPrinciples\":\"https:\\\/\\\/www.wifo.ac.at\\\/institut\\\/mission-und-strategie\\\/\",\"ownershipFundingInfo\":\"https:\\\/\\\/www.wifo.ac.at\\\/institut\\\/organisation\\\/\",\"actionableFeedbackPolicy\":\"https:\\\/\\\/www.wifo.ac.at\\\/aktuelles\\\/presse\\\/\",\"correctionsPolicy\":\"https:\\\/\\\/www.wifo.ac.at\\\/institut\\\/kontakt\\\/\",\"ethicsPolicy\":\"https:\\\/\\\/www.wifo.ac.at\\\/institut\\\/evidenzbasierung-transparenz-und-unabhaengigkeit\\\/\",\"diversityPolicy\":\"https:\\\/\\\/www.wifo.ac.at\\\/institut\\\/gleichstellung\\\/\",\"diversityStaffingReport\":\"https:\\\/\\\/www.wifo.ac.at\\\/institut\\\/gleichstellung\\\/\"}]}<\/script>\n<!-- \/ Yoast SEO Premium plugin. -->","yoast_head_json":{"title":"Economy Supported by Higher Retail Sales - WIFO","robots":{"index":"index","follow":"follow","max-snippet":"max-snippet:-1","max-image-preview":"max-image-preview:large","max-video-preview":"max-video-preview:-1"},"canonical":"https:\/\/www.wifo.ac.at\/en\/publication\/110303\/","og_locale":"en_US","og_type":"article","og_title":"Economy Supported by Higher Retail Sales","og_url":"https:\/\/www.wifo.ac.at\/en\/publication\/110303\/","og_site_name":"WIFO","article_publisher":"https:\/\/www.facebook.com\/WIFOat\/","article_modified_time":"2024-11-07T02:42:00+00:00","og_image":[{"width":1920,"height":1280,"url":"https:\/\/www.wifo.ac.at\/wp-content\/uploads\/2024\/05\/WIFO-Gebaeude-FotoAlexanderMueller-www.alexandermueller.at-IMG_6326-Bearbeitet-1.jpg","type":"image\/jpeg"}],"twitter_card":"summary_large_image","twitter_site":"@WIFOat","schema":{"@context":"https:\/\/schema.org","@graph":[{"@type":"WebPage","@id":"https:\/\/www.wifo.ac.at\/en\/publication\/110303\/","url":"https:\/\/www.wifo.ac.at\/en\/publication\/110303\/","name":"Economy Supported by Higher Retail Sales - WIFO","isPartOf":{"@id":"https:\/\/www.wifo.ac.at\/en\/#website"},"datePublished":"2024-01-22T15:30:05+00:00","dateModified":"2024-11-07T02:42:00+00:00","breadcrumb":{"@id":"https:\/\/www.wifo.ac.at\/en\/publication\/110303\/#breadcrumb"},"inLanguage":"en-US","potentialAction":[{"@type":"ReadAction","target":["https:\/\/www.wifo.ac.at\/en\/publication\/110303\/"]}]},{"@type":"BreadcrumbList","@id":"https:\/\/www.wifo.ac.at\/en\/publication\/110303\/#breadcrumb","itemListElement":[{"@type":"ListItem","position":1,"name":"Startseite","item":"https:\/\/www.wifo.ac.at\/en\/"},{"@type":"ListItem","position":2,"name":"Economy Supported by Higher Retail Sales"}]},{"@type":"WebSite","@id":"https:\/\/www.wifo.ac.at\/en\/#website","url":"https:\/\/www.wifo.ac.at\/en\/","name":"\u00d6sterreichisches Institut f\u00fcr Wirtschaftsforschung","description":"","publisher":{"@id":"https:\/\/www.wifo.ac.at\/en\/#organization"},"alternateName":"WIFO","potentialAction":[{"@type":"SearchAction","target":{"@type":"EntryPoint","urlTemplate":"https:\/\/www.wifo.ac.at\/en\/?s={search_term_string}"},"query-input":{"@type":"PropertyValueSpecification","valueRequired":true,"valueName":"search_term_string"}}],"inLanguage":"en-US"},{"@type":"Organization","@id":"https:\/\/www.wifo.ac.at\/en\/#organization","name":"\u00d6sterreichisches Institut f\u00fcr Wirtschaftsforschung","alternateName":"WIFO","url":"https:\/\/www.wifo.ac.at\/en\/","logo":{"@type":"ImageObject","inLanguage":"en-US","@id":"https:\/\/www.wifo.ac.at\/en\/#\/schema\/logo\/image\/","url":"https:\/\/www.wifo.ac.at\/wp-content\/uploads\/2024\/05\/WIFO_kurz_rechts-2-1920x412.jpg","contentUrl":"https:\/\/www.wifo.ac.at\/wp-content\/uploads\/2024\/05\/WIFO_kurz_rechts-2-1920x412.jpg","width":2000,"height":429,"caption":"\u00d6sterreichisches Institut f\u00fcr Wirtschaftsforschung"},"image":{"@id":"https:\/\/www.wifo.ac.at\/en\/#\/schema\/logo\/image\/"},"sameAs":["https:\/\/www.facebook.com\/WIFOat\/","https:\/\/x.com\/WIFOat","https:\/\/linkedin.com\/company\/wifoat\/","https:\/\/www.youtube.com\/@WIFO_at"],"description":"Das WIFO, 1927 von Friedrich August von Hayek und Ludwig von Mises zur Konjunkturanalyse gegr\u00fcndet, ist heute das f\u00fchrende Institut f\u00fcr angewandte empirische Wirtschaftsforschung in \u00d6sterreich mit starkem Engagement auf europ\u00e4ischer Ebene.","email":"office@wifo.ac.at","telephone":"+43 1 798 26 01 \u2013 0","legalName":"\u00d6sterreichisches Institut f\u00fcr Wirtschaftsforschung","foundingDate":"1927-01-02","numberOfEmployees":{"@type":"QuantitativeValue","minValue":"51","maxValue":"200"},"publishingPrinciples":"https:\/\/www.wifo.ac.at\/institut\/mission-und-strategie\/","ownershipFundingInfo":"https:\/\/www.wifo.ac.at\/institut\/organisation\/","actionableFeedbackPolicy":"https:\/\/www.wifo.ac.at\/aktuelles\/presse\/","correctionsPolicy":"https:\/\/www.wifo.ac.at\/institut\/kontakt\/","ethicsPolicy":"https:\/\/www.wifo.ac.at\/institut\/evidenzbasierung-transparenz-und-unabhaengigkeit\/","diversityPolicy":"https:\/\/www.wifo.ac.at\/institut\/gleichstellung\/","diversityStaffingReport":"https:\/\/www.wifo.ac.at\/institut\/gleichstellung\/"}]}},"_links":{"self":[{"href":"https:\/\/www.wifo.ac.at\/en\/wp-json\/wp\/v2\/publication\/110303","targetHints":{"allow":["GET"]}}],"collection":[{"href":"https:\/\/www.wifo.ac.at\/en\/wp-json\/wp\/v2\/publication"}],"about":[{"href":"https:\/\/www.wifo.ac.at\/en\/wp-json\/wp\/v2\/types\/publication"}],"version-history":[{"count":1,"href":"https:\/\/www.wifo.ac.at\/en\/wp-json\/wp\/v2\/publication\/110303\/revisions"}],"predecessor-version":[{"id":323833,"href":"https:\/\/www.wifo.ac.at\/en\/wp-json\/wp\/v2\/publication\/110303\/revisions\/323833"}],"acf:post":[{"embeddable":true,"href":"https:\/\/www.wifo.ac.at\/en\/wp-json\/wp\/v2\/person\/3893"},{"embeddable":true,"href":"https:\/\/www.wifo.ac.at\/en\/wp-json\/wp\/v2\/research_group\/3500"},{"embeddable":true,"href":"https:\/\/www.wifo.ac.at\/en\/wp-json\/wp\/v2\/publication_type\/44312"}],"wp:attachment":[{"href":"https:\/\/www.wifo.ac.at\/en\/wp-json\/wp\/v2\/media?parent=110303"}],"curies":[{"name":"wp","href":"https:\/\/api.w.org\/{rel}","templated":true}]}}