{"id":110249,"date":"2024-01-22T16:29:15","date_gmt":"2024-01-22T15:29:15","guid":{"rendered":"https:\/\/www.wifo.ac.at\/publication\/110249\/"},"modified":"2024-11-14T13:23:47","modified_gmt":"2024-11-14T12:23:47","slug":"konjunkturerholung-setzt-sich-fort-4","status":"publish","type":"publication","link":"https:\/\/www.wifo.ac.at\/en\/publication\/110249\/","title":{"rendered":"Cyclical Recovery Continuing"},"content":{"rendered":"","protected":false},"featured_media":0,"template":"","class_list":["post-110249","publication","type-publication","status-publish","hentry"],"acf":{"subtitle":"","text":"Results of the WIFO business cycle survey show that the business climate in the manufacturing and construction in-dustries has brightened markedly in the first quarter of 2006. But there are no indications that a revival of investment activity has already gotten off the ground. Improvement in consumer sentiment has been modest, with retail sales disappointing until the end of 2005. In contrast, the winter tourist season got off to a good start. Inflation is slowing down. While the number of employed persons has been on the rise, unemployment numbers reached a new peak in winter.","onlinedate":"2006-02-20 01:00:00","lang":"German","publication_series":"","publication_date":"20060201","publication_date_year":"","publication_date_full":false,"publication_num_pages":"","keywords":"[\"Konjunkturbericht\",\" \u00d6sterreich\"]","jelcodes":"[]","related_publications":"[]","pdf":415404,"zip":null,"link":"","monthly_report":true,"monthly_report_main":false,"monthly_report_volume":"79","monthly_report_pages":"71-80","monthly_report_pages_sort":"71","issue":"2","journal":"WIFO-Monatsberichte","publisher":"","invisible":false,"external":false,"embargo_date":null,"types":[44312],"research_groups":[3500],"collaboration":"","persons":[4043,3872],"persons_data":"[{\"personId\":4043,\"personName\":\"Markus Marterbauer\",\"organisationNames\":[]},{\"personId\":3872,\"personName\":\"Sandra Steindl\",\"organisationNames\":[]}]","clients":[],"subclients":[],"partners":[],"topics":[],"host_publication_title":"","host_publication_subtitle":"","place_of_publication":"","host_publication_editors":"[]","type_description":"","output_media":"","chapter":"","article_number":"","citations":"{\"apa\":\"<div class=\\\"rendering rendering_researchoutput  rendering_researchoutput_apa rendering_contributiontoperiodical rendering_apa rendering_contributiontoperiodical_apa\\\"><span>Marterbauer, M.<\\\/span><span>, &amp; Steindl, S.<\\\/span> (2006). <span>Konjunkturerholung setzt sich fort<\\\/span>. <span><em>WIFO-Monatsberichte<\\\/em><\\\/span>, <em>79<\\\/em>(2), 71-80. <a onclick=\\\"window.open(this.href, '_blank','noopener,noreferrer'); return false;\\\" href=\\\"https:\\\/\\\/www.wifo.ac.at\\\/wwa\\\/pubid\\\/26155\\\" class=\\\"link\\\"><span>https:\\\/\\\/www.wifo.ac.at\\\/wwa\\\/pubid\\\/26155<\\\/span><\\\/a><\\\/div>\",\"vancouver\":\"<div class=\\\"rendering rendering_researchoutput  rendering_researchoutput_vancouver rendering_contributiontoperiodical rendering_vancouver rendering_contributiontoperiodical_vancouver\\\"><span>Marterbauer M<\\\/span><span>, Steindl S<\\\/span>. <span class=\\\"title\\\"><span>Konjunkturerholung setzt sich fort<\\\/span><\\\/span>. <span>WIFO-Monatsberichte<\\\/span>. 2006 Feb;79(2):71-80.<\\\/div>\",\"bibtex\":\"<div class=\\\"rendering rendering_researchoutput  rendering_researchoutput_bibtex rendering_contributiontoperiodical rendering_bibtex rendering_contributiontoperiodical_bibtex\\\"><div>@misc{1a16b3220ef94e8b82496c574b0bd078,<\\\/div><div>  title    = \\\"Konjunkturerholung setzt sich fort\\\",<\\\/div><div>  abstract = \\\"Nach den Ergebnissen des WIFO-Konjunkturtests hellte sich die Stimmung in der Sachg{\\\\\\\"u}tererzeugung und der Bauwirtschaft im I. Quartal 2006 merklich auf. Die Produktions- und Exportzahlen zeigen eine m{\\\\\\\"a}{\\\\ss}ige Aufw{\\\\\\\"a}rtstendenz. Trotz g{\\\\\\\"u}nstiger Rahmenbedingungen d{\\\\\\\"u}rfte noch kein Investitionsaufschwung in Gang gekommen sein. Darauf weisen der R{\\\\\\\"u}ckgang der Importe von Investitionsg{\\\\\\\"u}tern und die Schw{\\\\\\\"a}che im Gro{\\\\ss}handel hin. Allerdings spiegelt der WIFO-Investitionstest eine Verbesserung der Investitionsabsichten wider. Der Gesch{\\\\\\\"a}ftgang der {\\\\\\\"u}berwiegend von der privaten Konsumnachfrage bestimmten Wirtschaftsbereiche ist weiterhin verhalten. Die realen Ums{\\\\\\\"a}tze lagen im Einzelhandel zuletzt um etwa 1\u00bd\\\\% {\\\\\\\"u}ber dem Vorjahreswert, im Kfz-Handel deutlich darunter. Die Zur{\\\\\\\"u}ckhaltung in der Anschaffung von Kfz wird ma{\\\\ss}geblich von der ung{\\\\\\\"u}nstigen Lage auf dem Arbeitsmarkt beeinflusst. Zwar steigt die Zahl der Besch{\\\\\\\"a}ftigten deutlich, dies betrifft allerdings weiterhin {\\\\\\\"u}berwiegend Teilzeitstellen. Die Zahl der Arbeitslosen erreichte im J{\\\\\\\"a}nner einen neuen H{\\\\\\\"o}chstwert.\\\",<\\\/div><div>  keywords = \\\"Konjunkturbericht, {\\\\\\\"O}sterreich, Konjunkturbericht, {\\\\\\\"O}sterreich\\\",<\\\/div><div>  author   = \\\"Markus Marterbauer and Sandra Steindl\\\",<\\\/div><div>  note     = \\\"Konjunkturbericht\\\",<\\\/div><div>  year     = \\\"2006\\\",<\\\/div><div>  month    = feb,<\\\/div><div>  language = \\\"Deutsch\\\",<\\\/div><div>  volume   = \\\"79\\\",<\\\/div><div>  pages    = \\\"71--80\\\",<\\\/div><div>  journal  = \\\"WIFO-Monatsberichte\\\",<\\\/div><p>}<\\\/p><\\\/div>\",\"ris\":\"<div class=\\\"rendering rendering_researchoutput  rendering_researchoutput_ris rendering_contributiontoperiodical rendering_ris rendering_contributiontoperiodical_ris\\\"><p>TY  - GEN<\\\/p><p>T1  - Konjunkturerholung setzt sich fort<\\\/p><p>AU  - Marterbauer, Markus<\\\/p><p>AU  - Steindl, Sandra<\\\/p><p>N1  - Konjunkturbericht<\\\/p><p>PY  - 2006\\\/2<\\\/p><p>Y1  - 2006\\\/2<\\\/p><p>N2  - Nach den Ergebnissen des WIFO-Konjunkturtests hellte sich die Stimmung in der Sachg\u00fctererzeugung und der Bauwirtschaft im I. Quartal 2006 merklich auf. Die Produktions- und Exportzahlen zeigen eine m\u00e4\u00dfige Aufw\u00e4rtstendenz. Trotz g\u00fcnstiger Rahmenbedingungen d\u00fcrfte noch kein Investitionsaufschwung in Gang gekommen sein. Darauf weisen der R\u00fcckgang der Importe von Investitionsg\u00fctern und die Schw\u00e4che im Gro\u00dfhandel hin. Allerdings spiegelt der WIFO-Investitionstest eine Verbesserung der Investitionsabsichten wider. Der Gesch\u00e4ftgang der \u00fcberwiegend von der privaten Konsumnachfrage bestimmten Wirtschaftsbereiche ist weiterhin verhalten. Die realen Ums\u00e4tze lagen im Einzelhandel zuletzt um etwa 1\u00bd% \u00fcber dem Vorjahreswert, im Kfz-Handel deutlich darunter. Die Zur\u00fcckhaltung in der Anschaffung von Kfz wird ma\u00dfgeblich von der ung\u00fcnstigen Lage auf dem Arbeitsmarkt beeinflusst. Zwar steigt die Zahl der Besch\u00e4ftigten deutlich, dies betrifft allerdings weiterhin \u00fcberwiegend Teilzeitstellen. Die Zahl der Arbeitslosen erreichte im J\u00e4nner einen neuen H\u00f6chstwert.<\\\/p><p>AB  - Nach den Ergebnissen des WIFO-Konjunkturtests hellte sich die Stimmung in der Sachg\u00fctererzeugung und der Bauwirtschaft im I. Quartal 2006 merklich auf. Die Produktions- und Exportzahlen zeigen eine m\u00e4\u00dfige Aufw\u00e4rtstendenz. Trotz g\u00fcnstiger Rahmenbedingungen d\u00fcrfte noch kein Investitionsaufschwung in Gang gekommen sein. Darauf weisen der R\u00fcckgang der Importe von Investitionsg\u00fctern und die Schw\u00e4che im Gro\u00dfhandel hin. Allerdings spiegelt der WIFO-Investitionstest eine Verbesserung der Investitionsabsichten wider. Der Gesch\u00e4ftgang der \u00fcberwiegend von der privaten Konsumnachfrage bestimmten Wirtschaftsbereiche ist weiterhin verhalten. Die realen Ums\u00e4tze lagen im Einzelhandel zuletzt um etwa 1\u00bd% \u00fcber dem Vorjahreswert, im Kfz-Handel deutlich darunter. Die Zur\u00fcckhaltung in der Anschaffung von Kfz wird ma\u00dfgeblich von der ung\u00fcnstigen Lage auf dem Arbeitsmarkt beeinflusst. Zwar steigt die Zahl der Besch\u00e4ftigten deutlich, dies betrifft allerdings weiterhin \u00fcberwiegend Teilzeitstellen. Die Zahl der Arbeitslosen erreichte im J\u00e4nner einen neuen H\u00f6chstwert.<\\\/p><p>KW  - Konjunkturbericht<\\\/p><p>KW  -  \u00d6sterreich<\\\/p><p>KW  - Konjunkturbericht<\\\/p><p>KW  -  \u00d6sterreich<\\\/p><p>M3  - WIFO-Schriftenreihen<\\\/p><p>VL  - 79<\\\/p><p>SP  - 71<\\\/p><p>EP  - 80<\\\/p><p>JO  - WIFO-Monatsberichte<\\\/p><p>JF  - WIFO-Monatsberichte<\\\/p><p>ER  - <\\\/p><\\\/div>\"}","scientific_assistance":"[]","scientific_review":"[]","version":"","release_date":null,"expiration_date":null,"surveyor":"","research_assistance":"","edv":"","additional_info_de":"","additional_info_en":""},"yoast_head":"<!-- This site is optimized with the Yoast SEO Premium plugin v28.3 (Yoast SEO v28.3) - https:\/\/yoast.com\/product\/yoast-seo-premium-wordpress\/ -->\n<title>Cyclical Recovery Continuing - WIFO<\/title>\n<meta name=\"robots\" content=\"index, follow, max-snippet:-1, max-image-preview:large, max-video-preview:-1\" \/>\n<link rel=\"canonical\" href=\"https:\/\/www.wifo.ac.at\/en\/publication\/110249\/\" \/>\n<meta property=\"og:locale\" content=\"en_US\" \/>\n<meta property=\"og:type\" content=\"article\" \/>\n<meta property=\"og:title\" content=\"Cyclical Recovery Continuing\" \/>\n<meta property=\"og:url\" content=\"https:\/\/www.wifo.ac.at\/en\/publication\/110249\/\" \/>\n<meta property=\"og:site_name\" content=\"WIFO\" \/>\n<meta property=\"article:publisher\" content=\"https:\/\/www.facebook.com\/WIFOat\/\" \/>\n<meta property=\"article:modified_time\" content=\"2024-11-14T12:23:47+00:00\" \/>\n<meta property=\"og:image\" content=\"https:\/\/www.wifo.ac.at\/wp-content\/uploads\/2024\/05\/WIFO-Gebaeude-FotoAlexanderMueller-www.alexandermueller.at-IMG_6326-Bearbeitet-1.jpg\" \/>\n\t<meta property=\"og:image:width\" content=\"1920\" \/>\n\t<meta property=\"og:image:height\" content=\"1280\" \/>\n\t<meta property=\"og:image:type\" content=\"image\/jpeg\" \/>\n<meta name=\"twitter:card\" content=\"summary_large_image\" \/>\n<meta name=\"twitter:site\" content=\"@WIFOat\" \/>\n<script type=\"application\/ld+json\" class=\"yoast-schema-graph\">{\"@context\":\"https:\\\/\\\/schema.org\",\"@graph\":[{\"@type\":\"WebPage\",\"@id\":\"https:\\\/\\\/www.wifo.ac.at\\\/en\\\/publication\\\/110249\\\/\",\"url\":\"https:\\\/\\\/www.wifo.ac.at\\\/en\\\/publication\\\/110249\\\/\",\"name\":\"Cyclical Recovery Continuing - WIFO\",\"isPartOf\":{\"@id\":\"https:\\\/\\\/www.wifo.ac.at\\\/en\\\/#website\"},\"datePublished\":\"2024-01-22T15:29:15+00:00\",\"dateModified\":\"2024-11-14T12:23:47+00:00\",\"breadcrumb\":{\"@id\":\"https:\\\/\\\/www.wifo.ac.at\\\/en\\\/publication\\\/110249\\\/#breadcrumb\"},\"inLanguage\":\"en-US\",\"potentialAction\":[{\"@type\":\"ReadAction\",\"target\":[\"https:\\\/\\\/www.wifo.ac.at\\\/en\\\/publication\\\/110249\\\/\"]}]},{\"@type\":\"BreadcrumbList\",\"@id\":\"https:\\\/\\\/www.wifo.ac.at\\\/en\\\/publication\\\/110249\\\/#breadcrumb\",\"itemListElement\":[{\"@type\":\"ListItem\",\"position\":1,\"name\":\"Startseite\",\"item\":\"https:\\\/\\\/www.wifo.ac.at\\\/en\\\/\"},{\"@type\":\"ListItem\",\"position\":2,\"name\":\"Cyclical Recovery Continuing\"}]},{\"@type\":\"WebSite\",\"@id\":\"https:\\\/\\\/www.wifo.ac.at\\\/en\\\/#website\",\"url\":\"https:\\\/\\\/www.wifo.ac.at\\\/en\\\/\",\"name\":\"\u00d6sterreichisches Institut f\u00fcr Wirtschaftsforschung\",\"description\":\"\",\"publisher\":{\"@id\":\"https:\\\/\\\/www.wifo.ac.at\\\/en\\\/#organization\"},\"alternateName\":\"WIFO\",\"potentialAction\":[{\"@type\":\"SearchAction\",\"target\":{\"@type\":\"EntryPoint\",\"urlTemplate\":\"https:\\\/\\\/www.wifo.ac.at\\\/en\\\/?s={search_term_string}\"},\"query-input\":{\"@type\":\"PropertyValueSpecification\",\"valueRequired\":true,\"valueName\":\"search_term_string\"}}],\"inLanguage\":\"en-US\"},{\"@type\":\"Organization\",\"@id\":\"https:\\\/\\\/www.wifo.ac.at\\\/en\\\/#organization\",\"name\":\"\u00d6sterreichisches Institut f\u00fcr Wirtschaftsforschung\",\"alternateName\":\"WIFO\",\"url\":\"https:\\\/\\\/www.wifo.ac.at\\\/en\\\/\",\"logo\":{\"@type\":\"ImageObject\",\"inLanguage\":\"en-US\",\"@id\":\"https:\\\/\\\/www.wifo.ac.at\\\/en\\\/#\\\/schema\\\/logo\\\/image\\\/\",\"url\":\"https:\\\/\\\/www.wifo.ac.at\\\/wp-content\\\/uploads\\\/2024\\\/05\\\/WIFO_kurz_rechts-2-1920x412.jpg\",\"contentUrl\":\"https:\\\/\\\/www.wifo.ac.at\\\/wp-content\\\/uploads\\\/2024\\\/05\\\/WIFO_kurz_rechts-2-1920x412.jpg\",\"width\":2000,\"height\":429,\"caption\":\"\u00d6sterreichisches Institut f\u00fcr Wirtschaftsforschung\"},\"image\":{\"@id\":\"https:\\\/\\\/www.wifo.ac.at\\\/en\\\/#\\\/schema\\\/logo\\\/image\\\/\"},\"sameAs\":[\"https:\\\/\\\/www.facebook.com\\\/WIFOat\\\/\",\"https:\\\/\\\/x.com\\\/WIFOat\",\"https:\\\/\\\/linkedin.com\\\/company\\\/wifoat\\\/\",\"https:\\\/\\\/www.youtube.com\\\/@WIFO_at\"],\"description\":\"Das WIFO, 1927 von Friedrich August von Hayek und Ludwig von Mises zur Konjunkturanalyse gegr\u00fcndet, ist heute das f\u00fchrende Institut f\u00fcr angewandte empirische Wirtschaftsforschung in \u00d6sterreich mit starkem Engagement auf europ\u00e4ischer Ebene.\",\"email\":\"office@wifo.ac.at\",\"telephone\":\"+43 1 798 26 01 \u2013 0\",\"legalName\":\"\u00d6sterreichisches Institut f\u00fcr Wirtschaftsforschung\",\"foundingDate\":\"1927-01-02\",\"numberOfEmployees\":{\"@type\":\"QuantitativeValue\",\"minValue\":\"51\",\"maxValue\":\"200\"},\"publishingPrinciples\":\"https:\\\/\\\/www.wifo.ac.at\\\/institut\\\/mission-und-strategie\\\/\",\"ownershipFundingInfo\":\"https:\\\/\\\/www.wifo.ac.at\\\/institut\\\/organisation\\\/\",\"actionableFeedbackPolicy\":\"https:\\\/\\\/www.wifo.ac.at\\\/aktuelles\\\/presse\\\/\",\"correctionsPolicy\":\"https:\\\/\\\/www.wifo.ac.at\\\/institut\\\/kontakt\\\/\",\"ethicsPolicy\":\"https:\\\/\\\/www.wifo.ac.at\\\/institut\\\/evidenzbasierung-transparenz-und-unabhaengigkeit\\\/\",\"diversityPolicy\":\"https:\\\/\\\/www.wifo.ac.at\\\/institut\\\/gleichstellung\\\/\",\"diversityStaffingReport\":\"https:\\\/\\\/www.wifo.ac.at\\\/institut\\\/gleichstellung\\\/\"}]}<\/script>\n<!-- \/ Yoast SEO Premium plugin. -->","yoast_head_json":{"title":"Cyclical Recovery Continuing - WIFO","robots":{"index":"index","follow":"follow","max-snippet":"max-snippet:-1","max-image-preview":"max-image-preview:large","max-video-preview":"max-video-preview:-1"},"canonical":"https:\/\/www.wifo.ac.at\/en\/publication\/110249\/","og_locale":"en_US","og_type":"article","og_title":"Cyclical Recovery Continuing","og_url":"https:\/\/www.wifo.ac.at\/en\/publication\/110249\/","og_site_name":"WIFO","article_publisher":"https:\/\/www.facebook.com\/WIFOat\/","article_modified_time":"2024-11-14T12:23:47+00:00","og_image":[{"width":1920,"height":1280,"url":"https:\/\/www.wifo.ac.at\/wp-content\/uploads\/2024\/05\/WIFO-Gebaeude-FotoAlexanderMueller-www.alexandermueller.at-IMG_6326-Bearbeitet-1.jpg","type":"image\/jpeg"}],"twitter_card":"summary_large_image","twitter_site":"@WIFOat","schema":{"@context":"https:\/\/schema.org","@graph":[{"@type":"WebPage","@id":"https:\/\/www.wifo.ac.at\/en\/publication\/110249\/","url":"https:\/\/www.wifo.ac.at\/en\/publication\/110249\/","name":"Cyclical Recovery Continuing - WIFO","isPartOf":{"@id":"https:\/\/www.wifo.ac.at\/en\/#website"},"datePublished":"2024-01-22T15:29:15+00:00","dateModified":"2024-11-14T12:23:47+00:00","breadcrumb":{"@id":"https:\/\/www.wifo.ac.at\/en\/publication\/110249\/#breadcrumb"},"inLanguage":"en-US","potentialAction":[{"@type":"ReadAction","target":["https:\/\/www.wifo.ac.at\/en\/publication\/110249\/"]}]},{"@type":"BreadcrumbList","@id":"https:\/\/www.wifo.ac.at\/en\/publication\/110249\/#breadcrumb","itemListElement":[{"@type":"ListItem","position":1,"name":"Startseite","item":"https:\/\/www.wifo.ac.at\/en\/"},{"@type":"ListItem","position":2,"name":"Cyclical Recovery Continuing"}]},{"@type":"WebSite","@id":"https:\/\/www.wifo.ac.at\/en\/#website","url":"https:\/\/www.wifo.ac.at\/en\/","name":"\u00d6sterreichisches Institut f\u00fcr Wirtschaftsforschung","description":"","publisher":{"@id":"https:\/\/www.wifo.ac.at\/en\/#organization"},"alternateName":"WIFO","potentialAction":[{"@type":"SearchAction","target":{"@type":"EntryPoint","urlTemplate":"https:\/\/www.wifo.ac.at\/en\/?s={search_term_string}"},"query-input":{"@type":"PropertyValueSpecification","valueRequired":true,"valueName":"search_term_string"}}],"inLanguage":"en-US"},{"@type":"Organization","@id":"https:\/\/www.wifo.ac.at\/en\/#organization","name":"\u00d6sterreichisches Institut f\u00fcr Wirtschaftsforschung","alternateName":"WIFO","url":"https:\/\/www.wifo.ac.at\/en\/","logo":{"@type":"ImageObject","inLanguage":"en-US","@id":"https:\/\/www.wifo.ac.at\/en\/#\/schema\/logo\/image\/","url":"https:\/\/www.wifo.ac.at\/wp-content\/uploads\/2024\/05\/WIFO_kurz_rechts-2-1920x412.jpg","contentUrl":"https:\/\/www.wifo.ac.at\/wp-content\/uploads\/2024\/05\/WIFO_kurz_rechts-2-1920x412.jpg","width":2000,"height":429,"caption":"\u00d6sterreichisches Institut f\u00fcr Wirtschaftsforschung"},"image":{"@id":"https:\/\/www.wifo.ac.at\/en\/#\/schema\/logo\/image\/"},"sameAs":["https:\/\/www.facebook.com\/WIFOat\/","https:\/\/x.com\/WIFOat","https:\/\/linkedin.com\/company\/wifoat\/","https:\/\/www.youtube.com\/@WIFO_at"],"description":"Das WIFO, 1927 von Friedrich August von Hayek und Ludwig von Mises zur Konjunkturanalyse gegr\u00fcndet, ist heute das f\u00fchrende Institut f\u00fcr angewandte empirische Wirtschaftsforschung in \u00d6sterreich mit starkem Engagement auf europ\u00e4ischer Ebene.","email":"office@wifo.ac.at","telephone":"+43 1 798 26 01 \u2013 0","legalName":"\u00d6sterreichisches Institut f\u00fcr Wirtschaftsforschung","foundingDate":"1927-01-02","numberOfEmployees":{"@type":"QuantitativeValue","minValue":"51","maxValue":"200"},"publishingPrinciples":"https:\/\/www.wifo.ac.at\/institut\/mission-und-strategie\/","ownershipFundingInfo":"https:\/\/www.wifo.ac.at\/institut\/organisation\/","actionableFeedbackPolicy":"https:\/\/www.wifo.ac.at\/aktuelles\/presse\/","correctionsPolicy":"https:\/\/www.wifo.ac.at\/institut\/kontakt\/","ethicsPolicy":"https:\/\/www.wifo.ac.at\/institut\/evidenzbasierung-transparenz-und-unabhaengigkeit\/","diversityPolicy":"https:\/\/www.wifo.ac.at\/institut\/gleichstellung\/","diversityStaffingReport":"https:\/\/www.wifo.ac.at\/institut\/gleichstellung\/"}]}},"_links":{"self":[{"href":"https:\/\/www.wifo.ac.at\/en\/wp-json\/wp\/v2\/publication\/110249","targetHints":{"allow":["GET"]}}],"collection":[{"href":"https:\/\/www.wifo.ac.at\/en\/wp-json\/wp\/v2\/publication"}],"about":[{"href":"https:\/\/www.wifo.ac.at\/en\/wp-json\/wp\/v2\/types\/publication"}],"version-history":[{"count":1,"href":"https:\/\/www.wifo.ac.at\/en\/wp-json\/wp\/v2\/publication\/110249\/revisions"}],"predecessor-version":[{"id":323658,"href":"https:\/\/www.wifo.ac.at\/en\/wp-json\/wp\/v2\/publication\/110249\/revisions\/323658"}],"acf:post":[{"embeddable":true,"href":"https:\/\/www.wifo.ac.at\/en\/wp-json\/wp\/v2\/person\/3872"},{"embeddable":true,"href":"https:\/\/www.wifo.ac.at\/en\/wp-json\/wp\/v2\/person\/4043"},{"embeddable":true,"href":"https:\/\/www.wifo.ac.at\/en\/wp-json\/wp\/v2\/research_group\/3500"},{"embeddable":true,"href":"https:\/\/www.wifo.ac.at\/en\/wp-json\/wp\/v2\/publication_type\/44312"}],"wp:attachment":[{"href":"https:\/\/www.wifo.ac.at\/en\/wp-json\/wp\/v2\/media?parent=110249"}],"curies":[{"name":"wp","href":"https:\/\/api.w.org\/{rel}","templated":true}]}}