{"id":110187,"date":"2024-01-22T16:28:09","date_gmt":"2024-01-22T15:28:09","guid":{"rendered":"https:\/\/www.wifo.ac.at\/publication\/110187\/"},"modified":"2024-11-07T03:41:10","modified_gmt":"2024-11-07T02:41:10","slug":"konsumnachfrage-in-oesterreich-weiterhin-verhalten-zuwaechse-im-weihnachtsgeschaeft","status":"publish","type":"publication","link":"https:\/\/www.wifo.ac.at\/en\/publication\/110187\/","title":{"rendered":"Consumer Demand Continues to be Muted \u2013 Christmas Sales Expected to Grow"},"content":{"rendered":"","protected":false},"featured_media":0,"template":"","class_list":["post-110187","publication","type-publication","status-publish","hentry"],"acf":{"subtitle":"","text":"In the euro zone, private households were markedly more cautions in their propensity to consume during the downturn phase of 2001-2003 than they were during the slump of 1992-1994. Accordingly, consumption gave much less of a boost to economic activity, a development which can be ascribed to the low confidence level on the part of consumers faced with high unemployment, a gap between their perception of inflation and actual figures, restrictions in public finances and pension systems, and the associated reforms and how they are seen by private households.","onlinedate":"2005-12-12 01:00:00","lang":"German","publication_series":"","publication_date":"20051201","publication_date_year":"","publication_date_full":false,"publication_num_pages":"","keywords":"[\"Privater Konsum Weihnachtsgesch\u00e4ft Einzelhandel Sparen\"]","jelcodes":"[]","related_publications":"[]","pdf":323460,"zip":null,"link":"","monthly_report":true,"monthly_report_main":false,"monthly_report_volume":"78","monthly_report_pages":"821-833","monthly_report_pages_sort":"821","issue":"12","journal":"WIFO-Monatsberichte","publisher":"","invisible":false,"external":false,"embargo_date":null,"types":[44312],"research_groups":[3500],"collaboration":"","persons":[3995],"persons_data":"[{\"personId\":3995,\"personName\":\"Michael W\u00fcger\",\"organisationNames\":[]}]","clients":[],"subclients":[],"partners":[],"topics":[],"host_publication_title":"","host_publication_subtitle":"","place_of_publication":"","host_publication_editors":"[]","type_description":"","output_media":"","chapter":"","article_number":"","citations":"{\"apa\":\"<div class=\\\"rendering rendering_researchoutput  rendering_researchoutput_apa rendering_contributiontoperiodical rendering_apa rendering_contributiontoperiodical_apa\\\"><span>W\u00fcger, M.<\\\/span> (2005). <span>Konsumnachfrage in \u00d6sterreich weiterhin verhalten \u2013 Zuw\u00e4chse im Weihnachtsgesch\u00e4ft<\\\/span>. <span><em>WIFO-Monatsberichte<\\\/em><\\\/span>, <em>78<\\\/em>(12), 821-833. <a onclick=\\\"window.open(this.href, '_blank','noopener,noreferrer'); return false;\\\" href=\\\"https:\\\/\\\/www.wifo.ac.at\\\/wwa\\\/pubid\\\/25846\\\" class=\\\"link\\\"><span>https:\\\/\\\/www.wifo.ac.at\\\/wwa\\\/pubid\\\/25846<\\\/span><\\\/a><\\\/div>\",\"vancouver\":\"<div class=\\\"rendering rendering_researchoutput  rendering_researchoutput_vancouver rendering_contributiontoperiodical rendering_vancouver rendering_contributiontoperiodical_vancouver\\\"><span>W\u00fcger M<\\\/span>. <span class=\\\"title\\\"><span>Konsumnachfrage in \u00d6sterreich weiterhin verhalten \u2013 Zuw\u00e4chse im Weihnachtsgesch\u00e4ft<\\\/span><\\\/span>. <span>WIFO-Monatsberichte<\\\/span>. 2005 Dec;78(12):821-833.<\\\/div>\",\"bibtex\":\"<div class=\\\"rendering rendering_researchoutput  rendering_researchoutput_bibtex rendering_contributiontoperiodical rendering_bibtex rendering_contributiontoperiodical_bibtex\\\"><div>@misc{add8a09848944b1abe99fefded6dbf3a,<\\\/div><div>  title    = \\\"Konsumnachfrage in {\\\\\\\"O}sterreich weiterhin verhalten \u2013 Zuw{\\\\\\\"a}chse im Weihnachtsgesch{\\\\\\\"a}ft\\\",<\\\/div><div>  abstract = \\\"In {\\\\\\\"O}sterreich wie im gesamten Euro-Raum st{\\\\\\\"u}tzt der private Konsum die Wirtschaftsentwicklung in der aktuellen Phase schwachen Wachstums weniger als in den neunziger Jahren. 2005 erh{\\\\\\\"o}ht die Steuerreform in {\\\\\\\"O}sterreich die Einkommen der privaten Haushalte, w{\\\\\\\"a}hrend die reale Kaufkraft durch die Energieverteuerung geschm{\\\\\\\"a}lert wird. Im 1. Halbjahr entwickelte sich die reale Nachfrage (+1,1\\\\%) in {\\\\\\\"O}sterreich g{\\\\\\\"u}nstiger als in Deutschland (\u20130,1\\\\%) und etwa so wie im Durchschnitt des Euro-Raums (+1,2\\\\%) und der EU (+1,4\\\\%). Stark wuchs in {\\\\\\\"O}sterreich in diesem Zeitraum die Geldverm{\\\\\\\"o}gensbildung der privaten Haushalte; dabei war die private Finanzvorsorge eine treibende Kraft. Im 2. Halbjahr werden die positiven Einkommenseffekte der Steuerreform st{\\\\\\\"a}rker sp{\\\\\\\"u}rbar, die Konsumnachfrage zieht an (+1,7\\\\%). Daf{\\\\\\\"u}r spricht der lebhafte Gesch{\\\\\\\"a}ftsgang des Einzelhandels im III. Quartal, der auch ein gutes Weihnachtsgesch{\\\\\\\"a}ft erwarten l{\\\\\\\"a}sst.\\\",<\\\/div><div>  keywords = \\\"Privater Konsum Weihnachtsgesch{\\\\\\\"a}ft Einzelhandel Sparen, Privater Konsum Weihnachtsgesch{\\\\\\\"a}ft Einzelhandel Sparen\\\",<\\\/div><div>  author   = \\\"Michael W{\\\\\\\"u}ger\\\",<\\\/div><div>  note     = \\\"Privater Konsum und Weihnachtsgesch{\\\\\\\"a}ft\\\",<\\\/div><div>  year     = \\\"2005\\\",<\\\/div><div>  month    = dec,<\\\/div><div>  language = \\\"Deutsch\\\",<\\\/div><div>  volume   = \\\"78\\\",<\\\/div><div>  pages    = \\\"821--833\\\",<\\\/div><div>  journal  = \\\"WIFO-Monatsberichte\\\",<\\\/div><p>}<\\\/p><\\\/div>\",\"ris\":\"<div class=\\\"rendering rendering_researchoutput  rendering_researchoutput_ris rendering_contributiontoperiodical rendering_ris rendering_contributiontoperiodical_ris\\\"><p>TY  - GEN<\\\/p><p>T1  - Konsumnachfrage in \u00d6sterreich weiterhin verhalten \u2013 Zuw\u00e4chse im Weihnachtsgesch\u00e4ft<\\\/p><p>AU  - W\u00fcger, Michael<\\\/p><p>N1  - Privater Konsum und Weihnachtsgesch\u00e4ft<\\\/p><p>PY  - 2005\\\/12<\\\/p><p>Y1  - 2005\\\/12<\\\/p><p>N2  - In \u00d6sterreich wie im gesamten Euro-Raum st\u00fctzt der private Konsum die Wirtschaftsentwicklung in der aktuellen Phase schwachen Wachstums weniger als in den neunziger Jahren. 2005 erh\u00f6ht die Steuerreform in \u00d6sterreich die Einkommen der privaten Haushalte, w\u00e4hrend die reale Kaufkraft durch die Energieverteuerung geschm\u00e4lert wird. Im 1. Halbjahr entwickelte sich die reale Nachfrage (+1,1%) in \u00d6sterreich g\u00fcnstiger als in Deutschland (\u20130,1%) und etwa so wie im Durchschnitt des Euro-Raums (+1,2%) und der EU (+1,4%). Stark wuchs in \u00d6sterreich in diesem Zeitraum die Geldverm\u00f6gensbildung der privaten Haushalte; dabei war die private Finanzvorsorge eine treibende Kraft. Im 2. Halbjahr werden die positiven Einkommenseffekte der Steuerreform st\u00e4rker sp\u00fcrbar, die Konsumnachfrage zieht an (+1,7%). Daf\u00fcr spricht der lebhafte Gesch\u00e4ftsgang des Einzelhandels im III. Quartal, der auch ein gutes Weihnachtsgesch\u00e4ft erwarten l\u00e4sst.<\\\/p><p>AB  - In \u00d6sterreich wie im gesamten Euro-Raum st\u00fctzt der private Konsum die Wirtschaftsentwicklung in der aktuellen Phase schwachen Wachstums weniger als in den neunziger Jahren. 2005 erh\u00f6ht die Steuerreform in \u00d6sterreich die Einkommen der privaten Haushalte, w\u00e4hrend die reale Kaufkraft durch die Energieverteuerung geschm\u00e4lert wird. Im 1. Halbjahr entwickelte sich die reale Nachfrage (+1,1%) in \u00d6sterreich g\u00fcnstiger als in Deutschland (\u20130,1%) und etwa so wie im Durchschnitt des Euro-Raums (+1,2%) und der EU (+1,4%). Stark wuchs in \u00d6sterreich in diesem Zeitraum die Geldverm\u00f6gensbildung der privaten Haushalte; dabei war die private Finanzvorsorge eine treibende Kraft. Im 2. Halbjahr werden die positiven Einkommenseffekte der Steuerreform st\u00e4rker sp\u00fcrbar, die Konsumnachfrage zieht an (+1,7%). Daf\u00fcr spricht der lebhafte Gesch\u00e4ftsgang des Einzelhandels im III. Quartal, der auch ein gutes Weihnachtsgesch\u00e4ft erwarten l\u00e4sst.<\\\/p><p>KW  - Privater Konsum Weihnachtsgesch\u00e4ft Einzelhandel Sparen<\\\/p><p>KW  - Privater Konsum Weihnachtsgesch\u00e4ft Einzelhandel Sparen<\\\/p><p>M3  - WIFO-Schriftenreihen<\\\/p><p>VL  - 78<\\\/p><p>SP  - 821<\\\/p><p>EP  - 833<\\\/p><p>JO  - WIFO-Monatsberichte<\\\/p><p>JF  - WIFO-Monatsberichte<\\\/p><p>ER  - <\\\/p><\\\/div>\"}","scientific_assistance":"[]","scientific_review":"[]","version":"","release_date":null,"expiration_date":null,"surveyor":"","research_assistance":"","edv":"","additional_info_de":"","additional_info_en":""},"yoast_head":"<!-- This site is optimized with the Yoast SEO Premium plugin v28.3 (Yoast SEO v28.3) - https:\/\/yoast.com\/product\/yoast-seo-premium-wordpress\/ -->\n<title>Consumer Demand Continues to be Muted \u2013 Christmas Sales Expected to Grow - WIFO<\/title>\n<meta name=\"robots\" content=\"index, follow, max-snippet:-1, max-image-preview:large, max-video-preview:-1\" \/>\n<link rel=\"canonical\" href=\"https:\/\/www.wifo.ac.at\/en\/publication\/110187\/\" \/>\n<meta property=\"og:locale\" content=\"en_US\" \/>\n<meta property=\"og:type\" content=\"article\" \/>\n<meta property=\"og:title\" content=\"Consumer Demand Continues to be Muted \u2013 Christmas Sales Expected to Grow\" \/>\n<meta property=\"og:url\" content=\"https:\/\/www.wifo.ac.at\/en\/publication\/110187\/\" \/>\n<meta property=\"og:site_name\" content=\"WIFO\" \/>\n<meta property=\"article:publisher\" content=\"https:\/\/www.facebook.com\/WIFOat\/\" \/>\n<meta property=\"article:modified_time\" content=\"2024-11-07T02:41:10+00:00\" \/>\n<meta property=\"og:image\" content=\"https:\/\/www.wifo.ac.at\/wp-content\/uploads\/2024\/05\/WIFO-Gebaeude-FotoAlexanderMueller-www.alexandermueller.at-IMG_6326-Bearbeitet-1.jpg\" \/>\n\t<meta property=\"og:image:width\" content=\"1920\" \/>\n\t<meta property=\"og:image:height\" content=\"1280\" \/>\n\t<meta property=\"og:image:type\" content=\"image\/jpeg\" \/>\n<meta name=\"twitter:card\" content=\"summary_large_image\" \/>\n<meta name=\"twitter:site\" content=\"@WIFOat\" \/>\n<script type=\"application\/ld+json\" class=\"yoast-schema-graph\">{\"@context\":\"https:\\\/\\\/schema.org\",\"@graph\":[{\"@type\":\"WebPage\",\"@id\":\"https:\\\/\\\/www.wifo.ac.at\\\/en\\\/publication\\\/110187\\\/\",\"url\":\"https:\\\/\\\/www.wifo.ac.at\\\/en\\\/publication\\\/110187\\\/\",\"name\":\"Consumer Demand Continues to be Muted \u2013 Christmas Sales Expected to Grow - WIFO\",\"isPartOf\":{\"@id\":\"https:\\\/\\\/www.wifo.ac.at\\\/en\\\/#website\"},\"datePublished\":\"2024-01-22T15:28:09+00:00\",\"dateModified\":\"2024-11-07T02:41:10+00:00\",\"breadcrumb\":{\"@id\":\"https:\\\/\\\/www.wifo.ac.at\\\/en\\\/publication\\\/110187\\\/#breadcrumb\"},\"inLanguage\":\"en-US\",\"potentialAction\":[{\"@type\":\"ReadAction\",\"target\":[\"https:\\\/\\\/www.wifo.ac.at\\\/en\\\/publication\\\/110187\\\/\"]}]},{\"@type\":\"BreadcrumbList\",\"@id\":\"https:\\\/\\\/www.wifo.ac.at\\\/en\\\/publication\\\/110187\\\/#breadcrumb\",\"itemListElement\":[{\"@type\":\"ListItem\",\"position\":1,\"name\":\"Startseite\",\"item\":\"https:\\\/\\\/www.wifo.ac.at\\\/en\\\/\"},{\"@type\":\"ListItem\",\"position\":2,\"name\":\"Consumer Demand Continues to be Muted \u2013 Christmas Sales Expected to Grow\"}]},{\"@type\":\"WebSite\",\"@id\":\"https:\\\/\\\/www.wifo.ac.at\\\/en\\\/#website\",\"url\":\"https:\\\/\\\/www.wifo.ac.at\\\/en\\\/\",\"name\":\"\u00d6sterreichisches Institut f\u00fcr Wirtschaftsforschung\",\"description\":\"\",\"publisher\":{\"@id\":\"https:\\\/\\\/www.wifo.ac.at\\\/en\\\/#organization\"},\"alternateName\":\"WIFO\",\"potentialAction\":[{\"@type\":\"SearchAction\",\"target\":{\"@type\":\"EntryPoint\",\"urlTemplate\":\"https:\\\/\\\/www.wifo.ac.at\\\/en\\\/?s={search_term_string}\"},\"query-input\":{\"@type\":\"PropertyValueSpecification\",\"valueRequired\":true,\"valueName\":\"search_term_string\"}}],\"inLanguage\":\"en-US\"},{\"@type\":\"Organization\",\"@id\":\"https:\\\/\\\/www.wifo.ac.at\\\/en\\\/#organization\",\"name\":\"\u00d6sterreichisches Institut f\u00fcr Wirtschaftsforschung\",\"alternateName\":\"WIFO\",\"url\":\"https:\\\/\\\/www.wifo.ac.at\\\/en\\\/\",\"logo\":{\"@type\":\"ImageObject\",\"inLanguage\":\"en-US\",\"@id\":\"https:\\\/\\\/www.wifo.ac.at\\\/en\\\/#\\\/schema\\\/logo\\\/image\\\/\",\"url\":\"https:\\\/\\\/www.wifo.ac.at\\\/wp-content\\\/uploads\\\/2024\\\/05\\\/WIFO_kurz_rechts-2-1920x412.jpg\",\"contentUrl\":\"https:\\\/\\\/www.wifo.ac.at\\\/wp-content\\\/uploads\\\/2024\\\/05\\\/WIFO_kurz_rechts-2-1920x412.jpg\",\"width\":2000,\"height\":429,\"caption\":\"\u00d6sterreichisches Institut f\u00fcr Wirtschaftsforschung\"},\"image\":{\"@id\":\"https:\\\/\\\/www.wifo.ac.at\\\/en\\\/#\\\/schema\\\/logo\\\/image\\\/\"},\"sameAs\":[\"https:\\\/\\\/www.facebook.com\\\/WIFOat\\\/\",\"https:\\\/\\\/x.com\\\/WIFOat\",\"https:\\\/\\\/linkedin.com\\\/company\\\/wifoat\\\/\",\"https:\\\/\\\/www.youtube.com\\\/@WIFO_at\"],\"description\":\"Das WIFO, 1927 von Friedrich August von Hayek und Ludwig von Mises zur Konjunkturanalyse gegr\u00fcndet, ist heute das f\u00fchrende Institut f\u00fcr angewandte empirische Wirtschaftsforschung in \u00d6sterreich mit starkem Engagement auf europ\u00e4ischer Ebene.\",\"email\":\"office@wifo.ac.at\",\"telephone\":\"+43 1 798 26 01 \u2013 0\",\"legalName\":\"\u00d6sterreichisches Institut f\u00fcr Wirtschaftsforschung\",\"foundingDate\":\"1927-01-02\",\"numberOfEmployees\":{\"@type\":\"QuantitativeValue\",\"minValue\":\"51\",\"maxValue\":\"200\"},\"publishingPrinciples\":\"https:\\\/\\\/www.wifo.ac.at\\\/institut\\\/mission-und-strategie\\\/\",\"ownershipFundingInfo\":\"https:\\\/\\\/www.wifo.ac.at\\\/institut\\\/organisation\\\/\",\"actionableFeedbackPolicy\":\"https:\\\/\\\/www.wifo.ac.at\\\/aktuelles\\\/presse\\\/\",\"correctionsPolicy\":\"https:\\\/\\\/www.wifo.ac.at\\\/institut\\\/kontakt\\\/\",\"ethicsPolicy\":\"https:\\\/\\\/www.wifo.ac.at\\\/institut\\\/evidenzbasierung-transparenz-und-unabhaengigkeit\\\/\",\"diversityPolicy\":\"https:\\\/\\\/www.wifo.ac.at\\\/institut\\\/gleichstellung\\\/\",\"diversityStaffingReport\":\"https:\\\/\\\/www.wifo.ac.at\\\/institut\\\/gleichstellung\\\/\"}]}<\/script>\n<!-- \/ Yoast SEO Premium plugin. -->","yoast_head_json":{"title":"Consumer Demand Continues to be Muted \u2013 Christmas Sales Expected to Grow - WIFO","robots":{"index":"index","follow":"follow","max-snippet":"max-snippet:-1","max-image-preview":"max-image-preview:large","max-video-preview":"max-video-preview:-1"},"canonical":"https:\/\/www.wifo.ac.at\/en\/publication\/110187\/","og_locale":"en_US","og_type":"article","og_title":"Consumer Demand Continues to be Muted \u2013 Christmas Sales Expected to Grow","og_url":"https:\/\/www.wifo.ac.at\/en\/publication\/110187\/","og_site_name":"WIFO","article_publisher":"https:\/\/www.facebook.com\/WIFOat\/","article_modified_time":"2024-11-07T02:41:10+00:00","og_image":[{"width":1920,"height":1280,"url":"https:\/\/www.wifo.ac.at\/wp-content\/uploads\/2024\/05\/WIFO-Gebaeude-FotoAlexanderMueller-www.alexandermueller.at-IMG_6326-Bearbeitet-1.jpg","type":"image\/jpeg"}],"twitter_card":"summary_large_image","twitter_site":"@WIFOat","schema":{"@context":"https:\/\/schema.org","@graph":[{"@type":"WebPage","@id":"https:\/\/www.wifo.ac.at\/en\/publication\/110187\/","url":"https:\/\/www.wifo.ac.at\/en\/publication\/110187\/","name":"Consumer Demand Continues to be Muted \u2013 Christmas Sales Expected to Grow - WIFO","isPartOf":{"@id":"https:\/\/www.wifo.ac.at\/en\/#website"},"datePublished":"2024-01-22T15:28:09+00:00","dateModified":"2024-11-07T02:41:10+00:00","breadcrumb":{"@id":"https:\/\/www.wifo.ac.at\/en\/publication\/110187\/#breadcrumb"},"inLanguage":"en-US","potentialAction":[{"@type":"ReadAction","target":["https:\/\/www.wifo.ac.at\/en\/publication\/110187\/"]}]},{"@type":"BreadcrumbList","@id":"https:\/\/www.wifo.ac.at\/en\/publication\/110187\/#breadcrumb","itemListElement":[{"@type":"ListItem","position":1,"name":"Startseite","item":"https:\/\/www.wifo.ac.at\/en\/"},{"@type":"ListItem","position":2,"name":"Consumer Demand Continues to be Muted \u2013 Christmas Sales Expected to Grow"}]},{"@type":"WebSite","@id":"https:\/\/www.wifo.ac.at\/en\/#website","url":"https:\/\/www.wifo.ac.at\/en\/","name":"\u00d6sterreichisches Institut f\u00fcr Wirtschaftsforschung","description":"","publisher":{"@id":"https:\/\/www.wifo.ac.at\/en\/#organization"},"alternateName":"WIFO","potentialAction":[{"@type":"SearchAction","target":{"@type":"EntryPoint","urlTemplate":"https:\/\/www.wifo.ac.at\/en\/?s={search_term_string}"},"query-input":{"@type":"PropertyValueSpecification","valueRequired":true,"valueName":"search_term_string"}}],"inLanguage":"en-US"},{"@type":"Organization","@id":"https:\/\/www.wifo.ac.at\/en\/#organization","name":"\u00d6sterreichisches Institut f\u00fcr Wirtschaftsforschung","alternateName":"WIFO","url":"https:\/\/www.wifo.ac.at\/en\/","logo":{"@type":"ImageObject","inLanguage":"en-US","@id":"https:\/\/www.wifo.ac.at\/en\/#\/schema\/logo\/image\/","url":"https:\/\/www.wifo.ac.at\/wp-content\/uploads\/2024\/05\/WIFO_kurz_rechts-2-1920x412.jpg","contentUrl":"https:\/\/www.wifo.ac.at\/wp-content\/uploads\/2024\/05\/WIFO_kurz_rechts-2-1920x412.jpg","width":2000,"height":429,"caption":"\u00d6sterreichisches Institut f\u00fcr Wirtschaftsforschung"},"image":{"@id":"https:\/\/www.wifo.ac.at\/en\/#\/schema\/logo\/image\/"},"sameAs":["https:\/\/www.facebook.com\/WIFOat\/","https:\/\/x.com\/WIFOat","https:\/\/linkedin.com\/company\/wifoat\/","https:\/\/www.youtube.com\/@WIFO_at"],"description":"Das WIFO, 1927 von Friedrich August von Hayek und Ludwig von Mises zur Konjunkturanalyse gegr\u00fcndet, ist heute das f\u00fchrende Institut f\u00fcr angewandte empirische Wirtschaftsforschung in \u00d6sterreich mit starkem Engagement auf europ\u00e4ischer Ebene.","email":"office@wifo.ac.at","telephone":"+43 1 798 26 01 \u2013 0","legalName":"\u00d6sterreichisches Institut f\u00fcr Wirtschaftsforschung","foundingDate":"1927-01-02","numberOfEmployees":{"@type":"QuantitativeValue","minValue":"51","maxValue":"200"},"publishingPrinciples":"https:\/\/www.wifo.ac.at\/institut\/mission-und-strategie\/","ownershipFundingInfo":"https:\/\/www.wifo.ac.at\/institut\/organisation\/","actionableFeedbackPolicy":"https:\/\/www.wifo.ac.at\/aktuelles\/presse\/","correctionsPolicy":"https:\/\/www.wifo.ac.at\/institut\/kontakt\/","ethicsPolicy":"https:\/\/www.wifo.ac.at\/institut\/evidenzbasierung-transparenz-und-unabhaengigkeit\/","diversityPolicy":"https:\/\/www.wifo.ac.at\/institut\/gleichstellung\/","diversityStaffingReport":"https:\/\/www.wifo.ac.at\/institut\/gleichstellung\/"}]}},"_links":{"self":[{"href":"https:\/\/www.wifo.ac.at\/en\/wp-json\/wp\/v2\/publication\/110187","targetHints":{"allow":["GET"]}}],"collection":[{"href":"https:\/\/www.wifo.ac.at\/en\/wp-json\/wp\/v2\/publication"}],"about":[{"href":"https:\/\/www.wifo.ac.at\/en\/wp-json\/wp\/v2\/types\/publication"}],"version-history":[{"count":1,"href":"https:\/\/www.wifo.ac.at\/en\/wp-json\/wp\/v2\/publication\/110187\/revisions"}],"predecessor-version":[{"id":323444,"href":"https:\/\/www.wifo.ac.at\/en\/wp-json\/wp\/v2\/publication\/110187\/revisions\/323444"}],"acf:post":[{"embeddable":true,"href":"https:\/\/www.wifo.ac.at\/en\/wp-json\/wp\/v2\/person\/3995"},{"embeddable":true,"href":"https:\/\/www.wifo.ac.at\/en\/wp-json\/wp\/v2\/research_group\/3500"},{"embeddable":true,"href":"https:\/\/www.wifo.ac.at\/en\/wp-json\/wp\/v2\/publication_type\/44312"}],"wp:attachment":[{"href":"https:\/\/www.wifo.ac.at\/en\/wp-json\/wp\/v2\/media?parent=110187"}],"curies":[{"name":"wp","href":"https:\/\/api.w.org\/{rel}","templated":true}]}}