{"id":110024,"date":"2024-01-22T16:25:18","date_gmt":"2024-01-22T15:25:18","guid":{"rendered":"https:\/\/www.wifo.ac.at\/publication\/110024\/"},"modified":"2024-11-07T03:39:59","modified_gmt":"2024-11-07T02:39:59","slug":"die-konsumausgaben-oesterreichischer-haushalte-im-pensionsalter-2","status":"publish","type":"publication","link":"https:\/\/www.wifo.ac.at\/en\/publication\/110024\/","title":{"rendered":"Expenditure on Consumption by Pensioner Households in Austria"},"content":{"rendered":"","protected":false},"featured_media":0,"template":"","class_list":["post-110024","publication","type-publication","status-publish","hentry"],"acf":{"subtitle":"","text":"The life cycle model for consumption predicts a steadily rising level of consumption regardless of age and current income. Empirical studies from the Anglo-Saxon countries and Germany, however, contradict the theory behind this model. An analysis of the consumer survey carried out by Statistics Austria allows comparing consumer spending by Austrian pensioner households, i.e., those households whose head is aged 60 or above, to working age households.","onlinedate":"2005-11-21 01:00:00","lang":"German","publication_series":"","publication_date":"20051101","publication_date_year":"","publication_date_full":false,"publication_num_pages":"","keywords":"[]","jelcodes":"[]","related_publications":"[]","pdf":322965,"zip":null,"link":"","monthly_report":true,"monthly_report_main":false,"monthly_report_volume":"78","monthly_report_pages":"775-782","monthly_report_pages_sort":"775","issue":"11","journal":"WIFO-Monatsberichte","publisher":"","invisible":false,"external":false,"embargo_date":null,"types":[44312],"research_groups":[3500],"collaboration":"","persons":[3899,3995],"persons_data":"[{\"personId\":3899,\"personName\":\"Thomas Url\",\"organisationNames\":[]},{\"personId\":3995,\"personName\":\"Michael W\u00fcger\",\"organisationNames\":[]}]","clients":[],"subclients":[],"partners":[],"topics":[49624],"host_publication_title":"","host_publication_subtitle":"","place_of_publication":"","host_publication_editors":"[]","type_description":"","output_media":"","chapter":"","article_number":"","citations":"{\"apa\":\"<div class=\\\"rendering rendering_researchoutput  rendering_researchoutput_apa rendering_contributiontoperiodical rendering_apa rendering_contributiontoperiodical_apa\\\"><span>Url, T.<\\\/span><span>, &amp; W\u00fcger, M.<\\\/span> (2005). <span>Die Konsumausgaben \u00f6sterreichischer Haushalte im Pensionsalter<\\\/span>. <span><em>WIFO-Monatsberichte<\\\/em><\\\/span>, <em>78<\\\/em>(11), 775-782. <a onclick=\\\"window.open(this.href, '_blank','noopener,noreferrer'); return false;\\\" href=\\\"https:\\\/\\\/www.wifo.ac.at\\\/wwa\\\/pubid\\\/25816\\\" class=\\\"link\\\"><span>https:\\\/\\\/www.wifo.ac.at\\\/wwa\\\/pubid\\\/25816<\\\/span><\\\/a><\\\/div>\",\"vancouver\":\"<div class=\\\"rendering rendering_researchoutput  rendering_researchoutput_vancouver rendering_contributiontoperiodical rendering_vancouver rendering_contributiontoperiodical_vancouver\\\"><span>Url T<\\\/span><span>, W\u00fcger M<\\\/span>. <span class=\\\"title\\\"><span>Die Konsumausgaben \u00f6sterreichischer Haushalte im Pensionsalter<\\\/span><\\\/span>. <span>WIFO-Monatsberichte<\\\/span>. 2005 Nov;78(11):775-782.<\\\/div>\",\"bibtex\":\"<div class=\\\"rendering rendering_researchoutput  rendering_researchoutput_bibtex rendering_contributiontoperiodical rendering_bibtex rendering_contributiontoperiodical_bibtex\\\"><div>@misc{379d8ad686c249a392521feb0fd75e7a,<\\\/div><div>  title    = \\\"Die Konsumausgaben {\\\\\\\"o}sterreichischer Haushalte im Pensionsalter\\\",<\\\/div><div>  abstract = \\\"Gem{\\\\\\\"a}{\\\\ss} dem Lebenszyklusmodell f{\\\\\\\"u}r den privaten Konsum w{\\\\\\\"u}rde das Konsumniveau unabh{\\\\\\\"a}ngig vom Alter mit dem Produktivit{\\\\\\\"a}tswachstum gleichm{\\\\\\\"a}{\\\\ss}ig steigen. Die Ergebnisse empirischer Untersuchungen aus dem angels{\\\\\\\"a}chsischen Raum widersprechen dieser Theorie jedoch. Aufgrund einer Auswertung der Konsumerhebung von Statistik Austria kommt die WIFO-Untersuchung zu dem Ergebnis, dass Pensionistenhaushalte in {\\\\\\\"O}sterreich im Durchschnitt um 13\\\\% weniger f{\\\\\\\"u}r den Konsum ausgeben als Erwerbst{\\\\\\\"a}tigenhaushalte. Die Konsumstruktur verschiebt sich im Ruhestand zu lebensnotwendigen G{\\\\\\\"u}tern und Dienstleistungen. Neue gesetzliche Rahmenbedingungen, sozialer Wandel und die Zunahme des vererbten Verm{\\\\\\\"o}gens k{\\\\\\\"o}nnen das Konsumverhalten k{\\\\\\\"u}nftiger Pensionistengenerationen ver{\\\\\\\"a}ndern.\\\",<\\\/div><div>  keywords = \\\"Privater Konsum Pensionsalter Konsumstruktur\\\",<\\\/div><div>  author   = \\\"Thomas Url and Michael W{\\\\\\\"u}ger\\\",<\\\/div><div>  note     = \\\"Konsum im Pensionsalter\\\",<\\\/div><div>  year     = \\\"2005\\\",<\\\/div><div>  month    = nov,<\\\/div><div>  language = \\\"Deutsch\\\",<\\\/div><div>  volume   = \\\"78\\\",<\\\/div><div>  pages    = \\\"775--782\\\",<\\\/div><div>  journal  = \\\"WIFO-Monatsberichte\\\",<\\\/div><p>}<\\\/p><\\\/div>\",\"ris\":\"<div class=\\\"rendering rendering_researchoutput  rendering_researchoutput_ris rendering_contributiontoperiodical rendering_ris rendering_contributiontoperiodical_ris\\\"><p>TY  - GEN<\\\/p><p>T1  - Die Konsumausgaben \u00f6sterreichischer Haushalte im Pensionsalter<\\\/p><p>AU  - Url, Thomas<\\\/p><p>AU  - W\u00fcger, Michael<\\\/p><p>N1  - Konsum im Pensionsalter<\\\/p><p>PY  - 2005\\\/11<\\\/p><p>Y1  - 2005\\\/11<\\\/p><p>N2  - Gem\u00e4\u00df dem Lebenszyklusmodell f\u00fcr den privaten Konsum w\u00fcrde das Konsumniveau unabh\u00e4ngig vom Alter mit dem Produktivit\u00e4tswachstum gleichm\u00e4\u00dfig steigen. Die Ergebnisse empirischer Untersuchungen aus dem angels\u00e4chsischen Raum widersprechen dieser Theorie jedoch. Aufgrund einer Auswertung der Konsumerhebung von Statistik Austria kommt die WIFO-Untersuchung zu dem Ergebnis, dass Pensionistenhaushalte in \u00d6sterreich im Durchschnitt um 13% weniger f\u00fcr den Konsum ausgeben als Erwerbst\u00e4tigenhaushalte. Die Konsumstruktur verschiebt sich im Ruhestand zu lebensnotwendigen G\u00fctern und Dienstleistungen. Neue gesetzliche Rahmenbedingungen, sozialer Wandel und die Zunahme des vererbten Verm\u00f6gens k\u00f6nnen das Konsumverhalten k\u00fcnftiger Pensionistengenerationen ver\u00e4ndern.<\\\/p><p>AB  - Gem\u00e4\u00df dem Lebenszyklusmodell f\u00fcr den privaten Konsum w\u00fcrde das Konsumniveau unabh\u00e4ngig vom Alter mit dem Produktivit\u00e4tswachstum gleichm\u00e4\u00dfig steigen. Die Ergebnisse empirischer Untersuchungen aus dem angels\u00e4chsischen Raum widersprechen dieser Theorie jedoch. Aufgrund einer Auswertung der Konsumerhebung von Statistik Austria kommt die WIFO-Untersuchung zu dem Ergebnis, dass Pensionistenhaushalte in \u00d6sterreich im Durchschnitt um 13% weniger f\u00fcr den Konsum ausgeben als Erwerbst\u00e4tigenhaushalte. Die Konsumstruktur verschiebt sich im Ruhestand zu lebensnotwendigen G\u00fctern und Dienstleistungen. Neue gesetzliche Rahmenbedingungen, sozialer Wandel und die Zunahme des vererbten Verm\u00f6gens k\u00f6nnen das Konsumverhalten k\u00fcnftiger Pensionistengenerationen ver\u00e4ndern.<\\\/p><p>KW  - Privater Konsum Pensionsalter Konsumstruktur<\\\/p><p>M3  - WIFO-Schriftenreihen<\\\/p><p>VL  - 78<\\\/p><p>SP  - 775<\\\/p><p>EP  - 782<\\\/p><p>JO  - WIFO-Monatsberichte<\\\/p><p>JF  - WIFO-Monatsberichte<\\\/p><p>ER  - <\\\/p><\\\/div>\"}","scientific_assistance":"[]","scientific_review":"[]","version":"","release_date":null,"expiration_date":null,"surveyor":"","research_assistance":"","edv":"","additional_info_de":"","additional_info_en":""},"yoast_head":"<!-- This site is optimized with the Yoast SEO Premium plugin v28.3 (Yoast SEO v28.3) - https:\/\/yoast.com\/product\/yoast-seo-premium-wordpress\/ -->\n<title>Expenditure on Consumption by Pensioner Households in Austria - WIFO<\/title>\n<meta name=\"robots\" content=\"index, follow, max-snippet:-1, max-image-preview:large, max-video-preview:-1\" \/>\n<link rel=\"canonical\" href=\"https:\/\/www.wifo.ac.at\/en\/publication\/110024\/\" \/>\n<meta property=\"og:locale\" content=\"en_US\" \/>\n<meta property=\"og:type\" content=\"article\" \/>\n<meta property=\"og:title\" content=\"Expenditure on Consumption by Pensioner Households in Austria\" \/>\n<meta property=\"og:url\" content=\"https:\/\/www.wifo.ac.at\/en\/publication\/110024\/\" \/>\n<meta property=\"og:site_name\" content=\"WIFO\" \/>\n<meta property=\"article:publisher\" content=\"https:\/\/www.facebook.com\/WIFOat\/\" \/>\n<meta property=\"article:modified_time\" content=\"2024-11-07T02:39:59+00:00\" \/>\n<meta property=\"og:image\" content=\"https:\/\/www.wifo.ac.at\/wp-content\/uploads\/2024\/05\/WIFO-Gebaeude-FotoAlexanderMueller-www.alexandermueller.at-IMG_6326-Bearbeitet-1.jpg\" \/>\n\t<meta property=\"og:image:width\" content=\"1920\" \/>\n\t<meta property=\"og:image:height\" content=\"1280\" \/>\n\t<meta property=\"og:image:type\" content=\"image\/jpeg\" \/>\n<meta name=\"twitter:card\" content=\"summary_large_image\" \/>\n<meta name=\"twitter:site\" content=\"@WIFOat\" \/>\n<script type=\"application\/ld+json\" class=\"yoast-schema-graph\">{\"@context\":\"https:\\\/\\\/schema.org\",\"@graph\":[{\"@type\":\"WebPage\",\"@id\":\"https:\\\/\\\/www.wifo.ac.at\\\/en\\\/publication\\\/110024\\\/\",\"url\":\"https:\\\/\\\/www.wifo.ac.at\\\/en\\\/publication\\\/110024\\\/\",\"name\":\"Expenditure on Consumption by Pensioner Households in Austria - WIFO\",\"isPartOf\":{\"@id\":\"https:\\\/\\\/www.wifo.ac.at\\\/en\\\/#website\"},\"datePublished\":\"2024-01-22T15:25:18+00:00\",\"dateModified\":\"2024-11-07T02:39:59+00:00\",\"breadcrumb\":{\"@id\":\"https:\\\/\\\/www.wifo.ac.at\\\/en\\\/publication\\\/110024\\\/#breadcrumb\"},\"inLanguage\":\"en-US\",\"potentialAction\":[{\"@type\":\"ReadAction\",\"target\":[\"https:\\\/\\\/www.wifo.ac.at\\\/en\\\/publication\\\/110024\\\/\"]}]},{\"@type\":\"BreadcrumbList\",\"@id\":\"https:\\\/\\\/www.wifo.ac.at\\\/en\\\/publication\\\/110024\\\/#breadcrumb\",\"itemListElement\":[{\"@type\":\"ListItem\",\"position\":1,\"name\":\"Startseite\",\"item\":\"https:\\\/\\\/www.wifo.ac.at\\\/en\\\/\"},{\"@type\":\"ListItem\",\"position\":2,\"name\":\"Expenditure on Consumption by Pensioner Households in Austria\"}]},{\"@type\":\"WebSite\",\"@id\":\"https:\\\/\\\/www.wifo.ac.at\\\/en\\\/#website\",\"url\":\"https:\\\/\\\/www.wifo.ac.at\\\/en\\\/\",\"name\":\"\u00d6sterreichisches Institut f\u00fcr Wirtschaftsforschung\",\"description\":\"\",\"publisher\":{\"@id\":\"https:\\\/\\\/www.wifo.ac.at\\\/en\\\/#organization\"},\"alternateName\":\"WIFO\",\"potentialAction\":[{\"@type\":\"SearchAction\",\"target\":{\"@type\":\"EntryPoint\",\"urlTemplate\":\"https:\\\/\\\/www.wifo.ac.at\\\/en\\\/?s={search_term_string}\"},\"query-input\":{\"@type\":\"PropertyValueSpecification\",\"valueRequired\":true,\"valueName\":\"search_term_string\"}}],\"inLanguage\":\"en-US\"},{\"@type\":\"Organization\",\"@id\":\"https:\\\/\\\/www.wifo.ac.at\\\/en\\\/#organization\",\"name\":\"\u00d6sterreichisches Institut f\u00fcr Wirtschaftsforschung\",\"alternateName\":\"WIFO\",\"url\":\"https:\\\/\\\/www.wifo.ac.at\\\/en\\\/\",\"logo\":{\"@type\":\"ImageObject\",\"inLanguage\":\"en-US\",\"@id\":\"https:\\\/\\\/www.wifo.ac.at\\\/en\\\/#\\\/schema\\\/logo\\\/image\\\/\",\"url\":\"https:\\\/\\\/www.wifo.ac.at\\\/wp-content\\\/uploads\\\/2024\\\/05\\\/WIFO_kurz_rechts-2-1920x412.jpg\",\"contentUrl\":\"https:\\\/\\\/www.wifo.ac.at\\\/wp-content\\\/uploads\\\/2024\\\/05\\\/WIFO_kurz_rechts-2-1920x412.jpg\",\"width\":2000,\"height\":429,\"caption\":\"\u00d6sterreichisches Institut f\u00fcr Wirtschaftsforschung\"},\"image\":{\"@id\":\"https:\\\/\\\/www.wifo.ac.at\\\/en\\\/#\\\/schema\\\/logo\\\/image\\\/\"},\"sameAs\":[\"https:\\\/\\\/www.facebook.com\\\/WIFOat\\\/\",\"https:\\\/\\\/x.com\\\/WIFOat\",\"https:\\\/\\\/linkedin.com\\\/company\\\/wifoat\\\/\",\"https:\\\/\\\/www.youtube.com\\\/@WIFO_at\"],\"description\":\"Das WIFO, 1927 von Friedrich August von Hayek und Ludwig von Mises zur Konjunkturanalyse gegr\u00fcndet, ist heute das f\u00fchrende Institut f\u00fcr angewandte empirische Wirtschaftsforschung in \u00d6sterreich mit starkem Engagement auf europ\u00e4ischer Ebene.\",\"email\":\"office@wifo.ac.at\",\"telephone\":\"+43 1 798 26 01 \u2013 0\",\"legalName\":\"\u00d6sterreichisches Institut f\u00fcr Wirtschaftsforschung\",\"foundingDate\":\"1927-01-02\",\"numberOfEmployees\":{\"@type\":\"QuantitativeValue\",\"minValue\":\"51\",\"maxValue\":\"200\"},\"publishingPrinciples\":\"https:\\\/\\\/www.wifo.ac.at\\\/institut\\\/mission-und-strategie\\\/\",\"ownershipFundingInfo\":\"https:\\\/\\\/www.wifo.ac.at\\\/institut\\\/organisation\\\/\",\"actionableFeedbackPolicy\":\"https:\\\/\\\/www.wifo.ac.at\\\/aktuelles\\\/presse\\\/\",\"correctionsPolicy\":\"https:\\\/\\\/www.wifo.ac.at\\\/institut\\\/kontakt\\\/\",\"ethicsPolicy\":\"https:\\\/\\\/www.wifo.ac.at\\\/institut\\\/evidenzbasierung-transparenz-und-unabhaengigkeit\\\/\",\"diversityPolicy\":\"https:\\\/\\\/www.wifo.ac.at\\\/institut\\\/gleichstellung\\\/\",\"diversityStaffingReport\":\"https:\\\/\\\/www.wifo.ac.at\\\/institut\\\/gleichstellung\\\/\"}]}<\/script>\n<!-- \/ Yoast SEO Premium plugin. -->","yoast_head_json":{"title":"Expenditure on Consumption by Pensioner Households in Austria - WIFO","robots":{"index":"index","follow":"follow","max-snippet":"max-snippet:-1","max-image-preview":"max-image-preview:large","max-video-preview":"max-video-preview:-1"},"canonical":"https:\/\/www.wifo.ac.at\/en\/publication\/110024\/","og_locale":"en_US","og_type":"article","og_title":"Expenditure on Consumption by Pensioner Households in Austria","og_url":"https:\/\/www.wifo.ac.at\/en\/publication\/110024\/","og_site_name":"WIFO","article_publisher":"https:\/\/www.facebook.com\/WIFOat\/","article_modified_time":"2024-11-07T02:39:59+00:00","og_image":[{"width":1920,"height":1280,"url":"https:\/\/www.wifo.ac.at\/wp-content\/uploads\/2024\/05\/WIFO-Gebaeude-FotoAlexanderMueller-www.alexandermueller.at-IMG_6326-Bearbeitet-1.jpg","type":"image\/jpeg"}],"twitter_card":"summary_large_image","twitter_site":"@WIFOat","schema":{"@context":"https:\/\/schema.org","@graph":[{"@type":"WebPage","@id":"https:\/\/www.wifo.ac.at\/en\/publication\/110024\/","url":"https:\/\/www.wifo.ac.at\/en\/publication\/110024\/","name":"Expenditure on Consumption by Pensioner Households in Austria - WIFO","isPartOf":{"@id":"https:\/\/www.wifo.ac.at\/en\/#website"},"datePublished":"2024-01-22T15:25:18+00:00","dateModified":"2024-11-07T02:39:59+00:00","breadcrumb":{"@id":"https:\/\/www.wifo.ac.at\/en\/publication\/110024\/#breadcrumb"},"inLanguage":"en-US","potentialAction":[{"@type":"ReadAction","target":["https:\/\/www.wifo.ac.at\/en\/publication\/110024\/"]}]},{"@type":"BreadcrumbList","@id":"https:\/\/www.wifo.ac.at\/en\/publication\/110024\/#breadcrumb","itemListElement":[{"@type":"ListItem","position":1,"name":"Startseite","item":"https:\/\/www.wifo.ac.at\/en\/"},{"@type":"ListItem","position":2,"name":"Expenditure on Consumption by Pensioner Households in Austria"}]},{"@type":"WebSite","@id":"https:\/\/www.wifo.ac.at\/en\/#website","url":"https:\/\/www.wifo.ac.at\/en\/","name":"\u00d6sterreichisches Institut f\u00fcr Wirtschaftsforschung","description":"","publisher":{"@id":"https:\/\/www.wifo.ac.at\/en\/#organization"},"alternateName":"WIFO","potentialAction":[{"@type":"SearchAction","target":{"@type":"EntryPoint","urlTemplate":"https:\/\/www.wifo.ac.at\/en\/?s={search_term_string}"},"query-input":{"@type":"PropertyValueSpecification","valueRequired":true,"valueName":"search_term_string"}}],"inLanguage":"en-US"},{"@type":"Organization","@id":"https:\/\/www.wifo.ac.at\/en\/#organization","name":"\u00d6sterreichisches Institut f\u00fcr Wirtschaftsforschung","alternateName":"WIFO","url":"https:\/\/www.wifo.ac.at\/en\/","logo":{"@type":"ImageObject","inLanguage":"en-US","@id":"https:\/\/www.wifo.ac.at\/en\/#\/schema\/logo\/image\/","url":"https:\/\/www.wifo.ac.at\/wp-content\/uploads\/2024\/05\/WIFO_kurz_rechts-2-1920x412.jpg","contentUrl":"https:\/\/www.wifo.ac.at\/wp-content\/uploads\/2024\/05\/WIFO_kurz_rechts-2-1920x412.jpg","width":2000,"height":429,"caption":"\u00d6sterreichisches Institut f\u00fcr Wirtschaftsforschung"},"image":{"@id":"https:\/\/www.wifo.ac.at\/en\/#\/schema\/logo\/image\/"},"sameAs":["https:\/\/www.facebook.com\/WIFOat\/","https:\/\/x.com\/WIFOat","https:\/\/linkedin.com\/company\/wifoat\/","https:\/\/www.youtube.com\/@WIFO_at"],"description":"Das WIFO, 1927 von Friedrich August von Hayek und Ludwig von Mises zur Konjunkturanalyse gegr\u00fcndet, ist heute das f\u00fchrende Institut f\u00fcr angewandte empirische Wirtschaftsforschung in \u00d6sterreich mit starkem Engagement auf europ\u00e4ischer Ebene.","email":"office@wifo.ac.at","telephone":"+43 1 798 26 01 \u2013 0","legalName":"\u00d6sterreichisches Institut f\u00fcr Wirtschaftsforschung","foundingDate":"1927-01-02","numberOfEmployees":{"@type":"QuantitativeValue","minValue":"51","maxValue":"200"},"publishingPrinciples":"https:\/\/www.wifo.ac.at\/institut\/mission-und-strategie\/","ownershipFundingInfo":"https:\/\/www.wifo.ac.at\/institut\/organisation\/","actionableFeedbackPolicy":"https:\/\/www.wifo.ac.at\/aktuelles\/presse\/","correctionsPolicy":"https:\/\/www.wifo.ac.at\/institut\/kontakt\/","ethicsPolicy":"https:\/\/www.wifo.ac.at\/institut\/evidenzbasierung-transparenz-und-unabhaengigkeit\/","diversityPolicy":"https:\/\/www.wifo.ac.at\/institut\/gleichstellung\/","diversityStaffingReport":"https:\/\/www.wifo.ac.at\/institut\/gleichstellung\/"}]}},"_links":{"self":[{"href":"https:\/\/www.wifo.ac.at\/en\/wp-json\/wp\/v2\/publication\/110024","targetHints":{"allow":["GET"]}}],"collection":[{"href":"https:\/\/www.wifo.ac.at\/en\/wp-json\/wp\/v2\/publication"}],"about":[{"href":"https:\/\/www.wifo.ac.at\/en\/wp-json\/wp\/v2\/types\/publication"}],"version-history":[{"count":1,"href":"https:\/\/www.wifo.ac.at\/en\/wp-json\/wp\/v2\/publication\/110024\/revisions"}],"predecessor-version":[{"id":322958,"href":"https:\/\/www.wifo.ac.at\/en\/wp-json\/wp\/v2\/publication\/110024\/revisions\/322958"}],"acf:post":[{"embeddable":true,"href":"https:\/\/www.wifo.ac.at\/en\/wp-json\/wp\/v2\/topic\/49624"},{"embeddable":true,"href":"https:\/\/www.wifo.ac.at\/en\/wp-json\/wp\/v2\/person\/3995"},{"embeddable":true,"href":"https:\/\/www.wifo.ac.at\/en\/wp-json\/wp\/v2\/person\/3899"},{"embeddable":true,"href":"https:\/\/www.wifo.ac.at\/en\/wp-json\/wp\/v2\/research_group\/3500"},{"embeddable":true,"href":"https:\/\/www.wifo.ac.at\/en\/wp-json\/wp\/v2\/publication_type\/44312"}],"wp:attachment":[{"href":"https:\/\/www.wifo.ac.at\/en\/wp-json\/wp\/v2\/media?parent=110024"}],"curies":[{"name":"wp","href":"https:\/\/api.w.org\/{rel}","templated":true}]}}