{"id":109132,"date":"2024-01-22T16:06:58","date_gmt":"2024-01-22T15:06:58","guid":{"rendered":"https:\/\/www.wifo.ac.at\/publication\/109132\/"},"modified":"2024-11-07T03:32:56","modified_gmt":"2024-11-07T02:32:56","slug":"von-kriegsende-bis-zum-staatsvertrag-eine-wirtschaftshistorische-betrachtung","status":"publish","type":"publication","link":"https:\/\/www.wifo.ac.at\/en\/publication\/109132\/","title":{"rendered":"From the End of Word War II to the Austrian State Treaty"},"content":{"rendered":"","protected":false},"featured_media":0,"template":"","class_list":["post-109132","publication","type-publication","status-publish","hentry"],"acf":{"subtitle":"","text":"Ten years after the end of World War II, Austria was returned to full independence through its State Treaty of 1955. During this period, the damage caused by the war and its immediate aftermath was repaired, and a new economic structure as well as growth-promoting institutions were set up. The post-war inflation was stopped and a steady regime of internal and external financial stability established.","onlinedate":"2004-12-10 01:00:00","lang":"German","publication_series":"","publication_date":"20041201","publication_date_year":"","publication_date_full":false,"publication_num_pages":"","keywords":"[\"Staatsvertrag Nachkriegszeit Wirtschaftswunder Wiederaufbau\"]","jelcodes":"[]","related_publications":"[]","pdf":320470,"zip":null,"link":"","monthly_report":true,"monthly_report_main":false,"monthly_report_volume":"77","monthly_report_pages":"897-912","monthly_report_pages_sort":"897","issue":"12","journal":"WIFO-Monatsberichte","publisher":"","invisible":false,"external":false,"embargo_date":null,"types":[44312],"research_groups":[3500],"collaboration":"","persons":[4513],"persons_data":"[{\"personId\":4513,\"personName\":\"Hans Seidel\",\"organisationNames\":[]}]","clients":[],"subclients":[],"partners":[],"topics":[],"host_publication_title":"","host_publication_subtitle":"","place_of_publication":"","host_publication_editors":"[]","type_description":"","output_media":"","chapter":"","article_number":"","citations":"{\"apa\":\"<div class=\\\"rendering rendering_researchoutput  rendering_researchoutput_apa rendering_contributiontoperiodical rendering_apa rendering_contributiontoperiodical_apa\\\"><span>Seidel, H.<\\\/span> (2004). <span>Von Kriegsende bis zum Staatsvertrag. Eine wirtschaftshistorische Betrachtung<\\\/span>. <span><em>WIFO-Monatsberichte<\\\/em><\\\/span>, <em>77<\\\/em>(12), 897-912. <a onclick=\\\"window.open(this.href, '_blank','noopener,noreferrer'); return false;\\\" href=\\\"https:\\\/\\\/www.wifo.ac.at\\\/wwa\\\/pubid\\\/25375\\\" class=\\\"link\\\"><span>https:\\\/\\\/www.wifo.ac.at\\\/wwa\\\/pubid\\\/25375<\\\/span><\\\/a><\\\/div>\",\"vancouver\":\"<div class=\\\"rendering rendering_researchoutput  rendering_researchoutput_vancouver rendering_contributiontoperiodical rendering_vancouver rendering_contributiontoperiodical_vancouver\\\"><span>Seidel H<\\\/span>. <span class=\\\"title\\\"><span>Von Kriegsende bis zum Staatsvertrag. Eine wirtschaftshistorische Betrachtung<\\\/span><\\\/span>. <span>WIFO-Monatsberichte<\\\/span>. 2004 Dec;77(12):897-912.<\\\/div>\",\"bibtex\":\"<div class=\\\"rendering rendering_researchoutput  rendering_researchoutput_bibtex rendering_contributiontoperiodical rendering_bibtex rendering_contributiontoperiodical_bibtex\\\"><div>@misc{704c7c8279f24343ba0d481f65d83bce,<\\\/div><div>  title    = \\\"Von Kriegsende bis zum Staatsvertrag. Eine wirtschaftshistorische Betrachtung\\\",<\\\/div><div>  abstract = \\\"2005 j{\\\\\\\"a}hrt sich der Abschluss des {\\\\\\\"O}sterreichischen Staatsvertrags zum 50. Mal. Die Grundlagen f{\\\\\\\"u}r das {\\\\\\\"o}sterreichische {\\\"}Wirtschaftswunder{\\\"} wurden im ersten Nachkriegsjahrzehnt geschaffen. Damals wurden wichtige Weichen auf dem Weg zur sp{\\\\\\\"a}teren Wohlstandsgesellschaft gestellt. Vorbildhaft f{\\\\\\\"u}r sp{\\\\\\\"a}tere Generationen waren der Umgang mit {\\\"}fundamentaler{\\\"} Unsicherheit und die Art, wie soziale Konflikte gel{\\\\\\\"o}st wurden.\\\",<\\\/div><div>  keywords = \\\"Staatsvertrag Nachkriegszeit Wirtschaftswunder Wiederaufbau, Staatsvertrag Nachkriegszeit Wirtschaftswunder Wiederaufbau\\\",<\\\/div><div>  author   = \\\"Hans Seidel\\\",<\\\/div><div>  note     = \\\"Staatsvertrag\\\",<\\\/div><div>  year     = \\\"2004\\\",<\\\/div><div>  month    = dec,<\\\/div><div>  language = \\\"Deutsch\\\",<\\\/div><div>  volume   = \\\"77\\\",<\\\/div><div>  pages    = \\\"897--912\\\",<\\\/div><div>  journal  = \\\"WIFO-Monatsberichte\\\",<\\\/div><p>}<\\\/p><\\\/div>\",\"ris\":\"<div class=\\\"rendering rendering_researchoutput  rendering_researchoutput_ris rendering_contributiontoperiodical rendering_ris rendering_contributiontoperiodical_ris\\\"><p>TY  - GEN<\\\/p><p>T1  - Von Kriegsende bis zum Staatsvertrag. Eine wirtschaftshistorische Betrachtung<\\\/p><p>AU  - Seidel, Hans<\\\/p><p>N1  - Staatsvertrag<\\\/p><p>PY  - 2004\\\/12<\\\/p><p>Y1  - 2004\\\/12<\\\/p><p>N2  - 2005 j\u00e4hrt sich der Abschluss des \u00d6sterreichischen Staatsvertrags zum 50. Mal. Die Grundlagen f\u00fcr das \u00f6sterreichische \\\"Wirtschaftswunder\\\" wurden im ersten Nachkriegsjahrzehnt geschaffen. Damals wurden wichtige Weichen auf dem Weg zur sp\u00e4teren Wohlstandsgesellschaft gestellt. Vorbildhaft f\u00fcr sp\u00e4tere Generationen waren der Umgang mit \\\"fundamentaler\\\" Unsicherheit und die Art, wie soziale Konflikte gel\u00f6st wurden.<\\\/p><p>AB  - 2005 j\u00e4hrt sich der Abschluss des \u00d6sterreichischen Staatsvertrags zum 50. Mal. Die Grundlagen f\u00fcr das \u00f6sterreichische \\\"Wirtschaftswunder\\\" wurden im ersten Nachkriegsjahrzehnt geschaffen. Damals wurden wichtige Weichen auf dem Weg zur sp\u00e4teren Wohlstandsgesellschaft gestellt. Vorbildhaft f\u00fcr sp\u00e4tere Generationen waren der Umgang mit \\\"fundamentaler\\\" Unsicherheit und die Art, wie soziale Konflikte gel\u00f6st wurden.<\\\/p><p>KW  - Staatsvertrag Nachkriegszeit Wirtschaftswunder Wiederaufbau<\\\/p><p>KW  - Staatsvertrag Nachkriegszeit Wirtschaftswunder Wiederaufbau<\\\/p><p>M3  - WIFO-Schriftenreihen<\\\/p><p>VL  - 77<\\\/p><p>SP  - 897<\\\/p><p>EP  - 912<\\\/p><p>JO  - WIFO-Monatsberichte<\\\/p><p>JF  - WIFO-Monatsberichte<\\\/p><p>ER  - <\\\/p><\\\/div>\"}","scientific_assistance":"[]","scientific_review":"[]","version":"","release_date":null,"expiration_date":null,"surveyor":"","research_assistance":"","edv":"","additional_info_de":"","additional_info_en":""},"yoast_head":"<!-- This site is optimized with the Yoast SEO Premium plugin v28.3 (Yoast SEO v28.3) - https:\/\/yoast.com\/product\/yoast-seo-premium-wordpress\/ -->\n<title>From the End of Word War II to the Austrian State Treaty - WIFO<\/title>\n<meta name=\"robots\" content=\"index, follow, max-snippet:-1, max-image-preview:large, max-video-preview:-1\" \/>\n<link rel=\"canonical\" href=\"https:\/\/www.wifo.ac.at\/en\/publication\/109132\/\" \/>\n<meta property=\"og:locale\" content=\"en_US\" \/>\n<meta property=\"og:type\" content=\"article\" \/>\n<meta property=\"og:title\" content=\"From the End of Word War II to the Austrian State Treaty\" \/>\n<meta property=\"og:url\" content=\"https:\/\/www.wifo.ac.at\/en\/publication\/109132\/\" \/>\n<meta property=\"og:site_name\" content=\"WIFO\" \/>\n<meta property=\"article:publisher\" content=\"https:\/\/www.facebook.com\/WIFOat\/\" \/>\n<meta property=\"article:modified_time\" content=\"2024-11-07T02:32:56+00:00\" \/>\n<meta property=\"og:image\" content=\"https:\/\/www.wifo.ac.at\/wp-content\/uploads\/2024\/05\/WIFO-Gebaeude-FotoAlexanderMueller-www.alexandermueller.at-IMG_6326-Bearbeitet-1.jpg\" \/>\n\t<meta property=\"og:image:width\" content=\"1920\" \/>\n\t<meta property=\"og:image:height\" content=\"1280\" \/>\n\t<meta property=\"og:image:type\" content=\"image\/jpeg\" \/>\n<meta name=\"twitter:card\" content=\"summary_large_image\" \/>\n<meta name=\"twitter:site\" content=\"@WIFOat\" \/>\n<script type=\"application\/ld+json\" class=\"yoast-schema-graph\">{\"@context\":\"https:\\\/\\\/schema.org\",\"@graph\":[{\"@type\":\"WebPage\",\"@id\":\"https:\\\/\\\/www.wifo.ac.at\\\/en\\\/publication\\\/109132\\\/\",\"url\":\"https:\\\/\\\/www.wifo.ac.at\\\/en\\\/publication\\\/109132\\\/\",\"name\":\"From the End of Word War II to the Austrian State Treaty - WIFO\",\"isPartOf\":{\"@id\":\"https:\\\/\\\/www.wifo.ac.at\\\/en\\\/#website\"},\"datePublished\":\"2024-01-22T15:06:58+00:00\",\"dateModified\":\"2024-11-07T02:32:56+00:00\",\"breadcrumb\":{\"@id\":\"https:\\\/\\\/www.wifo.ac.at\\\/en\\\/publication\\\/109132\\\/#breadcrumb\"},\"inLanguage\":\"en-US\",\"potentialAction\":[{\"@type\":\"ReadAction\",\"target\":[\"https:\\\/\\\/www.wifo.ac.at\\\/en\\\/publication\\\/109132\\\/\"]}]},{\"@type\":\"BreadcrumbList\",\"@id\":\"https:\\\/\\\/www.wifo.ac.at\\\/en\\\/publication\\\/109132\\\/#breadcrumb\",\"itemListElement\":[{\"@type\":\"ListItem\",\"position\":1,\"name\":\"Startseite\",\"item\":\"https:\\\/\\\/www.wifo.ac.at\\\/en\\\/\"},{\"@type\":\"ListItem\",\"position\":2,\"name\":\"From the End of Word War II to the Austrian State Treaty\"}]},{\"@type\":\"WebSite\",\"@id\":\"https:\\\/\\\/www.wifo.ac.at\\\/en\\\/#website\",\"url\":\"https:\\\/\\\/www.wifo.ac.at\\\/en\\\/\",\"name\":\"\u00d6sterreichisches Institut f\u00fcr Wirtschaftsforschung\",\"description\":\"\",\"publisher\":{\"@id\":\"https:\\\/\\\/www.wifo.ac.at\\\/en\\\/#organization\"},\"alternateName\":\"WIFO\",\"potentialAction\":[{\"@type\":\"SearchAction\",\"target\":{\"@type\":\"EntryPoint\",\"urlTemplate\":\"https:\\\/\\\/www.wifo.ac.at\\\/en\\\/?s={search_term_string}\"},\"query-input\":{\"@type\":\"PropertyValueSpecification\",\"valueRequired\":true,\"valueName\":\"search_term_string\"}}],\"inLanguage\":\"en-US\"},{\"@type\":\"Organization\",\"@id\":\"https:\\\/\\\/www.wifo.ac.at\\\/en\\\/#organization\",\"name\":\"\u00d6sterreichisches Institut f\u00fcr Wirtschaftsforschung\",\"alternateName\":\"WIFO\",\"url\":\"https:\\\/\\\/www.wifo.ac.at\\\/en\\\/\",\"logo\":{\"@type\":\"ImageObject\",\"inLanguage\":\"en-US\",\"@id\":\"https:\\\/\\\/www.wifo.ac.at\\\/en\\\/#\\\/schema\\\/logo\\\/image\\\/\",\"url\":\"https:\\\/\\\/www.wifo.ac.at\\\/wp-content\\\/uploads\\\/2024\\\/05\\\/WIFO_kurz_rechts-2-1920x412.jpg\",\"contentUrl\":\"https:\\\/\\\/www.wifo.ac.at\\\/wp-content\\\/uploads\\\/2024\\\/05\\\/WIFO_kurz_rechts-2-1920x412.jpg\",\"width\":2000,\"height\":429,\"caption\":\"\u00d6sterreichisches Institut f\u00fcr Wirtschaftsforschung\"},\"image\":{\"@id\":\"https:\\\/\\\/www.wifo.ac.at\\\/en\\\/#\\\/schema\\\/logo\\\/image\\\/\"},\"sameAs\":[\"https:\\\/\\\/www.facebook.com\\\/WIFOat\\\/\",\"https:\\\/\\\/x.com\\\/WIFOat\",\"https:\\\/\\\/linkedin.com\\\/company\\\/wifoat\\\/\",\"https:\\\/\\\/www.youtube.com\\\/@WIFO_at\"],\"description\":\"Das WIFO, 1927 von Friedrich August von Hayek und Ludwig von Mises zur Konjunkturanalyse gegr\u00fcndet, ist heute das f\u00fchrende Institut f\u00fcr angewandte empirische Wirtschaftsforschung in \u00d6sterreich mit starkem Engagement auf europ\u00e4ischer Ebene.\",\"email\":\"office@wifo.ac.at\",\"telephone\":\"+43 1 798 26 01 \u2013 0\",\"legalName\":\"\u00d6sterreichisches Institut f\u00fcr Wirtschaftsforschung\",\"foundingDate\":\"1927-01-02\",\"numberOfEmployees\":{\"@type\":\"QuantitativeValue\",\"minValue\":\"51\",\"maxValue\":\"200\"},\"publishingPrinciples\":\"https:\\\/\\\/www.wifo.ac.at\\\/institut\\\/mission-und-strategie\\\/\",\"ownershipFundingInfo\":\"https:\\\/\\\/www.wifo.ac.at\\\/institut\\\/organisation\\\/\",\"actionableFeedbackPolicy\":\"https:\\\/\\\/www.wifo.ac.at\\\/aktuelles\\\/presse\\\/\",\"correctionsPolicy\":\"https:\\\/\\\/www.wifo.ac.at\\\/institut\\\/kontakt\\\/\",\"ethicsPolicy\":\"https:\\\/\\\/www.wifo.ac.at\\\/institut\\\/evidenzbasierung-transparenz-und-unabhaengigkeit\\\/\",\"diversityPolicy\":\"https:\\\/\\\/www.wifo.ac.at\\\/institut\\\/gleichstellung\\\/\",\"diversityStaffingReport\":\"https:\\\/\\\/www.wifo.ac.at\\\/institut\\\/gleichstellung\\\/\"}]}<\/script>\n<!-- \/ Yoast SEO Premium plugin. -->","yoast_head_json":{"title":"From the End of Word War II to the Austrian State Treaty - WIFO","robots":{"index":"index","follow":"follow","max-snippet":"max-snippet:-1","max-image-preview":"max-image-preview:large","max-video-preview":"max-video-preview:-1"},"canonical":"https:\/\/www.wifo.ac.at\/en\/publication\/109132\/","og_locale":"en_US","og_type":"article","og_title":"From the End of Word War II to the Austrian State Treaty","og_url":"https:\/\/www.wifo.ac.at\/en\/publication\/109132\/","og_site_name":"WIFO","article_publisher":"https:\/\/www.facebook.com\/WIFOat\/","article_modified_time":"2024-11-07T02:32:56+00:00","og_image":[{"width":1920,"height":1280,"url":"https:\/\/www.wifo.ac.at\/wp-content\/uploads\/2024\/05\/WIFO-Gebaeude-FotoAlexanderMueller-www.alexandermueller.at-IMG_6326-Bearbeitet-1.jpg","type":"image\/jpeg"}],"twitter_card":"summary_large_image","twitter_site":"@WIFOat","schema":{"@context":"https:\/\/schema.org","@graph":[{"@type":"WebPage","@id":"https:\/\/www.wifo.ac.at\/en\/publication\/109132\/","url":"https:\/\/www.wifo.ac.at\/en\/publication\/109132\/","name":"From the End of Word War II to the Austrian State Treaty - WIFO","isPartOf":{"@id":"https:\/\/www.wifo.ac.at\/en\/#website"},"datePublished":"2024-01-22T15:06:58+00:00","dateModified":"2024-11-07T02:32:56+00:00","breadcrumb":{"@id":"https:\/\/www.wifo.ac.at\/en\/publication\/109132\/#breadcrumb"},"inLanguage":"en-US","potentialAction":[{"@type":"ReadAction","target":["https:\/\/www.wifo.ac.at\/en\/publication\/109132\/"]}]},{"@type":"BreadcrumbList","@id":"https:\/\/www.wifo.ac.at\/en\/publication\/109132\/#breadcrumb","itemListElement":[{"@type":"ListItem","position":1,"name":"Startseite","item":"https:\/\/www.wifo.ac.at\/en\/"},{"@type":"ListItem","position":2,"name":"From the End of Word War II to the Austrian State Treaty"}]},{"@type":"WebSite","@id":"https:\/\/www.wifo.ac.at\/en\/#website","url":"https:\/\/www.wifo.ac.at\/en\/","name":"\u00d6sterreichisches Institut f\u00fcr Wirtschaftsforschung","description":"","publisher":{"@id":"https:\/\/www.wifo.ac.at\/en\/#organization"},"alternateName":"WIFO","potentialAction":[{"@type":"SearchAction","target":{"@type":"EntryPoint","urlTemplate":"https:\/\/www.wifo.ac.at\/en\/?s={search_term_string}"},"query-input":{"@type":"PropertyValueSpecification","valueRequired":true,"valueName":"search_term_string"}}],"inLanguage":"en-US"},{"@type":"Organization","@id":"https:\/\/www.wifo.ac.at\/en\/#organization","name":"\u00d6sterreichisches Institut f\u00fcr Wirtschaftsforschung","alternateName":"WIFO","url":"https:\/\/www.wifo.ac.at\/en\/","logo":{"@type":"ImageObject","inLanguage":"en-US","@id":"https:\/\/www.wifo.ac.at\/en\/#\/schema\/logo\/image\/","url":"https:\/\/www.wifo.ac.at\/wp-content\/uploads\/2024\/05\/WIFO_kurz_rechts-2-1920x412.jpg","contentUrl":"https:\/\/www.wifo.ac.at\/wp-content\/uploads\/2024\/05\/WIFO_kurz_rechts-2-1920x412.jpg","width":2000,"height":429,"caption":"\u00d6sterreichisches Institut f\u00fcr Wirtschaftsforschung"},"image":{"@id":"https:\/\/www.wifo.ac.at\/en\/#\/schema\/logo\/image\/"},"sameAs":["https:\/\/www.facebook.com\/WIFOat\/","https:\/\/x.com\/WIFOat","https:\/\/linkedin.com\/company\/wifoat\/","https:\/\/www.youtube.com\/@WIFO_at"],"description":"Das WIFO, 1927 von Friedrich August von Hayek und Ludwig von Mises zur Konjunkturanalyse gegr\u00fcndet, ist heute das f\u00fchrende Institut f\u00fcr angewandte empirische Wirtschaftsforschung in \u00d6sterreich mit starkem Engagement auf europ\u00e4ischer Ebene.","email":"office@wifo.ac.at","telephone":"+43 1 798 26 01 \u2013 0","legalName":"\u00d6sterreichisches Institut f\u00fcr Wirtschaftsforschung","foundingDate":"1927-01-02","numberOfEmployees":{"@type":"QuantitativeValue","minValue":"51","maxValue":"200"},"publishingPrinciples":"https:\/\/www.wifo.ac.at\/institut\/mission-und-strategie\/","ownershipFundingInfo":"https:\/\/www.wifo.ac.at\/institut\/organisation\/","actionableFeedbackPolicy":"https:\/\/www.wifo.ac.at\/aktuelles\/presse\/","correctionsPolicy":"https:\/\/www.wifo.ac.at\/institut\/kontakt\/","ethicsPolicy":"https:\/\/www.wifo.ac.at\/institut\/evidenzbasierung-transparenz-und-unabhaengigkeit\/","diversityPolicy":"https:\/\/www.wifo.ac.at\/institut\/gleichstellung\/","diversityStaffingReport":"https:\/\/www.wifo.ac.at\/institut\/gleichstellung\/"}]}},"_links":{"self":[{"href":"https:\/\/www.wifo.ac.at\/en\/wp-json\/wp\/v2\/publication\/109132","targetHints":{"allow":["GET"]}}],"collection":[{"href":"https:\/\/www.wifo.ac.at\/en\/wp-json\/wp\/v2\/publication"}],"about":[{"href":"https:\/\/www.wifo.ac.at\/en\/wp-json\/wp\/v2\/types\/publication"}],"version-history":[{"count":2,"href":"https:\/\/www.wifo.ac.at\/en\/wp-json\/wp\/v2\/publication\/109132\/revisions"}],"predecessor-version":[{"id":320464,"href":"https:\/\/www.wifo.ac.at\/en\/wp-json\/wp\/v2\/publication\/109132\/revisions\/320464"}],"acf:post":[{"embeddable":true,"href":"https:\/\/www.wifo.ac.at\/en\/wp-json\/wp\/v2\/person\/4513"},{"embeddable":true,"href":"https:\/\/www.wifo.ac.at\/en\/wp-json\/wp\/v2\/research_group\/3500"},{"embeddable":true,"href":"https:\/\/www.wifo.ac.at\/en\/wp-json\/wp\/v2\/publication_type\/44312"}],"wp:attachment":[{"href":"https:\/\/www.wifo.ac.at\/en\/wp-json\/wp\/v2\/media?parent=109132"}],"curies":[{"name":"wp","href":"https:\/\/api.w.org\/{rel}","templated":true}]}}