{"id":109108,"date":"2024-01-22T16:06:30","date_gmt":"2024-01-22T15:06:30","guid":{"rendered":"https:\/\/www.wifo.ac.at\/publication\/109108\/"},"modified":"2024-11-19T10:34:31","modified_gmt":"2024-11-19T09:34:31","slug":"konsum-nach-neuberechnung-schwaechere-konjunkturstuetze-zuwaechse-im-weihnachtsgeschaeft-moeglich-2","status":"publish","type":"publication","link":"https:\/\/www.wifo.ac.at\/en\/publication\/109108\/","title":{"rendered":"Revision Finds Consumption Gives Less Boost to the Economy"},"content":{"rendered":"","protected":false},"featured_media":0,"template":"","class_list":["post-109108","publication","type-publication","status-publish","hentry"],"acf":{"subtitle":"","text":"Business in the European Union is visibly picking up, carried along by the demand for exports, whereas domestic demand (including from private households) remains muted. Disposable income is growing at a sluggish rate only and the propensity to save continues to be high. As a stabilising factor in a recession, consumption no longer plays its former important role in the euro area. In Austria, private consumption grew modestly in the first half of 2004, according to preliminary WIFO calculations. Growth should accelerate in the second half of the year so that Christmas sales can be expected to benefit.","onlinedate":"2004-12-10 01:00:00","lang":"German","publication_series":"","publication_date":"20041201","publication_date_year":"","publication_date_full":false,"publication_num_pages":"","keywords":"[\"Privater Konsum Sparquote Einzelhandel Weihnachtsgesch\u00e4ft christmas sales\"]","jelcodes":"[]","related_publications":"[]","pdf":417681,"zip":null,"link":"","monthly_report":true,"monthly_report_main":false,"monthly_report_volume":"77","monthly_report_pages":"871-882","monthly_report_pages_sort":"871","issue":"12","journal":"WIFO-Monatsberichte","publisher":"","invisible":false,"external":false,"embargo_date":null,"types":[44312],"research_groups":[3500],"collaboration":"","persons":[3995],"persons_data":"[{\"personId\":3995,\"personName\":\"Michael W\u00fcger\",\"organisationNames\":[]}]","clients":[],"subclients":[],"partners":[],"topics":[],"host_publication_title":"","host_publication_subtitle":"","place_of_publication":"","host_publication_editors":"[]","type_description":"","output_media":"","chapter":"","article_number":"","citations":"{\"apa\":\"<div class=\\\"rendering rendering_researchoutput  rendering_researchoutput_apa rendering_contributiontoperiodical rendering_apa rendering_contributiontoperiodical_apa\\\"><span>W\u00fcger, M.<\\\/span> (2004). <span>Konsum nach Neuberechnung schw\u00e4chere Konjunkturst\u00fctze. Zuw\u00e4chse im Weihnachtsgesch\u00e4ft m\u00f6glich<\\\/span>. <span><em>WIFO-Monatsberichte<\\\/em><\\\/span>, <em>77<\\\/em>(12), 871-882. <a onclick=\\\"window.open(this.href, '_blank','noopener,noreferrer'); return false;\\\" href=\\\"https:\\\/\\\/www.wifo.ac.at\\\/wwa\\\/pubid\\\/25373\\\" class=\\\"link\\\"><span>https:\\\/\\\/www.wifo.ac.at\\\/wwa\\\/pubid\\\/25373<\\\/span><\\\/a><\\\/div>\",\"vancouver\":\"<div class=\\\"rendering rendering_researchoutput  rendering_researchoutput_vancouver rendering_contributiontoperiodical rendering_vancouver rendering_contributiontoperiodical_vancouver\\\"><span>W\u00fcger M<\\\/span>. <span class=\\\"title\\\"><span>Konsum nach Neuberechnung schw\u00e4chere Konjunkturst\u00fctze. Zuw\u00e4chse im Weihnachtsgesch\u00e4ft m\u00f6glich<\\\/span><\\\/span>. <span>WIFO-Monatsberichte<\\\/span>. 2004 Dec;77(12):871-882.<\\\/div>\",\"bibtex\":\"<div class=\\\"rendering rendering_researchoutput  rendering_researchoutput_bibtex rendering_contributiontoperiodical rendering_bibtex rendering_contributiontoperiodical_bibtex\\\"><div>@misc{2bda15552e6945fd9eb1425cc07c4a33,<\\\/div><div>  title    = \\\"Konsum nach Neuberechnung schw{\\\\\\\"a}chere Konjunkturst{\\\\\\\"u}tze. Zuw{\\\\\\\"a}chse im Weihnachtsgesch{\\\\\\\"a}ft m{\\\\\\\"o}glich\\\",<\\\/div><div>  abstract = \\\"Die stabilisierende Wirkung des privaten Konsums war im Euro-Raum in der Rezession 2001\\\/2003 deutlich geringer als im Abschwung 1992\\\/93. Im 1. Halbjahr 2004 stiegen die Ausgaben der privaten Haushalte in {\\\\\\\"O}sterreich m{\\\\\\\"a}{\\\\ss}ig. Im 2. Halbjahr d{\\\\\\\"u}rfte sich das Wachstum beschleunigen; vor diesem Hintergrund erscheinen im Weihnachtsgesch{\\\\\\\"a}ft reale Zuw{\\\\\\\"a}chse gegen{\\\\\\\"u}ber dem Vorjahr m{\\\\\\\"o}glich.\\\",<\\\/div><div>  keywords = \\\"Privater Konsum Sparquote Einzelhandel Weihnachtsgesch{\\\\\\\"a}ft christmas sales, Privater Konsum Sparquote Einzelhandel Weihnachtsgesch{\\\\\\\"a}ft christmas sales\\\",<\\\/div><div>  author   = \\\"Michael W{\\\\\\\"u}ger\\\",<\\\/div><div>  note     = \\\"Privater Konsum und Weihnachtsgesch{\\\\\\\"a}ft\\\",<\\\/div><div>  year     = \\\"2004\\\",<\\\/div><div>  month    = dec,<\\\/div><div>  language = \\\"Deutsch\\\",<\\\/div><div>  volume   = \\\"77\\\",<\\\/div><div>  pages    = \\\"871--882\\\",<\\\/div><div>  journal  = \\\"WIFO-Monatsberichte\\\",<\\\/div><p>}<\\\/p><\\\/div>\",\"ris\":\"<div class=\\\"rendering rendering_researchoutput  rendering_researchoutput_ris rendering_contributiontoperiodical rendering_ris rendering_contributiontoperiodical_ris\\\"><p>TY  - GEN<\\\/p><p>T1  - Konsum nach Neuberechnung schw\u00e4chere Konjunkturst\u00fctze. Zuw\u00e4chse im Weihnachtsgesch\u00e4ft m\u00f6glich<\\\/p><p>AU  - W\u00fcger, Michael<\\\/p><p>N1  - Privater Konsum und Weihnachtsgesch\u00e4ft<\\\/p><p>PY  - 2004\\\/12<\\\/p><p>Y1  - 2004\\\/12<\\\/p><p>N2  - Die stabilisierende Wirkung des privaten Konsums war im Euro-Raum in der Rezession 2001\\\/2003 deutlich geringer als im Abschwung 1992\\\/93. Im 1. Halbjahr 2004 stiegen die Ausgaben der privaten Haushalte in \u00d6sterreich m\u00e4\u00dfig. Im 2. Halbjahr d\u00fcrfte sich das Wachstum beschleunigen; vor diesem Hintergrund erscheinen im Weihnachtsgesch\u00e4ft reale Zuw\u00e4chse gegen\u00fcber dem Vorjahr m\u00f6glich.<\\\/p><p>AB  - Die stabilisierende Wirkung des privaten Konsums war im Euro-Raum in der Rezession 2001\\\/2003 deutlich geringer als im Abschwung 1992\\\/93. Im 1. Halbjahr 2004 stiegen die Ausgaben der privaten Haushalte in \u00d6sterreich m\u00e4\u00dfig. Im 2. Halbjahr d\u00fcrfte sich das Wachstum beschleunigen; vor diesem Hintergrund erscheinen im Weihnachtsgesch\u00e4ft reale Zuw\u00e4chse gegen\u00fcber dem Vorjahr m\u00f6glich.<\\\/p><p>KW  - Privater Konsum Sparquote Einzelhandel Weihnachtsgesch\u00e4ft christmas sales<\\\/p><p>KW  - Privater Konsum Sparquote Einzelhandel Weihnachtsgesch\u00e4ft christmas sales<\\\/p><p>M3  - WIFO-Schriftenreihen<\\\/p><p>VL  - 77<\\\/p><p>SP  - 871<\\\/p><p>EP  - 882<\\\/p><p>JO  - WIFO-Monatsberichte<\\\/p><p>JF  - WIFO-Monatsberichte<\\\/p><p>ER  - <\\\/p><\\\/div>\"}","scientific_assistance":"[]","scientific_review":"[]","version":"","release_date":null,"expiration_date":null,"surveyor":"","research_assistance":"","edv":"","additional_info_de":"","additional_info_en":""},"yoast_head":"<!-- This site is optimized with the Yoast SEO Premium plugin v28.3 (Yoast SEO v28.3) - https:\/\/yoast.com\/product\/yoast-seo-premium-wordpress\/ -->\n<title>Revision Finds Consumption Gives Less Boost to the Economy - WIFO<\/title>\n<meta name=\"robots\" content=\"index, follow, max-snippet:-1, max-image-preview:large, max-video-preview:-1\" \/>\n<link rel=\"canonical\" href=\"https:\/\/www.wifo.ac.at\/en\/publication\/109108\/\" \/>\n<meta property=\"og:locale\" content=\"en_US\" \/>\n<meta property=\"og:type\" content=\"article\" \/>\n<meta property=\"og:title\" content=\"Revision Finds Consumption Gives Less Boost to the Economy\" \/>\n<meta property=\"og:url\" content=\"https:\/\/www.wifo.ac.at\/en\/publication\/109108\/\" \/>\n<meta property=\"og:site_name\" content=\"WIFO\" \/>\n<meta property=\"article:publisher\" content=\"https:\/\/www.facebook.com\/WIFOat\/\" \/>\n<meta property=\"article:modified_time\" content=\"2024-11-19T09:34:31+00:00\" \/>\n<meta property=\"og:image\" content=\"https:\/\/www.wifo.ac.at\/wp-content\/uploads\/2024\/05\/WIFO-Gebaeude-FotoAlexanderMueller-www.alexandermueller.at-IMG_6326-Bearbeitet-1.jpg\" \/>\n\t<meta property=\"og:image:width\" content=\"1920\" \/>\n\t<meta property=\"og:image:height\" content=\"1280\" \/>\n\t<meta property=\"og:image:type\" content=\"image\/jpeg\" \/>\n<meta name=\"twitter:card\" content=\"summary_large_image\" \/>\n<meta name=\"twitter:site\" content=\"@WIFOat\" \/>\n<script type=\"application\/ld+json\" class=\"yoast-schema-graph\">{\"@context\":\"https:\\\/\\\/schema.org\",\"@graph\":[{\"@type\":\"WebPage\",\"@id\":\"https:\\\/\\\/www.wifo.ac.at\\\/en\\\/publication\\\/109108\\\/\",\"url\":\"https:\\\/\\\/www.wifo.ac.at\\\/en\\\/publication\\\/109108\\\/\",\"name\":\"Revision Finds Consumption Gives Less Boost to the Economy - WIFO\",\"isPartOf\":{\"@id\":\"https:\\\/\\\/www.wifo.ac.at\\\/en\\\/#website\"},\"datePublished\":\"2024-01-22T15:06:30+00:00\",\"dateModified\":\"2024-11-19T09:34:31+00:00\",\"breadcrumb\":{\"@id\":\"https:\\\/\\\/www.wifo.ac.at\\\/en\\\/publication\\\/109108\\\/#breadcrumb\"},\"inLanguage\":\"en-US\",\"potentialAction\":[{\"@type\":\"ReadAction\",\"target\":[\"https:\\\/\\\/www.wifo.ac.at\\\/en\\\/publication\\\/109108\\\/\"]}]},{\"@type\":\"BreadcrumbList\",\"@id\":\"https:\\\/\\\/www.wifo.ac.at\\\/en\\\/publication\\\/109108\\\/#breadcrumb\",\"itemListElement\":[{\"@type\":\"ListItem\",\"position\":1,\"name\":\"Startseite\",\"item\":\"https:\\\/\\\/www.wifo.ac.at\\\/en\\\/\"},{\"@type\":\"ListItem\",\"position\":2,\"name\":\"Revision Finds Consumption Gives Less Boost to the Economy\"}]},{\"@type\":\"WebSite\",\"@id\":\"https:\\\/\\\/www.wifo.ac.at\\\/en\\\/#website\",\"url\":\"https:\\\/\\\/www.wifo.ac.at\\\/en\\\/\",\"name\":\"\u00d6sterreichisches Institut f\u00fcr Wirtschaftsforschung\",\"description\":\"\",\"publisher\":{\"@id\":\"https:\\\/\\\/www.wifo.ac.at\\\/en\\\/#organization\"},\"alternateName\":\"WIFO\",\"potentialAction\":[{\"@type\":\"SearchAction\",\"target\":{\"@type\":\"EntryPoint\",\"urlTemplate\":\"https:\\\/\\\/www.wifo.ac.at\\\/en\\\/?s={search_term_string}\"},\"query-input\":{\"@type\":\"PropertyValueSpecification\",\"valueRequired\":true,\"valueName\":\"search_term_string\"}}],\"inLanguage\":\"en-US\"},{\"@type\":\"Organization\",\"@id\":\"https:\\\/\\\/www.wifo.ac.at\\\/en\\\/#organization\",\"name\":\"\u00d6sterreichisches Institut f\u00fcr Wirtschaftsforschung\",\"alternateName\":\"WIFO\",\"url\":\"https:\\\/\\\/www.wifo.ac.at\\\/en\\\/\",\"logo\":{\"@type\":\"ImageObject\",\"inLanguage\":\"en-US\",\"@id\":\"https:\\\/\\\/www.wifo.ac.at\\\/en\\\/#\\\/schema\\\/logo\\\/image\\\/\",\"url\":\"https:\\\/\\\/www.wifo.ac.at\\\/wp-content\\\/uploads\\\/2024\\\/05\\\/WIFO_kurz_rechts-2-1920x412.jpg\",\"contentUrl\":\"https:\\\/\\\/www.wifo.ac.at\\\/wp-content\\\/uploads\\\/2024\\\/05\\\/WIFO_kurz_rechts-2-1920x412.jpg\",\"width\":2000,\"height\":429,\"caption\":\"\u00d6sterreichisches Institut f\u00fcr Wirtschaftsforschung\"},\"image\":{\"@id\":\"https:\\\/\\\/www.wifo.ac.at\\\/en\\\/#\\\/schema\\\/logo\\\/image\\\/\"},\"sameAs\":[\"https:\\\/\\\/www.facebook.com\\\/WIFOat\\\/\",\"https:\\\/\\\/x.com\\\/WIFOat\",\"https:\\\/\\\/linkedin.com\\\/company\\\/wifoat\\\/\",\"https:\\\/\\\/www.youtube.com\\\/@WIFO_at\"],\"description\":\"Das WIFO, 1927 von Friedrich August von Hayek und Ludwig von Mises zur Konjunkturanalyse gegr\u00fcndet, ist heute das f\u00fchrende Institut f\u00fcr angewandte empirische Wirtschaftsforschung in \u00d6sterreich mit starkem Engagement auf europ\u00e4ischer Ebene.\",\"email\":\"office@wifo.ac.at\",\"telephone\":\"+43 1 798 26 01 \u2013 0\",\"legalName\":\"\u00d6sterreichisches Institut f\u00fcr Wirtschaftsforschung\",\"foundingDate\":\"1927-01-02\",\"numberOfEmployees\":{\"@type\":\"QuantitativeValue\",\"minValue\":\"51\",\"maxValue\":\"200\"},\"publishingPrinciples\":\"https:\\\/\\\/www.wifo.ac.at\\\/institut\\\/mission-und-strategie\\\/\",\"ownershipFundingInfo\":\"https:\\\/\\\/www.wifo.ac.at\\\/institut\\\/organisation\\\/\",\"actionableFeedbackPolicy\":\"https:\\\/\\\/www.wifo.ac.at\\\/aktuelles\\\/presse\\\/\",\"correctionsPolicy\":\"https:\\\/\\\/www.wifo.ac.at\\\/institut\\\/kontakt\\\/\",\"ethicsPolicy\":\"https:\\\/\\\/www.wifo.ac.at\\\/institut\\\/evidenzbasierung-transparenz-und-unabhaengigkeit\\\/\",\"diversityPolicy\":\"https:\\\/\\\/www.wifo.ac.at\\\/institut\\\/gleichstellung\\\/\",\"diversityStaffingReport\":\"https:\\\/\\\/www.wifo.ac.at\\\/institut\\\/gleichstellung\\\/\"}]}<\/script>\n<!-- \/ Yoast SEO Premium plugin. -->","yoast_head_json":{"title":"Revision Finds Consumption Gives Less Boost to the Economy - WIFO","robots":{"index":"index","follow":"follow","max-snippet":"max-snippet:-1","max-image-preview":"max-image-preview:large","max-video-preview":"max-video-preview:-1"},"canonical":"https:\/\/www.wifo.ac.at\/en\/publication\/109108\/","og_locale":"en_US","og_type":"article","og_title":"Revision Finds Consumption Gives Less Boost to the Economy","og_url":"https:\/\/www.wifo.ac.at\/en\/publication\/109108\/","og_site_name":"WIFO","article_publisher":"https:\/\/www.facebook.com\/WIFOat\/","article_modified_time":"2024-11-19T09:34:31+00:00","og_image":[{"width":1920,"height":1280,"url":"https:\/\/www.wifo.ac.at\/wp-content\/uploads\/2024\/05\/WIFO-Gebaeude-FotoAlexanderMueller-www.alexandermueller.at-IMG_6326-Bearbeitet-1.jpg","type":"image\/jpeg"}],"twitter_card":"summary_large_image","twitter_site":"@WIFOat","schema":{"@context":"https:\/\/schema.org","@graph":[{"@type":"WebPage","@id":"https:\/\/www.wifo.ac.at\/en\/publication\/109108\/","url":"https:\/\/www.wifo.ac.at\/en\/publication\/109108\/","name":"Revision Finds Consumption Gives Less Boost to the Economy - WIFO","isPartOf":{"@id":"https:\/\/www.wifo.ac.at\/en\/#website"},"datePublished":"2024-01-22T15:06:30+00:00","dateModified":"2024-11-19T09:34:31+00:00","breadcrumb":{"@id":"https:\/\/www.wifo.ac.at\/en\/publication\/109108\/#breadcrumb"},"inLanguage":"en-US","potentialAction":[{"@type":"ReadAction","target":["https:\/\/www.wifo.ac.at\/en\/publication\/109108\/"]}]},{"@type":"BreadcrumbList","@id":"https:\/\/www.wifo.ac.at\/en\/publication\/109108\/#breadcrumb","itemListElement":[{"@type":"ListItem","position":1,"name":"Startseite","item":"https:\/\/www.wifo.ac.at\/en\/"},{"@type":"ListItem","position":2,"name":"Revision Finds Consumption Gives Less Boost to the Economy"}]},{"@type":"WebSite","@id":"https:\/\/www.wifo.ac.at\/en\/#website","url":"https:\/\/www.wifo.ac.at\/en\/","name":"\u00d6sterreichisches Institut f\u00fcr Wirtschaftsforschung","description":"","publisher":{"@id":"https:\/\/www.wifo.ac.at\/en\/#organization"},"alternateName":"WIFO","potentialAction":[{"@type":"SearchAction","target":{"@type":"EntryPoint","urlTemplate":"https:\/\/www.wifo.ac.at\/en\/?s={search_term_string}"},"query-input":{"@type":"PropertyValueSpecification","valueRequired":true,"valueName":"search_term_string"}}],"inLanguage":"en-US"},{"@type":"Organization","@id":"https:\/\/www.wifo.ac.at\/en\/#organization","name":"\u00d6sterreichisches Institut f\u00fcr Wirtschaftsforschung","alternateName":"WIFO","url":"https:\/\/www.wifo.ac.at\/en\/","logo":{"@type":"ImageObject","inLanguage":"en-US","@id":"https:\/\/www.wifo.ac.at\/en\/#\/schema\/logo\/image\/","url":"https:\/\/www.wifo.ac.at\/wp-content\/uploads\/2024\/05\/WIFO_kurz_rechts-2-1920x412.jpg","contentUrl":"https:\/\/www.wifo.ac.at\/wp-content\/uploads\/2024\/05\/WIFO_kurz_rechts-2-1920x412.jpg","width":2000,"height":429,"caption":"\u00d6sterreichisches Institut f\u00fcr Wirtschaftsforschung"},"image":{"@id":"https:\/\/www.wifo.ac.at\/en\/#\/schema\/logo\/image\/"},"sameAs":["https:\/\/www.facebook.com\/WIFOat\/","https:\/\/x.com\/WIFOat","https:\/\/linkedin.com\/company\/wifoat\/","https:\/\/www.youtube.com\/@WIFO_at"],"description":"Das WIFO, 1927 von Friedrich August von Hayek und Ludwig von Mises zur Konjunkturanalyse gegr\u00fcndet, ist heute das f\u00fchrende Institut f\u00fcr angewandte empirische Wirtschaftsforschung in \u00d6sterreich mit starkem Engagement auf europ\u00e4ischer Ebene.","email":"office@wifo.ac.at","telephone":"+43 1 798 26 01 \u2013 0","legalName":"\u00d6sterreichisches Institut f\u00fcr Wirtschaftsforschung","foundingDate":"1927-01-02","numberOfEmployees":{"@type":"QuantitativeValue","minValue":"51","maxValue":"200"},"publishingPrinciples":"https:\/\/www.wifo.ac.at\/institut\/mission-und-strategie\/","ownershipFundingInfo":"https:\/\/www.wifo.ac.at\/institut\/organisation\/","actionableFeedbackPolicy":"https:\/\/www.wifo.ac.at\/aktuelles\/presse\/","correctionsPolicy":"https:\/\/www.wifo.ac.at\/institut\/kontakt\/","ethicsPolicy":"https:\/\/www.wifo.ac.at\/institut\/evidenzbasierung-transparenz-und-unabhaengigkeit\/","diversityPolicy":"https:\/\/www.wifo.ac.at\/institut\/gleichstellung\/","diversityStaffingReport":"https:\/\/www.wifo.ac.at\/institut\/gleichstellung\/"}]}},"_links":{"self":[{"href":"https:\/\/www.wifo.ac.at\/en\/wp-json\/wp\/v2\/publication\/109108","targetHints":{"allow":["GET"]}}],"collection":[{"href":"https:\/\/www.wifo.ac.at\/en\/wp-json\/wp\/v2\/publication"}],"about":[{"href":"https:\/\/www.wifo.ac.at\/en\/wp-json\/wp\/v2\/types\/publication"}],"version-history":[{"count":2,"href":"https:\/\/www.wifo.ac.at\/en\/wp-json\/wp\/v2\/publication\/109108\/revisions"}],"predecessor-version":[{"id":320394,"href":"https:\/\/www.wifo.ac.at\/en\/wp-json\/wp\/v2\/publication\/109108\/revisions\/320394"}],"acf:post":[{"embeddable":true,"href":"https:\/\/www.wifo.ac.at\/en\/wp-json\/wp\/v2\/person\/3995"},{"embeddable":true,"href":"https:\/\/www.wifo.ac.at\/en\/wp-json\/wp\/v2\/research_group\/3500"},{"embeddable":true,"href":"https:\/\/www.wifo.ac.at\/en\/wp-json\/wp\/v2\/publication_type\/44312"}],"wp:attachment":[{"href":"https:\/\/www.wifo.ac.at\/en\/wp-json\/wp\/v2\/media?parent=109108"}],"curies":[{"name":"wp","href":"https:\/\/api.w.org\/{rel}","templated":true}]}}