{"id":108350,"date":"2024-01-22T15:31:17","date_gmt":"2024-01-22T14:31:17","guid":{"rendered":"https:\/\/www.wifo.ac.at\/publication\/108350\/"},"modified":"2025-07-08T17:35:22","modified_gmt":"2025-07-08T15:35:22","slug":"chancen-fuer-die-oesterreichische-exportwirtschaft-durch-klimaschutzprojekte-3","status":"publish","type":"publication","link":"https:\/\/www.wifo.ac.at\/en\/publication\/108350\/","title":{"rendered":"Opportunities for Austrian Exporters in Climate Protection Projects"},"content":{"rendered":"","protected":false},"featured_media":0,"template":"","class_list":["post-108350","publication","type-publication","status-publish","hentry"],"acf":{"subtitle":"","text":"Participation in climate protection projects within the scope of Joint Implementation (JI) and selection of suitable host countries depend on a number of factors that affect the extent and direction of investments. In their decision-making processes, investors will consider not just the cost of reduction measures but also the general investment climate in a given country and that country's capacity to handle such projects.","onlinedate":"2004-06-17 02:00:00","lang":"German","publication_series":"","publication_date":"20040601","publication_date_year":"","publication_date_full":false,"publication_num_pages":"","keywords":"[\"Klimapolitik; Kyoto-Mechanismen; Joint Implementation\"]","jelcodes":"[]","related_publications":"[]","pdf":428087,"zip":null,"link":"","monthly_report":true,"monthly_report_main":false,"monthly_report_volume":"77","monthly_report_pages":"501-511","monthly_report_pages_sort":"501","issue":"6","journal":"WIFO-Monatsberichte","publisher":"","invisible":false,"external":false,"embargo_date":null,"types":[44312],"research_groups":[3655],"collaboration":"","persons":[3659,3671],"persons_data":"[{\"personId\":3659,\"personName\":\"Daniela Kletzan\",\"organisationNames\":[]},{\"personId\":3671,\"personName\":\"Angela K\u00f6ppl\",\"organisationNames\":[]}]","clients":[],"subclients":[],"partners":[],"topics":[],"host_publication_title":"","host_publication_subtitle":"","place_of_publication":"","host_publication_editors":"[]","type_description":"","output_media":"","chapter":"","article_number":"","citations":"{\"apa\":\"<div class=\\\"rendering rendering_researchoutput  rendering_researchoutput_apa rendering_contributiontoperiodical rendering_apa rendering_contributiontoperiodical_apa\\\"><span>Kletzan, D.<\\\/span><span>, &amp; K\u00f6ppl, A.<\\\/span> (2004). <span>Chancen f\u00fcr die \u00f6sterreichische Exportwirtschaft durch Klimaschutzprojekte<\\\/span>. <span><em>WIFO-Monatsberichte<\\\/em><\\\/span>, <em>77<\\\/em>(6), 501-511. <a onclick=\\\"window.open(this.href, '_blank','noopener,noreferrer'); return false;\\\" href=\\\"https:\\\/\\\/www.wifo.ac.at\\\/wwa\\\/pubid\\\/25118\\\" class=\\\"link\\\"><span>https:\\\/\\\/www.wifo.ac.at\\\/wwa\\\/pubid\\\/25118<\\\/span><\\\/a><\\\/div>\",\"vancouver\":\"<div class=\\\"rendering rendering_researchoutput  rendering_researchoutput_vancouver rendering_contributiontoperiodical rendering_vancouver rendering_contributiontoperiodical_vancouver\\\"><span>Kletzan D<\\\/span><span>, K\u00f6ppl A<\\\/span>. <span class=\\\"title\\\"><span>Chancen f\u00fcr die \u00f6sterreichische Exportwirtschaft durch Klimaschutzprojekte<\\\/span><\\\/span>. <span>WIFO-Monatsberichte<\\\/span>. 2004 Jun;77(6):501-511.<\\\/div>\",\"bibtex\":\"<div class=\\\"rendering rendering_researchoutput  rendering_researchoutput_bibtex rendering_contributiontoperiodical rendering_bibtex rendering_contributiontoperiodical_bibtex\\\"><div>@misc{ece6f4a018bd424795d21a2104e1a438,<\\\/div><div>  title    = \\\"Chancen f{\\\\\\\"u}r die {\\\\\\\"o}sterreichische Exportwirtschaft durch Klimaschutzprojekte\\\",<\\\/div><div>  abstract = \\\"Einer der im Kyoto-Protokoll festgelegten flexiblen Mechanismen zur Verringerung der Treibhausgasemissionen sind {\\\"}Joint-Implementation-Projekte{\\\"}. Die im Rahmen dieser Projekte realisierte Emissionsreduktion wird den beteiligten L{\\\\\\\"a}ndern gutgeschrieben. JI-Projekte werden als ein bedeutendes Instrument zur Erreichung der {\\\\\\\"o}sterreichischen Kyoto-Ziele angesehen. Das Potential f{\\\\\\\"u}r solche Projekte h{\\\\\\\"a}ngt neben der Angebotsstruktur heimischer Umwelttechnik von einer Reihe hemmender und f{\\\\\\\"o}rderlicher Charakteristika der potentiellen Gastl{\\\\\\\"a}nder ab. Dazu z{\\\\\\\"a}hlen das Potential f{\\\\\\\"u}r kosteng{\\\\\\\"u}nstige Ma{\\\\ss}nahmen zur Emissionsreduktion, wirtschaftliche Rahmenbedingungen und das Investitionsklima ebenso wie institutionelle Faktoren.\\\",<\\\/div><div>  keywords = \\\"Klimapolitik; Kyoto-Mechanismen; Joint Implementation, Klimapolitik; Kyoto-Mechanismen; Joint Implementation\\\",<\\\/div><div>  author   = \\\"Daniela Kletzan and Angela K{\\\\\\\"o}ppl\\\",<\\\/div><div>  note     = \\\"Klimaschutzprojekte\\\",<\\\/div><div>  year     = \\\"2004\\\",<\\\/div><div>  month    = jun,<\\\/div><div>  language = \\\"Deutsch\\\",<\\\/div><div>  volume   = \\\"77\\\",<\\\/div><div>  pages    = \\\"501--511\\\",<\\\/div><div>  journal  = \\\"WIFO-Monatsberichte\\\",<\\\/div><p>}<\\\/p><\\\/div>\",\"ris\":\"<div class=\\\"rendering rendering_researchoutput  rendering_researchoutput_ris rendering_contributiontoperiodical rendering_ris rendering_contributiontoperiodical_ris\\\"><p>TY  - GEN<\\\/p><p>T1  - Chancen f\u00fcr die \u00f6sterreichische Exportwirtschaft durch Klimaschutzprojekte<\\\/p><p>AU  - Kletzan, Daniela<\\\/p><p>AU  - K\u00f6ppl, Angela<\\\/p><p>N1  - Klimaschutzprojekte<\\\/p><p>PY  - 2004\\\/6<\\\/p><p>Y1  - 2004\\\/6<\\\/p><p>N2  - Einer der im Kyoto-Protokoll festgelegten flexiblen Mechanismen zur Verringerung der Treibhausgasemissionen sind \\\"Joint-Implementation-Projekte\\\". Die im Rahmen dieser Projekte realisierte Emissionsreduktion wird den beteiligten L\u00e4ndern gutgeschrieben. JI-Projekte werden als ein bedeutendes Instrument zur Erreichung der \u00f6sterreichischen Kyoto-Ziele angesehen. Das Potential f\u00fcr solche Projekte h\u00e4ngt neben der Angebotsstruktur heimischer Umwelttechnik von einer Reihe hemmender und f\u00f6rderlicher Charakteristika der potentiellen Gastl\u00e4nder ab. Dazu z\u00e4hlen das Potential f\u00fcr kosteng\u00fcnstige Ma\u00dfnahmen zur Emissionsreduktion, wirtschaftliche Rahmenbedingungen und das Investitionsklima ebenso wie institutionelle Faktoren.<\\\/p><p>AB  - Einer der im Kyoto-Protokoll festgelegten flexiblen Mechanismen zur Verringerung der Treibhausgasemissionen sind \\\"Joint-Implementation-Projekte\\\". Die im Rahmen dieser Projekte realisierte Emissionsreduktion wird den beteiligten L\u00e4ndern gutgeschrieben. JI-Projekte werden als ein bedeutendes Instrument zur Erreichung der \u00f6sterreichischen Kyoto-Ziele angesehen. Das Potential f\u00fcr solche Projekte h\u00e4ngt neben der Angebotsstruktur heimischer Umwelttechnik von einer Reihe hemmender und f\u00f6rderlicher Charakteristika der potentiellen Gastl\u00e4nder ab. Dazu z\u00e4hlen das Potential f\u00fcr kosteng\u00fcnstige Ma\u00dfnahmen zur Emissionsreduktion, wirtschaftliche Rahmenbedingungen und das Investitionsklima ebenso wie institutionelle Faktoren.<\\\/p><p>KW  - Klimapolitik; Kyoto-Mechanismen; Joint Implementation<\\\/p><p>KW  - Klimapolitik; Kyoto-Mechanismen; Joint Implementation<\\\/p><p>M3  - WIFO-Schriftenreihen<\\\/p><p>VL  - 77<\\\/p><p>SP  - 501<\\\/p><p>EP  - 511<\\\/p><p>JO  - WIFO-Monatsberichte<\\\/p><p>JF  - WIFO-Monatsberichte<\\\/p><p>ER  - <\\\/p><\\\/div>\"}","scientific_assistance":"[]","scientific_review":"[]","version":"","release_date":null,"expiration_date":null,"surveyor":"","research_assistance":"","edv":"","additional_info_de":"","additional_info_en":""},"yoast_head":"<!-- This site is optimized with the Yoast SEO Premium plugin v28.3 (Yoast SEO v28.3) - https:\/\/yoast.com\/product\/yoast-seo-premium-wordpress\/ -->\n<title>Opportunities for Austrian Exporters in Climate Protection Projects - WIFO<\/title>\n<meta name=\"robots\" content=\"index, follow, max-snippet:-1, max-image-preview:large, max-video-preview:-1\" \/>\n<link rel=\"canonical\" href=\"https:\/\/www.wifo.ac.at\/en\/publication\/108350\/\" \/>\n<meta property=\"og:locale\" content=\"en_US\" \/>\n<meta property=\"og:type\" content=\"article\" \/>\n<meta property=\"og:title\" content=\"Opportunities for Austrian Exporters in Climate Protection Projects\" \/>\n<meta property=\"og:url\" content=\"https:\/\/www.wifo.ac.at\/en\/publication\/108350\/\" \/>\n<meta property=\"og:site_name\" content=\"WIFO\" \/>\n<meta property=\"article:publisher\" content=\"https:\/\/www.facebook.com\/WIFOat\/\" \/>\n<meta property=\"article:modified_time\" content=\"2025-07-08T15:35:22+00:00\" \/>\n<meta property=\"og:image\" content=\"https:\/\/www.wifo.ac.at\/wp-content\/uploads\/2024\/05\/WIFO-Gebaeude-FotoAlexanderMueller-www.alexandermueller.at-IMG_6326-Bearbeitet-1.jpg\" \/>\n\t<meta property=\"og:image:width\" content=\"1920\" \/>\n\t<meta property=\"og:image:height\" content=\"1280\" \/>\n\t<meta property=\"og:image:type\" content=\"image\/jpeg\" \/>\n<meta name=\"twitter:card\" content=\"summary_large_image\" \/>\n<meta name=\"twitter:site\" content=\"@WIFOat\" \/>\n<script type=\"application\/ld+json\" class=\"yoast-schema-graph\">{\"@context\":\"https:\\\/\\\/schema.org\",\"@graph\":[{\"@type\":\"WebPage\",\"@id\":\"https:\\\/\\\/www.wifo.ac.at\\\/en\\\/publication\\\/108350\\\/\",\"url\":\"https:\\\/\\\/www.wifo.ac.at\\\/en\\\/publication\\\/108350\\\/\",\"name\":\"Opportunities for Austrian Exporters in Climate Protection Projects - WIFO\",\"isPartOf\":{\"@id\":\"https:\\\/\\\/www.wifo.ac.at\\\/en\\\/#website\"},\"datePublished\":\"2024-01-22T14:31:17+00:00\",\"dateModified\":\"2025-07-08T15:35:22+00:00\",\"breadcrumb\":{\"@id\":\"https:\\\/\\\/www.wifo.ac.at\\\/en\\\/publication\\\/108350\\\/#breadcrumb\"},\"inLanguage\":\"en-US\",\"potentialAction\":[{\"@type\":\"ReadAction\",\"target\":[\"https:\\\/\\\/www.wifo.ac.at\\\/en\\\/publication\\\/108350\\\/\"]}]},{\"@type\":\"BreadcrumbList\",\"@id\":\"https:\\\/\\\/www.wifo.ac.at\\\/en\\\/publication\\\/108350\\\/#breadcrumb\",\"itemListElement\":[{\"@type\":\"ListItem\",\"position\":1,\"name\":\"Startseite\",\"item\":\"https:\\\/\\\/www.wifo.ac.at\\\/en\\\/\"},{\"@type\":\"ListItem\",\"position\":2,\"name\":\"Opportunities for Austrian Exporters in Climate Protection Projects\"}]},{\"@type\":\"WebSite\",\"@id\":\"https:\\\/\\\/www.wifo.ac.at\\\/en\\\/#website\",\"url\":\"https:\\\/\\\/www.wifo.ac.at\\\/en\\\/\",\"name\":\"\u00d6sterreichisches Institut f\u00fcr Wirtschaftsforschung\",\"description\":\"\",\"publisher\":{\"@id\":\"https:\\\/\\\/www.wifo.ac.at\\\/en\\\/#organization\"},\"alternateName\":\"WIFO\",\"potentialAction\":[{\"@type\":\"SearchAction\",\"target\":{\"@type\":\"EntryPoint\",\"urlTemplate\":\"https:\\\/\\\/www.wifo.ac.at\\\/en\\\/?s={search_term_string}\"},\"query-input\":{\"@type\":\"PropertyValueSpecification\",\"valueRequired\":true,\"valueName\":\"search_term_string\"}}],\"inLanguage\":\"en-US\"},{\"@type\":\"Organization\",\"@id\":\"https:\\\/\\\/www.wifo.ac.at\\\/en\\\/#organization\",\"name\":\"\u00d6sterreichisches Institut f\u00fcr Wirtschaftsforschung\",\"alternateName\":\"WIFO\",\"url\":\"https:\\\/\\\/www.wifo.ac.at\\\/en\\\/\",\"logo\":{\"@type\":\"ImageObject\",\"inLanguage\":\"en-US\",\"@id\":\"https:\\\/\\\/www.wifo.ac.at\\\/en\\\/#\\\/schema\\\/logo\\\/image\\\/\",\"url\":\"https:\\\/\\\/www.wifo.ac.at\\\/wp-content\\\/uploads\\\/2024\\\/05\\\/WIFO_kurz_rechts-2-1920x412.jpg\",\"contentUrl\":\"https:\\\/\\\/www.wifo.ac.at\\\/wp-content\\\/uploads\\\/2024\\\/05\\\/WIFO_kurz_rechts-2-1920x412.jpg\",\"width\":2000,\"height\":429,\"caption\":\"\u00d6sterreichisches Institut f\u00fcr Wirtschaftsforschung\"},\"image\":{\"@id\":\"https:\\\/\\\/www.wifo.ac.at\\\/en\\\/#\\\/schema\\\/logo\\\/image\\\/\"},\"sameAs\":[\"https:\\\/\\\/www.facebook.com\\\/WIFOat\\\/\",\"https:\\\/\\\/x.com\\\/WIFOat\",\"https:\\\/\\\/linkedin.com\\\/company\\\/wifoat\\\/\",\"https:\\\/\\\/www.youtube.com\\\/@WIFO_at\"],\"description\":\"Das WIFO, 1927 von Friedrich August von Hayek und Ludwig von Mises zur Konjunkturanalyse gegr\u00fcndet, ist heute das f\u00fchrende Institut f\u00fcr angewandte empirische Wirtschaftsforschung in \u00d6sterreich mit starkem Engagement auf europ\u00e4ischer Ebene.\",\"email\":\"office@wifo.ac.at\",\"telephone\":\"+43 1 798 26 01 \u2013 0\",\"legalName\":\"\u00d6sterreichisches Institut f\u00fcr Wirtschaftsforschung\",\"foundingDate\":\"1927-01-02\",\"numberOfEmployees\":{\"@type\":\"QuantitativeValue\",\"minValue\":\"51\",\"maxValue\":\"200\"},\"publishingPrinciples\":\"https:\\\/\\\/www.wifo.ac.at\\\/institut\\\/mission-und-strategie\\\/\",\"ownershipFundingInfo\":\"https:\\\/\\\/www.wifo.ac.at\\\/institut\\\/organisation\\\/\",\"actionableFeedbackPolicy\":\"https:\\\/\\\/www.wifo.ac.at\\\/aktuelles\\\/presse\\\/\",\"correctionsPolicy\":\"https:\\\/\\\/www.wifo.ac.at\\\/institut\\\/kontakt\\\/\",\"ethicsPolicy\":\"https:\\\/\\\/www.wifo.ac.at\\\/institut\\\/evidenzbasierung-transparenz-und-unabhaengigkeit\\\/\",\"diversityPolicy\":\"https:\\\/\\\/www.wifo.ac.at\\\/institut\\\/gleichstellung\\\/\",\"diversityStaffingReport\":\"https:\\\/\\\/www.wifo.ac.at\\\/institut\\\/gleichstellung\\\/\"}]}<\/script>\n<!-- \/ Yoast SEO Premium plugin. -->","yoast_head_json":{"title":"Opportunities for Austrian Exporters in Climate Protection Projects - WIFO","robots":{"index":"index","follow":"follow","max-snippet":"max-snippet:-1","max-image-preview":"max-image-preview:large","max-video-preview":"max-video-preview:-1"},"canonical":"https:\/\/www.wifo.ac.at\/en\/publication\/108350\/","og_locale":"en_US","og_type":"article","og_title":"Opportunities for Austrian Exporters in Climate Protection Projects","og_url":"https:\/\/www.wifo.ac.at\/en\/publication\/108350\/","og_site_name":"WIFO","article_publisher":"https:\/\/www.facebook.com\/WIFOat\/","article_modified_time":"2025-07-08T15:35:22+00:00","og_image":[{"width":1920,"height":1280,"url":"https:\/\/www.wifo.ac.at\/wp-content\/uploads\/2024\/05\/WIFO-Gebaeude-FotoAlexanderMueller-www.alexandermueller.at-IMG_6326-Bearbeitet-1.jpg","type":"image\/jpeg"}],"twitter_card":"summary_large_image","twitter_site":"@WIFOat","schema":{"@context":"https:\/\/schema.org","@graph":[{"@type":"WebPage","@id":"https:\/\/www.wifo.ac.at\/en\/publication\/108350\/","url":"https:\/\/www.wifo.ac.at\/en\/publication\/108350\/","name":"Opportunities for Austrian Exporters in Climate Protection Projects - WIFO","isPartOf":{"@id":"https:\/\/www.wifo.ac.at\/en\/#website"},"datePublished":"2024-01-22T14:31:17+00:00","dateModified":"2025-07-08T15:35:22+00:00","breadcrumb":{"@id":"https:\/\/www.wifo.ac.at\/en\/publication\/108350\/#breadcrumb"},"inLanguage":"en-US","potentialAction":[{"@type":"ReadAction","target":["https:\/\/www.wifo.ac.at\/en\/publication\/108350\/"]}]},{"@type":"BreadcrumbList","@id":"https:\/\/www.wifo.ac.at\/en\/publication\/108350\/#breadcrumb","itemListElement":[{"@type":"ListItem","position":1,"name":"Startseite","item":"https:\/\/www.wifo.ac.at\/en\/"},{"@type":"ListItem","position":2,"name":"Opportunities for Austrian Exporters in Climate Protection Projects"}]},{"@type":"WebSite","@id":"https:\/\/www.wifo.ac.at\/en\/#website","url":"https:\/\/www.wifo.ac.at\/en\/","name":"\u00d6sterreichisches Institut f\u00fcr Wirtschaftsforschung","description":"","publisher":{"@id":"https:\/\/www.wifo.ac.at\/en\/#organization"},"alternateName":"WIFO","potentialAction":[{"@type":"SearchAction","target":{"@type":"EntryPoint","urlTemplate":"https:\/\/www.wifo.ac.at\/en\/?s={search_term_string}"},"query-input":{"@type":"PropertyValueSpecification","valueRequired":true,"valueName":"search_term_string"}}],"inLanguage":"en-US"},{"@type":"Organization","@id":"https:\/\/www.wifo.ac.at\/en\/#organization","name":"\u00d6sterreichisches Institut f\u00fcr Wirtschaftsforschung","alternateName":"WIFO","url":"https:\/\/www.wifo.ac.at\/en\/","logo":{"@type":"ImageObject","inLanguage":"en-US","@id":"https:\/\/www.wifo.ac.at\/en\/#\/schema\/logo\/image\/","url":"https:\/\/www.wifo.ac.at\/wp-content\/uploads\/2024\/05\/WIFO_kurz_rechts-2-1920x412.jpg","contentUrl":"https:\/\/www.wifo.ac.at\/wp-content\/uploads\/2024\/05\/WIFO_kurz_rechts-2-1920x412.jpg","width":2000,"height":429,"caption":"\u00d6sterreichisches Institut f\u00fcr Wirtschaftsforschung"},"image":{"@id":"https:\/\/www.wifo.ac.at\/en\/#\/schema\/logo\/image\/"},"sameAs":["https:\/\/www.facebook.com\/WIFOat\/","https:\/\/x.com\/WIFOat","https:\/\/linkedin.com\/company\/wifoat\/","https:\/\/www.youtube.com\/@WIFO_at"],"description":"Das WIFO, 1927 von Friedrich August von Hayek und Ludwig von Mises zur Konjunkturanalyse gegr\u00fcndet, ist heute das f\u00fchrende Institut f\u00fcr angewandte empirische Wirtschaftsforschung in \u00d6sterreich mit starkem Engagement auf europ\u00e4ischer Ebene.","email":"office@wifo.ac.at","telephone":"+43 1 798 26 01 \u2013 0","legalName":"\u00d6sterreichisches Institut f\u00fcr Wirtschaftsforschung","foundingDate":"1927-01-02","numberOfEmployees":{"@type":"QuantitativeValue","minValue":"51","maxValue":"200"},"publishingPrinciples":"https:\/\/www.wifo.ac.at\/institut\/mission-und-strategie\/","ownershipFundingInfo":"https:\/\/www.wifo.ac.at\/institut\/organisation\/","actionableFeedbackPolicy":"https:\/\/www.wifo.ac.at\/aktuelles\/presse\/","correctionsPolicy":"https:\/\/www.wifo.ac.at\/institut\/kontakt\/","ethicsPolicy":"https:\/\/www.wifo.ac.at\/institut\/evidenzbasierung-transparenz-und-unabhaengigkeit\/","diversityPolicy":"https:\/\/www.wifo.ac.at\/institut\/gleichstellung\/","diversityStaffingReport":"https:\/\/www.wifo.ac.at\/institut\/gleichstellung\/"}]}},"_links":{"self":[{"href":"https:\/\/www.wifo.ac.at\/en\/wp-json\/wp\/v2\/publication\/108350","targetHints":{"allow":["GET"]}}],"collection":[{"href":"https:\/\/www.wifo.ac.at\/en\/wp-json\/wp\/v2\/publication"}],"about":[{"href":"https:\/\/www.wifo.ac.at\/en\/wp-json\/wp\/v2\/types\/publication"}],"version-history":[{"count":2,"href":"https:\/\/www.wifo.ac.at\/en\/wp-json\/wp\/v2\/publication\/108350\/revisions"}],"predecessor-version":[{"id":318716,"href":"https:\/\/www.wifo.ac.at\/en\/wp-json\/wp\/v2\/publication\/108350\/revisions\/318716"}],"acf:post":[{"embeddable":true,"href":"https:\/\/www.wifo.ac.at\/en\/wp-json\/wp\/v2\/person\/3671"},{"embeddable":true,"href":"https:\/\/www.wifo.ac.at\/en\/wp-json\/wp\/v2\/person\/3659"},{"embeddable":true,"href":"https:\/\/www.wifo.ac.at\/en\/wp-json\/wp\/v2\/research_group\/3655"},{"embeddable":true,"href":"https:\/\/www.wifo.ac.at\/en\/wp-json\/wp\/v2\/publication_type\/44312"}],"wp:attachment":[{"href":"https:\/\/www.wifo.ac.at\/en\/wp-json\/wp\/v2\/media?parent=108350"}],"curies":[{"name":"wp","href":"https:\/\/api.w.org\/{rel}","templated":true}]}}