{"id":108262,"date":"2024-01-22T15:29:37","date_gmt":"2024-01-22T14:29:37","guid":{"rendered":"https:\/\/www.wifo.ac.at\/publication\/108262\/"},"modified":"2024-11-07T03:26:08","modified_gmt":"2024-11-07T02:26:08","slug":"editorial-zur-erweiterung-der-eu-2","status":"publish","type":"publication","link":"https:\/\/www.wifo.ac.at\/en\/publication\/108262\/","title":{"rendered":"Editorial: Zur Erweiterung der EU"},"content":{"rendered":"","protected":false},"featured_media":0,"template":"","class_list":["post-108262","publication","type-publication","status-publish","hentry"],"acf":{"subtitle":"","text":"Am 1. Mai 2004 wird die Europ\u00e4ische Union um zehn Mitgliedsl\u00e4nder erweitert. W\u00e4re das Wort nicht so abgegriffen, w\u00fcrde man nicht z\u00f6gern, dieses Datum als historisch bezeichnen. Die Erweiterung 2004 schafft einen politischen und wirtschaftlichen Raum, den es in diesem Umfang in der Geschichte nicht gegeben hat. Die Bev\u00f6lkerungszahl der EU w\u00e4chst um 75 auf fast 460 Mio. Die ziemlich hermetische Trennung Europas in West und Ost, die im Gefolge des Zweiten Weltkriegs eintrat, wird \u00fcberwunden. F\u00fcr \u00d6sterreich bedeutet die Erweiterung in wirtschaftlicher Hinsicht die weitgehende Wiederherstellung von Binnenmarktverh\u00e4ltnissen, die bis 1918 gegeben waren. Dies ist eine einzigartige Chance f\u00fcr die \u00f6sterreichische Volkswirtschaft.","onlinedate":"2004-04-19 02:00:00","lang":"German","publication_series":"","publication_date":"20040401","publication_date_year":"","publication_date_full":false,"publication_num_pages":"","keywords":"[\"Erweiterung EU Europ\u00e4ische Union\"]","jelcodes":"[]","related_publications":"[]","pdf":318514,"zip":null,"link":"","monthly_report":true,"monthly_report_main":false,"monthly_report_volume":"77","monthly_report_pages":"227-229","monthly_report_pages_sort":"227","issue":"4","journal":"WIFO-Monatsberichte","publisher":"","invisible":false,"external":false,"embargo_date":null,"types":[44312],"research_groups":[3500],"collaboration":"","persons":[3945],"persons_data":"[{\"personId\":3945,\"personName\":\"Helmut Kramer\",\"organisationNames\":[]}]","clients":[],"subclients":[],"partners":[],"topics":[],"host_publication_title":"","host_publication_subtitle":"","place_of_publication":"","host_publication_editors":"[]","type_description":"","output_media":"","chapter":"","article_number":"","citations":"{\"apa\":\"<div class=\\\"rendering rendering_researchoutput  rendering_researchoutput_apa rendering_contributiontoperiodical rendering_apa rendering_contributiontoperiodical_apa\\\"><span>Kramer, H.<\\\/span> (2004). <span>Editorial: Zur Erweiterung der EU<\\\/span>. <span><em>WIFO-Monatsberichte<\\\/em><\\\/span>, <em>77<\\\/em>(4), 227-229. <a onclick=\\\"window.open(this.href, '_blank','noopener,noreferrer'); return false;\\\" href=\\\"https:\\\/\\\/www.wifo.ac.at\\\/wwa\\\/pubid\\\/24979\\\" class=\\\"link\\\"><span>https:\\\/\\\/www.wifo.ac.at\\\/wwa\\\/pubid\\\/24979<\\\/span><\\\/a><\\\/div>\",\"vancouver\":\"<div class=\\\"rendering rendering_researchoutput  rendering_researchoutput_vancouver rendering_contributiontoperiodical rendering_vancouver rendering_contributiontoperiodical_vancouver\\\"><span>Kramer H<\\\/span>. <span class=\\\"title\\\"><span>Editorial: Zur Erweiterung der EU<\\\/span><\\\/span>. <span>WIFO-Monatsberichte<\\\/span>. 2004 Apr;77(4):227-229.<\\\/div>\",\"bibtex\":\"<div class=\\\"rendering rendering_researchoutput  rendering_researchoutput_bibtex rendering_contributiontoperiodical rendering_bibtex rendering_contributiontoperiodical_bibtex\\\"><div>@misc{3913bcafb86f461fb88102df9799244a,<\\\/div><div>  title    = \\\"Editorial: Zur Erweiterung der EU\\\",<\\\/div><div>  abstract = \\\"Am 1. Mai 2004 wird die Europ{\\\\\\\"a}ische Union um zehn Mitgliedsl{\\\\\\\"a}nder erweitert. W{\\\\\\\"a}re das Wort nicht so abgegriffen, w{\\\\\\\"u}rde man nicht z{\\\\\\\"o}gern, dieses Datum als historisch bezeichnen. Die Erweiterung 2004 schafft einen politischen und wirtschaftlichen Raum, den es in diesem Umfang in der Geschichte nicht gegeben hat. Die Bev{\\\\\\\"o}lkerungszahl der EU w{\\\\\\\"a}chst um 75 auf fast 460 Mio. Die ziemlich hermetische Trennung Europas in West und Ost, die im Gefolge des Zweiten Weltkriegs eintrat, wird {\\\\\\\"u}berwunden. F{\\\\\\\"u}r {\\\\\\\"O}sterreich bedeutet die Erweiterung in wirtschaftlicher Hinsicht die weitgehende Wiederherstellung von Binnenmarktverh{\\\\\\\"a}ltnissen, die bis 1918 gegeben waren. Dies ist eine einzigartige Chance f{\\\\\\\"u}r die {\\\\\\\"o}sterreichische Volkswirtschaft.\\\",<\\\/div><div>  keywords = \\\"Erweiterung EU Europ{\\\\\\\"a}ische Union, Erweiterung EU Europ{\\\\\\\"a}ische Union\\\",<\\\/div><div>  author   = \\\"Helmut Kramer\\\",<\\\/div><div>  note     = \\\"Editorial\\\",<\\\/div><div>  year     = \\\"2004\\\",<\\\/div><div>  month    = apr,<\\\/div><div>  language = \\\"Deutsch\\\",<\\\/div><div>  volume   = \\\"77\\\",<\\\/div><div>  pages    = \\\"227--229\\\",<\\\/div><div>  journal  = \\\"WIFO-Monatsberichte\\\",<\\\/div><p>}<\\\/p><\\\/div>\",\"ris\":\"<div class=\\\"rendering rendering_researchoutput  rendering_researchoutput_ris rendering_contributiontoperiodical rendering_ris rendering_contributiontoperiodical_ris\\\"><p>TY  - GEN<\\\/p><p>T1  - Editorial: Zur Erweiterung der EU<\\\/p><p>AU  - Kramer, Helmut<\\\/p><p>N1  - Editorial<\\\/p><p>PY  - 2004\\\/4<\\\/p><p>Y1  - 2004\\\/4<\\\/p><p>N2  - Am 1. Mai 2004 wird die Europ\u00e4ische Union um zehn Mitgliedsl\u00e4nder erweitert. W\u00e4re das Wort nicht so abgegriffen, w\u00fcrde man nicht z\u00f6gern, dieses Datum als historisch bezeichnen. Die Erweiterung 2004 schafft einen politischen und wirtschaftlichen Raum, den es in diesem Umfang in der Geschichte nicht gegeben hat. Die Bev\u00f6lkerungszahl der EU w\u00e4chst um 75 auf fast 460 Mio. Die ziemlich hermetische Trennung Europas in West und Ost, die im Gefolge des Zweiten Weltkriegs eintrat, wird \u00fcberwunden. F\u00fcr \u00d6sterreich bedeutet die Erweiterung in wirtschaftlicher Hinsicht die weitgehende Wiederherstellung von Binnenmarktverh\u00e4ltnissen, die bis 1918 gegeben waren. Dies ist eine einzigartige Chance f\u00fcr die \u00f6sterreichische Volkswirtschaft.<\\\/p><p>AB  - Am 1. Mai 2004 wird die Europ\u00e4ische Union um zehn Mitgliedsl\u00e4nder erweitert. W\u00e4re das Wort nicht so abgegriffen, w\u00fcrde man nicht z\u00f6gern, dieses Datum als historisch bezeichnen. Die Erweiterung 2004 schafft einen politischen und wirtschaftlichen Raum, den es in diesem Umfang in der Geschichte nicht gegeben hat. Die Bev\u00f6lkerungszahl der EU w\u00e4chst um 75 auf fast 460 Mio. Die ziemlich hermetische Trennung Europas in West und Ost, die im Gefolge des Zweiten Weltkriegs eintrat, wird \u00fcberwunden. F\u00fcr \u00d6sterreich bedeutet die Erweiterung in wirtschaftlicher Hinsicht die weitgehende Wiederherstellung von Binnenmarktverh\u00e4ltnissen, die bis 1918 gegeben waren. Dies ist eine einzigartige Chance f\u00fcr die \u00f6sterreichische Volkswirtschaft.<\\\/p><p>KW  - Erweiterung EU Europ\u00e4ische Union<\\\/p><p>KW  - Erweiterung EU Europ\u00e4ische Union<\\\/p><p>M3  - WIFO-Schriftenreihen<\\\/p><p>VL  - 77<\\\/p><p>SP  - 227<\\\/p><p>EP  - 229<\\\/p><p>JO  - WIFO-Monatsberichte<\\\/p><p>JF  - WIFO-Monatsberichte<\\\/p><p>ER  - <\\\/p><\\\/div>\"}","scientific_assistance":"[]","scientific_review":"[]","version":"","release_date":null,"expiration_date":null,"surveyor":"","research_assistance":"","edv":"","additional_info_de":"","additional_info_en":""},"yoast_head":"<!-- This site is optimized with the Yoast SEO Premium plugin v28.3 (Yoast SEO v28.3) - https:\/\/yoast.com\/product\/yoast-seo-premium-wordpress\/ -->\n<title>Editorial: Zur Erweiterung der EU - WIFO<\/title>\n<meta name=\"robots\" content=\"index, follow, max-snippet:-1, max-image-preview:large, max-video-preview:-1\" \/>\n<link rel=\"canonical\" href=\"https:\/\/www.wifo.ac.at\/en\/publication\/108262\/\" \/>\n<meta property=\"og:locale\" content=\"en_US\" \/>\n<meta property=\"og:type\" content=\"article\" \/>\n<meta property=\"og:title\" content=\"Editorial: Zur Erweiterung der EU\" \/>\n<meta property=\"og:url\" content=\"https:\/\/www.wifo.ac.at\/en\/publication\/108262\/\" \/>\n<meta property=\"og:site_name\" content=\"WIFO\" \/>\n<meta property=\"article:publisher\" content=\"https:\/\/www.facebook.com\/WIFOat\/\" \/>\n<meta property=\"article:modified_time\" content=\"2024-11-07T02:26:08+00:00\" \/>\n<meta property=\"og:image\" content=\"https:\/\/www.wifo.ac.at\/wp-content\/uploads\/2024\/05\/WIFO-Gebaeude-FotoAlexanderMueller-www.alexandermueller.at-IMG_6326-Bearbeitet-1.jpg\" \/>\n\t<meta property=\"og:image:width\" content=\"1920\" \/>\n\t<meta property=\"og:image:height\" content=\"1280\" \/>\n\t<meta property=\"og:image:type\" content=\"image\/jpeg\" \/>\n<meta name=\"twitter:card\" content=\"summary_large_image\" \/>\n<meta name=\"twitter:site\" content=\"@WIFOat\" \/>\n<script type=\"application\/ld+json\" class=\"yoast-schema-graph\">{\"@context\":\"https:\\\/\\\/schema.org\",\"@graph\":[{\"@type\":\"WebPage\",\"@id\":\"https:\\\/\\\/www.wifo.ac.at\\\/en\\\/publication\\\/108262\\\/\",\"url\":\"https:\\\/\\\/www.wifo.ac.at\\\/en\\\/publication\\\/108262\\\/\",\"name\":\"Editorial: Zur Erweiterung der EU - WIFO\",\"isPartOf\":{\"@id\":\"https:\\\/\\\/www.wifo.ac.at\\\/en\\\/#website\"},\"datePublished\":\"2024-01-22T14:29:37+00:00\",\"dateModified\":\"2024-11-07T02:26:08+00:00\",\"breadcrumb\":{\"@id\":\"https:\\\/\\\/www.wifo.ac.at\\\/en\\\/publication\\\/108262\\\/#breadcrumb\"},\"inLanguage\":\"en-US\",\"potentialAction\":[{\"@type\":\"ReadAction\",\"target\":[\"https:\\\/\\\/www.wifo.ac.at\\\/en\\\/publication\\\/108262\\\/\"]}]},{\"@type\":\"BreadcrumbList\",\"@id\":\"https:\\\/\\\/www.wifo.ac.at\\\/en\\\/publication\\\/108262\\\/#breadcrumb\",\"itemListElement\":[{\"@type\":\"ListItem\",\"position\":1,\"name\":\"Startseite\",\"item\":\"https:\\\/\\\/www.wifo.ac.at\\\/en\\\/\"},{\"@type\":\"ListItem\",\"position\":2,\"name\":\"Editorial: Zur Erweiterung der EU\"}]},{\"@type\":\"WebSite\",\"@id\":\"https:\\\/\\\/www.wifo.ac.at\\\/en\\\/#website\",\"url\":\"https:\\\/\\\/www.wifo.ac.at\\\/en\\\/\",\"name\":\"\u00d6sterreichisches Institut f\u00fcr Wirtschaftsforschung\",\"description\":\"\",\"publisher\":{\"@id\":\"https:\\\/\\\/www.wifo.ac.at\\\/en\\\/#organization\"},\"alternateName\":\"WIFO\",\"potentialAction\":[{\"@type\":\"SearchAction\",\"target\":{\"@type\":\"EntryPoint\",\"urlTemplate\":\"https:\\\/\\\/www.wifo.ac.at\\\/en\\\/?s={search_term_string}\"},\"query-input\":{\"@type\":\"PropertyValueSpecification\",\"valueRequired\":true,\"valueName\":\"search_term_string\"}}],\"inLanguage\":\"en-US\"},{\"@type\":\"Organization\",\"@id\":\"https:\\\/\\\/www.wifo.ac.at\\\/en\\\/#organization\",\"name\":\"\u00d6sterreichisches Institut f\u00fcr Wirtschaftsforschung\",\"alternateName\":\"WIFO\",\"url\":\"https:\\\/\\\/www.wifo.ac.at\\\/en\\\/\",\"logo\":{\"@type\":\"ImageObject\",\"inLanguage\":\"en-US\",\"@id\":\"https:\\\/\\\/www.wifo.ac.at\\\/en\\\/#\\\/schema\\\/logo\\\/image\\\/\",\"url\":\"https:\\\/\\\/www.wifo.ac.at\\\/wp-content\\\/uploads\\\/2024\\\/05\\\/WIFO_kurz_rechts-2-1920x412.jpg\",\"contentUrl\":\"https:\\\/\\\/www.wifo.ac.at\\\/wp-content\\\/uploads\\\/2024\\\/05\\\/WIFO_kurz_rechts-2-1920x412.jpg\",\"width\":2000,\"height\":429,\"caption\":\"\u00d6sterreichisches Institut f\u00fcr Wirtschaftsforschung\"},\"image\":{\"@id\":\"https:\\\/\\\/www.wifo.ac.at\\\/en\\\/#\\\/schema\\\/logo\\\/image\\\/\"},\"sameAs\":[\"https:\\\/\\\/www.facebook.com\\\/WIFOat\\\/\",\"https:\\\/\\\/x.com\\\/WIFOat\",\"https:\\\/\\\/linkedin.com\\\/company\\\/wifoat\\\/\",\"https:\\\/\\\/www.youtube.com\\\/@WIFO_at\"],\"description\":\"Das WIFO, 1927 von Friedrich August von Hayek und Ludwig von Mises zur Konjunkturanalyse gegr\u00fcndet, ist heute das f\u00fchrende Institut f\u00fcr angewandte empirische Wirtschaftsforschung in \u00d6sterreich mit starkem Engagement auf europ\u00e4ischer Ebene.\",\"email\":\"office@wifo.ac.at\",\"telephone\":\"+43 1 798 26 01 \u2013 0\",\"legalName\":\"\u00d6sterreichisches Institut f\u00fcr Wirtschaftsforschung\",\"foundingDate\":\"1927-01-02\",\"numberOfEmployees\":{\"@type\":\"QuantitativeValue\",\"minValue\":\"51\",\"maxValue\":\"200\"},\"publishingPrinciples\":\"https:\\\/\\\/www.wifo.ac.at\\\/institut\\\/mission-und-strategie\\\/\",\"ownershipFundingInfo\":\"https:\\\/\\\/www.wifo.ac.at\\\/institut\\\/organisation\\\/\",\"actionableFeedbackPolicy\":\"https:\\\/\\\/www.wifo.ac.at\\\/aktuelles\\\/presse\\\/\",\"correctionsPolicy\":\"https:\\\/\\\/www.wifo.ac.at\\\/institut\\\/kontakt\\\/\",\"ethicsPolicy\":\"https:\\\/\\\/www.wifo.ac.at\\\/institut\\\/evidenzbasierung-transparenz-und-unabhaengigkeit\\\/\",\"diversityPolicy\":\"https:\\\/\\\/www.wifo.ac.at\\\/institut\\\/gleichstellung\\\/\",\"diversityStaffingReport\":\"https:\\\/\\\/www.wifo.ac.at\\\/institut\\\/gleichstellung\\\/\"}]}<\/script>\n<!-- \/ Yoast SEO Premium plugin. -->","yoast_head_json":{"title":"Editorial: Zur Erweiterung der EU - WIFO","robots":{"index":"index","follow":"follow","max-snippet":"max-snippet:-1","max-image-preview":"max-image-preview:large","max-video-preview":"max-video-preview:-1"},"canonical":"https:\/\/www.wifo.ac.at\/en\/publication\/108262\/","og_locale":"en_US","og_type":"article","og_title":"Editorial: Zur Erweiterung der EU","og_url":"https:\/\/www.wifo.ac.at\/en\/publication\/108262\/","og_site_name":"WIFO","article_publisher":"https:\/\/www.facebook.com\/WIFOat\/","article_modified_time":"2024-11-07T02:26:08+00:00","og_image":[{"width":1920,"height":1280,"url":"https:\/\/www.wifo.ac.at\/wp-content\/uploads\/2024\/05\/WIFO-Gebaeude-FotoAlexanderMueller-www.alexandermueller.at-IMG_6326-Bearbeitet-1.jpg","type":"image\/jpeg"}],"twitter_card":"summary_large_image","twitter_site":"@WIFOat","schema":{"@context":"https:\/\/schema.org","@graph":[{"@type":"WebPage","@id":"https:\/\/www.wifo.ac.at\/en\/publication\/108262\/","url":"https:\/\/www.wifo.ac.at\/en\/publication\/108262\/","name":"Editorial: Zur Erweiterung der EU - WIFO","isPartOf":{"@id":"https:\/\/www.wifo.ac.at\/en\/#website"},"datePublished":"2024-01-22T14:29:37+00:00","dateModified":"2024-11-07T02:26:08+00:00","breadcrumb":{"@id":"https:\/\/www.wifo.ac.at\/en\/publication\/108262\/#breadcrumb"},"inLanguage":"en-US","potentialAction":[{"@type":"ReadAction","target":["https:\/\/www.wifo.ac.at\/en\/publication\/108262\/"]}]},{"@type":"BreadcrumbList","@id":"https:\/\/www.wifo.ac.at\/en\/publication\/108262\/#breadcrumb","itemListElement":[{"@type":"ListItem","position":1,"name":"Startseite","item":"https:\/\/www.wifo.ac.at\/en\/"},{"@type":"ListItem","position":2,"name":"Editorial: Zur Erweiterung der EU"}]},{"@type":"WebSite","@id":"https:\/\/www.wifo.ac.at\/en\/#website","url":"https:\/\/www.wifo.ac.at\/en\/","name":"\u00d6sterreichisches Institut f\u00fcr Wirtschaftsforschung","description":"","publisher":{"@id":"https:\/\/www.wifo.ac.at\/en\/#organization"},"alternateName":"WIFO","potentialAction":[{"@type":"SearchAction","target":{"@type":"EntryPoint","urlTemplate":"https:\/\/www.wifo.ac.at\/en\/?s={search_term_string}"},"query-input":{"@type":"PropertyValueSpecification","valueRequired":true,"valueName":"search_term_string"}}],"inLanguage":"en-US"},{"@type":"Organization","@id":"https:\/\/www.wifo.ac.at\/en\/#organization","name":"\u00d6sterreichisches Institut f\u00fcr Wirtschaftsforschung","alternateName":"WIFO","url":"https:\/\/www.wifo.ac.at\/en\/","logo":{"@type":"ImageObject","inLanguage":"en-US","@id":"https:\/\/www.wifo.ac.at\/en\/#\/schema\/logo\/image\/","url":"https:\/\/www.wifo.ac.at\/wp-content\/uploads\/2024\/05\/WIFO_kurz_rechts-2-1920x412.jpg","contentUrl":"https:\/\/www.wifo.ac.at\/wp-content\/uploads\/2024\/05\/WIFO_kurz_rechts-2-1920x412.jpg","width":2000,"height":429,"caption":"\u00d6sterreichisches Institut f\u00fcr Wirtschaftsforschung"},"image":{"@id":"https:\/\/www.wifo.ac.at\/en\/#\/schema\/logo\/image\/"},"sameAs":["https:\/\/www.facebook.com\/WIFOat\/","https:\/\/x.com\/WIFOat","https:\/\/linkedin.com\/company\/wifoat\/","https:\/\/www.youtube.com\/@WIFO_at"],"description":"Das WIFO, 1927 von Friedrich August von Hayek und Ludwig von Mises zur Konjunkturanalyse gegr\u00fcndet, ist heute das f\u00fchrende Institut f\u00fcr angewandte empirische Wirtschaftsforschung in \u00d6sterreich mit starkem Engagement auf europ\u00e4ischer Ebene.","email":"office@wifo.ac.at","telephone":"+43 1 798 26 01 \u2013 0","legalName":"\u00d6sterreichisches Institut f\u00fcr Wirtschaftsforschung","foundingDate":"1927-01-02","numberOfEmployees":{"@type":"QuantitativeValue","minValue":"51","maxValue":"200"},"publishingPrinciples":"https:\/\/www.wifo.ac.at\/institut\/mission-und-strategie\/","ownershipFundingInfo":"https:\/\/www.wifo.ac.at\/institut\/organisation\/","actionableFeedbackPolicy":"https:\/\/www.wifo.ac.at\/aktuelles\/presse\/","correctionsPolicy":"https:\/\/www.wifo.ac.at\/institut\/kontakt\/","ethicsPolicy":"https:\/\/www.wifo.ac.at\/institut\/evidenzbasierung-transparenz-und-unabhaengigkeit\/","diversityPolicy":"https:\/\/www.wifo.ac.at\/institut\/gleichstellung\/","diversityStaffingReport":"https:\/\/www.wifo.ac.at\/institut\/gleichstellung\/"}]}},"_links":{"self":[{"href":"https:\/\/www.wifo.ac.at\/en\/wp-json\/wp\/v2\/publication\/108262","targetHints":{"allow":["GET"]}}],"collection":[{"href":"https:\/\/www.wifo.ac.at\/en\/wp-json\/wp\/v2\/publication"}],"about":[{"href":"https:\/\/www.wifo.ac.at\/en\/wp-json\/wp\/v2\/types\/publication"}],"version-history":[{"count":2,"href":"https:\/\/www.wifo.ac.at\/en\/wp-json\/wp\/v2\/publication\/108262\/revisions"}],"predecessor-version":[{"id":318506,"href":"https:\/\/www.wifo.ac.at\/en\/wp-json\/wp\/v2\/publication\/108262\/revisions\/318506"}],"acf:post":[{"embeddable":true,"href":"https:\/\/www.wifo.ac.at\/en\/wp-json\/wp\/v2\/person\/3945"},{"embeddable":true,"href":"https:\/\/www.wifo.ac.at\/en\/wp-json\/wp\/v2\/research_group\/3500"},{"embeddable":true,"href":"https:\/\/www.wifo.ac.at\/en\/wp-json\/wp\/v2\/publication_type\/44312"}],"wp:attachment":[{"href":"https:\/\/www.wifo.ac.at\/en\/wp-json\/wp\/v2\/media?parent=108262"}],"curies":[{"name":"wp","href":"https:\/\/api.w.org\/{rel}","templated":true}]}}