{"id":107982,"date":"2024-01-22T15:23:17","date_gmt":"2024-01-22T14:23:17","guid":{"rendered":"https:\/\/www.wifo.ac.at\/publication\/107982\/"},"modified":"2025-07-08T17:35:02","modified_gmt":"2025-07-08T15:35:02","slug":"chancen-fuer-die-oesterreichische-exportwirtschaft-durch-klimaschutzprojekte-2","status":"publish","type":"publication","link":"https:\/\/www.wifo.ac.at\/en\/publication\/107982\/","title":{"rendered":"Chancen f\u00fcr die \u00f6sterreichische Exportwirtschaft durch Klimaschutzprojekte"},"content":{"rendered":"","protected":false},"featured_media":0,"template":"","class_list":["post-107982","publication","type-publication","status-publish","hentry"],"acf":{"subtitle":"","text":"F\u00fcr die Durchf\u00fchrung von Klimaschutzprojekten und f\u00fcr die Auswahl geeigneter Gastl\u00e4nder f\u00fcr Klimaschutzinvestitionen sind eine Reihe von Faktoren relevant: neben den Kosten der Ma\u00dfnahmen zur Emissionsreduktion auch das allgemeine Investitionsklima eines Landes sowie dessen institutionelle Kapazit\u00e4ten zur Abwicklung der entsprechenden Projekte. F\u00fcr ausgew\u00e4hlte L\u00e4nder weist die Studie Indikatoren zu diesen drei Dimensionen aus, um f\u00f6rderliche oder hemmende Faktoren zu illustrieren. Zwischen dem Potential f\u00fcr kosteng\u00fcnstige Ma\u00dfnahmen zur Emissionsreduktion einerseits und dem Investitionsklima sowie den institutionellen Kapazit\u00e4ten andererseits ist h\u00e4ufig ein Trade-off zu beobachten. Gute Voraussetzungen f\u00fcr klimarelevante Exporte ergeben sich aus der Struktur des \u00f6sterreichischen Angebotes an Umwelttechnologien.","onlinedate":"2004-02-12 01:00:00","lang":"German","publication_series":"","publication_date":"20031201","publication_date_year":"","publication_date_full":false,"publication_num_pages":"61","keywords":"[]","jelcodes":"[]","related_publications":"[]","pdf":428071,"zip":null,"link":"","monthly_report":false,"monthly_report_main":false,"monthly_report_volume":"","monthly_report_pages":"","monthly_report_pages_sort":"0","issue":"","journal":"","publisher":"","invisible":false,"external":false,"embargo_date":null,"types":[81966],"research_groups":[3655],"collaboration":"","persons":[3659,3671],"persons_data":"[{\"personId\":3659,\"personName\":\"Daniela Kletzan\",\"organisationNames\":[]},{\"personId\":3671,\"personName\":\"Angela K\u00f6ppl\",\"organisationNames\":[]}]","clients":[10862],"subclients":[],"partners":[],"topics":[],"host_publication_title":"","host_publication_subtitle":"","place_of_publication":"","host_publication_editors":"[]","type_description":"","output_media":"","chapter":"","article_number":"","citations":"{\"apa\":\"<div class=\\\"rendering rendering_researchoutput  rendering_researchoutput_apa rendering_bookanthology rendering_apa rendering_bookanthology_apa\\\"><span>Kletzan, D.<\\\/span><span>, &amp; K\u00f6ppl, A.<\\\/span> (2003). <span><em>Chancen f\u00fcr die \u00f6sterreichische Exportwirtschaft durch Klimaschutzprojekte<\\\/em><\\\/span>. WIFO. <a onclick=\\\"window.open(this.href, '_blank','noopener,noreferrer'); return false;\\\" href=\\\"https:\\\/\\\/www.wifo.ac.at\\\/wwa\\\/pubid\\\/24850\\\" class=\\\"link\\\"><span>https:\\\/\\\/www.wifo.ac.at\\\/wwa\\\/pubid\\\/24850<\\\/span><\\\/a><\\\/div>\",\"vancouver\":\"<div class=\\\"rendering rendering_researchoutput  rendering_researchoutput_vancouver rendering_bookanthology rendering_vancouver rendering_bookanthology_vancouver\\\"><span>Kletzan D<\\\/span><span>, K\u00f6ppl A<\\\/span>. <span class=\\\"title\\\"><span>Chancen f\u00fcr die \u00f6sterreichische Exportwirtschaft durch Klimaschutzprojekte<\\\/span><\\\/span>. WIFO; 2003.<\\\/div>\",\"bibtex\":\"<div class=\\\"rendering rendering_researchoutput  rendering_researchoutput_bibtex rendering_bookanthology rendering_bibtex rendering_bookanthology_bibtex\\\"><div>@book{fbbe708d28614d90b6702e54afe8c38e,<\\\/div><div>  title    = \\\"Chancen f{\\\\\\\"u}r die {\\\\\\\"o}sterreichische Exportwirtschaft durch Klimaschutzprojekte\\\",<\\\/div><div>  abstract = \\\"F{\\\\\\\"u}r die Durchf{\\\\\\\"u}hrung von Klimaschutzprojekten und f{\\\\\\\"u}r die Auswahl geeigneter Gastl{\\\\\\\"a}nder f{\\\\\\\"u}r Klimaschutzinvestitionen sind eine Reihe von Faktoren relevant: neben den Kosten der Ma{\\\\ss}nahmen zur Emissionsreduktion auch das allgemeine Investitionsklima eines Landes sowie dessen institutionelle Kapazit{\\\\\\\"a}ten zur Abwicklung der entsprechenden Projekte. F{\\\\\\\"u}r ausgew{\\\\\\\"a}hlte L{\\\\\\\"a}nder weist die Studie Indikatoren zu diesen drei Dimensionen aus, um f{\\\\\\\"o}rderliche oder hemmende Faktoren zu illustrieren. Zwischen dem Potential f{\\\\\\\"u}r kosteng{\\\\\\\"u}nstige Ma{\\\\ss}nahmen zur Emissionsreduktion einerseits und dem Investitionsklima sowie den institutionellen Kapazit{\\\\\\\"a}ten andererseits ist h{\\\\\\\"a}ufig ein Trade-off zu beobachten. Gute Voraussetzungen f{\\\\\\\"u}r klimarelevante Exporte ergeben sich aus der Struktur des {\\\\\\\"o}sterreichischen Angebotes an Umwelttechnologien.\\\",<\\\/div><div>  keywords = \\\"Chancen f{\\\\\\\"u}r die {\\\\\\\"o}sterreichische Exportwirtschaft durch Klimaschutzprojekte\\\",<\\\/div><div>  author   = \\\"Daniela Kletzan and Angela K{\\\\\\\"o}ppl\\\",<\\\/div><div>  year     = \\\"2003\\\",<\\\/div><div>  month    = dec,<\\\/div><div>  language = \\\"Deutsch\\\",<\\\/div><p>}<\\\/p><\\\/div>\",\"ris\":\"<div class=\\\"rendering rendering_researchoutput  rendering_researchoutput_ris rendering_bookanthology rendering_ris rendering_bookanthology_ris\\\"><p>TY  - BOOK<\\\/p><p>T1  - Chancen f\u00fcr die \u00f6sterreichische Exportwirtschaft durch Klimaschutzprojekte<\\\/p><p>AU  - Kletzan, Daniela<\\\/p><p>AU  - K\u00f6ppl, Angela<\\\/p><p>PY  - 2003\\\/12<\\\/p><p>Y1  - 2003\\\/12<\\\/p><p>N2  - F\u00fcr die Durchf\u00fchrung von Klimaschutzprojekten und f\u00fcr die Auswahl geeigneter Gastl\u00e4nder f\u00fcr Klimaschutzinvestitionen sind eine Reihe von Faktoren relevant: neben den Kosten der Ma\u00dfnahmen zur Emissionsreduktion auch das allgemeine Investitionsklima eines Landes sowie dessen institutionelle Kapazit\u00e4ten zur Abwicklung der entsprechenden Projekte. F\u00fcr ausgew\u00e4hlte L\u00e4nder weist die Studie Indikatoren zu diesen drei Dimensionen aus, um f\u00f6rderliche oder hemmende Faktoren zu illustrieren. Zwischen dem Potential f\u00fcr kosteng\u00fcnstige Ma\u00dfnahmen zur Emissionsreduktion einerseits und dem Investitionsklima sowie den institutionellen Kapazit\u00e4ten andererseits ist h\u00e4ufig ein Trade-off zu beobachten. Gute Voraussetzungen f\u00fcr klimarelevante Exporte ergeben sich aus der Struktur des \u00f6sterreichischen Angebotes an Umwelttechnologien.<\\\/p><p>AB  - F\u00fcr die Durchf\u00fchrung von Klimaschutzprojekten und f\u00fcr die Auswahl geeigneter Gastl\u00e4nder f\u00fcr Klimaschutzinvestitionen sind eine Reihe von Faktoren relevant: neben den Kosten der Ma\u00dfnahmen zur Emissionsreduktion auch das allgemeine Investitionsklima eines Landes sowie dessen institutionelle Kapazit\u00e4ten zur Abwicklung der entsprechenden Projekte. F\u00fcr ausgew\u00e4hlte L\u00e4nder weist die Studie Indikatoren zu diesen drei Dimensionen aus, um f\u00f6rderliche oder hemmende Faktoren zu illustrieren. Zwischen dem Potential f\u00fcr kosteng\u00fcnstige Ma\u00dfnahmen zur Emissionsreduktion einerseits und dem Investitionsklima sowie den institutionellen Kapazit\u00e4ten andererseits ist h\u00e4ufig ein Trade-off zu beobachten. Gute Voraussetzungen f\u00fcr klimarelevante Exporte ergeben sich aus der Struktur des \u00f6sterreichischen Angebotes an Umwelttechnologien.<\\\/p><p>KW  - Chancen f\u00fcr die \u00f6sterreichische Exportwirtschaft durch Klimaschutzprojekte<\\\/p><p>M3  - Studie<\\\/p><p>BT  - Chancen f\u00fcr die \u00f6sterreichische Exportwirtschaft durch Klimaschutzprojekte<\\\/p><p>ER  - <\\\/p><\\\/div>\"}","scientific_assistance":"[]","scientific_review":"[]","version":"","release_date":null,"expiration_date":null,"surveyor":"","research_assistance":"","edv":"","additional_info_de":"","additional_info_en":""},"yoast_head":"<!-- This site is optimized with the Yoast SEO Premium plugin v28.3 (Yoast SEO v28.3) - https:\/\/yoast.com\/product\/yoast-seo-premium-wordpress\/ -->\n<title>Chancen f\u00fcr die \u00f6sterreichische Exportwirtschaft durch Klimaschutzprojekte - WIFO<\/title>\n<meta name=\"robots\" content=\"index, follow, max-snippet:-1, max-image-preview:large, max-video-preview:-1\" \/>\n<link rel=\"canonical\" href=\"https:\/\/www.wifo.ac.at\/en\/publication\/107982\/\" \/>\n<meta property=\"og:locale\" content=\"en_US\" \/>\n<meta property=\"og:type\" content=\"article\" \/>\n<meta property=\"og:title\" content=\"Chancen f\u00fcr die \u00f6sterreichische Exportwirtschaft durch Klimaschutzprojekte\" \/>\n<meta property=\"og:url\" content=\"https:\/\/www.wifo.ac.at\/en\/publication\/107982\/\" \/>\n<meta property=\"og:site_name\" content=\"WIFO\" \/>\n<meta property=\"article:publisher\" content=\"https:\/\/www.facebook.com\/WIFOat\/\" \/>\n<meta property=\"article:modified_time\" content=\"2025-07-08T15:35:02+00:00\" \/>\n<meta property=\"og:image\" content=\"https:\/\/www.wifo.ac.at\/wp-content\/uploads\/2024\/05\/WIFO-Gebaeude-FotoAlexanderMueller-www.alexandermueller.at-IMG_6326-Bearbeitet-1.jpg\" \/>\n\t<meta property=\"og:image:width\" content=\"1920\" \/>\n\t<meta property=\"og:image:height\" content=\"1280\" \/>\n\t<meta property=\"og:image:type\" content=\"image\/jpeg\" \/>\n<meta name=\"twitter:card\" content=\"summary_large_image\" \/>\n<meta name=\"twitter:site\" content=\"@WIFOat\" \/>\n<script type=\"application\/ld+json\" class=\"yoast-schema-graph\">{\"@context\":\"https:\\\/\\\/schema.org\",\"@graph\":[{\"@type\":\"WebPage\",\"@id\":\"https:\\\/\\\/www.wifo.ac.at\\\/en\\\/publication\\\/107982\\\/\",\"url\":\"https:\\\/\\\/www.wifo.ac.at\\\/en\\\/publication\\\/107982\\\/\",\"name\":\"Chancen f\u00fcr die \u00f6sterreichische Exportwirtschaft durch Klimaschutzprojekte - WIFO\",\"isPartOf\":{\"@id\":\"https:\\\/\\\/www.wifo.ac.at\\\/en\\\/#website\"},\"datePublished\":\"2024-01-22T14:23:17+00:00\",\"dateModified\":\"2025-07-08T15:35:02+00:00\",\"breadcrumb\":{\"@id\":\"https:\\\/\\\/www.wifo.ac.at\\\/en\\\/publication\\\/107982\\\/#breadcrumb\"},\"inLanguage\":\"en-US\",\"potentialAction\":[{\"@type\":\"ReadAction\",\"target\":[\"https:\\\/\\\/www.wifo.ac.at\\\/en\\\/publication\\\/107982\\\/\"]}]},{\"@type\":\"BreadcrumbList\",\"@id\":\"https:\\\/\\\/www.wifo.ac.at\\\/en\\\/publication\\\/107982\\\/#breadcrumb\",\"itemListElement\":[{\"@type\":\"ListItem\",\"position\":1,\"name\":\"Startseite\",\"item\":\"https:\\\/\\\/www.wifo.ac.at\\\/en\\\/\"},{\"@type\":\"ListItem\",\"position\":2,\"name\":\"Chancen f\u00fcr die \u00f6sterreichische Exportwirtschaft durch Klimaschutzprojekte\"}]},{\"@type\":\"WebSite\",\"@id\":\"https:\\\/\\\/www.wifo.ac.at\\\/en\\\/#website\",\"url\":\"https:\\\/\\\/www.wifo.ac.at\\\/en\\\/\",\"name\":\"\u00d6sterreichisches Institut f\u00fcr Wirtschaftsforschung\",\"description\":\"\",\"publisher\":{\"@id\":\"https:\\\/\\\/www.wifo.ac.at\\\/en\\\/#organization\"},\"alternateName\":\"WIFO\",\"potentialAction\":[{\"@type\":\"SearchAction\",\"target\":{\"@type\":\"EntryPoint\",\"urlTemplate\":\"https:\\\/\\\/www.wifo.ac.at\\\/en\\\/?s={search_term_string}\"},\"query-input\":{\"@type\":\"PropertyValueSpecification\",\"valueRequired\":true,\"valueName\":\"search_term_string\"}}],\"inLanguage\":\"en-US\"},{\"@type\":\"Organization\",\"@id\":\"https:\\\/\\\/www.wifo.ac.at\\\/en\\\/#organization\",\"name\":\"\u00d6sterreichisches Institut f\u00fcr Wirtschaftsforschung\",\"alternateName\":\"WIFO\",\"url\":\"https:\\\/\\\/www.wifo.ac.at\\\/en\\\/\",\"logo\":{\"@type\":\"ImageObject\",\"inLanguage\":\"en-US\",\"@id\":\"https:\\\/\\\/www.wifo.ac.at\\\/en\\\/#\\\/schema\\\/logo\\\/image\\\/\",\"url\":\"https:\\\/\\\/www.wifo.ac.at\\\/wp-content\\\/uploads\\\/2024\\\/05\\\/WIFO_kurz_rechts-2-1920x412.jpg\",\"contentUrl\":\"https:\\\/\\\/www.wifo.ac.at\\\/wp-content\\\/uploads\\\/2024\\\/05\\\/WIFO_kurz_rechts-2-1920x412.jpg\",\"width\":2000,\"height\":429,\"caption\":\"\u00d6sterreichisches Institut f\u00fcr Wirtschaftsforschung\"},\"image\":{\"@id\":\"https:\\\/\\\/www.wifo.ac.at\\\/en\\\/#\\\/schema\\\/logo\\\/image\\\/\"},\"sameAs\":[\"https:\\\/\\\/www.facebook.com\\\/WIFOat\\\/\",\"https:\\\/\\\/x.com\\\/WIFOat\",\"https:\\\/\\\/linkedin.com\\\/company\\\/wifoat\\\/\",\"https:\\\/\\\/www.youtube.com\\\/@WIFO_at\"],\"description\":\"Das WIFO, 1927 von Friedrich August von Hayek und Ludwig von Mises zur Konjunkturanalyse gegr\u00fcndet, ist heute das f\u00fchrende Institut f\u00fcr angewandte empirische Wirtschaftsforschung in \u00d6sterreich mit starkem Engagement auf europ\u00e4ischer Ebene.\",\"email\":\"office@wifo.ac.at\",\"telephone\":\"+43 1 798 26 01 \u2013 0\",\"legalName\":\"\u00d6sterreichisches Institut f\u00fcr Wirtschaftsforschung\",\"foundingDate\":\"1927-01-02\",\"numberOfEmployees\":{\"@type\":\"QuantitativeValue\",\"minValue\":\"51\",\"maxValue\":\"200\"},\"publishingPrinciples\":\"https:\\\/\\\/www.wifo.ac.at\\\/institut\\\/mission-und-strategie\\\/\",\"ownershipFundingInfo\":\"https:\\\/\\\/www.wifo.ac.at\\\/institut\\\/organisation\\\/\",\"actionableFeedbackPolicy\":\"https:\\\/\\\/www.wifo.ac.at\\\/aktuelles\\\/presse\\\/\",\"correctionsPolicy\":\"https:\\\/\\\/www.wifo.ac.at\\\/institut\\\/kontakt\\\/\",\"ethicsPolicy\":\"https:\\\/\\\/www.wifo.ac.at\\\/institut\\\/evidenzbasierung-transparenz-und-unabhaengigkeit\\\/\",\"diversityPolicy\":\"https:\\\/\\\/www.wifo.ac.at\\\/institut\\\/gleichstellung\\\/\",\"diversityStaffingReport\":\"https:\\\/\\\/www.wifo.ac.at\\\/institut\\\/gleichstellung\\\/\"}]}<\/script>\n<!-- \/ Yoast SEO Premium plugin. -->","yoast_head_json":{"title":"Chancen f\u00fcr die \u00f6sterreichische Exportwirtschaft durch Klimaschutzprojekte - WIFO","robots":{"index":"index","follow":"follow","max-snippet":"max-snippet:-1","max-image-preview":"max-image-preview:large","max-video-preview":"max-video-preview:-1"},"canonical":"https:\/\/www.wifo.ac.at\/en\/publication\/107982\/","og_locale":"en_US","og_type":"article","og_title":"Chancen f\u00fcr die \u00f6sterreichische Exportwirtschaft durch Klimaschutzprojekte","og_url":"https:\/\/www.wifo.ac.at\/en\/publication\/107982\/","og_site_name":"WIFO","article_publisher":"https:\/\/www.facebook.com\/WIFOat\/","article_modified_time":"2025-07-08T15:35:02+00:00","og_image":[{"width":1920,"height":1280,"url":"https:\/\/www.wifo.ac.at\/wp-content\/uploads\/2024\/05\/WIFO-Gebaeude-FotoAlexanderMueller-www.alexandermueller.at-IMG_6326-Bearbeitet-1.jpg","type":"image\/jpeg"}],"twitter_card":"summary_large_image","twitter_site":"@WIFOat","schema":{"@context":"https:\/\/schema.org","@graph":[{"@type":"WebPage","@id":"https:\/\/www.wifo.ac.at\/en\/publication\/107982\/","url":"https:\/\/www.wifo.ac.at\/en\/publication\/107982\/","name":"Chancen f\u00fcr die \u00f6sterreichische Exportwirtschaft durch Klimaschutzprojekte - WIFO","isPartOf":{"@id":"https:\/\/www.wifo.ac.at\/en\/#website"},"datePublished":"2024-01-22T14:23:17+00:00","dateModified":"2025-07-08T15:35:02+00:00","breadcrumb":{"@id":"https:\/\/www.wifo.ac.at\/en\/publication\/107982\/#breadcrumb"},"inLanguage":"en-US","potentialAction":[{"@type":"ReadAction","target":["https:\/\/www.wifo.ac.at\/en\/publication\/107982\/"]}]},{"@type":"BreadcrumbList","@id":"https:\/\/www.wifo.ac.at\/en\/publication\/107982\/#breadcrumb","itemListElement":[{"@type":"ListItem","position":1,"name":"Startseite","item":"https:\/\/www.wifo.ac.at\/en\/"},{"@type":"ListItem","position":2,"name":"Chancen f\u00fcr die \u00f6sterreichische Exportwirtschaft durch Klimaschutzprojekte"}]},{"@type":"WebSite","@id":"https:\/\/www.wifo.ac.at\/en\/#website","url":"https:\/\/www.wifo.ac.at\/en\/","name":"\u00d6sterreichisches Institut f\u00fcr Wirtschaftsforschung","description":"","publisher":{"@id":"https:\/\/www.wifo.ac.at\/en\/#organization"},"alternateName":"WIFO","potentialAction":[{"@type":"SearchAction","target":{"@type":"EntryPoint","urlTemplate":"https:\/\/www.wifo.ac.at\/en\/?s={search_term_string}"},"query-input":{"@type":"PropertyValueSpecification","valueRequired":true,"valueName":"search_term_string"}}],"inLanguage":"en-US"},{"@type":"Organization","@id":"https:\/\/www.wifo.ac.at\/en\/#organization","name":"\u00d6sterreichisches Institut f\u00fcr Wirtschaftsforschung","alternateName":"WIFO","url":"https:\/\/www.wifo.ac.at\/en\/","logo":{"@type":"ImageObject","inLanguage":"en-US","@id":"https:\/\/www.wifo.ac.at\/en\/#\/schema\/logo\/image\/","url":"https:\/\/www.wifo.ac.at\/wp-content\/uploads\/2024\/05\/WIFO_kurz_rechts-2-1920x412.jpg","contentUrl":"https:\/\/www.wifo.ac.at\/wp-content\/uploads\/2024\/05\/WIFO_kurz_rechts-2-1920x412.jpg","width":2000,"height":429,"caption":"\u00d6sterreichisches Institut f\u00fcr Wirtschaftsforschung"},"image":{"@id":"https:\/\/www.wifo.ac.at\/en\/#\/schema\/logo\/image\/"},"sameAs":["https:\/\/www.facebook.com\/WIFOat\/","https:\/\/x.com\/WIFOat","https:\/\/linkedin.com\/company\/wifoat\/","https:\/\/www.youtube.com\/@WIFO_at"],"description":"Das WIFO, 1927 von Friedrich August von Hayek und Ludwig von Mises zur Konjunkturanalyse gegr\u00fcndet, ist heute das f\u00fchrende Institut f\u00fcr angewandte empirische Wirtschaftsforschung in \u00d6sterreich mit starkem Engagement auf europ\u00e4ischer Ebene.","email":"office@wifo.ac.at","telephone":"+43 1 798 26 01 \u2013 0","legalName":"\u00d6sterreichisches Institut f\u00fcr Wirtschaftsforschung","foundingDate":"1927-01-02","numberOfEmployees":{"@type":"QuantitativeValue","minValue":"51","maxValue":"200"},"publishingPrinciples":"https:\/\/www.wifo.ac.at\/institut\/mission-und-strategie\/","ownershipFundingInfo":"https:\/\/www.wifo.ac.at\/institut\/organisation\/","actionableFeedbackPolicy":"https:\/\/www.wifo.ac.at\/aktuelles\/presse\/","correctionsPolicy":"https:\/\/www.wifo.ac.at\/institut\/kontakt\/","ethicsPolicy":"https:\/\/www.wifo.ac.at\/institut\/evidenzbasierung-transparenz-und-unabhaengigkeit\/","diversityPolicy":"https:\/\/www.wifo.ac.at\/institut\/gleichstellung\/","diversityStaffingReport":"https:\/\/www.wifo.ac.at\/institut\/gleichstellung\/"}]}},"_links":{"self":[{"href":"https:\/\/www.wifo.ac.at\/en\/wp-json\/wp\/v2\/publication\/107982","targetHints":{"allow":["GET"]}}],"collection":[{"href":"https:\/\/www.wifo.ac.at\/en\/wp-json\/wp\/v2\/publication"}],"about":[{"href":"https:\/\/www.wifo.ac.at\/en\/wp-json\/wp\/v2\/types\/publication"}],"version-history":[{"count":2,"href":"https:\/\/www.wifo.ac.at\/en\/wp-json\/wp\/v2\/publication\/107982\/revisions"}],"predecessor-version":[{"id":317989,"href":"https:\/\/www.wifo.ac.at\/en\/wp-json\/wp\/v2\/publication\/107982\/revisions\/317989"}],"acf:post":[{"embeddable":true,"href":"https:\/\/www.wifo.ac.at\/en\/wp-json\/wp\/v2\/client\/10862"},{"embeddable":true,"href":"https:\/\/www.wifo.ac.at\/en\/wp-json\/wp\/v2\/person\/3671"},{"embeddable":true,"href":"https:\/\/www.wifo.ac.at\/en\/wp-json\/wp\/v2\/person\/3659"},{"embeddable":true,"href":"https:\/\/www.wifo.ac.at\/en\/wp-json\/wp\/v2\/research_group\/3655"},{"embeddable":true,"href":"https:\/\/www.wifo.ac.at\/en\/wp-json\/wp\/v2\/publication_type\/81966"}],"wp:attachment":[{"href":"https:\/\/www.wifo.ac.at\/en\/wp-json\/wp\/v2\/media?parent=107982"}],"curies":[{"name":"wp","href":"https:\/\/api.w.org\/{rel}","templated":true}]}}