{"id":107790,"date":"2024-01-22T15:19:43","date_gmt":"2024-01-22T14:19:43","guid":{"rendered":"https:\/\/www.wifo.ac.at\/publication\/107790\/"},"modified":"2024-11-07T03:22:40","modified_gmt":"2024-11-07T02:22:40","slug":"erste-evaluierung-der-konjunkturbelebungsmassnahmen-seit-2001","status":"publish","type":"publication","link":"https:\/\/www.wifo.ac.at\/en\/publication\/107790\/","title":{"rendered":"The Economic Stimulus Packages 2001 and 2002"},"content":{"rendered":"","protected":false},"featured_media":0,"template":"","class_list":["post-107790","publication","type-publication","status-publish","hentry"],"acf":{"subtitle":"","text":"Faced with an economic slowdown, the Austria federal government implemented two economic stimulus packages in 2001 and 2002 respectively. These packages provide for additional public expenditure, most of which has been advanced by one or two years, particularly with regard to public transportation infrastructure as well as the construction sector. Moreover, various tax incentives aiming to improve the supply-side conditions were introduced or expanded. A survey conducted by WIFO found a remarkably high number of enterprises indicating that they were adequately informed of the most important tax incentives (tax allowance and premium for R&amp;D, premium for apprentices, premium for external and internal training measures, premium for incremental investment). The extent to which tax allowances and premiums are actually claimed varies, however; the rate is highest for the premium for apprentices.","onlinedate":"2003-10-17 02:00:00","lang":"German","publication_series":"","publication_date":"20031001","publication_date_year":"","publication_date_full":false,"publication_num_pages":"","keywords":"[\"Konjunkturpaket; Wirtschaftspolitik; \u00d6sterreich\"]","jelcodes":"[]","related_publications":"[]","pdf":317637,"zip":null,"link":"","monthly_report":true,"monthly_report_main":false,"monthly_report_volume":"76","monthly_report_pages":"755-768","monthly_report_pages_sort":"755","issue":"10","journal":"WIFO-Monatsberichte","publisher":"","invisible":false,"external":false,"embargo_date":null,"types":[44312],"research_groups":[3500,3491],"collaboration":"","persons":[3830,4397,3945,4043,3843,3893],"persons_data":"[{\"personId\":3830,\"personName\":\"Margit Schratzenstaller\",\"organisationNames\":[]},{\"personId\":4397,\"personName\":\"Martin Falk\",\"organisationNames\":[]},{\"personId\":3945,\"personName\":\"Helmut Kramer\",\"organisationNames\":[]},{\"personId\":4043,\"personName\":\"Markus Marterbauer\",\"organisationNames\":[]},{\"personId\":3843,\"personName\":\"Gerhard Schwarz\",\"organisationNames\":[]},{\"personId\":3893,\"personName\":\"Ewald Walterskirchen\",\"organisationNames\":[]}]","clients":[],"subclients":[],"partners":[],"topics":[],"host_publication_title":"","host_publication_subtitle":"","place_of_publication":"","host_publication_editors":"[]","type_description":"","output_media":"","chapter":"","article_number":"","citations":"{\"apa\":\"<div class=\\\"rendering rendering_researchoutput  rendering_researchoutput_apa rendering_contributiontoperiodical rendering_apa rendering_contributiontoperiodical_apa\\\"><span>Schratzenstaller, M.<\\\/span><span>, Falk, M.<\\\/span><span>, Kramer, H.<\\\/span><span>, Marterbauer, M.<\\\/span><span>, Schwarz, G.<\\\/span><span>, &amp; Walterskirchen, E.<\\\/span> (2003). <span>Erste Evaluierung der Konjunkturbelebungsma\u00dfnahmen seit 2001<\\\/span>. <span><em>WIFO-Monatsberichte<\\\/em><\\\/span>, <em>76<\\\/em>(10), 755-768. <a onclick=\\\"window.open(this.href, '_blank','noopener,noreferrer'); return false;\\\" href=\\\"https:\\\/\\\/www.wifo.ac.at\\\/wwa\\\/pubid\\\/24622\\\" class=\\\"link\\\"><span>https:\\\/\\\/www.wifo.ac.at\\\/wwa\\\/pubid\\\/24622<\\\/span><\\\/a><\\\/div>\",\"vancouver\":\"<div class=\\\"rendering rendering_researchoutput  rendering_researchoutput_vancouver rendering_contributiontoperiodical rendering_vancouver rendering_contributiontoperiodical_vancouver\\\"><span>Schratzenstaller M<\\\/span><span>, Falk M<\\\/span><span>, Kramer H<\\\/span><span>, Marterbauer M<\\\/span><span>, Schwarz G<\\\/span><span>, Walterskirchen E<\\\/span>. <span class=\\\"title\\\"><span>Erste Evaluierung der Konjunkturbelebungsma\u00dfnahmen seit 2001<\\\/span><\\\/span>. <span>WIFO-Monatsberichte<\\\/span>. 2003 Oct;76(10):755-768.<\\\/div>\",\"bibtex\":\"<div class=\\\"rendering rendering_researchoutput  rendering_researchoutput_bibtex rendering_contributiontoperiodical rendering_bibtex rendering_contributiontoperiodical_bibtex\\\"><div>@misc{f9e773c95af74512a99e3720c3e3d5d9,<\\\/div><div>  title    = \\\"Erste Evaluierung der Konjunkturbelebungsma{\\\\ss}nahmen seit 2001\\\",<\\\/div><div>  abstract = \\\"Die Konjunkturbelebungspakete 2001 und 2002 sehen zus{\\\\\\\"a}tzliche {\\\\\\\"o}ffentliche Ausgaben, vor allem im Bereich der Verkehrsinfrastruktur, und Steuererleichterungen vor. Eine Unternehmensbefragung des WIFO ergibt einen hohen Bekanntheitsgrad der wichtigsten steuerlichen Ma{\\\\ss}nahmen (Forschungsfreibetrag bzw. -pr{\\\\\\\"a}mie, Bildungsfreibetrag bzw. -pr{\\\\\\\"a}mie, Lehrlingspr{\\\\\\\"a}mie und Investitionszuwachspr{\\\\\\\"a}mie). Allerdings sind Inanspruchnahme und tats{\\\\\\\"a}chliche Effekte sehr unterschiedlich. Die Infrastrukturausgaben und die zeitlich befristete Investitionszuwachspr{\\\\\\\"a}mie erh{\\\\\\\"o}hen das {\\\\\\\"o}sterreichische BIP 2003 insgesamt um bis zu \u00be\\\\%.\\\",<\\\/div><div>  keywords = \\\"Konjunkturpaket; Wirtschaftspolitik; {\\\\\\\"O}sterreich, Konjunkturpaket; Wirtschaftspolitik; {\\\\\\\"O}sterreich\\\",<\\\/div><div>  author   = \\\"Margit Schratzenstaller and Martin Falk and Helmut Kramer and Markus Marterbauer and Gerhard Schwarz and Ewald Walterskirchen\\\",<\\\/div><div>  note     = \\\"Konjunkturbelebungsma{\\\\ss}nahmen\\\",<\\\/div><div>  year     = \\\"2003\\\",<\\\/div><div>  month    = oct,<\\\/div><div>  language = \\\"Deutsch\\\",<\\\/div><div>  volume   = \\\"76\\\",<\\\/div><div>  pages    = \\\"755--768\\\",<\\\/div><div>  journal  = \\\"WIFO-Monatsberichte\\\",<\\\/div><p>}<\\\/p><\\\/div>\",\"ris\":\"<div class=\\\"rendering rendering_researchoutput  rendering_researchoutput_ris rendering_contributiontoperiodical rendering_ris rendering_contributiontoperiodical_ris\\\"><p>TY  - GEN<\\\/p><p>T1  - Erste Evaluierung der Konjunkturbelebungsma\u00dfnahmen seit 2001<\\\/p><p>AU  - Schratzenstaller, Margit<\\\/p><p>AU  - Falk, Martin<\\\/p><p>AU  - Kramer, Helmut<\\\/p><p>AU  - Marterbauer, Markus<\\\/p><p>AU  - Schwarz, Gerhard<\\\/p><p>AU  - Walterskirchen, Ewald<\\\/p><p>N1  - Konjunkturbelebungsma\u00dfnahmen<\\\/p><p>PY  - 2003\\\/10<\\\/p><p>Y1  - 2003\\\/10<\\\/p><p>N2  - Die Konjunkturbelebungspakete 2001 und 2002 sehen zus\u00e4tzliche \u00f6ffentliche Ausgaben, vor allem im Bereich der Verkehrsinfrastruktur, und Steuererleichterungen vor. Eine Unternehmensbefragung des WIFO ergibt einen hohen Bekanntheitsgrad der wichtigsten steuerlichen Ma\u00dfnahmen (Forschungsfreibetrag bzw. -pr\u00e4mie, Bildungsfreibetrag bzw. -pr\u00e4mie, Lehrlingspr\u00e4mie und Investitionszuwachspr\u00e4mie). Allerdings sind Inanspruchnahme und tats\u00e4chliche Effekte sehr unterschiedlich. Die Infrastrukturausgaben und die zeitlich befristete Investitionszuwachspr\u00e4mie erh\u00f6hen das \u00f6sterreichische BIP 2003 insgesamt um bis zu \u00be%.<\\\/p><p>AB  - Die Konjunkturbelebungspakete 2001 und 2002 sehen zus\u00e4tzliche \u00f6ffentliche Ausgaben, vor allem im Bereich der Verkehrsinfrastruktur, und Steuererleichterungen vor. Eine Unternehmensbefragung des WIFO ergibt einen hohen Bekanntheitsgrad der wichtigsten steuerlichen Ma\u00dfnahmen (Forschungsfreibetrag bzw. -pr\u00e4mie, Bildungsfreibetrag bzw. -pr\u00e4mie, Lehrlingspr\u00e4mie und Investitionszuwachspr\u00e4mie). Allerdings sind Inanspruchnahme und tats\u00e4chliche Effekte sehr unterschiedlich. Die Infrastrukturausgaben und die zeitlich befristete Investitionszuwachspr\u00e4mie erh\u00f6hen das \u00f6sterreichische BIP 2003 insgesamt um bis zu \u00be%.<\\\/p><p>KW  - Konjunkturpaket; Wirtschaftspolitik; \u00d6sterreich<\\\/p><p>KW  - Konjunkturpaket; Wirtschaftspolitik; \u00d6sterreich<\\\/p><p>M3  - WIFO-Schriftenreihen<\\\/p><p>VL  - 76<\\\/p><p>SP  - 755<\\\/p><p>EP  - 768<\\\/p><p>JO  - WIFO-Monatsberichte<\\\/p><p>JF  - WIFO-Monatsberichte<\\\/p><p>ER  - <\\\/p><\\\/div>\"}","scientific_assistance":"[]","scientific_review":"[]","version":"","release_date":null,"expiration_date":null,"surveyor":"","research_assistance":"","edv":"","additional_info_de":"","additional_info_en":""},"yoast_head":"<!-- This site is optimized with the Yoast SEO Premium plugin v28.3 (Yoast SEO v28.3) - https:\/\/yoast.com\/product\/yoast-seo-premium-wordpress\/ -->\n<title>The Economic Stimulus Packages 2001 and 2002 - WIFO<\/title>\n<meta name=\"robots\" content=\"index, follow, max-snippet:-1, max-image-preview:large, max-video-preview:-1\" \/>\n<link rel=\"canonical\" href=\"https:\/\/www.wifo.ac.at\/en\/publication\/107790\/\" \/>\n<meta property=\"og:locale\" content=\"en_US\" \/>\n<meta property=\"og:type\" content=\"article\" \/>\n<meta property=\"og:title\" content=\"The Economic Stimulus Packages 2001 and 2002\" \/>\n<meta property=\"og:url\" content=\"https:\/\/www.wifo.ac.at\/en\/publication\/107790\/\" \/>\n<meta property=\"og:site_name\" content=\"WIFO\" \/>\n<meta property=\"article:publisher\" content=\"https:\/\/www.facebook.com\/WIFOat\/\" \/>\n<meta property=\"article:modified_time\" content=\"2024-11-07T02:22:40+00:00\" \/>\n<meta property=\"og:image\" content=\"https:\/\/www.wifo.ac.at\/wp-content\/uploads\/2024\/05\/WIFO-Gebaeude-FotoAlexanderMueller-www.alexandermueller.at-IMG_6326-Bearbeitet-1.jpg\" \/>\n\t<meta property=\"og:image:width\" content=\"1920\" \/>\n\t<meta property=\"og:image:height\" content=\"1280\" \/>\n\t<meta property=\"og:image:type\" content=\"image\/jpeg\" \/>\n<meta name=\"twitter:card\" content=\"summary_large_image\" \/>\n<meta name=\"twitter:site\" content=\"@WIFOat\" \/>\n<script type=\"application\/ld+json\" class=\"yoast-schema-graph\">{\"@context\":\"https:\\\/\\\/schema.org\",\"@graph\":[{\"@type\":\"WebPage\",\"@id\":\"https:\\\/\\\/www.wifo.ac.at\\\/en\\\/publication\\\/107790\\\/\",\"url\":\"https:\\\/\\\/www.wifo.ac.at\\\/en\\\/publication\\\/107790\\\/\",\"name\":\"The Economic Stimulus Packages 2001 and 2002 - WIFO\",\"isPartOf\":{\"@id\":\"https:\\\/\\\/www.wifo.ac.at\\\/en\\\/#website\"},\"datePublished\":\"2024-01-22T14:19:43+00:00\",\"dateModified\":\"2024-11-07T02:22:40+00:00\",\"breadcrumb\":{\"@id\":\"https:\\\/\\\/www.wifo.ac.at\\\/en\\\/publication\\\/107790\\\/#breadcrumb\"},\"inLanguage\":\"en-US\",\"potentialAction\":[{\"@type\":\"ReadAction\",\"target\":[\"https:\\\/\\\/www.wifo.ac.at\\\/en\\\/publication\\\/107790\\\/\"]}]},{\"@type\":\"BreadcrumbList\",\"@id\":\"https:\\\/\\\/www.wifo.ac.at\\\/en\\\/publication\\\/107790\\\/#breadcrumb\",\"itemListElement\":[{\"@type\":\"ListItem\",\"position\":1,\"name\":\"Startseite\",\"item\":\"https:\\\/\\\/www.wifo.ac.at\\\/en\\\/\"},{\"@type\":\"ListItem\",\"position\":2,\"name\":\"The Economic Stimulus Packages 2001 and 2002\"}]},{\"@type\":\"WebSite\",\"@id\":\"https:\\\/\\\/www.wifo.ac.at\\\/en\\\/#website\",\"url\":\"https:\\\/\\\/www.wifo.ac.at\\\/en\\\/\",\"name\":\"\u00d6sterreichisches Institut f\u00fcr Wirtschaftsforschung\",\"description\":\"\",\"publisher\":{\"@id\":\"https:\\\/\\\/www.wifo.ac.at\\\/en\\\/#organization\"},\"alternateName\":\"WIFO\",\"potentialAction\":[{\"@type\":\"SearchAction\",\"target\":{\"@type\":\"EntryPoint\",\"urlTemplate\":\"https:\\\/\\\/www.wifo.ac.at\\\/en\\\/?s={search_term_string}\"},\"query-input\":{\"@type\":\"PropertyValueSpecification\",\"valueRequired\":true,\"valueName\":\"search_term_string\"}}],\"inLanguage\":\"en-US\"},{\"@type\":\"Organization\",\"@id\":\"https:\\\/\\\/www.wifo.ac.at\\\/en\\\/#organization\",\"name\":\"\u00d6sterreichisches Institut f\u00fcr Wirtschaftsforschung\",\"alternateName\":\"WIFO\",\"url\":\"https:\\\/\\\/www.wifo.ac.at\\\/en\\\/\",\"logo\":{\"@type\":\"ImageObject\",\"inLanguage\":\"en-US\",\"@id\":\"https:\\\/\\\/www.wifo.ac.at\\\/en\\\/#\\\/schema\\\/logo\\\/image\\\/\",\"url\":\"https:\\\/\\\/www.wifo.ac.at\\\/wp-content\\\/uploads\\\/2024\\\/05\\\/WIFO_kurz_rechts-2-1920x412.jpg\",\"contentUrl\":\"https:\\\/\\\/www.wifo.ac.at\\\/wp-content\\\/uploads\\\/2024\\\/05\\\/WIFO_kurz_rechts-2-1920x412.jpg\",\"width\":2000,\"height\":429,\"caption\":\"\u00d6sterreichisches Institut f\u00fcr Wirtschaftsforschung\"},\"image\":{\"@id\":\"https:\\\/\\\/www.wifo.ac.at\\\/en\\\/#\\\/schema\\\/logo\\\/image\\\/\"},\"sameAs\":[\"https:\\\/\\\/www.facebook.com\\\/WIFOat\\\/\",\"https:\\\/\\\/x.com\\\/WIFOat\",\"https:\\\/\\\/linkedin.com\\\/company\\\/wifoat\\\/\",\"https:\\\/\\\/www.youtube.com\\\/@WIFO_at\"],\"description\":\"Das WIFO, 1927 von Friedrich August von Hayek und Ludwig von Mises zur Konjunkturanalyse gegr\u00fcndet, ist heute das f\u00fchrende Institut f\u00fcr angewandte empirische Wirtschaftsforschung in \u00d6sterreich mit starkem Engagement auf europ\u00e4ischer Ebene.\",\"email\":\"office@wifo.ac.at\",\"telephone\":\"+43 1 798 26 01 \u2013 0\",\"legalName\":\"\u00d6sterreichisches Institut f\u00fcr Wirtschaftsforschung\",\"foundingDate\":\"1927-01-02\",\"numberOfEmployees\":{\"@type\":\"QuantitativeValue\",\"minValue\":\"51\",\"maxValue\":\"200\"},\"publishingPrinciples\":\"https:\\\/\\\/www.wifo.ac.at\\\/institut\\\/mission-und-strategie\\\/\",\"ownershipFundingInfo\":\"https:\\\/\\\/www.wifo.ac.at\\\/institut\\\/organisation\\\/\",\"actionableFeedbackPolicy\":\"https:\\\/\\\/www.wifo.ac.at\\\/aktuelles\\\/presse\\\/\",\"correctionsPolicy\":\"https:\\\/\\\/www.wifo.ac.at\\\/institut\\\/kontakt\\\/\",\"ethicsPolicy\":\"https:\\\/\\\/www.wifo.ac.at\\\/institut\\\/evidenzbasierung-transparenz-und-unabhaengigkeit\\\/\",\"diversityPolicy\":\"https:\\\/\\\/www.wifo.ac.at\\\/institut\\\/gleichstellung\\\/\",\"diversityStaffingReport\":\"https:\\\/\\\/www.wifo.ac.at\\\/institut\\\/gleichstellung\\\/\"}]}<\/script>\n<!-- \/ Yoast SEO Premium plugin. -->","yoast_head_json":{"title":"The Economic Stimulus Packages 2001 and 2002 - WIFO","robots":{"index":"index","follow":"follow","max-snippet":"max-snippet:-1","max-image-preview":"max-image-preview:large","max-video-preview":"max-video-preview:-1"},"canonical":"https:\/\/www.wifo.ac.at\/en\/publication\/107790\/","og_locale":"en_US","og_type":"article","og_title":"The Economic Stimulus Packages 2001 and 2002","og_url":"https:\/\/www.wifo.ac.at\/en\/publication\/107790\/","og_site_name":"WIFO","article_publisher":"https:\/\/www.facebook.com\/WIFOat\/","article_modified_time":"2024-11-07T02:22:40+00:00","og_image":[{"width":1920,"height":1280,"url":"https:\/\/www.wifo.ac.at\/wp-content\/uploads\/2024\/05\/WIFO-Gebaeude-FotoAlexanderMueller-www.alexandermueller.at-IMG_6326-Bearbeitet-1.jpg","type":"image\/jpeg"}],"twitter_card":"summary_large_image","twitter_site":"@WIFOat","schema":{"@context":"https:\/\/schema.org","@graph":[{"@type":"WebPage","@id":"https:\/\/www.wifo.ac.at\/en\/publication\/107790\/","url":"https:\/\/www.wifo.ac.at\/en\/publication\/107790\/","name":"The Economic Stimulus Packages 2001 and 2002 - WIFO","isPartOf":{"@id":"https:\/\/www.wifo.ac.at\/en\/#website"},"datePublished":"2024-01-22T14:19:43+00:00","dateModified":"2024-11-07T02:22:40+00:00","breadcrumb":{"@id":"https:\/\/www.wifo.ac.at\/en\/publication\/107790\/#breadcrumb"},"inLanguage":"en-US","potentialAction":[{"@type":"ReadAction","target":["https:\/\/www.wifo.ac.at\/en\/publication\/107790\/"]}]},{"@type":"BreadcrumbList","@id":"https:\/\/www.wifo.ac.at\/en\/publication\/107790\/#breadcrumb","itemListElement":[{"@type":"ListItem","position":1,"name":"Startseite","item":"https:\/\/www.wifo.ac.at\/en\/"},{"@type":"ListItem","position":2,"name":"The Economic Stimulus Packages 2001 and 2002"}]},{"@type":"WebSite","@id":"https:\/\/www.wifo.ac.at\/en\/#website","url":"https:\/\/www.wifo.ac.at\/en\/","name":"\u00d6sterreichisches Institut f\u00fcr Wirtschaftsforschung","description":"","publisher":{"@id":"https:\/\/www.wifo.ac.at\/en\/#organization"},"alternateName":"WIFO","potentialAction":[{"@type":"SearchAction","target":{"@type":"EntryPoint","urlTemplate":"https:\/\/www.wifo.ac.at\/en\/?s={search_term_string}"},"query-input":{"@type":"PropertyValueSpecification","valueRequired":true,"valueName":"search_term_string"}}],"inLanguage":"en-US"},{"@type":"Organization","@id":"https:\/\/www.wifo.ac.at\/en\/#organization","name":"\u00d6sterreichisches Institut f\u00fcr Wirtschaftsforschung","alternateName":"WIFO","url":"https:\/\/www.wifo.ac.at\/en\/","logo":{"@type":"ImageObject","inLanguage":"en-US","@id":"https:\/\/www.wifo.ac.at\/en\/#\/schema\/logo\/image\/","url":"https:\/\/www.wifo.ac.at\/wp-content\/uploads\/2024\/05\/WIFO_kurz_rechts-2-1920x412.jpg","contentUrl":"https:\/\/www.wifo.ac.at\/wp-content\/uploads\/2024\/05\/WIFO_kurz_rechts-2-1920x412.jpg","width":2000,"height":429,"caption":"\u00d6sterreichisches Institut f\u00fcr Wirtschaftsforschung"},"image":{"@id":"https:\/\/www.wifo.ac.at\/en\/#\/schema\/logo\/image\/"},"sameAs":["https:\/\/www.facebook.com\/WIFOat\/","https:\/\/x.com\/WIFOat","https:\/\/linkedin.com\/company\/wifoat\/","https:\/\/www.youtube.com\/@WIFO_at"],"description":"Das WIFO, 1927 von Friedrich August von Hayek und Ludwig von Mises zur Konjunkturanalyse gegr\u00fcndet, ist heute das f\u00fchrende Institut f\u00fcr angewandte empirische Wirtschaftsforschung in \u00d6sterreich mit starkem Engagement auf europ\u00e4ischer Ebene.","email":"office@wifo.ac.at","telephone":"+43 1 798 26 01 \u2013 0","legalName":"\u00d6sterreichisches Institut f\u00fcr Wirtschaftsforschung","foundingDate":"1927-01-02","numberOfEmployees":{"@type":"QuantitativeValue","minValue":"51","maxValue":"200"},"publishingPrinciples":"https:\/\/www.wifo.ac.at\/institut\/mission-und-strategie\/","ownershipFundingInfo":"https:\/\/www.wifo.ac.at\/institut\/organisation\/","actionableFeedbackPolicy":"https:\/\/www.wifo.ac.at\/aktuelles\/presse\/","correctionsPolicy":"https:\/\/www.wifo.ac.at\/institut\/kontakt\/","ethicsPolicy":"https:\/\/www.wifo.ac.at\/institut\/evidenzbasierung-transparenz-und-unabhaengigkeit\/","diversityPolicy":"https:\/\/www.wifo.ac.at\/institut\/gleichstellung\/","diversityStaffingReport":"https:\/\/www.wifo.ac.at\/institut\/gleichstellung\/"}]}},"_links":{"self":[{"href":"https:\/\/www.wifo.ac.at\/en\/wp-json\/wp\/v2\/publication\/107790","targetHints":{"allow":["GET"]}}],"collection":[{"href":"https:\/\/www.wifo.ac.at\/en\/wp-json\/wp\/v2\/publication"}],"about":[{"href":"https:\/\/www.wifo.ac.at\/en\/wp-json\/wp\/v2\/types\/publication"}],"version-history":[{"count":2,"href":"https:\/\/www.wifo.ac.at\/en\/wp-json\/wp\/v2\/publication\/107790\/revisions"}],"predecessor-version":[{"id":317632,"href":"https:\/\/www.wifo.ac.at\/en\/wp-json\/wp\/v2\/publication\/107790\/revisions\/317632"}],"acf:post":[{"embeddable":true,"href":"https:\/\/www.wifo.ac.at\/en\/wp-json\/wp\/v2\/person\/3893"},{"embeddable":true,"href":"https:\/\/www.wifo.ac.at\/en\/wp-json\/wp\/v2\/person\/3843"},{"embeddable":true,"href":"https:\/\/www.wifo.ac.at\/en\/wp-json\/wp\/v2\/person\/4043"},{"embeddable":true,"href":"https:\/\/www.wifo.ac.at\/en\/wp-json\/wp\/v2\/person\/3945"},{"embeddable":true,"href":"https:\/\/www.wifo.ac.at\/en\/wp-json\/wp\/v2\/person\/4397"},{"embeddable":true,"href":"https:\/\/www.wifo.ac.at\/en\/wp-json\/wp\/v2\/person\/3830"},{"embeddable":true,"href":"https:\/\/www.wifo.ac.at\/en\/wp-json\/wp\/v2\/research_group\/3491"},{"embeddable":true,"href":"https:\/\/www.wifo.ac.at\/en\/wp-json\/wp\/v2\/research_group\/3500"},{"embeddable":true,"href":"https:\/\/www.wifo.ac.at\/en\/wp-json\/wp\/v2\/publication_type\/44312"}],"wp:attachment":[{"href":"https:\/\/www.wifo.ac.at\/en\/wp-json\/wp\/v2\/media?parent=107790"}],"curies":[{"name":"wp","href":"https:\/\/api.w.org\/{rel}","templated":true}]}}