{"id":107748,"date":"2024-01-22T15:18:39","date_gmt":"2024-01-22T14:18:39","guid":{"rendered":"https:\/\/www.wifo.ac.at\/publication\/107748\/"},"modified":"2024-11-07T03:22:22","modified_gmt":"2024-11-07T02:22:22","slug":"schwaeche-der-gesamtwirtschaftlichen-nachfrage-allmaehlich-ueberwunden-prognose-fuer-2003-und-2004","status":"publish","type":"publication","link":"https:\/\/www.wifo.ac.at\/en\/publication\/107748\/","title":{"rendered":"Schw\u00e4che der gesamtwirtschaftlichen Nachfrage allm\u00e4hlich \u00fcberwunden. Prognose f\u00fcr 2003 und 2004"},"content":{"rendered":"","protected":false},"featured_media":0,"template":"","class_list":["post-107748","publication","type-publication","status-publish","hentry"],"acf":{"subtitle":"","text":"\u00d6sterreichs Wirtschaft w\u00e4chst im Jahr 2003 um 0,7% und damit im dritten Jahr in Folge deutlich unter dem langfristigen Durchschnitt. Anders als in den Jahren 2001 und 2002 tr\u00e4gt allerdings heuer die Inlandsnachfrage das Wachstum. Konsum und Handel entwickeln sich ebenso wie Bau- und Ausr\u00fcstungsinvestitionen etwas g\u00fcnstiger als zuletzt. Die Aussichten f\u00fcr 2004 sind noch immer sehr vage. Sollte sich die etwas optimistischere Stimmung, die Unternehmens- und Verbraucherbefragungen in Europa in den letzen Monaten zeigen, in einer Erholung der Produktion best\u00e4tigen, dann k\u00f6nnte im Jahr 2004 eine leichte Konjunkturerholung einsetzen. \u00d6sterreichs BIP w\u00fcrde dann real um 1,4% zunehmen. Das Wachstum bleibt in beiden Jahren zu schwach, um eine Trendwende auf dem Arbeitsmarkt zu bewirken. Die Arbeitslosenquote wird leicht auf 7,1% der unselbst\u00e4ndigen Erwerbspersonen steigen. Der Finanzierungssaldo des Staates betr\u00e4gt in beiden Prognosejahren etwa \u20131% des BIP. Preisstabilit\u00e4t bleibt gewahrt, die Inflationsrate stabilisiert sich bei 1\u00bc%.","onlinedate":"2003-10-17 02:00:00","lang":"German","publication_series":"","publication_date":"20031001","publication_date_year":"","publication_date_full":false,"publication_num_pages":"","keywords":"[\"Konjunkturprognose; \u00d6sterreich\"]","jelcodes":"[]","related_publications":"[]","pdf":317544,"zip":null,"link":"","monthly_report":true,"monthly_report_main":false,"monthly_report_volume":"76","monthly_report_pages":"723-736","monthly_report_pages_sort":"723","issue":"10","journal":"WIFO-Monatsberichte","publisher":"","invisible":false,"external":false,"embargo_date":null,"types":[44312],"research_groups":[3500],"collaboration":"","persons":[4043],"persons_data":"[{\"personId\":4043,\"personName\":\"Markus Marterbauer\",\"organisationNames\":[]}]","clients":[],"subclients":[],"partners":[],"topics":[],"host_publication_title":"","host_publication_subtitle":"","place_of_publication":"","host_publication_editors":"[]","type_description":"","output_media":"","chapter":"","article_number":"","citations":"{\"apa\":\"<div class=\\\"rendering rendering_researchoutput  rendering_researchoutput_apa rendering_contributiontoperiodical rendering_apa rendering_contributiontoperiodical_apa\\\"><span>Marterbauer, M.<\\\/span> (2003). <span>Schw\u00e4che der gesamtwirtschaftlichen Nachfrage allm\u00e4hlich \u00fcberwunden. Prognose f\u00fcr 2003 und 2004<\\\/span>. <span><em>WIFO-Monatsberichte<\\\/em><\\\/span>, <em>76<\\\/em>(10), 723-736. <a onclick=\\\"window.open(this.href, '_blank','noopener,noreferrer'); return false;\\\" href=\\\"https:\\\/\\\/www.wifo.ac.at\\\/wwa\\\/pubid\\\/24618\\\" class=\\\"link\\\"><span>https:\\\/\\\/www.wifo.ac.at\\\/wwa\\\/pubid\\\/24618<\\\/span><\\\/a><\\\/div>\",\"vancouver\":\"<div class=\\\"rendering rendering_researchoutput  rendering_researchoutput_vancouver rendering_contributiontoperiodical rendering_vancouver rendering_contributiontoperiodical_vancouver\\\"><span>Marterbauer M<\\\/span>. <span class=\\\"title\\\"><span>Schw\u00e4che der gesamtwirtschaftlichen Nachfrage allm\u00e4hlich \u00fcberwunden. Prognose f\u00fcr 2003 und 2004<\\\/span><\\\/span>. <span>WIFO-Monatsberichte<\\\/span>. 2003 Oct;76(10):723-736.<\\\/div>\",\"bibtex\":\"<div class=\\\"rendering rendering_researchoutput  rendering_researchoutput_bibtex rendering_contributiontoperiodical rendering_bibtex rendering_contributiontoperiodical_bibtex\\\"><div>@misc{e78e97cac23742f1bf3f9ff9e0d7ef1d,<\\\/div><div>  title    = \\\"Schw{\\\\\\\"a}che der gesamtwirtschaftlichen Nachfrage allm{\\\\\\\"a}hlich {\\\\\\\"u}berwunden. Prognose f{\\\\\\\"u}r 2003 und 2004\\\",<\\\/div><div>  abstract = \\\"{\\\\\\\"O}sterreichs Wirtschaft w{\\\\\\\"a}chst im Jahr 2003 um 0,7\\\\% und damit im dritten Jahr in Folge deutlich unter dem langfristigen Durchschnitt. Anders als in den Jahren 2001 und 2002 tr{\\\\\\\"a}gt allerdings heuer die Inlandsnachfrage das Wachstum. Konsum und Handel entwickeln sich ebenso wie Bau- und Ausr{\\\\\\\"u}stungsinvestitionen etwas g{\\\\\\\"u}nstiger als zuletzt. Die Aussichten f{\\\\\\\"u}r 2004 sind noch immer sehr vage. Sollte sich die etwas optimistischere Stimmung, die Unternehmens- und Verbraucherbefragungen in Europa in den letzen Monaten zeigen, in einer Erholung der Produktion best{\\\\\\\"a}tigen, dann k{\\\\\\\"o}nnte im Jahr 2004 eine leichte Konjunkturerholung einsetzen. {\\\\\\\"O}sterreichs BIP w{\\\\\\\"u}rde dann real um 1,4\\\\% zunehmen. Das Wachstum bleibt in beiden Jahren zu schwach, um eine Trendwende auf dem Arbeitsmarkt zu bewirken. Die Arbeitslosenquote wird leicht auf 7,1\\\\% der unselbst{\\\\\\\"a}ndigen Erwerbspersonen steigen. Der Finanzierungssaldo des Staates betr{\\\\\\\"a}gt in beiden Prognosejahren etwa \u20131\\\\% des BIP. Preisstabilit{\\\\\\\"a}t bleibt gewahrt, die Inflationsrate stabilisiert sich bei 1\u00bc\\\\%.\\\",<\\\/div><div>  keywords = \\\"Konjunkturprognose; {\\\\\\\"O}sterreich, Konjunkturprognose; {\\\\\\\"O}sterreich\\\",<\\\/div><div>  author   = \\\"Markus Marterbauer\\\",<\\\/div><div>  note     = \\\"Konjunkturprognose\\\",<\\\/div><div>  year     = \\\"2003\\\",<\\\/div><div>  month    = oct,<\\\/div><div>  language = \\\"Deutsch\\\",<\\\/div><div>  volume   = \\\"76\\\",<\\\/div><div>  pages    = \\\"723--736\\\",<\\\/div><div>  journal  = \\\"WIFO-Monatsberichte\\\",<\\\/div><p>}<\\\/p><\\\/div>\",\"ris\":\"<div class=\\\"rendering rendering_researchoutput  rendering_researchoutput_ris rendering_contributiontoperiodical rendering_ris rendering_contributiontoperiodical_ris\\\"><p>TY  - GEN<\\\/p><p>T1  - Schw\u00e4che der gesamtwirtschaftlichen Nachfrage allm\u00e4hlich \u00fcberwunden. Prognose f\u00fcr 2003 und 2004<\\\/p><p>AU  - Marterbauer, Markus<\\\/p><p>N1  - Konjunkturprognose<\\\/p><p>PY  - 2003\\\/10<\\\/p><p>Y1  - 2003\\\/10<\\\/p><p>N2  - \u00d6sterreichs Wirtschaft w\u00e4chst im Jahr 2003 um 0,7% und damit im dritten Jahr in Folge deutlich unter dem langfristigen Durchschnitt. Anders als in den Jahren 2001 und 2002 tr\u00e4gt allerdings heuer die Inlandsnachfrage das Wachstum. Konsum und Handel entwickeln sich ebenso wie Bau- und Ausr\u00fcstungsinvestitionen etwas g\u00fcnstiger als zuletzt. Die Aussichten f\u00fcr 2004 sind noch immer sehr vage. Sollte sich die etwas optimistischere Stimmung, die Unternehmens- und Verbraucherbefragungen in Europa in den letzen Monaten zeigen, in einer Erholung der Produktion best\u00e4tigen, dann k\u00f6nnte im Jahr 2004 eine leichte Konjunkturerholung einsetzen. \u00d6sterreichs BIP w\u00fcrde dann real um 1,4% zunehmen. Das Wachstum bleibt in beiden Jahren zu schwach, um eine Trendwende auf dem Arbeitsmarkt zu bewirken. Die Arbeitslosenquote wird leicht auf 7,1% der unselbst\u00e4ndigen Erwerbspersonen steigen. Der Finanzierungssaldo des Staates betr\u00e4gt in beiden Prognosejahren etwa \u20131% des BIP. Preisstabilit\u00e4t bleibt gewahrt, die Inflationsrate stabilisiert sich bei 1\u00bc%.<\\\/p><p>AB  - \u00d6sterreichs Wirtschaft w\u00e4chst im Jahr 2003 um 0,7% und damit im dritten Jahr in Folge deutlich unter dem langfristigen Durchschnitt. Anders als in den Jahren 2001 und 2002 tr\u00e4gt allerdings heuer die Inlandsnachfrage das Wachstum. Konsum und Handel entwickeln sich ebenso wie Bau- und Ausr\u00fcstungsinvestitionen etwas g\u00fcnstiger als zuletzt. Die Aussichten f\u00fcr 2004 sind noch immer sehr vage. Sollte sich die etwas optimistischere Stimmung, die Unternehmens- und Verbraucherbefragungen in Europa in den letzen Monaten zeigen, in einer Erholung der Produktion best\u00e4tigen, dann k\u00f6nnte im Jahr 2004 eine leichte Konjunkturerholung einsetzen. \u00d6sterreichs BIP w\u00fcrde dann real um 1,4% zunehmen. Das Wachstum bleibt in beiden Jahren zu schwach, um eine Trendwende auf dem Arbeitsmarkt zu bewirken. Die Arbeitslosenquote wird leicht auf 7,1% der unselbst\u00e4ndigen Erwerbspersonen steigen. Der Finanzierungssaldo des Staates betr\u00e4gt in beiden Prognosejahren etwa \u20131% des BIP. Preisstabilit\u00e4t bleibt gewahrt, die Inflationsrate stabilisiert sich bei 1\u00bc%.<\\\/p><p>KW  - Konjunkturprognose; \u00d6sterreich<\\\/p><p>KW  - Konjunkturprognose; \u00d6sterreich<\\\/p><p>M3  - WIFO-Schriftenreihen<\\\/p><p>VL  - 76<\\\/p><p>SP  - 723<\\\/p><p>EP  - 736<\\\/p><p>JO  - WIFO-Monatsberichte<\\\/p><p>JF  - WIFO-Monatsberichte<\\\/p><p>ER  - <\\\/p><\\\/div>\"}","scientific_assistance":"[]","scientific_review":"[]","version":"","release_date":null,"expiration_date":null,"surveyor":"","research_assistance":"","edv":"","additional_info_de":"","additional_info_en":""},"yoast_head":"<!-- This site is optimized with the Yoast SEO Premium plugin v28.3 (Yoast SEO v28.3) - https:\/\/yoast.com\/product\/yoast-seo-premium-wordpress\/ -->\n<title>Schw\u00e4che der gesamtwirtschaftlichen Nachfrage allm\u00e4hlich \u00fcberwunden. Prognose f\u00fcr 2003 und 2004 - WIFO<\/title>\n<meta name=\"robots\" content=\"index, follow, max-snippet:-1, max-image-preview:large, max-video-preview:-1\" \/>\n<link rel=\"canonical\" href=\"https:\/\/www.wifo.ac.at\/en\/publication\/107748\/\" \/>\n<meta property=\"og:locale\" content=\"en_US\" \/>\n<meta property=\"og:type\" content=\"article\" \/>\n<meta property=\"og:title\" content=\"Schw\u00e4che der gesamtwirtschaftlichen Nachfrage allm\u00e4hlich \u00fcberwunden. Prognose f\u00fcr 2003 und 2004\" \/>\n<meta property=\"og:url\" content=\"https:\/\/www.wifo.ac.at\/en\/publication\/107748\/\" \/>\n<meta property=\"og:site_name\" content=\"WIFO\" \/>\n<meta property=\"article:publisher\" content=\"https:\/\/www.facebook.com\/WIFOat\/\" \/>\n<meta property=\"article:modified_time\" content=\"2024-11-07T02:22:22+00:00\" \/>\n<meta property=\"og:image\" content=\"https:\/\/www.wifo.ac.at\/wp-content\/uploads\/2024\/05\/WIFO-Gebaeude-FotoAlexanderMueller-www.alexandermueller.at-IMG_6326-Bearbeitet-1.jpg\" \/>\n\t<meta property=\"og:image:width\" content=\"1920\" \/>\n\t<meta property=\"og:image:height\" content=\"1280\" \/>\n\t<meta property=\"og:image:type\" content=\"image\/jpeg\" \/>\n<meta name=\"twitter:card\" content=\"summary_large_image\" \/>\n<meta name=\"twitter:site\" content=\"@WIFOat\" \/>\n<script type=\"application\/ld+json\" class=\"yoast-schema-graph\">{\"@context\":\"https:\\\/\\\/schema.org\",\"@graph\":[{\"@type\":\"WebPage\",\"@id\":\"https:\\\/\\\/www.wifo.ac.at\\\/en\\\/publication\\\/107748\\\/\",\"url\":\"https:\\\/\\\/www.wifo.ac.at\\\/en\\\/publication\\\/107748\\\/\",\"name\":\"Schw\u00e4che der gesamtwirtschaftlichen Nachfrage allm\u00e4hlich \u00fcberwunden. Prognose f\u00fcr 2003 und 2004 - WIFO\",\"isPartOf\":{\"@id\":\"https:\\\/\\\/www.wifo.ac.at\\\/en\\\/#website\"},\"datePublished\":\"2024-01-22T14:18:39+00:00\",\"dateModified\":\"2024-11-07T02:22:22+00:00\",\"breadcrumb\":{\"@id\":\"https:\\\/\\\/www.wifo.ac.at\\\/en\\\/publication\\\/107748\\\/#breadcrumb\"},\"inLanguage\":\"en-US\",\"potentialAction\":[{\"@type\":\"ReadAction\",\"target\":[\"https:\\\/\\\/www.wifo.ac.at\\\/en\\\/publication\\\/107748\\\/\"]}]},{\"@type\":\"BreadcrumbList\",\"@id\":\"https:\\\/\\\/www.wifo.ac.at\\\/en\\\/publication\\\/107748\\\/#breadcrumb\",\"itemListElement\":[{\"@type\":\"ListItem\",\"position\":1,\"name\":\"Startseite\",\"item\":\"https:\\\/\\\/www.wifo.ac.at\\\/en\\\/\"},{\"@type\":\"ListItem\",\"position\":2,\"name\":\"Schw\u00e4che der gesamtwirtschaftlichen Nachfrage allm\u00e4hlich \u00fcberwunden. Prognose f\u00fcr 2003 und 2004\"}]},{\"@type\":\"WebSite\",\"@id\":\"https:\\\/\\\/www.wifo.ac.at\\\/en\\\/#website\",\"url\":\"https:\\\/\\\/www.wifo.ac.at\\\/en\\\/\",\"name\":\"\u00d6sterreichisches Institut f\u00fcr Wirtschaftsforschung\",\"description\":\"\",\"publisher\":{\"@id\":\"https:\\\/\\\/www.wifo.ac.at\\\/en\\\/#organization\"},\"alternateName\":\"WIFO\",\"potentialAction\":[{\"@type\":\"SearchAction\",\"target\":{\"@type\":\"EntryPoint\",\"urlTemplate\":\"https:\\\/\\\/www.wifo.ac.at\\\/en\\\/?s={search_term_string}\"},\"query-input\":{\"@type\":\"PropertyValueSpecification\",\"valueRequired\":true,\"valueName\":\"search_term_string\"}}],\"inLanguage\":\"en-US\"},{\"@type\":\"Organization\",\"@id\":\"https:\\\/\\\/www.wifo.ac.at\\\/en\\\/#organization\",\"name\":\"\u00d6sterreichisches Institut f\u00fcr Wirtschaftsforschung\",\"alternateName\":\"WIFO\",\"url\":\"https:\\\/\\\/www.wifo.ac.at\\\/en\\\/\",\"logo\":{\"@type\":\"ImageObject\",\"inLanguage\":\"en-US\",\"@id\":\"https:\\\/\\\/www.wifo.ac.at\\\/en\\\/#\\\/schema\\\/logo\\\/image\\\/\",\"url\":\"https:\\\/\\\/www.wifo.ac.at\\\/wp-content\\\/uploads\\\/2024\\\/05\\\/WIFO_kurz_rechts-2-1920x412.jpg\",\"contentUrl\":\"https:\\\/\\\/www.wifo.ac.at\\\/wp-content\\\/uploads\\\/2024\\\/05\\\/WIFO_kurz_rechts-2-1920x412.jpg\",\"width\":2000,\"height\":429,\"caption\":\"\u00d6sterreichisches Institut f\u00fcr Wirtschaftsforschung\"},\"image\":{\"@id\":\"https:\\\/\\\/www.wifo.ac.at\\\/en\\\/#\\\/schema\\\/logo\\\/image\\\/\"},\"sameAs\":[\"https:\\\/\\\/www.facebook.com\\\/WIFOat\\\/\",\"https:\\\/\\\/x.com\\\/WIFOat\",\"https:\\\/\\\/linkedin.com\\\/company\\\/wifoat\\\/\",\"https:\\\/\\\/www.youtube.com\\\/@WIFO_at\"],\"description\":\"Das WIFO, 1927 von Friedrich August von Hayek und Ludwig von Mises zur Konjunkturanalyse gegr\u00fcndet, ist heute das f\u00fchrende Institut f\u00fcr angewandte empirische Wirtschaftsforschung in \u00d6sterreich mit starkem Engagement auf europ\u00e4ischer Ebene.\",\"email\":\"office@wifo.ac.at\",\"telephone\":\"+43 1 798 26 01 \u2013 0\",\"legalName\":\"\u00d6sterreichisches Institut f\u00fcr Wirtschaftsforschung\",\"foundingDate\":\"1927-01-02\",\"numberOfEmployees\":{\"@type\":\"QuantitativeValue\",\"minValue\":\"51\",\"maxValue\":\"200\"},\"publishingPrinciples\":\"https:\\\/\\\/www.wifo.ac.at\\\/institut\\\/mission-und-strategie\\\/\",\"ownershipFundingInfo\":\"https:\\\/\\\/www.wifo.ac.at\\\/institut\\\/organisation\\\/\",\"actionableFeedbackPolicy\":\"https:\\\/\\\/www.wifo.ac.at\\\/aktuelles\\\/presse\\\/\",\"correctionsPolicy\":\"https:\\\/\\\/www.wifo.ac.at\\\/institut\\\/kontakt\\\/\",\"ethicsPolicy\":\"https:\\\/\\\/www.wifo.ac.at\\\/institut\\\/evidenzbasierung-transparenz-und-unabhaengigkeit\\\/\",\"diversityPolicy\":\"https:\\\/\\\/www.wifo.ac.at\\\/institut\\\/gleichstellung\\\/\",\"diversityStaffingReport\":\"https:\\\/\\\/www.wifo.ac.at\\\/institut\\\/gleichstellung\\\/\"}]}<\/script>\n<!-- \/ Yoast SEO Premium plugin. -->","yoast_head_json":{"title":"Schw\u00e4che der gesamtwirtschaftlichen Nachfrage allm\u00e4hlich \u00fcberwunden. Prognose f\u00fcr 2003 und 2004 - WIFO","robots":{"index":"index","follow":"follow","max-snippet":"max-snippet:-1","max-image-preview":"max-image-preview:large","max-video-preview":"max-video-preview:-1"},"canonical":"https:\/\/www.wifo.ac.at\/en\/publication\/107748\/","og_locale":"en_US","og_type":"article","og_title":"Schw\u00e4che der gesamtwirtschaftlichen Nachfrage allm\u00e4hlich \u00fcberwunden. Prognose f\u00fcr 2003 und 2004","og_url":"https:\/\/www.wifo.ac.at\/en\/publication\/107748\/","og_site_name":"WIFO","article_publisher":"https:\/\/www.facebook.com\/WIFOat\/","article_modified_time":"2024-11-07T02:22:22+00:00","og_image":[{"width":1920,"height":1280,"url":"https:\/\/www.wifo.ac.at\/wp-content\/uploads\/2024\/05\/WIFO-Gebaeude-FotoAlexanderMueller-www.alexandermueller.at-IMG_6326-Bearbeitet-1.jpg","type":"image\/jpeg"}],"twitter_card":"summary_large_image","twitter_site":"@WIFOat","schema":{"@context":"https:\/\/schema.org","@graph":[{"@type":"WebPage","@id":"https:\/\/www.wifo.ac.at\/en\/publication\/107748\/","url":"https:\/\/www.wifo.ac.at\/en\/publication\/107748\/","name":"Schw\u00e4che der gesamtwirtschaftlichen Nachfrage allm\u00e4hlich \u00fcberwunden. Prognose f\u00fcr 2003 und 2004 - WIFO","isPartOf":{"@id":"https:\/\/www.wifo.ac.at\/en\/#website"},"datePublished":"2024-01-22T14:18:39+00:00","dateModified":"2024-11-07T02:22:22+00:00","breadcrumb":{"@id":"https:\/\/www.wifo.ac.at\/en\/publication\/107748\/#breadcrumb"},"inLanguage":"en-US","potentialAction":[{"@type":"ReadAction","target":["https:\/\/www.wifo.ac.at\/en\/publication\/107748\/"]}]},{"@type":"BreadcrumbList","@id":"https:\/\/www.wifo.ac.at\/en\/publication\/107748\/#breadcrumb","itemListElement":[{"@type":"ListItem","position":1,"name":"Startseite","item":"https:\/\/www.wifo.ac.at\/en\/"},{"@type":"ListItem","position":2,"name":"Schw\u00e4che der gesamtwirtschaftlichen Nachfrage allm\u00e4hlich \u00fcberwunden. Prognose f\u00fcr 2003 und 2004"}]},{"@type":"WebSite","@id":"https:\/\/www.wifo.ac.at\/en\/#website","url":"https:\/\/www.wifo.ac.at\/en\/","name":"\u00d6sterreichisches Institut f\u00fcr Wirtschaftsforschung","description":"","publisher":{"@id":"https:\/\/www.wifo.ac.at\/en\/#organization"},"alternateName":"WIFO","potentialAction":[{"@type":"SearchAction","target":{"@type":"EntryPoint","urlTemplate":"https:\/\/www.wifo.ac.at\/en\/?s={search_term_string}"},"query-input":{"@type":"PropertyValueSpecification","valueRequired":true,"valueName":"search_term_string"}}],"inLanguage":"en-US"},{"@type":"Organization","@id":"https:\/\/www.wifo.ac.at\/en\/#organization","name":"\u00d6sterreichisches Institut f\u00fcr Wirtschaftsforschung","alternateName":"WIFO","url":"https:\/\/www.wifo.ac.at\/en\/","logo":{"@type":"ImageObject","inLanguage":"en-US","@id":"https:\/\/www.wifo.ac.at\/en\/#\/schema\/logo\/image\/","url":"https:\/\/www.wifo.ac.at\/wp-content\/uploads\/2024\/05\/WIFO_kurz_rechts-2-1920x412.jpg","contentUrl":"https:\/\/www.wifo.ac.at\/wp-content\/uploads\/2024\/05\/WIFO_kurz_rechts-2-1920x412.jpg","width":2000,"height":429,"caption":"\u00d6sterreichisches Institut f\u00fcr Wirtschaftsforschung"},"image":{"@id":"https:\/\/www.wifo.ac.at\/en\/#\/schema\/logo\/image\/"},"sameAs":["https:\/\/www.facebook.com\/WIFOat\/","https:\/\/x.com\/WIFOat","https:\/\/linkedin.com\/company\/wifoat\/","https:\/\/www.youtube.com\/@WIFO_at"],"description":"Das WIFO, 1927 von Friedrich August von Hayek und Ludwig von Mises zur Konjunkturanalyse gegr\u00fcndet, ist heute das f\u00fchrende Institut f\u00fcr angewandte empirische Wirtschaftsforschung in \u00d6sterreich mit starkem Engagement auf europ\u00e4ischer Ebene.","email":"office@wifo.ac.at","telephone":"+43 1 798 26 01 \u2013 0","legalName":"\u00d6sterreichisches Institut f\u00fcr Wirtschaftsforschung","foundingDate":"1927-01-02","numberOfEmployees":{"@type":"QuantitativeValue","minValue":"51","maxValue":"200"},"publishingPrinciples":"https:\/\/www.wifo.ac.at\/institut\/mission-und-strategie\/","ownershipFundingInfo":"https:\/\/www.wifo.ac.at\/institut\/organisation\/","actionableFeedbackPolicy":"https:\/\/www.wifo.ac.at\/aktuelles\/presse\/","correctionsPolicy":"https:\/\/www.wifo.ac.at\/institut\/kontakt\/","ethicsPolicy":"https:\/\/www.wifo.ac.at\/institut\/evidenzbasierung-transparenz-und-unabhaengigkeit\/","diversityPolicy":"https:\/\/www.wifo.ac.at\/institut\/gleichstellung\/","diversityStaffingReport":"https:\/\/www.wifo.ac.at\/institut\/gleichstellung\/"}]}},"_links":{"self":[{"href":"https:\/\/www.wifo.ac.at\/en\/wp-json\/wp\/v2\/publication\/107748","targetHints":{"allow":["GET"]}}],"collection":[{"href":"https:\/\/www.wifo.ac.at\/en\/wp-json\/wp\/v2\/publication"}],"about":[{"href":"https:\/\/www.wifo.ac.at\/en\/wp-json\/wp\/v2\/types\/publication"}],"version-history":[{"count":2,"href":"https:\/\/www.wifo.ac.at\/en\/wp-json\/wp\/v2\/publication\/107748\/revisions"}],"predecessor-version":[{"id":317536,"href":"https:\/\/www.wifo.ac.at\/en\/wp-json\/wp\/v2\/publication\/107748\/revisions\/317536"}],"acf:post":[{"embeddable":true,"href":"https:\/\/www.wifo.ac.at\/en\/wp-json\/wp\/v2\/person\/4043"},{"embeddable":true,"href":"https:\/\/www.wifo.ac.at\/en\/wp-json\/wp\/v2\/research_group\/3500"},{"embeddable":true,"href":"https:\/\/www.wifo.ac.at\/en\/wp-json\/wp\/v2\/publication_type\/44312"}],"wp:attachment":[{"href":"https:\/\/www.wifo.ac.at\/en\/wp-json\/wp\/v2\/media?parent=107748"}],"curies":[{"name":"wp","href":"https:\/\/api.w.org\/{rel}","templated":true}]}}