{"id":107710,"date":"2024-01-22T15:17:43","date_gmt":"2024-01-22T14:17:43","guid":{"rendered":"https:\/\/www.wifo.ac.at\/publication\/107710\/"},"modified":"2026-02-17T16:31:54","modified_gmt":"2026-02-17T15:31:54","slug":"konjunkturpolitische-ansatzpunkte-2","status":"publish","type":"publication","link":"https:\/\/www.wifo.ac.at\/en\/publication\/107710\/","title":{"rendered":"Measures for Economic Stabilisation and Growth"},"content":{"rendered":"","protected":false},"featured_media":0,"template":"","class_list":["post-107710","publication","type-publication","status-publish","hentry"],"acf":{"subtitle":"","text":"One aim of the first phase of the tax reform coming into effect in 2004 is to strengthen the economic recovery. One of its elements is a tax relief granted for retained profits of non-incorporated firms to further the formation of equity capital. However, since small firms and firms with low profits can realise only low tax savings, the effectiveness of this tax measure is restricted. Within personal income taxation, gross incomes up to 14.500 \u20ac per year are completely tax-exempt from 2004 on. This tax cut will reach a volume of \u20ac 329 million in 2004 and \u20ac 400 million in 2005. Moreover, several kinds of social security contributions and payroll taxes for older employees will be lowered. These tax cuts are compensated, however, by the increase in energy and mineral oil taxes and in contributions to public health insurance. Thus no expansionary effect can be expected from the first phase of the tax reform.","onlinedate":"2003-11-13 01:00:00","lang":"German","publication_series":"","publication_date":"20031101","publication_date_year":"","publication_date_full":false,"publication_num_pages":"","keywords":"[]","jelcodes":"[]","related_publications":"[]","pdf":441287,"zip":null,"link":"https:\/\/www.wifo.ac.at\/wwa\/pubid\/24668","monthly_report":true,"monthly_report_main":false,"monthly_report_volume":"76","monthly_report_pages":"817-828","monthly_report_pages_sort":"817","issue":"11","journal":"WIFO-Monatsberichte","publisher":"","invisible":false,"external":false,"embargo_date":null,"types":[44312],"research_groups":[3500],"collaboration":"","persons":[3945,4043,3830],"persons_data":"[{\"personId\":3945,\"personName\":\"Helmut Kramer\",\"organisationNames\":[]},{\"personId\":4043,\"personName\":\"Markus Marterbauer\",\"organisationNames\":[]},{\"personId\":3830,\"personName\":\"Margit Schratzenstaller\",\"organisationNames\":[]}]","clients":[],"subclients":[],"partners":[],"topics":[],"host_publication_title":"","host_publication_subtitle":"","place_of_publication":"","host_publication_editors":"[]","type_description":"","output_media":"","chapter":"","article_number":"","citations":"{\"apa\":\"<div class=\\\"rendering rendering_researchoutput  rendering_researchoutput_apa rendering_contributiontoperiodical rendering_apa rendering_contributiontoperiodical_apa\\\"><span>Kramer, H.<\\\/span><span>, Marterbauer, M.<\\\/span><span>, &amp; Schratzenstaller, M.<\\\/span> (2003). <span>Konjunkturpolitische Ansatzpunkte<\\\/span>. <span><em>WIFO-Monatsberichte<\\\/em><\\\/span>, <em>76<\\\/em>(11), 817-828. <a onclick=\\\"window.open(this.href, '_blank','noopener,noreferrer'); return false;\\\" href=\\\"https:\\\/\\\/www.wifo.ac.at\\\/wwa\\\/pubid\\\/24668\\\" class=\\\"link\\\"><span>https:\\\/\\\/www.wifo.ac.at\\\/wwa\\\/pubid\\\/24668<\\\/span><\\\/a><\\\/div>\",\"vancouver\":\"<div class=\\\"rendering rendering_researchoutput  rendering_researchoutput_vancouver rendering_contributiontoperiodical rendering_vancouver rendering_contributiontoperiodical_vancouver\\\"><span>Kramer H<\\\/span><span>, Marterbauer M<\\\/span><span>, Schratzenstaller M<\\\/span>. <span class=\\\"title\\\"><span>Konjunkturpolitische Ansatzpunkte<\\\/span><\\\/span>. <span>WIFO-Monatsberichte<\\\/span>. 2003 Nov;76(11):817-828.<\\\/div>\",\"bibtex\":\"<div class=\\\"rendering rendering_researchoutput  rendering_researchoutput_bibtex rendering_contributiontoperiodical rendering_bibtex rendering_contributiontoperiodical_bibtex\\\"><div>@misc{8ba12a20f56847b09d2fad9aab1787e6,<\\\/div><div>  title    = \\\"Konjunkturpolitische Ansatzpunkte\\\",<\\\/div><div>  abstract = \\\"Die erste Stufe der Steuerreform, die 2004 in Kraft tritt, wird relativ geringe kurzfristige Konjunktureffekte entfalten. Sie ist aber im Zusammenhang mit struktur- und budgetpolitischen Priorit{\\\\\\\"a}ten zu sehen. Die Steuerentlastung nicht entnommener Gewinne der Kapitalgesellschaften kann deren Risikobereitschaft verbessern. Unmittelbar wird die Investitionst{\\\\\\\"a}tigkeit kaum wesentlich steigen. Die Lohnsteuersenkung im unteren Einkommensbereich st{\\\\\\\"a}rkt die Kaufkraft in einer Schicht mit unterdurchschnittlicher Import- und Sparneigung. Ihre stimulierende Wirksamkeit wird durch die auf Konsolidierung bedachte generelle Budgetlinie limitiert. Angesichts der starken internationalen Verflechtung der {\\\\\\\"o}sterreichischen Wirtschaft ist die konjunkturpolitische Wirksamkeit nationaler Ma{\\\\ss}nahmen begrenzt. {\\\\\\\"O}sterreich sollte die Umsetzung der Wachstumsinitiative der Europ{\\\\\\\"a}ischen Kommission unterst{\\\\\\\"u}tzen.\\\",<\\\/div><div>  keywords = \\\"Konjunkturpaket; Konjunkturpolitik; Wirtschaftspolitik; {\\\\\\\"O}sterreich\\\",<\\\/div><div>  author   = \\\"Helmut Kramer and Markus Marterbauer and Margit Schratzenstaller\\\",<\\\/div><div>  note     = \\\"Konjunkturpolitik\\\",<\\\/div><div>  year     = \\\"2003\\\",<\\\/div><div>  month    = nov,<\\\/div><div>  language = \\\"Deutsch\\\",<\\\/div><div>  volume   = \\\"76\\\",<\\\/div><div>  pages    = \\\"817--828\\\",<\\\/div><div>  journal  = \\\"WIFO-Monatsberichte\\\",<\\\/div><p>}<\\\/p><\\\/div>\",\"ris\":\"<div class=\\\"rendering rendering_researchoutput  rendering_researchoutput_ris rendering_contributiontoperiodical rendering_ris rendering_contributiontoperiodical_ris\\\"><p>TY  - GEN<\\\/p><p>T1  - Konjunkturpolitische Ansatzpunkte<\\\/p><p>AU  - Kramer, Helmut<\\\/p><p>AU  - Marterbauer, Markus<\\\/p><p>AU  - Schratzenstaller, Margit<\\\/p><p>N1  - Konjunkturpolitik<\\\/p><p>PY  - 2003\\\/11<\\\/p><p>Y1  - 2003\\\/11<\\\/p><p>N2  - Die erste Stufe der Steuerreform, die 2004 in Kraft tritt, wird relativ geringe kurzfristige Konjunktureffekte entfalten. Sie ist aber im Zusammenhang mit struktur- und budgetpolitischen Priorit\u00e4ten zu sehen. Die Steuerentlastung nicht entnommener Gewinne der Kapitalgesellschaften kann deren Risikobereitschaft verbessern. Unmittelbar wird die Investitionst\u00e4tigkeit kaum wesentlich steigen. Die Lohnsteuersenkung im unteren Einkommensbereich st\u00e4rkt die Kaufkraft in einer Schicht mit unterdurchschnittlicher Import- und Sparneigung. Ihre stimulierende Wirksamkeit wird durch die auf Konsolidierung bedachte generelle Budgetlinie limitiert. Angesichts der starken internationalen Verflechtung der \u00f6sterreichischen Wirtschaft ist die konjunkturpolitische Wirksamkeit nationaler Ma\u00dfnahmen begrenzt. \u00d6sterreich sollte die Umsetzung der Wachstumsinitiative der Europ\u00e4ischen Kommission unterst\u00fctzen.<\\\/p><p>AB  - Die erste Stufe der Steuerreform, die 2004 in Kraft tritt, wird relativ geringe kurzfristige Konjunktureffekte entfalten. Sie ist aber im Zusammenhang mit struktur- und budgetpolitischen Priorit\u00e4ten zu sehen. Die Steuerentlastung nicht entnommener Gewinne der Kapitalgesellschaften kann deren Risikobereitschaft verbessern. Unmittelbar wird die Investitionst\u00e4tigkeit kaum wesentlich steigen. Die Lohnsteuersenkung im unteren Einkommensbereich st\u00e4rkt die Kaufkraft in einer Schicht mit unterdurchschnittlicher Import- und Sparneigung. Ihre stimulierende Wirksamkeit wird durch die auf Konsolidierung bedachte generelle Budgetlinie limitiert. Angesichts der starken internationalen Verflechtung der \u00f6sterreichischen Wirtschaft ist die konjunkturpolitische Wirksamkeit nationaler Ma\u00dfnahmen begrenzt. \u00d6sterreich sollte die Umsetzung der Wachstumsinitiative der Europ\u00e4ischen Kommission unterst\u00fctzen.<\\\/p><p>KW  - Konjunkturpaket; Konjunkturpolitik; Wirtschaftspolitik; \u00d6sterreich<\\\/p><p>M3  - WIFO-Schriftenreihen<\\\/p><p>VL  - 76<\\\/p><p>SP  - 817<\\\/p><p>EP  - 828<\\\/p><p>JO  - WIFO-Monatsberichte<\\\/p><p>JF  - WIFO-Monatsberichte<\\\/p><p>ER  - <\\\/p><\\\/div>\"}","scientific_assistance":"[]","scientific_review":"[]","version":"","release_date":null,"expiration_date":null,"surveyor":"","research_assistance":"","edv":"","additional_info_de":"","additional_info_en":""},"yoast_head":"<!-- This site is optimized with the Yoast SEO Premium plugin v28.3 (Yoast SEO v28.3) - https:\/\/yoast.com\/product\/yoast-seo-premium-wordpress\/ -->\n<title>Measures for Economic Stabilisation and Growth - WIFO<\/title>\n<meta name=\"robots\" content=\"index, follow, max-snippet:-1, max-image-preview:large, max-video-preview:-1\" \/>\n<link rel=\"canonical\" href=\"https:\/\/www.wifo.ac.at\/en\/publication\/107710\/\" \/>\n<meta property=\"og:locale\" content=\"en_US\" \/>\n<meta property=\"og:type\" content=\"article\" \/>\n<meta property=\"og:title\" content=\"Measures for Economic Stabilisation and Growth\" \/>\n<meta property=\"og:url\" content=\"https:\/\/www.wifo.ac.at\/en\/publication\/107710\/\" \/>\n<meta property=\"og:site_name\" content=\"WIFO\" \/>\n<meta property=\"article:publisher\" content=\"https:\/\/www.facebook.com\/WIFOat\/\" \/>\n<meta property=\"article:modified_time\" content=\"2026-02-17T15:31:54+00:00\" \/>\n<meta property=\"og:image\" content=\"https:\/\/www.wifo.ac.at\/wp-content\/uploads\/2024\/05\/WIFO-Gebaeude-FotoAlexanderMueller-www.alexandermueller.at-IMG_6326-Bearbeitet-1.jpg\" \/>\n\t<meta property=\"og:image:width\" content=\"1920\" \/>\n\t<meta property=\"og:image:height\" content=\"1280\" \/>\n\t<meta property=\"og:image:type\" content=\"image\/jpeg\" \/>\n<meta name=\"twitter:card\" content=\"summary_large_image\" \/>\n<meta name=\"twitter:site\" content=\"@WIFOat\" \/>\n<script type=\"application\/ld+json\" class=\"yoast-schema-graph\">{\"@context\":\"https:\\\/\\\/schema.org\",\"@graph\":[{\"@type\":\"WebPage\",\"@id\":\"https:\\\/\\\/www.wifo.ac.at\\\/en\\\/publication\\\/107710\\\/\",\"url\":\"https:\\\/\\\/www.wifo.ac.at\\\/en\\\/publication\\\/107710\\\/\",\"name\":\"Measures for Economic Stabilisation and Growth - WIFO\",\"isPartOf\":{\"@id\":\"https:\\\/\\\/www.wifo.ac.at\\\/en\\\/#website\"},\"datePublished\":\"2024-01-22T14:17:43+00:00\",\"dateModified\":\"2026-02-17T15:31:54+00:00\",\"breadcrumb\":{\"@id\":\"https:\\\/\\\/www.wifo.ac.at\\\/en\\\/publication\\\/107710\\\/#breadcrumb\"},\"inLanguage\":\"en-US\",\"potentialAction\":[{\"@type\":\"ReadAction\",\"target\":[\"https:\\\/\\\/www.wifo.ac.at\\\/en\\\/publication\\\/107710\\\/\"]}]},{\"@type\":\"BreadcrumbList\",\"@id\":\"https:\\\/\\\/www.wifo.ac.at\\\/en\\\/publication\\\/107710\\\/#breadcrumb\",\"itemListElement\":[{\"@type\":\"ListItem\",\"position\":1,\"name\":\"Startseite\",\"item\":\"https:\\\/\\\/www.wifo.ac.at\\\/en\\\/\"},{\"@type\":\"ListItem\",\"position\":2,\"name\":\"Measures for Economic Stabilisation and Growth\"}]},{\"@type\":\"WebSite\",\"@id\":\"https:\\\/\\\/www.wifo.ac.at\\\/en\\\/#website\",\"url\":\"https:\\\/\\\/www.wifo.ac.at\\\/en\\\/\",\"name\":\"\u00d6sterreichisches Institut f\u00fcr Wirtschaftsforschung\",\"description\":\"\",\"publisher\":{\"@id\":\"https:\\\/\\\/www.wifo.ac.at\\\/en\\\/#organization\"},\"alternateName\":\"WIFO\",\"potentialAction\":[{\"@type\":\"SearchAction\",\"target\":{\"@type\":\"EntryPoint\",\"urlTemplate\":\"https:\\\/\\\/www.wifo.ac.at\\\/en\\\/?s={search_term_string}\"},\"query-input\":{\"@type\":\"PropertyValueSpecification\",\"valueRequired\":true,\"valueName\":\"search_term_string\"}}],\"inLanguage\":\"en-US\"},{\"@type\":\"Organization\",\"@id\":\"https:\\\/\\\/www.wifo.ac.at\\\/en\\\/#organization\",\"name\":\"\u00d6sterreichisches Institut f\u00fcr Wirtschaftsforschung\",\"alternateName\":\"WIFO\",\"url\":\"https:\\\/\\\/www.wifo.ac.at\\\/en\\\/\",\"logo\":{\"@type\":\"ImageObject\",\"inLanguage\":\"en-US\",\"@id\":\"https:\\\/\\\/www.wifo.ac.at\\\/en\\\/#\\\/schema\\\/logo\\\/image\\\/\",\"url\":\"https:\\\/\\\/www.wifo.ac.at\\\/wp-content\\\/uploads\\\/2024\\\/05\\\/WIFO_kurz_rechts-2-1920x412.jpg\",\"contentUrl\":\"https:\\\/\\\/www.wifo.ac.at\\\/wp-content\\\/uploads\\\/2024\\\/05\\\/WIFO_kurz_rechts-2-1920x412.jpg\",\"width\":2000,\"height\":429,\"caption\":\"\u00d6sterreichisches Institut f\u00fcr Wirtschaftsforschung\"},\"image\":{\"@id\":\"https:\\\/\\\/www.wifo.ac.at\\\/en\\\/#\\\/schema\\\/logo\\\/image\\\/\"},\"sameAs\":[\"https:\\\/\\\/www.facebook.com\\\/WIFOat\\\/\",\"https:\\\/\\\/x.com\\\/WIFOat\",\"https:\\\/\\\/linkedin.com\\\/company\\\/wifoat\\\/\",\"https:\\\/\\\/www.youtube.com\\\/@WIFO_at\"],\"description\":\"Das WIFO, 1927 von Friedrich August von Hayek und Ludwig von Mises zur Konjunkturanalyse gegr\u00fcndet, ist heute das f\u00fchrende Institut f\u00fcr angewandte empirische Wirtschaftsforschung in \u00d6sterreich mit starkem Engagement auf europ\u00e4ischer Ebene.\",\"email\":\"office@wifo.ac.at\",\"telephone\":\"+43 1 798 26 01 \u2013 0\",\"legalName\":\"\u00d6sterreichisches Institut f\u00fcr Wirtschaftsforschung\",\"foundingDate\":\"1927-01-02\",\"numberOfEmployees\":{\"@type\":\"QuantitativeValue\",\"minValue\":\"51\",\"maxValue\":\"200\"},\"publishingPrinciples\":\"https:\\\/\\\/www.wifo.ac.at\\\/institut\\\/mission-und-strategie\\\/\",\"ownershipFundingInfo\":\"https:\\\/\\\/www.wifo.ac.at\\\/institut\\\/organisation\\\/\",\"actionableFeedbackPolicy\":\"https:\\\/\\\/www.wifo.ac.at\\\/aktuelles\\\/presse\\\/\",\"correctionsPolicy\":\"https:\\\/\\\/www.wifo.ac.at\\\/institut\\\/kontakt\\\/\",\"ethicsPolicy\":\"https:\\\/\\\/www.wifo.ac.at\\\/institut\\\/evidenzbasierung-transparenz-und-unabhaengigkeit\\\/\",\"diversityPolicy\":\"https:\\\/\\\/www.wifo.ac.at\\\/institut\\\/gleichstellung\\\/\",\"diversityStaffingReport\":\"https:\\\/\\\/www.wifo.ac.at\\\/institut\\\/gleichstellung\\\/\"}]}<\/script>\n<!-- \/ Yoast SEO Premium plugin. -->","yoast_head_json":{"title":"Measures for Economic Stabilisation and Growth - WIFO","robots":{"index":"index","follow":"follow","max-snippet":"max-snippet:-1","max-image-preview":"max-image-preview:large","max-video-preview":"max-video-preview:-1"},"canonical":"https:\/\/www.wifo.ac.at\/en\/publication\/107710\/","og_locale":"en_US","og_type":"article","og_title":"Measures for Economic Stabilisation and Growth","og_url":"https:\/\/www.wifo.ac.at\/en\/publication\/107710\/","og_site_name":"WIFO","article_publisher":"https:\/\/www.facebook.com\/WIFOat\/","article_modified_time":"2026-02-17T15:31:54+00:00","og_image":[{"width":1920,"height":1280,"url":"https:\/\/www.wifo.ac.at\/wp-content\/uploads\/2024\/05\/WIFO-Gebaeude-FotoAlexanderMueller-www.alexandermueller.at-IMG_6326-Bearbeitet-1.jpg","type":"image\/jpeg"}],"twitter_card":"summary_large_image","twitter_site":"@WIFOat","schema":{"@context":"https:\/\/schema.org","@graph":[{"@type":"WebPage","@id":"https:\/\/www.wifo.ac.at\/en\/publication\/107710\/","url":"https:\/\/www.wifo.ac.at\/en\/publication\/107710\/","name":"Measures for Economic Stabilisation and Growth - WIFO","isPartOf":{"@id":"https:\/\/www.wifo.ac.at\/en\/#website"},"datePublished":"2024-01-22T14:17:43+00:00","dateModified":"2026-02-17T15:31:54+00:00","breadcrumb":{"@id":"https:\/\/www.wifo.ac.at\/en\/publication\/107710\/#breadcrumb"},"inLanguage":"en-US","potentialAction":[{"@type":"ReadAction","target":["https:\/\/www.wifo.ac.at\/en\/publication\/107710\/"]}]},{"@type":"BreadcrumbList","@id":"https:\/\/www.wifo.ac.at\/en\/publication\/107710\/#breadcrumb","itemListElement":[{"@type":"ListItem","position":1,"name":"Startseite","item":"https:\/\/www.wifo.ac.at\/en\/"},{"@type":"ListItem","position":2,"name":"Measures for Economic Stabilisation and Growth"}]},{"@type":"WebSite","@id":"https:\/\/www.wifo.ac.at\/en\/#website","url":"https:\/\/www.wifo.ac.at\/en\/","name":"\u00d6sterreichisches Institut f\u00fcr Wirtschaftsforschung","description":"","publisher":{"@id":"https:\/\/www.wifo.ac.at\/en\/#organization"},"alternateName":"WIFO","potentialAction":[{"@type":"SearchAction","target":{"@type":"EntryPoint","urlTemplate":"https:\/\/www.wifo.ac.at\/en\/?s={search_term_string}"},"query-input":{"@type":"PropertyValueSpecification","valueRequired":true,"valueName":"search_term_string"}}],"inLanguage":"en-US"},{"@type":"Organization","@id":"https:\/\/www.wifo.ac.at\/en\/#organization","name":"\u00d6sterreichisches Institut f\u00fcr Wirtschaftsforschung","alternateName":"WIFO","url":"https:\/\/www.wifo.ac.at\/en\/","logo":{"@type":"ImageObject","inLanguage":"en-US","@id":"https:\/\/www.wifo.ac.at\/en\/#\/schema\/logo\/image\/","url":"https:\/\/www.wifo.ac.at\/wp-content\/uploads\/2024\/05\/WIFO_kurz_rechts-2-1920x412.jpg","contentUrl":"https:\/\/www.wifo.ac.at\/wp-content\/uploads\/2024\/05\/WIFO_kurz_rechts-2-1920x412.jpg","width":2000,"height":429,"caption":"\u00d6sterreichisches Institut f\u00fcr Wirtschaftsforschung"},"image":{"@id":"https:\/\/www.wifo.ac.at\/en\/#\/schema\/logo\/image\/"},"sameAs":["https:\/\/www.facebook.com\/WIFOat\/","https:\/\/x.com\/WIFOat","https:\/\/linkedin.com\/company\/wifoat\/","https:\/\/www.youtube.com\/@WIFO_at"],"description":"Das WIFO, 1927 von Friedrich August von Hayek und Ludwig von Mises zur Konjunkturanalyse gegr\u00fcndet, ist heute das f\u00fchrende Institut f\u00fcr angewandte empirische Wirtschaftsforschung in \u00d6sterreich mit starkem Engagement auf europ\u00e4ischer Ebene.","email":"office@wifo.ac.at","telephone":"+43 1 798 26 01 \u2013 0","legalName":"\u00d6sterreichisches Institut f\u00fcr Wirtschaftsforschung","foundingDate":"1927-01-02","numberOfEmployees":{"@type":"QuantitativeValue","minValue":"51","maxValue":"200"},"publishingPrinciples":"https:\/\/www.wifo.ac.at\/institut\/mission-und-strategie\/","ownershipFundingInfo":"https:\/\/www.wifo.ac.at\/institut\/organisation\/","actionableFeedbackPolicy":"https:\/\/www.wifo.ac.at\/aktuelles\/presse\/","correctionsPolicy":"https:\/\/www.wifo.ac.at\/institut\/kontakt\/","ethicsPolicy":"https:\/\/www.wifo.ac.at\/institut\/evidenzbasierung-transparenz-und-unabhaengigkeit\/","diversityPolicy":"https:\/\/www.wifo.ac.at\/institut\/gleichstellung\/","diversityStaffingReport":"https:\/\/www.wifo.ac.at\/institut\/gleichstellung\/"}]}},"_links":{"self":[{"href":"https:\/\/www.wifo.ac.at\/en\/wp-json\/wp\/v2\/publication\/107710","targetHints":{"allow":["GET"]}}],"collection":[{"href":"https:\/\/www.wifo.ac.at\/en\/wp-json\/wp\/v2\/publication"}],"about":[{"href":"https:\/\/www.wifo.ac.at\/en\/wp-json\/wp\/v2\/types\/publication"}],"version-history":[{"count":1,"href":"https:\/\/www.wifo.ac.at\/en\/wp-json\/wp\/v2\/publication\/107710\/revisions"}],"predecessor-version":[{"id":317460,"href":"https:\/\/www.wifo.ac.at\/en\/wp-json\/wp\/v2\/publication\/107710\/revisions\/317460"}],"acf:post":[{"embeddable":true,"href":"https:\/\/www.wifo.ac.at\/en\/wp-json\/wp\/v2\/person\/3830"},{"embeddable":true,"href":"https:\/\/www.wifo.ac.at\/en\/wp-json\/wp\/v2\/person\/4043"},{"embeddable":true,"href":"https:\/\/www.wifo.ac.at\/en\/wp-json\/wp\/v2\/person\/3945"},{"embeddable":true,"href":"https:\/\/www.wifo.ac.at\/en\/wp-json\/wp\/v2\/research_group\/3500"},{"embeddable":true,"href":"https:\/\/www.wifo.ac.at\/en\/wp-json\/wp\/v2\/publication_type\/44312"}],"wp:attachment":[{"href":"https:\/\/www.wifo.ac.at\/en\/wp-json\/wp\/v2\/media?parent=107710"}],"curies":[{"name":"wp","href":"https:\/\/api.w.org\/{rel}","templated":true}]}}