{"id":107502,"date":"2024-01-22T15:13:38","date_gmt":"2024-01-22T14:13:38","guid":{"rendered":"https:\/\/www.wifo.ac.at\/publication\/107502\/"},"modified":"2026-02-17T16:31:27","modified_gmt":"2026-02-17T15:31:27","slug":"mangelnde-nachfrage-und-dollarabwertung-belasten-die-konjunktur-2","status":"publish","type":"publication","link":"https:\/\/www.wifo.ac.at\/en\/publication\/107502\/","title":{"rendered":"Mangelnde Nachfrage und Dollarabwertung belasten die Konjunktur"},"content":{"rendered":"","protected":false},"featured_media":0,"template":"","class_list":["post-107502","publication","type-publication","status-publish","hentry"],"acf":{"subtitle":"","text":"Die Konjunktur leidet weiter unter Nachfragemangel, eine Erholung zeichnet sich nicht ab. Seit Jahresbeginn werden die Impulse von der Exportnachfrage schw\u00e4cher, die bislang die wichtigste Konjunkturst\u00fctze bildete. Dies spiegelt die ung\u00fcnstige Nachfragesituation bei wichtigen Handelspartnern und die Abwertung des Dollars gegen\u00fcber dem Euro wider. Die Sachg\u00fcterproduktion stagniert, der Investitionsattentismus der Unternehmen h\u00e4lt an. Etwas g\u00fcnstiger entwickeln sich die Ums\u00e4tze im Handel und die Bauinvestitionen. Die effektive Aufwertung des Euro d\u00e4mpft auch die Inflation. Die Lage auf dem Arbeitsmarkt bleibt schwierig. Im Produktionsbereich geht die Besch\u00e4ftigung weiter zur\u00fcck, private und \u00f6ffentliche Dienstleistungsanbieter melden steigende Besch\u00e4ftigung. Oft betrifft dies Teilzeitarbeitspl\u00e4tze bzw. die Teilnahme an Schulungsma\u00dfnahmen.","onlinedate":"2003-06-18 02:00:00","lang":"German","publication_series":"","publication_date":"20030601","publication_date_year":"","publication_date_full":false,"publication_num_pages":"","keywords":"[\"Konjunkturbericht\",\" \u00d6sterreich\"]","jelcodes":"[]","related_publications":"[]","pdf":441267,"zip":null,"link":"https:\/\/www.wifo.ac.at\/wwa\/pubid\/24269","monthly_report":true,"monthly_report_main":false,"monthly_report_volume":"76","monthly_report_pages":"407-414","monthly_report_pages_sort":"407","issue":"6","journal":"WIFO-Monatsberichte","publisher":"","invisible":false,"external":false,"embargo_date":null,"types":[44312],"research_groups":[3500],"collaboration":"","persons":[4043],"persons_data":"[{\"personId\":4043,\"personName\":\"Markus Marterbauer\",\"organisationNames\":[]}]","clients":[],"subclients":[],"partners":[],"topics":[],"host_publication_title":"","host_publication_subtitle":"","place_of_publication":"","host_publication_editors":"[]","type_description":"","output_media":"","chapter":"","article_number":"","citations":"{\"apa\":\"<div class=\\\"rendering rendering_researchoutput  rendering_researchoutput_apa rendering_contributiontoperiodical rendering_apa rendering_contributiontoperiodical_apa\\\"><span>Marterbauer, M.<\\\/span> (2003). <span>Mangelnde Nachfrage und Dollarabwertung belasten die Konjunktur<\\\/span>. <span><em>WIFO-Monatsberichte<\\\/em><\\\/span>, <em>76<\\\/em>(6), 407-414. <a onclick=\\\"window.open(this.href, '_blank','noopener,noreferrer'); return false;\\\" href=\\\"https:\\\/\\\/www.wifo.ac.at\\\/wwa\\\/pubid\\\/24269\\\" class=\\\"link\\\"><span>https:\\\/\\\/www.wifo.ac.at\\\/wwa\\\/pubid\\\/24269<\\\/span><\\\/a><\\\/div>\",\"vancouver\":\"<div class=\\\"rendering rendering_researchoutput  rendering_researchoutput_vancouver rendering_contributiontoperiodical rendering_vancouver rendering_contributiontoperiodical_vancouver\\\"><span>Marterbauer M<\\\/span>. <span class=\\\"title\\\"><span>Mangelnde Nachfrage und Dollarabwertung belasten die Konjunktur<\\\/span><\\\/span>. <span>WIFO-Monatsberichte<\\\/span>. 2003 Jun;76(6):407-414.<\\\/div>\",\"bibtex\":\"<div class=\\\"rendering rendering_researchoutput  rendering_researchoutput_bibtex rendering_contributiontoperiodical rendering_bibtex rendering_contributiontoperiodical_bibtex\\\"><div>@misc{ebad39d84cc0486bb468c0c9e8583039,<\\\/div><div>  title    = \\\"Mangelnde Nachfrage und Dollarabwertung belasten die Konjunktur\\\",<\\\/div><div>  abstract = \\\"Die Konjunktur leidet weiter unter Nachfragemangel, eine Erholung zeichnet sich nicht ab. Seit Jahresbeginn werden die Impulse von der Exportnachfrage schw{\\\\\\\"a}cher, die bislang die wichtigste Konjunkturst{\\\\\\\"u}tze bildete. Dies spiegelt die ung{\\\\\\\"u}nstige Nachfragesituation bei wichtigen Handelspartnern und die Abwertung des Dollars gegen{\\\\\\\"u}ber dem Euro wider. Die Sachg{\\\\\\\"u}terproduktion stagniert, der Investitionsattentismus der Unternehmen h{\\\\\\\"a}lt an. Etwas g{\\\\\\\"u}nstiger entwickeln sich die Ums{\\\\\\\"a}tze im Handel und die Bauinvestitionen. Die effektive Aufwertung des Euro d{\\\\\\\"a}mpft auch die Inflation. Die Lage auf dem Arbeitsmarkt bleibt schwierig. Im Produktionsbereich geht die Besch{\\\\\\\"a}ftigung weiter zur{\\\\\\\"u}ck, private und {\\\\\\\"o}ffentliche Dienstleistungsanbieter melden steigende Besch{\\\\\\\"a}ftigung. Oft betrifft dies Teilzeitarbeitspl{\\\\\\\"a}tze bzw. die Teilnahme an Schulungsma{\\\\ss}nahmen.\\\",<\\\/div><div>  keywords = \\\"Konjunkturbericht, {\\\\\\\"O}sterreich, Konjunkturbericht, {\\\\\\\"O}sterreich\\\",<\\\/div><div>  author   = \\\"Markus Marterbauer\\\",<\\\/div><div>  note     = \\\"Konjunkturbericht\\\",<\\\/div><div>  year     = \\\"2003\\\",<\\\/div><div>  month    = jun,<\\\/div><div>  language = \\\"Deutsch\\\",<\\\/div><div>  volume   = \\\"76\\\",<\\\/div><div>  pages    = \\\"407--414\\\",<\\\/div><div>  journal  = \\\"WIFO-Monatsberichte\\\",<\\\/div><p>}<\\\/p><\\\/div>\",\"ris\":\"<div class=\\\"rendering rendering_researchoutput  rendering_researchoutput_ris rendering_contributiontoperiodical rendering_ris rendering_contributiontoperiodical_ris\\\"><p>TY  - GEN<\\\/p><p>T1  - Mangelnde Nachfrage und Dollarabwertung belasten die Konjunktur<\\\/p><p>AU  - Marterbauer, Markus<\\\/p><p>N1  - Konjunkturbericht<\\\/p><p>PY  - 2003\\\/6<\\\/p><p>Y1  - 2003\\\/6<\\\/p><p>N2  - Die Konjunktur leidet weiter unter Nachfragemangel, eine Erholung zeichnet sich nicht ab. Seit Jahresbeginn werden die Impulse von der Exportnachfrage schw\u00e4cher, die bislang die wichtigste Konjunkturst\u00fctze bildete. Dies spiegelt die ung\u00fcnstige Nachfragesituation bei wichtigen Handelspartnern und die Abwertung des Dollars gegen\u00fcber dem Euro wider. Die Sachg\u00fcterproduktion stagniert, der Investitionsattentismus der Unternehmen h\u00e4lt an. Etwas g\u00fcnstiger entwickeln sich die Ums\u00e4tze im Handel und die Bauinvestitionen. Die effektive Aufwertung des Euro d\u00e4mpft auch die Inflation. Die Lage auf dem Arbeitsmarkt bleibt schwierig. Im Produktionsbereich geht die Besch\u00e4ftigung weiter zur\u00fcck, private und \u00f6ffentliche Dienstleistungsanbieter melden steigende Besch\u00e4ftigung. Oft betrifft dies Teilzeitarbeitspl\u00e4tze bzw. die Teilnahme an Schulungsma\u00dfnahmen.<\\\/p><p>AB  - Die Konjunktur leidet weiter unter Nachfragemangel, eine Erholung zeichnet sich nicht ab. Seit Jahresbeginn werden die Impulse von der Exportnachfrage schw\u00e4cher, die bislang die wichtigste Konjunkturst\u00fctze bildete. Dies spiegelt die ung\u00fcnstige Nachfragesituation bei wichtigen Handelspartnern und die Abwertung des Dollars gegen\u00fcber dem Euro wider. Die Sachg\u00fcterproduktion stagniert, der Investitionsattentismus der Unternehmen h\u00e4lt an. Etwas g\u00fcnstiger entwickeln sich die Ums\u00e4tze im Handel und die Bauinvestitionen. Die effektive Aufwertung des Euro d\u00e4mpft auch die Inflation. Die Lage auf dem Arbeitsmarkt bleibt schwierig. Im Produktionsbereich geht die Besch\u00e4ftigung weiter zur\u00fcck, private und \u00f6ffentliche Dienstleistungsanbieter melden steigende Besch\u00e4ftigung. Oft betrifft dies Teilzeitarbeitspl\u00e4tze bzw. die Teilnahme an Schulungsma\u00dfnahmen.<\\\/p><p>KW  - Konjunkturbericht<\\\/p><p>KW  -  \u00d6sterreich<\\\/p><p>KW  - Konjunkturbericht<\\\/p><p>KW  -  \u00d6sterreich<\\\/p><p>M3  - WIFO-Schriftenreihen<\\\/p><p>VL  - 76<\\\/p><p>SP  - 407<\\\/p><p>EP  - 414<\\\/p><p>JO  - WIFO-Monatsberichte<\\\/p><p>JF  - WIFO-Monatsberichte<\\\/p><p>ER  - <\\\/p><\\\/div>\"}","scientific_assistance":"[]","scientific_review":"[]","version":"","release_date":null,"expiration_date":null,"surveyor":"","research_assistance":"","edv":"","additional_info_de":"","additional_info_en":""},"yoast_head":"<!-- This site is optimized with the Yoast SEO Premium plugin v28.3 (Yoast SEO v28.3) - https:\/\/yoast.com\/product\/yoast-seo-premium-wordpress\/ -->\n<title>Mangelnde Nachfrage und Dollarabwertung belasten die Konjunktur - WIFO<\/title>\n<meta name=\"robots\" content=\"index, follow, max-snippet:-1, max-image-preview:large, max-video-preview:-1\" \/>\n<link rel=\"canonical\" href=\"https:\/\/www.wifo.ac.at\/en\/publication\/107502\/\" \/>\n<meta property=\"og:locale\" content=\"en_US\" \/>\n<meta property=\"og:type\" content=\"article\" \/>\n<meta property=\"og:title\" content=\"Mangelnde Nachfrage und Dollarabwertung belasten die Konjunktur\" \/>\n<meta property=\"og:url\" content=\"https:\/\/www.wifo.ac.at\/en\/publication\/107502\/\" \/>\n<meta property=\"og:site_name\" content=\"WIFO\" \/>\n<meta property=\"article:publisher\" content=\"https:\/\/www.facebook.com\/WIFOat\/\" \/>\n<meta property=\"article:modified_time\" content=\"2026-02-17T15:31:27+00:00\" \/>\n<meta property=\"og:image\" content=\"https:\/\/www.wifo.ac.at\/wp-content\/uploads\/2024\/05\/WIFO-Gebaeude-FotoAlexanderMueller-www.alexandermueller.at-IMG_6326-Bearbeitet-1.jpg\" \/>\n\t<meta property=\"og:image:width\" content=\"1920\" \/>\n\t<meta property=\"og:image:height\" content=\"1280\" \/>\n\t<meta property=\"og:image:type\" content=\"image\/jpeg\" \/>\n<meta name=\"twitter:card\" content=\"summary_large_image\" \/>\n<meta name=\"twitter:site\" content=\"@WIFOat\" \/>\n<script type=\"application\/ld+json\" class=\"yoast-schema-graph\">{\"@context\":\"https:\\\/\\\/schema.org\",\"@graph\":[{\"@type\":\"WebPage\",\"@id\":\"https:\\\/\\\/www.wifo.ac.at\\\/en\\\/publication\\\/107502\\\/\",\"url\":\"https:\\\/\\\/www.wifo.ac.at\\\/en\\\/publication\\\/107502\\\/\",\"name\":\"Mangelnde Nachfrage und Dollarabwertung belasten die Konjunktur - WIFO\",\"isPartOf\":{\"@id\":\"https:\\\/\\\/www.wifo.ac.at\\\/en\\\/#website\"},\"datePublished\":\"2024-01-22T14:13:38+00:00\",\"dateModified\":\"2026-02-17T15:31:27+00:00\",\"breadcrumb\":{\"@id\":\"https:\\\/\\\/www.wifo.ac.at\\\/en\\\/publication\\\/107502\\\/#breadcrumb\"},\"inLanguage\":\"en-US\",\"potentialAction\":[{\"@type\":\"ReadAction\",\"target\":[\"https:\\\/\\\/www.wifo.ac.at\\\/en\\\/publication\\\/107502\\\/\"]}]},{\"@type\":\"BreadcrumbList\",\"@id\":\"https:\\\/\\\/www.wifo.ac.at\\\/en\\\/publication\\\/107502\\\/#breadcrumb\",\"itemListElement\":[{\"@type\":\"ListItem\",\"position\":1,\"name\":\"Startseite\",\"item\":\"https:\\\/\\\/www.wifo.ac.at\\\/en\\\/\"},{\"@type\":\"ListItem\",\"position\":2,\"name\":\"Mangelnde Nachfrage und Dollarabwertung belasten die Konjunktur\"}]},{\"@type\":\"WebSite\",\"@id\":\"https:\\\/\\\/www.wifo.ac.at\\\/en\\\/#website\",\"url\":\"https:\\\/\\\/www.wifo.ac.at\\\/en\\\/\",\"name\":\"\u00d6sterreichisches Institut f\u00fcr Wirtschaftsforschung\",\"description\":\"\",\"publisher\":{\"@id\":\"https:\\\/\\\/www.wifo.ac.at\\\/en\\\/#organization\"},\"alternateName\":\"WIFO\",\"potentialAction\":[{\"@type\":\"SearchAction\",\"target\":{\"@type\":\"EntryPoint\",\"urlTemplate\":\"https:\\\/\\\/www.wifo.ac.at\\\/en\\\/?s={search_term_string}\"},\"query-input\":{\"@type\":\"PropertyValueSpecification\",\"valueRequired\":true,\"valueName\":\"search_term_string\"}}],\"inLanguage\":\"en-US\"},{\"@type\":\"Organization\",\"@id\":\"https:\\\/\\\/www.wifo.ac.at\\\/en\\\/#organization\",\"name\":\"\u00d6sterreichisches Institut f\u00fcr Wirtschaftsforschung\",\"alternateName\":\"WIFO\",\"url\":\"https:\\\/\\\/www.wifo.ac.at\\\/en\\\/\",\"logo\":{\"@type\":\"ImageObject\",\"inLanguage\":\"en-US\",\"@id\":\"https:\\\/\\\/www.wifo.ac.at\\\/en\\\/#\\\/schema\\\/logo\\\/image\\\/\",\"url\":\"https:\\\/\\\/www.wifo.ac.at\\\/wp-content\\\/uploads\\\/2024\\\/05\\\/WIFO_kurz_rechts-2-1920x412.jpg\",\"contentUrl\":\"https:\\\/\\\/www.wifo.ac.at\\\/wp-content\\\/uploads\\\/2024\\\/05\\\/WIFO_kurz_rechts-2-1920x412.jpg\",\"width\":2000,\"height\":429,\"caption\":\"\u00d6sterreichisches Institut f\u00fcr Wirtschaftsforschung\"},\"image\":{\"@id\":\"https:\\\/\\\/www.wifo.ac.at\\\/en\\\/#\\\/schema\\\/logo\\\/image\\\/\"},\"sameAs\":[\"https:\\\/\\\/www.facebook.com\\\/WIFOat\\\/\",\"https:\\\/\\\/x.com\\\/WIFOat\",\"https:\\\/\\\/linkedin.com\\\/company\\\/wifoat\\\/\",\"https:\\\/\\\/www.youtube.com\\\/@WIFO_at\"],\"description\":\"Das WIFO, 1927 von Friedrich August von Hayek und Ludwig von Mises zur Konjunkturanalyse gegr\u00fcndet, ist heute das f\u00fchrende Institut f\u00fcr angewandte empirische Wirtschaftsforschung in \u00d6sterreich mit starkem Engagement auf europ\u00e4ischer Ebene.\",\"email\":\"office@wifo.ac.at\",\"telephone\":\"+43 1 798 26 01 \u2013 0\",\"legalName\":\"\u00d6sterreichisches Institut f\u00fcr Wirtschaftsforschung\",\"foundingDate\":\"1927-01-02\",\"numberOfEmployees\":{\"@type\":\"QuantitativeValue\",\"minValue\":\"51\",\"maxValue\":\"200\"},\"publishingPrinciples\":\"https:\\\/\\\/www.wifo.ac.at\\\/institut\\\/mission-und-strategie\\\/\",\"ownershipFundingInfo\":\"https:\\\/\\\/www.wifo.ac.at\\\/institut\\\/organisation\\\/\",\"actionableFeedbackPolicy\":\"https:\\\/\\\/www.wifo.ac.at\\\/aktuelles\\\/presse\\\/\",\"correctionsPolicy\":\"https:\\\/\\\/www.wifo.ac.at\\\/institut\\\/kontakt\\\/\",\"ethicsPolicy\":\"https:\\\/\\\/www.wifo.ac.at\\\/institut\\\/evidenzbasierung-transparenz-und-unabhaengigkeit\\\/\",\"diversityPolicy\":\"https:\\\/\\\/www.wifo.ac.at\\\/institut\\\/gleichstellung\\\/\",\"diversityStaffingReport\":\"https:\\\/\\\/www.wifo.ac.at\\\/institut\\\/gleichstellung\\\/\"}]}<\/script>\n<!-- \/ Yoast SEO Premium plugin. -->","yoast_head_json":{"title":"Mangelnde Nachfrage und Dollarabwertung belasten die Konjunktur - WIFO","robots":{"index":"index","follow":"follow","max-snippet":"max-snippet:-1","max-image-preview":"max-image-preview:large","max-video-preview":"max-video-preview:-1"},"canonical":"https:\/\/www.wifo.ac.at\/en\/publication\/107502\/","og_locale":"en_US","og_type":"article","og_title":"Mangelnde Nachfrage und Dollarabwertung belasten die Konjunktur","og_url":"https:\/\/www.wifo.ac.at\/en\/publication\/107502\/","og_site_name":"WIFO","article_publisher":"https:\/\/www.facebook.com\/WIFOat\/","article_modified_time":"2026-02-17T15:31:27+00:00","og_image":[{"width":1920,"height":1280,"url":"https:\/\/www.wifo.ac.at\/wp-content\/uploads\/2024\/05\/WIFO-Gebaeude-FotoAlexanderMueller-www.alexandermueller.at-IMG_6326-Bearbeitet-1.jpg","type":"image\/jpeg"}],"twitter_card":"summary_large_image","twitter_site":"@WIFOat","schema":{"@context":"https:\/\/schema.org","@graph":[{"@type":"WebPage","@id":"https:\/\/www.wifo.ac.at\/en\/publication\/107502\/","url":"https:\/\/www.wifo.ac.at\/en\/publication\/107502\/","name":"Mangelnde Nachfrage und Dollarabwertung belasten die Konjunktur - WIFO","isPartOf":{"@id":"https:\/\/www.wifo.ac.at\/en\/#website"},"datePublished":"2024-01-22T14:13:38+00:00","dateModified":"2026-02-17T15:31:27+00:00","breadcrumb":{"@id":"https:\/\/www.wifo.ac.at\/en\/publication\/107502\/#breadcrumb"},"inLanguage":"en-US","potentialAction":[{"@type":"ReadAction","target":["https:\/\/www.wifo.ac.at\/en\/publication\/107502\/"]}]},{"@type":"BreadcrumbList","@id":"https:\/\/www.wifo.ac.at\/en\/publication\/107502\/#breadcrumb","itemListElement":[{"@type":"ListItem","position":1,"name":"Startseite","item":"https:\/\/www.wifo.ac.at\/en\/"},{"@type":"ListItem","position":2,"name":"Mangelnde Nachfrage und Dollarabwertung belasten die Konjunktur"}]},{"@type":"WebSite","@id":"https:\/\/www.wifo.ac.at\/en\/#website","url":"https:\/\/www.wifo.ac.at\/en\/","name":"\u00d6sterreichisches Institut f\u00fcr Wirtschaftsforschung","description":"","publisher":{"@id":"https:\/\/www.wifo.ac.at\/en\/#organization"},"alternateName":"WIFO","potentialAction":[{"@type":"SearchAction","target":{"@type":"EntryPoint","urlTemplate":"https:\/\/www.wifo.ac.at\/en\/?s={search_term_string}"},"query-input":{"@type":"PropertyValueSpecification","valueRequired":true,"valueName":"search_term_string"}}],"inLanguage":"en-US"},{"@type":"Organization","@id":"https:\/\/www.wifo.ac.at\/en\/#organization","name":"\u00d6sterreichisches Institut f\u00fcr Wirtschaftsforschung","alternateName":"WIFO","url":"https:\/\/www.wifo.ac.at\/en\/","logo":{"@type":"ImageObject","inLanguage":"en-US","@id":"https:\/\/www.wifo.ac.at\/en\/#\/schema\/logo\/image\/","url":"https:\/\/www.wifo.ac.at\/wp-content\/uploads\/2024\/05\/WIFO_kurz_rechts-2-1920x412.jpg","contentUrl":"https:\/\/www.wifo.ac.at\/wp-content\/uploads\/2024\/05\/WIFO_kurz_rechts-2-1920x412.jpg","width":2000,"height":429,"caption":"\u00d6sterreichisches Institut f\u00fcr Wirtschaftsforschung"},"image":{"@id":"https:\/\/www.wifo.ac.at\/en\/#\/schema\/logo\/image\/"},"sameAs":["https:\/\/www.facebook.com\/WIFOat\/","https:\/\/x.com\/WIFOat","https:\/\/linkedin.com\/company\/wifoat\/","https:\/\/www.youtube.com\/@WIFO_at"],"description":"Das WIFO, 1927 von Friedrich August von Hayek und Ludwig von Mises zur Konjunkturanalyse gegr\u00fcndet, ist heute das f\u00fchrende Institut f\u00fcr angewandte empirische Wirtschaftsforschung in \u00d6sterreich mit starkem Engagement auf europ\u00e4ischer Ebene.","email":"office@wifo.ac.at","telephone":"+43 1 798 26 01 \u2013 0","legalName":"\u00d6sterreichisches Institut f\u00fcr Wirtschaftsforschung","foundingDate":"1927-01-02","numberOfEmployees":{"@type":"QuantitativeValue","minValue":"51","maxValue":"200"},"publishingPrinciples":"https:\/\/www.wifo.ac.at\/institut\/mission-und-strategie\/","ownershipFundingInfo":"https:\/\/www.wifo.ac.at\/institut\/organisation\/","actionableFeedbackPolicy":"https:\/\/www.wifo.ac.at\/aktuelles\/presse\/","correctionsPolicy":"https:\/\/www.wifo.ac.at\/institut\/kontakt\/","ethicsPolicy":"https:\/\/www.wifo.ac.at\/institut\/evidenzbasierung-transparenz-und-unabhaengigkeit\/","diversityPolicy":"https:\/\/www.wifo.ac.at\/institut\/gleichstellung\/","diversityStaffingReport":"https:\/\/www.wifo.ac.at\/institut\/gleichstellung\/"}]}},"_links":{"self":[{"href":"https:\/\/www.wifo.ac.at\/en\/wp-json\/wp\/v2\/publication\/107502","targetHints":{"allow":["GET"]}}],"collection":[{"href":"https:\/\/www.wifo.ac.at\/en\/wp-json\/wp\/v2\/publication"}],"about":[{"href":"https:\/\/www.wifo.ac.at\/en\/wp-json\/wp\/v2\/types\/publication"}],"version-history":[{"count":1,"href":"https:\/\/www.wifo.ac.at\/en\/wp-json\/wp\/v2\/publication\/107502\/revisions"}],"predecessor-version":[{"id":316960,"href":"https:\/\/www.wifo.ac.at\/en\/wp-json\/wp\/v2\/publication\/107502\/revisions\/316960"}],"acf:post":[{"embeddable":true,"href":"https:\/\/www.wifo.ac.at\/en\/wp-json\/wp\/v2\/person\/4043"},{"embeddable":true,"href":"https:\/\/www.wifo.ac.at\/en\/wp-json\/wp\/v2\/research_group\/3500"},{"embeddable":true,"href":"https:\/\/www.wifo.ac.at\/en\/wp-json\/wp\/v2\/publication_type\/44312"}],"wp:attachment":[{"href":"https:\/\/www.wifo.ac.at\/en\/wp-json\/wp\/v2\/media?parent=107502"}],"curies":[{"name":"wp","href":"https:\/\/api.w.org\/{rel}","templated":true}]}}