{"id":107264,"date":"2024-01-22T15:08:41","date_gmt":"2024-01-22T14:08:41","guid":{"rendered":"https:\/\/www.wifo.ac.at\/publication\/107264\/"},"modified":"2026-02-17T16:30:43","modified_gmt":"2026-02-17T15:30:43","slug":"internationale-konjunkturflaute-stellt-wirtschaft-der-moel-auf-die-probe-2","status":"publish","type":"publication","link":"https:\/\/www.wifo.ac.at\/en\/publication\/107264\/","title":{"rendered":"Sluggish International Business Climate: A Test for the Central and Eastern European Countries' Endurance"},"content":{"rendered":"","protected":false},"featured_media":0,"template":"","class_list":["post-107264","publication","type-publication","status-publish","hentry"],"acf":{"subtitle":"","text":"The Central and Eastern European Countries (CEECs) were able to maintain in 2001 and 2002 a growth rate significantly above that of the EU 15. The more developed group of CEECs went more in parallel with the EU 15, which means that their average growth rate fell considerably. The other group of countries has not yet reached the pre-transition level. They were more independent from the international business cycle and maintained higher growth rates or even accelerated growth.","onlinedate":"2003-05-09 02:00:00","lang":"German","publication_series":"","publication_date":"20030501","publication_date_year":"","publication_date_full":false,"publication_num_pages":"","keywords":"[\"MOEL; Mittel- und Osteuropa; L\u00e4nderberichte; Prognose\"]","jelcodes":"[]","related_publications":"[]","pdf":441219,"zip":null,"link":"https:\/\/www.wifo.ac.at\/wwa\/pubid\/23992","monthly_report":true,"monthly_report_main":false,"monthly_report_volume":"76","monthly_report_pages":"349-369","monthly_report_pages_sort":"349","issue":"5","journal":"WIFO-Monatsberichte","publisher":"","invisible":false,"external":false,"embargo_date":null,"types":[44312],"research_groups":[3500],"collaboration":"","persons":[12243],"persons_data":"[{\"personId\":12243,\"personName\":\"Josef P\u00f6schl\",\"organisationNames\":[\"wiiw\"]}]","clients":[],"subclients":[],"partners":[],"topics":[],"host_publication_title":"","host_publication_subtitle":"","place_of_publication":"","host_publication_editors":"[]","type_description":"","output_media":"","chapter":"","article_number":"","citations":"{\"apa\":\"<div class=\\\"rendering rendering_researchoutput  rendering_researchoutput_apa rendering_contributiontoperiodical rendering_apa rendering_contributiontoperiodical_apa\\\">P\u00f6schl, J. (2003). <span>Internationale Konjunkturflaute stellt Wirtschaft der MOEL auf die Probe<\\\/span>. <span><em>WIFO-Monatsberichte<\\\/em><\\\/span>, <em>76<\\\/em>(5), 349-369. <a onclick=\\\"window.open(this.href, '_blank','noopener,noreferrer'); return false;\\\" href=\\\"https:\\\/\\\/www.wifo.ac.at\\\/wwa\\\/pubid\\\/23992\\\" class=\\\"link\\\"><span>https:\\\/\\\/www.wifo.ac.at\\\/wwa\\\/pubid\\\/23992<\\\/span><\\\/a><\\\/div>\",\"vancouver\":\"<div class=\\\"rendering rendering_researchoutput  rendering_researchoutput_vancouver rendering_contributiontoperiodical rendering_vancouver rendering_contributiontoperiodical_vancouver\\\">P\u00f6schl J. <span class=\\\"title\\\"><span>Internationale Konjunkturflaute stellt Wirtschaft der MOEL auf die Probe<\\\/span><\\\/span>. <span>WIFO-Monatsberichte<\\\/span>. 2003 May;76(5):349-369.<\\\/div>\",\"bibtex\":\"<div class=\\\"rendering rendering_researchoutput  rendering_researchoutput_bibtex rendering_contributiontoperiodical rendering_bibtex rendering_contributiontoperiodical_bibtex\\\"><div>@misc{e8b3c1a2c6914536819bf5a04554ca3c,<\\\/div><div>  title    = \\\"Internationale Konjunkturflaute stellt Wirtschaft der MOEL auf die Probe\\\",<\\\/div><div>  abstract = \\\"Die Wirtschaft wuchs 2002 in den mittel- und osteurop{\\\\\\\"a}ischen L{\\\\\\\"a}ndern (MOEL) st{\\\\\\\"a}rker als in der EU, und dies d{\\\\\\\"u}rfte auch in den n{\\\\\\\"a}chsten Jahren so sein. Dies gilt insbesondere f{\\\\\\\"u}r jene MOEL, die das BIP-Niveau von 1990 noch nicht wieder erreicht haben. In der Gruppe der wirtschaftlich fortgeschrittenen MOEL verlangsamte sich das Wachstum 2002 parallel zur internationalen Konjunkturflaute etwas, im 2. Halbjahr 2002 zeigten sich aber Aufschwungtendenzen. Unterschiedliche Faktoren spielten dabei eine Rolle \u2013 etwa ein Verschwinden des Aufwertungsdrucks auf einzelne W{\\\\\\\"a}hrungen, hohe Budgetdefizite oder hohe Lohnzuw{\\\\\\\"a}chse. Eine Verbesserung der Handelsbilanzen zeugt von erh{\\\\\\\"o}hter Wettbewerbsf{\\\\\\\"a}higkeit der Unternehmen in den MOEL; sie spezialisieren sich in ihren Exporten immer st{\\\\\\\"a}rker auf technisch hochwertige Fertigprodukte. Es spricht f{\\\\\\\"u}r die wirtschaftliche Reife der k{\\\\\\\"u}nftigen EU-Mitgliedsl{\\\\\\\"a}nder, dass sie von der derzeitigen internationalen Wirtschaftsflaute nicht st{\\\\\\\"a}rker in Mitleidenschaft gezogen werden.\\\",<\\\/div><div>  keywords = \\\"MOEL; Mittel- und Osteuropa; L{\\\\\\\"a}nderberichte; Prognose, MOEL; Mittel- und Osteuropa; L{\\\\\\\"a}nderberichte; Prognose\\\",<\\\/div><div>  author   = \\\"Josef P{\\\\\\\"o}schl\\\",<\\\/div><div>  note     = \\\"Wirtschaft in den MOEL 2002\\\",<\\\/div><div>  year     = \\\"2003\\\",<\\\/div><div>  month    = may,<\\\/div><div>  language = \\\"Deutsch\\\",<\\\/div><div>  volume   = \\\"76\\\",<\\\/div><div>  pages    = \\\"349--369\\\",<\\\/div><div>  journal  = \\\"WIFO-Monatsberichte\\\",<\\\/div><p>}<\\\/p><\\\/div>\",\"ris\":\"<div class=\\\"rendering rendering_researchoutput  rendering_researchoutput_ris rendering_contributiontoperiodical rendering_ris rendering_contributiontoperiodical_ris\\\"><p>TY  - GEN<\\\/p><p>T1  - Internationale Konjunkturflaute stellt Wirtschaft der MOEL auf die Probe<\\\/p><p>AU  - P\u00f6schl, Josef<\\\/p><p>N1  - Wirtschaft in den MOEL 2002<\\\/p><p>PY  - 2003\\\/5<\\\/p><p>Y1  - 2003\\\/5<\\\/p><p>N2  - Die Wirtschaft wuchs 2002 in den mittel- und osteurop\u00e4ischen L\u00e4ndern (MOEL) st\u00e4rker als in der EU, und dies d\u00fcrfte auch in den n\u00e4chsten Jahren so sein. Dies gilt insbesondere f\u00fcr jene MOEL, die das BIP-Niveau von 1990 noch nicht wieder erreicht haben. In der Gruppe der wirtschaftlich fortgeschrittenen MOEL verlangsamte sich das Wachstum 2002 parallel zur internationalen Konjunkturflaute etwas, im 2. Halbjahr 2002 zeigten sich aber Aufschwungtendenzen. Unterschiedliche Faktoren spielten dabei eine Rolle \u2013 etwa ein Verschwinden des Aufwertungsdrucks auf einzelne W\u00e4hrungen, hohe Budgetdefizite oder hohe Lohnzuw\u00e4chse. Eine Verbesserung der Handelsbilanzen zeugt von erh\u00f6hter Wettbewerbsf\u00e4higkeit der Unternehmen in den MOEL; sie spezialisieren sich in ihren Exporten immer st\u00e4rker auf technisch hochwertige Fertigprodukte. Es spricht f\u00fcr die wirtschaftliche Reife der k\u00fcnftigen EU-Mitgliedsl\u00e4nder, dass sie von der derzeitigen internationalen Wirtschaftsflaute nicht st\u00e4rker in Mitleidenschaft gezogen werden.<\\\/p><p>AB  - Die Wirtschaft wuchs 2002 in den mittel- und osteurop\u00e4ischen L\u00e4ndern (MOEL) st\u00e4rker als in der EU, und dies d\u00fcrfte auch in den n\u00e4chsten Jahren so sein. Dies gilt insbesondere f\u00fcr jene MOEL, die das BIP-Niveau von 1990 noch nicht wieder erreicht haben. In der Gruppe der wirtschaftlich fortgeschrittenen MOEL verlangsamte sich das Wachstum 2002 parallel zur internationalen Konjunkturflaute etwas, im 2. Halbjahr 2002 zeigten sich aber Aufschwungtendenzen. Unterschiedliche Faktoren spielten dabei eine Rolle \u2013 etwa ein Verschwinden des Aufwertungsdrucks auf einzelne W\u00e4hrungen, hohe Budgetdefizite oder hohe Lohnzuw\u00e4chse. Eine Verbesserung der Handelsbilanzen zeugt von erh\u00f6hter Wettbewerbsf\u00e4higkeit der Unternehmen in den MOEL; sie spezialisieren sich in ihren Exporten immer st\u00e4rker auf technisch hochwertige Fertigprodukte. Es spricht f\u00fcr die wirtschaftliche Reife der k\u00fcnftigen EU-Mitgliedsl\u00e4nder, dass sie von der derzeitigen internationalen Wirtschaftsflaute nicht st\u00e4rker in Mitleidenschaft gezogen werden.<\\\/p><p>KW  - MOEL; Mittel- und Osteuropa; L\u00e4nderberichte; Prognose<\\\/p><p>KW  - MOEL; Mittel- und Osteuropa; L\u00e4nderberichte; Prognose<\\\/p><p>M3  - WIFO-Schriftenreihen<\\\/p><p>VL  - 76<\\\/p><p>SP  - 349<\\\/p><p>EP  - 369<\\\/p><p>JO  - WIFO-Monatsberichte<\\\/p><p>JF  - WIFO-Monatsberichte<\\\/p><p>ER  - <\\\/p><\\\/div>\"}","scientific_assistance":"[]","scientific_review":"[]","version":"","release_date":null,"expiration_date":null,"surveyor":"","research_assistance":"","edv":"","additional_info_de":"","additional_info_en":""},"yoast_head":"<!-- This site is optimized with the Yoast SEO Premium plugin v28.3 (Yoast SEO v28.3) - https:\/\/yoast.com\/product\/yoast-seo-premium-wordpress\/ -->\n<title>Sluggish International Business Climate: A Test for the Central and Eastern European Countries&#039; Endurance - WIFO<\/title>\n<meta name=\"robots\" content=\"index, follow, max-snippet:-1, max-image-preview:large, max-video-preview:-1\" \/>\n<link rel=\"canonical\" href=\"https:\/\/www.wifo.ac.at\/en\/publication\/107264\/\" \/>\n<meta property=\"og:locale\" content=\"en_US\" \/>\n<meta property=\"og:type\" content=\"article\" \/>\n<meta property=\"og:title\" content=\"Sluggish International Business Climate: A Test for the Central and Eastern European Countries&#039; Endurance\" \/>\n<meta property=\"og:url\" content=\"https:\/\/www.wifo.ac.at\/en\/publication\/107264\/\" \/>\n<meta property=\"og:site_name\" content=\"WIFO\" \/>\n<meta property=\"article:publisher\" content=\"https:\/\/www.facebook.com\/WIFOat\/\" \/>\n<meta property=\"article:modified_time\" content=\"2026-02-17T15:30:43+00:00\" \/>\n<meta property=\"og:image\" content=\"https:\/\/www.wifo.ac.at\/wp-content\/uploads\/2024\/05\/WIFO-Gebaeude-FotoAlexanderMueller-www.alexandermueller.at-IMG_6326-Bearbeitet-1.jpg\" \/>\n\t<meta property=\"og:image:width\" content=\"1920\" \/>\n\t<meta property=\"og:image:height\" content=\"1280\" \/>\n\t<meta property=\"og:image:type\" content=\"image\/jpeg\" \/>\n<meta name=\"twitter:card\" content=\"summary_large_image\" \/>\n<meta name=\"twitter:site\" content=\"@WIFOat\" \/>\n<script type=\"application\/ld+json\" class=\"yoast-schema-graph\">{\"@context\":\"https:\\\/\\\/schema.org\",\"@graph\":[{\"@type\":\"WebPage\",\"@id\":\"https:\\\/\\\/www.wifo.ac.at\\\/en\\\/publication\\\/107264\\\/\",\"url\":\"https:\\\/\\\/www.wifo.ac.at\\\/en\\\/publication\\\/107264\\\/\",\"name\":\"Sluggish International Business Climate: A Test for the Central and Eastern European Countries' Endurance - WIFO\",\"isPartOf\":{\"@id\":\"https:\\\/\\\/www.wifo.ac.at\\\/en\\\/#website\"},\"datePublished\":\"2024-01-22T14:08:41+00:00\",\"dateModified\":\"2026-02-17T15:30:43+00:00\",\"breadcrumb\":{\"@id\":\"https:\\\/\\\/www.wifo.ac.at\\\/en\\\/publication\\\/107264\\\/#breadcrumb\"},\"inLanguage\":\"en-US\",\"potentialAction\":[{\"@type\":\"ReadAction\",\"target\":[\"https:\\\/\\\/www.wifo.ac.at\\\/en\\\/publication\\\/107264\\\/\"]}]},{\"@type\":\"BreadcrumbList\",\"@id\":\"https:\\\/\\\/www.wifo.ac.at\\\/en\\\/publication\\\/107264\\\/#breadcrumb\",\"itemListElement\":[{\"@type\":\"ListItem\",\"position\":1,\"name\":\"Startseite\",\"item\":\"https:\\\/\\\/www.wifo.ac.at\\\/en\\\/\"},{\"@type\":\"ListItem\",\"position\":2,\"name\":\"Sluggish International Business Climate: A Test for the Central and Eastern European Countries' Endurance\"}]},{\"@type\":\"WebSite\",\"@id\":\"https:\\\/\\\/www.wifo.ac.at\\\/en\\\/#website\",\"url\":\"https:\\\/\\\/www.wifo.ac.at\\\/en\\\/\",\"name\":\"\u00d6sterreichisches Institut f\u00fcr Wirtschaftsforschung\",\"description\":\"\",\"publisher\":{\"@id\":\"https:\\\/\\\/www.wifo.ac.at\\\/en\\\/#organization\"},\"alternateName\":\"WIFO\",\"potentialAction\":[{\"@type\":\"SearchAction\",\"target\":{\"@type\":\"EntryPoint\",\"urlTemplate\":\"https:\\\/\\\/www.wifo.ac.at\\\/en\\\/?s={search_term_string}\"},\"query-input\":{\"@type\":\"PropertyValueSpecification\",\"valueRequired\":true,\"valueName\":\"search_term_string\"}}],\"inLanguage\":\"en-US\"},{\"@type\":\"Organization\",\"@id\":\"https:\\\/\\\/www.wifo.ac.at\\\/en\\\/#organization\",\"name\":\"\u00d6sterreichisches Institut f\u00fcr Wirtschaftsforschung\",\"alternateName\":\"WIFO\",\"url\":\"https:\\\/\\\/www.wifo.ac.at\\\/en\\\/\",\"logo\":{\"@type\":\"ImageObject\",\"inLanguage\":\"en-US\",\"@id\":\"https:\\\/\\\/www.wifo.ac.at\\\/en\\\/#\\\/schema\\\/logo\\\/image\\\/\",\"url\":\"https:\\\/\\\/www.wifo.ac.at\\\/wp-content\\\/uploads\\\/2024\\\/05\\\/WIFO_kurz_rechts-2-1920x412.jpg\",\"contentUrl\":\"https:\\\/\\\/www.wifo.ac.at\\\/wp-content\\\/uploads\\\/2024\\\/05\\\/WIFO_kurz_rechts-2-1920x412.jpg\",\"width\":2000,\"height\":429,\"caption\":\"\u00d6sterreichisches Institut f\u00fcr Wirtschaftsforschung\"},\"image\":{\"@id\":\"https:\\\/\\\/www.wifo.ac.at\\\/en\\\/#\\\/schema\\\/logo\\\/image\\\/\"},\"sameAs\":[\"https:\\\/\\\/www.facebook.com\\\/WIFOat\\\/\",\"https:\\\/\\\/x.com\\\/WIFOat\",\"https:\\\/\\\/linkedin.com\\\/company\\\/wifoat\\\/\",\"https:\\\/\\\/www.youtube.com\\\/@WIFO_at\"],\"description\":\"Das WIFO, 1927 von Friedrich August von Hayek und Ludwig von Mises zur Konjunkturanalyse gegr\u00fcndet, ist heute das f\u00fchrende Institut f\u00fcr angewandte empirische Wirtschaftsforschung in \u00d6sterreich mit starkem Engagement auf europ\u00e4ischer Ebene.\",\"email\":\"office@wifo.ac.at\",\"telephone\":\"+43 1 798 26 01 \u2013 0\",\"legalName\":\"\u00d6sterreichisches Institut f\u00fcr Wirtschaftsforschung\",\"foundingDate\":\"1927-01-02\",\"numberOfEmployees\":{\"@type\":\"QuantitativeValue\",\"minValue\":\"51\",\"maxValue\":\"200\"},\"publishingPrinciples\":\"https:\\\/\\\/www.wifo.ac.at\\\/institut\\\/mission-und-strategie\\\/\",\"ownershipFundingInfo\":\"https:\\\/\\\/www.wifo.ac.at\\\/institut\\\/organisation\\\/\",\"actionableFeedbackPolicy\":\"https:\\\/\\\/www.wifo.ac.at\\\/aktuelles\\\/presse\\\/\",\"correctionsPolicy\":\"https:\\\/\\\/www.wifo.ac.at\\\/institut\\\/kontakt\\\/\",\"ethicsPolicy\":\"https:\\\/\\\/www.wifo.ac.at\\\/institut\\\/evidenzbasierung-transparenz-und-unabhaengigkeit\\\/\",\"diversityPolicy\":\"https:\\\/\\\/www.wifo.ac.at\\\/institut\\\/gleichstellung\\\/\",\"diversityStaffingReport\":\"https:\\\/\\\/www.wifo.ac.at\\\/institut\\\/gleichstellung\\\/\"}]}<\/script>\n<!-- \/ Yoast SEO Premium plugin. -->","yoast_head_json":{"title":"Sluggish International Business Climate: A Test for the Central and Eastern European Countries' Endurance - WIFO","robots":{"index":"index","follow":"follow","max-snippet":"max-snippet:-1","max-image-preview":"max-image-preview:large","max-video-preview":"max-video-preview:-1"},"canonical":"https:\/\/www.wifo.ac.at\/en\/publication\/107264\/","og_locale":"en_US","og_type":"article","og_title":"Sluggish International Business Climate: A Test for the Central and Eastern European Countries' Endurance","og_url":"https:\/\/www.wifo.ac.at\/en\/publication\/107264\/","og_site_name":"WIFO","article_publisher":"https:\/\/www.facebook.com\/WIFOat\/","article_modified_time":"2026-02-17T15:30:43+00:00","og_image":[{"width":1920,"height":1280,"url":"https:\/\/www.wifo.ac.at\/wp-content\/uploads\/2024\/05\/WIFO-Gebaeude-FotoAlexanderMueller-www.alexandermueller.at-IMG_6326-Bearbeitet-1.jpg","type":"image\/jpeg"}],"twitter_card":"summary_large_image","twitter_site":"@WIFOat","schema":{"@context":"https:\/\/schema.org","@graph":[{"@type":"WebPage","@id":"https:\/\/www.wifo.ac.at\/en\/publication\/107264\/","url":"https:\/\/www.wifo.ac.at\/en\/publication\/107264\/","name":"Sluggish International Business Climate: A Test for the Central and Eastern European Countries' Endurance - WIFO","isPartOf":{"@id":"https:\/\/www.wifo.ac.at\/en\/#website"},"datePublished":"2024-01-22T14:08:41+00:00","dateModified":"2026-02-17T15:30:43+00:00","breadcrumb":{"@id":"https:\/\/www.wifo.ac.at\/en\/publication\/107264\/#breadcrumb"},"inLanguage":"en-US","potentialAction":[{"@type":"ReadAction","target":["https:\/\/www.wifo.ac.at\/en\/publication\/107264\/"]}]},{"@type":"BreadcrumbList","@id":"https:\/\/www.wifo.ac.at\/en\/publication\/107264\/#breadcrumb","itemListElement":[{"@type":"ListItem","position":1,"name":"Startseite","item":"https:\/\/www.wifo.ac.at\/en\/"},{"@type":"ListItem","position":2,"name":"Sluggish International Business Climate: A Test for the Central and Eastern European Countries' Endurance"}]},{"@type":"WebSite","@id":"https:\/\/www.wifo.ac.at\/en\/#website","url":"https:\/\/www.wifo.ac.at\/en\/","name":"\u00d6sterreichisches Institut f\u00fcr Wirtschaftsforschung","description":"","publisher":{"@id":"https:\/\/www.wifo.ac.at\/en\/#organization"},"alternateName":"WIFO","potentialAction":[{"@type":"SearchAction","target":{"@type":"EntryPoint","urlTemplate":"https:\/\/www.wifo.ac.at\/en\/?s={search_term_string}"},"query-input":{"@type":"PropertyValueSpecification","valueRequired":true,"valueName":"search_term_string"}}],"inLanguage":"en-US"},{"@type":"Organization","@id":"https:\/\/www.wifo.ac.at\/en\/#organization","name":"\u00d6sterreichisches Institut f\u00fcr Wirtschaftsforschung","alternateName":"WIFO","url":"https:\/\/www.wifo.ac.at\/en\/","logo":{"@type":"ImageObject","inLanguage":"en-US","@id":"https:\/\/www.wifo.ac.at\/en\/#\/schema\/logo\/image\/","url":"https:\/\/www.wifo.ac.at\/wp-content\/uploads\/2024\/05\/WIFO_kurz_rechts-2-1920x412.jpg","contentUrl":"https:\/\/www.wifo.ac.at\/wp-content\/uploads\/2024\/05\/WIFO_kurz_rechts-2-1920x412.jpg","width":2000,"height":429,"caption":"\u00d6sterreichisches Institut f\u00fcr Wirtschaftsforschung"},"image":{"@id":"https:\/\/www.wifo.ac.at\/en\/#\/schema\/logo\/image\/"},"sameAs":["https:\/\/www.facebook.com\/WIFOat\/","https:\/\/x.com\/WIFOat","https:\/\/linkedin.com\/company\/wifoat\/","https:\/\/www.youtube.com\/@WIFO_at"],"description":"Das WIFO, 1927 von Friedrich August von Hayek und Ludwig von Mises zur Konjunkturanalyse gegr\u00fcndet, ist heute das f\u00fchrende Institut f\u00fcr angewandte empirische Wirtschaftsforschung in \u00d6sterreich mit starkem Engagement auf europ\u00e4ischer Ebene.","email":"office@wifo.ac.at","telephone":"+43 1 798 26 01 \u2013 0","legalName":"\u00d6sterreichisches Institut f\u00fcr Wirtschaftsforschung","foundingDate":"1927-01-02","numberOfEmployees":{"@type":"QuantitativeValue","minValue":"51","maxValue":"200"},"publishingPrinciples":"https:\/\/www.wifo.ac.at\/institut\/mission-und-strategie\/","ownershipFundingInfo":"https:\/\/www.wifo.ac.at\/institut\/organisation\/","actionableFeedbackPolicy":"https:\/\/www.wifo.ac.at\/aktuelles\/presse\/","correctionsPolicy":"https:\/\/www.wifo.ac.at\/institut\/kontakt\/","ethicsPolicy":"https:\/\/www.wifo.ac.at\/institut\/evidenzbasierung-transparenz-und-unabhaengigkeit\/","diversityPolicy":"https:\/\/www.wifo.ac.at\/institut\/gleichstellung\/","diversityStaffingReport":"https:\/\/www.wifo.ac.at\/institut\/gleichstellung\/"}]}},"_links":{"self":[{"href":"https:\/\/www.wifo.ac.at\/en\/wp-json\/wp\/v2\/publication\/107264","targetHints":{"allow":["GET"]}}],"collection":[{"href":"https:\/\/www.wifo.ac.at\/en\/wp-json\/wp\/v2\/publication"}],"about":[{"href":"https:\/\/www.wifo.ac.at\/en\/wp-json\/wp\/v2\/types\/publication"}],"version-history":[{"count":3,"href":"https:\/\/www.wifo.ac.at\/en\/wp-json\/wp\/v2\/publication\/107264\/revisions"}],"predecessor-version":[{"id":316552,"href":"https:\/\/www.wifo.ac.at\/en\/wp-json\/wp\/v2\/publication\/107264\/revisions\/316552"}],"acf:post":[{"embeddable":true,"href":"https:\/\/www.wifo.ac.at\/en\/wp-json\/wp\/v2\/external_person\/12243"},{"embeddable":true,"href":"https:\/\/www.wifo.ac.at\/en\/wp-json\/wp\/v2\/research_group\/3500"},{"embeddable":true,"href":"https:\/\/www.wifo.ac.at\/en\/wp-json\/wp\/v2\/publication_type\/44312"}],"wp:attachment":[{"href":"https:\/\/www.wifo.ac.at\/en\/wp-json\/wp\/v2\/media?parent=107264"}],"curies":[{"name":"wp","href":"https:\/\/api.w.org\/{rel}","templated":true}]}}