{"id":107152,"date":"2024-01-22T15:06:43","date_gmt":"2024-01-22T14:06:43","guid":{"rendered":"https:\/\/www.wifo.ac.at\/publication\/107152\/"},"modified":"2026-02-17T16:30:10","modified_gmt":"2026-02-17T15:30:10","slug":"die-entwicklung-der-betrieblichen-altersvorsorge-in-oesterreich-2","status":"publish","type":"publication","link":"https:\/\/www.wifo.ac.at\/en\/publication\/107152\/","title":{"rendered":"Firm Pension Schemes in Austria"},"content":{"rendered":"","protected":false},"featured_media":0,"template":"","class_list":["post-107152","publication","type-publication","status-publish","hentry"],"acf":{"subtitle":"","text":"Compared to Europe in general, firm pension schemes are a relatively rare phenomenon in Austria. Whereas on a European average, every second worker is included in a form of firm pension scheme, in Austria only one in six dependently employed workers can lay claims on a company pension. The WIFO study of schemes offered by participants of the regular WIFO business and investment surveys found that those companies that offer a pension scheme emphasise chiefly three motifs: improving the commitment of highly qualified employees, offering an incentive for better performance and meeting the desire of employees for a supplementary pension.","onlinedate":"2003-04-17 12:00:00","lang":"German","publication_series":"","publication_date":"20030401","publication_date_year":"","publication_date_full":false,"publication_num_pages":"","keywords":"[\"Betriebspensionen; 3. S\u00e4ule; Altersvorsorge; \u00d6sterreich\"]","jelcodes":"[]","related_publications":"[]","pdf":441187,"zip":null,"link":"https:\/\/www.wifo.ac.at\/wwa\/pubid\/23877","monthly_report":true,"monthly_report_main":false,"monthly_report_volume":"76","monthly_report_pages":"325-331","monthly_report_pages_sort":"325","issue":"4","journal":"WIFO-Monatsberichte","publisher":"","invisible":false,"external":false,"embargo_date":"2003-04-17 12:00:00","types":[44312],"research_groups":[3500],"collaboration":"","persons":[3899],"persons_data":"[{\"personId\":3899,\"personName\":\"Thomas Url\",\"organisationNames\":[]}]","clients":[],"subclients":[],"partners":[],"topics":[],"host_publication_title":"","host_publication_subtitle":"","place_of_publication":"","host_publication_editors":"[]","type_description":"","output_media":"","chapter":"","article_number":"","citations":"{\"apa\":\"<div class=\\\"rendering rendering_researchoutput  rendering_researchoutput_apa rendering_contributiontoperiodical rendering_apa rendering_contributiontoperiodical_apa\\\"><span>Url, T.<\\\/span> (2003). <span>Die Entwicklung der betrieblichen Altersvorsorge in \u00d6sterreich<\\\/span>. <span><em>WIFO-Monatsberichte<\\\/em><\\\/span>, <em>76<\\\/em>(4), 325-331. <a onclick=\\\"window.open(this.href, '_blank','noopener,noreferrer'); return false;\\\" href=\\\"https:\\\/\\\/www.wifo.ac.at\\\/wwa\\\/pubid\\\/23877\\\" class=\\\"link\\\"><span>https:\\\/\\\/www.wifo.ac.at\\\/wwa\\\/pubid\\\/23877<\\\/span><\\\/a><\\\/div>\",\"vancouver\":\"<div class=\\\"rendering rendering_researchoutput  rendering_researchoutput_vancouver rendering_contributiontoperiodical rendering_vancouver rendering_contributiontoperiodical_vancouver\\\"><span>Url T<\\\/span>. <span class=\\\"title\\\"><span>Die Entwicklung der betrieblichen Altersvorsorge in \u00d6sterreich<\\\/span><\\\/span>. <span>WIFO-Monatsberichte<\\\/span>. 2003 Apr;76(4):325-331.<\\\/div>\",\"bibtex\":\"<div class=\\\"rendering rendering_researchoutput  rendering_researchoutput_bibtex rendering_contributiontoperiodical rendering_bibtex rendering_contributiontoperiodical_bibtex\\\"><div>@misc{625f1de6a3ee452e9aed1984aaadc91d,<\\\/div><div>  title    = \\\"Die Entwicklung der betrieblichen Altersvorsorge in {\\\\\\\"O}sterreich\\\",<\\\/div><div>  abstract = \\\"Im Jahr 2000 waren 430.000 Personen als Anwartschaftsberechtigte in ein betriebliches Altersvorsorgesystem einbezogen. Das entsprach etwa einem Sechstel der unselbst{\\\\\\\"a}ndig Besch{\\\\\\\"a}ftigten und lag damit deutlich unter dem Durchschnitt der EU. Die gr{\\\\\\\"o}{\\\\ss}te Verbreitung haben Betriebspensionen unter den Gro{\\\\ss}betrieben, dort sind auch durchwegs alle Mitarbeiter in das System einbezogen. In den kleinen und mittleren Betrieben sind betriebliche Altersvorsorgesysteme seltener. Betriebspensionen sind auch nach Wirtschaftsbereichen ungleich verteilt. Der h{\\\\\\\"o}chste Versorgungsgrad besteht in der Energie- und Wasserversorgung sowie in der Finanzwirtschaft. Im Gastst{\\\\\\\"a}tten- und Beherbergungswesen und im Bildungsbereich bieten besonders wenige Betriebe ihren Mitarbeitern diese freiwillige Sozialleistung an.\\\",<\\\/div><div>  keywords = \\\"Betriebspensionen; 3. S{\\\\\\\"a}ule; Altersvorsorge; {\\\\\\\"O}sterreich, Betriebspensionen; 3. S{\\\\\\\"a}ule; Altersvorsorge; {\\\\\\\"O}sterreich\\\",<\\\/div><div>  author   = \\\"Thomas Url\\\",<\\\/div><div>  note     = \\\"Betriebspensionen\\\",<\\\/div><div>  year     = \\\"2003\\\",<\\\/div><div>  month    = apr,<\\\/div><div>  language = \\\"Deutsch\\\",<\\\/div><div>  volume   = \\\"76\\\",<\\\/div><div>  pages    = \\\"325--331\\\",<\\\/div><div>  journal  = \\\"WIFO-Monatsberichte\\\",<\\\/div><p>}<\\\/p><\\\/div>\",\"ris\":\"<div class=\\\"rendering rendering_researchoutput  rendering_researchoutput_ris rendering_contributiontoperiodical rendering_ris rendering_contributiontoperiodical_ris\\\"><p>TY  - GEN<\\\/p><p>T1  - Die Entwicklung der betrieblichen Altersvorsorge in \u00d6sterreich<\\\/p><p>AU  - Url, Thomas<\\\/p><p>N1  - Betriebspensionen<\\\/p><p>PY  - 2003\\\/4<\\\/p><p>Y1  - 2003\\\/4<\\\/p><p>N2  - Im Jahr 2000 waren 430.000 Personen als Anwartschaftsberechtigte in ein betriebliches Altersvorsorgesystem einbezogen. Das entsprach etwa einem Sechstel der unselbst\u00e4ndig Besch\u00e4ftigten und lag damit deutlich unter dem Durchschnitt der EU. Die gr\u00f6\u00dfte Verbreitung haben Betriebspensionen unter den Gro\u00dfbetrieben, dort sind auch durchwegs alle Mitarbeiter in das System einbezogen. In den kleinen und mittleren Betrieben sind betriebliche Altersvorsorgesysteme seltener. Betriebspensionen sind auch nach Wirtschaftsbereichen ungleich verteilt. Der h\u00f6chste Versorgungsgrad besteht in der Energie- und Wasserversorgung sowie in der Finanzwirtschaft. Im Gastst\u00e4tten- und Beherbergungswesen und im Bildungsbereich bieten besonders wenige Betriebe ihren Mitarbeitern diese freiwillige Sozialleistung an.<\\\/p><p>AB  - Im Jahr 2000 waren 430.000 Personen als Anwartschaftsberechtigte in ein betriebliches Altersvorsorgesystem einbezogen. Das entsprach etwa einem Sechstel der unselbst\u00e4ndig Besch\u00e4ftigten und lag damit deutlich unter dem Durchschnitt der EU. Die gr\u00f6\u00dfte Verbreitung haben Betriebspensionen unter den Gro\u00dfbetrieben, dort sind auch durchwegs alle Mitarbeiter in das System einbezogen. In den kleinen und mittleren Betrieben sind betriebliche Altersvorsorgesysteme seltener. Betriebspensionen sind auch nach Wirtschaftsbereichen ungleich verteilt. Der h\u00f6chste Versorgungsgrad besteht in der Energie- und Wasserversorgung sowie in der Finanzwirtschaft. Im Gastst\u00e4tten- und Beherbergungswesen und im Bildungsbereich bieten besonders wenige Betriebe ihren Mitarbeitern diese freiwillige Sozialleistung an.<\\\/p><p>KW  - Betriebspensionen; 3. S\u00e4ule; Altersvorsorge; \u00d6sterreich<\\\/p><p>KW  - Betriebspensionen; 3. S\u00e4ule; Altersvorsorge; \u00d6sterreich<\\\/p><p>M3  - WIFO-Schriftenreihen<\\\/p><p>VL  - 76<\\\/p><p>SP  - 325<\\\/p><p>EP  - 331<\\\/p><p>JO  - WIFO-Monatsberichte<\\\/p><p>JF  - WIFO-Monatsberichte<\\\/p><p>ER  - <\\\/p><\\\/div>\"}","scientific_assistance":"[]","scientific_review":"[]","version":"","release_date":null,"expiration_date":null,"surveyor":"","research_assistance":"","edv":"","additional_info_de":"","additional_info_en":""},"yoast_head":"<!-- This site is optimized with the Yoast SEO Premium plugin v28.3 (Yoast SEO v28.3) - https:\/\/yoast.com\/product\/yoast-seo-premium-wordpress\/ -->\n<title>Firm Pension Schemes in Austria - WIFO<\/title>\n<meta name=\"robots\" content=\"index, follow, max-snippet:-1, max-image-preview:large, max-video-preview:-1\" \/>\n<link rel=\"canonical\" href=\"https:\/\/www.wifo.ac.at\/en\/publication\/107152\/\" \/>\n<meta property=\"og:locale\" content=\"en_US\" \/>\n<meta property=\"og:type\" content=\"article\" \/>\n<meta property=\"og:title\" content=\"Firm Pension Schemes in Austria\" \/>\n<meta property=\"og:url\" content=\"https:\/\/www.wifo.ac.at\/en\/publication\/107152\/\" \/>\n<meta property=\"og:site_name\" content=\"WIFO\" \/>\n<meta property=\"article:publisher\" content=\"https:\/\/www.facebook.com\/WIFOat\/\" \/>\n<meta property=\"article:modified_time\" content=\"2026-02-17T15:30:10+00:00\" \/>\n<meta property=\"og:image\" content=\"https:\/\/www.wifo.ac.at\/wp-content\/uploads\/2024\/05\/WIFO-Gebaeude-FotoAlexanderMueller-www.alexandermueller.at-IMG_6326-Bearbeitet-1.jpg\" \/>\n\t<meta property=\"og:image:width\" content=\"1920\" \/>\n\t<meta property=\"og:image:height\" content=\"1280\" \/>\n\t<meta property=\"og:image:type\" content=\"image\/jpeg\" \/>\n<meta name=\"twitter:card\" content=\"summary_large_image\" \/>\n<meta name=\"twitter:site\" content=\"@WIFOat\" \/>\n<script type=\"application\/ld+json\" class=\"yoast-schema-graph\">{\"@context\":\"https:\\\/\\\/schema.org\",\"@graph\":[{\"@type\":\"WebPage\",\"@id\":\"https:\\\/\\\/www.wifo.ac.at\\\/en\\\/publication\\\/107152\\\/\",\"url\":\"https:\\\/\\\/www.wifo.ac.at\\\/en\\\/publication\\\/107152\\\/\",\"name\":\"Firm Pension Schemes in Austria - WIFO\",\"isPartOf\":{\"@id\":\"https:\\\/\\\/www.wifo.ac.at\\\/en\\\/#website\"},\"datePublished\":\"2024-01-22T14:06:43+00:00\",\"dateModified\":\"2026-02-17T15:30:10+00:00\",\"breadcrumb\":{\"@id\":\"https:\\\/\\\/www.wifo.ac.at\\\/en\\\/publication\\\/107152\\\/#breadcrumb\"},\"inLanguage\":\"en-US\",\"potentialAction\":[{\"@type\":\"ReadAction\",\"target\":[\"https:\\\/\\\/www.wifo.ac.at\\\/en\\\/publication\\\/107152\\\/\"]}]},{\"@type\":\"BreadcrumbList\",\"@id\":\"https:\\\/\\\/www.wifo.ac.at\\\/en\\\/publication\\\/107152\\\/#breadcrumb\",\"itemListElement\":[{\"@type\":\"ListItem\",\"position\":1,\"name\":\"Startseite\",\"item\":\"https:\\\/\\\/www.wifo.ac.at\\\/en\\\/\"},{\"@type\":\"ListItem\",\"position\":2,\"name\":\"Firm Pension Schemes in Austria\"}]},{\"@type\":\"WebSite\",\"@id\":\"https:\\\/\\\/www.wifo.ac.at\\\/en\\\/#website\",\"url\":\"https:\\\/\\\/www.wifo.ac.at\\\/en\\\/\",\"name\":\"\u00d6sterreichisches Institut f\u00fcr Wirtschaftsforschung\",\"description\":\"\",\"publisher\":{\"@id\":\"https:\\\/\\\/www.wifo.ac.at\\\/en\\\/#organization\"},\"alternateName\":\"WIFO\",\"potentialAction\":[{\"@type\":\"SearchAction\",\"target\":{\"@type\":\"EntryPoint\",\"urlTemplate\":\"https:\\\/\\\/www.wifo.ac.at\\\/en\\\/?s={search_term_string}\"},\"query-input\":{\"@type\":\"PropertyValueSpecification\",\"valueRequired\":true,\"valueName\":\"search_term_string\"}}],\"inLanguage\":\"en-US\"},{\"@type\":\"Organization\",\"@id\":\"https:\\\/\\\/www.wifo.ac.at\\\/en\\\/#organization\",\"name\":\"\u00d6sterreichisches Institut f\u00fcr Wirtschaftsforschung\",\"alternateName\":\"WIFO\",\"url\":\"https:\\\/\\\/www.wifo.ac.at\\\/en\\\/\",\"logo\":{\"@type\":\"ImageObject\",\"inLanguage\":\"en-US\",\"@id\":\"https:\\\/\\\/www.wifo.ac.at\\\/en\\\/#\\\/schema\\\/logo\\\/image\\\/\",\"url\":\"https:\\\/\\\/www.wifo.ac.at\\\/wp-content\\\/uploads\\\/2024\\\/05\\\/WIFO_kurz_rechts-2-1920x412.jpg\",\"contentUrl\":\"https:\\\/\\\/www.wifo.ac.at\\\/wp-content\\\/uploads\\\/2024\\\/05\\\/WIFO_kurz_rechts-2-1920x412.jpg\",\"width\":2000,\"height\":429,\"caption\":\"\u00d6sterreichisches Institut f\u00fcr Wirtschaftsforschung\"},\"image\":{\"@id\":\"https:\\\/\\\/www.wifo.ac.at\\\/en\\\/#\\\/schema\\\/logo\\\/image\\\/\"},\"sameAs\":[\"https:\\\/\\\/www.facebook.com\\\/WIFOat\\\/\",\"https:\\\/\\\/x.com\\\/WIFOat\",\"https:\\\/\\\/linkedin.com\\\/company\\\/wifoat\\\/\",\"https:\\\/\\\/www.youtube.com\\\/@WIFO_at\"],\"description\":\"Das WIFO, 1927 von Friedrich August von Hayek und Ludwig von Mises zur Konjunkturanalyse gegr\u00fcndet, ist heute das f\u00fchrende Institut f\u00fcr angewandte empirische Wirtschaftsforschung in \u00d6sterreich mit starkem Engagement auf europ\u00e4ischer Ebene.\",\"email\":\"office@wifo.ac.at\",\"telephone\":\"+43 1 798 26 01 \u2013 0\",\"legalName\":\"\u00d6sterreichisches Institut f\u00fcr Wirtschaftsforschung\",\"foundingDate\":\"1927-01-02\",\"numberOfEmployees\":{\"@type\":\"QuantitativeValue\",\"minValue\":\"51\",\"maxValue\":\"200\"},\"publishingPrinciples\":\"https:\\\/\\\/www.wifo.ac.at\\\/institut\\\/mission-und-strategie\\\/\",\"ownershipFundingInfo\":\"https:\\\/\\\/www.wifo.ac.at\\\/institut\\\/organisation\\\/\",\"actionableFeedbackPolicy\":\"https:\\\/\\\/www.wifo.ac.at\\\/aktuelles\\\/presse\\\/\",\"correctionsPolicy\":\"https:\\\/\\\/www.wifo.ac.at\\\/institut\\\/kontakt\\\/\",\"ethicsPolicy\":\"https:\\\/\\\/www.wifo.ac.at\\\/institut\\\/evidenzbasierung-transparenz-und-unabhaengigkeit\\\/\",\"diversityPolicy\":\"https:\\\/\\\/www.wifo.ac.at\\\/institut\\\/gleichstellung\\\/\",\"diversityStaffingReport\":\"https:\\\/\\\/www.wifo.ac.at\\\/institut\\\/gleichstellung\\\/\"}]}<\/script>\n<!-- \/ Yoast SEO Premium plugin. -->","yoast_head_json":{"title":"Firm Pension Schemes in Austria - WIFO","robots":{"index":"index","follow":"follow","max-snippet":"max-snippet:-1","max-image-preview":"max-image-preview:large","max-video-preview":"max-video-preview:-1"},"canonical":"https:\/\/www.wifo.ac.at\/en\/publication\/107152\/","og_locale":"en_US","og_type":"article","og_title":"Firm Pension Schemes in Austria","og_url":"https:\/\/www.wifo.ac.at\/en\/publication\/107152\/","og_site_name":"WIFO","article_publisher":"https:\/\/www.facebook.com\/WIFOat\/","article_modified_time":"2026-02-17T15:30:10+00:00","og_image":[{"width":1920,"height":1280,"url":"https:\/\/www.wifo.ac.at\/wp-content\/uploads\/2024\/05\/WIFO-Gebaeude-FotoAlexanderMueller-www.alexandermueller.at-IMG_6326-Bearbeitet-1.jpg","type":"image\/jpeg"}],"twitter_card":"summary_large_image","twitter_site":"@WIFOat","schema":{"@context":"https:\/\/schema.org","@graph":[{"@type":"WebPage","@id":"https:\/\/www.wifo.ac.at\/en\/publication\/107152\/","url":"https:\/\/www.wifo.ac.at\/en\/publication\/107152\/","name":"Firm Pension Schemes in Austria - WIFO","isPartOf":{"@id":"https:\/\/www.wifo.ac.at\/en\/#website"},"datePublished":"2024-01-22T14:06:43+00:00","dateModified":"2026-02-17T15:30:10+00:00","breadcrumb":{"@id":"https:\/\/www.wifo.ac.at\/en\/publication\/107152\/#breadcrumb"},"inLanguage":"en-US","potentialAction":[{"@type":"ReadAction","target":["https:\/\/www.wifo.ac.at\/en\/publication\/107152\/"]}]},{"@type":"BreadcrumbList","@id":"https:\/\/www.wifo.ac.at\/en\/publication\/107152\/#breadcrumb","itemListElement":[{"@type":"ListItem","position":1,"name":"Startseite","item":"https:\/\/www.wifo.ac.at\/en\/"},{"@type":"ListItem","position":2,"name":"Firm Pension Schemes in Austria"}]},{"@type":"WebSite","@id":"https:\/\/www.wifo.ac.at\/en\/#website","url":"https:\/\/www.wifo.ac.at\/en\/","name":"\u00d6sterreichisches Institut f\u00fcr Wirtschaftsforschung","description":"","publisher":{"@id":"https:\/\/www.wifo.ac.at\/en\/#organization"},"alternateName":"WIFO","potentialAction":[{"@type":"SearchAction","target":{"@type":"EntryPoint","urlTemplate":"https:\/\/www.wifo.ac.at\/en\/?s={search_term_string}"},"query-input":{"@type":"PropertyValueSpecification","valueRequired":true,"valueName":"search_term_string"}}],"inLanguage":"en-US"},{"@type":"Organization","@id":"https:\/\/www.wifo.ac.at\/en\/#organization","name":"\u00d6sterreichisches Institut f\u00fcr Wirtschaftsforschung","alternateName":"WIFO","url":"https:\/\/www.wifo.ac.at\/en\/","logo":{"@type":"ImageObject","inLanguage":"en-US","@id":"https:\/\/www.wifo.ac.at\/en\/#\/schema\/logo\/image\/","url":"https:\/\/www.wifo.ac.at\/wp-content\/uploads\/2024\/05\/WIFO_kurz_rechts-2-1920x412.jpg","contentUrl":"https:\/\/www.wifo.ac.at\/wp-content\/uploads\/2024\/05\/WIFO_kurz_rechts-2-1920x412.jpg","width":2000,"height":429,"caption":"\u00d6sterreichisches Institut f\u00fcr Wirtschaftsforschung"},"image":{"@id":"https:\/\/www.wifo.ac.at\/en\/#\/schema\/logo\/image\/"},"sameAs":["https:\/\/www.facebook.com\/WIFOat\/","https:\/\/x.com\/WIFOat","https:\/\/linkedin.com\/company\/wifoat\/","https:\/\/www.youtube.com\/@WIFO_at"],"description":"Das WIFO, 1927 von Friedrich August von Hayek und Ludwig von Mises zur Konjunkturanalyse gegr\u00fcndet, ist heute das f\u00fchrende Institut f\u00fcr angewandte empirische Wirtschaftsforschung in \u00d6sterreich mit starkem Engagement auf europ\u00e4ischer Ebene.","email":"office@wifo.ac.at","telephone":"+43 1 798 26 01 \u2013 0","legalName":"\u00d6sterreichisches Institut f\u00fcr Wirtschaftsforschung","foundingDate":"1927-01-02","numberOfEmployees":{"@type":"QuantitativeValue","minValue":"51","maxValue":"200"},"publishingPrinciples":"https:\/\/www.wifo.ac.at\/institut\/mission-und-strategie\/","ownershipFundingInfo":"https:\/\/www.wifo.ac.at\/institut\/organisation\/","actionableFeedbackPolicy":"https:\/\/www.wifo.ac.at\/aktuelles\/presse\/","correctionsPolicy":"https:\/\/www.wifo.ac.at\/institut\/kontakt\/","ethicsPolicy":"https:\/\/www.wifo.ac.at\/institut\/evidenzbasierung-transparenz-und-unabhaengigkeit\/","diversityPolicy":"https:\/\/www.wifo.ac.at\/institut\/gleichstellung\/","diversityStaffingReport":"https:\/\/www.wifo.ac.at\/institut\/gleichstellung\/"}]}},"_links":{"self":[{"href":"https:\/\/www.wifo.ac.at\/en\/wp-json\/wp\/v2\/publication\/107152","targetHints":{"allow":["GET"]}}],"collection":[{"href":"https:\/\/www.wifo.ac.at\/en\/wp-json\/wp\/v2\/publication"}],"about":[{"href":"https:\/\/www.wifo.ac.at\/en\/wp-json\/wp\/v2\/types\/publication"}],"version-history":[{"count":1,"href":"https:\/\/www.wifo.ac.at\/en\/wp-json\/wp\/v2\/publication\/107152\/revisions"}],"predecessor-version":[{"id":316358,"href":"https:\/\/www.wifo.ac.at\/en\/wp-json\/wp\/v2\/publication\/107152\/revisions\/316358"}],"acf:post":[{"embeddable":true,"href":"https:\/\/www.wifo.ac.at\/en\/wp-json\/wp\/v2\/person\/3899"},{"embeddable":true,"href":"https:\/\/www.wifo.ac.at\/en\/wp-json\/wp\/v2\/research_group\/3500"},{"embeddable":true,"href":"https:\/\/www.wifo.ac.at\/en\/wp-json\/wp\/v2\/publication_type\/44312"}],"wp:attachment":[{"href":"https:\/\/www.wifo.ac.at\/en\/wp-json\/wp\/v2\/media?parent=107152"}],"curies":[{"name":"wp","href":"https:\/\/api.w.org\/{rel}","templated":true}]}}