{"id":107064,"date":"2024-01-22T15:05:01","date_gmt":"2024-01-22T14:05:01","guid":{"rendered":"https:\/\/www.wifo.ac.at\/publication\/107064\/"},"modified":"2026-02-17T16:29:41","modified_gmt":"2026-02-17T15:29:41","slug":"die-neue-basler-eigenkapitalvereinbarung-basel-ii-aus-makrooekonomischer-sicht-2","status":"publish","type":"publication","link":"https:\/\/www.wifo.ac.at\/en\/publication\/107064\/","title":{"rendered":"The New Basel Capital Accord (Basel II) from a Macroeconomic Point of View"},"content":{"rendered":"","protected":false},"featured_media":0,"template":"","class_list":["post-107064","publication","type-publication","status-publish","hentry"],"acf":{"subtitle":"","text":"The Basel Committee on Banking Supervision and the EU Commission have submitted \u2013 widely harmonised \u2013 proposals for reforming the capital requirements for banks and investment firms (Basel II). The object of the reform is to strengthen the stability of the financial market by aligning the regulatory capital requirements of banks more closely with underlying risks, especially credit risks, an object that is to be achieved chiefly by the greater use of new risk assessment methods to be applied internally by the banks. Macroeconomic aspects on the regulatory side were, for the time being, almost ignored by both proposals. The resultant consequences that might arise for the overall economy and financial system triggered an intense debate among scientists and politicians which has not yet been settled.","onlinedate":"2003-02-17 12:00:00","lang":"German","publication_series":"","publication_date":"20030201","publication_date_year":"","publication_date_full":false,"publication_num_pages":"","keywords":"[\"Basel II; Eigenkapital-Vereinbarung; Kreditrisiko; \u00d6sterreich\"]","jelcodes":"[]","related_publications":"[]","pdf":441161,"zip":null,"link":"https:\/\/www.wifo.ac.at\/wwa\/pubid\/23506","monthly_report":true,"monthly_report_main":false,"monthly_report_volume":"76","monthly_report_pages":"137-150","monthly_report_pages_sort":"137","issue":"2","journal":"WIFO-Monatsberichte","publisher":"","invisible":false,"external":false,"embargo_date":"2003-02-17 12:00:00","types":[44312],"research_groups":[3500],"collaboration":"","persons":[3925],"persons_data":"[{\"personId\":3925,\"personName\":\"Franz R. Hahn\",\"organisationNames\":[]}]","clients":[],"subclients":[],"partners":[],"topics":[],"host_publication_title":"","host_publication_subtitle":"","place_of_publication":"","host_publication_editors":"[]","type_description":"","output_media":"","chapter":"","article_number":"","citations":"{\"apa\":\"<div class=\\\"rendering rendering_researchoutput  rendering_researchoutput_apa rendering_contributiontoperiodical rendering_apa rendering_contributiontoperiodical_apa\\\"><span>Hahn, F. R.<\\\/span> (2003). <span>Die neue Basler Eigenkapitalvereinbarung (\\\"Basel II\\\") aus makro\u00f6konomischer Sicht<\\\/span>. <span><em>WIFO-Monatsberichte<\\\/em><\\\/span>, <em>76<\\\/em>(2), 137-150. <a onclick=\\\"window.open(this.href, '_blank','noopener,noreferrer'); return false;\\\" href=\\\"https:\\\/\\\/www.wifo.ac.at\\\/wwa\\\/pubid\\\/23506\\\" class=\\\"link\\\"><span>https:\\\/\\\/www.wifo.ac.at\\\/wwa\\\/pubid\\\/23506<\\\/span><\\\/a><\\\/div>\",\"vancouver\":\"<div class=\\\"rendering rendering_researchoutput  rendering_researchoutput_vancouver rendering_contributiontoperiodical rendering_vancouver rendering_contributiontoperiodical_vancouver\\\"><span>Hahn FR<\\\/span>. <span class=\\\"title\\\"><span>Die neue Basler Eigenkapitalvereinbarung (\\\"Basel II\\\") aus makro\u00f6konomischer Sicht<\\\/span><\\\/span>. <span>WIFO-Monatsberichte<\\\/span>. 2003 Feb;76(2):137-150.<\\\/div>\",\"bibtex\":\"<div class=\\\"rendering rendering_researchoutput  rendering_researchoutput_bibtex rendering_contributiontoperiodical rendering_bibtex rendering_contributiontoperiodical_bibtex\\\"><div>@misc{a9ce4e705b2844b693dd7af89f4cfc47,<\\\/div><div>  title    = \\\"Die neue Basler Eigenkapitalvereinbarung ({\\\"}Basel II{\\\"}) aus makro{\\\\\\\"o}konomischer Sicht\\\",<\\\/div><div>  abstract = \\\"Das geltende Eigenkapitalregime f{\\\\\\\"u}r Banken ({\\\"}Basel I{\\\"}) hat die Stabilit{\\\\\\\"a}t des internationalen Bankensystems nur unzureichend gest{\\\\\\\"a}rkt. Die undifferenzierte und grobe Erfassung der Kreditrisken und die rasante Entwicklung auf dem Sektor der Finanzinnovationen haben seine Wirksamkeit nachhaltig geschm{\\\\\\\"a}lert. Die neuen Eigenkapitalvorschl{\\\\\\\"a}ge des Basler Ausschusses f{\\\\\\\"u}r Bankenaufsicht ({\\\"}Basel II{\\\"}) sehen u. a. verbesserte Methoden der Risikobewertung vor, die allerdings auf makro{\\\\\\\"o}konomischer Ebene unerw{\\\\\\\"u}nschte Effekte ausl{\\\\\\\"o}sen k{\\\\\\\"o}nnen. Diese Effekte k{\\\\\\\"o}nnen Gr{\\\\\\\"o}{\\\\ss}enordnungen erreichen, die das Ziel der nachhaltigen St{\\\\\\\"a}rkung des internationalen Finanzsystems gef{\\\\\\\"a}hrden.\\\",<\\\/div><div>  keywords = \\\"Basel II; Eigenkapital-Vereinbarung; Kreditrisiko; {\\\\\\\"O}sterreich, Basel II; Eigenkapital-Vereinbarung; Kreditrisiko; {\\\\\\\"O}sterreich\\\",<\\\/div><div>  author   = \\\"Hahn, \\\\{Franz R.\\\\}\\\",<\\\/div><div>  note     = \\\"Basel II\\\",<\\\/div><div>  year     = \\\"2003\\\",<\\\/div><div>  month    = feb,<\\\/div><div>  language = \\\"Deutsch\\\",<\\\/div><div>  volume   = \\\"76\\\",<\\\/div><div>  pages    = \\\"137--150\\\",<\\\/div><div>  journal  = \\\"WIFO-Monatsberichte\\\",<\\\/div><p>}<\\\/p><\\\/div>\",\"ris\":\"<div class=\\\"rendering rendering_researchoutput  rendering_researchoutput_ris rendering_contributiontoperiodical rendering_ris rendering_contributiontoperiodical_ris\\\"><p>TY  - GEN<\\\/p><p>T1  - Die neue Basler Eigenkapitalvereinbarung (\\\"Basel II\\\") aus makro\u00f6konomischer Sicht<\\\/p><p>AU  - Hahn, Franz R.<\\\/p><p>N1  - Basel II<\\\/p><p>PY  - 2003\\\/2<\\\/p><p>Y1  - 2003\\\/2<\\\/p><p>N2  - Das geltende Eigenkapitalregime f\u00fcr Banken (\\\"Basel I\\\") hat die Stabilit\u00e4t des internationalen Bankensystems nur unzureichend gest\u00e4rkt. Die undifferenzierte und grobe Erfassung der Kreditrisken und die rasante Entwicklung auf dem Sektor der Finanzinnovationen haben seine Wirksamkeit nachhaltig geschm\u00e4lert. Die neuen Eigenkapitalvorschl\u00e4ge des Basler Ausschusses f\u00fcr Bankenaufsicht (\\\"Basel II\\\") sehen u. a. verbesserte Methoden der Risikobewertung vor, die allerdings auf makro\u00f6konomischer Ebene unerw\u00fcnschte Effekte ausl\u00f6sen k\u00f6nnen. Diese Effekte k\u00f6nnen Gr\u00f6\u00dfenordnungen erreichen, die das Ziel der nachhaltigen St\u00e4rkung des internationalen Finanzsystems gef\u00e4hrden.<\\\/p><p>AB  - Das geltende Eigenkapitalregime f\u00fcr Banken (\\\"Basel I\\\") hat die Stabilit\u00e4t des internationalen Bankensystems nur unzureichend gest\u00e4rkt. Die undifferenzierte und grobe Erfassung der Kreditrisken und die rasante Entwicklung auf dem Sektor der Finanzinnovationen haben seine Wirksamkeit nachhaltig geschm\u00e4lert. Die neuen Eigenkapitalvorschl\u00e4ge des Basler Ausschusses f\u00fcr Bankenaufsicht (\\\"Basel II\\\") sehen u. a. verbesserte Methoden der Risikobewertung vor, die allerdings auf makro\u00f6konomischer Ebene unerw\u00fcnschte Effekte ausl\u00f6sen k\u00f6nnen. Diese Effekte k\u00f6nnen Gr\u00f6\u00dfenordnungen erreichen, die das Ziel der nachhaltigen St\u00e4rkung des internationalen Finanzsystems gef\u00e4hrden.<\\\/p><p>KW  - Basel II; Eigenkapital-Vereinbarung; Kreditrisiko; \u00d6sterreich<\\\/p><p>KW  - Basel II; Eigenkapital-Vereinbarung; Kreditrisiko; \u00d6sterreich<\\\/p><p>M3  - WIFO-Schriftenreihen<\\\/p><p>VL  - 76<\\\/p><p>SP  - 137<\\\/p><p>EP  - 150<\\\/p><p>JO  - WIFO-Monatsberichte<\\\/p><p>JF  - WIFO-Monatsberichte<\\\/p><p>ER  - <\\\/p><\\\/div>\"}","scientific_assistance":"[]","scientific_review":"[]","version":"","release_date":null,"expiration_date":null,"surveyor":"","research_assistance":"","edv":"","additional_info_de":"","additional_info_en":""},"yoast_head":"<!-- This site is optimized with the Yoast SEO Premium plugin v28.3 (Yoast SEO v28.3) - https:\/\/yoast.com\/product\/yoast-seo-premium-wordpress\/ -->\n<title>The New Basel Capital Accord (Basel II) from a Macroeconomic Point of View - WIFO<\/title>\n<meta name=\"robots\" content=\"index, follow, max-snippet:-1, max-image-preview:large, max-video-preview:-1\" \/>\n<link rel=\"canonical\" href=\"https:\/\/www.wifo.ac.at\/en\/publication\/107064\/\" \/>\n<meta property=\"og:locale\" content=\"en_US\" \/>\n<meta property=\"og:type\" content=\"article\" \/>\n<meta property=\"og:title\" content=\"The New Basel Capital Accord (Basel II) from a Macroeconomic Point of View\" \/>\n<meta property=\"og:url\" content=\"https:\/\/www.wifo.ac.at\/en\/publication\/107064\/\" \/>\n<meta property=\"og:site_name\" content=\"WIFO\" \/>\n<meta property=\"article:publisher\" content=\"https:\/\/www.facebook.com\/WIFOat\/\" \/>\n<meta property=\"article:modified_time\" content=\"2026-02-17T15:29:41+00:00\" \/>\n<meta property=\"og:image\" content=\"https:\/\/www.wifo.ac.at\/wp-content\/uploads\/2024\/05\/WIFO-Gebaeude-FotoAlexanderMueller-www.alexandermueller.at-IMG_6326-Bearbeitet-1.jpg\" \/>\n\t<meta property=\"og:image:width\" content=\"1920\" \/>\n\t<meta property=\"og:image:height\" content=\"1280\" \/>\n\t<meta property=\"og:image:type\" content=\"image\/jpeg\" \/>\n<meta name=\"twitter:card\" content=\"summary_large_image\" \/>\n<meta name=\"twitter:site\" content=\"@WIFOat\" \/>\n<script type=\"application\/ld+json\" class=\"yoast-schema-graph\">{\"@context\":\"https:\\\/\\\/schema.org\",\"@graph\":[{\"@type\":\"WebPage\",\"@id\":\"https:\\\/\\\/www.wifo.ac.at\\\/en\\\/publication\\\/107064\\\/\",\"url\":\"https:\\\/\\\/www.wifo.ac.at\\\/en\\\/publication\\\/107064\\\/\",\"name\":\"The New Basel Capital Accord (Basel II) from a Macroeconomic Point of View - WIFO\",\"isPartOf\":{\"@id\":\"https:\\\/\\\/www.wifo.ac.at\\\/en\\\/#website\"},\"datePublished\":\"2024-01-22T14:05:01+00:00\",\"dateModified\":\"2026-02-17T15:29:41+00:00\",\"breadcrumb\":{\"@id\":\"https:\\\/\\\/www.wifo.ac.at\\\/en\\\/publication\\\/107064\\\/#breadcrumb\"},\"inLanguage\":\"en-US\",\"potentialAction\":[{\"@type\":\"ReadAction\",\"target\":[\"https:\\\/\\\/www.wifo.ac.at\\\/en\\\/publication\\\/107064\\\/\"]}]},{\"@type\":\"BreadcrumbList\",\"@id\":\"https:\\\/\\\/www.wifo.ac.at\\\/en\\\/publication\\\/107064\\\/#breadcrumb\",\"itemListElement\":[{\"@type\":\"ListItem\",\"position\":1,\"name\":\"Startseite\",\"item\":\"https:\\\/\\\/www.wifo.ac.at\\\/en\\\/\"},{\"@type\":\"ListItem\",\"position\":2,\"name\":\"The New Basel Capital Accord (Basel II) from a Macroeconomic Point of View\"}]},{\"@type\":\"WebSite\",\"@id\":\"https:\\\/\\\/www.wifo.ac.at\\\/en\\\/#website\",\"url\":\"https:\\\/\\\/www.wifo.ac.at\\\/en\\\/\",\"name\":\"\u00d6sterreichisches Institut f\u00fcr Wirtschaftsforschung\",\"description\":\"\",\"publisher\":{\"@id\":\"https:\\\/\\\/www.wifo.ac.at\\\/en\\\/#organization\"},\"alternateName\":\"WIFO\",\"potentialAction\":[{\"@type\":\"SearchAction\",\"target\":{\"@type\":\"EntryPoint\",\"urlTemplate\":\"https:\\\/\\\/www.wifo.ac.at\\\/en\\\/?s={search_term_string}\"},\"query-input\":{\"@type\":\"PropertyValueSpecification\",\"valueRequired\":true,\"valueName\":\"search_term_string\"}}],\"inLanguage\":\"en-US\"},{\"@type\":\"Organization\",\"@id\":\"https:\\\/\\\/www.wifo.ac.at\\\/en\\\/#organization\",\"name\":\"\u00d6sterreichisches Institut f\u00fcr Wirtschaftsforschung\",\"alternateName\":\"WIFO\",\"url\":\"https:\\\/\\\/www.wifo.ac.at\\\/en\\\/\",\"logo\":{\"@type\":\"ImageObject\",\"inLanguage\":\"en-US\",\"@id\":\"https:\\\/\\\/www.wifo.ac.at\\\/en\\\/#\\\/schema\\\/logo\\\/image\\\/\",\"url\":\"https:\\\/\\\/www.wifo.ac.at\\\/wp-content\\\/uploads\\\/2024\\\/05\\\/WIFO_kurz_rechts-2-1920x412.jpg\",\"contentUrl\":\"https:\\\/\\\/www.wifo.ac.at\\\/wp-content\\\/uploads\\\/2024\\\/05\\\/WIFO_kurz_rechts-2-1920x412.jpg\",\"width\":2000,\"height\":429,\"caption\":\"\u00d6sterreichisches Institut f\u00fcr Wirtschaftsforschung\"},\"image\":{\"@id\":\"https:\\\/\\\/www.wifo.ac.at\\\/en\\\/#\\\/schema\\\/logo\\\/image\\\/\"},\"sameAs\":[\"https:\\\/\\\/www.facebook.com\\\/WIFOat\\\/\",\"https:\\\/\\\/x.com\\\/WIFOat\",\"https:\\\/\\\/linkedin.com\\\/company\\\/wifoat\\\/\",\"https:\\\/\\\/www.youtube.com\\\/@WIFO_at\"],\"description\":\"Das WIFO, 1927 von Friedrich August von Hayek und Ludwig von Mises zur Konjunkturanalyse gegr\u00fcndet, ist heute das f\u00fchrende Institut f\u00fcr angewandte empirische Wirtschaftsforschung in \u00d6sterreich mit starkem Engagement auf europ\u00e4ischer Ebene.\",\"email\":\"office@wifo.ac.at\",\"telephone\":\"+43 1 798 26 01 \u2013 0\",\"legalName\":\"\u00d6sterreichisches Institut f\u00fcr Wirtschaftsforschung\",\"foundingDate\":\"1927-01-02\",\"numberOfEmployees\":{\"@type\":\"QuantitativeValue\",\"minValue\":\"51\",\"maxValue\":\"200\"},\"publishingPrinciples\":\"https:\\\/\\\/www.wifo.ac.at\\\/institut\\\/mission-und-strategie\\\/\",\"ownershipFundingInfo\":\"https:\\\/\\\/www.wifo.ac.at\\\/institut\\\/organisation\\\/\",\"actionableFeedbackPolicy\":\"https:\\\/\\\/www.wifo.ac.at\\\/aktuelles\\\/presse\\\/\",\"correctionsPolicy\":\"https:\\\/\\\/www.wifo.ac.at\\\/institut\\\/kontakt\\\/\",\"ethicsPolicy\":\"https:\\\/\\\/www.wifo.ac.at\\\/institut\\\/evidenzbasierung-transparenz-und-unabhaengigkeit\\\/\",\"diversityPolicy\":\"https:\\\/\\\/www.wifo.ac.at\\\/institut\\\/gleichstellung\\\/\",\"diversityStaffingReport\":\"https:\\\/\\\/www.wifo.ac.at\\\/institut\\\/gleichstellung\\\/\"}]}<\/script>\n<!-- \/ Yoast SEO Premium plugin. -->","yoast_head_json":{"title":"The New Basel Capital Accord (Basel II) from a Macroeconomic Point of View - WIFO","robots":{"index":"index","follow":"follow","max-snippet":"max-snippet:-1","max-image-preview":"max-image-preview:large","max-video-preview":"max-video-preview:-1"},"canonical":"https:\/\/www.wifo.ac.at\/en\/publication\/107064\/","og_locale":"en_US","og_type":"article","og_title":"The New Basel Capital Accord (Basel II) from a Macroeconomic Point of View","og_url":"https:\/\/www.wifo.ac.at\/en\/publication\/107064\/","og_site_name":"WIFO","article_publisher":"https:\/\/www.facebook.com\/WIFOat\/","article_modified_time":"2026-02-17T15:29:41+00:00","og_image":[{"width":1920,"height":1280,"url":"https:\/\/www.wifo.ac.at\/wp-content\/uploads\/2024\/05\/WIFO-Gebaeude-FotoAlexanderMueller-www.alexandermueller.at-IMG_6326-Bearbeitet-1.jpg","type":"image\/jpeg"}],"twitter_card":"summary_large_image","twitter_site":"@WIFOat","schema":{"@context":"https:\/\/schema.org","@graph":[{"@type":"WebPage","@id":"https:\/\/www.wifo.ac.at\/en\/publication\/107064\/","url":"https:\/\/www.wifo.ac.at\/en\/publication\/107064\/","name":"The New Basel Capital Accord (Basel II) from a Macroeconomic Point of View - WIFO","isPartOf":{"@id":"https:\/\/www.wifo.ac.at\/en\/#website"},"datePublished":"2024-01-22T14:05:01+00:00","dateModified":"2026-02-17T15:29:41+00:00","breadcrumb":{"@id":"https:\/\/www.wifo.ac.at\/en\/publication\/107064\/#breadcrumb"},"inLanguage":"en-US","potentialAction":[{"@type":"ReadAction","target":["https:\/\/www.wifo.ac.at\/en\/publication\/107064\/"]}]},{"@type":"BreadcrumbList","@id":"https:\/\/www.wifo.ac.at\/en\/publication\/107064\/#breadcrumb","itemListElement":[{"@type":"ListItem","position":1,"name":"Startseite","item":"https:\/\/www.wifo.ac.at\/en\/"},{"@type":"ListItem","position":2,"name":"The New Basel Capital Accord (Basel II) from a Macroeconomic Point of View"}]},{"@type":"WebSite","@id":"https:\/\/www.wifo.ac.at\/en\/#website","url":"https:\/\/www.wifo.ac.at\/en\/","name":"\u00d6sterreichisches Institut f\u00fcr Wirtschaftsforschung","description":"","publisher":{"@id":"https:\/\/www.wifo.ac.at\/en\/#organization"},"alternateName":"WIFO","potentialAction":[{"@type":"SearchAction","target":{"@type":"EntryPoint","urlTemplate":"https:\/\/www.wifo.ac.at\/en\/?s={search_term_string}"},"query-input":{"@type":"PropertyValueSpecification","valueRequired":true,"valueName":"search_term_string"}}],"inLanguage":"en-US"},{"@type":"Organization","@id":"https:\/\/www.wifo.ac.at\/en\/#organization","name":"\u00d6sterreichisches Institut f\u00fcr Wirtschaftsforschung","alternateName":"WIFO","url":"https:\/\/www.wifo.ac.at\/en\/","logo":{"@type":"ImageObject","inLanguage":"en-US","@id":"https:\/\/www.wifo.ac.at\/en\/#\/schema\/logo\/image\/","url":"https:\/\/www.wifo.ac.at\/wp-content\/uploads\/2024\/05\/WIFO_kurz_rechts-2-1920x412.jpg","contentUrl":"https:\/\/www.wifo.ac.at\/wp-content\/uploads\/2024\/05\/WIFO_kurz_rechts-2-1920x412.jpg","width":2000,"height":429,"caption":"\u00d6sterreichisches Institut f\u00fcr Wirtschaftsforschung"},"image":{"@id":"https:\/\/www.wifo.ac.at\/en\/#\/schema\/logo\/image\/"},"sameAs":["https:\/\/www.facebook.com\/WIFOat\/","https:\/\/x.com\/WIFOat","https:\/\/linkedin.com\/company\/wifoat\/","https:\/\/www.youtube.com\/@WIFO_at"],"description":"Das WIFO, 1927 von Friedrich August von Hayek und Ludwig von Mises zur Konjunkturanalyse gegr\u00fcndet, ist heute das f\u00fchrende Institut f\u00fcr angewandte empirische Wirtschaftsforschung in \u00d6sterreich mit starkem Engagement auf europ\u00e4ischer Ebene.","email":"office@wifo.ac.at","telephone":"+43 1 798 26 01 \u2013 0","legalName":"\u00d6sterreichisches Institut f\u00fcr Wirtschaftsforschung","foundingDate":"1927-01-02","numberOfEmployees":{"@type":"QuantitativeValue","minValue":"51","maxValue":"200"},"publishingPrinciples":"https:\/\/www.wifo.ac.at\/institut\/mission-und-strategie\/","ownershipFundingInfo":"https:\/\/www.wifo.ac.at\/institut\/organisation\/","actionableFeedbackPolicy":"https:\/\/www.wifo.ac.at\/aktuelles\/presse\/","correctionsPolicy":"https:\/\/www.wifo.ac.at\/institut\/kontakt\/","ethicsPolicy":"https:\/\/www.wifo.ac.at\/institut\/evidenzbasierung-transparenz-und-unabhaengigkeit\/","diversityPolicy":"https:\/\/www.wifo.ac.at\/institut\/gleichstellung\/","diversityStaffingReport":"https:\/\/www.wifo.ac.at\/institut\/gleichstellung\/"}]}},"_links":{"self":[{"href":"https:\/\/www.wifo.ac.at\/en\/wp-json\/wp\/v2\/publication\/107064","targetHints":{"allow":["GET"]}}],"collection":[{"href":"https:\/\/www.wifo.ac.at\/en\/wp-json\/wp\/v2\/publication"}],"about":[{"href":"https:\/\/www.wifo.ac.at\/en\/wp-json\/wp\/v2\/types\/publication"}],"version-history":[{"count":1,"href":"https:\/\/www.wifo.ac.at\/en\/wp-json\/wp\/v2\/publication\/107064\/revisions"}],"predecessor-version":[{"id":316193,"href":"https:\/\/www.wifo.ac.at\/en\/wp-json\/wp\/v2\/publication\/107064\/revisions\/316193"}],"acf:post":[{"embeddable":true,"href":"https:\/\/www.wifo.ac.at\/en\/wp-json\/wp\/v2\/person\/3925"},{"embeddable":true,"href":"https:\/\/www.wifo.ac.at\/en\/wp-json\/wp\/v2\/research_group\/3500"},{"embeddable":true,"href":"https:\/\/www.wifo.ac.at\/en\/wp-json\/wp\/v2\/publication_type\/44312"}],"wp:attachment":[{"href":"https:\/\/www.wifo.ac.at\/en\/wp-json\/wp\/v2\/media?parent=107064"}],"curies":[{"name":"wp","href":"https:\/\/api.w.org\/{rel}","templated":true}]}}