{"id":106530,"date":"2024-01-22T14:55:16","date_gmt":"2024-01-22T13:55:16","guid":{"rendered":"https:\/\/www.wifo.ac.at\/publication\/106530\/"},"modified":"2024-11-07T03:13:05","modified_gmt":"2024-11-07T02:13:05","slug":"aufschwung-verzoegert-sich-2","status":"publish","type":"publication","link":"https:\/\/www.wifo.ac.at\/en\/publication\/106530\/","title":{"rendered":"Aufschwung verz\u00f6gert sich"},"content":{"rendered":"","protected":false},"featured_media":0,"template":"","class_list":["post-106530","publication","type-publication","status-publish","hentry"],"acf":{"subtitle":"","text":"Der WIFO-Konjunkturtest f\u00fcr das III. Quartal zeigt f\u00fcr die Unternehmen der Sachg\u00fctererzeugung eine leichte Verbesserung der Exportauftr\u00e4ge, allerdings gleichzeitig eine Eintr\u00fcbung der Produktionserwartungen. Die Ergebnisse des WIFO-Investitionstests, die niedrige Kapazit\u00e4tsauslastung der Unternehmen und der R\u00fcckgang der Einfuhr von Investitionsg\u00fctern deuten darauf hin, dass die Investitionst\u00e4tigkeit deutlich niedriger ist als im Vorjahr. Der Export verlief bis zum Sommer g\u00fcnstig, allerdings lassen die Kursverluste auf den Aktienm\u00e4rkten der USA und die anhaltenden Schw\u00e4che der Binnennachfrage in der EU (besonders in Deutschland) eine D\u00e4mpfung des Wachstums der Weltwirtschaft erwarten. Die heimische Inlandsnachfrage entwickelt sich ung\u00fcnstig. Die Ums\u00e4tze des Einzelhandels stagnieren, die Bauproduktion sinkt. Infolge der Konjunkturflaute hat sich die Lage auf dem Arbeitsmarkt im Juli betr\u00e4chtlich verschlechtert.","onlinedate":"2002-08-14 02:00:00","lang":"German","publication_series":"","publication_date":"20020801","publication_date_year":"","publication_date_full":false,"publication_num_pages":"","keywords":"[\"Konjunkturbericht\",\" \u00d6sterreich\"]","jelcodes":"[]","related_publications":"[]","pdf":315103,"zip":null,"link":"","monthly_report":true,"monthly_report_main":false,"monthly_report_volume":"75","monthly_report_pages":"479-485","monthly_report_pages_sort":"479","issue":"8","journal":"WIFO-Monatsberichte","publisher":"","invisible":false,"external":false,"embargo_date":null,"types":[44312],"research_groups":[3500],"collaboration":"","persons":[4043],"persons_data":"[{\"personId\":4043,\"personName\":\"Markus Marterbauer\",\"organisationNames\":[]}]","clients":[],"subclients":[],"partners":[],"topics":[],"host_publication_title":"","host_publication_subtitle":"","place_of_publication":"","host_publication_editors":"[]","type_description":"","output_media":"","chapter":"","article_number":"","citations":"{\"apa\":\"<div class=\\\"rendering rendering_researchoutput  rendering_researchoutput_apa rendering_contributiontoperiodical rendering_apa rendering_contributiontoperiodical_apa\\\"><span>Marterbauer, M.<\\\/span> (2002). <span>Aufschwung verz\u00f6gert sich<\\\/span>. <span><em>WIFO-Monatsberichte<\\\/em><\\\/span>, <em>75<\\\/em>(8), 479-485. <a onclick=\\\"window.open(this.href, '_blank','noopener,noreferrer'); return false;\\\" href=\\\"https:\\\/\\\/www.wifo.ac.at\\\/wwa\\\/pubid\\\/22509\\\" class=\\\"link\\\"><span>https:\\\/\\\/www.wifo.ac.at\\\/wwa\\\/pubid\\\/22509<\\\/span><\\\/a><\\\/div>\",\"vancouver\":\"<div class=\\\"rendering rendering_researchoutput  rendering_researchoutput_vancouver rendering_contributiontoperiodical rendering_vancouver rendering_contributiontoperiodical_vancouver\\\"><span>Marterbauer M<\\\/span>. <span class=\\\"title\\\"><span>Aufschwung verz\u00f6gert sich<\\\/span><\\\/span>. <span>WIFO-Monatsberichte<\\\/span>. 2002 Aug;75(8):479-485.<\\\/div>\",\"bibtex\":\"<div class=\\\"rendering rendering_researchoutput  rendering_researchoutput_bibtex rendering_contributiontoperiodical rendering_bibtex rendering_contributiontoperiodical_bibtex\\\"><div>@misc{54a035ab080b4710b28fa94b60b24190,<\\\/div><div>  title    = \\\"Aufschwung verz{\\\\\\\"o}gert sich\\\",<\\\/div><div>  abstract = \\\"Der WIFO-Konjunkturtest f{\\\\\\\"u}r das III. Quartal zeigt f{\\\\\\\"u}r die Unternehmen der Sachg{\\\\\\\"u}tererzeugung eine leichte Verbesserung der Exportauftr{\\\\\\\"a}ge, allerdings gleichzeitig eine Eintr{\\\\\\\"u}bung der Produktionserwartungen. Die Ergebnisse des WIFO-Investitionstests, die niedrige Kapazit{\\\\\\\"a}tsauslastung der Unternehmen und der R{\\\\\\\"u}ckgang der Einfuhr von Investitionsg{\\\\\\\"u}tern deuten darauf hin, dass die Investitionst{\\\\\\\"a}tigkeit deutlich niedriger ist als im Vorjahr. Der Export verlief bis zum Sommer g{\\\\\\\"u}nstig, allerdings lassen die Kursverluste auf den Aktienm{\\\\\\\"a}rkten der USA und die anhaltenden Schw{\\\\\\\"a}che der Binnennachfrage in der EU (besonders in Deutschland) eine D{\\\\\\\"a}mpfung des Wachstums der Weltwirtschaft erwarten. Die heimische Inlandsnachfrage entwickelt sich ung{\\\\\\\"u}nstig. Die Ums{\\\\\\\"a}tze des Einzelhandels stagnieren, die Bauproduktion sinkt. Infolge der Konjunkturflaute hat sich die Lage auf dem Arbeitsmarkt im Juli betr{\\\\\\\"a}chtlich verschlechtert.\\\",<\\\/div><div>  keywords = \\\"Konjunkturbericht, {\\\\\\\"O}sterreich, Konjunkturbericht, {\\\\\\\"O}sterreich\\\",<\\\/div><div>  author   = \\\"Markus Marterbauer\\\",<\\\/div><div>  note     = \\\"Konjunkturbericht\\\",<\\\/div><div>  year     = \\\"2002\\\",<\\\/div><div>  month    = aug,<\\\/div><div>  language = \\\"Deutsch\\\",<\\\/div><div>  volume   = \\\"75\\\",<\\\/div><div>  pages    = \\\"479--485\\\",<\\\/div><div>  journal  = \\\"WIFO-Monatsberichte\\\",<\\\/div><p>}<\\\/p><\\\/div>\",\"ris\":\"<div class=\\\"rendering rendering_researchoutput  rendering_researchoutput_ris rendering_contributiontoperiodical rendering_ris rendering_contributiontoperiodical_ris\\\"><p>TY  - GEN<\\\/p><p>T1  - Aufschwung verz\u00f6gert sich<\\\/p><p>AU  - Marterbauer, Markus<\\\/p><p>N1  - Konjunkturbericht<\\\/p><p>PY  - 2002\\\/8<\\\/p><p>Y1  - 2002\\\/8<\\\/p><p>N2  - Der WIFO-Konjunkturtest f\u00fcr das III. Quartal zeigt f\u00fcr die Unternehmen der Sachg\u00fctererzeugung eine leichte Verbesserung der Exportauftr\u00e4ge, allerdings gleichzeitig eine Eintr\u00fcbung der Produktionserwartungen. Die Ergebnisse des WIFO-Investitionstests, die niedrige Kapazit\u00e4tsauslastung der Unternehmen und der R\u00fcckgang der Einfuhr von Investitionsg\u00fctern deuten darauf hin, dass die Investitionst\u00e4tigkeit deutlich niedriger ist als im Vorjahr. Der Export verlief bis zum Sommer g\u00fcnstig, allerdings lassen die Kursverluste auf den Aktienm\u00e4rkten der USA und die anhaltenden Schw\u00e4che der Binnennachfrage in der EU (besonders in Deutschland) eine D\u00e4mpfung des Wachstums der Weltwirtschaft erwarten. Die heimische Inlandsnachfrage entwickelt sich ung\u00fcnstig. Die Ums\u00e4tze des Einzelhandels stagnieren, die Bauproduktion sinkt. Infolge der Konjunkturflaute hat sich die Lage auf dem Arbeitsmarkt im Juli betr\u00e4chtlich verschlechtert.<\\\/p><p>AB  - Der WIFO-Konjunkturtest f\u00fcr das III. Quartal zeigt f\u00fcr die Unternehmen der Sachg\u00fctererzeugung eine leichte Verbesserung der Exportauftr\u00e4ge, allerdings gleichzeitig eine Eintr\u00fcbung der Produktionserwartungen. Die Ergebnisse des WIFO-Investitionstests, die niedrige Kapazit\u00e4tsauslastung der Unternehmen und der R\u00fcckgang der Einfuhr von Investitionsg\u00fctern deuten darauf hin, dass die Investitionst\u00e4tigkeit deutlich niedriger ist als im Vorjahr. Der Export verlief bis zum Sommer g\u00fcnstig, allerdings lassen die Kursverluste auf den Aktienm\u00e4rkten der USA und die anhaltenden Schw\u00e4che der Binnennachfrage in der EU (besonders in Deutschland) eine D\u00e4mpfung des Wachstums der Weltwirtschaft erwarten. Die heimische Inlandsnachfrage entwickelt sich ung\u00fcnstig. Die Ums\u00e4tze des Einzelhandels stagnieren, die Bauproduktion sinkt. Infolge der Konjunkturflaute hat sich die Lage auf dem Arbeitsmarkt im Juli betr\u00e4chtlich verschlechtert.<\\\/p><p>KW  - Konjunkturbericht<\\\/p><p>KW  -  \u00d6sterreich<\\\/p><p>KW  - Konjunkturbericht<\\\/p><p>KW  -  \u00d6sterreich<\\\/p><p>M3  - WIFO-Schriftenreihen<\\\/p><p>VL  - 75<\\\/p><p>SP  - 479<\\\/p><p>EP  - 485<\\\/p><p>JO  - WIFO-Monatsberichte<\\\/p><p>JF  - WIFO-Monatsberichte<\\\/p><p>ER  - <\\\/p><\\\/div>\"}","scientific_assistance":"[]","scientific_review":"[]","version":"","release_date":null,"expiration_date":null,"surveyor":"","research_assistance":"","edv":"","additional_info_de":"","additional_info_en":""},"yoast_head":"<!-- This site is optimized with the Yoast SEO Premium plugin v28.3 (Yoast SEO v28.3) - https:\/\/yoast.com\/product\/yoast-seo-premium-wordpress\/ -->\n<title>Aufschwung verz\u00f6gert sich - WIFO<\/title>\n<meta name=\"robots\" content=\"index, follow, max-snippet:-1, max-image-preview:large, max-video-preview:-1\" \/>\n<link rel=\"canonical\" href=\"https:\/\/www.wifo.ac.at\/en\/publication\/106530\/\" \/>\n<meta property=\"og:locale\" content=\"en_US\" \/>\n<meta property=\"og:type\" content=\"article\" \/>\n<meta property=\"og:title\" content=\"Aufschwung verz\u00f6gert sich\" \/>\n<meta property=\"og:url\" content=\"https:\/\/www.wifo.ac.at\/en\/publication\/106530\/\" \/>\n<meta property=\"og:site_name\" content=\"WIFO\" \/>\n<meta property=\"article:publisher\" content=\"https:\/\/www.facebook.com\/WIFOat\/\" \/>\n<meta property=\"article:modified_time\" content=\"2024-11-07T02:13:05+00:00\" \/>\n<meta property=\"og:image\" content=\"https:\/\/www.wifo.ac.at\/wp-content\/uploads\/2024\/05\/WIFO-Gebaeude-FotoAlexanderMueller-www.alexandermueller.at-IMG_6326-Bearbeitet-1.jpg\" \/>\n\t<meta property=\"og:image:width\" content=\"1920\" \/>\n\t<meta property=\"og:image:height\" content=\"1280\" \/>\n\t<meta property=\"og:image:type\" content=\"image\/jpeg\" \/>\n<meta name=\"twitter:card\" content=\"summary_large_image\" \/>\n<meta name=\"twitter:site\" content=\"@WIFOat\" \/>\n<script type=\"application\/ld+json\" class=\"yoast-schema-graph\">{\"@context\":\"https:\\\/\\\/schema.org\",\"@graph\":[{\"@type\":\"WebPage\",\"@id\":\"https:\\\/\\\/www.wifo.ac.at\\\/en\\\/publication\\\/106530\\\/\",\"url\":\"https:\\\/\\\/www.wifo.ac.at\\\/en\\\/publication\\\/106530\\\/\",\"name\":\"Aufschwung verz\u00f6gert sich - WIFO\",\"isPartOf\":{\"@id\":\"https:\\\/\\\/www.wifo.ac.at\\\/en\\\/#website\"},\"datePublished\":\"2024-01-22T13:55:16+00:00\",\"dateModified\":\"2024-11-07T02:13:05+00:00\",\"breadcrumb\":{\"@id\":\"https:\\\/\\\/www.wifo.ac.at\\\/en\\\/publication\\\/106530\\\/#breadcrumb\"},\"inLanguage\":\"en-US\",\"potentialAction\":[{\"@type\":\"ReadAction\",\"target\":[\"https:\\\/\\\/www.wifo.ac.at\\\/en\\\/publication\\\/106530\\\/\"]}]},{\"@type\":\"BreadcrumbList\",\"@id\":\"https:\\\/\\\/www.wifo.ac.at\\\/en\\\/publication\\\/106530\\\/#breadcrumb\",\"itemListElement\":[{\"@type\":\"ListItem\",\"position\":1,\"name\":\"Startseite\",\"item\":\"https:\\\/\\\/www.wifo.ac.at\\\/en\\\/\"},{\"@type\":\"ListItem\",\"position\":2,\"name\":\"Aufschwung verz\u00f6gert sich\"}]},{\"@type\":\"WebSite\",\"@id\":\"https:\\\/\\\/www.wifo.ac.at\\\/en\\\/#website\",\"url\":\"https:\\\/\\\/www.wifo.ac.at\\\/en\\\/\",\"name\":\"\u00d6sterreichisches Institut f\u00fcr Wirtschaftsforschung\",\"description\":\"\",\"publisher\":{\"@id\":\"https:\\\/\\\/www.wifo.ac.at\\\/en\\\/#organization\"},\"alternateName\":\"WIFO\",\"potentialAction\":[{\"@type\":\"SearchAction\",\"target\":{\"@type\":\"EntryPoint\",\"urlTemplate\":\"https:\\\/\\\/www.wifo.ac.at\\\/en\\\/?s={search_term_string}\"},\"query-input\":{\"@type\":\"PropertyValueSpecification\",\"valueRequired\":true,\"valueName\":\"search_term_string\"}}],\"inLanguage\":\"en-US\"},{\"@type\":\"Organization\",\"@id\":\"https:\\\/\\\/www.wifo.ac.at\\\/en\\\/#organization\",\"name\":\"\u00d6sterreichisches Institut f\u00fcr Wirtschaftsforschung\",\"alternateName\":\"WIFO\",\"url\":\"https:\\\/\\\/www.wifo.ac.at\\\/en\\\/\",\"logo\":{\"@type\":\"ImageObject\",\"inLanguage\":\"en-US\",\"@id\":\"https:\\\/\\\/www.wifo.ac.at\\\/en\\\/#\\\/schema\\\/logo\\\/image\\\/\",\"url\":\"https:\\\/\\\/www.wifo.ac.at\\\/wp-content\\\/uploads\\\/2024\\\/05\\\/WIFO_kurz_rechts-2-1920x412.jpg\",\"contentUrl\":\"https:\\\/\\\/www.wifo.ac.at\\\/wp-content\\\/uploads\\\/2024\\\/05\\\/WIFO_kurz_rechts-2-1920x412.jpg\",\"width\":2000,\"height\":429,\"caption\":\"\u00d6sterreichisches Institut f\u00fcr Wirtschaftsforschung\"},\"image\":{\"@id\":\"https:\\\/\\\/www.wifo.ac.at\\\/en\\\/#\\\/schema\\\/logo\\\/image\\\/\"},\"sameAs\":[\"https:\\\/\\\/www.facebook.com\\\/WIFOat\\\/\",\"https:\\\/\\\/x.com\\\/WIFOat\",\"https:\\\/\\\/linkedin.com\\\/company\\\/wifoat\\\/\",\"https:\\\/\\\/www.youtube.com\\\/@WIFO_at\"],\"description\":\"Das WIFO, 1927 von Friedrich August von Hayek und Ludwig von Mises zur Konjunkturanalyse gegr\u00fcndet, ist heute das f\u00fchrende Institut f\u00fcr angewandte empirische Wirtschaftsforschung in \u00d6sterreich mit starkem Engagement auf europ\u00e4ischer Ebene.\",\"email\":\"office@wifo.ac.at\",\"telephone\":\"+43 1 798 26 01 \u2013 0\",\"legalName\":\"\u00d6sterreichisches Institut f\u00fcr Wirtschaftsforschung\",\"foundingDate\":\"1927-01-02\",\"numberOfEmployees\":{\"@type\":\"QuantitativeValue\",\"minValue\":\"51\",\"maxValue\":\"200\"},\"publishingPrinciples\":\"https:\\\/\\\/www.wifo.ac.at\\\/institut\\\/mission-und-strategie\\\/\",\"ownershipFundingInfo\":\"https:\\\/\\\/www.wifo.ac.at\\\/institut\\\/organisation\\\/\",\"actionableFeedbackPolicy\":\"https:\\\/\\\/www.wifo.ac.at\\\/aktuelles\\\/presse\\\/\",\"correctionsPolicy\":\"https:\\\/\\\/www.wifo.ac.at\\\/institut\\\/kontakt\\\/\",\"ethicsPolicy\":\"https:\\\/\\\/www.wifo.ac.at\\\/institut\\\/evidenzbasierung-transparenz-und-unabhaengigkeit\\\/\",\"diversityPolicy\":\"https:\\\/\\\/www.wifo.ac.at\\\/institut\\\/gleichstellung\\\/\",\"diversityStaffingReport\":\"https:\\\/\\\/www.wifo.ac.at\\\/institut\\\/gleichstellung\\\/\"}]}<\/script>\n<!-- \/ Yoast SEO Premium plugin. -->","yoast_head_json":{"title":"Aufschwung verz\u00f6gert sich - WIFO","robots":{"index":"index","follow":"follow","max-snippet":"max-snippet:-1","max-image-preview":"max-image-preview:large","max-video-preview":"max-video-preview:-1"},"canonical":"https:\/\/www.wifo.ac.at\/en\/publication\/106530\/","og_locale":"en_US","og_type":"article","og_title":"Aufschwung verz\u00f6gert sich","og_url":"https:\/\/www.wifo.ac.at\/en\/publication\/106530\/","og_site_name":"WIFO","article_publisher":"https:\/\/www.facebook.com\/WIFOat\/","article_modified_time":"2024-11-07T02:13:05+00:00","og_image":[{"width":1920,"height":1280,"url":"https:\/\/www.wifo.ac.at\/wp-content\/uploads\/2024\/05\/WIFO-Gebaeude-FotoAlexanderMueller-www.alexandermueller.at-IMG_6326-Bearbeitet-1.jpg","type":"image\/jpeg"}],"twitter_card":"summary_large_image","twitter_site":"@WIFOat","schema":{"@context":"https:\/\/schema.org","@graph":[{"@type":"WebPage","@id":"https:\/\/www.wifo.ac.at\/en\/publication\/106530\/","url":"https:\/\/www.wifo.ac.at\/en\/publication\/106530\/","name":"Aufschwung verz\u00f6gert sich - WIFO","isPartOf":{"@id":"https:\/\/www.wifo.ac.at\/en\/#website"},"datePublished":"2024-01-22T13:55:16+00:00","dateModified":"2024-11-07T02:13:05+00:00","breadcrumb":{"@id":"https:\/\/www.wifo.ac.at\/en\/publication\/106530\/#breadcrumb"},"inLanguage":"en-US","potentialAction":[{"@type":"ReadAction","target":["https:\/\/www.wifo.ac.at\/en\/publication\/106530\/"]}]},{"@type":"BreadcrumbList","@id":"https:\/\/www.wifo.ac.at\/en\/publication\/106530\/#breadcrumb","itemListElement":[{"@type":"ListItem","position":1,"name":"Startseite","item":"https:\/\/www.wifo.ac.at\/en\/"},{"@type":"ListItem","position":2,"name":"Aufschwung verz\u00f6gert sich"}]},{"@type":"WebSite","@id":"https:\/\/www.wifo.ac.at\/en\/#website","url":"https:\/\/www.wifo.ac.at\/en\/","name":"\u00d6sterreichisches Institut f\u00fcr Wirtschaftsforschung","description":"","publisher":{"@id":"https:\/\/www.wifo.ac.at\/en\/#organization"},"alternateName":"WIFO","potentialAction":[{"@type":"SearchAction","target":{"@type":"EntryPoint","urlTemplate":"https:\/\/www.wifo.ac.at\/en\/?s={search_term_string}"},"query-input":{"@type":"PropertyValueSpecification","valueRequired":true,"valueName":"search_term_string"}}],"inLanguage":"en-US"},{"@type":"Organization","@id":"https:\/\/www.wifo.ac.at\/en\/#organization","name":"\u00d6sterreichisches Institut f\u00fcr Wirtschaftsforschung","alternateName":"WIFO","url":"https:\/\/www.wifo.ac.at\/en\/","logo":{"@type":"ImageObject","inLanguage":"en-US","@id":"https:\/\/www.wifo.ac.at\/en\/#\/schema\/logo\/image\/","url":"https:\/\/www.wifo.ac.at\/wp-content\/uploads\/2024\/05\/WIFO_kurz_rechts-2-1920x412.jpg","contentUrl":"https:\/\/www.wifo.ac.at\/wp-content\/uploads\/2024\/05\/WIFO_kurz_rechts-2-1920x412.jpg","width":2000,"height":429,"caption":"\u00d6sterreichisches Institut f\u00fcr Wirtschaftsforschung"},"image":{"@id":"https:\/\/www.wifo.ac.at\/en\/#\/schema\/logo\/image\/"},"sameAs":["https:\/\/www.facebook.com\/WIFOat\/","https:\/\/x.com\/WIFOat","https:\/\/linkedin.com\/company\/wifoat\/","https:\/\/www.youtube.com\/@WIFO_at"],"description":"Das WIFO, 1927 von Friedrich August von Hayek und Ludwig von Mises zur Konjunkturanalyse gegr\u00fcndet, ist heute das f\u00fchrende Institut f\u00fcr angewandte empirische Wirtschaftsforschung in \u00d6sterreich mit starkem Engagement auf europ\u00e4ischer Ebene.","email":"office@wifo.ac.at","telephone":"+43 1 798 26 01 \u2013 0","legalName":"\u00d6sterreichisches Institut f\u00fcr Wirtschaftsforschung","foundingDate":"1927-01-02","numberOfEmployees":{"@type":"QuantitativeValue","minValue":"51","maxValue":"200"},"publishingPrinciples":"https:\/\/www.wifo.ac.at\/institut\/mission-und-strategie\/","ownershipFundingInfo":"https:\/\/www.wifo.ac.at\/institut\/organisation\/","actionableFeedbackPolicy":"https:\/\/www.wifo.ac.at\/aktuelles\/presse\/","correctionsPolicy":"https:\/\/www.wifo.ac.at\/institut\/kontakt\/","ethicsPolicy":"https:\/\/www.wifo.ac.at\/institut\/evidenzbasierung-transparenz-und-unabhaengigkeit\/","diversityPolicy":"https:\/\/www.wifo.ac.at\/institut\/gleichstellung\/","diversityStaffingReport":"https:\/\/www.wifo.ac.at\/institut\/gleichstellung\/"}]}},"_links":{"self":[{"href":"https:\/\/www.wifo.ac.at\/en\/wp-json\/wp\/v2\/publication\/106530","targetHints":{"allow":["GET"]}}],"collection":[{"href":"https:\/\/www.wifo.ac.at\/en\/wp-json\/wp\/v2\/publication"}],"about":[{"href":"https:\/\/www.wifo.ac.at\/en\/wp-json\/wp\/v2\/types\/publication"}],"version-history":[{"count":1,"href":"https:\/\/www.wifo.ac.at\/en\/wp-json\/wp\/v2\/publication\/106530\/revisions"}],"predecessor-version":[{"id":315095,"href":"https:\/\/www.wifo.ac.at\/en\/wp-json\/wp\/v2\/publication\/106530\/revisions\/315095"}],"acf:post":[{"embeddable":true,"href":"https:\/\/www.wifo.ac.at\/en\/wp-json\/wp\/v2\/person\/4043"},{"embeddable":true,"href":"https:\/\/www.wifo.ac.at\/en\/wp-json\/wp\/v2\/research_group\/3500"},{"embeddable":true,"href":"https:\/\/www.wifo.ac.at\/en\/wp-json\/wp\/v2\/publication_type\/44312"}],"wp:attachment":[{"href":"https:\/\/www.wifo.ac.at\/en\/wp-json\/wp\/v2\/media?parent=106530"}],"curies":[{"name":"wp","href":"https:\/\/api.w.org\/{rel}","templated":true}]}}