{"id":106458,"date":"2024-01-22T14:53:59","date_gmt":"2024-01-22T13:53:59","guid":{"rendered":"https:\/\/www.wifo.ac.at\/publication\/106458\/"},"modified":"2025-07-08T17:34:36","modified_gmt":"2025-07-08T15:34:36","slug":"oekonomische-modellierung-nachhaltiger-strukturen-im-privaten-konsum-am-beispiel-raumwaerme-und-verkehr","status":"publish","type":"publication","link":"https:\/\/www.wifo.ac.at\/en\/publication\/106458\/","title":{"rendered":"\u00d6konomische Modellierung nachhaltiger Strukturen im privaten Konsum. Am Beispiel Raumw\u00e4rme und Verkehr"},"content":{"rendered":"","protected":false},"featured_media":0,"template":"","class_list":["post-106458","publication","type-publication","status-publish","hentry"],"acf":{"subtitle":"","text":"Die internationale Forschung zur Nachhaltigkeit im Konsum umfasst eine breite Palette verschiedenster Ans\u00e4tze zur Analyse der weitreichenden \u00f6kologischen (und auch sozialen) Effekte des privaten Konsumverhaltens. Sowohl die theoretischen als auch die umsetzungsorientierten Arbeiten betonen insbesondere die Notwendigkeit einer Umorientierung der Nachfragestrukturen. Der Einbindung in empirische \u00f6konomische Modelle und der Sch\u00e4tzung der gesamtwirtschaftlichen Effekte einer solchen Strukturver\u00e4nderung wurde jedoch bisher wenig Aufmerksamkeit geschenkt. Die Durchf\u00fchrung einer entsprechenden empirischen Studie f\u00fcr \u00d6sterreich ist somit ein wichtiger Schritt in Hinblick auf die Integration nachhaltiger Konsumstrukturen in ein \u00f6konomisches Modell und auch im internationalen Vergleich Neuland.","onlinedate":"2002-07-01 00:00:00","lang":"German","publication_series":"","publication_date":"20020701","publication_date_year":"","publication_date_full":false,"publication_num_pages":"180","keywords":"[]","jelcodes":"[]","related_publications":"[]","pdf":428055,"zip":null,"link":"","monthly_report":false,"monthly_report_main":false,"monthly_report_volume":"","monthly_report_pages":"","monthly_report_pages_sort":"0","issue":"","journal":"","publisher":"","invisible":false,"external":false,"embargo_date":"2002-07-01 00:00:00","types":[81966],"research_groups":[3655,3500],"collaboration":"","persons":[3659,3671,3675,3995],"persons_data":"[{\"personId\":3659,\"personName\":\"Daniela Kletzan\",\"organisationNames\":[]},{\"personId\":3671,\"personName\":\"Angela K\u00f6ppl\",\"organisationNames\":[]},{\"personId\":3675,\"personName\":\"Kurt Kratena\",\"organisationNames\":[]},{\"personId\":3995,\"personName\":\"Michael W\u00fcger\",\"organisationNames\":[]}]","clients":[],"subclients":[],"partners":[],"topics":[],"host_publication_title":"","host_publication_subtitle":"","place_of_publication":"","host_publication_editors":"[]","type_description":"","output_media":"","chapter":"","article_number":"","citations":"{\"apa\":\"<div class=\\\"rendering rendering_researchoutput  rendering_researchoutput_apa rendering_bookanthology rendering_apa rendering_bookanthology_apa\\\"><span>Kletzan, D.<\\\/span><span>, K\u00f6ppl, A.<\\\/span><span>, Kratena, K.<\\\/span><span>, &amp; W\u00fcger, M.<\\\/span> (2002). <span><em>\u00d6konomische Modellierung nachhaltiger Strukturen im privaten Konsum. Am Beispiel Raumw\u00e4rme und Verkehr<\\\/em><\\\/span>. WIFO. <a onclick=\\\"window.open(this.href, '_blank','noopener,noreferrer'); return false;\\\" href=\\\"https:\\\/\\\/www.wifo.ac.at\\\/wwa\\\/pubid\\\/22262\\\" class=\\\"link\\\"><span>https:\\\/\\\/www.wifo.ac.at\\\/wwa\\\/pubid\\\/22262<\\\/span><\\\/a><\\\/div>\",\"vancouver\":\"<div class=\\\"rendering rendering_researchoutput  rendering_researchoutput_vancouver rendering_bookanthology rendering_vancouver rendering_bookanthology_vancouver\\\"><span>Kletzan D<\\\/span><span>, K\u00f6ppl A<\\\/span><span>, Kratena K<\\\/span><span>, W\u00fcger M<\\\/span>. <span class=\\\"title\\\"><span>\u00d6konomische Modellierung nachhaltiger Strukturen im privaten Konsum. Am Beispiel Raumw\u00e4rme und Verkehr<\\\/span><\\\/span>. WIFO; 2002.<\\\/div>\",\"bibtex\":\"<div class=\\\"rendering rendering_researchoutput  rendering_researchoutput_bibtex rendering_bookanthology rendering_bibtex rendering_bookanthology_bibtex\\\"><div>@book{d0880aa5304b4f48815af15ce9a16df5,<\\\/div><div>  title    = \\\"{\\\\\\\"O}konomische Modellierung nachhaltiger Strukturen im privaten Konsum. Am Beispiel Raumw{\\\\\\\"a}rme und Verkehr\\\",<\\\/div><div>  abstract = \\\"Die internationale Forschung zur Nachhaltigkeit im Konsum umfasst eine breite Palette verschiedenster Ans{\\\\\\\"a}tze zur Analyse der weitreichenden {\\\\\\\"o}kologischen (und auch sozialen) Effekte des privaten Konsumverhaltens. Sowohl die theoretischen als auch die umsetzungsorientierten Arbeiten betonen insbesondere die Notwendigkeit einer Umorientierung der Nachfragestrukturen. Der Einbindung in empirische {\\\\\\\"o}konomische Modelle und der Sch{\\\\\\\"a}tzung der gesamtwirtschaftlichen Effekte einer solchen Strukturver{\\\\\\\"a}nderung wurde jedoch bisher wenig Aufmerksamkeit geschenkt. Die Durchf{\\\\\\\"u}hrung einer entsprechenden empirischen Studie f{\\\\\\\"u}r {\\\\\\\"O}sterreich ist somit ein wichtiger Schritt in Hinblick auf die Integration nachhaltiger Konsumstrukturen in ein {\\\\\\\"o}konomisches Modell und auch im internationalen Vergleich Neuland.\\\",<\\\/div><div>  author   = \\\"Daniela Kletzan and Angela K{\\\\\\\"o}ppl and Kurt Kratena and Michael W{\\\\\\\"u}ger\\\",<\\\/div><div>  note     = \\\"Nachhaltiger Konsum\\\",<\\\/div><div>  year     = \\\"2002\\\",<\\\/div><div>  month    = jul,<\\\/div><div>  language = \\\"Deutsch\\\",<\\\/div><p>}<\\\/p><\\\/div>\",\"ris\":\"<div class=\\\"rendering rendering_researchoutput  rendering_researchoutput_ris rendering_bookanthology rendering_ris rendering_bookanthology_ris\\\"><p>TY  - BOOK<\\\/p><p>T1  - \u00d6konomische Modellierung nachhaltiger Strukturen im privaten Konsum. Am Beispiel Raumw\u00e4rme und Verkehr<\\\/p><p>AU  - Kletzan, Daniela<\\\/p><p>AU  - K\u00f6ppl, Angela<\\\/p><p>AU  - Kratena, Kurt<\\\/p><p>AU  - W\u00fcger, Michael<\\\/p><p>N1  - Nachhaltiger Konsum<\\\/p><p>PY  - 2002\\\/7<\\\/p><p>Y1  - 2002\\\/7<\\\/p><p>N2  - Die internationale Forschung zur Nachhaltigkeit im Konsum umfasst eine breite Palette verschiedenster Ans\u00e4tze zur Analyse der weitreichenden \u00f6kologischen (und auch sozialen) Effekte des privaten Konsumverhaltens. Sowohl die theoretischen als auch die umsetzungsorientierten Arbeiten betonen insbesondere die Notwendigkeit einer Umorientierung der Nachfragestrukturen. Der Einbindung in empirische \u00f6konomische Modelle und der Sch\u00e4tzung der gesamtwirtschaftlichen Effekte einer solchen Strukturver\u00e4nderung wurde jedoch bisher wenig Aufmerksamkeit geschenkt. Die Durchf\u00fchrung einer entsprechenden empirischen Studie f\u00fcr \u00d6sterreich ist somit ein wichtiger Schritt in Hinblick auf die Integration nachhaltiger Konsumstrukturen in ein \u00f6konomisches Modell und auch im internationalen Vergleich Neuland.<\\\/p><p>AB  - Die internationale Forschung zur Nachhaltigkeit im Konsum umfasst eine breite Palette verschiedenster Ans\u00e4tze zur Analyse der weitreichenden \u00f6kologischen (und auch sozialen) Effekte des privaten Konsumverhaltens. Sowohl die theoretischen als auch die umsetzungsorientierten Arbeiten betonen insbesondere die Notwendigkeit einer Umorientierung der Nachfragestrukturen. Der Einbindung in empirische \u00f6konomische Modelle und der Sch\u00e4tzung der gesamtwirtschaftlichen Effekte einer solchen Strukturver\u00e4nderung wurde jedoch bisher wenig Aufmerksamkeit geschenkt. Die Durchf\u00fchrung einer entsprechenden empirischen Studie f\u00fcr \u00d6sterreich ist somit ein wichtiger Schritt in Hinblick auf die Integration nachhaltiger Konsumstrukturen in ein \u00f6konomisches Modell und auch im internationalen Vergleich Neuland.<\\\/p><p>M3  - Studie<\\\/p><p>BT  - \u00d6konomische Modellierung nachhaltiger Strukturen im privaten Konsum. Am Beispiel Raumw\u00e4rme und Verkehr<\\\/p><p>ER  - <\\\/p><\\\/div>\"}","scientific_assistance":"[]","scientific_review":"[\"Schleicher Stefan\"]","version":"","release_date":null,"expiration_date":null,"surveyor":"","research_assistance":"","edv":"","additional_info_de":"","additional_info_en":""},"yoast_head":"<!-- This site is optimized with the Yoast SEO Premium plugin v28.3 (Yoast SEO v28.3) - https:\/\/yoast.com\/product\/yoast-seo-premium-wordpress\/ -->\n<title>\u00d6konomische Modellierung nachhaltiger Strukturen im privaten Konsum. Am Beispiel Raumw\u00e4rme und Verkehr - WIFO<\/title>\n<meta name=\"robots\" content=\"index, follow, max-snippet:-1, max-image-preview:large, max-video-preview:-1\" \/>\n<link rel=\"canonical\" href=\"https:\/\/www.wifo.ac.at\/en\/publication\/106458\/\" \/>\n<meta property=\"og:locale\" content=\"en_US\" \/>\n<meta property=\"og:type\" content=\"article\" \/>\n<meta property=\"og:title\" content=\"\u00d6konomische Modellierung nachhaltiger Strukturen im privaten Konsum. Am Beispiel Raumw\u00e4rme und Verkehr\" \/>\n<meta property=\"og:url\" content=\"https:\/\/www.wifo.ac.at\/en\/publication\/106458\/\" \/>\n<meta property=\"og:site_name\" content=\"WIFO\" \/>\n<meta property=\"article:publisher\" content=\"https:\/\/www.facebook.com\/WIFOat\/\" \/>\n<meta property=\"article:modified_time\" content=\"2025-07-08T15:34:36+00:00\" \/>\n<meta property=\"og:image\" content=\"https:\/\/www.wifo.ac.at\/wp-content\/uploads\/2024\/05\/WIFO-Gebaeude-FotoAlexanderMueller-www.alexandermueller.at-IMG_6326-Bearbeitet-1.jpg\" \/>\n\t<meta property=\"og:image:width\" content=\"1920\" \/>\n\t<meta property=\"og:image:height\" content=\"1280\" \/>\n\t<meta property=\"og:image:type\" content=\"image\/jpeg\" \/>\n<meta name=\"twitter:card\" content=\"summary_large_image\" \/>\n<meta name=\"twitter:site\" content=\"@WIFOat\" \/>\n<script type=\"application\/ld+json\" class=\"yoast-schema-graph\">{\"@context\":\"https:\\\/\\\/schema.org\",\"@graph\":[{\"@type\":\"WebPage\",\"@id\":\"https:\\\/\\\/www.wifo.ac.at\\\/en\\\/publication\\\/106458\\\/\",\"url\":\"https:\\\/\\\/www.wifo.ac.at\\\/en\\\/publication\\\/106458\\\/\",\"name\":\"\u00d6konomische Modellierung nachhaltiger Strukturen im privaten Konsum. Am Beispiel Raumw\u00e4rme und Verkehr - WIFO\",\"isPartOf\":{\"@id\":\"https:\\\/\\\/www.wifo.ac.at\\\/en\\\/#website\"},\"datePublished\":\"2024-01-22T13:53:59+00:00\",\"dateModified\":\"2025-07-08T15:34:36+00:00\",\"breadcrumb\":{\"@id\":\"https:\\\/\\\/www.wifo.ac.at\\\/en\\\/publication\\\/106458\\\/#breadcrumb\"},\"inLanguage\":\"en-US\",\"potentialAction\":[{\"@type\":\"ReadAction\",\"target\":[\"https:\\\/\\\/www.wifo.ac.at\\\/en\\\/publication\\\/106458\\\/\"]}]},{\"@type\":\"BreadcrumbList\",\"@id\":\"https:\\\/\\\/www.wifo.ac.at\\\/en\\\/publication\\\/106458\\\/#breadcrumb\",\"itemListElement\":[{\"@type\":\"ListItem\",\"position\":1,\"name\":\"Startseite\",\"item\":\"https:\\\/\\\/www.wifo.ac.at\\\/en\\\/\"},{\"@type\":\"ListItem\",\"position\":2,\"name\":\"\u00d6konomische Modellierung nachhaltiger Strukturen im privaten Konsum. Am Beispiel Raumw\u00e4rme und Verkehr\"}]},{\"@type\":\"WebSite\",\"@id\":\"https:\\\/\\\/www.wifo.ac.at\\\/en\\\/#website\",\"url\":\"https:\\\/\\\/www.wifo.ac.at\\\/en\\\/\",\"name\":\"\u00d6sterreichisches Institut f\u00fcr Wirtschaftsforschung\",\"description\":\"\",\"publisher\":{\"@id\":\"https:\\\/\\\/www.wifo.ac.at\\\/en\\\/#organization\"},\"alternateName\":\"WIFO\",\"potentialAction\":[{\"@type\":\"SearchAction\",\"target\":{\"@type\":\"EntryPoint\",\"urlTemplate\":\"https:\\\/\\\/www.wifo.ac.at\\\/en\\\/?s={search_term_string}\"},\"query-input\":{\"@type\":\"PropertyValueSpecification\",\"valueRequired\":true,\"valueName\":\"search_term_string\"}}],\"inLanguage\":\"en-US\"},{\"@type\":\"Organization\",\"@id\":\"https:\\\/\\\/www.wifo.ac.at\\\/en\\\/#organization\",\"name\":\"\u00d6sterreichisches Institut f\u00fcr Wirtschaftsforschung\",\"alternateName\":\"WIFO\",\"url\":\"https:\\\/\\\/www.wifo.ac.at\\\/en\\\/\",\"logo\":{\"@type\":\"ImageObject\",\"inLanguage\":\"en-US\",\"@id\":\"https:\\\/\\\/www.wifo.ac.at\\\/en\\\/#\\\/schema\\\/logo\\\/image\\\/\",\"url\":\"https:\\\/\\\/www.wifo.ac.at\\\/wp-content\\\/uploads\\\/2024\\\/05\\\/WIFO_kurz_rechts-2-1920x412.jpg\",\"contentUrl\":\"https:\\\/\\\/www.wifo.ac.at\\\/wp-content\\\/uploads\\\/2024\\\/05\\\/WIFO_kurz_rechts-2-1920x412.jpg\",\"width\":2000,\"height\":429,\"caption\":\"\u00d6sterreichisches Institut f\u00fcr Wirtschaftsforschung\"},\"image\":{\"@id\":\"https:\\\/\\\/www.wifo.ac.at\\\/en\\\/#\\\/schema\\\/logo\\\/image\\\/\"},\"sameAs\":[\"https:\\\/\\\/www.facebook.com\\\/WIFOat\\\/\",\"https:\\\/\\\/x.com\\\/WIFOat\",\"https:\\\/\\\/linkedin.com\\\/company\\\/wifoat\\\/\",\"https:\\\/\\\/www.youtube.com\\\/@WIFO_at\"],\"description\":\"Das WIFO, 1927 von Friedrich August von Hayek und Ludwig von Mises zur Konjunkturanalyse gegr\u00fcndet, ist heute das f\u00fchrende Institut f\u00fcr angewandte empirische Wirtschaftsforschung in \u00d6sterreich mit starkem Engagement auf europ\u00e4ischer Ebene.\",\"email\":\"office@wifo.ac.at\",\"telephone\":\"+43 1 798 26 01 \u2013 0\",\"legalName\":\"\u00d6sterreichisches Institut f\u00fcr Wirtschaftsforschung\",\"foundingDate\":\"1927-01-02\",\"numberOfEmployees\":{\"@type\":\"QuantitativeValue\",\"minValue\":\"51\",\"maxValue\":\"200\"},\"publishingPrinciples\":\"https:\\\/\\\/www.wifo.ac.at\\\/institut\\\/mission-und-strategie\\\/\",\"ownershipFundingInfo\":\"https:\\\/\\\/www.wifo.ac.at\\\/institut\\\/organisation\\\/\",\"actionableFeedbackPolicy\":\"https:\\\/\\\/www.wifo.ac.at\\\/aktuelles\\\/presse\\\/\",\"correctionsPolicy\":\"https:\\\/\\\/www.wifo.ac.at\\\/institut\\\/kontakt\\\/\",\"ethicsPolicy\":\"https:\\\/\\\/www.wifo.ac.at\\\/institut\\\/evidenzbasierung-transparenz-und-unabhaengigkeit\\\/\",\"diversityPolicy\":\"https:\\\/\\\/www.wifo.ac.at\\\/institut\\\/gleichstellung\\\/\",\"diversityStaffingReport\":\"https:\\\/\\\/www.wifo.ac.at\\\/institut\\\/gleichstellung\\\/\"}]}<\/script>\n<!-- \/ Yoast SEO Premium plugin. -->","yoast_head_json":{"title":"\u00d6konomische Modellierung nachhaltiger Strukturen im privaten Konsum. Am Beispiel Raumw\u00e4rme und Verkehr - WIFO","robots":{"index":"index","follow":"follow","max-snippet":"max-snippet:-1","max-image-preview":"max-image-preview:large","max-video-preview":"max-video-preview:-1"},"canonical":"https:\/\/www.wifo.ac.at\/en\/publication\/106458\/","og_locale":"en_US","og_type":"article","og_title":"\u00d6konomische Modellierung nachhaltiger Strukturen im privaten Konsum. Am Beispiel Raumw\u00e4rme und Verkehr","og_url":"https:\/\/www.wifo.ac.at\/en\/publication\/106458\/","og_site_name":"WIFO","article_publisher":"https:\/\/www.facebook.com\/WIFOat\/","article_modified_time":"2025-07-08T15:34:36+00:00","og_image":[{"width":1920,"height":1280,"url":"https:\/\/www.wifo.ac.at\/wp-content\/uploads\/2024\/05\/WIFO-Gebaeude-FotoAlexanderMueller-www.alexandermueller.at-IMG_6326-Bearbeitet-1.jpg","type":"image\/jpeg"}],"twitter_card":"summary_large_image","twitter_site":"@WIFOat","schema":{"@context":"https:\/\/schema.org","@graph":[{"@type":"WebPage","@id":"https:\/\/www.wifo.ac.at\/en\/publication\/106458\/","url":"https:\/\/www.wifo.ac.at\/en\/publication\/106458\/","name":"\u00d6konomische Modellierung nachhaltiger Strukturen im privaten Konsum. Am Beispiel Raumw\u00e4rme und Verkehr - WIFO","isPartOf":{"@id":"https:\/\/www.wifo.ac.at\/en\/#website"},"datePublished":"2024-01-22T13:53:59+00:00","dateModified":"2025-07-08T15:34:36+00:00","breadcrumb":{"@id":"https:\/\/www.wifo.ac.at\/en\/publication\/106458\/#breadcrumb"},"inLanguage":"en-US","potentialAction":[{"@type":"ReadAction","target":["https:\/\/www.wifo.ac.at\/en\/publication\/106458\/"]}]},{"@type":"BreadcrumbList","@id":"https:\/\/www.wifo.ac.at\/en\/publication\/106458\/#breadcrumb","itemListElement":[{"@type":"ListItem","position":1,"name":"Startseite","item":"https:\/\/www.wifo.ac.at\/en\/"},{"@type":"ListItem","position":2,"name":"\u00d6konomische Modellierung nachhaltiger Strukturen im privaten Konsum. Am Beispiel Raumw\u00e4rme und Verkehr"}]},{"@type":"WebSite","@id":"https:\/\/www.wifo.ac.at\/en\/#website","url":"https:\/\/www.wifo.ac.at\/en\/","name":"\u00d6sterreichisches Institut f\u00fcr Wirtschaftsforschung","description":"","publisher":{"@id":"https:\/\/www.wifo.ac.at\/en\/#organization"},"alternateName":"WIFO","potentialAction":[{"@type":"SearchAction","target":{"@type":"EntryPoint","urlTemplate":"https:\/\/www.wifo.ac.at\/en\/?s={search_term_string}"},"query-input":{"@type":"PropertyValueSpecification","valueRequired":true,"valueName":"search_term_string"}}],"inLanguage":"en-US"},{"@type":"Organization","@id":"https:\/\/www.wifo.ac.at\/en\/#organization","name":"\u00d6sterreichisches Institut f\u00fcr Wirtschaftsforschung","alternateName":"WIFO","url":"https:\/\/www.wifo.ac.at\/en\/","logo":{"@type":"ImageObject","inLanguage":"en-US","@id":"https:\/\/www.wifo.ac.at\/en\/#\/schema\/logo\/image\/","url":"https:\/\/www.wifo.ac.at\/wp-content\/uploads\/2024\/05\/WIFO_kurz_rechts-2-1920x412.jpg","contentUrl":"https:\/\/www.wifo.ac.at\/wp-content\/uploads\/2024\/05\/WIFO_kurz_rechts-2-1920x412.jpg","width":2000,"height":429,"caption":"\u00d6sterreichisches Institut f\u00fcr Wirtschaftsforschung"},"image":{"@id":"https:\/\/www.wifo.ac.at\/en\/#\/schema\/logo\/image\/"},"sameAs":["https:\/\/www.facebook.com\/WIFOat\/","https:\/\/x.com\/WIFOat","https:\/\/linkedin.com\/company\/wifoat\/","https:\/\/www.youtube.com\/@WIFO_at"],"description":"Das WIFO, 1927 von Friedrich August von Hayek und Ludwig von Mises zur Konjunkturanalyse gegr\u00fcndet, ist heute das f\u00fchrende Institut f\u00fcr angewandte empirische Wirtschaftsforschung in \u00d6sterreich mit starkem Engagement auf europ\u00e4ischer Ebene.","email":"office@wifo.ac.at","telephone":"+43 1 798 26 01 \u2013 0","legalName":"\u00d6sterreichisches Institut f\u00fcr Wirtschaftsforschung","foundingDate":"1927-01-02","numberOfEmployees":{"@type":"QuantitativeValue","minValue":"51","maxValue":"200"},"publishingPrinciples":"https:\/\/www.wifo.ac.at\/institut\/mission-und-strategie\/","ownershipFundingInfo":"https:\/\/www.wifo.ac.at\/institut\/organisation\/","actionableFeedbackPolicy":"https:\/\/www.wifo.ac.at\/aktuelles\/presse\/","correctionsPolicy":"https:\/\/www.wifo.ac.at\/institut\/kontakt\/","ethicsPolicy":"https:\/\/www.wifo.ac.at\/institut\/evidenzbasierung-transparenz-und-unabhaengigkeit\/","diversityPolicy":"https:\/\/www.wifo.ac.at\/institut\/gleichstellung\/","diversityStaffingReport":"https:\/\/www.wifo.ac.at\/institut\/gleichstellung\/"}]}},"_links":{"self":[{"href":"https:\/\/www.wifo.ac.at\/en\/wp-json\/wp\/v2\/publication\/106458","targetHints":{"allow":["GET"]}}],"collection":[{"href":"https:\/\/www.wifo.ac.at\/en\/wp-json\/wp\/v2\/publication"}],"about":[{"href":"https:\/\/www.wifo.ac.at\/en\/wp-json\/wp\/v2\/types\/publication"}],"version-history":[{"count":1,"href":"https:\/\/www.wifo.ac.at\/en\/wp-json\/wp\/v2\/publication\/106458\/revisions"}],"predecessor-version":[{"id":314947,"href":"https:\/\/www.wifo.ac.at\/en\/wp-json\/wp\/v2\/publication\/106458\/revisions\/314947"}],"acf:post":[{"embeddable":true,"href":"https:\/\/www.wifo.ac.at\/en\/wp-json\/wp\/v2\/person\/3995"},{"embeddable":true,"href":"https:\/\/www.wifo.ac.at\/en\/wp-json\/wp\/v2\/person\/3675"},{"embeddable":true,"href":"https:\/\/www.wifo.ac.at\/en\/wp-json\/wp\/v2\/person\/3671"},{"embeddable":true,"href":"https:\/\/www.wifo.ac.at\/en\/wp-json\/wp\/v2\/person\/3659"},{"embeddable":true,"href":"https:\/\/www.wifo.ac.at\/en\/wp-json\/wp\/v2\/research_group\/3500"},{"embeddable":true,"href":"https:\/\/www.wifo.ac.at\/en\/wp-json\/wp\/v2\/research_group\/3655"},{"embeddable":true,"href":"https:\/\/www.wifo.ac.at\/en\/wp-json\/wp\/v2\/publication_type\/81966"}],"wp:attachment":[{"href":"https:\/\/www.wifo.ac.at\/en\/wp-json\/wp\/v2\/media?parent=106458"}],"curies":[{"name":"wp","href":"https:\/\/api.w.org\/{rel}","templated":true}]}}