{"id":105598,"date":"2024-01-22T14:26:10","date_gmt":"2024-01-22T13:26:10","guid":{"rendered":"https:\/\/www.wifo.ac.at\/publication\/105598\/"},"modified":"2024-11-07T03:05:36","modified_gmt":"2024-11-07T02:05:36","slug":"pronounced-cyclical-downturn-recovery-not-before-mid-2002-economic-outlook-for-2002-and-2003-2","status":"publish","type":"publication","link":"https:\/\/www.wifo.ac.at\/en\/publication\/105598\/","title":{"rendered":"Pronounced Cyclical Downturn, Recovery not Before Mid-2002. Economic Outlook for 2002 and 2003"},"content":{"rendered":"","protected":false},"featured_media":0,"template":"","class_list":["post-105598","publication","type-publication","status-publish","hentry"],"acf":{"subtitle":"","text":"GDP in Austria expanded by no more than 1.1 percent in volume in 2001. The weakness in overall demand is set to continue until Spring 2002 at least. By that time, a marked upturn in activity may set in, driven by a business cycle recovery in the USA and supported by low oil prices. On these assumptions, the Austrian economy may grow by 1.2 percent in 2002 and by 2.8 percent in the following year. The current sharp cyclical slowdown is putting strain on the labour market and on government budgets. Employment is expected to recede in 2002, making for a jump in the jobless rate to an average 6.6 percent. With automatic stabilisers operating, the general government balance in 2002 is projected at a deficit of around \u20ac 0.8 billion or 0.4 percent of GDP. Inflation is expected to decelerate significantly.","onlinedate":"2002-01-23 12:00:00","lang":"English","publication_series":"","publication_date":"20020101","publication_date_year":"","publication_date_full":false,"publication_num_pages":"","keywords":"[\"Pronounced Cyclical Downturn\",\"Recovery not Before Mid-2002. Economic Outlook for 2002 and 2003\"]","jelcodes":"[]","related_publications":"[]","pdf":312940,"zip":null,"link":"","monthly_report":true,"monthly_report_main":false,"monthly_report_volume":"75","monthly_report_pages":"15-17","monthly_report_pages_sort":"15","issue":"1","journal":"WIFO-Monatsberichte","publisher":"","invisible":false,"external":false,"embargo_date":"2002-01-23 12:00:00","types":[44312],"research_groups":[3500],"collaboration":"","persons":[4043],"persons_data":"[{\"personId\":4043,\"personName\":\"Markus Marterbauer\",\"organisationNames\":[]}]","clients":[],"subclients":[],"partners":[],"topics":[],"host_publication_title":"","host_publication_subtitle":"","place_of_publication":"","host_publication_editors":"[]","type_description":"","output_media":"","chapter":"","article_number":"","citations":"{\"apa\":\"<div class=\\\"rendering rendering_researchoutput  rendering_researchoutput_apa rendering_contributiontoperiodical rendering_apa rendering_contributiontoperiodical_apa\\\"><span>Marterbauer, M.<\\\/span> (2002). <span>Pronounced Cyclical Downturn, Recovery not Before Mid-2002. Economic Outlook for 2002 and 2003<\\\/span>. <span><em>WIFO-Monatsberichte<\\\/em><\\\/span>, <em>75<\\\/em>(1), 15-17. <a onclick=\\\"window.open(this.href, '_blank','noopener,noreferrer'); return false;\\\" href=\\\"https:\\\/\\\/www.wifo.ac.at\\\/wwa\\\/pubid\\\/21029\\\" class=\\\"link\\\"><span>https:\\\/\\\/www.wifo.ac.at\\\/wwa\\\/pubid\\\/21029<\\\/span><\\\/a><\\\/div>\",\"vancouver\":\"<div class=\\\"rendering rendering_researchoutput  rendering_researchoutput_vancouver rendering_contributiontoperiodical rendering_vancouver rendering_contributiontoperiodical_vancouver\\\"><span>Marterbauer M<\\\/span>. <span class=\\\"title\\\"><span>Pronounced Cyclical Downturn, Recovery not Before Mid-2002. Economic Outlook for 2002 and 2003<\\\/span><\\\/span>. <span>WIFO-Monatsberichte<\\\/span>. 2002 Jan;75(1):15-17.<\\\/div>\",\"bibtex\":\"<div class=\\\"rendering rendering_researchoutput  rendering_researchoutput_bibtex rendering_contributiontoperiodical rendering_bibtex rendering_contributiontoperiodical_bibtex\\\"><div>@misc{059c31f7b8374aaca9d7ea14ba6f815c,<\\\/div><div>  title    = \\\"Pronounced Cyclical Downturn, Recovery not Before Mid-2002. Economic Outlook for 2002 and 2003\\\",<\\\/div><div>  abstract = \\\"GDP in Austria expanded by no more than 1.1 percent in volume in 2001. The weakness in overall demand is set to continue until Spring 2002 at least. By that time, a marked upturn in activity may set in, driven by a business cycle recovery in the USA and supported by low oil prices. On these assumptions, the Austrian economy may grow by 1.2 percent in 2002 and by 2.8 percent in the following year. The current sharp cyclical slowdown is putting strain on the labour market and on government budgets. Employment is expected to recede in 2002, making for a jump in the jobless rate to an average 6.6 percent. With automatic stabilisers operating, the general government balance in 2002 is projected at a deficit of around \u20ac 0.8 billion or 0.4 percent of GDP. Inflation is expected to decelerate significantly.\\\",<\\\/div><div>  keywords = \\\"Pronounced Cyclical Downturn, Recovery not Before Mid-2002. Economic Outlook for 2002 and 2003, Pronounced Cyclical Downturn, Recovery not Before Mid-2002. Economic Outlook for 2002 and 2003\\\",<\\\/div><div>  author   = \\\"Markus Marterbauer\\\",<\\\/div><div>  note     = \\\"Outlook\\\",<\\\/div><div>  year     = \\\"2002\\\",<\\\/div><div>  month    = jan,<\\\/div><div>  language = \\\"English\\\",<\\\/div><div>  volume   = \\\"75\\\",<\\\/div><div>  pages    = \\\"15--17\\\",<\\\/div><div>  journal  = \\\"WIFO-Monatsberichte\\\",<\\\/div><p>}<\\\/p><\\\/div>\",\"ris\":\"<div class=\\\"rendering rendering_researchoutput  rendering_researchoutput_ris rendering_contributiontoperiodical rendering_ris rendering_contributiontoperiodical_ris\\\"><p>TY  - GEN<\\\/p><p>T1  - Pronounced Cyclical Downturn, Recovery not Before Mid-2002. Economic Outlook for 2002 and 2003<\\\/p><p>AU  - Marterbauer, Markus<\\\/p><p>N1  - Outlook<\\\/p><p>PY  - 2002\\\/1<\\\/p><p>Y1  - 2002\\\/1<\\\/p><p>N2  - GDP in Austria expanded by no more than 1.1 percent in volume in 2001. The weakness in overall demand is set to continue until Spring 2002 at least. By that time, a marked upturn in activity may set in, driven by a business cycle recovery in the USA and supported by low oil prices. On these assumptions, the Austrian economy may grow by 1.2 percent in 2002 and by 2.8 percent in the following year. The current sharp cyclical slowdown is putting strain on the labour market and on government budgets. Employment is expected to recede in 2002, making for a jump in the jobless rate to an average 6.6 percent. With automatic stabilisers operating, the general government balance in 2002 is projected at a deficit of around \u20ac 0.8 billion or 0.4 percent of GDP. Inflation is expected to decelerate significantly.<\\\/p><p>AB  - GDP in Austria expanded by no more than 1.1 percent in volume in 2001. The weakness in overall demand is set to continue until Spring 2002 at least. By that time, a marked upturn in activity may set in, driven by a business cycle recovery in the USA and supported by low oil prices. On these assumptions, the Austrian economy may grow by 1.2 percent in 2002 and by 2.8 percent in the following year. The current sharp cyclical slowdown is putting strain on the labour market and on government budgets. Employment is expected to recede in 2002, making for a jump in the jobless rate to an average 6.6 percent. With automatic stabilisers operating, the general government balance in 2002 is projected at a deficit of around \u20ac 0.8 billion or 0.4 percent of GDP. Inflation is expected to decelerate significantly.<\\\/p><p>KW  - Pronounced Cyclical Downturn<\\\/p><p>KW  - Recovery not Before Mid-2002. Economic Outlook for 2002 and 2003<\\\/p><p>KW  - Pronounced Cyclical Downturn<\\\/p><p>KW  - Recovery not Before Mid-2002. Economic Outlook for 2002 and 2003<\\\/p><p>M3  - WIFO series<\\\/p><p>VL  - 75<\\\/p><p>SP  - 15<\\\/p><p>EP  - 17<\\\/p><p>JO  - WIFO-Monatsberichte<\\\/p><p>JF  - WIFO-Monatsberichte<\\\/p><p>ER  - <\\\/p><\\\/div>\"}","scientific_assistance":"[]","scientific_review":"[]","version":"","release_date":null,"expiration_date":null,"surveyor":"","research_assistance":"","edv":"","additional_info_de":"","additional_info_en":""},"yoast_head":"<!-- This site is optimized with the Yoast SEO Premium plugin v28.3 (Yoast SEO v28.3) - https:\/\/yoast.com\/product\/yoast-seo-premium-wordpress\/ -->\n<title>Pronounced Cyclical Downturn, Recovery not Before Mid-2002. Economic Outlook for 2002 and 2003 - WIFO<\/title>\n<meta name=\"robots\" content=\"index, follow, max-snippet:-1, max-image-preview:large, max-video-preview:-1\" \/>\n<link rel=\"canonical\" href=\"https:\/\/www.wifo.ac.at\/en\/publication\/105598\/\" \/>\n<meta property=\"og:locale\" content=\"en_US\" \/>\n<meta property=\"og:type\" content=\"article\" \/>\n<meta property=\"og:title\" content=\"Pronounced Cyclical Downturn, Recovery not Before Mid-2002. Economic Outlook for 2002 and 2003\" \/>\n<meta property=\"og:url\" content=\"https:\/\/www.wifo.ac.at\/en\/publication\/105598\/\" \/>\n<meta property=\"og:site_name\" content=\"WIFO\" \/>\n<meta property=\"article:publisher\" content=\"https:\/\/www.facebook.com\/WIFOat\/\" \/>\n<meta property=\"article:modified_time\" content=\"2024-11-07T02:05:36+00:00\" \/>\n<meta property=\"og:image\" content=\"https:\/\/www.wifo.ac.at\/wp-content\/uploads\/2024\/05\/WIFO-Gebaeude-FotoAlexanderMueller-www.alexandermueller.at-IMG_6326-Bearbeitet-1.jpg\" \/>\n\t<meta property=\"og:image:width\" content=\"1920\" \/>\n\t<meta property=\"og:image:height\" content=\"1280\" \/>\n\t<meta property=\"og:image:type\" content=\"image\/jpeg\" \/>\n<meta name=\"twitter:card\" content=\"summary_large_image\" \/>\n<meta name=\"twitter:site\" content=\"@WIFOat\" \/>\n<script type=\"application\/ld+json\" class=\"yoast-schema-graph\">{\"@context\":\"https:\\\/\\\/schema.org\",\"@graph\":[{\"@type\":\"WebPage\",\"@id\":\"https:\\\/\\\/www.wifo.ac.at\\\/en\\\/publication\\\/105598\\\/\",\"url\":\"https:\\\/\\\/www.wifo.ac.at\\\/en\\\/publication\\\/105598\\\/\",\"name\":\"Pronounced Cyclical Downturn, Recovery not Before Mid-2002. Economic Outlook for 2002 and 2003 - WIFO\",\"isPartOf\":{\"@id\":\"https:\\\/\\\/www.wifo.ac.at\\\/en\\\/#website\"},\"datePublished\":\"2024-01-22T13:26:10+00:00\",\"dateModified\":\"2024-11-07T02:05:36+00:00\",\"breadcrumb\":{\"@id\":\"https:\\\/\\\/www.wifo.ac.at\\\/en\\\/publication\\\/105598\\\/#breadcrumb\"},\"inLanguage\":\"en-US\",\"potentialAction\":[{\"@type\":\"ReadAction\",\"target\":[\"https:\\\/\\\/www.wifo.ac.at\\\/en\\\/publication\\\/105598\\\/\"]}]},{\"@type\":\"BreadcrumbList\",\"@id\":\"https:\\\/\\\/www.wifo.ac.at\\\/en\\\/publication\\\/105598\\\/#breadcrumb\",\"itemListElement\":[{\"@type\":\"ListItem\",\"position\":1,\"name\":\"Startseite\",\"item\":\"https:\\\/\\\/www.wifo.ac.at\\\/en\\\/\"},{\"@type\":\"ListItem\",\"position\":2,\"name\":\"Pronounced Cyclical Downturn, Recovery not Before Mid-2002. Economic Outlook for 2002 and 2003\"}]},{\"@type\":\"WebSite\",\"@id\":\"https:\\\/\\\/www.wifo.ac.at\\\/en\\\/#website\",\"url\":\"https:\\\/\\\/www.wifo.ac.at\\\/en\\\/\",\"name\":\"\u00d6sterreichisches Institut f\u00fcr Wirtschaftsforschung\",\"description\":\"\",\"publisher\":{\"@id\":\"https:\\\/\\\/www.wifo.ac.at\\\/en\\\/#organization\"},\"alternateName\":\"WIFO\",\"potentialAction\":[{\"@type\":\"SearchAction\",\"target\":{\"@type\":\"EntryPoint\",\"urlTemplate\":\"https:\\\/\\\/www.wifo.ac.at\\\/en\\\/?s={search_term_string}\"},\"query-input\":{\"@type\":\"PropertyValueSpecification\",\"valueRequired\":true,\"valueName\":\"search_term_string\"}}],\"inLanguage\":\"en-US\"},{\"@type\":\"Organization\",\"@id\":\"https:\\\/\\\/www.wifo.ac.at\\\/en\\\/#organization\",\"name\":\"\u00d6sterreichisches Institut f\u00fcr Wirtschaftsforschung\",\"alternateName\":\"WIFO\",\"url\":\"https:\\\/\\\/www.wifo.ac.at\\\/en\\\/\",\"logo\":{\"@type\":\"ImageObject\",\"inLanguage\":\"en-US\",\"@id\":\"https:\\\/\\\/www.wifo.ac.at\\\/en\\\/#\\\/schema\\\/logo\\\/image\\\/\",\"url\":\"https:\\\/\\\/www.wifo.ac.at\\\/wp-content\\\/uploads\\\/2024\\\/05\\\/WIFO_kurz_rechts-2-1920x412.jpg\",\"contentUrl\":\"https:\\\/\\\/www.wifo.ac.at\\\/wp-content\\\/uploads\\\/2024\\\/05\\\/WIFO_kurz_rechts-2-1920x412.jpg\",\"width\":2000,\"height\":429,\"caption\":\"\u00d6sterreichisches Institut f\u00fcr Wirtschaftsforschung\"},\"image\":{\"@id\":\"https:\\\/\\\/www.wifo.ac.at\\\/en\\\/#\\\/schema\\\/logo\\\/image\\\/\"},\"sameAs\":[\"https:\\\/\\\/www.facebook.com\\\/WIFOat\\\/\",\"https:\\\/\\\/x.com\\\/WIFOat\",\"https:\\\/\\\/linkedin.com\\\/company\\\/wifoat\\\/\",\"https:\\\/\\\/www.youtube.com\\\/@WIFO_at\"],\"description\":\"Das WIFO, 1927 von Friedrich August von Hayek und Ludwig von Mises zur Konjunkturanalyse gegr\u00fcndet, ist heute das f\u00fchrende Institut f\u00fcr angewandte empirische Wirtschaftsforschung in \u00d6sterreich mit starkem Engagement auf europ\u00e4ischer Ebene.\",\"email\":\"office@wifo.ac.at\",\"telephone\":\"+43 1 798 26 01 \u2013 0\",\"legalName\":\"\u00d6sterreichisches Institut f\u00fcr Wirtschaftsforschung\",\"foundingDate\":\"1927-01-02\",\"numberOfEmployees\":{\"@type\":\"QuantitativeValue\",\"minValue\":\"51\",\"maxValue\":\"200\"},\"publishingPrinciples\":\"https:\\\/\\\/www.wifo.ac.at\\\/institut\\\/mission-und-strategie\\\/\",\"ownershipFundingInfo\":\"https:\\\/\\\/www.wifo.ac.at\\\/institut\\\/organisation\\\/\",\"actionableFeedbackPolicy\":\"https:\\\/\\\/www.wifo.ac.at\\\/aktuelles\\\/presse\\\/\",\"correctionsPolicy\":\"https:\\\/\\\/www.wifo.ac.at\\\/institut\\\/kontakt\\\/\",\"ethicsPolicy\":\"https:\\\/\\\/www.wifo.ac.at\\\/institut\\\/evidenzbasierung-transparenz-und-unabhaengigkeit\\\/\",\"diversityPolicy\":\"https:\\\/\\\/www.wifo.ac.at\\\/institut\\\/gleichstellung\\\/\",\"diversityStaffingReport\":\"https:\\\/\\\/www.wifo.ac.at\\\/institut\\\/gleichstellung\\\/\"}]}<\/script>\n<!-- \/ Yoast SEO Premium plugin. -->","yoast_head_json":{"title":"Pronounced Cyclical Downturn, Recovery not Before Mid-2002. Economic Outlook for 2002 and 2003 - WIFO","robots":{"index":"index","follow":"follow","max-snippet":"max-snippet:-1","max-image-preview":"max-image-preview:large","max-video-preview":"max-video-preview:-1"},"canonical":"https:\/\/www.wifo.ac.at\/en\/publication\/105598\/","og_locale":"en_US","og_type":"article","og_title":"Pronounced Cyclical Downturn, Recovery not Before Mid-2002. Economic Outlook for 2002 and 2003","og_url":"https:\/\/www.wifo.ac.at\/en\/publication\/105598\/","og_site_name":"WIFO","article_publisher":"https:\/\/www.facebook.com\/WIFOat\/","article_modified_time":"2024-11-07T02:05:36+00:00","og_image":[{"width":1920,"height":1280,"url":"https:\/\/www.wifo.ac.at\/wp-content\/uploads\/2024\/05\/WIFO-Gebaeude-FotoAlexanderMueller-www.alexandermueller.at-IMG_6326-Bearbeitet-1.jpg","type":"image\/jpeg"}],"twitter_card":"summary_large_image","twitter_site":"@WIFOat","schema":{"@context":"https:\/\/schema.org","@graph":[{"@type":"WebPage","@id":"https:\/\/www.wifo.ac.at\/en\/publication\/105598\/","url":"https:\/\/www.wifo.ac.at\/en\/publication\/105598\/","name":"Pronounced Cyclical Downturn, Recovery not Before Mid-2002. Economic Outlook for 2002 and 2003 - WIFO","isPartOf":{"@id":"https:\/\/www.wifo.ac.at\/en\/#website"},"datePublished":"2024-01-22T13:26:10+00:00","dateModified":"2024-11-07T02:05:36+00:00","breadcrumb":{"@id":"https:\/\/www.wifo.ac.at\/en\/publication\/105598\/#breadcrumb"},"inLanguage":"en-US","potentialAction":[{"@type":"ReadAction","target":["https:\/\/www.wifo.ac.at\/en\/publication\/105598\/"]}]},{"@type":"BreadcrumbList","@id":"https:\/\/www.wifo.ac.at\/en\/publication\/105598\/#breadcrumb","itemListElement":[{"@type":"ListItem","position":1,"name":"Startseite","item":"https:\/\/www.wifo.ac.at\/en\/"},{"@type":"ListItem","position":2,"name":"Pronounced Cyclical Downturn, Recovery not Before Mid-2002. Economic Outlook for 2002 and 2003"}]},{"@type":"WebSite","@id":"https:\/\/www.wifo.ac.at\/en\/#website","url":"https:\/\/www.wifo.ac.at\/en\/","name":"\u00d6sterreichisches Institut f\u00fcr Wirtschaftsforschung","description":"","publisher":{"@id":"https:\/\/www.wifo.ac.at\/en\/#organization"},"alternateName":"WIFO","potentialAction":[{"@type":"SearchAction","target":{"@type":"EntryPoint","urlTemplate":"https:\/\/www.wifo.ac.at\/en\/?s={search_term_string}"},"query-input":{"@type":"PropertyValueSpecification","valueRequired":true,"valueName":"search_term_string"}}],"inLanguage":"en-US"},{"@type":"Organization","@id":"https:\/\/www.wifo.ac.at\/en\/#organization","name":"\u00d6sterreichisches Institut f\u00fcr Wirtschaftsforschung","alternateName":"WIFO","url":"https:\/\/www.wifo.ac.at\/en\/","logo":{"@type":"ImageObject","inLanguage":"en-US","@id":"https:\/\/www.wifo.ac.at\/en\/#\/schema\/logo\/image\/","url":"https:\/\/www.wifo.ac.at\/wp-content\/uploads\/2024\/05\/WIFO_kurz_rechts-2-1920x412.jpg","contentUrl":"https:\/\/www.wifo.ac.at\/wp-content\/uploads\/2024\/05\/WIFO_kurz_rechts-2-1920x412.jpg","width":2000,"height":429,"caption":"\u00d6sterreichisches Institut f\u00fcr Wirtschaftsforschung"},"image":{"@id":"https:\/\/www.wifo.ac.at\/en\/#\/schema\/logo\/image\/"},"sameAs":["https:\/\/www.facebook.com\/WIFOat\/","https:\/\/x.com\/WIFOat","https:\/\/linkedin.com\/company\/wifoat\/","https:\/\/www.youtube.com\/@WIFO_at"],"description":"Das WIFO, 1927 von Friedrich August von Hayek und Ludwig von Mises zur Konjunkturanalyse gegr\u00fcndet, ist heute das f\u00fchrende Institut f\u00fcr angewandte empirische Wirtschaftsforschung in \u00d6sterreich mit starkem Engagement auf europ\u00e4ischer Ebene.","email":"office@wifo.ac.at","telephone":"+43 1 798 26 01 \u2013 0","legalName":"\u00d6sterreichisches Institut f\u00fcr Wirtschaftsforschung","foundingDate":"1927-01-02","numberOfEmployees":{"@type":"QuantitativeValue","minValue":"51","maxValue":"200"},"publishingPrinciples":"https:\/\/www.wifo.ac.at\/institut\/mission-und-strategie\/","ownershipFundingInfo":"https:\/\/www.wifo.ac.at\/institut\/organisation\/","actionableFeedbackPolicy":"https:\/\/www.wifo.ac.at\/aktuelles\/presse\/","correctionsPolicy":"https:\/\/www.wifo.ac.at\/institut\/kontakt\/","ethicsPolicy":"https:\/\/www.wifo.ac.at\/institut\/evidenzbasierung-transparenz-und-unabhaengigkeit\/","diversityPolicy":"https:\/\/www.wifo.ac.at\/institut\/gleichstellung\/","diversityStaffingReport":"https:\/\/www.wifo.ac.at\/institut\/gleichstellung\/"}]}},"_links":{"self":[{"href":"https:\/\/www.wifo.ac.at\/en\/wp-json\/wp\/v2\/publication\/105598","targetHints":{"allow":["GET"]}}],"collection":[{"href":"https:\/\/www.wifo.ac.at\/en\/wp-json\/wp\/v2\/publication"}],"about":[{"href":"https:\/\/www.wifo.ac.at\/en\/wp-json\/wp\/v2\/types\/publication"}],"version-history":[{"count":1,"href":"https:\/\/www.wifo.ac.at\/en\/wp-json\/wp\/v2\/publication\/105598\/revisions"}],"predecessor-version":[{"id":312932,"href":"https:\/\/www.wifo.ac.at\/en\/wp-json\/wp\/v2\/publication\/105598\/revisions\/312932"}],"acf:post":[{"embeddable":true,"href":"https:\/\/www.wifo.ac.at\/en\/wp-json\/wp\/v2\/person\/4043"},{"embeddable":true,"href":"https:\/\/www.wifo.ac.at\/en\/wp-json\/wp\/v2\/research_group\/3500"},{"embeddable":true,"href":"https:\/\/www.wifo.ac.at\/en\/wp-json\/wp\/v2\/publication_type\/44312"}],"wp:attachment":[{"href":"https:\/\/www.wifo.ac.at\/en\/wp-json\/wp\/v2\/media?parent=105598"}],"curies":[{"name":"wp","href":"https:\/\/api.w.org\/{rel}","templated":true}]}}