{"id":105574,"date":"2024-01-22T14:25:49","date_gmt":"2024-01-22T13:25:49","guid":{"rendered":"https:\/\/www.wifo.ac.at\/publication\/105574\/"},"modified":"2024-11-14T13:29:13","modified_gmt":"2024-11-14T12:29:13","slug":"rezessionsaengste-ueberschatten-die-weltwirtschaft-2","status":"publish","type":"publication","link":"https:\/\/www.wifo.ac.at\/en\/publication\/105574\/","title":{"rendered":"Fears of Recession Overshadow the World Economy"},"content":{"rendered":"","protected":false},"featured_media":0,"template":"","class_list":["post-105574","publication","type-publication","status-publish","hentry"],"acf":{"subtitle":"","text":"With the USA and Japan already in a recession, indications pointing to a further slow-down of the stagnating economy of the EU are getting stronger. South-East Asia is feeling the impact of slackening economic activity in the major economic regions. In South America economic development is being hampered by financing bottlenecks. While economic-policy decision-makers in the United States are counteracting the trend by adopting an extremely expansionary monetary and fiscal policy, the euro area has seen hardly any such determined action.","onlinedate":"2001-12-20 12:00:00","lang":"German","publication_series":"","publication_date":"20011201","publication_date_year":"","publication_date_full":false,"publication_num_pages":"","keywords":"[\"Rezessions\u00e4ngste \u00fcberschatten die Weltwirtschaft; Fears of Recession Overshadow the World Economy\"]","jelcodes":"[]","related_publications":"[]","pdf":415580,"zip":null,"link":"","monthly_report":true,"monthly_report_main":false,"monthly_report_volume":"74","monthly_report_pages":"717-725","monthly_report_pages_sort":"717","issue":"12","journal":"WIFO-Monatsberichte","publisher":"","invisible":false,"external":false,"embargo_date":"2001-12-20 12:00:00","types":[44312],"research_groups":[3500],"collaboration":"","persons":[3837],"persons_data":"[{\"personId\":3837,\"personName\":\"Marcus Scheiblecker\",\"organisationNames\":[]}]","clients":[],"subclients":[],"partners":[],"topics":[],"host_publication_title":"","host_publication_subtitle":"","place_of_publication":"","host_publication_editors":"[]","type_description":"","output_media":"","chapter":"","article_number":"","citations":"{\"apa\":\"<div class=\\\"rendering rendering_researchoutput  rendering_researchoutput_apa rendering_contributiontoperiodical rendering_apa rendering_contributiontoperiodical_apa\\\"><span>Scheiblecker, M.<\\\/span> (2001). <span>Rezessions\u00e4ngste \u00fcberschatten die Weltwirtschaft<\\\/span>. <span><em>WIFO-Monatsberichte<\\\/em><\\\/span>, <em>74<\\\/em>(12), 717-725. <a onclick=\\\"window.open(this.href, '_blank','noopener,noreferrer'); return false;\\\" href=\\\"https:\\\/\\\/www.wifo.ac.at\\\/wwa\\\/pubid\\\/20962\\\" class=\\\"link\\\"><span>https:\\\/\\\/www.wifo.ac.at\\\/wwa\\\/pubid\\\/20962<\\\/span><\\\/a><\\\/div>\",\"vancouver\":\"<div class=\\\"rendering rendering_researchoutput  rendering_researchoutput_vancouver rendering_contributiontoperiodical rendering_vancouver rendering_contributiontoperiodical_vancouver\\\"><span>Scheiblecker M<\\\/span>. <span class=\\\"title\\\"><span>Rezessions\u00e4ngste \u00fcberschatten die Weltwirtschaft<\\\/span><\\\/span>. <span>WIFO-Monatsberichte<\\\/span>. 2001 Dec;74(12):717-725.<\\\/div>\",\"bibtex\":\"<div class=\\\"rendering rendering_researchoutput  rendering_researchoutput_bibtex rendering_contributiontoperiodical rendering_bibtex rendering_contributiontoperiodical_bibtex\\\"><div>@misc{adb6c9b790d64812a2c8cc662436a4f0,<\\\/div><div>  title    = \\\"Rezessions{\\\\\\\"a}ngste {\\\\\\\"u}berschatten die Weltwirtschaft\\\",<\\\/div><div>  abstract = \\\"In Europa mehren sich die Anzeichen einer weiteren Abschw{\\\\\\\"a}chung des Wirtschaftswachstums, w{\\\\\\\"a}hrend das BIP in den USA und Japan bereits r{\\\\\\\"u}ckl{\\\\\\\"a}ufig ist. Im Euro-Raum stagnierte das Bruttoinlandsprodukt im II. Quartal. Die politische und wirtschaftliche Verunsicherung in der Folge der Terroranschl{\\\\\\\"a}ge vom September 2001 belastet die Stimmung der Unternehmen und Konsumenten zus{\\\\\\\"a}tzlich. Gem{\\\\\\\"a}{\\\\ss} internationalen Prognosen zeichnet sich f{\\\\\\\"u}r die USA und die EU erst 2002 ein Aufschwung ab.\\\",<\\\/div><div>  keywords = \\\"Rezessions{\\\\\\\"a}ngste {\\\\\\\"u}berschatten die Weltwirtschaft; Fears of Recession Overshadow the World Economy, Rezessions{\\\\\\\"a}ngste {\\\\\\\"u}berschatten die Weltwirtschaft; Fears of Recession Overshadow the World Economy\\\",<\\\/div><div>  author   = \\\"Marcus Scheiblecker\\\",<\\\/div><div>  note     = \\\"Weltkonjunktur\\\",<\\\/div><div>  year     = \\\"2001\\\",<\\\/div><div>  month    = dec,<\\\/div><div>  language = \\\"Deutsch\\\",<\\\/div><div>  volume   = \\\"74\\\",<\\\/div><div>  pages    = \\\"717--725\\\",<\\\/div><div>  journal  = \\\"WIFO-Monatsberichte\\\",<\\\/div><p>}<\\\/p><\\\/div>\",\"ris\":\"<div class=\\\"rendering rendering_researchoutput  rendering_researchoutput_ris rendering_contributiontoperiodical rendering_ris rendering_contributiontoperiodical_ris\\\"><p>TY  - GEN<\\\/p><p>T1  - Rezessions\u00e4ngste \u00fcberschatten die Weltwirtschaft<\\\/p><p>AU  - Scheiblecker, Marcus<\\\/p><p>N1  - Weltkonjunktur<\\\/p><p>PY  - 2001\\\/12<\\\/p><p>Y1  - 2001\\\/12<\\\/p><p>N2  - In Europa mehren sich die Anzeichen einer weiteren Abschw\u00e4chung des Wirtschaftswachstums, w\u00e4hrend das BIP in den USA und Japan bereits r\u00fcckl\u00e4ufig ist. Im Euro-Raum stagnierte das Bruttoinlandsprodukt im II. Quartal. Die politische und wirtschaftliche Verunsicherung in der Folge der Terroranschl\u00e4ge vom September 2001 belastet die Stimmung der Unternehmen und Konsumenten zus\u00e4tzlich. Gem\u00e4\u00df internationalen Prognosen zeichnet sich f\u00fcr die USA und die EU erst 2002 ein Aufschwung ab.<\\\/p><p>AB  - In Europa mehren sich die Anzeichen einer weiteren Abschw\u00e4chung des Wirtschaftswachstums, w\u00e4hrend das BIP in den USA und Japan bereits r\u00fcckl\u00e4ufig ist. Im Euro-Raum stagnierte das Bruttoinlandsprodukt im II. Quartal. Die politische und wirtschaftliche Verunsicherung in der Folge der Terroranschl\u00e4ge vom September 2001 belastet die Stimmung der Unternehmen und Konsumenten zus\u00e4tzlich. Gem\u00e4\u00df internationalen Prognosen zeichnet sich f\u00fcr die USA und die EU erst 2002 ein Aufschwung ab.<\\\/p><p>KW  - Rezessions\u00e4ngste \u00fcberschatten die Weltwirtschaft; Fears of Recession Overshadow the World Economy<\\\/p><p>KW  - Rezessions\u00e4ngste \u00fcberschatten die Weltwirtschaft; Fears of Recession Overshadow the World Economy<\\\/p><p>M3  - WIFO-Schriftenreihen<\\\/p><p>VL  - 74<\\\/p><p>SP  - 717<\\\/p><p>EP  - 725<\\\/p><p>JO  - WIFO-Monatsberichte<\\\/p><p>JF  - WIFO-Monatsberichte<\\\/p><p>ER  - <\\\/p><\\\/div>\"}","scientific_assistance":"[]","scientific_review":"[]","version":"","release_date":null,"expiration_date":null,"surveyor":"","research_assistance":"","edv":"","additional_info_de":"","additional_info_en":""},"yoast_head":"<!-- This site is optimized with the Yoast SEO Premium plugin v28.3 (Yoast SEO v28.3) - https:\/\/yoast.com\/product\/yoast-seo-premium-wordpress\/ -->\n<title>Fears of Recession Overshadow the World Economy - WIFO<\/title>\n<meta name=\"robots\" content=\"index, follow, max-snippet:-1, max-image-preview:large, max-video-preview:-1\" \/>\n<link rel=\"canonical\" href=\"https:\/\/www.wifo.ac.at\/en\/publication\/105574\/\" \/>\n<meta property=\"og:locale\" content=\"en_US\" \/>\n<meta property=\"og:type\" content=\"article\" \/>\n<meta property=\"og:title\" content=\"Fears of Recession Overshadow the World Economy\" \/>\n<meta property=\"og:url\" content=\"https:\/\/www.wifo.ac.at\/en\/publication\/105574\/\" \/>\n<meta property=\"og:site_name\" content=\"WIFO\" \/>\n<meta property=\"article:publisher\" content=\"https:\/\/www.facebook.com\/WIFOat\/\" \/>\n<meta property=\"article:modified_time\" content=\"2024-11-14T12:29:13+00:00\" \/>\n<meta property=\"og:image\" content=\"https:\/\/www.wifo.ac.at\/wp-content\/uploads\/2024\/05\/WIFO-Gebaeude-FotoAlexanderMueller-www.alexandermueller.at-IMG_6326-Bearbeitet-1.jpg\" \/>\n\t<meta property=\"og:image:width\" content=\"1920\" \/>\n\t<meta property=\"og:image:height\" content=\"1280\" \/>\n\t<meta property=\"og:image:type\" content=\"image\/jpeg\" \/>\n<meta name=\"twitter:card\" content=\"summary_large_image\" \/>\n<meta name=\"twitter:site\" content=\"@WIFOat\" \/>\n<script type=\"application\/ld+json\" class=\"yoast-schema-graph\">{\"@context\":\"https:\\\/\\\/schema.org\",\"@graph\":[{\"@type\":\"WebPage\",\"@id\":\"https:\\\/\\\/www.wifo.ac.at\\\/en\\\/publication\\\/105574\\\/\",\"url\":\"https:\\\/\\\/www.wifo.ac.at\\\/en\\\/publication\\\/105574\\\/\",\"name\":\"Fears of Recession Overshadow the World Economy - WIFO\",\"isPartOf\":{\"@id\":\"https:\\\/\\\/www.wifo.ac.at\\\/en\\\/#website\"},\"datePublished\":\"2024-01-22T13:25:49+00:00\",\"dateModified\":\"2024-11-14T12:29:13+00:00\",\"breadcrumb\":{\"@id\":\"https:\\\/\\\/www.wifo.ac.at\\\/en\\\/publication\\\/105574\\\/#breadcrumb\"},\"inLanguage\":\"en-US\",\"potentialAction\":[{\"@type\":\"ReadAction\",\"target\":[\"https:\\\/\\\/www.wifo.ac.at\\\/en\\\/publication\\\/105574\\\/\"]}]},{\"@type\":\"BreadcrumbList\",\"@id\":\"https:\\\/\\\/www.wifo.ac.at\\\/en\\\/publication\\\/105574\\\/#breadcrumb\",\"itemListElement\":[{\"@type\":\"ListItem\",\"position\":1,\"name\":\"Startseite\",\"item\":\"https:\\\/\\\/www.wifo.ac.at\\\/en\\\/\"},{\"@type\":\"ListItem\",\"position\":2,\"name\":\"Fears of Recession Overshadow the World Economy\"}]},{\"@type\":\"WebSite\",\"@id\":\"https:\\\/\\\/www.wifo.ac.at\\\/en\\\/#website\",\"url\":\"https:\\\/\\\/www.wifo.ac.at\\\/en\\\/\",\"name\":\"\u00d6sterreichisches Institut f\u00fcr Wirtschaftsforschung\",\"description\":\"\",\"publisher\":{\"@id\":\"https:\\\/\\\/www.wifo.ac.at\\\/en\\\/#organization\"},\"alternateName\":\"WIFO\",\"potentialAction\":[{\"@type\":\"SearchAction\",\"target\":{\"@type\":\"EntryPoint\",\"urlTemplate\":\"https:\\\/\\\/www.wifo.ac.at\\\/en\\\/?s={search_term_string}\"},\"query-input\":{\"@type\":\"PropertyValueSpecification\",\"valueRequired\":true,\"valueName\":\"search_term_string\"}}],\"inLanguage\":\"en-US\"},{\"@type\":\"Organization\",\"@id\":\"https:\\\/\\\/www.wifo.ac.at\\\/en\\\/#organization\",\"name\":\"\u00d6sterreichisches Institut f\u00fcr Wirtschaftsforschung\",\"alternateName\":\"WIFO\",\"url\":\"https:\\\/\\\/www.wifo.ac.at\\\/en\\\/\",\"logo\":{\"@type\":\"ImageObject\",\"inLanguage\":\"en-US\",\"@id\":\"https:\\\/\\\/www.wifo.ac.at\\\/en\\\/#\\\/schema\\\/logo\\\/image\\\/\",\"url\":\"https:\\\/\\\/www.wifo.ac.at\\\/wp-content\\\/uploads\\\/2024\\\/05\\\/WIFO_kurz_rechts-2-1920x412.jpg\",\"contentUrl\":\"https:\\\/\\\/www.wifo.ac.at\\\/wp-content\\\/uploads\\\/2024\\\/05\\\/WIFO_kurz_rechts-2-1920x412.jpg\",\"width\":2000,\"height\":429,\"caption\":\"\u00d6sterreichisches Institut f\u00fcr Wirtschaftsforschung\"},\"image\":{\"@id\":\"https:\\\/\\\/www.wifo.ac.at\\\/en\\\/#\\\/schema\\\/logo\\\/image\\\/\"},\"sameAs\":[\"https:\\\/\\\/www.facebook.com\\\/WIFOat\\\/\",\"https:\\\/\\\/x.com\\\/WIFOat\",\"https:\\\/\\\/linkedin.com\\\/company\\\/wifoat\\\/\",\"https:\\\/\\\/www.youtube.com\\\/@WIFO_at\"],\"description\":\"Das WIFO, 1927 von Friedrich August von Hayek und Ludwig von Mises zur Konjunkturanalyse gegr\u00fcndet, ist heute das f\u00fchrende Institut f\u00fcr angewandte empirische Wirtschaftsforschung in \u00d6sterreich mit starkem Engagement auf europ\u00e4ischer Ebene.\",\"email\":\"office@wifo.ac.at\",\"telephone\":\"+43 1 798 26 01 \u2013 0\",\"legalName\":\"\u00d6sterreichisches Institut f\u00fcr Wirtschaftsforschung\",\"foundingDate\":\"1927-01-02\",\"numberOfEmployees\":{\"@type\":\"QuantitativeValue\",\"minValue\":\"51\",\"maxValue\":\"200\"},\"publishingPrinciples\":\"https:\\\/\\\/www.wifo.ac.at\\\/institut\\\/mission-und-strategie\\\/\",\"ownershipFundingInfo\":\"https:\\\/\\\/www.wifo.ac.at\\\/institut\\\/organisation\\\/\",\"actionableFeedbackPolicy\":\"https:\\\/\\\/www.wifo.ac.at\\\/aktuelles\\\/presse\\\/\",\"correctionsPolicy\":\"https:\\\/\\\/www.wifo.ac.at\\\/institut\\\/kontakt\\\/\",\"ethicsPolicy\":\"https:\\\/\\\/www.wifo.ac.at\\\/institut\\\/evidenzbasierung-transparenz-und-unabhaengigkeit\\\/\",\"diversityPolicy\":\"https:\\\/\\\/www.wifo.ac.at\\\/institut\\\/gleichstellung\\\/\",\"diversityStaffingReport\":\"https:\\\/\\\/www.wifo.ac.at\\\/institut\\\/gleichstellung\\\/\"}]}<\/script>\n<!-- \/ Yoast SEO Premium plugin. -->","yoast_head_json":{"title":"Fears of Recession Overshadow the World Economy - WIFO","robots":{"index":"index","follow":"follow","max-snippet":"max-snippet:-1","max-image-preview":"max-image-preview:large","max-video-preview":"max-video-preview:-1"},"canonical":"https:\/\/www.wifo.ac.at\/en\/publication\/105574\/","og_locale":"en_US","og_type":"article","og_title":"Fears of Recession Overshadow the World Economy","og_url":"https:\/\/www.wifo.ac.at\/en\/publication\/105574\/","og_site_name":"WIFO","article_publisher":"https:\/\/www.facebook.com\/WIFOat\/","article_modified_time":"2024-11-14T12:29:13+00:00","og_image":[{"width":1920,"height":1280,"url":"https:\/\/www.wifo.ac.at\/wp-content\/uploads\/2024\/05\/WIFO-Gebaeude-FotoAlexanderMueller-www.alexandermueller.at-IMG_6326-Bearbeitet-1.jpg","type":"image\/jpeg"}],"twitter_card":"summary_large_image","twitter_site":"@WIFOat","schema":{"@context":"https:\/\/schema.org","@graph":[{"@type":"WebPage","@id":"https:\/\/www.wifo.ac.at\/en\/publication\/105574\/","url":"https:\/\/www.wifo.ac.at\/en\/publication\/105574\/","name":"Fears of Recession Overshadow the World Economy - WIFO","isPartOf":{"@id":"https:\/\/www.wifo.ac.at\/en\/#website"},"datePublished":"2024-01-22T13:25:49+00:00","dateModified":"2024-11-14T12:29:13+00:00","breadcrumb":{"@id":"https:\/\/www.wifo.ac.at\/en\/publication\/105574\/#breadcrumb"},"inLanguage":"en-US","potentialAction":[{"@type":"ReadAction","target":["https:\/\/www.wifo.ac.at\/en\/publication\/105574\/"]}]},{"@type":"BreadcrumbList","@id":"https:\/\/www.wifo.ac.at\/en\/publication\/105574\/#breadcrumb","itemListElement":[{"@type":"ListItem","position":1,"name":"Startseite","item":"https:\/\/www.wifo.ac.at\/en\/"},{"@type":"ListItem","position":2,"name":"Fears of Recession Overshadow the World Economy"}]},{"@type":"WebSite","@id":"https:\/\/www.wifo.ac.at\/en\/#website","url":"https:\/\/www.wifo.ac.at\/en\/","name":"\u00d6sterreichisches Institut f\u00fcr Wirtschaftsforschung","description":"","publisher":{"@id":"https:\/\/www.wifo.ac.at\/en\/#organization"},"alternateName":"WIFO","potentialAction":[{"@type":"SearchAction","target":{"@type":"EntryPoint","urlTemplate":"https:\/\/www.wifo.ac.at\/en\/?s={search_term_string}"},"query-input":{"@type":"PropertyValueSpecification","valueRequired":true,"valueName":"search_term_string"}}],"inLanguage":"en-US"},{"@type":"Organization","@id":"https:\/\/www.wifo.ac.at\/en\/#organization","name":"\u00d6sterreichisches Institut f\u00fcr Wirtschaftsforschung","alternateName":"WIFO","url":"https:\/\/www.wifo.ac.at\/en\/","logo":{"@type":"ImageObject","inLanguage":"en-US","@id":"https:\/\/www.wifo.ac.at\/en\/#\/schema\/logo\/image\/","url":"https:\/\/www.wifo.ac.at\/wp-content\/uploads\/2024\/05\/WIFO_kurz_rechts-2-1920x412.jpg","contentUrl":"https:\/\/www.wifo.ac.at\/wp-content\/uploads\/2024\/05\/WIFO_kurz_rechts-2-1920x412.jpg","width":2000,"height":429,"caption":"\u00d6sterreichisches Institut f\u00fcr Wirtschaftsforschung"},"image":{"@id":"https:\/\/www.wifo.ac.at\/en\/#\/schema\/logo\/image\/"},"sameAs":["https:\/\/www.facebook.com\/WIFOat\/","https:\/\/x.com\/WIFOat","https:\/\/linkedin.com\/company\/wifoat\/","https:\/\/www.youtube.com\/@WIFO_at"],"description":"Das WIFO, 1927 von Friedrich August von Hayek und Ludwig von Mises zur Konjunkturanalyse gegr\u00fcndet, ist heute das f\u00fchrende Institut f\u00fcr angewandte empirische Wirtschaftsforschung in \u00d6sterreich mit starkem Engagement auf europ\u00e4ischer Ebene.","email":"office@wifo.ac.at","telephone":"+43 1 798 26 01 \u2013 0","legalName":"\u00d6sterreichisches Institut f\u00fcr Wirtschaftsforschung","foundingDate":"1927-01-02","numberOfEmployees":{"@type":"QuantitativeValue","minValue":"51","maxValue":"200"},"publishingPrinciples":"https:\/\/www.wifo.ac.at\/institut\/mission-und-strategie\/","ownershipFundingInfo":"https:\/\/www.wifo.ac.at\/institut\/organisation\/","actionableFeedbackPolicy":"https:\/\/www.wifo.ac.at\/aktuelles\/presse\/","correctionsPolicy":"https:\/\/www.wifo.ac.at\/institut\/kontakt\/","ethicsPolicy":"https:\/\/www.wifo.ac.at\/institut\/evidenzbasierung-transparenz-und-unabhaengigkeit\/","diversityPolicy":"https:\/\/www.wifo.ac.at\/institut\/gleichstellung\/","diversityStaffingReport":"https:\/\/www.wifo.ac.at\/institut\/gleichstellung\/"}]}},"_links":{"self":[{"href":"https:\/\/www.wifo.ac.at\/en\/wp-json\/wp\/v2\/publication\/105574","targetHints":{"allow":["GET"]}}],"collection":[{"href":"https:\/\/www.wifo.ac.at\/en\/wp-json\/wp\/v2\/publication"}],"about":[{"href":"https:\/\/www.wifo.ac.at\/en\/wp-json\/wp\/v2\/types\/publication"}],"version-history":[{"count":2,"href":"https:\/\/www.wifo.ac.at\/en\/wp-json\/wp\/v2\/publication\/105574\/revisions"}],"predecessor-version":[{"id":312861,"href":"https:\/\/www.wifo.ac.at\/en\/wp-json\/wp\/v2\/publication\/105574\/revisions\/312861"}],"acf:post":[{"embeddable":true,"href":"https:\/\/www.wifo.ac.at\/en\/wp-json\/wp\/v2\/person\/3837"},{"embeddable":true,"href":"https:\/\/www.wifo.ac.at\/en\/wp-json\/wp\/v2\/research_group\/3500"},{"embeddable":true,"href":"https:\/\/www.wifo.ac.at\/en\/wp-json\/wp\/v2\/publication_type\/44312"}],"wp:attachment":[{"href":"https:\/\/www.wifo.ac.at\/en\/wp-json\/wp\/v2\/media?parent=105574"}],"curies":[{"name":"wp","href":"https:\/\/api.w.org\/{rel}","templated":true}]}}