{"id":105456,"date":"2024-01-22T14:23:39","date_gmt":"2024-01-22T13:23:39","guid":{"rendered":"https:\/\/www.wifo.ac.at\/publication\/105456\/"},"modified":"2024-11-07T03:04:27","modified_gmt":"2024-11-07T02:04:27","slug":"markanter-einbruch-der-unternehmerstimmung-starker-anstieg-der-arbeitslosigkeit-2","status":"publish","type":"publication","link":"https:\/\/www.wifo.ac.at\/en\/publication\/105456\/","title":{"rendered":"Markanter Einbruch der Unternehmerstimmung, starker Anstieg der Arbeitslosigkeit"},"content":{"rendered":"","protected":false},"featured_media":0,"template":"","class_list":["post-105456","publication","type-publication","status-publish","hentry"],"acf":{"subtitle":"","text":"Die Konjunkturabschw\u00e4chung hat sich zuletzt deutlich versch\u00e4rft. Der WIFO-Konjunkturtest f\u00fcr das IV. Quartal spiegelt eine wesentliche Eintr\u00fcbung des Gesch\u00e4ftsklimas in der Sachg\u00fctererzeugung wider. Das Wachstum des Warenexports verlangsamte sich stark, und die Sachg\u00fcterproduktion war im Sommer schon geringer als ein Jahr zuvor. Die Konjunkturd\u00e4mpfung kommt auch im Gro\u00dfhandel und im Kfz-Handel zum Ausdruck, deren Ums\u00e4tze merklich unter dem Vorjahreswert blieben. In der Bauwirtschaft setzt sich die Krise fort. Positive Meldungen stammen nur vom Einzelhandel und vom Tourismus, hier entwickeln sich die Ums\u00e4tze g\u00fcnstig. Die erhebliche Abschw\u00e4chung des Wirtschaftswachstums d\u00e4mpft die Besch\u00e4ftigungsentwicklung. Die Zahl der Arbeitslosen stieg im Herbst kr\u00e4ftig, in den Wintermonaten muss mit einer weiteren Versch\u00e4rfung der Lage auf dem Arbeitsmarkt gerechnet werden. Der Preisauftrieb auf Verbraucherebene erweist sich als sehr hartn\u00e4ckig.","onlinedate":"2001-11-27 12:00:00","lang":"German","publication_series":"","publication_date":"20011101","publication_date_year":"","publication_date_full":false,"publication_num_pages":"","keywords":"[\"Konjunkturbericht\",\" \u00d6sterreich\"]","jelcodes":"[]","related_publications":"[]","pdf":312573,"zip":null,"link":"","monthly_report":true,"monthly_report_main":false,"monthly_report_volume":"74","monthly_report_pages":"635-640","monthly_report_pages_sort":"635","issue":"11","journal":"WIFO-Monatsberichte","publisher":"","invisible":false,"external":false,"embargo_date":"2001-11-27 12:00:00","types":[44312],"research_groups":[3500],"collaboration":"","persons":[4043],"persons_data":"[{\"personId\":4043,\"personName\":\"Markus Marterbauer\",\"organisationNames\":[]}]","clients":[],"subclients":[],"partners":[],"topics":[],"host_publication_title":"","host_publication_subtitle":"","place_of_publication":"","host_publication_editors":"[]","type_description":"","output_media":"","chapter":"","article_number":"","citations":"{\"apa\":\"<div class=\\\"rendering rendering_researchoutput  rendering_researchoutput_apa rendering_contributiontoperiodical rendering_apa rendering_contributiontoperiodical_apa\\\"><span>Marterbauer, M.<\\\/span> (2001). <span>Markanter Einbruch der Unternehmerstimmung, starker Anstieg der Arbeitslosigkeit<\\\/span>. <span><em>WIFO-Monatsberichte<\\\/em><\\\/span>, <em>74<\\\/em>(11), 635-640. <a onclick=\\\"window.open(this.href, '_blank','noopener,noreferrer'); return false;\\\" href=\\\"https:\\\/\\\/www.wifo.ac.at\\\/wwa\\\/pubid\\\/20946\\\" class=\\\"link\\\"><span>https:\\\/\\\/www.wifo.ac.at\\\/wwa\\\/pubid\\\/20946<\\\/span><\\\/a><\\\/div>\",\"vancouver\":\"<div class=\\\"rendering rendering_researchoutput  rendering_researchoutput_vancouver rendering_contributiontoperiodical rendering_vancouver rendering_contributiontoperiodical_vancouver\\\"><span>Marterbauer M<\\\/span>. <span class=\\\"title\\\"><span>Markanter Einbruch der Unternehmerstimmung, starker Anstieg der Arbeitslosigkeit<\\\/span><\\\/span>. <span>WIFO-Monatsberichte<\\\/span>. 2001 Nov;74(11):635-640.<\\\/div>\",\"bibtex\":\"<div class=\\\"rendering rendering_researchoutput  rendering_researchoutput_bibtex rendering_contributiontoperiodical rendering_bibtex rendering_contributiontoperiodical_bibtex\\\"><div>@misc{4ffdd771f8f646af93550a8066ffbb15,<\\\/div><div>  title    = \\\"Markanter Einbruch der Unternehmerstimmung, starker Anstieg der Arbeitslosigkeit\\\",<\\\/div><div>  abstract = \\\"Die Konjunkturabschw{\\\\\\\"a}chung hat sich zuletzt deutlich versch{\\\\\\\"a}rft. Der WIFO-Konjunkturtest f{\\\\\\\"u}r das IV. Quartal spiegelt eine wesentliche Eintr{\\\\\\\"u}bung des Gesch{\\\\\\\"a}ftsklimas in der Sachg{\\\\\\\"u}tererzeugung wider. Das Wachstum des Warenexports verlangsamte sich stark, und die Sachg{\\\\\\\"u}terproduktion war im Sommer schon geringer als ein Jahr zuvor. Die Konjunkturd{\\\\\\\"a}mpfung kommt auch im Gro{\\\\ss}handel und im Kfz-Handel zum Ausdruck, deren Ums{\\\\\\\"a}tze merklich unter dem Vorjahreswert blieben. In der Bauwirtschaft setzt sich die Krise fort. Positive Meldungen stammen nur vom Einzelhandel und vom Tourismus, hier entwickeln sich die Ums{\\\\\\\"a}tze g{\\\\\\\"u}nstig. Die erhebliche Abschw{\\\\\\\"a}chung des Wirtschaftswachstums d{\\\\\\\"a}mpft die Besch{\\\\\\\"a}ftigungsentwicklung. Die Zahl der Arbeitslosen stieg im Herbst kr{\\\\\\\"a}ftig, in den Wintermonaten muss mit einer weiteren Versch{\\\\\\\"a}rfung der Lage auf dem Arbeitsmarkt gerechnet werden. Der Preisauftrieb auf Verbraucherebene erweist sich als sehr hartn{\\\\\\\"a}ckig.\\\",<\\\/div><div>  keywords = \\\"Konjunkturbericht, {\\\\\\\"O}sterreich, Konjunkturbericht, {\\\\\\\"O}sterreich\\\",<\\\/div><div>  author   = \\\"Markus Marterbauer\\\",<\\\/div><div>  note     = \\\"Konjunkturbericht\\\",<\\\/div><div>  year     = \\\"2001\\\",<\\\/div><div>  month    = nov,<\\\/div><div>  language = \\\"Deutsch\\\",<\\\/div><div>  volume   = \\\"74\\\",<\\\/div><div>  pages    = \\\"635--640\\\",<\\\/div><div>  journal  = \\\"WIFO-Monatsberichte\\\",<\\\/div><p>}<\\\/p><\\\/div>\",\"ris\":\"<div class=\\\"rendering rendering_researchoutput  rendering_researchoutput_ris rendering_contributiontoperiodical rendering_ris rendering_contributiontoperiodical_ris\\\"><p>TY  - GEN<\\\/p><p>T1  - Markanter Einbruch der Unternehmerstimmung, starker Anstieg der Arbeitslosigkeit<\\\/p><p>AU  - Marterbauer, Markus<\\\/p><p>N1  - Konjunkturbericht<\\\/p><p>PY  - 2001\\\/11<\\\/p><p>Y1  - 2001\\\/11<\\\/p><p>N2  - Die Konjunkturabschw\u00e4chung hat sich zuletzt deutlich versch\u00e4rft. Der WIFO-Konjunkturtest f\u00fcr das IV. Quartal spiegelt eine wesentliche Eintr\u00fcbung des Gesch\u00e4ftsklimas in der Sachg\u00fctererzeugung wider. Das Wachstum des Warenexports verlangsamte sich stark, und die Sachg\u00fcterproduktion war im Sommer schon geringer als ein Jahr zuvor. Die Konjunkturd\u00e4mpfung kommt auch im Gro\u00dfhandel und im Kfz-Handel zum Ausdruck, deren Ums\u00e4tze merklich unter dem Vorjahreswert blieben. In der Bauwirtschaft setzt sich die Krise fort. Positive Meldungen stammen nur vom Einzelhandel und vom Tourismus, hier entwickeln sich die Ums\u00e4tze g\u00fcnstig. Die erhebliche Abschw\u00e4chung des Wirtschaftswachstums d\u00e4mpft die Besch\u00e4ftigungsentwicklung. Die Zahl der Arbeitslosen stieg im Herbst kr\u00e4ftig, in den Wintermonaten muss mit einer weiteren Versch\u00e4rfung der Lage auf dem Arbeitsmarkt gerechnet werden. Der Preisauftrieb auf Verbraucherebene erweist sich als sehr hartn\u00e4ckig.<\\\/p><p>AB  - Die Konjunkturabschw\u00e4chung hat sich zuletzt deutlich versch\u00e4rft. Der WIFO-Konjunkturtest f\u00fcr das IV. Quartal spiegelt eine wesentliche Eintr\u00fcbung des Gesch\u00e4ftsklimas in der Sachg\u00fctererzeugung wider. Das Wachstum des Warenexports verlangsamte sich stark, und die Sachg\u00fcterproduktion war im Sommer schon geringer als ein Jahr zuvor. Die Konjunkturd\u00e4mpfung kommt auch im Gro\u00dfhandel und im Kfz-Handel zum Ausdruck, deren Ums\u00e4tze merklich unter dem Vorjahreswert blieben. In der Bauwirtschaft setzt sich die Krise fort. Positive Meldungen stammen nur vom Einzelhandel und vom Tourismus, hier entwickeln sich die Ums\u00e4tze g\u00fcnstig. Die erhebliche Abschw\u00e4chung des Wirtschaftswachstums d\u00e4mpft die Besch\u00e4ftigungsentwicklung. Die Zahl der Arbeitslosen stieg im Herbst kr\u00e4ftig, in den Wintermonaten muss mit einer weiteren Versch\u00e4rfung der Lage auf dem Arbeitsmarkt gerechnet werden. Der Preisauftrieb auf Verbraucherebene erweist sich als sehr hartn\u00e4ckig.<\\\/p><p>KW  - Konjunkturbericht<\\\/p><p>KW  -  \u00d6sterreich<\\\/p><p>KW  - Konjunkturbericht<\\\/p><p>KW  -  \u00d6sterreich<\\\/p><p>M3  - WIFO-Schriftenreihen<\\\/p><p>VL  - 74<\\\/p><p>SP  - 635<\\\/p><p>EP  - 640<\\\/p><p>JO  - WIFO-Monatsberichte<\\\/p><p>JF  - WIFO-Monatsberichte<\\\/p><p>ER  - <\\\/p><\\\/div>\"}","scientific_assistance":"[]","scientific_review":"[]","version":"","release_date":null,"expiration_date":null,"surveyor":"","research_assistance":"","edv":"","additional_info_de":"","additional_info_en":""},"yoast_head":"<!-- This site is optimized with the Yoast SEO Premium plugin v28.3 (Yoast SEO v28.3) - https:\/\/yoast.com\/product\/yoast-seo-premium-wordpress\/ -->\n<title>Markanter Einbruch der Unternehmerstimmung, starker Anstieg der Arbeitslosigkeit - WIFO<\/title>\n<meta name=\"robots\" content=\"index, follow, max-snippet:-1, max-image-preview:large, max-video-preview:-1\" \/>\n<link rel=\"canonical\" href=\"https:\/\/www.wifo.ac.at\/en\/publication\/105456\/\" \/>\n<meta property=\"og:locale\" content=\"en_US\" \/>\n<meta property=\"og:type\" content=\"article\" \/>\n<meta property=\"og:title\" content=\"Markanter Einbruch der Unternehmerstimmung, starker Anstieg der Arbeitslosigkeit\" \/>\n<meta property=\"og:url\" content=\"https:\/\/www.wifo.ac.at\/en\/publication\/105456\/\" \/>\n<meta property=\"og:site_name\" content=\"WIFO\" \/>\n<meta property=\"article:publisher\" content=\"https:\/\/www.facebook.com\/WIFOat\/\" \/>\n<meta property=\"article:modified_time\" content=\"2024-11-07T02:04:27+00:00\" \/>\n<meta property=\"og:image\" content=\"https:\/\/www.wifo.ac.at\/wp-content\/uploads\/2024\/05\/WIFO-Gebaeude-FotoAlexanderMueller-www.alexandermueller.at-IMG_6326-Bearbeitet-1.jpg\" \/>\n\t<meta property=\"og:image:width\" content=\"1920\" \/>\n\t<meta property=\"og:image:height\" content=\"1280\" \/>\n\t<meta property=\"og:image:type\" content=\"image\/jpeg\" \/>\n<meta name=\"twitter:card\" content=\"summary_large_image\" \/>\n<meta name=\"twitter:site\" content=\"@WIFOat\" \/>\n<script type=\"application\/ld+json\" class=\"yoast-schema-graph\">{\"@context\":\"https:\\\/\\\/schema.org\",\"@graph\":[{\"@type\":\"WebPage\",\"@id\":\"https:\\\/\\\/www.wifo.ac.at\\\/en\\\/publication\\\/105456\\\/\",\"url\":\"https:\\\/\\\/www.wifo.ac.at\\\/en\\\/publication\\\/105456\\\/\",\"name\":\"Markanter Einbruch der Unternehmerstimmung, starker Anstieg der Arbeitslosigkeit - WIFO\",\"isPartOf\":{\"@id\":\"https:\\\/\\\/www.wifo.ac.at\\\/en\\\/#website\"},\"datePublished\":\"2024-01-22T13:23:39+00:00\",\"dateModified\":\"2024-11-07T02:04:27+00:00\",\"breadcrumb\":{\"@id\":\"https:\\\/\\\/www.wifo.ac.at\\\/en\\\/publication\\\/105456\\\/#breadcrumb\"},\"inLanguage\":\"en-US\",\"potentialAction\":[{\"@type\":\"ReadAction\",\"target\":[\"https:\\\/\\\/www.wifo.ac.at\\\/en\\\/publication\\\/105456\\\/\"]}]},{\"@type\":\"BreadcrumbList\",\"@id\":\"https:\\\/\\\/www.wifo.ac.at\\\/en\\\/publication\\\/105456\\\/#breadcrumb\",\"itemListElement\":[{\"@type\":\"ListItem\",\"position\":1,\"name\":\"Startseite\",\"item\":\"https:\\\/\\\/www.wifo.ac.at\\\/en\\\/\"},{\"@type\":\"ListItem\",\"position\":2,\"name\":\"Markanter Einbruch der Unternehmerstimmung, starker Anstieg der Arbeitslosigkeit\"}]},{\"@type\":\"WebSite\",\"@id\":\"https:\\\/\\\/www.wifo.ac.at\\\/en\\\/#website\",\"url\":\"https:\\\/\\\/www.wifo.ac.at\\\/en\\\/\",\"name\":\"\u00d6sterreichisches Institut f\u00fcr Wirtschaftsforschung\",\"description\":\"\",\"publisher\":{\"@id\":\"https:\\\/\\\/www.wifo.ac.at\\\/en\\\/#organization\"},\"alternateName\":\"WIFO\",\"potentialAction\":[{\"@type\":\"SearchAction\",\"target\":{\"@type\":\"EntryPoint\",\"urlTemplate\":\"https:\\\/\\\/www.wifo.ac.at\\\/en\\\/?s={search_term_string}\"},\"query-input\":{\"@type\":\"PropertyValueSpecification\",\"valueRequired\":true,\"valueName\":\"search_term_string\"}}],\"inLanguage\":\"en-US\"},{\"@type\":\"Organization\",\"@id\":\"https:\\\/\\\/www.wifo.ac.at\\\/en\\\/#organization\",\"name\":\"\u00d6sterreichisches Institut f\u00fcr Wirtschaftsforschung\",\"alternateName\":\"WIFO\",\"url\":\"https:\\\/\\\/www.wifo.ac.at\\\/en\\\/\",\"logo\":{\"@type\":\"ImageObject\",\"inLanguage\":\"en-US\",\"@id\":\"https:\\\/\\\/www.wifo.ac.at\\\/en\\\/#\\\/schema\\\/logo\\\/image\\\/\",\"url\":\"https:\\\/\\\/www.wifo.ac.at\\\/wp-content\\\/uploads\\\/2024\\\/05\\\/WIFO_kurz_rechts-2-1920x412.jpg\",\"contentUrl\":\"https:\\\/\\\/www.wifo.ac.at\\\/wp-content\\\/uploads\\\/2024\\\/05\\\/WIFO_kurz_rechts-2-1920x412.jpg\",\"width\":2000,\"height\":429,\"caption\":\"\u00d6sterreichisches Institut f\u00fcr Wirtschaftsforschung\"},\"image\":{\"@id\":\"https:\\\/\\\/www.wifo.ac.at\\\/en\\\/#\\\/schema\\\/logo\\\/image\\\/\"},\"sameAs\":[\"https:\\\/\\\/www.facebook.com\\\/WIFOat\\\/\",\"https:\\\/\\\/x.com\\\/WIFOat\",\"https:\\\/\\\/linkedin.com\\\/company\\\/wifoat\\\/\",\"https:\\\/\\\/www.youtube.com\\\/@WIFO_at\"],\"description\":\"Das WIFO, 1927 von Friedrich August von Hayek und Ludwig von Mises zur Konjunkturanalyse gegr\u00fcndet, ist heute das f\u00fchrende Institut f\u00fcr angewandte empirische Wirtschaftsforschung in \u00d6sterreich mit starkem Engagement auf europ\u00e4ischer Ebene.\",\"email\":\"office@wifo.ac.at\",\"telephone\":\"+43 1 798 26 01 \u2013 0\",\"legalName\":\"\u00d6sterreichisches Institut f\u00fcr Wirtschaftsforschung\",\"foundingDate\":\"1927-01-02\",\"numberOfEmployees\":{\"@type\":\"QuantitativeValue\",\"minValue\":\"51\",\"maxValue\":\"200\"},\"publishingPrinciples\":\"https:\\\/\\\/www.wifo.ac.at\\\/institut\\\/mission-und-strategie\\\/\",\"ownershipFundingInfo\":\"https:\\\/\\\/www.wifo.ac.at\\\/institut\\\/organisation\\\/\",\"actionableFeedbackPolicy\":\"https:\\\/\\\/www.wifo.ac.at\\\/aktuelles\\\/presse\\\/\",\"correctionsPolicy\":\"https:\\\/\\\/www.wifo.ac.at\\\/institut\\\/kontakt\\\/\",\"ethicsPolicy\":\"https:\\\/\\\/www.wifo.ac.at\\\/institut\\\/evidenzbasierung-transparenz-und-unabhaengigkeit\\\/\",\"diversityPolicy\":\"https:\\\/\\\/www.wifo.ac.at\\\/institut\\\/gleichstellung\\\/\",\"diversityStaffingReport\":\"https:\\\/\\\/www.wifo.ac.at\\\/institut\\\/gleichstellung\\\/\"}]}<\/script>\n<!-- \/ Yoast SEO Premium plugin. -->","yoast_head_json":{"title":"Markanter Einbruch der Unternehmerstimmung, starker Anstieg der Arbeitslosigkeit - WIFO","robots":{"index":"index","follow":"follow","max-snippet":"max-snippet:-1","max-image-preview":"max-image-preview:large","max-video-preview":"max-video-preview:-1"},"canonical":"https:\/\/www.wifo.ac.at\/en\/publication\/105456\/","og_locale":"en_US","og_type":"article","og_title":"Markanter Einbruch der Unternehmerstimmung, starker Anstieg der Arbeitslosigkeit","og_url":"https:\/\/www.wifo.ac.at\/en\/publication\/105456\/","og_site_name":"WIFO","article_publisher":"https:\/\/www.facebook.com\/WIFOat\/","article_modified_time":"2024-11-07T02:04:27+00:00","og_image":[{"width":1920,"height":1280,"url":"https:\/\/www.wifo.ac.at\/wp-content\/uploads\/2024\/05\/WIFO-Gebaeude-FotoAlexanderMueller-www.alexandermueller.at-IMG_6326-Bearbeitet-1.jpg","type":"image\/jpeg"}],"twitter_card":"summary_large_image","twitter_site":"@WIFOat","schema":{"@context":"https:\/\/schema.org","@graph":[{"@type":"WebPage","@id":"https:\/\/www.wifo.ac.at\/en\/publication\/105456\/","url":"https:\/\/www.wifo.ac.at\/en\/publication\/105456\/","name":"Markanter Einbruch der Unternehmerstimmung, starker Anstieg der Arbeitslosigkeit - WIFO","isPartOf":{"@id":"https:\/\/www.wifo.ac.at\/en\/#website"},"datePublished":"2024-01-22T13:23:39+00:00","dateModified":"2024-11-07T02:04:27+00:00","breadcrumb":{"@id":"https:\/\/www.wifo.ac.at\/en\/publication\/105456\/#breadcrumb"},"inLanguage":"en-US","potentialAction":[{"@type":"ReadAction","target":["https:\/\/www.wifo.ac.at\/en\/publication\/105456\/"]}]},{"@type":"BreadcrumbList","@id":"https:\/\/www.wifo.ac.at\/en\/publication\/105456\/#breadcrumb","itemListElement":[{"@type":"ListItem","position":1,"name":"Startseite","item":"https:\/\/www.wifo.ac.at\/en\/"},{"@type":"ListItem","position":2,"name":"Markanter Einbruch der Unternehmerstimmung, starker Anstieg der Arbeitslosigkeit"}]},{"@type":"WebSite","@id":"https:\/\/www.wifo.ac.at\/en\/#website","url":"https:\/\/www.wifo.ac.at\/en\/","name":"\u00d6sterreichisches Institut f\u00fcr Wirtschaftsforschung","description":"","publisher":{"@id":"https:\/\/www.wifo.ac.at\/en\/#organization"},"alternateName":"WIFO","potentialAction":[{"@type":"SearchAction","target":{"@type":"EntryPoint","urlTemplate":"https:\/\/www.wifo.ac.at\/en\/?s={search_term_string}"},"query-input":{"@type":"PropertyValueSpecification","valueRequired":true,"valueName":"search_term_string"}}],"inLanguage":"en-US"},{"@type":"Organization","@id":"https:\/\/www.wifo.ac.at\/en\/#organization","name":"\u00d6sterreichisches Institut f\u00fcr Wirtschaftsforschung","alternateName":"WIFO","url":"https:\/\/www.wifo.ac.at\/en\/","logo":{"@type":"ImageObject","inLanguage":"en-US","@id":"https:\/\/www.wifo.ac.at\/en\/#\/schema\/logo\/image\/","url":"https:\/\/www.wifo.ac.at\/wp-content\/uploads\/2024\/05\/WIFO_kurz_rechts-2-1920x412.jpg","contentUrl":"https:\/\/www.wifo.ac.at\/wp-content\/uploads\/2024\/05\/WIFO_kurz_rechts-2-1920x412.jpg","width":2000,"height":429,"caption":"\u00d6sterreichisches Institut f\u00fcr Wirtschaftsforschung"},"image":{"@id":"https:\/\/www.wifo.ac.at\/en\/#\/schema\/logo\/image\/"},"sameAs":["https:\/\/www.facebook.com\/WIFOat\/","https:\/\/x.com\/WIFOat","https:\/\/linkedin.com\/company\/wifoat\/","https:\/\/www.youtube.com\/@WIFO_at"],"description":"Das WIFO, 1927 von Friedrich August von Hayek und Ludwig von Mises zur Konjunkturanalyse gegr\u00fcndet, ist heute das f\u00fchrende Institut f\u00fcr angewandte empirische Wirtschaftsforschung in \u00d6sterreich mit starkem Engagement auf europ\u00e4ischer Ebene.","email":"office@wifo.ac.at","telephone":"+43 1 798 26 01 \u2013 0","legalName":"\u00d6sterreichisches Institut f\u00fcr Wirtschaftsforschung","foundingDate":"1927-01-02","numberOfEmployees":{"@type":"QuantitativeValue","minValue":"51","maxValue":"200"},"publishingPrinciples":"https:\/\/www.wifo.ac.at\/institut\/mission-und-strategie\/","ownershipFundingInfo":"https:\/\/www.wifo.ac.at\/institut\/organisation\/","actionableFeedbackPolicy":"https:\/\/www.wifo.ac.at\/aktuelles\/presse\/","correctionsPolicy":"https:\/\/www.wifo.ac.at\/institut\/kontakt\/","ethicsPolicy":"https:\/\/www.wifo.ac.at\/institut\/evidenzbasierung-transparenz-und-unabhaengigkeit\/","diversityPolicy":"https:\/\/www.wifo.ac.at\/institut\/gleichstellung\/","diversityStaffingReport":"https:\/\/www.wifo.ac.at\/institut\/gleichstellung\/"}]}},"_links":{"self":[{"href":"https:\/\/www.wifo.ac.at\/en\/wp-json\/wp\/v2\/publication\/105456","targetHints":{"allow":["GET"]}}],"collection":[{"href":"https:\/\/www.wifo.ac.at\/en\/wp-json\/wp\/v2\/publication"}],"about":[{"href":"https:\/\/www.wifo.ac.at\/en\/wp-json\/wp\/v2\/types\/publication"}],"version-history":[{"count":1,"href":"https:\/\/www.wifo.ac.at\/en\/wp-json\/wp\/v2\/publication\/105456\/revisions"}],"predecessor-version":[{"id":312561,"href":"https:\/\/www.wifo.ac.at\/en\/wp-json\/wp\/v2\/publication\/105456\/revisions\/312561"}],"acf:post":[{"embeddable":true,"href":"https:\/\/www.wifo.ac.at\/en\/wp-json\/wp\/v2\/person\/4043"},{"embeddable":true,"href":"https:\/\/www.wifo.ac.at\/en\/wp-json\/wp\/v2\/research_group\/3500"},{"embeddable":true,"href":"https:\/\/www.wifo.ac.at\/en\/wp-json\/wp\/v2\/publication_type\/44312"}],"wp:attachment":[{"href":"https:\/\/www.wifo.ac.at\/en\/wp-json\/wp\/v2\/media?parent=105456"}],"curies":[{"name":"wp","href":"https:\/\/api.w.org\/{rel}","templated":true}]}}