{"id":105292,"date":"2024-01-22T14:20:22","date_gmt":"2024-01-22T13:20:22","guid":{"rendered":"https:\/\/www.wifo.ac.at\/publication\/105292\/"},"modified":"2024-11-07T03:03:17","modified_gmt":"2024-11-07T02:03:17","slug":"rueckgang-der-bauproduktion-verstaerkt-konjunkturabschwung-2","status":"publish","type":"publication","link":"https:\/\/www.wifo.ac.at\/en\/publication\/105292\/","title":{"rendered":"R\u00fcckgang der Bauproduktion verst\u00e4rkt Konjunkturabschwung"},"content":{"rendered":"","protected":false},"featured_media":0,"template":"","class_list":["post-105292","publication","type-publication","status-publish","hentry"],"acf":{"subtitle":"","text":"Die Sachg\u00fcterproduktion erzielte bis zum Fr\u00fchjahr hohe Zuw\u00e4chse, wurde dann aber vom internationalen Konjunkturabschwung erfasst. Im II. Quartal stagnierte die Produktion von Industrie und Gewerbe auf dem Vorjahresniveau. Wesentlich ung\u00fcnstiger ist die Konjunkturlage in der Bauwirtschaft: Der Produktionswert des Hoch- und Tiefbaus blieb weit unter dem Vorjahresniveau (\u20136\u00bd%). Auf dem Arbeitsmarkt zeigen sich bereits deutliche Effekte der Konjunkturabschw\u00e4chung. Die Arbeitslosenquote lag im August mit 6% um 0,4 Prozentpunkte \u00fcber dem Vorjahresniveau.","onlinedate":"2001-09-24 12:00:00","lang":"German","publication_series":"","publication_date":"20010901","publication_date_year":"","publication_date_full":false,"publication_num_pages":"","keywords":"[\"Konjunkturbericht\",\" \u00d6sterreich\"]","jelcodes":"[]","related_publications":"[]","pdf":312191,"zip":null,"link":"","monthly_report":true,"monthly_report_main":false,"monthly_report_volume":"74","monthly_report_pages":"531-535","monthly_report_pages_sort":"531","issue":"9","journal":"WIFO-Monatsberichte","publisher":"","invisible":false,"external":false,"embargo_date":"2001-09-24 12:00:00","types":[44312],"research_groups":[3500],"collaboration":"","persons":[3893],"persons_data":"[{\"personId\":3893,\"personName\":\"Ewald Walterskirchen\",\"organisationNames\":[]}]","clients":[],"subclients":[],"partners":[],"topics":[],"host_publication_title":"","host_publication_subtitle":"","place_of_publication":"","host_publication_editors":"[]","type_description":"","output_media":"","chapter":"","article_number":"","citations":"{\"apa\":\"<div class=\\\"rendering rendering_researchoutput  rendering_researchoutput_apa rendering_contributiontoperiodical rendering_apa rendering_contributiontoperiodical_apa\\\"><span>Walterskirchen, E.<\\\/span> (2001). <span>R\u00fcckgang der Bauproduktion verst\u00e4rkt Konjunkturabschwung<\\\/span>. <span><em>WIFO-Monatsberichte<\\\/em><\\\/span>, <em>74<\\\/em>(9), 531-535. <a onclick=\\\"window.open(this.href, '_blank','noopener,noreferrer'); return false;\\\" href=\\\"https:\\\/\\\/www.wifo.ac.at\\\/wwa\\\/pubid\\\/20565\\\" class=\\\"link\\\"><span>https:\\\/\\\/www.wifo.ac.at\\\/wwa\\\/pubid\\\/20565<\\\/span><\\\/a><\\\/div>\",\"vancouver\":\"<div class=\\\"rendering rendering_researchoutput  rendering_researchoutput_vancouver rendering_contributiontoperiodical rendering_vancouver rendering_contributiontoperiodical_vancouver\\\"><span>Walterskirchen E<\\\/span>. <span class=\\\"title\\\"><span>R\u00fcckgang der Bauproduktion verst\u00e4rkt Konjunkturabschwung<\\\/span><\\\/span>. <span>WIFO-Monatsberichte<\\\/span>. 2001 Sept;74(9):531-535.<\\\/div>\",\"bibtex\":\"<div class=\\\"rendering rendering_researchoutput  rendering_researchoutput_bibtex rendering_contributiontoperiodical rendering_bibtex rendering_contributiontoperiodical_bibtex\\\"><div>@misc{a4b3c7056cdc4416b74acedc050797a5,<\\\/div><div>  title    = \\\"R{\\\\\\\"u}ckgang der Bauproduktion verst{\\\\\\\"a}rkt Konjunkturabschwung\\\",<\\\/div><div>  abstract = \\\"Die Sachg{\\\\\\\"u}terproduktion erzielte bis zum Fr{\\\\\\\"u}hjahr hohe Zuw{\\\\\\\"a}chse, wurde dann aber vom internationalen Konjunkturabschwung erfasst. Im II. Quartal stagnierte die Produktion von Industrie und Gewerbe auf dem Vorjahresniveau. Wesentlich ung{\\\\\\\"u}nstiger ist die Konjunkturlage in der Bauwirtschaft: Der Produktionswert des Hoch- und Tiefbaus blieb weit unter dem Vorjahresniveau (\u20136\u00bd\\\\%). Auf dem Arbeitsmarkt zeigen sich bereits deutliche Effekte der Konjunkturabschw{\\\\\\\"a}chung. Die Arbeitslosenquote lag im August mit 6\\\\% um 0,4 Prozentpunkte {\\\\\\\"u}ber dem Vorjahresniveau.\\\",<\\\/div><div>  keywords = \\\"Konjunkturbericht, {\\\\\\\"O}sterreich, Konjunkturbericht, {\\\\\\\"O}sterreich\\\",<\\\/div><div>  author   = \\\"Ewald Walterskirchen\\\",<\\\/div><div>  note     = \\\"Konjunkturbericht\\\",<\\\/div><div>  year     = \\\"2001\\\",<\\\/div><div>  month    = sep,<\\\/div><div>  language = \\\"Deutsch\\\",<\\\/div><div>  volume   = \\\"74\\\",<\\\/div><div>  pages    = \\\"531--535\\\",<\\\/div><div>  journal  = \\\"WIFO-Monatsberichte\\\",<\\\/div><p>}<\\\/p><\\\/div>\",\"ris\":\"<div class=\\\"rendering rendering_researchoutput  rendering_researchoutput_ris rendering_contributiontoperiodical rendering_ris rendering_contributiontoperiodical_ris\\\"><p>TY  - GEN<\\\/p><p>T1  - R\u00fcckgang der Bauproduktion verst\u00e4rkt Konjunkturabschwung<\\\/p><p>AU  - Walterskirchen, Ewald<\\\/p><p>N1  - Konjunkturbericht<\\\/p><p>PY  - 2001\\\/9<\\\/p><p>Y1  - 2001\\\/9<\\\/p><p>N2  - Die Sachg\u00fcterproduktion erzielte bis zum Fr\u00fchjahr hohe Zuw\u00e4chse, wurde dann aber vom internationalen Konjunkturabschwung erfasst. Im II. Quartal stagnierte die Produktion von Industrie und Gewerbe auf dem Vorjahresniveau. Wesentlich ung\u00fcnstiger ist die Konjunkturlage in der Bauwirtschaft: Der Produktionswert des Hoch- und Tiefbaus blieb weit unter dem Vorjahresniveau (\u20136\u00bd%). Auf dem Arbeitsmarkt zeigen sich bereits deutliche Effekte der Konjunkturabschw\u00e4chung. Die Arbeitslosenquote lag im August mit 6% um 0,4 Prozentpunkte \u00fcber dem Vorjahresniveau.<\\\/p><p>AB  - Die Sachg\u00fcterproduktion erzielte bis zum Fr\u00fchjahr hohe Zuw\u00e4chse, wurde dann aber vom internationalen Konjunkturabschwung erfasst. Im II. Quartal stagnierte die Produktion von Industrie und Gewerbe auf dem Vorjahresniveau. Wesentlich ung\u00fcnstiger ist die Konjunkturlage in der Bauwirtschaft: Der Produktionswert des Hoch- und Tiefbaus blieb weit unter dem Vorjahresniveau (\u20136\u00bd%). Auf dem Arbeitsmarkt zeigen sich bereits deutliche Effekte der Konjunkturabschw\u00e4chung. Die Arbeitslosenquote lag im August mit 6% um 0,4 Prozentpunkte \u00fcber dem Vorjahresniveau.<\\\/p><p>KW  - Konjunkturbericht<\\\/p><p>KW  -  \u00d6sterreich<\\\/p><p>KW  - Konjunkturbericht<\\\/p><p>KW  -  \u00d6sterreich<\\\/p><p>M3  - WIFO-Schriftenreihen<\\\/p><p>VL  - 74<\\\/p><p>SP  - 531<\\\/p><p>EP  - 535<\\\/p><p>JO  - WIFO-Monatsberichte<\\\/p><p>JF  - WIFO-Monatsberichte<\\\/p><p>ER  - <\\\/p><\\\/div>\"}","scientific_assistance":"[]","scientific_review":"[]","version":"","release_date":null,"expiration_date":null,"surveyor":"","research_assistance":"","edv":"","additional_info_de":"","additional_info_en":""},"yoast_head":"<!-- This site is optimized with the Yoast SEO Premium plugin v28.3 (Yoast SEO v28.3) - https:\/\/yoast.com\/product\/yoast-seo-premium-wordpress\/ -->\n<title>R\u00fcckgang der Bauproduktion verst\u00e4rkt Konjunkturabschwung - WIFO<\/title>\n<meta name=\"robots\" content=\"index, follow, max-snippet:-1, max-image-preview:large, max-video-preview:-1\" \/>\n<link rel=\"canonical\" href=\"https:\/\/www.wifo.ac.at\/en\/publication\/105292\/\" \/>\n<meta property=\"og:locale\" content=\"en_US\" \/>\n<meta property=\"og:type\" content=\"article\" \/>\n<meta property=\"og:title\" content=\"R\u00fcckgang der Bauproduktion verst\u00e4rkt Konjunkturabschwung\" \/>\n<meta property=\"og:url\" content=\"https:\/\/www.wifo.ac.at\/en\/publication\/105292\/\" \/>\n<meta property=\"og:site_name\" content=\"WIFO\" \/>\n<meta property=\"article:publisher\" content=\"https:\/\/www.facebook.com\/WIFOat\/\" \/>\n<meta property=\"article:modified_time\" content=\"2024-11-07T02:03:17+00:00\" \/>\n<meta property=\"og:image\" content=\"https:\/\/www.wifo.ac.at\/wp-content\/uploads\/2024\/05\/WIFO-Gebaeude-FotoAlexanderMueller-www.alexandermueller.at-IMG_6326-Bearbeitet-1.jpg\" \/>\n\t<meta property=\"og:image:width\" content=\"1920\" \/>\n\t<meta property=\"og:image:height\" content=\"1280\" \/>\n\t<meta property=\"og:image:type\" content=\"image\/jpeg\" \/>\n<meta name=\"twitter:card\" content=\"summary_large_image\" \/>\n<meta name=\"twitter:site\" content=\"@WIFOat\" \/>\n<script type=\"application\/ld+json\" class=\"yoast-schema-graph\">{\"@context\":\"https:\\\/\\\/schema.org\",\"@graph\":[{\"@type\":\"WebPage\",\"@id\":\"https:\\\/\\\/www.wifo.ac.at\\\/en\\\/publication\\\/105292\\\/\",\"url\":\"https:\\\/\\\/www.wifo.ac.at\\\/en\\\/publication\\\/105292\\\/\",\"name\":\"R\u00fcckgang der Bauproduktion verst\u00e4rkt Konjunkturabschwung - WIFO\",\"isPartOf\":{\"@id\":\"https:\\\/\\\/www.wifo.ac.at\\\/en\\\/#website\"},\"datePublished\":\"2024-01-22T13:20:22+00:00\",\"dateModified\":\"2024-11-07T02:03:17+00:00\",\"breadcrumb\":{\"@id\":\"https:\\\/\\\/www.wifo.ac.at\\\/en\\\/publication\\\/105292\\\/#breadcrumb\"},\"inLanguage\":\"en-US\",\"potentialAction\":[{\"@type\":\"ReadAction\",\"target\":[\"https:\\\/\\\/www.wifo.ac.at\\\/en\\\/publication\\\/105292\\\/\"]}]},{\"@type\":\"BreadcrumbList\",\"@id\":\"https:\\\/\\\/www.wifo.ac.at\\\/en\\\/publication\\\/105292\\\/#breadcrumb\",\"itemListElement\":[{\"@type\":\"ListItem\",\"position\":1,\"name\":\"Startseite\",\"item\":\"https:\\\/\\\/www.wifo.ac.at\\\/en\\\/\"},{\"@type\":\"ListItem\",\"position\":2,\"name\":\"R\u00fcckgang der Bauproduktion verst\u00e4rkt Konjunkturabschwung\"}]},{\"@type\":\"WebSite\",\"@id\":\"https:\\\/\\\/www.wifo.ac.at\\\/en\\\/#website\",\"url\":\"https:\\\/\\\/www.wifo.ac.at\\\/en\\\/\",\"name\":\"\u00d6sterreichisches Institut f\u00fcr Wirtschaftsforschung\",\"description\":\"\",\"publisher\":{\"@id\":\"https:\\\/\\\/www.wifo.ac.at\\\/en\\\/#organization\"},\"alternateName\":\"WIFO\",\"potentialAction\":[{\"@type\":\"SearchAction\",\"target\":{\"@type\":\"EntryPoint\",\"urlTemplate\":\"https:\\\/\\\/www.wifo.ac.at\\\/en\\\/?s={search_term_string}\"},\"query-input\":{\"@type\":\"PropertyValueSpecification\",\"valueRequired\":true,\"valueName\":\"search_term_string\"}}],\"inLanguage\":\"en-US\"},{\"@type\":\"Organization\",\"@id\":\"https:\\\/\\\/www.wifo.ac.at\\\/en\\\/#organization\",\"name\":\"\u00d6sterreichisches Institut f\u00fcr Wirtschaftsforschung\",\"alternateName\":\"WIFO\",\"url\":\"https:\\\/\\\/www.wifo.ac.at\\\/en\\\/\",\"logo\":{\"@type\":\"ImageObject\",\"inLanguage\":\"en-US\",\"@id\":\"https:\\\/\\\/www.wifo.ac.at\\\/en\\\/#\\\/schema\\\/logo\\\/image\\\/\",\"url\":\"https:\\\/\\\/www.wifo.ac.at\\\/wp-content\\\/uploads\\\/2024\\\/05\\\/WIFO_kurz_rechts-2-1920x412.jpg\",\"contentUrl\":\"https:\\\/\\\/www.wifo.ac.at\\\/wp-content\\\/uploads\\\/2024\\\/05\\\/WIFO_kurz_rechts-2-1920x412.jpg\",\"width\":2000,\"height\":429,\"caption\":\"\u00d6sterreichisches Institut f\u00fcr Wirtschaftsforschung\"},\"image\":{\"@id\":\"https:\\\/\\\/www.wifo.ac.at\\\/en\\\/#\\\/schema\\\/logo\\\/image\\\/\"},\"sameAs\":[\"https:\\\/\\\/www.facebook.com\\\/WIFOat\\\/\",\"https:\\\/\\\/x.com\\\/WIFOat\",\"https:\\\/\\\/linkedin.com\\\/company\\\/wifoat\\\/\",\"https:\\\/\\\/www.youtube.com\\\/@WIFO_at\"],\"description\":\"Das WIFO, 1927 von Friedrich August von Hayek und Ludwig von Mises zur Konjunkturanalyse gegr\u00fcndet, ist heute das f\u00fchrende Institut f\u00fcr angewandte empirische Wirtschaftsforschung in \u00d6sterreich mit starkem Engagement auf europ\u00e4ischer Ebene.\",\"email\":\"office@wifo.ac.at\",\"telephone\":\"+43 1 798 26 01 \u2013 0\",\"legalName\":\"\u00d6sterreichisches Institut f\u00fcr Wirtschaftsforschung\",\"foundingDate\":\"1927-01-02\",\"numberOfEmployees\":{\"@type\":\"QuantitativeValue\",\"minValue\":\"51\",\"maxValue\":\"200\"},\"publishingPrinciples\":\"https:\\\/\\\/www.wifo.ac.at\\\/institut\\\/mission-und-strategie\\\/\",\"ownershipFundingInfo\":\"https:\\\/\\\/www.wifo.ac.at\\\/institut\\\/organisation\\\/\",\"actionableFeedbackPolicy\":\"https:\\\/\\\/www.wifo.ac.at\\\/aktuelles\\\/presse\\\/\",\"correctionsPolicy\":\"https:\\\/\\\/www.wifo.ac.at\\\/institut\\\/kontakt\\\/\",\"ethicsPolicy\":\"https:\\\/\\\/www.wifo.ac.at\\\/institut\\\/evidenzbasierung-transparenz-und-unabhaengigkeit\\\/\",\"diversityPolicy\":\"https:\\\/\\\/www.wifo.ac.at\\\/institut\\\/gleichstellung\\\/\",\"diversityStaffingReport\":\"https:\\\/\\\/www.wifo.ac.at\\\/institut\\\/gleichstellung\\\/\"}]}<\/script>\n<!-- \/ Yoast SEO Premium plugin. -->","yoast_head_json":{"title":"R\u00fcckgang der Bauproduktion verst\u00e4rkt Konjunkturabschwung - WIFO","robots":{"index":"index","follow":"follow","max-snippet":"max-snippet:-1","max-image-preview":"max-image-preview:large","max-video-preview":"max-video-preview:-1"},"canonical":"https:\/\/www.wifo.ac.at\/en\/publication\/105292\/","og_locale":"en_US","og_type":"article","og_title":"R\u00fcckgang der Bauproduktion verst\u00e4rkt Konjunkturabschwung","og_url":"https:\/\/www.wifo.ac.at\/en\/publication\/105292\/","og_site_name":"WIFO","article_publisher":"https:\/\/www.facebook.com\/WIFOat\/","article_modified_time":"2024-11-07T02:03:17+00:00","og_image":[{"width":1920,"height":1280,"url":"https:\/\/www.wifo.ac.at\/wp-content\/uploads\/2024\/05\/WIFO-Gebaeude-FotoAlexanderMueller-www.alexandermueller.at-IMG_6326-Bearbeitet-1.jpg","type":"image\/jpeg"}],"twitter_card":"summary_large_image","twitter_site":"@WIFOat","schema":{"@context":"https:\/\/schema.org","@graph":[{"@type":"WebPage","@id":"https:\/\/www.wifo.ac.at\/en\/publication\/105292\/","url":"https:\/\/www.wifo.ac.at\/en\/publication\/105292\/","name":"R\u00fcckgang der Bauproduktion verst\u00e4rkt Konjunkturabschwung - WIFO","isPartOf":{"@id":"https:\/\/www.wifo.ac.at\/en\/#website"},"datePublished":"2024-01-22T13:20:22+00:00","dateModified":"2024-11-07T02:03:17+00:00","breadcrumb":{"@id":"https:\/\/www.wifo.ac.at\/en\/publication\/105292\/#breadcrumb"},"inLanguage":"en-US","potentialAction":[{"@type":"ReadAction","target":["https:\/\/www.wifo.ac.at\/en\/publication\/105292\/"]}]},{"@type":"BreadcrumbList","@id":"https:\/\/www.wifo.ac.at\/en\/publication\/105292\/#breadcrumb","itemListElement":[{"@type":"ListItem","position":1,"name":"Startseite","item":"https:\/\/www.wifo.ac.at\/en\/"},{"@type":"ListItem","position":2,"name":"R\u00fcckgang der Bauproduktion verst\u00e4rkt Konjunkturabschwung"}]},{"@type":"WebSite","@id":"https:\/\/www.wifo.ac.at\/en\/#website","url":"https:\/\/www.wifo.ac.at\/en\/","name":"\u00d6sterreichisches Institut f\u00fcr Wirtschaftsforschung","description":"","publisher":{"@id":"https:\/\/www.wifo.ac.at\/en\/#organization"},"alternateName":"WIFO","potentialAction":[{"@type":"SearchAction","target":{"@type":"EntryPoint","urlTemplate":"https:\/\/www.wifo.ac.at\/en\/?s={search_term_string}"},"query-input":{"@type":"PropertyValueSpecification","valueRequired":true,"valueName":"search_term_string"}}],"inLanguage":"en-US"},{"@type":"Organization","@id":"https:\/\/www.wifo.ac.at\/en\/#organization","name":"\u00d6sterreichisches Institut f\u00fcr Wirtschaftsforschung","alternateName":"WIFO","url":"https:\/\/www.wifo.ac.at\/en\/","logo":{"@type":"ImageObject","inLanguage":"en-US","@id":"https:\/\/www.wifo.ac.at\/en\/#\/schema\/logo\/image\/","url":"https:\/\/www.wifo.ac.at\/wp-content\/uploads\/2024\/05\/WIFO_kurz_rechts-2-1920x412.jpg","contentUrl":"https:\/\/www.wifo.ac.at\/wp-content\/uploads\/2024\/05\/WIFO_kurz_rechts-2-1920x412.jpg","width":2000,"height":429,"caption":"\u00d6sterreichisches Institut f\u00fcr Wirtschaftsforschung"},"image":{"@id":"https:\/\/www.wifo.ac.at\/en\/#\/schema\/logo\/image\/"},"sameAs":["https:\/\/www.facebook.com\/WIFOat\/","https:\/\/x.com\/WIFOat","https:\/\/linkedin.com\/company\/wifoat\/","https:\/\/www.youtube.com\/@WIFO_at"],"description":"Das WIFO, 1927 von Friedrich August von Hayek und Ludwig von Mises zur Konjunkturanalyse gegr\u00fcndet, ist heute das f\u00fchrende Institut f\u00fcr angewandte empirische Wirtschaftsforschung in \u00d6sterreich mit starkem Engagement auf europ\u00e4ischer Ebene.","email":"office@wifo.ac.at","telephone":"+43 1 798 26 01 \u2013 0","legalName":"\u00d6sterreichisches Institut f\u00fcr Wirtschaftsforschung","foundingDate":"1927-01-02","numberOfEmployees":{"@type":"QuantitativeValue","minValue":"51","maxValue":"200"},"publishingPrinciples":"https:\/\/www.wifo.ac.at\/institut\/mission-und-strategie\/","ownershipFundingInfo":"https:\/\/www.wifo.ac.at\/institut\/organisation\/","actionableFeedbackPolicy":"https:\/\/www.wifo.ac.at\/aktuelles\/presse\/","correctionsPolicy":"https:\/\/www.wifo.ac.at\/institut\/kontakt\/","ethicsPolicy":"https:\/\/www.wifo.ac.at\/institut\/evidenzbasierung-transparenz-und-unabhaengigkeit\/","diversityPolicy":"https:\/\/www.wifo.ac.at\/institut\/gleichstellung\/","diversityStaffingReport":"https:\/\/www.wifo.ac.at\/institut\/gleichstellung\/"}]}},"_links":{"self":[{"href":"https:\/\/www.wifo.ac.at\/en\/wp-json\/wp\/v2\/publication\/105292","targetHints":{"allow":["GET"]}}],"collection":[{"href":"https:\/\/www.wifo.ac.at\/en\/wp-json\/wp\/v2\/publication"}],"about":[{"href":"https:\/\/www.wifo.ac.at\/en\/wp-json\/wp\/v2\/types\/publication"}],"version-history":[{"count":1,"href":"https:\/\/www.wifo.ac.at\/en\/wp-json\/wp\/v2\/publication\/105292\/revisions"}],"predecessor-version":[{"id":312183,"href":"https:\/\/www.wifo.ac.at\/en\/wp-json\/wp\/v2\/publication\/105292\/revisions\/312183"}],"acf:post":[{"embeddable":true,"href":"https:\/\/www.wifo.ac.at\/en\/wp-json\/wp\/v2\/person\/3893"},{"embeddable":true,"href":"https:\/\/www.wifo.ac.at\/en\/wp-json\/wp\/v2\/research_group\/3500"},{"embeddable":true,"href":"https:\/\/www.wifo.ac.at\/en\/wp-json\/wp\/v2\/publication_type\/44312"}],"wp:attachment":[{"href":"https:\/\/www.wifo.ac.at\/en\/wp-json\/wp\/v2\/media?parent=105292"}],"curies":[{"name":"wp","href":"https:\/\/api.w.org\/{rel}","templated":true}]}}